{"id":11361,"date":"2023-01-10T13:35:11","date_gmt":"2023-01-10T12:35:11","guid":{"rendered":"https:\/\/www.geh8.de\/?page_id=11361"},"modified":"2025-06-04T19:07:47","modified_gmt":"2025-06-04T17:07:47","slug":"nachhaltigkeit","status":"publish","type":"page","link":"https:\/\/www.geh8.de\/en\/nachhaltigkeit\/","title":{"rendered":"Sustainability"},"content":{"rendered":"<div>\n<h1><span class=\"sub1\"><span class=\"sub2\"><span class=\"sub3\">What are the sustainable development goals of GEH8?<\/span><\/span><\/span><\/h1>\n<hr data-start=\"140\" data-end=\"143\">\n<p data-start=\"145\" data-end=\"538\">In order to further develop GEH8 as a sustainable cultural institution, it is essential to set new goals and review the impact of existing measures. Two important frameworks can support this process: the German Sustainability Code (DNK) and the United Nations&#8217; 17 Sustainable Development Goals (SDGs). These frameworks help guide the development of a comprehensive sustainability strategy.<\/p>\n<p data-start=\"540\" data-end=\"681\">They highlight key areas such as the choice of venue, the organization of events, procurement of materials, communication, and transport.<\/p>\n<p data-start=\"683\" data-end=\"949\">Sustainability in this context is not only about environmental responsibility, but also includes financial viability and social equity. This holistic approach enables more responsible and forward-looking practices in the day-to-day operation of the organization.<\/p>\n<p><strong>THE 17 SUSTAINABILITY GOALS OF THE UN<\/strong><\/p>\n<\/div>\n<p>&nbsp;<\/p>\n<p><img loading=\"lazy\" decoding=\"async\" class=\"alignnone size-full wp-image-11381\" src=\"https:\/\/www.geh8.de\/page\/wp-content\/uploads\/2023\/01\/english_SDG_17goals_poster_all_languages_with_UN_emblem_1.png\" alt=\"\" width=\"734\" height=\"359\" srcset=\"https:\/\/www.geh8.de\/page\/wp-content\/uploads\/2023\/01\/english_SDG_17goals_poster_all_languages_with_UN_emblem_1.png 734w, https:\/\/www.geh8.de\/page\/wp-content\/uploads\/2023\/01\/english_SDG_17goals_poster_all_languages_with_UN_emblem_1-100x49.png 100w, https:\/\/www.geh8.de\/page\/wp-content\/uploads\/2023\/01\/english_SDG_17goals_poster_all_languages_with_UN_emblem_1-80x39.png 80w\" sizes=\"(max-width: 734px) 100vw, 734px\" \/><\/p>\n<div>&nbsp;<\/div>\n<p><strong>Especially the following of the sustainability goals named by the UN can also be determined for the GEH8:<\/strong><\/p>\n<p><img loading=\"lazy\" decoding=\"async\" class=\"\" src=\"https:\/\/upload.wikimedia.org\/wikipedia\/commons\/9\/9d\/Sustainable_Development_Goal_1.png\" alt=\"Datei:Sustainable Development Goal 1.png \u2013 Wikipedia\" width=\"116\" height=\"116\"><\/p>\n<p>Most of our cultural activities are free of charge and accessible without barriers. This ensures that people with limited financial means can participate and supports social inclusion.<\/p>\n<p><img loading=\"lazy\" decoding=\"async\" class=\"alignnone size-full wp-image-11382\" src=\"https:\/\/www.geh8.de\/page\/wp-content\/uploads\/2023\/01\/a.png\" alt=\"\" width=\"118\" height=\"117\" srcset=\"https:\/\/www.geh8.de\/page\/wp-content\/uploads\/2023\/01\/a.png 118w, https:\/\/www.geh8.de\/page\/wp-content\/uploads\/2023\/01\/a-100x100.png 100w, https:\/\/www.geh8.de\/page\/wp-content\/uploads\/2023\/01\/a-80x80.png 80w\" sizes=\"(max-width: 118px) 100vw, 118px\" \/><\/p>\n<p>GEH8 is committed to lifelong learning and promotes educational opportunities for children, young people, and adults.<br data-start=\"236\" data-end=\"239\">In cooperation with the Dresden-Pieschen Gymnasium and the 145th Secondary School, we offer extracurricular programs that foster creativity and cultural education.<br data-start=\"402\" data-end=\"405\" data-is-only-node=\"\">We also provide free workshops for children, teenagers, and seniors to ensure access to art and cultural participation regardless of age or income.<br data-start=\"552\" data-end=\"555\">Together with partners such as the Dresden Adult Education Center (Volkshochschule), we also implement art education formats that are open to everyone.<\/p>\n<p><img loading=\"lazy\" decoding=\"async\" class=\"alignnone size-full wp-image-11383\" src=\"https:\/\/www.geh8.de\/page\/wp-content\/uploads\/2023\/01\/a-1.png\" alt=\"\" width=\"118\" height=\"114\" srcset=\"https:\/\/www.geh8.de\/page\/wp-content\/uploads\/2023\/01\/a-1.png 118w, https:\/\/www.geh8.de\/page\/wp-content\/uploads\/2023\/01\/a-1-100x97.png 100w, https:\/\/www.geh8.de\/page\/wp-content\/uploads\/2023\/01\/a-1-80x77.png 80w\" sizes=\"(max-width: 118px) 100vw, 118px\" \/><\/p>\n<p>At GEH8, we treat all people with respect, regardless of gender.<br data-start=\"159\" data-end=\"162\">We reject all forms of discrimination, disadvantage, and hierarchical thinking\u2014both in our daily operations and in our interactions with others.<br data-start=\"306\" data-end=\"309\" data-is-only-node=\"\">Our executive team is gender-balanced, consisting equally of women and men. In doing so, we send a clear message in support of gender equality, including in leadership positions.<\/p>\n<p><img loading=\"lazy\" decoding=\"async\" class=\"\" src=\"https:\/\/www.cotonea.de\/media\/xlarge\/nachhaltigkeitsziel-der-un-sdg-6-sauberes-wasser.jpg\" alt=\"Nachhaltigkeitsziele der UN (SDG 6): Sauberes Wasser - Wie kann ein  mittelst\u00e4ndisches Unternehmen wie Cotonea zum Erreichen dieses  Nachhaltigkeitsziels beitragen? | Cotonea\" width=\"114\" height=\"114\"><\/p>\n<p>By using rainwater collected from our rooftops, we support extensive green roofing and fa\u00e7ade greening, contributing to improved microclimate and rainwater retention.<br data-start=\"290\" data-end=\"293\">Several cisterns store the rainwater and distribute it directly into our greening systems. In addition, we rely on largely unsealed surfaces and green roofs to promote natural infiltration and implement the sponge city principle on our premises.<br data-start=\"538\" data-end=\"541\" data-is-only-node=\"\">To protect water quality, we use only environmentally friendly cleaning agents and raise awareness of ecological issues related to water through our artistic programs.<\/p>\n<p><img loading=\"lazy\" decoding=\"async\" class=\"\" src=\"https:\/\/upload.wikimedia.org\/wikipedia\/commons\/d\/d7\/Sustainable_Development_Goal_7.png\" alt=\"Datei:Sustainable Development Goal 7.png \u2013 Wikipedia\" width=\"114\" height=\"114\"><\/p>\n<p data-start=\"74\" data-end=\"644\">We source electricity from renewable energy through a regional provider and operate a small photovoltaic system in our beer garden. Our entire lighting system has been converted to LED technology, and we use energy-efficient cooling systems in our gastronomy.<br data-start=\"337\" data-end=\"340\">In 2023, as part of the \u201cGreen Culture Index Saxony\u201d project, we conducted our first climate footprint assessment. Together with other cultural institutions in Saxony, we analyzed our CO\u2082 emissions according to internationally recognized standards to develop effective measures toward achieving net zero.<\/p>\n<p><img loading=\"lazy\" decoding=\"async\" class=\"alignnone size-full wp-image-11384\" src=\"https:\/\/www.geh8.de\/page\/wp-content\/uploads\/2023\/01\/a-2.png\" alt=\"\" width=\"120\" height=\"117\" srcset=\"https:\/\/www.geh8.de\/page\/wp-content\/uploads\/2023\/01\/a-2.png 120w, https:\/\/www.geh8.de\/page\/wp-content\/uploads\/2023\/01\/a-2-100x98.png 100w, https:\/\/www.geh8.de\/page\/wp-content\/uploads\/2023\/01\/a-2-80x78.png 80w\" sizes=\"(max-width: 120px) 100vw, 120px\" \/><\/p>\n<p>As an independent cultural venue with limited resources, we have been paying artists and contributors fees for years\u2014a practice that is still not standard in many areas of the independent scene.<br data-start=\"308\" data-end=\"311\">We offer flexible working models such as flexitime and home office, and rely on long-term collaborations with local businesses, craftsmen, freelancers, and creatives.<br data-start=\"477\" data-end=\"480\">Artistically, we also engage with issues related to working conditions, social inequality, and the realities of cultural production.<\/p>\n<p><img loading=\"lazy\" decoding=\"async\" class=\"alignnone size-full wp-image-11385\" src=\"https:\/\/www.geh8.de\/page\/wp-content\/uploads\/2023\/01\/a-3.png\" alt=\"\" width=\"118\" height=\"115\" srcset=\"https:\/\/www.geh8.de\/page\/wp-content\/uploads\/2023\/01\/a-3.png 118w, https:\/\/www.geh8.de\/page\/wp-content\/uploads\/2023\/01\/a-3-100x97.png 100w, https:\/\/www.geh8.de\/page\/wp-content\/uploads\/2023\/01\/a-3-80x78.png 80w\" sizes=\"(max-width: 118px) 100vw, 118px\" \/><\/p>\n<p>Our cultural center is located in a repurposed former industrial building\u2014an example of how existing spaces can be transformed resource-efficiently and made publicly accessible. Instead of new construction, we focus on the creative reuse of existing materials.<br data-start=\"381\" data-end=\"384\">We regularly collaborate with local craftspeople, service providers, and universities to jointly realize design and ecological projects\u2014such as developing a wild bee hotel or a fa\u00e7ade greening concept.<br data-start=\"585\" data-end=\"588\">By using digital tools and social innovation approaches, we create connections between art, technology, and society\u2014shaping a vibrant infrastructure for culture, education, and sustainability.<\/p>\n<p><img loading=\"lazy\" decoding=\"async\" class=\"alignnone size-full wp-image-11386\" src=\"https:\/\/www.geh8.de\/page\/wp-content\/uploads\/2023\/01\/a-4.png\" alt=\"\" width=\"118\" height=\"119\" srcset=\"https:\/\/www.geh8.de\/page\/wp-content\/uploads\/2023\/01\/a-4.png 118w, https:\/\/www.geh8.de\/page\/wp-content\/uploads\/2023\/01\/a-4-100x100.png 100w, https:\/\/www.geh8.de\/page\/wp-content\/uploads\/2023\/01\/a-4-80x80.png 80w\" sizes=\"(max-width: 118px) 100vw, 118px\" \/><\/p>\n<p>We design our offerings to be accessible to people of all ages, backgrounds, and social situations. This includes barrier-free spaces, free workshops, and programs specifically aimed at marginalized groups.<br data-start=\"305\" data-end=\"308\">Our program reflects diversity and inclusion\u2014both in the selection of artists and in the themes we address. Through inclusive communication, we create an open environment where everyone feels welcome.<\/p>\n<p><img loading=\"lazy\" decoding=\"async\" class=\"alignnone size-full wp-image-11387\" src=\"https:\/\/www.geh8.de\/page\/wp-content\/uploads\/2023\/01\/a-5.png\" alt=\"\" width=\"118\" height=\"120\" srcset=\"https:\/\/www.geh8.de\/page\/wp-content\/uploads\/2023\/01\/a-5.png 118w, https:\/\/www.geh8.de\/page\/wp-content\/uploads\/2023\/01\/a-5-98x100.png 98w, https:\/\/www.geh8.de\/page\/wp-content\/uploads\/2023\/01\/a-5-80x80.png 80w\" sizes=\"(max-width: 118px) 100vw, 118px\" \/><\/p>\n<p>As a cultural center located on a former industrial site, we focus on ecological design, including green roofs and fa\u00e7ades, minimal surface sealing, and the use of rainwater.<br data-start=\"234\" data-end=\"237\">With our shared outdoor space, a publicly accessible art garden, and carsharing parking spots on the premises, we promote sustainable mobility and participation.<br data-start=\"398\" data-end=\"401\">Additionally, we implement artistic projects at the intersection of urban planning\u2014such as through the Alter Leipziger Bahnhof network\u2014and engage in open, transparent urban development that serves the common good.<\/p>\n<p><img loading=\"lazy\" decoding=\"async\" class=\"alignnone size-full wp-image-11388\" src=\"https:\/\/www.geh8.de\/page\/wp-content\/uploads\/2023\/01\/a-6.png\" alt=\"\" width=\"119\" height=\"120\" srcset=\"https:\/\/www.geh8.de\/page\/wp-content\/uploads\/2023\/01\/a-6.png 119w, https:\/\/www.geh8.de\/page\/wp-content\/uploads\/2023\/01\/a-6-100x100.png 100w, https:\/\/www.geh8.de\/page\/wp-content\/uploads\/2023\/01\/a-6-80x80.png 80w\" sizes=\"(max-width: 119px) 100vw, 119px\" \/><\/p>\n<p>Our cultural center implements a variety of measures to minimize its ecological footprint: we use green electricity, operate energy-efficient technology, and participate in the \u201cGreen Culture Index Saxony\u201d project to make our climate balance transparent and continuously improve it.<br data-start=\"342\" data-end=\"345\">In addition, our green roofs and fa\u00e7ade greening create green oases that improve the microclimate, promote biodiversity, and help mitigate urban heat\u2014important adaptation measures in urban areas.<br data-start=\"540\" data-end=\"543\">Artistic projects and exhibitions addressing climate change and sustainability complement our efforts and raise public awareness.<br data-start=\"672\" data-end=\"675\">Together with other cultural actors, we work to strengthen culture as a driver for sustainable and climate-friendly development.<\/p>\n<p><img loading=\"lazy\" decoding=\"async\" class=\"alignnone size-full wp-image-11389\" src=\"https:\/\/www.geh8.de\/page\/wp-content\/uploads\/2023\/01\/a-7.png\" alt=\"\" width=\"119\" height=\"117\" srcset=\"https:\/\/www.geh8.de\/page\/wp-content\/uploads\/2023\/01\/a-7.png 119w, https:\/\/www.geh8.de\/page\/wp-content\/uploads\/2023\/01\/a-7-100x98.png 100w, https:\/\/www.geh8.de\/page\/wp-content\/uploads\/2023\/01\/a-7-80x80.png 80w\" sizes=\"(max-width: 119px) 100vw, 119px\" \/><\/p>\n<p data-start=\"56\" data-end=\"814\">Our cultural center implements various measures to minimize its ecological footprint: we use green electricity, operate energy-efficient technology, and participate in the \u201cGreen Culture Index Saxony\u201d project to make our climate balance transparent and continuously improve it.<br data-start=\"337\" data-end=\"340\">Additionally, our green roofs and fa\u00e7ade greening create green oases that improve the microclimate, promote biodiversity, and help reduce urban heat\u2014important adaptation measures in urban areas.<br data-start=\"534\" data-end=\"537\">Artistic projects and exhibitions addressing climate change and sustainability complement our efforts and raise awareness among the public.<br data-start=\"676\" data-end=\"679\">Together with other cultural actors, we work to strengthen culture as a driving force for sustainable and climate-friendly development.<\/p>\n<p><img loading=\"lazy\" decoding=\"async\" class=\"\" src=\"https:\/\/www.un.org\/esa\/ffd\/ffddialogue\/images\/E_SDG%20goals_icons-individual-rgb-15.png\" alt=\"Goal 15 | Department of Economic and Social Affairs\" width=\"112\" height=\"112\"><\/p>\n<p data-start=\"56\" data-end=\"580\">With green roofs and fa\u00e7ade greening, we create valuable habitats for plants and animals, supporting biodiversity right in the heart of the city. Insect-friendly projects, such as the wild bee hotel on our fa\u00e7ade, complement this commitment.<br data-start=\"301\" data-end=\"304\">Through sustainable use of our grounds, we avoid soil sealing and promote green infrastructure.<br data-start=\"399\" data-end=\"402\">Artistic and cultural formats that engage with nature conservation and ecological topics raise awareness among our visitors and strengthen the commitment to a sustainable future.<\/p>\n<p><img loading=\"lazy\" decoding=\"async\" class=\"alignnone size-full wp-image-11390\" src=\"https:\/\/www.geh8.de\/page\/wp-content\/uploads\/2023\/01\/a-8.png\" alt=\"\" width=\"119\" height=\"117\" srcset=\"https:\/\/www.geh8.de\/page\/wp-content\/uploads\/2023\/01\/a-8.png 119w, https:\/\/www.geh8.de\/page\/wp-content\/uploads\/2023\/01\/a-8-100x98.png 100w, https:\/\/www.geh8.de\/page\/wp-content\/uploads\/2023\/01\/a-8-80x80.png 80w\" sizes=\"(max-width: 119px) 100vw, 119px\" \/><\/p>\n<p>As a cultural venue, we promote social dialogue and create space for exchanging diverse perspectives.<br data-start=\"161\" data-end=\"164\">Our artistic programs address themes such as social justice, human rights, and democracy, encouraging reflection and discussion.<br data-start=\"292\" data-end=\"295\">Within our organization, we value transparency, participation, and an open, responsible culture.<\/p>\n<p><img loading=\"lazy\" decoding=\"async\" class=\"alignnone size-full wp-image-11391\" src=\"https:\/\/www.geh8.de\/page\/wp-content\/uploads\/2023\/01\/a-9.png\" alt=\"\" width=\"122\" height=\"120\" srcset=\"https:\/\/www.geh8.de\/page\/wp-content\/uploads\/2023\/01\/a-9.png 122w, https:\/\/www.geh8.de\/page\/wp-content\/uploads\/2023\/01\/a-9-100x98.png 100w, https:\/\/www.geh8.de\/page\/wp-content\/uploads\/2023\/01\/a-9-80x80.png 80w\" sizes=\"(max-width: 122px) 100vw, 122px\" \/><\/p>\n<p>We work continuously with a wide range of actors from art, culture, science, urban society, and civil society to jointly implement sustainable projects.<br data-start=\"212\" data-end=\"215\">These collaborations facilitate knowledge exchange, strengthen collective action, and connect local initiatives with regional and international partners.<br data-start=\"368\" data-end=\"371\">As active members of various networks and committees, we contribute our perspectives to cultural policy and urban societal processes\u2014always with the goal of strengthening art and culture as drivers for sustainable development.<\/p>\n<p>&nbsp;<\/p>\n<h2>More sustainability at GEH8<\/h2>\n\n    <div class=\"container-fluid\">\n    <style>\n            .filter-container {\n                display: flex;\n                flex-wrap: wrap;\n                gap: 10px;\n            }\n            .filter-container input[type=\"text\"], .filter-container select {\n                flex: 1;\n                min-width: 200px;\n                max-width: 300px;\n                padding: 5px;\n                font-size: 16px;\n            }\n        <\/style>\n        <div class=\"filter-container\">\n           <input type=\"text\" id=\"filter-input\" placeholder=\"Enter search text\"\/>\n    \n        <select id=\"category-filter\">\n              <option value=\"\">All Categories<\/option><option value=\"verein\">Association (17)<\/option><option value=\"konzert\">Concert (70)<\/option><option value=\"veranstaltungen\">Event (49)<\/option><option value=\"ausstellung\">Exhibition (130)<\/option><option value=\"festival\">Festival (23)<\/option><option value=\"allgemein\">General (12)<\/option><option value=\"info\">Info (85)<\/option><option value=\"jahresthemen\">Jahresthemen (10)<\/option><option value=\"kooperationen\">Kooperationen (3)<\/option><option value=\"offenes_atelier\">open Atelier (10)<\/option><option value=\"performance\">Performance (18)<\/option><option value=\"lesung\">Reading \/ Talk (40)<\/option><option value=\"ateliers\">Studios (3)<\/option><option value=\"symposium\">Symposium (6)<\/option><option value=\"workshop\">Workshop (36)<\/option><\/select>\n    <\/div>\n    <\/div>\n    <div class=\"grid mt-5 pt-5\"><div class=\"jahrestrenner m-5  grid-item archive hyphenate querformat post type-post status-publish format-standard has-post-thumbnail hentry category-ausstellung\"\n                         style=\"position: absolute; left: 0px; top: 0px;background-color:#fff;\"><a\n                        ><\/a>\n                        <div class=\"grid-entry\" style=\" background-color:transparent;color#000;\">\n                            <ul class=\"post-categories\">\n                                <li><a rel=\"category tag\">JAHR<\/a><\/li>\n                            <\/ul>\n\n                                            <h2 class=\"archiv-jahrestrenner\">2025<\/h2>\n\n\n                        <\/div>\n                    <\/div><div class=\"grid-item archive hyphenate querformat post-14285 post type-post status-publish format-standard has-post-thumbnail hentry category-info\"><a href=\"https:\/\/www.geh8.de\/en\/geh8-2023-machbarkeitsstudie-fuer-die-geh8\/\"><img decoding=\"async\" src=\"https:\/\/www.geh8.de\/page\/wp-content\/uploads\/2025\/06\/20250304_143506-288x216.jpg\" class=\"attachment-tile-landscape-low size-tile-landscape-low wp-post-image\" alt=\"\" srcset=\"https:\/\/www.geh8.de\/page\/wp-content\/uploads\/2025\/06\/20250304_143506-288x216.jpg 288w, https:\/\/www.geh8.de\/page\/wp-content\/uploads\/2025\/06\/20250304_143506-448x336.jpg 448w, https:\/\/www.geh8.de\/page\/wp-content\/uploads\/2025\/06\/20250304_143506-368x276.jpg 368w, https:\/\/www.geh8.de\/page\/wp-content\/uploads\/2025\/06\/20250304_143506-90x67.jpg 90w\" sizes=\"(max-width: 288px) 100vw, 288px\" \/><\/a><div class=\"grid-entry haase-archive\" data-content=\"\r\n\r\n\r\n\r\n\r\n\r\n\r\nLong-term vision for GEH8 \u2013 a development concept emerges\r\n\r\n\r\n\r\n\r\n\r\n\r\n\r\nWith funding from the Sociocultural Fund, we are currently developing a comprehensive concept for the long-term future of GEH8 in terms of content and space. The central question is: How can GEH8 continue to develop \u2013 as a sociocultural venue, as a platform for art and discourse, as part of the neighborhood?\r\n\r\nThe main topics are:\r\n\u2013 Expansion and diversification of our target groups\r\n\u2013 Development of new formats and content\r\n\u2013 Spatial perspectives for buildings and grounds\r\n\u2013 Ecological sustainability as a cross-cutting issue\r\n\r\nIn March 2025, we visited ufaFabrik Berlin, a pioneering project for ecological urban development and sociocultural practice, to gain inspiration and exchange experiences. We also visited ZK\/U \u2013 Center for Art and Urbanistics. The ideas we gained there are directly incorporated into our conceptual considerations.\r\n\r\n[ngg src=&quot;galleries&quot; ids=&quot;181&quot; display=&quot;basic_thumbnail&quot;]\r\nIn a next step, we entered into a joint development process with the architectural firm Raum und Bau (Dresden). The goal is to design concrete paths and scenarios for the structural future of GEH8. We are supported in this by architects Gudrun Deppe and Luzie D\u00f6rfelt, who bring a wealth of experience in participatory, co-productive, and process-oriented planning approaches.\r\n\r\n[ngg src=&quot;galleries&quot; ids=&quot;193&quot; display=&quot;basic_thumbnail&quot;]Our goal: to harmonize ecological responsibility, social participation, and cultural use\u2014not as opposites, but as mutually reinforcing elements.\r\n\r\nIn late summer, we entered the participatory phase of the GEH8 future concept. To this end, we invited everyone to take part in an online survey in August and to a participatory workshop with a neighborhood coffee party in September. We are very pleased with the response so far and would like to thank everyone who took part. Over the winter, we will evaluate all the results and incorporate them into our concept, which we will present to you in 2026.\r\n\r\n[ngg src=&quot;galleries&quot; ids=&quot;187&quot; display=&quot;basic_thumbnail&quot;]&nbsp;\r\nThe \u201cGEH8 2030 Development Concept\u201d project is funded by the Sociocultural Fund. Thank you very much!\r\n&nbsp;\r\n\"><ul class=\"post-categories\">\n\t<li><a href=\"https:\/\/www.geh8.de\/en\/category\/info\/\" rel=\"category tag\">Info<\/a><\/li><\/ul><h3><span class=\"sub1\"><span class=\"sub2\"><span class=\"sub3\"><a href=\"https:\/\/www.geh8.de\/en\/geh8-2023-machbarkeitsstudie-fuer-die-geh8\/\">GEH8 2030 \u2013 Feasibility Study for GEH8<\/a><\/span><\/span><\/span><\/h3><p>Long-term vision for GEH8 \u2013 a development concept emerges With funding from the Sociocultural Fund, [&hellip;]<\/p>\n<\/div><\/div><div class=\"jahrestrenner m-5  grid-item archive hyphenate querformat post type-post status-publish format-standard has-post-thumbnail hentry category-ausstellung\"\n                         style=\"position: absolute; left: 0px; top: 0px;background-color:#fff;\"><a\n                        ><\/a>\n                        <div class=\"grid-entry\" style=\" background-color:transparent;color#000;\">\n                            <ul class=\"post-categories\">\n                                <li><a rel=\"category tag\">JAHR<\/a><\/li>\n                            <\/ul>\n\n                                            <h2 class=\"archiv-jahrestrenner\">2024<\/h2>\n\n\n                        <\/div>\n                    <\/div><div class=\"grid-item archive hyphenate querformat post-14279 post type-post status-publish format-standard has-post-thumbnail hentry category-info\"><a href=\"https:\/\/www.geh8.de\/en\/unsere-neue-gruenfassade-ist-da\/\"><img decoding=\"async\" src=\"https:\/\/www.geh8.de\/page\/wp-content\/uploads\/2025\/06\/P1044807-1-288x216.jpg\" class=\"attachment-tile-landscape-low size-tile-landscape-low wp-post-image\" alt=\"\" srcset=\"https:\/\/www.geh8.de\/page\/wp-content\/uploads\/2025\/06\/P1044807-1-288x216.jpg 288w, https:\/\/www.geh8.de\/page\/wp-content\/uploads\/2025\/06\/P1044807-1-448x336.jpg 448w, https:\/\/www.geh8.de\/page\/wp-content\/uploads\/2025\/06\/P1044807-1-368x276.jpg 368w, https:\/\/www.geh8.de\/page\/wp-content\/uploads\/2025\/06\/P1044807-1-90x67.jpg 90w\" sizes=\"(max-width: 288px) 100vw, 288px\" \/><\/a><div class=\"grid-entry haase-archive\" data-content=\"In 2024, the eastern fa\u00e7ade of GEH8 received a new green face! The winning design from the 2022 student competition \u201cNo One Intends to Green a Wall\u201d has now been brought to life.\r\n\r\nIn collaboration with the architecture firm Atelier Laustr\u00f6er-Richter and the landscape planning office Landschaftswerk Dresden, we implemented the concept by students Raveena Pathak and McKenna Montgomery (Anhalt University of Applied Sciences). The project makes use of rainwater from the rooftops and combines ground-based and wall-mounted planting into a sustainable system.\r\n\r\nThis was made possible thanks to the support of Dresden\u2019s Environmental Office, BUND (Friends of the Earth Germany), and the Pieschen district council. The new green fa\u00e7ade is a symbol of our commitment to climate action and urban transformation \u2014 showing how art and cultural spaces can actively contribute to ecological change.\r\n  \r\nThe design process and all submitted designs are summarized in a publication that can be ordered from our publishing house at this link.\"><ul class=\"post-categories\">\n\t<li><a href=\"https:\/\/www.geh8.de\/en\/category\/info\/\" rel=\"category tag\">Info<\/a><\/li><\/ul><h3><span class=\"sub1\"><span class=\"sub2\"><span class=\"sub3\"><a href=\"https:\/\/www.geh8.de\/en\/unsere-neue-gruenfassade-ist-da\/\">Our New Green Fa\u00e7ade Is Here!<\/a><\/span><\/span><\/span><\/h3><p>In 2024, the eastern fa\u00e7ade of GEH8 received a new green face! The winning design [&hellip;]<\/p>\n<\/div><\/div><div class=\"grid-item archive hyphenate querformat post-14273 post type-post status-publish format-standard has-post-thumbnail hentry category-info\"><a href=\"https:\/\/www.geh8.de\/en\/die-geh8-beim-green-culture-festival-2024-in-potsdam\/\"><img decoding=\"async\" src=\"https:\/\/www.geh8.de\/page\/wp-content\/uploads\/2025\/06\/IMG_6375-288x216.jpg\" class=\"attachment-tile-landscape-low size-tile-landscape-low wp-post-image\" alt=\"\" srcset=\"https:\/\/www.geh8.de\/page\/wp-content\/uploads\/2025\/06\/IMG_6375-288x216.jpg 288w, https:\/\/www.geh8.de\/page\/wp-content\/uploads\/2025\/06\/IMG_6375-448x336.jpg 448w, https:\/\/www.geh8.de\/page\/wp-content\/uploads\/2025\/06\/IMG_6375-368x276.jpg 368w, https:\/\/www.geh8.de\/page\/wp-content\/uploads\/2025\/06\/IMG_6375-90x67.jpg 90w\" sizes=\"(max-width: 288px) 100vw, 288px\" \/><\/a><div class=\"grid-entry haase-archive\" data-content=\"On June 3, 2024, GEH8 took part in the Green Culture Festival at Sanssouci Park in Potsdam. We were invited due to our fa\u00e7ade greening project, which was funded by the Environmental Department of the City of Dresden. The department passed on prize money from their award as a climate-active municipality to support the initiative at GEH8.\r\nAs part of the festival, we presented our initiative to a professional audience from the fields of culture, politics, public administration, and environmental activism. It was an honor to share insights into the design process, our collaboration with four universities, and the sustainable implementation of the winning design.\r\nOur participation highlights how creative, green urban development and artistic practice can be successfully intertwined. In addition to Potsdam, the project has also been presented at the University of Li\u00e8ge (Belgium) and at the Akureyri Art Museum (Iceland).\"><ul class=\"post-categories\">\n\t<li><a href=\"https:\/\/www.geh8.de\/en\/category\/info\/\" rel=\"category tag\">Info<\/a><\/li><\/ul><h3><span class=\"sub1\"><span class=\"sub2\"><span class=\"sub3\"><a href=\"https:\/\/www.geh8.de\/en\/die-geh8-beim-green-culture-festival-2024-in-potsdam\/\">Participation in the Green Culture Festival 2024 in Potsdam<\/a><\/span><\/span><\/span><\/h3><p>On June 3, 2024, GEH8 took part in the Green Culture Festival at Sanssouci Park [&hellip;]<\/p>\n<\/div><\/div><div class=\"grid-item archive hyphenate querformat post-12310 post type-post status-publish format-standard has-post-thumbnail hentry category-info\"><a href=\"https:\/\/www.geh8.de\/en\/teilnahme-der-geh8-am-projekt-green-culture-index-mit-eigener-klimabilanz\/\"><img decoding=\"async\" src=\"https:\/\/www.geh8.de\/page\/wp-content\/uploads\/2024\/01\/Klimabilanz_Erstellt_weiss-2-288x216.jpg\" class=\"attachment-tile-landscape-low size-tile-landscape-low wp-post-image\" alt=\"\" srcset=\"https:\/\/www.geh8.de\/page\/wp-content\/uploads\/2024\/01\/Klimabilanz_Erstellt_weiss-2-288x216.jpg 288w, https:\/\/www.geh8.de\/page\/wp-content\/uploads\/2024\/01\/Klimabilanz_Erstellt_weiss-2-448x336.jpg 448w, https:\/\/www.geh8.de\/page\/wp-content\/uploads\/2024\/01\/Klimabilanz_Erstellt_weiss-2-368x276.jpg 368w, https:\/\/www.geh8.de\/page\/wp-content\/uploads\/2024\/01\/Klimabilanz_Erstellt_weiss-2-90x67.jpg 90w\" sizes=\"(max-width: 288px) 100vw, 288px\" \/><\/a><div class=\"grid-entry haase-archive\" data-content=\"2023 nahm die GEH8 am Projekt \u201eGreen Culture Index Sachsen\u201c (GCI) teil, um erstmals \u00fcberhaupt eine Klimabilanz f\u00fcr den Betrieb zu erstellen. Zusammen mit 14 weiteren Kulturakteuren aus Sachsen, darunter die Staatlichen Kunstsammlungen Dresden, der scheune e.V., das objekt klein a oder die Moritzbastei Leipzig, wurden zwischen April und Oktober Klimabilanzen f\u00fcr das Jahr 2022 erstellt, um die eigenen CO2-Fu\u00dfabdr\u00fccke zu ermitteln und Ma\u00dfnahmen zur Reduzierung in Richtung \u00bbnetto 0\u00ab zu entwickeln. Das Projekt leitete das Aktionsnetzwerk Nachhaltigkeit, das die Bilanzen nach dem ISO14064 Standard und GHG-Protokoll ermittelte.&nbsp;\r\n\r\n\r\nZum Prozess geh\u00f6rte die Teilnahme an Workshops und Sprechstunden, in denen das ben\u00f6tigte Wissen zur Datensammlung und den darausfolgenden Ableitungen von Ma\u00dfnahmen erarbeitet werden konnten. Das Ziel war es, die Datenlage \u00fcber klimawirksame Aktivit\u00e4ten von Kulturinstitutionen zu verbessern, Ma\u00dfnahmen zu deren Reduktion zu definieren und die Grundlage f\u00fcr verbesserte Rahmenbedingungen zu legen, sowie die Schaffung von Kapazit\u00e4ten, Kompetenzen und Strukturen zur Etablierung von \u201eGreen Culture\u201c Prozessen in der Kultur.\r\n\r\n&nbsp;\r\n\r\nF\u00fcr die GEH8 ergeben sich f\u00fcr das Jahr 2022 die folgenden Ergebnisse:\r\n\r\n        \r\n\r\n&nbsp;\r\n\r\nAlle Klimabilanzen, die innerhalb des Projektes entstanden sind, stehen hier zur Verf\u00fcgung!\r\n\r\n&nbsp;\r\n\r\n&nbsp;\r\nDas Projekt wurd gef\u00f6rdert von der&nbsp;E.ON-Stiftung und lief von April bis Oktober 2023.\r\n &nbsp;&nbsp;&nbsp;&nbsp;&nbsp;&nbsp;&nbsp;&nbsp;&nbsp;&nbsp;&nbsp; \"><ul class=\"post-categories\">\n\t<li><a href=\"https:\/\/www.geh8.de\/en\/category\/info\/\" rel=\"category tag\">Info<\/a><\/li><\/ul><h3><span class=\"sub1\"><span class=\"sub2\"><span class=\"sub3\"><a href=\"https:\/\/www.geh8.de\/en\/teilnahme-der-geh8-am-projekt-green-culture-index-mit-eigener-klimabilanz\/\">Teilnahme der GEH8 am Projekt \u201eGREEN CULTURE INDEX&#8221; mit eigener Klimabilanz<\/a><\/span><\/span><\/span><\/h3><p>2023 nahm die GEH8 am Projekt \u201eGreen Culture Index Sachsen\u201c (GCI) teil, um erstmals \u00fcberhaupt [&hellip;]<\/p>\n<\/div><\/div><div class=\"jahrestrenner m-5  grid-item archive hyphenate querformat post type-post status-publish format-standard has-post-thumbnail hentry category-ausstellung\"\n                         style=\"position: absolute; left: 0px; top: 0px;background-color:#fff;\"><a\n                        ><\/a>\n                        <div class=\"grid-entry\" style=\" background-color:transparent;color#000;\">\n                            <ul class=\"post-categories\">\n                                <li><a rel=\"category tag\">JAHR<\/a><\/li>\n                            <\/ul>\n\n                                            <h2 class=\"archiv-jahrestrenner\">2022<\/h2>\n\n\n                        <\/div>\n                    <\/div><div class=\"grid-item archive hyphenate querformat post-10992 post type-post status-publish format-standard has-post-thumbnail hentry category-info\"><a href=\"https:\/\/www.geh8.de\/en\/siegerentwuerfe-der-ausschreibung-haengende-gaerten-oder-niemand-hat-die-absicht-eine-mauer-zu-begruenen\/\"><img decoding=\"async\" src=\"https:\/\/www.geh8.de\/page\/wp-content\/uploads\/2022\/08\/OhneSchrift-288x216.png\" class=\"attachment-tile-landscape-low size-tile-landscape-low wp-post-image\" alt=\"\" srcset=\"https:\/\/www.geh8.de\/page\/wp-content\/uploads\/2022\/08\/OhneSchrift-288x216.png 288w, https:\/\/www.geh8.de\/page\/wp-content\/uploads\/2022\/08\/OhneSchrift-448x336.png 448w, https:\/\/www.geh8.de\/page\/wp-content\/uploads\/2022\/08\/OhneSchrift-368x276.png 368w, https:\/\/www.geh8.de\/page\/wp-content\/uploads\/2022\/08\/OhneSchrift-90x67.png 90w\" sizes=\"(max-width: 288px) 100vw, 288px\" \/><\/a><div class=\"grid-entry haase-archive\" data-content=\"GEH8 wants to combine environmental protection with design and was looking for unusual and fresh designs for a greening of its east facade. The best entries were awarded by a jury of experts and the concept of the first place winner is to be implemented structurally by summer 2023. The project is a cooperation between GEH8, the Environmental Office, the Urban Planning Office and the Office of Structural Engineering and Real Estate Management of the City of Dresden.\r\n\r\nAn interdisciplinary jury of experts consisting of artists, designers and experts in landscape planning awarded prizes to the 3 best designs and also compiled a selection of submissions that will be published in an accompanying catalog. The consistently high quality of the submissions made it extremely difficult for the jury. In the end, four universities responded to our call, offered a teaching project on the topic, and 27 submissions that met the conditions of the call were admitted to the competition. A wide variety of approaches were taken, which beautifully demonstrate how diverse the topic of fa\u00e7ade greening can be dealt with.\r\n\r\nBACKGROUND TO THE CALL FOR ENTRIES\r\n\r\nWeather extremes such as heavy rainfall events, extreme summer temperatures, or periods of drought are increasing seriously and putting a strain on cities and their inhabitants in particular. The greening of buildings - especially the greening of roofs and facades - makes it possible to accommodate greenery where there is no more space at ground level because of the buildings. Greening buildings can reduce the heat-storing effect of a building in summer and also restore existing space for rainwater retention. This has a demonstrably positive effect on the microclimate, the quality of living and the quality of stay. In addition, the greened building area has a positive effect on flora and fauna, air quality and sound reflection. Particularly in densely built-up neighborhoods, greening buildings not only benefits the ecology, but also protects the health of citizens. This is because the sight of greenery reduces stress levels and positively influences attention and concentration, both in adults and in children and young people.\r\n\r\nAgainst this background, the city of Dresden adopted the guideline Dresden baut gr\u00fcn (Dresden builds green) in 2019. According to this guideline, all municipal building construction projects - i.e. new buildings, conversions and extensions - must include greenery on the facade or roof of the building. The greening of the GEH8 facade extends the existing green roof and completes the site as a lighthouse project.\r\n\r\nTHE WINNERS\r\n\r\n\r\n 1st PLACE\r\nRaveena Pathak und McKenna Mongtomery - Hochschule Anhalt\r\n\r\n\r\n\r\n 2nd PLACE\r\nLet\u00edcia Corradi und Radham\u00e9s Rodr\u00edguez - Hochschule Anhalt\r\n\r\n\r\n\r\n&nbsp;\r\n\r\n 3rd PLACE\r\nMalavika Sheela Retna und Arunabha Bandyopadhyay - Hochschule Anhalt\r\n\r\n\r\n\r\n&nbsp;\r\n\r\nHonorable Mentions\r\n\r\n\r\nCamilla Wilke - Hochschule Wismar\r\n\r\nMansi Agrawal und Pranathi Narayanareddy - Hochschule Anhalt\r\n\r\nConstanze Langosch und Anne Klose - TU Dresden\r\n\r\n&nbsp;\r\n\r\nWe thank you very much for the active interest and all participating designs of the call!\r\n\r\n&nbsp;\r\nIn Cooperation with\r\n\r\nSupported by\r\n\r\nSupported by der Beauftragten der Bundesregierung f\u00fcr Kultur und Medien.\r\n&nbsp; &nbsp;  &nbsp;&nbsp; &nbsp;&nbsp; &nbsp; \"><ul class=\"post-categories\">\n\t<li><a href=\"https:\/\/www.geh8.de\/en\/category\/info\/\" rel=\"category tag\">Info<\/a><\/li><\/ul><h3><span class=\"sub1\"><span class=\"sub2\"><span class=\"sub3\"><a href=\"https:\/\/www.geh8.de\/en\/siegerentwuerfe-der-ausschreibung-haengende-gaerten-oder-niemand-hat-die-absicht-eine-mauer-zu-begruenen\/\">Winning designs of the call for entries: Hanging gardens or: Nobody intends to green a wall<\/a><\/span><\/span><\/span><\/h3><p>GEH8 wants to combine environmental protection with design and was looking for unusual and fresh [&hellip;]<\/p>\n<\/div><\/div><div class=\"grid-item archive hyphenate querformat post-10164 post type-post status-publish format-standard has-post-thumbnail hentry category-info\"><a href=\"https:\/\/www.geh8.de\/en\/wir-werden-gruener-iii\/\"><img decoding=\"async\" src=\"https:\/\/www.geh8.de\/page\/wp-content\/uploads\/2022\/04\/IMG_3233.CR2_-288x216.jpg\" class=\"attachment-tile-landscape-low size-tile-landscape-low wp-post-image\" alt=\"\" srcset=\"https:\/\/www.geh8.de\/page\/wp-content\/uploads\/2022\/04\/IMG_3233.CR2_-288x216.jpg 288w, https:\/\/www.geh8.de\/page\/wp-content\/uploads\/2022\/04\/IMG_3233.CR2_-448x336.jpg 448w, https:\/\/www.geh8.de\/page\/wp-content\/uploads\/2022\/04\/IMG_3233.CR2_-368x276.jpg 368w, https:\/\/www.geh8.de\/page\/wp-content\/uploads\/2022\/04\/IMG_3233.CR2_-90x67.jpg 90w\" sizes=\"(max-width: 288px) 100vw, 288px\" \/><\/a><div class=\"grid-entry haase-archive\" data-content=\"This year, too, the grounds of GEH8 will be given a helping hand, because we are getting greener and greener! With the help of the SUA Umweltakademie and the Stadtg\u00e4rten e.V. new plants could find their place in the courtyard. Besides fruits like sour cherries and apricots, oaks and white elderberry were planted.\r\n\r\n\r\n\r\n\r\n\r\nWell-equipped with suitable working materials, they were able to get started in the morning under blue skies and bright sunshine. With the new planting, especially the summer garden and the area around the parking spaces were beautified.\r\n\r\n\r\n\r\n\r\n\r\n&nbsp;\r\n\r\nYou can find more before\/after-pictures here !\r\n\r\nFurther sustainable measures that we have integrated as an arts and cultural center within GEH8 will be implemented here!\r\n\r\n\r\n&nbsp;\r\n\r\n&nbsp;&nbsp;&nbsp;&nbsp;&nbsp;&nbsp;&nbsp;&nbsp;&nbsp;&nbsp;&nbsp;&nbsp;&nbsp;&nbsp;&nbsp;&nbsp;&nbsp;&nbsp;&nbsp;&nbsp;&nbsp;&nbsp;&nbsp;&nbsp;&nbsp;&nbsp;&nbsp;&nbsp;&nbsp;&nbsp;&nbsp;&nbsp;&nbsp;&nbsp;&nbsp;&nbsp;&nbsp;&nbsp;&nbsp;&nbsp;&nbsp;&nbsp;&nbsp;&nbsp;&nbsp;&nbsp;&nbsp; \"><ul class=\"post-categories\">\n\t<li><a href=\"https:\/\/www.geh8.de\/en\/category\/info\/\" rel=\"category tag\">Info<\/a><\/li><\/ul><h3><span class=\"sub1\"><span class=\"sub2\"><span class=\"sub3\"><a href=\"https:\/\/www.geh8.de\/en\/wir-werden-gruener-iii\/\">We become greener! III<\/a><\/span><\/span><\/span><\/h3><p>This year, too, the grounds of GEH8 will be given a helping hand, because we [&hellip;]<\/p>\n<\/div><\/div><div class=\"jahrestrenner m-5  grid-item archive hyphenate querformat post type-post status-publish format-standard has-post-thumbnail hentry category-ausstellung\"\n                         style=\"position: absolute; left: 0px; top: 0px;background-color:#fff;\"><a\n                        ><\/a>\n                        <div class=\"grid-entry\" style=\" background-color:transparent;color#000;\">\n                            <ul class=\"post-categories\">\n                                <li><a rel=\"category tag\">JAHR<\/a><\/li>\n                            <\/ul>\n\n                                            <h2 class=\"archiv-jahrestrenner\">2021<\/h2>\n\n\n                        <\/div>\n                    <\/div><div class=\"grid-item archive hyphenate querformat post-8968 post type-post status-publish format-standard has-post-thumbnail hentry category-info\"><a href=\"https:\/\/www.geh8.de\/en\/ankuendigung-buchvorstellung-real-insect-estate\/\"><img decoding=\"async\" src=\"https:\/\/www.geh8.de\/page\/wp-content\/uploads\/2021\/11\/pic-100-288x216.jpg\" class=\"attachment-tile-landscape-low size-tile-landscape-low wp-post-image\" alt=\"\" srcset=\"https:\/\/www.geh8.de\/page\/wp-content\/uploads\/2021\/11\/pic-100-288x216.jpg 288w, https:\/\/www.geh8.de\/page\/wp-content\/uploads\/2021\/11\/pic-100-448x336.jpg 448w, https:\/\/www.geh8.de\/page\/wp-content\/uploads\/2021\/11\/pic-100-368x276.jpg 368w, https:\/\/www.geh8.de\/page\/wp-content\/uploads\/2021\/11\/pic-100-90x67.jpg 90w\" sizes=\"(max-width: 288px) 100vw, 288px\" \/><\/a><div class=\"grid-entry haase-archive\" data-content=\"OUT NOW! It&#039;s finally here.\r\n\r\nUnder the title REAL INSECT ESTATE, GEH8 2021 launched a design competition for a fancy insect hotel as an art-in-architecture project. From all over Germany - from Passau to L\u00fcbeck, from Aachen to G\u00f6rlitz - 236 entries were submitted by 382 people. The designs, conceived individually or in teams, are characterized by a high level of commitment, creativity and interest in the idea of sustainability. As a conclusion of the project, some of those very high-quality submissions are illustrated in a summary publication. The three winning designs and a selection of other exciting concepts are supplemented by specialist texts and further information on the project.\r\n\r\n\r\nREAL INSECT ESTATE\r\n2021 | 176 pages\r\n24 x 14 cm\r\nISBN: 978-3-949612-01-5\r\nPublisher: Michael Merkel &amp; GEH8 Kunst Raum Ateliers gUG\r\nGraphic design: Michael Merkel\r\n\r\nCost: 15 Euro plus 3 Euro shipping (in Germany)\r\nOrder: by mail\"><ul class=\"post-categories\">\n\t<li><a href=\"https:\/\/www.geh8.de\/en\/category\/info\/\" rel=\"category tag\">Info<\/a><\/li><\/ul><h3><span class=\"sub1\"><span class=\"sub2\"><span class=\"sub3\"><a href=\"https:\/\/www.geh8.de\/en\/ankuendigung-buchvorstellung-real-insect-estate\/\">Announcement! Book launch: Real Insect Estate<\/a><\/span><\/span><\/span><\/h3><p>OUT NOW! It&#8217;s finally here. Under the title REAL INSECT ESTATE, GEH8 2021 launched a [&hellip;]<\/p>\n<\/div><\/div><div class=\"grid-item archive hyphenate querformat post-8955 post type-post status-publish format-standard has-post-thumbnail hentry category-info\"><a href=\"https:\/\/www.geh8.de\/en\/eku-zukunftspreis-idee-haengende-gaerten-fassadenbegruenung-am-kunst-und-kulturzentrum-geh8\/\"><img decoding=\"async\" src=\"https:\/\/www.geh8.de\/page\/wp-content\/uploads\/2021\/11\/smekul2021_eku.idee_logo_lang_rgb-288x216.png\" class=\"attachment-tile-landscape-low size-tile-landscape-low wp-post-image\" alt=\"\" srcset=\"https:\/\/www.geh8.de\/page\/wp-content\/uploads\/2021\/11\/smekul2021_eku.idee_logo_lang_rgb-288x216.png 288w, https:\/\/www.geh8.de\/page\/wp-content\/uploads\/2021\/11\/smekul2021_eku.idee_logo_lang_rgb-448x336.png 448w, https:\/\/www.geh8.de\/page\/wp-content\/uploads\/2021\/11\/smekul2021_eku.idee_logo_lang_rgb-368x276.png 368w, https:\/\/www.geh8.de\/page\/wp-content\/uploads\/2021\/11\/smekul2021_eku.idee_logo_lang_rgb-90x67.png 90w\" sizes=\"(max-width: 288px) 100vw, 288px\" \/><\/a><div class=\"grid-entry haase-archive\" data-content=\"In recent years, GEH8 has taken various measures to make its own contribution in the areas of sustainability and ecology.\r\n\r\nAs an art and cultural center, GEH8 sees itself as a provider of ideas and a development point of view in order to significantly implement projects with a sustainable claim and ecological benefit. The planned greening of the east facade of the building also ties in with this self-image.\r\n\r\nIn order to realize the construction of the fa\u00e7ade greening, a nationwide competition is to be announced in cooperation with the environmental and structural engineering departments of the city of Dresden, which is also aimed at universities, among others. In doing so, we are taking our cue from a project that has already been successfully implemented, in which a similar competition was held to build an insect hotel. The aim is to make the project accessible to a broader public and thus, on the one hand, to raise awareness of the sustainability issue and, on the other hand, to put the issue on the agenda. The central idea is to think sustainability and design together, so the competition is aimed at artistic and creative designs that also deal with the GEH8 in its role as an art and cultural center.\r\n\r\nWithin the framework of the competition, submissions will be collected from all over Germany, which will then be viewed and evaluated by a jury of experts. The winners will then be asked to implement the design in consultation with an architectural firm on site.\r\n\r\n\r\n\r\nClick here for the eku-website!\"><ul class=\"post-categories\">\n\t<li><a href=\"https:\/\/www.geh8.de\/en\/category\/info\/\" rel=\"category tag\">Info<\/a><\/li><\/ul><h3><span class=\"sub1\"><span class=\"sub2\"><span class=\"sub3\"><a href=\"https:\/\/www.geh8.de\/en\/eku-zukunftspreis-idee-haengende-gaerten-fassadenbegruenung-am-kunst-und-kulturzentrum-geh8\/\">eku &#8211; FUTURE PRIZE idea: Hanging Gardens. Facade greening at the art and culture center GEH8<\/a><\/span><\/span><\/span><\/h3><p>In recent years, GEH8 has taken various measures to make its own contribution in the [&hellip;]<\/p>\n<\/div><\/div><div class=\"grid-item archive hyphenate querformat post-8371 post type-post status-publish format-standard has-post-thumbnail hentry category-info category-allgemein\"><a href=\"https:\/\/www.geh8.de\/en\/real-insect-estate-preistraeger-innen\/\"><img decoding=\"async\" src=\"https:\/\/www.geh8.de\/page\/wp-content\/uploads\/2021\/05\/6ecd01d8-5968-455f-8f89-fff1ffbf84b1-288x216.png\" class=\"attachment-tile-landscape-low size-tile-landscape-low wp-post-image\" alt=\"\" srcset=\"https:\/\/www.geh8.de\/page\/wp-content\/uploads\/2021\/05\/6ecd01d8-5968-455f-8f89-fff1ffbf84b1-288x216.png 288w, https:\/\/www.geh8.de\/page\/wp-content\/uploads\/2021\/05\/6ecd01d8-5968-455f-8f89-fff1ffbf84b1-448x336.png 448w, https:\/\/www.geh8.de\/page\/wp-content\/uploads\/2021\/05\/6ecd01d8-5968-455f-8f89-fff1ffbf84b1-368x276.png 368w, https:\/\/www.geh8.de\/page\/wp-content\/uploads\/2021\/05\/6ecd01d8-5968-455f-8f89-fff1ffbf84b1-90x67.png 90w\" sizes=\"(max-width: 288px) 100vw, 288px\" \/><\/a><div class=\"grid-entry haase-archive\" data-content=\"The winners have been determined!\r\n\r\nIn February 2021, GEH8 launched a design competition for an unusual insect hotel under the title REAL INSECT ESTATE. From all over Germany - from Passau to L\u00fcbeck, from Aachen to G\u00f6rlitz - we received an incredible 236 submissions from 382 people who conceived designs individually or in teams. We would like to thank everyone who participated! All proposals were characterized by great commitment, creativity and interest in the idea of sustainability.\r\n\r\nIt is also noteworthy that a total of five universities in Germany (Dresden, Detmold, D\u00fcsseldorf, Wismar, Karlsruhe) took up the impulse of our call for proposals and offered a teaching project dedicated to the task of creatively designing a nesting aid. The teachers sometimes took their own approaches and developed the task further.\r\n\r\nThe high quality of the entries presented the jury with the difficult task of selecting their favorites. We are very pleased to finally announce the three winners, as well as three other designs that we found particularly noteworthy. Their designs, a further selection of exciting concepts, technical texts and further information on the project will find their way into the publication, which will be published at the end of the project and can already be pre-ordered now.\r\nAward winners\r\n\r\n\r\n\r\n\r\n\r\n\r\n\r\n1. PLATZ\r\nMAREIKE DE BOER mit UNTERSCHLUPF\u00b2\r\n\r\nD\u00fcsseldorf\r\n\r\n\r\n\r\n\r\n2. PLATZ\r\nGILBERT GEISTER mit INSEKTEN-FLUGBAHN\r\n\r\nK\u00f6ln\r\n\r\n\r\n\r\n\r\n\r\n\r\n3. PLATZ\r\nFLORIAN BARTL mit BEE BROTHER\r\nIS WATCHING YOU\r\n\r\n\r\nEngelsberg\r\n\r\n&nbsp;\r\n\r\n\r\n&nbsp;\r\n&nbsp;\r\n\r\n\r\n\r\nBesondere Erw\u00e4hnung\r\n\r\n\r\n\r\n\r\n\r\n\r\n\r\n&nbsp;\r\nCHANTAL LUISA PLANT\u00d6R \/ GESA HENNING \/ JACKIE WILLIAMS \/ NORA MEYNBERG mit SUMM_BIOSE\r\n\r\nHannover\r\n\r\n\r\n\r\n\r\n\r\nFLORA KIE\u00dfLING und LUISE LOTT mit EIN STAPEL WALD\r\nDresden\r\n\r\n\r\n\r\nVALENTIN PONGRATZ mit LAST RESORT\r\nM\u00fcnchen&nbsp;\r\n\r\n\r\n\r\n&nbsp;\r\n\r\nJURY\r\n\r\nMandy Fritzsche, Sachverst\u00e4ndige f\u00fcr wild lebende Honigbienen, solit\u00e4re Wildbienen und Hummeln\r\n\r\nHenning Haupt, Professor f\u00fcr Gestaltungslehre TU Dresden\r\n\r\nSylvia Siebert, NABU Dresden-Mei\u00dfen\r\n\r\nMichael Merkel, Programmkoordinator GEH8\r\n\r\n&nbsp;\r\n\r\nPROJECT MANAGEMENT\r\nMichael Merkel\r\n\r\n&nbsp;\r\n\r\nIn Cooperation with:\r\n\r\n&nbsp; &nbsp; &nbsp; &nbsp; &nbsp; &nbsp; &nbsp; \r\n\r\nProfessur f\u00fcr GestaltungslehreFakult\u00e4t Architektur\r\n\r\n&nbsp;\r\n\r\nAwarded with:\r\n\r\n\r\n\r\nSponsored by:\r\n\r\n\r\n\r\n&nbsp;\r\n\r\n&nbsp;\"><ul class=\"post-categories\">\n\t<li><a href=\"https:\/\/www.geh8.de\/en\/category\/info\/\" rel=\"category tag\">Info<\/a><\/li>\n\t<li><a href=\"https:\/\/www.geh8.de\/en\/category\/allgemein\/\" rel=\"category tag\">General<\/a><\/li><\/ul><h3><span class=\"sub1\"><span class=\"sub2\"><span class=\"sub3\"><a href=\"https:\/\/www.geh8.de\/en\/real-insect-estate-preistraeger-innen\/\">real insect estate &#8211; award winners<\/a><\/span><\/span><\/span><\/h3><p>The winners have been determined! In February 2021, GEH8 launched a design competition for an [&hellip;]<\/p>\n<\/div><\/div><div class=\"grid-item archive hyphenate querformat post-8271 post type-post status-publish format-standard has-post-thumbnail hentry category-info category-allgemein\"><a href=\"https:\/\/www.geh8.de\/en\/eku-zukunftspreis-2020-fuer-das-projekt-real-insect-estate-der-geh8\/\"><img decoding=\"async\" src=\"https:\/\/www.geh8.de\/page\/wp-content\/uploads\/2021\/06\/Screenshot-121-e1624535968953-288x216.png\" class=\"attachment-tile-landscape-low size-tile-landscape-low wp-post-image\" alt=\"\" srcset=\"https:\/\/www.geh8.de\/page\/wp-content\/uploads\/2021\/06\/Screenshot-121-e1624535968953-288x216.png 288w, https:\/\/www.geh8.de\/page\/wp-content\/uploads\/2021\/06\/Screenshot-121-e1624535968953-448x336.png 448w, https:\/\/www.geh8.de\/page\/wp-content\/uploads\/2021\/06\/Screenshot-121-e1624535968953-368x276.png 368w, https:\/\/www.geh8.de\/page\/wp-content\/uploads\/2021\/06\/Screenshot-121-e1624535968953-90x67.png 90w\" sizes=\"(max-width: 288px) 100vw, 288px\" \/><\/a><div class=\"grid-entry haase-archive\" data-content=\"For the project REAL INSECT ESTATE the GEH8 receives the eku - Future Award 2020 of the Ministry of Environment!\r\n\r\n\r\n\r\nWith an open call for the design of an insect hotel of a facade of the GEH8 according to ecological specifications, an artistic competition was called. This also developed into a project for students at universities nationwide and created a link between art and biodiversity. By planting and sowing in the immediate vicinity of the site, food for the insects is well provided for. With a film of the Free State of Saxony you can get a closer look at the initiative.\r\n\r\n[video width=&quot;1280&quot; height=&quot;720&quot; mp4=&quot;https:\/\/www.geh8.de\/page\/wp-content\/uploads\/2021\/06\/Real-Insect-Estate-am-GEH-8-\u2013-eku-ZUKUNFTSPREIS-2020.mp4&quot;][\/video]\r\n\r\n&nbsp;\r\n\r\n Films about other eku award winners can be found here!\r\n\r\n\"><ul class=\"post-categories\">\n\t<li><a href=\"https:\/\/www.geh8.de\/en\/category\/info\/\" rel=\"category tag\">Info<\/a><\/li>\n\t<li><a href=\"https:\/\/www.geh8.de\/en\/category\/allgemein\/\" rel=\"category tag\">General<\/a><\/li><\/ul><h3><span class=\"sub1\"><span class=\"sub2\"><span class=\"sub3\"><a href=\"https:\/\/www.geh8.de\/en\/eku-zukunftspreis-2020-fuer-das-projekt-real-insect-estate-der-geh8\/\">eku &#8211; FUTURE AWARD 2020 for the project REAL INSECT ESTATE of GEH8<\/a><\/span><\/span><\/span><\/h3><p>For the project REAL INSECT ESTATE the GEH8 receives the eku &#8211; Future Award 2020 [&hellip;]<\/p>\n<\/div><\/div><div class=\"grid-item archive hyphenate querformat post-8039 post type-post status-publish format-standard has-post-thumbnail hentry category-info\"><a href=\"https:\/\/www.geh8.de\/en\/wir-werden-gruener-ii\/\"><img decoding=\"async\" src=\"https:\/\/www.geh8.de\/page\/wp-content\/uploads\/2021\/04\/Beitragsbild_1-288x216.png\" class=\"attachment-tile-landscape-low size-tile-landscape-low wp-post-image\" alt=\"\" srcset=\"https:\/\/www.geh8.de\/page\/wp-content\/uploads\/2021\/04\/Beitragsbild_1-288x216.png 288w, https:\/\/www.geh8.de\/page\/wp-content\/uploads\/2021\/04\/Beitragsbild_1-448x336.png 448w, https:\/\/www.geh8.de\/page\/wp-content\/uploads\/2021\/04\/Beitragsbild_1-368x276.png 368w, https:\/\/www.geh8.de\/page\/wp-content\/uploads\/2021\/04\/Beitragsbild_1-90x67.png 90w\" sizes=\"(max-width: 288px) 100vw, 288px\" \/><\/a><div class=\"grid-entry haase-archive\" data-content=\"Sustainability at GEH8.\r\n\r\nAs an arts and cultural centre, we take the issue of sustainability particularly seriously and take every step, no matter how small, towards a greener future. In 2020, a lot of building, rebuilding and new construction took place so that we can live up to this claim.\r\n\r\nHere is a brief overview:\r\n\r\n\r\n\r\n01 Green roof\r\nOur roofs are growing over our heads.\r\n\r\nIn the course of renovation work on the building, 3 roof areas of GEH8 are being greened. Two of them could be realised in 2020. At the end of 2019, the Lord Mayor of the state capital issued the directive &quot;Dresden builds green&quot;. Since 2020, it is now obligatory to green facades and roofs of all building construction projects in the city, regardless of whether they involve new buildings, conversions or structural extensions. For this voluntary commitment, the city of Dresden received the &quot;Climate Active Community 2020&quot; award from the Federal Ministry for the Environment. The green roof at GEH8 is a pilot project for this project and is to be supplemented by a green facade.&nbsp;\r\n\r\n\r\n\r\n02 Edible green\r\nYou can eat our borders!\r\n\r\nA lot has happened on our outdoor area. What once stood abandoned in the neighbourhood with an industrial face has turned into a green oasis: Together with Stadtg\u00e4rten e. V. and participants of the &quot;Voluntary Ecological Year&quot; of the SUA - Environmental Academy, more than 200 plants have been planted and green areas created in the past weeks. Among others, chokeberry, grapevine, different varieties of currants and the rediscovered apple variety Voluntary Ecological Year were planted. The fruit is medium-sized, yellow with red spots, sweet, juicy and finely aromatic. A herb spiral was also planted. Various old herb varieties and classics such as mint and lemon balm have also found a place in the outdoor area of the old wagon hall.&nbsp;\r\n\r\n Click here for the homepage of Stadtg\u00e4rten e.V.!\r\n\r\n Click here for the homepage of SUA Umweltakademie!\r\n\r\n\r\n\r\n03 Cistern\r\nWater march!\r\n\r\nIn order to maintain our elaborately prepared outdoor area with its numerous plants, we need a lot of water. Using drinking water would be far too wasteful, so we have a cistern with a capacity of 8,300 litres, which stores the rainwater. With this, we can now water the green roof and our edible fence even on hot days. We are already looking forward to future harvests!\r\n\r\n\r\n\r\n04 Recycle paper\r\nSustainable paper chaos\r\n\r\nWe communicate a lot via e-mail and other digital channels. However, from time to time we also have to resort to the analogue communication channel. To ensure that we stay true to our green credentials, we use only recycled paper for all our print products and work with regional printers.\r\n\r\n\r\n\r\n05 Green electricity\r\nNot only light in the eyes\r\n\r\nWith green electricity from the region, our hall also shines in the dark hours.\r\n\r\n06 Replacement of lighting systems with LED\r\n\r\n07 Cooperation with car sharing provider Teilauto\r\n\r\n08 better thermal insulation through new windows and roof insulation\r\n\r\n09 Renewal of the heating system\r\n\r\n10 Creation of sufficient bicycle spaces on GEH8 property\r\n\r\n11 Reduction of print advertising, Prints only with certified print shops\r\n\r\n\r\n12 digitalization of administration\r\n\r\n13 Change of all cleaning and rinsing agents to ecological products\r\n\r\n14 Promotion of young artists within the framework of Verst\u00e4rker activities\r\n\r\n&nbsp;\r\n\r\n&nbsp;&nbsp;&nbsp;&nbsp;&nbsp;&nbsp;&nbsp;&nbsp;&nbsp;&nbsp;&nbsp; &nbsp; &nbsp; &nbsp;&nbsp; &nbsp;&nbsp;&nbsp;&nbsp;&nbsp;&nbsp;&nbsp;&nbsp;&nbsp;&nbsp; \"><ul class=\"post-categories\">\n\t<li><a href=\"https:\/\/www.geh8.de\/en\/category\/info\/\" rel=\"category tag\">Info<\/a><\/li><\/ul><h3><span class=\"sub1\"><span class=\"sub2\"><span class=\"sub3\"><a href=\"https:\/\/www.geh8.de\/en\/wir-werden-gruener-ii\/\">We are becoming greener! II<\/a><\/span><\/span><\/span><\/h3><p>Sustainability at GEH8. As an arts and cultural centre, we take the issue of sustainability [&hellip;]<\/p>\n<\/div><\/div><div class=\"grid-item archive hyphenate querformat post-7940 post type-post status-publish format-standard has-post-thumbnail hentry category-info category-allgemein\"><a href=\"https:\/\/www.geh8.de\/en\/ausschreibung-real-insect-estate\/\"><img decoding=\"async\" src=\"https:\/\/www.geh8.de\/page\/wp-content\/uploads\/2021\/02\/geh8-website-21-288x216.png\" class=\"attachment-tile-landscape-low size-tile-landscape-low wp-post-image\" alt=\"\" srcset=\"https:\/\/www.geh8.de\/page\/wp-content\/uploads\/2021\/02\/geh8-website-21-288x216.png 288w, https:\/\/www.geh8.de\/page\/wp-content\/uploads\/2021\/02\/geh8-website-21-448x336.png 448w, https:\/\/www.geh8.de\/page\/wp-content\/uploads\/2021\/02\/geh8-website-21-368x276.png 368w, https:\/\/www.geh8.de\/page\/wp-content\/uploads\/2021\/02\/geh8-website-21-90x67.png 90w\" sizes=\"(max-width: 288px) 100vw, 288px\" \/><\/a><div class=\"grid-entry haase-archive\" data-content=\"Call for proposals for the artistic conception and realization of an insect hotel\r\n\r\nThe cultural center GEH8 in Dresdens wants to combine environmental protection with art and is looking for unusual and fresh designs for an insect hotel on its facade that does justice to species protection. The best entries will be selected by a jury of experts and the first-place winner will be asked to implement the concept by September 2021.&nbsp;\r\n\r\nThe conditions of participation and species protection criteria (PDFs on this page) must be observed.\r\n\r\nApply now until 06.06.2021\r\n\r\n&nbsp;\r\n\r\nTO THE BACKGROUND\r\n\r\nThe destruction of natural habitats for wild bees is particularly glaring in urban areas and subsequently leads to the destruction of biodiversity and ecosystem performance. One of the main reasons for this is the lack of awareness of the problem.\r\n\r\nThe project &quot;real insect estate&quot; aims to draw attention to the issue in an exemplary and innovative way and calls for the design of an insect hotel on the facade of the cultural center GEH8 by means of a nationwide art competition. The competition is open to artists, designers, architects and all interested parties who would like to deal with the topic in a creative and technical way.\r\n\r\nIn 2020, numerous greening measures were carried out in the newly created neighboring park on Gehestra\u00dfe in Dresden-Pieschen and on the grounds of the GEH8 cultural center. The &quot;real insect estate&quot; project is intended to create a habitat for wild bees here and to have a high ecological educational impact by combining art and nature.\r\n\r\nNumerous people are aware of the various ecological problems we face, but there are hardly any creative ideas for communicating them. Environmental protection must not only be meaningful, but also exciting. Here art can find solutions that reach people not only rationally. Through a catalog, the best designs of the various insect hotels are documented and brought closer to a broader target group.\r\n\r\n&nbsp;\r\n\r\nAWARDS\r\n\r\nA cross-disciplinary jury of experts consisting of artists, designers and experts in environmental protection will award prizes to the 3 best designs and will also produce a selection of entries that will be published in an accompanying catalog.\r\nThe prizes are as follows:\r\n\r\n1st place 3.500\u20ac (includes all costs for the structural implementation)\r\n2nd place 500\u20ac\r\n3rd place 300\u20ac\r\n\r\n&nbsp;\r\n\r\nAPPLICATION\r\n\r\nThe draft must be submitted by 06\/06\/2021 and includes the following items:\r\n\r\nIn a PDF (max. 1 page):\r\n\r\nName, year and place of birth + website of the applicant, if applicable\r\nSpecification of material \/ size \/ title of the project, if applicable\r\nText on the concept\/design max. 1,000 characters\r\n\r\nAs JPEG files\r\n\r\nImages of the design (max. 5 images), 300 DPI\r\n\r\nPlease send the documents as a downloadable link. If the data is not complete, the submission is invalid. The drafts will remain in the archive of GEH8 Kunst Raum Ateliers gUG for internal purposes. The sender allows the publication in the context of the project.\r\n\r\n&nbsp;\r\n\r\nINFORMATION\r\n\r\nConditions of participation\r\n\r\nCriteria for species protection\r\n\r\nAbout GEH8\r\n\r\n[ngg src=&quot;galleries&quot; ids=&quot;149&quot; display=&quot;basic_imagebrowser&quot;]&nbsp;\r\n\r\nProject management:\r\n\r\nMichael Merkel\r\n\r\nmerkel@geh8.de\r\n\r\n&nbsp;\r\n\r\nIn cooperation with:\r\n\r\n&nbsp; &nbsp; &nbsp; &nbsp; &nbsp; &nbsp; &nbsp; \r\n\r\nProfessorship for Design Theory\r\nFaculty of Architecture\r\n\r\n&nbsp;\r\n\r\n&nbsp;\r\n\r\nAwarded with:\r\n\r\n\r\n\r\n&nbsp;\"><ul class=\"post-categories\">\n\t<li><a href=\"https:\/\/www.geh8.de\/en\/category\/info\/\" rel=\"category tag\">Info<\/a><\/li>\n\t<li><a href=\"https:\/\/www.geh8.de\/en\/category\/allgemein\/\" rel=\"category tag\">General<\/a><\/li><\/ul><h3><span class=\"sub1\"><span class=\"sub2\"><span class=\"sub3\"><a href=\"https:\/\/www.geh8.de\/en\/ausschreibung-real-insect-estate\/\">open call ,,real insect estate&#8221;<\/a><\/span><\/span><\/span><\/h3><p>Call for proposals for the artistic conception and realization of an insect hotel The cultural [&hellip;]<\/p>\n<\/div><\/div><div class=\"jahrestrenner m-5  grid-item archive hyphenate querformat post type-post status-publish format-standard has-post-thumbnail hentry category-ausstellung\"\n                         style=\"position: absolute; left: 0px; top: 0px;background-color:#fff;\"><a\n                        ><\/a>\n                        <div class=\"grid-entry\" style=\" background-color:transparent;color#000;\">\n                            <ul class=\"post-categories\">\n                                <li><a rel=\"category tag\">JAHR<\/a><\/li>\n                            <\/ul>\n\n                                            <h2 class=\"archiv-jahrestrenner\">2020<\/h2>\n\n\n                        <\/div>\n                    <\/div><div class=\"grid-item archive hyphenate querformat post-7297 post type-post status-publish format-standard has-post-thumbnail hentry category-info\"><a href=\"https:\/\/www.geh8.de\/en\/wir-werden-gruener\/\"><img decoding=\"async\" src=\"https:\/\/www.geh8.de\/page\/wp-content\/uploads\/2020\/06\/DSC04827-288x216.jpg\" class=\"attachment-tile-landscape-low size-tile-landscape-low wp-post-image\" alt=\"\" srcset=\"https:\/\/www.geh8.de\/page\/wp-content\/uploads\/2020\/06\/DSC04827-288x216.jpg 288w, https:\/\/www.geh8.de\/page\/wp-content\/uploads\/2020\/06\/DSC04827-448x336.jpg 448w, https:\/\/www.geh8.de\/page\/wp-content\/uploads\/2020\/06\/DSC04827-368x276.jpg 368w, https:\/\/www.geh8.de\/page\/wp-content\/uploads\/2020\/06\/DSC04827-90x67.jpg 90w\" sizes=\"(max-width: 288px) 100vw, 288px\" \/><\/a><div class=\"grid-entry haase-archive\" data-content=\"A lot has happened in the past year. The area of the GEH8 Kunstraum has changed a lot and shines in new glory as you can see in these before\/after pictures:\r\n\r\n[ngg src=&quot;galleries&quot; ids=&quot;119&quot; display=&quot;basic_slideshow&quot;]The building was completely modernized. The roof was newly covered and greened, sanitary facilities were built, new wiring was installed and rooms were prepared for a future caf\u00e9.&nbsp;\r\n\r\nAlso on the outdoor area a lot has happened. What once had stood abandoned in the quarter with an industrial flair has turned into a green oasis: Together with the Stadtg\u00e4rten e. V. and participants of the &quot;Voluntary Ecological Year&quot; of the SUA - Environmental Academy, more than 200 plants have been planted and green spaces have been created in the past few weeks. Among other things, chokeberries, wine, various varieties of currants and the rediscovered apple sort &quot;Voluntary Ecological Year&quot; were planted. The fruit is medium-sized, yellow with red spots, sweet, juicy and finely aromatic.&nbsp;\r\n\r\nA herb spiral was also created on our outdoor area. Various old types of herbs and classics such as mint and lemon balm have found a place on the outdoor area of the old wagon hall.&nbsp;\r\n\r\n&nbsp;\r\n\r\n[ngg src=&quot;galleries&quot; ids=&quot;120&quot; exclusions=&quot;2044,2045,2046&quot; display=&quot;basic_slideshow&quot;]&nbsp;&nbsp;&nbsp;&nbsp;&nbsp;&nbsp;&nbsp;&nbsp;&nbsp;&nbsp;&nbsp;&nbsp;&nbsp;&nbsp;&nbsp;&nbsp;&nbsp;&nbsp;&nbsp;&nbsp;&nbsp;&nbsp;&nbsp;&nbsp;&nbsp;&nbsp;&nbsp;&nbsp;&nbsp;&nbsp;&nbsp;&nbsp;&nbsp;&nbsp;&nbsp;&nbsp;&nbsp;&nbsp; \r\n\r\n&nbsp;\"><ul class=\"post-categories\">\n\t<li><a href=\"https:\/\/www.geh8.de\/en\/category\/info\/\" rel=\"category tag\">Info<\/a><\/li><\/ul><h3><span class=\"sub1\"><span class=\"sub2\"><span class=\"sub3\"><a href=\"https:\/\/www.geh8.de\/en\/wir-werden-gruener\/\">We are becoming greener!<\/a><\/span><\/span><\/span><\/h3><p>A lot has happened in the past year. The area of the GEH8 Kunstraum has [&hellip;]<\/p>\n<\/div><\/div><div class=\"jahrestrenner m-5  grid-item archive hyphenate querformat post type-post status-publish format-standard has-post-thumbnail hentry category-ausstellung\"\n                         style=\"position: absolute; left: 0px; top: 0px;background-color:#fff;\"><a\n                        ><\/a>\n                        <div class=\"grid-entry\" style=\" background-color:transparent;color#000;\">\n                            <ul class=\"post-categories\">\n                                <li><a rel=\"category tag\">JAHR<\/a><\/li>\n                            <\/ul>\n\n                                            <h2 class=\"archiv-jahrestrenner\">2016<\/h2>\n\n\n                        <\/div>\n                    <\/div><div class=\"grid-item archive hyphenate querformat post-4016 post type-post status-publish format-standard has-post-thumbnail hentry category-ausstellung\"><a href=\"https:\/\/www.geh8.de\/en\/hands-on-urbanism-1850-heute-vom-recht-auf-gruen\/\"><img decoding=\"async\" src=\"https:\/\/www.geh8.de\/page\/wp-content\/uploads\/2016\/09\/handsonurbanism-288x216.jpg\" class=\"attachment-tile-landscape-low size-tile-landscape-low wp-post-image\" alt=\"\" srcset=\"https:\/\/www.geh8.de\/page\/wp-content\/uploads\/2016\/09\/handsonurbanism-288x216.jpg 288w, https:\/\/www.geh8.de\/page\/wp-content\/uploads\/2016\/09\/handsonurbanism-100x76.jpg 100w, https:\/\/www.geh8.de\/page\/wp-content\/uploads\/2016\/09\/handsonurbanism-80x61.jpg 80w, https:\/\/www.geh8.de\/page\/wp-content\/uploads\/2016\/09\/handsonurbanism-448x336.jpg 448w, https:\/\/www.geh8.de\/page\/wp-content\/uploads\/2016\/09\/handsonurbanism-368x276.jpg 368w, https:\/\/www.geh8.de\/page\/wp-content\/uploads\/2016\/09\/handsonurbanism-90x67.jpg 90w, https:\/\/www.geh8.de\/page\/wp-content\/uploads\/2016\/09\/handsonurbanism-30x23.jpg 30w\" sizes=\"(max-width: 288px) 100vw, 288px\" \/><\/a><div class=\"grid-entry haase-archive\" data-content=\"An exhibition of the Architekturzentrum Wien in cooperation with the&nbsp;8. Umundu-Festival Dresden\r\n\r\nExhibition Period:&nbsp;20.10. - 27.11.2016\r\n\r\nCurator: Elke Krasny\r\n\r\n (more&hellip;)\"><ul class=\"post-categories\">\n\t<li><a href=\"https:\/\/www.geh8.de\/en\/category\/ausstellung\/\" rel=\"category tag\">Exhibition<\/a><\/li><\/ul><h3><span class=\"sub1\"><span class=\"sub2\"><span class=\"sub3\"><a href=\"https:\/\/www.geh8.de\/en\/hands-on-urbanism-1850-heute-vom-recht-auf-gruen\/\">Hands-On Urbanism. About the right to green.1850 &#8211; today.<\/a><\/span><\/span><\/span><\/h3><p>An exhibition of the Architekturzentrum Wien in cooperation with the&nbsp;8. Umundu-Festival Dresden Exhibition Period:&nbsp;20.10. &#8211; [&hellip;]<\/p>\n<\/div><\/div><div class=\"grid-sizer\"><\/div><\/div>\n<script>\n\/\/jQuery(document).ready(function($) {\n\/\/    var $grid = $(\".grid\").masonry({\n\/\/        itemSelector: \".grid-item\",\n\/\/        percentPosition: true\n\/\/    });\n\/\/\n\/\/    function filterGrid() {\n\/\/        var searchText = $(\"#filter-input\").val().toLowerCase();\n\/\/        var selectedCategory = $(\"#category-filter\").val();\n\/\/\n\/\/        $(\".grid-item\").each(function() {\n\/\/            var $this = $(this);\n\/\/            var itemText = $this.text().toLowerCase();\n\/\/            var itemClasses = $this.attr(\"class\").split(\" \");\n\/\/            var itemCategories = itemClasses.filter(function(className) {\n\/\/                return className.startsWith(\"category-\");\n\/\/            }).map(function(className) {\n\/\/                return className.replace(\"category-\", \"\");\n\/\/            });\n\/\/\n\/\/            var textMatch = itemText.indexOf(searchText) !== -1;\n\/\/            var categoryMatch = selectedCategory === \"\" || itemCategories.includes(selectedCategory);\n\/\/\n\/\/            if ($this.hasClass(\"jahrestrenner\") || (textMatch && categoryMatch)) {\n\/\/                $this.show();\n\/\/            } else {\n\/\/                $this.hide();\n\/\/            }\n\/\/        });\n\/\/\n\/\/        $grid.masonry(\"layout\"); \/\/ Masonry neu anordnen\n\/\/    }\n\/\/    \n\/\/    \n\/\/    \n\/\/    \n\/\/\n\/\/    $(\"#filter-input\").on(\"keyup\", filterGrid);\n\/\/    $(\"#category-filter\").on(\"change\", filterGrid);\n\/\/});\n\n\/\/\n\/\/jQuery(document).ready(function($) {\n\/\/    var $grid = $(\".grid\").masonry({\n\/\/        itemSelector: \".grid-item\",\n\/\/        percentPosition: true\n\/\/    });\n\/\/\n\/\/    function filterGrid() {\n\/\/        var searchText = $(\"#filter-input\").val().toLowerCase();\n\/\/        var selectedCategory = $(\"#category-filter\").val();\n\/\/\n\/\/        $(\".grid-item\").each(function() {\n\/\/            var $this = $(this);\n\/\/            var itemText = $this.text().toLowerCase();\n\/\/            var itemClasses = $this.attr(\"class\").split(\" \");\n\/\/            var itemCategories = itemClasses.filter(function(className) {\n\/\/                return className.startsWith(\"category-\");\n\/\/            }).map(function(className) {\n\/\/                return className.replace(\"category-\", \"\");\n\/\/            });\n\/\/\n\/\/            var textMatch = itemText.indexOf(searchText) !== -1;\n\/\/            var categoryMatch = selectedCategory === \"\" || itemCategories.includes(selectedCategory);\n\/\/\n\/\/            if (textMatch && categoryMatch) {\n\/\/                $this.show();\n\/\/            } else {\n\/\/                $this.hide();\n\/\/            }\n\/\/        });\n\/\/\n\/\/        \/\/ Zus\u00e4tzliche Logik zum Ausblenden von Jahrestrennern ohne sichtbare Kacheln\n\/\/        $(\".jahrestrenner\").each(function() {\n\/\/            var $trenner = $(this);\n\/\/            var hasVisibleItems = false;\n\/\/\n\/\/            \/\/ \u00dcberpr\u00fcfen, ob es nach dem Trenner sichtbare Kacheln gibt, bis zum n\u00e4chsten Trenner oder Ende des Grids\n\/\/            $trenner.nextUntil(\".jahrestrenner\").each(function() {\n\/\/                if ($(this).is(\":visible\")) {\n\/\/                    hasVisibleItems = true;\n\/\/                    return false; \/\/ Schleife abbrechen, wenn eine sichtbare Kachel gefunden wurde\n\/\/                }\n\/\/            });\n\/\/\n\/\/            if (hasVisibleItems) {\n\/\/                $trenner.show();\n\/\/            } else {\n\/\/                $trenner.hide();\n\/\/            }\n\/\/        });\n\/\/\n\/\/        setTimeout(function() {\n\/\/            $grid.masonry(\"layout\"); \/\/ Masonry neu anordnen\n\/\/        }, 100);\n\/\/    }\n\/\/\n\/\/    $(\"#filter-input\").on(\"keyup\", filterGrid);\n\/\/    $(\"#category-filter\").on(\"change\", filterGrid);\n\/\/});\n\/\/\n\/\/jQuery(document).ready(function($) {\n\/\/    var $grid = $(\".grid\").masonry({\n\/\/        itemSelector: \".grid-item\",\n\/\/        percentPosition: true\n\/\/    });\n\/\/\n\/\/function filterGrid() {\n\/\/    var searchText = $(\"#filter-input\").val().toLowerCase();\n\/\/    var selectedCategory = $(\"#category-filter\").val();\n\/\/\n\/\/    $(\".grid-item\").each(function() {\n\/\/        var $this = $(this);\n\/\/        var itemText = $this.text().toLowerCase();\n\/\/        var itemContent = $this.data(\"content\") ? $this.data(\"content\").toLowerCase() : \"\";\n\/\/        \n\/\/        \/\/ Debugging: Ausgabe der Werte in der Konsole\n\/\/        console.log(\"Item Text:\", itemText);\n\/\/        console.log(\"Item Content:\", itemContent);\n\/\/        \n\/\/        var itemClasses = $this.attr(\"class\").split(\" \");\n\/\/        var itemCategories = itemClasses.filter(function(className) {\n\/\/            return className.startsWith(\"category-\");\n\/\/        }).map(function(className) {\n\/\/            return className.replace(\"category-\", \"\");\n\/\/        });\n\/\/\n\/\/        var textMatch = itemText.indexOf(searchText) !== -1 || itemContent.indexOf(searchText) !== -1;\n\/\/        var categoryMatch = selectedCategory === \"\" || itemCategories.includes(selectedCategory);\n\/\/\n\/\/        if (textMatch && categoryMatch) {\n\/\/            $this.show();\n\/\/        } else {\n\/\/            $this.hide();\n\/\/        }\n\/\/    });\n\/\/\n\/\/    \/\/ Zus\u00e4tzliche Logik zum Ausblenden von Jahrestrennern ohne sichtbare Kacheln\n\/\/    $(\".jahrestrenner\").each(function() {\n\/\/        var $trenner = $(this);\n\/\/        var hasVisibleItems = false;\n\/\/\n\/\/        \/\/ \u00dcberpr\u00fcfen, ob es nach dem Trenner sichtbare Kacheln gibt, bis zum n\u00e4chsten Trenner oder Ende des Grids\n\/\/        $trenner.nextUntil(\".jahrestrenner\").each(function() {\n\/\/            if ($(this).is(\":visible\")) {\n\/\/                hasVisibleItems = true;\n\/\/                return false; \/\/ Schleife abbrechen, wenn eine sichtbare Kachel gefunden wurde\n\/\/            }\n\/\/        });\n\/\/\n\/\/        if (hasVisibleItems) {\n\/\/            $trenner.show();\n\/\/        } else {\n\/\/            $trenner.hide();\n\/\/        }\n\/\/    });\n\/\/\n\/\/    setTimeout(function() {\n\/\/        $grid.masonry(\"layout\"); \/\/ Masonry neu anordnen\n\/\/    }, 100);\n\/\/}\n\/\/\n\/\/\n\/\/    $(\"#filter-input\").on(\"keyup\", filterGrid);\n\/\/    $(\"#category-filter\").on(\"change\", filterGrid);\n\/\/});\n\n\n\/\/\n\/\/jQuery(document).ready(function($) {\n\/\/    var $grid = $(\".grid\").masonry({\n\/\/        itemSelector: \".grid-item\",\n\/\/        percentPosition: true\n\/\/    });\n\/\/\n\/\/    function filterGrid() {\n\/\/        var searchText = $(\"#filter-input\").val().toLowerCase();\n\/\/        var selectedCategory = $(\"#category-filter\").val();\n\/\/\n\/\/        $(\".grid-item\").each(function() {\n\/\/            var $this = $(this);\n\/\/            var itemText = $this.text().toLowerCase();\n\/\/            var itemContent = $this.find(\".grid-entry\").data(\"content\") ? $this.find(\".grid-entry\").data(\"content\").toLowerCase() : \"\";\n\/\/\n\/\/            \/\/ Debugging: Ausgabe der Werte in der Konsole\n\/\/\/\/            console.log(\"Item Text:\", itemText);\n\/\/\/\/            console.log(\"Item Content:\", itemContent);\n\/\/\n\/\/            var itemClasses = $this.attr(\"class\").split(\" \");\n\/\/            var itemCategories = itemClasses.filter(function(className) {\n\/\/                return className.startsWith(\"category-\");\n\/\/            }).map(function(className) {\n\/\/                return className.replace(\"category-\", \"\");\n\/\/            });\n\/\/\n\/\/            var textMatch = itemText.indexOf(searchText) !== -1 || itemContent.indexOf(searchText) !== -1;\n\/\/            var categoryMatch = selectedCategory === \"\" || itemCategories.includes(selectedCategory);\n\/\/\n\/\/            if (textMatch && categoryMatch) {\n\/\/                $this.show();\n\/\/            } else {\n\/\/                $this.hide();\n\/\/            }\n\/\/        });\n\/\/\n\/\/        \/\/ Zus\u00e4tzliche Logik zum Ausblenden von Jahrestrennern ohne sichtbare Kacheln\n\/\/        $(\".jahrestrenner\").each(function() {\n\/\/            var $trenner = $(this);\n\/\/            var hasVisibleItems = false;\n\/\/\n\/\/            \/\/ \u00dcberpr\u00fcfen, ob es nach dem Trenner sichtbare Kacheln gibt, bis zum n\u00e4chsten Trenner oder Ende des Grids\n\/\/            $trenner.nextUntil(\".jahrestrenner\").each(function() {\n\/\/                if ($(this).is(\":visible\")) {\n\/\/                    hasVisibleItems = true;\n\/\/                    return false; \/\/ Schleife abbrechen, wenn eine sichtbare Kachel gefunden wurde\n\/\/                }\n\/\/            });\n\/\/\n\/\/            if (hasVisibleItems) {\n\/\/                $trenner.show();\n\/\/            } else {\n\/\/                $trenner.hide();\n\/\/            }\n\/\/        });\n\/\/\n\/\/        setTimeout(function() {\n\/\/            $grid.masonry(\"layout\"); \/\/ Masonry neu anordnen\n\/\/        }, 100);\n\/\/    }\n\/\/\n\/\/    $(\"#filter-input\").on(\"keyup\", filterGrid);\n\/\/    $(\"#category-filter\").on(\"change\", filterGrid);\n\/\/});\n\n\/\/\n\/\/jQuery(document).ready(function($) {\n\/\/    var $grid = $(\".grid\").masonry({\n\/\/        itemSelector: \".grid-item\",\n\/\/        percentPosition: true\n\/\/    });\n\/\/\n\/\/    function filterGrid() {\n\/\/        var searchText = $(\"#filter-input\").val().toLowerCase();\n\/\/        var selectedCategory = $(\"#category-filter\").val();\n\/\/\n\/\/        $(\".grid-item\").each(function() {\n\/\/            var $this = $(this);\n\/\/            var itemText = $this.text().toLowerCase();\n\/\/            var itemContent = $this.find(\".grid-entry\").data(\"content\") ? $this.find(\".grid-entry\").data(\"content\").toLowerCase() : \"\";\n\/\/\n\/\/            var itemClasses = $this.attr(\"class\").split(\" \");\n\/\/            var itemCategories = itemClasses.filter(function(className) {\n\/\/                return className.startsWith(\"category-\");\n\/\/            }).map(function(className) {\n\/\/                return className.replace(\"category-\", \"\");\n\/\/            });\n\/\/\n\/\/            var textMatch = itemText.indexOf(searchText) !== -1 || itemContent.indexOf(searchText) !== -1;\n\/\/            var categoryMatch = selectedCategory === \"\" || itemCategories.includes(selectedCategory);\n\/\/\n\/\/            if (textMatch && categoryMatch) {\n\/\/                $this.show();\n\/\/            } else {\n\/\/                $this.hide();\n\/\/            }\n\/\/        });\n\/\/\n\/\/        \/\/ Zus\u00e4tzliche Logik zum Ausblenden von Jahrestrennern ohne sichtbare Kacheln\n\/\/        $(\".jahrestrenner\").each(function() {\n\/\/            var $trenner = $(this);\n\/\/            var hasVisibleItems = false;\n\/\/\n\/\/            \/\/ \u00dcberpr\u00fcfen, ob es nach dem Trenner sichtbare Kacheln gibt, bis zum n\u00e4chsten Trenner oder Ende des Grids\n\/\/            $trenner.nextUntil(\".jahrestrenner\").each(function() {\n\/\/                if ($(this).is(\":visible\")) {\n\/\/                    hasVisibleItems = true;\n\/\/                    return false; \/\/ Schleife abbrechen, wenn eine sichtbare Kachel gefunden wurde\n\/\/                }\n\/\/            });\n\/\/\n\/\/            if (!hasVisibleItems && $trenner.nextAll(\".grid-item:visible\").length === 0) {\n\/\/                $trenner.hide();\n\/\/            } else if (hasVisibleItems) {\n\/\/                $trenner.show();\n\/\/            } else {\n\/\/                $trenner.hide();\n\/\/            }\n\/\/        });\n\/\/\n\/\/        setTimeout(function() {\n\/\/            $grid.masonry(\"layout\"); \/\/ Masonry neu anordnen\n\/\/        }, 100);\n\/\/    }\n\/\/\n\/\/    $(\"#filter-input\").on(\"keyup\", filterGrid);\n\/\/    $(\"#category-filter\").on(\"change\", filterGrid);\n\/\/});\n\n\njQuery(document).ready(function($) {\n    var $grid = $(\".grid\").masonry({\n        itemSelector: \".grid-item\",\n        percentPosition: true\n    });\n\n    function filterGrid() {\n        var searchText = $(\"#filter-input\").val().toLowerCase();\n        var selectedCategory = $(\"#category-filter\").val();\n\n        $(\".grid-item\").each(function() {\n            var $this = $(this);\n            var itemText = $this.text().toLowerCase();\n            var itemContent = $this.find(\".grid-entry\").data(\"content\") ? $this.find(\".grid-entry\").data(\"content\").toLowerCase() : \"\";\n\n            var itemClasses = $this.attr(\"class\").split(\" \");\n            var itemCategories = itemClasses.filter(function(className) {\n                return className.startsWith(\"category-\");\n            }).map(function(className) {\n                return className.replace(\"category-\", \"\");\n            });\n\n            var textMatch = itemText.indexOf(searchText) !== -1 || itemContent.indexOf(searchText) !== -1;\n            var categoryMatch = selectedCategory === \"\" || itemCategories.includes(selectedCategory);\n\n            if (textMatch && categoryMatch) {\n                $this.show();\n            } else {\n                $this.hide();\n            }\n        });\n\n        \/\/ Zus\u00e4tzliche Logik zum Ausblenden von Jahrestrennern ohne sichtbare Kacheln\n        $(\".jahrestrenner\").each(function() {\n            var $trenner = $(this);\n            var hasVisibleItems = false;\n\n            \/\/ \u00dcberpr\u00fcfen, ob es nach dem Trenner sichtbare Kacheln gibt, bis zum n\u00e4chsten Trenner oder Ende des Grids\n            $trenner.nextUntil(\".jahrestrenner\").each(function() {\n                if ($(this).is(\":visible\")) {\n                    hasVisibleItems = true;\n                    return false; \/\/ Schleife abbrechen, wenn eine sichtbare Kachel gefunden wurde\n                }\n            });\n\n            if (!hasVisibleItems) {\n                $trenner.hide();\n            } else {\n                $trenner.show();\n            }\n        });\n\n        \/\/ Zus\u00e4tzliche Logik zum Ausblenden des letzten Jahrestrenners, falls keine sichtbaren Kacheln vorhanden sind\n        $(\".jahrestrenner\").last().each(function() {\n            var $trenner = $(this);\n            if ($trenner.nextAll(\".grid-item:visible\").length === 0) {\n                $trenner.hide();\n            }\n        });\n\n        setTimeout(function() {\n            $grid.masonry(\"layout\"); \/\/ Masonry neu anordnen\n        }, 100);\n    }\n\n    $(\"#filter-input\").on(\"keyup\", filterGrid);\n    $(\"#category-filter\").on(\"change\", filterGrid);\n});\n\n<\/script>\n\n\n\n<div class=\"shariff shariff-align-center shariff-widget-align-center\"><ul class=\"shariff-buttons theme-default orientation-horizontal buttonsize-medium\"><li class=\"shariff-button whatsapp shariff-nocustomcolor\" style=\"background-color:#5cbe4a\"><a href=\"https:\/\/api.whatsapp.com\/send?text=https%3A%2F%2Fwww.geh8.de%2Fen%2Fhands-on-urbanism-1850-heute-vom-recht-auf-gruen%2F%20Hands-On%20Urbanism.%20About%20the%20right%20to%20green.1850%20%E2%80%93%20today.\" title=\"Bei Whatsapp teilen\" aria-label=\"Bei Whatsapp teilen\" role=\"button\" rel=\"noopener nofollow\" class=\"shariff-link\" style=\"; background-color:#34af23; color:#fff\" target=\"_blank\"><span class=\"shariff-icon\" style=\"\"><svg width=\"32px\" height=\"20px\" xmlns=\"http:\/\/www.w3.org\/2000\/svg\" viewBox=\"0 0 32 32\"><path fill=\"#34af23\" d=\"M17.6 17.4q0.2 0 1.7 0.8t1.6 0.9q0 0.1 0 0.3 0 0.6-0.3 1.4-0.3 0.7-1.3 1.2t-1.8 0.5q-1 0-3.4-1.1-1.7-0.8-3-2.1t-2.6-3.3q-1.3-1.9-1.3-3.5v-0.1q0.1-1.6 1.3-2.8 0.4-0.4 0.9-0.4 0.1 0 0.3 0t0.3 0q0.3 0 0.5 0.1t0.3 0.5q0.1 0.4 0.6 1.6t0.4 1.3q0 0.4-0.6 1t-0.6 0.8q0 0.1 0.1 0.3 0.6 1.3 1.8 2.4 1 0.9 2.7 1.8 0.2 0.1 0.4 0.1 0.3 0 1-0.9t0.9-0.9zM14 26.9q2.3 0 4.3-0.9t3.6-2.4 2.4-3.6 0.9-4.3-0.9-4.3-2.4-3.6-3.6-2.4-4.3-0.9-4.3 0.9-3.6 2.4-2.4 3.6-0.9 4.3q0 3.6 2.1 6.6l-1.4 4.2 4.3-1.4q2.8 1.9 6.2 1.9zM14 2.2q2.7 0 5.2 1.1t4.3 2.9 2.9 4.3 1.1 5.2-1.1 5.2-2.9 4.3-4.3 2.9-5.2 1.1q-3.5 0-6.5-1.7l-7.4 2.4 2.4-7.2q-1.9-3.2-1.9-6.9 0-2.7 1.1-5.2t2.9-4.3 4.3-2.9 5.2-1.1z\"\/><\/svg><\/span><span class=\"shariff-text\">teilen<\/span>&nbsp;<\/a><\/li><li class=\"shariff-button telegram shariff-nocustomcolor\" style=\"background-color:#4084A6\"><a href=\"https:\/\/telegram.me\/share\/url?url=https%3A%2F%2Fwww.geh8.de%2Fen%2Fhands-on-urbanism-1850-heute-vom-recht-auf-gruen%2F&text=Hands-On%20Urbanism.%20About%20the%20right%20to%20green.1850%20%E2%80%93%20today.\" title=\"Bei Telegram teilen\" aria-label=\"Bei Telegram teilen\" role=\"button\" rel=\"noopener nofollow\" class=\"shariff-link\" style=\"; background-color:#0088cc; color:#fff\" target=\"_blank\"><span class=\"shariff-icon\" style=\"\"><svg width=\"32px\" height=\"20px\" xmlns=\"http:\/\/www.w3.org\/2000\/svg\" viewBox=\"0 0 32 32\"><path fill=\"#0088cc\" d=\"M30.8 6.5l-4.5 21.4c-.3 1.5-1.2 1.9-2.5 1.2L16.9 24l-3.3 3.2c-.4.4-.7.7-1.4.7l.5-7L25.5 9.2c.6-.5-.1-.8-.9-.3l-15.8 10L2 16.7c-1.5-.5-1.5-1.5.3-2.2L28.9 4.3c1.3-.5 2.3.3 1.9 2.2z\"\/><\/svg><\/span><span class=\"shariff-text\">teilen<\/span>&nbsp;<\/a><\/li><li class=\"shariff-button facebook shariff-nocustomcolor\" style=\"background-color:#4273c8\"><a href=\"https:\/\/www.facebook.com\/sharer\/sharer.php?u=https%3A%2F%2Fwww.geh8.de%2Fen%2Fhands-on-urbanism-1850-heute-vom-recht-auf-gruen%2F\" title=\"Bei Facebook teilen\" aria-label=\"Bei Facebook teilen\" role=\"button\" rel=\"nofollow\" class=\"shariff-link\" style=\"; background-color:#3b5998; color:#fff\" target=\"_blank\"><span class=\"shariff-icon\" style=\"\"><svg width=\"32px\" height=\"20px\" xmlns=\"http:\/\/www.w3.org\/2000\/svg\" viewBox=\"0 0 18 32\"><path fill=\"#3b5998\" d=\"M17.1 0.2v4.7h-2.8q-1.5 0-2.1 0.6t-0.5 1.9v3.4h5.2l-0.7 5.3h-4.5v13.6h-5.5v-13.6h-4.5v-5.3h4.5v-3.9q0-3.3 1.9-5.2t5-1.8q2.6 0 4.1 0.2z\"\/><\/svg><\/span><span class=\"shariff-text\">teilen<\/span>&nbsp;<\/a><\/li><li class=\"shariff-button mailto shariff-nocustomcolor\" style=\"background-color:#a8a8a8\"><a href=\"mailto:?body=https%3A%2F%2Fwww.geh8.de%2Fen%2Fhands-on-urbanism-1850-heute-vom-recht-auf-gruen%2F&subject=Hands-On%20Urbanism.%20About%20the%20right%20to%20green.1850%20%E2%80%93%20today.\" title=\"Per E-Mail versenden\" aria-label=\"Per E-Mail versenden\" role=\"button\" rel=\"noopener nofollow\" class=\"shariff-link\" style=\"; background-color:#999; color:#fff\"><span class=\"shariff-icon\" style=\"\"><svg width=\"32px\" height=\"20px\" xmlns=\"http:\/\/www.w3.org\/2000\/svg\" viewBox=\"0 0 32 32\"><path fill=\"#999\" d=\"M32 12.7v14.2q0 1.2-0.8 2t-2 0.9h-26.3q-1.2 0-2-0.9t-0.8-2v-14.2q0.8 0.9 1.8 1.6 6.5 4.4 8.9 6.1 1 0.8 1.6 1.2t1.7 0.9 2 0.4h0.1q0.9 0 2-0.4t1.7-0.9 1.6-1.2q3-2.2 8.9-6.1 1-0.7 1.8-1.6zM32 7.4q0 1.4-0.9 2.7t-2.2 2.2q-6.7 4.7-8.4 5.8-0.2 0.1-0.7 0.5t-1 0.7-0.9 0.6-1.1 0.5-0.9 0.2h-0.1q-0.4 0-0.9-0.2t-1.1-0.5-0.9-0.6-1-0.7-0.7-0.5q-1.6-1.1-4.7-3.2t-3.6-2.6q-1.1-0.7-2.1-2t-1-2.5q0-1.4 0.7-2.3t2.1-0.9h26.3q1.2 0 2 0.8t0.9 2z\"\/><\/svg><\/span><span class=\"shariff-text\">E-Mail<\/span>&nbsp;<\/a><\/li><\/ul><\/div>","protected":false},"excerpt":{"rendered":"<p>What are the sustainable development goals of GEH8? In order to further develop GEH8 as [&hellip;]<\/p>\n","protected":false},"author":19,"featured_media":0,"parent":0,"menu_order":0,"comment_status":"closed","ping_status":"closed","template":"page_templates\/full-with.php","meta":{"_acf_changed":false,"ngg_post_thumbnail":0,"footnotes":""},"acf":[],"yoast_head":"<!-- This site is optimized with the Yoast SEO plugin v23.0 - https:\/\/yoast.com\/wordpress\/plugins\/seo\/ -->\n<title>Sustainability - GEH8 Kunst Raum Ateliers gUG | Dresden<\/title>\n<meta name=\"robots\" content=\"index, follow, max-snippet:-1, max-image-preview:large, max-video-preview:-1\" \/>\n<link rel=\"canonical\" href=\"https:\/\/www.geh8.de\/nachhaltigkeit\/\" \/>\n<meta property=\"og:locale\" content=\"en_GB\" \/>\n<meta property=\"og:locale:alternate\" content=\"de_DE\" \/>\n<meta property=\"og:type\" content=\"article\" \/>\n<meta property=\"og:title\" content=\"Sustainability\" \/>\n<meta property=\"og:description\" content=\"What are the sustainable development goals of GEH8? In order to further develop GEH8 as [&hellip;]\" \/>\n<meta property=\"og:url\" content=\"https:\/\/www.geh8.de\/en\/hands-on-urbanism-1850-heute-vom-recht-auf-gruen\/\" \/>\n<meta property=\"og:site_name\" content=\"GEH8 Kunst Raum Ateliers gUG | Dresden\" \/>\n<meta property=\"article:publisher\" content=\"https:\/\/www.facebook.com\/Geh8Kunstraum\/\" \/>\n<meta property=\"article:modified_time\" content=\"2025-06-04T17:07:47+00:00\" \/>\n<meta property=\"og:image\" content=\"https:\/\/www.geh8.de\/page\/wp-content\/uploads\/2023\/01\/english_SDG_17goals_poster_all_languages_with_UN_emblem_1.png\" \/>\n<meta name=\"twitter:card\" content=\"summary_large_image\" \/>\n<meta name=\"twitter:label1\" content=\"Estimated reading time\" \/>\n\t<meta name=\"twitter:data1\" content=\"10 minutes\" \/>\n<script type=\"application\/ld+json\" class=\"yoast-schema-graph\">{\"@context\":\"https:\/\/schema.org\",\"@graph\":[{\"@type\":\"WebPage\",\"@id\":\"https:\/\/www.geh8.de\/nachhaltigkeit\/\",\"url\":\"https:\/\/www.geh8.de\/nachhaltigkeit\/\",\"name\":\"Sustainability\",\"isPartOf\":{\"@id\":\"https:\/\/www.geh8.de\/#website\"},\"primaryImageOfPage\":{\"@id\":\"https:\/\/www.geh8.de\/nachhaltigkeit\/#primaryimage\"},\"image\":{\"@id\":\"https:\/\/www.geh8.de\/nachhaltigkeit\/#primaryimage\"},\"thumbnailUrl\":\"https:\/\/www.geh8.de\/page\/wp-content\/uploads\/2023\/01\/english_SDG_17goals_poster_all_languages_with_UN_emblem_1.png\",\"datePublished\":\"2023-01-10T12:35:11+00:00\",\"dateModified\":\"2025-06-04T17:07:47+00:00\",\"breadcrumb\":{\"@id\":\"https:\/\/www.geh8.de\/nachhaltigkeit\/#breadcrumb\"},\"inLanguage\":\"en-GB\",\"potentialAction\":[{\"@type\":\"ReadAction\",\"target\":[\"https:\/\/www.geh8.de\/nachhaltigkeit\/\"]}]},{\"@type\":\"ImageObject\",\"inLanguage\":\"en-GB\",\"@id\":\"https:\/\/www.geh8.de\/nachhaltigkeit\/#primaryimage\",\"url\":\"https:\/\/www.geh8.de\/page\/wp-content\/uploads\/2023\/01\/english_SDG_17goals_poster_all_languages_with_UN_emblem_1.png\",\"contentUrl\":\"https:\/\/www.geh8.de\/page\/wp-content\/uploads\/2023\/01\/english_SDG_17goals_poster_all_languages_with_UN_emblem_1.png\"},{\"@type\":\"BreadcrumbList\",\"@id\":\"https:\/\/www.geh8.de\/nachhaltigkeit\/#breadcrumb\",\"itemListElement\":[{\"@type\":\"ListItem\",\"position\":1,\"name\":\"Startseite\",\"item\":\"https:\/\/www.geh8.de\/\"},{\"@type\":\"ListItem\",\"position\":2,\"name\":\"Nachhaltigkeit\"}]},{\"@type\":\"WebSite\",\"@id\":\"https:\/\/www.geh8.de\/#website\",\"url\":\"https:\/\/www.geh8.de\/\",\"name\":\"GEH8 Kunst Raum Ateliers gUG | Dresden\",\"description\":\"Geh8 is a non-profit association in Dresden to foster contemporary art\",\"publisher\":{\"@id\":\"https:\/\/www.geh8.de\/#organization\"},\"potentialAction\":[{\"@type\":\"SearchAction\",\"target\":{\"@type\":\"EntryPoint\",\"urlTemplate\":\"https:\/\/www.geh8.de\/?s={search_term_string}\"},\"query-input\":\"required name=search_term_string\"}],\"inLanguage\":\"en-GB\"},{\"@type\":\"Organization\",\"@id\":\"https:\/\/www.geh8.de\/#organization\",\"name\":\"geh8\",\"url\":\"https:\/\/www.geh8.de\/\",\"logo\":{\"@type\":\"ImageObject\",\"inLanguage\":\"en-GB\",\"@id\":\"https:\/\/www.geh8.de\/#\/schema\/logo\/image\/\",\"url\":\"https:\/\/www.geh8.de\/page\/wp-content\/uploads\/2018\/06\/Logo_GEH8_neu_Icon_sbg.png\",\"contentUrl\":\"https:\/\/www.geh8.de\/page\/wp-content\/uploads\/2018\/06\/Logo_GEH8_neu_Icon_sbg.png\",\"width\":164,\"height\":145,\"caption\":\"geh8\"},\"image\":{\"@id\":\"https:\/\/www.geh8.de\/#\/schema\/logo\/image\/\"},\"sameAs\":[\"https:\/\/www.facebook.com\/Geh8Kunstraum\/\",\"https:\/\/www.instagram.com\/geh8kunstraum\/\"]}]}<\/script>\n<!-- \/ Yoast SEO plugin. -->","yoast_head_json":{"title":"Sustainability - GEH8 Kunst Raum Ateliers gUG | Dresden","robots":{"index":"index","follow":"follow","max-snippet":"max-snippet:-1","max-image-preview":"max-image-preview:large","max-video-preview":"max-video-preview:-1"},"canonical":"https:\/\/www.geh8.de\/nachhaltigkeit\/","og_locale":"en_GB","og_type":"article","og_title":"[:en]Sustainability[:de]Nachhaltigkeit[:] - GEH8 Kunst Raum Ateliers gUG | Dresden","og_description":"What are the sustainable development goals of GEH8? In order to further develop GEH8 as [&hellip;]","og_url":"https:\/\/www.geh8.de\/en\/hands-on-urbanism-1850-heute-vom-recht-auf-gruen\/","og_site_name":"GEH8 Kunst Raum Ateliers gUG | Dresden","article_publisher":"https:\/\/www.facebook.com\/Geh8Kunstraum\/","article_modified_time":"2025-06-04T17:07:47+00:00","og_image":[{"url":"https:\/\/www.geh8.de\/page\/wp-content\/uploads\/2023\/01\/english_SDG_17goals_poster_all_languages_with_UN_emblem_1.png"}],"twitter_card":"summary_large_image","twitter_misc":{"Estimated reading time":"10 minutes"},"schema":{"@context":"https:\/\/schema.org","@graph":[{"@type":"WebPage","@id":"https:\/\/www.geh8.de\/nachhaltigkeit\/","url":"https:\/\/www.geh8.de\/nachhaltigkeit\/","name":"Sustainability","isPartOf":{"@id":"https:\/\/www.geh8.de\/#website"},"primaryImageOfPage":{"@id":"https:\/\/www.geh8.de\/nachhaltigkeit\/#primaryimage"},"image":{"@id":"https:\/\/www.geh8.de\/nachhaltigkeit\/#primaryimage"},"thumbnailUrl":"https:\/\/www.geh8.de\/page\/wp-content\/uploads\/2023\/01\/english_SDG_17goals_poster_all_languages_with_UN_emblem_1.png","datePublished":"2023-01-10T12:35:11+00:00","dateModified":"2025-06-04T17:07:47+00:00","breadcrumb":{"@id":"https:\/\/www.geh8.de\/nachhaltigkeit\/#breadcrumb"},"inLanguage":"en-GB","potentialAction":[{"@type":"ReadAction","target":["https:\/\/www.geh8.de\/nachhaltigkeit\/"]}]},{"@type":"ImageObject","inLanguage":"en-GB","@id":"https:\/\/www.geh8.de\/nachhaltigkeit\/#primaryimage","url":"https:\/\/www.geh8.de\/page\/wp-content\/uploads\/2023\/01\/english_SDG_17goals_poster_all_languages_with_UN_emblem_1.png","contentUrl":"https:\/\/www.geh8.de\/page\/wp-content\/uploads\/2023\/01\/english_SDG_17goals_poster_all_languages_with_UN_emblem_1.png"},{"@type":"BreadcrumbList","@id":"https:\/\/www.geh8.de\/nachhaltigkeit\/#breadcrumb","itemListElement":[{"@type":"ListItem","position":1,"name":"Startseite","item":"https:\/\/www.geh8.de\/"},{"@type":"ListItem","position":2,"name":"Nachhaltigkeit"}]},{"@type":"WebSite","@id":"https:\/\/www.geh8.de\/#website","url":"https:\/\/www.geh8.de\/","name":"GEH8 Kunst Raum Ateliers gUG | Dresden","description":"Geh8 is a non-profit association in Dresden to foster contemporary art","publisher":{"@id":"https:\/\/www.geh8.de\/#organization"},"potentialAction":[{"@type":"SearchAction","target":{"@type":"EntryPoint","urlTemplate":"https:\/\/www.geh8.de\/?s={search_term_string}"},"query-input":"required name=search_term_string"}],"inLanguage":"en-GB"},{"@type":"Organization","@id":"https:\/\/www.geh8.de\/#organization","name":"geh8","url":"https:\/\/www.geh8.de\/","logo":{"@type":"ImageObject","inLanguage":"en-GB","@id":"https:\/\/www.geh8.de\/#\/schema\/logo\/image\/","url":"https:\/\/www.geh8.de\/page\/wp-content\/uploads\/2018\/06\/Logo_GEH8_neu_Icon_sbg.png","contentUrl":"https:\/\/www.geh8.de\/page\/wp-content\/uploads\/2018\/06\/Logo_GEH8_neu_Icon_sbg.png","width":164,"height":145,"caption":"geh8"},"image":{"@id":"https:\/\/www.geh8.de\/#\/schema\/logo\/image\/"},"sameAs":["https:\/\/www.facebook.com\/Geh8Kunstraum\/","https:\/\/www.instagram.com\/geh8kunstraum\/"]}]}},"_links":{"self":[{"href":"https:\/\/www.geh8.de\/en\/wp-json\/wp\/v2\/pages\/11361"}],"collection":[{"href":"https:\/\/www.geh8.de\/en\/wp-json\/wp\/v2\/pages"}],"about":[{"href":"https:\/\/www.geh8.de\/en\/wp-json\/wp\/v2\/types\/page"}],"author":[{"embeddable":true,"href":"https:\/\/www.geh8.de\/en\/wp-json\/wp\/v2\/users\/19"}],"replies":[{"embeddable":true,"href":"https:\/\/www.geh8.de\/en\/wp-json\/wp\/v2\/comments?post=11361"}],"version-history":[{"count":12,"href":"https:\/\/www.geh8.de\/en\/wp-json\/wp\/v2\/pages\/11361\/revisions"}],"predecessor-version":[{"id":12689,"href":"https:\/\/www.geh8.de\/en\/wp-json\/wp\/v2\/pages\/11361\/revisions\/12689"}],"wp:attachment":[{"href":"https:\/\/www.geh8.de\/en\/wp-json\/wp\/v2\/media?parent=11361"}],"curies":[{"name":"wp","href":"https:\/\/api.w.org\/{rel}","templated":true}]}}