{"id":10628,"date":"2022-05-18T00:25:50","date_gmt":"2022-05-17T22:25:50","guid":{"rendered":"https:\/\/www.geh8.de\/?page_id=10628"},"modified":"2026-03-25T22:00:19","modified_gmt":"2026-03-25T21:00:19","slug":"archiv","status":"publish","type":"page","link":"https:\/\/www.geh8.de\/en\/archiv\/","title":{"rendered":"Archive"},"content":{"rendered":"\n    <div class=\"container-fluid\">\n    <style>\n            .filter-container {\n                display: flex;\n                flex-wrap: wrap;\n                gap: 10px;\n            }\n            .filter-container input[type=\"text\"], .filter-container select {\n                flex: 1;\n                min-width: 200px;\n                max-width: 300px;\n                padding: 5px;\n                font-size: 16px;\n            }\n        <\/style>\n        <div class=\"filter-container\">\n           <input type=\"text\" id=\"filter-input\" placeholder=\"Enter search text\"\/>\n    \n        <select id=\"category-filter\">\n              <option value=\"\">All Categories<\/option><option value=\"verein\">Association (17)<\/option><option value=\"konzert\">Concert (70)<\/option><option value=\"veranstaltungen\">Event (49)<\/option><option value=\"ausstellung\">Exhibition (128)<\/option><option value=\"festival\">Festival (23)<\/option><option value=\"allgemein\">General (12)<\/option><option value=\"info\">Info (85)<\/option><option value=\"jahresthemen\">Jahresthemen (9)<\/option><option value=\"kooperationen\">Kooperationen (3)<\/option><option value=\"offenes_atelier\">open Atelier (10)<\/option><option value=\"performance\">Performance (18)<\/option><option value=\"lesung\">Reading \/ Talk (40)<\/option><option value=\"ateliers\">Studios (3)<\/option><option value=\"symposium\">Symposium (6)<\/option><option value=\"workshop\">Workshop (36)<\/option><\/select>\n    <\/div>\n    <\/div>\n    <div class=\"grid mt-5 pt-5\"><div class=\"jahrestrenner m-5  grid-item archive hyphenate querformat post type-post status-publish format-standard has-post-thumbnail hentry category-ausstellung\"\n                         style=\"position: absolute; left: 0px; top: 0px;background-color:#fff;\"><a\n                        ><\/a>\n                        <div class=\"grid-entry\" style=\" background-color:transparent;color#000;\">\n                            <ul class=\"post-categories\">\n                                <li><a rel=\"category tag\">JAHR<\/a><\/li>\n                            <\/ul>\n\n                                            <h2 class=\"archiv-jahrestrenner\">2022<\/h2>\n\n\n                        <\/div>\n                    <\/div><div class=\"grid-item archive hyphenate querformat post-10960 post type-post status-publish format-standard has-post-thumbnail hentry category-symposium category-festival\"><a href=\"https:\/\/www.geh8.de\/en\/dear-future-dresdner-nachhaltigkeitsfestival\/\"><img decoding=\"async\" src=\"https:\/\/www.geh8.de\/page\/wp-content\/uploads\/2022\/08\/abc-288x216.png\" class=\"attachment-tile-landscape-low size-tile-landscape-low wp-post-image\" alt=\"\" srcset=\"https:\/\/www.geh8.de\/page\/wp-content\/uploads\/2022\/08\/abc-288x216.png 288w, https:\/\/www.geh8.de\/page\/wp-content\/uploads\/2022\/08\/abc-448x336.png 448w, https:\/\/www.geh8.de\/page\/wp-content\/uploads\/2022\/08\/abc-368x276.png 368w, https:\/\/www.geh8.de\/page\/wp-content\/uploads\/2022\/08\/abc-90x67.png 90w\" sizes=\"(max-width: 288px) 100vw, 288px\" \/><\/a><div class=\"grid-entry haase-archive\" data-content=\"Our world is constantly changing and it is primarily in our hands what the future will look like. What is our orientation in times of growing uncertainty, where are we looking? What kind of world do we want to live in and how can we shape the change into a sustainable society? Which obstacles must be overcome and which developments must be promoted? Where are sustainable lifestyles already being tested and how can we participate in global change in our everyday lives, among our friends and in our working environment? In about 50 mostly free lectures, workshops, roundtable discussions or films, on city tours and in the theater, the program of the &quot;Dear Future - Dresden Sustainability Festival&quot; explores contours of a social transformation towards sustainability.\r\n\r\n&nbsp;\r\n\r\nWhen: Friday, September 16 - Sunday, September 18, 2022.\r\nWhere: GEH8, as well as digital\r\n\r\n&nbsp;\r\n\r\nFRIDAY\r\n\r\nFriday, 16.09.2022 | 18:00 - 18:30\r\nAdmission &amp; Arrival - Dear Future - Dresden Sustainability Festival\r\n\r\nFriday, 16.09.2022 | 18:30 - 19:00\r\nOpening Dear Future - Opening Dresden Sustainability Festival\r\nSiv-Ann Lippert &amp; Christian B\u00e4risch (Zukunftsgestalten e.V.)\r\n\r\nFriday, 16.09.2022 | 19:00 - 20:15\r\nLecture\r\nDear Future(s), Futures &amp; Fictions\r\nMoritz Ingwersen (TU Dresden)\r\n\r\nFriday, 16.09.2022 | 20:30 - 21:30\r\nLecture\r\nRethinking Society\r\nInspirations from the future\r\nLino Zeddies (Reinventing Society)\r\n\r\n&nbsp;\r\n\r\nSATURDAY\r\n\r\nSaturday, 17.09.2022 | 11:00 - 13:30\r\nInput &amp; Workshop\r\nUtopia as a method\r\nA guide to a change in thinking\r\nLino Zeddies (Reinventing Society)\r\n\r\nSaturday, 17.09.2022 | 14:00 - 16:00\r\nInput &amp; World Caf\u00e9\r\nFood, Energy &amp; Citizen Participation\r\nMaking sustainability practical\r\nFlorian Wendler (Tricera Energies), Alexander Schrade (nahhaft e.V.) &amp; Marett Klahn (Mehr Demokratie e.V.)\r\n\r\nSaturday, 17.09.2022 | 16:30 - 18:30\r\nInputs &amp; Talks\r\nUrban-Rural Change\r\nSustainable regional development in Saxony\r\nState Association Sustainable Saxony e.V.\r\n\r\nSaturday, 17.09.2022 | 16:30 - 18:30\r\nInput &amp; Talk\r\nNeighborhood before future\r\nSustainable development in the neighborhood\r\nEsther Heinke &amp; Nora Stahl (Sustainable Johannstadt 2025), Paula Hofmann (Neighborhood Management Leipzig East)\r\n\r\nSaturday, 17.09.2022 | 19:00 - 21:00\r\nLecture\r\nHow it would be, if it would be different\r\nReal and utopian about economy in transformation\r\nJana Gebauer (The economy of the others)\r\n\r\n&nbsp;\r\n\r\nSUNDAY\r\n\r\nSunday, 18.09.2022 | 11:00 - 13:30\r\nWorkshop &amp; Talk\r\nEducation in transformation &amp; transformation in education\r\nHow do we learn sustainability\r\nSina Alex &amp; Siv-Ann Lippert (Zukunftsgestalten e.V.)\r\n\r\nSunday, 18.09.2022 | 11:00 - 13:30\r\nInput, Workshop &amp; Talk\r\nHow we manage to do nothing\r\nAbout the (social) psychology of change\r\nAnnika Schmid (Psychologists4Future) &amp; Christian B\u00e4risch (Zukunftsgestalten e.V.)\r\n\r\nSunday, 18.09.2022 | 10:30 - 14:00\r\nFacilitation Workshop\r\nDear Passenger!\r\nThe future of collective discourses\r\nJoseph &amp; Kristina (metro_polis)\r\n\r\n&nbsp;\r\n\r\nMore information to the program here!\"><ul class=\"post-categories\">\n\t<li><a href=\"https:\/\/www.geh8.de\/en\/category\/symposium\/\" rel=\"category tag\">Symposium<\/a><\/li>\n\t<li><a href=\"https:\/\/www.geh8.de\/en\/category\/festival\/\" rel=\"category tag\">Festival<\/a><\/li><\/ul><h3><span class=\"sub1\"><span class=\"sub2\"><span class=\"sub3\"><a href=\"https:\/\/www.geh8.de\/en\/dear-future-dresdner-nachhaltigkeitsfestival\/\">Dear Future \u2013 Dresden Sustainability Festival<\/a><\/span><\/span><\/span><\/h3><p>Our world is constantly changing and it is primarily in our hands what the future [&hellip;]<\/p>\n<\/div><\/div><div class=\"grid-item archive hyphenate querformat post-10962 post type-post status-publish format-standard has-post-thumbnail hentry category-veranstaltungen\"><a href=\"https:\/\/www.geh8.de\/en\/pecha-kucha-night-im-galvanohof\/\"><img decoding=\"async\" src=\"https:\/\/www.geh8.de\/page\/wp-content\/uploads\/2022\/08\/20220920_Pecha-Kucha-KreWe_Foto__1-288x216.jpg\" class=\"attachment-tile-landscape-low size-tile-landscape-low wp-post-image\" alt=\"\" srcset=\"https:\/\/www.geh8.de\/page\/wp-content\/uploads\/2022\/08\/20220920_Pecha-Kucha-KreWe_Foto__1-288x216.jpg 288w, https:\/\/www.geh8.de\/page\/wp-content\/uploads\/2022\/08\/20220920_Pecha-Kucha-KreWe_Foto__1-448x336.jpg 448w, https:\/\/www.geh8.de\/page\/wp-content\/uploads\/2022\/08\/20220920_Pecha-Kucha-KreWe_Foto__1-368x276.jpg 368w, https:\/\/www.geh8.de\/page\/wp-content\/uploads\/2022\/08\/20220920_Pecha-Kucha-KreWe_Foto__1-90x67.jpg 90w\" sizes=\"(max-width: 288px) 100vw, 288px\" \/><\/a><div class=\"grid-entry haase-archive\" data-content=\"Eleven creative artists present their current projects at the Galvanohof in Pieschen at the Creative Workshop - each contribution lasts 6:40 minutes.\r\n\r\nPecha Kucha (Japanese for &quot;chatting all the time&quot;, registered word mark) is a lecture technique in which images matching an oral presentation are projected onto the wall. Each presentation lasts 6:40 minutes. Following the speeches, the speakers interact with the audience at the bar. The format was first used in February 2003 in Tokyo by architects Astrid Klein and Mark Dytham at a design event and has since spread worldwide.\r\n\r\nThe following participants will be presenting:\r\n\r\nMargarita Mednikova &amp; Elin Renner - Artbox\r\nFriederike Altmann - Remembrance Culture in the Central Plant\r\nYaelle Dorison - Ciboulette\r\nVal\u00e9rie Madoka Naito - Straw Bale Settlement\r\nAnne Klein John Klein - feminist forever\u2029\r\nNadine W\u00f6lk - Dresden Portraits 2021\/22\r\nMajka Hausen - 20xcriticism\r\nSusanne Magister - art and music festival Colored Gigs\r\nKathrin Assauer- children&#039;s book GEH8-Verlag\r\nPia Eumann - work, being a woman, having courage\r\n\r\nWhen: Tuesday, September 20, 2022\r\nStart: 8 pm\r\nWhere: Galvanohof in Pieschen\r\n\r\nAdmission free \/Donations welcome!\r\n\r\n&nbsp;\r\n\r\n\r\n\r\n\r\nSupported by the Beauftragten der Bundesregierung f\u00fcr Kultur und Medien.\r\n\r\n\r\n&nbsp; &nbsp;  &nbsp;&nbsp; &nbsp;&nbsp; &nbsp; \r\n\"><ul class=\"post-categories\">\n\t<li><a href=\"https:\/\/www.geh8.de\/en\/category\/veranstaltungen\/\" rel=\"category tag\">Event<\/a><\/li><\/ul><h3><span class=\"sub1\"><span class=\"sub2\"><span class=\"sub3\"><a href=\"https:\/\/www.geh8.de\/en\/pecha-kucha-night-im-galvanohof\/\">Pecha Kucha Night 2022 at Galvanohof in Pieschen<\/a><\/span><\/span><\/span><\/h3><p>Eleven creative artists present their current projects at the Galvanohof in Pieschen at the Creative [&hellip;]<\/p>\n<\/div><\/div><div class=\"grid-item archive hyphenate querformat post-10928 post type-post status-publish format-standard has-post-thumbnail hentry category-veranstaltungen\"><a href=\"https:\/\/www.geh8.de\/en\/bunter-flohmarkt-von-kleidung-bis-kleinkram-an-der-geh8\/\"><img decoding=\"async\" src=\"https:\/\/www.geh8.de\/page\/wp-content\/uploads\/2022\/08\/78AB4B4E-6380-435D-B8B1-D0DA3F8D5FCC-1-288x216.jpg\" class=\"attachment-tile-landscape-low size-tile-landscape-low wp-post-image\" alt=\"\" srcset=\"https:\/\/www.geh8.de\/page\/wp-content\/uploads\/2022\/08\/78AB4B4E-6380-435D-B8B1-D0DA3F8D5FCC-1-288x216.jpg 288w, https:\/\/www.geh8.de\/page\/wp-content\/uploads\/2022\/08\/78AB4B4E-6380-435D-B8B1-D0DA3F8D5FCC-1-448x336.jpg 448w, https:\/\/www.geh8.de\/page\/wp-content\/uploads\/2022\/08\/78AB4B4E-6380-435D-B8B1-D0DA3F8D5FCC-1-368x276.jpg 368w, https:\/\/www.geh8.de\/page\/wp-content\/uploads\/2022\/08\/78AB4B4E-6380-435D-B8B1-D0DA3F8D5FCC-1-90x67.jpg 90w\" sizes=\"(max-width: 288px) 100vw, 288px\" \/><\/a><div class=\"grid-entry haase-archive\" data-content=\"Come by for the 2nd flea market on the grounds of GEH8. This time everything from clothes to odds and ends can be sold! It starts at 2 pm, where the summer garden with drinks, coffee &amp; cake awaits you.\r\n\r\nRegistration for traders is possible via flohmarkt01127@gmail.com until 20.09.2022 (number of stalls limited). The booth fee is limited to 5\u20ac for max. 2 meters.\r\n\r\nLet&#039;s while away the time together. We are looking forward to a colorful afternoon!\r\n\r\nWhen: Sunday, September 25, 2022\r\nStart: 2 p.m. (set-up from 1 p.m.)\r\nWhere: GEH8 courtyard\r\n\r\n\"><ul class=\"post-categories\">\n\t<li><a href=\"https:\/\/www.geh8.de\/en\/category\/veranstaltungen\/\" rel=\"category tag\">Event<\/a><\/li><\/ul><h3><span class=\"sub1\"><span class=\"sub2\"><span class=\"sub3\"><a href=\"https:\/\/www.geh8.de\/en\/bunter-flohmarkt-von-kleidung-bis-kleinkram-an-der-geh8\/\">Colorful flea market (from clothes to odds and ends) at GEH8<\/a><\/span><\/span><\/span><\/h3><p>Come by for the 2nd flea market on the grounds of GEH8. This time everything [&hellip;]<\/p>\n<\/div><\/div><div class=\"grid-item archive hyphenate querformat post-10716 post type-post status-publish format-standard has-post-thumbnail hentry category-veranstaltungen\"><a href=\"https:\/\/www.geh8.de\/en\/pecha-kucha-night-2\/\"><img decoding=\"async\" src=\"https:\/\/www.geh8.de\/page\/wp-content\/uploads\/2022\/05\/Pecha-Kucha-Postkarte-Vorderseite-288x216.jpg\" class=\"attachment-tile-landscape-low size-tile-landscape-low wp-post-image\" alt=\"\" srcset=\"https:\/\/www.geh8.de\/page\/wp-content\/uploads\/2022\/05\/Pecha-Kucha-Postkarte-Vorderseite-288x216.jpg 288w, https:\/\/www.geh8.de\/page\/wp-content\/uploads\/2022\/05\/Pecha-Kucha-Postkarte-Vorderseite-448x336.jpg 448w, https:\/\/www.geh8.de\/page\/wp-content\/uploads\/2022\/05\/Pecha-Kucha-Postkarte-Vorderseite-368x276.jpg 368w, https:\/\/www.geh8.de\/page\/wp-content\/uploads\/2022\/05\/Pecha-Kucha-Postkarte-Vorderseite-90x67.jpg 90w\" sizes=\"(max-width: 288px) 100vw, 288px\" \/><\/a><div class=\"grid-entry haase-archive\" data-content=\"Open stage for inspiration &amp; networking:\r\nActors from the fields of art, culture, sports and science present current projects in 6:40 min. each.\r\n\r\nPecha Kucha (Japanese &quot;chattering all the time&quot;, registered word mark) is a lecture technique in which images matching an oral presentation are projected on the wall. Each presentation lasts 6:40 minutes. Following the speeches, the speakers interact with the audience at the bar. The format was first used in February 2003 in Tokyo by architects Astrid Klein and Mark Dytham at a design event and has since spread worldwide.\r\n\r\n&nbsp;\r\n\r\nThe speakers are:\r\n\r\nProf. Dorothea Becker Alter Leipziger Bahnhof\r\n\r\nJulia Boswank Die Katze\r\n\r\nFrank Elsner Breitensportcampus Mickten\r\n\r\nPaul Elsner GEH8urban\r\n\r\nAnnett Gerlach Demonstration, Protest, Riot\r\n\r\nLucas Klinkenbusch &amp; Annika Schwippl Institut f\u00fcr r\u00e4umliche Resilienz\r\n\r\nUljana Rogoshina 10 Jahre Schichtarbeit\r\n\r\nNilsson Samuelsson Herzquartier\r\n\r\nSarah Urban Neues Volkshaus Cotta\r\n\r\n&nbsp;\r\n\r\nWhen: 23. Juni 2022\r\nStart: 20 Uhr\r\nWhere: GEH8\r\n\r\nEntry free \/ Donation wants\r\n\r\n\r\n&nbsp;\r\n\r\n\r\n\r\n\r\n\r\nSupported by the Beauftragten der Bundesregierung f\u00fcr Kultur und Medien.\r\n\r\n\r\n&nbsp; &nbsp;  &nbsp;&nbsp; &nbsp;&nbsp; &nbsp; \r\n\r\n\r\n\r\n&nbsp; &nbsp; &nbsp; &nbsp; &nbsp; &nbsp;&nbsp;\r\n\r\n\r\n\"><ul class=\"post-categories\">\n\t<li><a href=\"https:\/\/www.geh8.de\/en\/category\/veranstaltungen\/\" rel=\"category tag\">Event<\/a><\/li><\/ul><h3><span class=\"sub1\"><span class=\"sub2\"><span class=\"sub3\"><a href=\"https:\/\/www.geh8.de\/en\/pecha-kucha-night-2\/\">Pecha Kucha Night 2022 at GEH8<\/a><\/span><\/span><\/span><\/h3><p>Open stage for inspiration &#038; networking: Actors from the fields of art, culture, sports and [&hellip;]<\/p>\n<\/div><\/div><div class=\"grid-item archive hyphenate querformat post-10732 post type-post status-publish format-standard has-post-thumbnail hentry category-veranstaltungen\"><a href=\"https:\/\/www.geh8.de\/en\/open-studios-geh8\/\"><img decoding=\"async\" src=\"https:\/\/www.geh8.de\/page\/wp-content\/uploads\/2022\/06\/Open-Studios-Postkarte-Vorderseite-288x216.jpg\" class=\"attachment-tile-landscape-low size-tile-landscape-low wp-post-image\" alt=\"\" srcset=\"https:\/\/www.geh8.de\/page\/wp-content\/uploads\/2022\/06\/Open-Studios-Postkarte-Vorderseite-288x216.jpg 288w, https:\/\/www.geh8.de\/page\/wp-content\/uploads\/2022\/06\/Open-Studios-Postkarte-Vorderseite-448x336.jpg 448w, https:\/\/www.geh8.de\/page\/wp-content\/uploads\/2022\/06\/Open-Studios-Postkarte-Vorderseite-368x276.jpg 368w, https:\/\/www.geh8.de\/page\/wp-content\/uploads\/2022\/06\/Open-Studios-Postkarte-Vorderseite-90x67.jpg 90w\" sizes=\"(max-width: 288px) 100vw, 288px\" \/><\/a><div class=\"grid-entry haase-archive\" data-content=\"Since 2007, the old Deutsche Bahn wagon repair hall in Gehestra\u00dfe has been a new home for numerous creative people. It&#039;s high time to open the gate once again and invite them in. The artists of GEH8 invite you into their studios and offer an insight into their work. From painting, drawing, photography, video, sculpture, ceramics to costume and stage design, a variety of artistic working methods can be discovered.\r\n\r\nA small accompanying program and culinary offers from our beer garden and from the Pizzasyndikat are also waiting for you.\r\n\r\nOpening their studios are:\r\n\r\nMarleen Andreev, Susanne Engelhardt, Sara Hoppe, Claudia Kleiner, Julia Pommer, Matthias Bausch, Thomas Judisch, Stefan Lenke, Michael Merkel and Heinz Merkel and Heinz Schm\u00f6ller\r\n\r\nWhen: Saturday, June 25, 2022\r\nStart: 3 p.m.\r\nWhere: GEH8\r\n\r\nProgram:\r\n3 p.m. to 8 p.m. - open studios\r\n4 p.m. - guided tour of GEH8\r\n6 pm - vocal performance Treta Mominka\r\n\r\n&nbsp;\r\n\r\n\r\n\r\nSupported by the Beauftragten der Bundesregierung f\u00fcr Kultur und Medien.\r\n\r\n\r\n&nbsp; &nbsp;  &nbsp;&nbsp; &nbsp;&nbsp; &nbsp; \r\n\r\n\r\n\r\n&nbsp; &nbsp; &nbsp; &nbsp; &nbsp; &nbsp;&nbsp;\r\n\r\n\r\n\"><ul class=\"post-categories\">\n\t<li><a href=\"https:\/\/www.geh8.de\/en\/category\/veranstaltungen\/\" rel=\"category tag\">Event<\/a><\/li><\/ul><h3><span class=\"sub1\"><span class=\"sub2\"><span class=\"sub3\"><a href=\"https:\/\/www.geh8.de\/en\/open-studios-geh8\/\">Open Studios &#8211; GEH8<\/a><\/span><\/span><\/span><\/h3><p>Since 2007, the old Deutsche Bahn wagon repair hall in Gehestra\u00dfe has been a new [&hellip;]<\/p>\n<\/div><\/div><div class=\"grid-item archive hyphenate querformat post-10200 post type-post status-publish format-standard has-post-thumbnail hentry category-ausstellung\"><a href=\"https:\/\/www.geh8.de\/en\/werkraum-ausstellung-vernissage-julia-pommer-dug-unplugged\/\"><img decoding=\"async\" src=\"https:\/\/www.geh8.de\/page\/wp-content\/uploads\/2022\/04\/Pommer_Artax-288x216.png\" class=\"attachment-tile-landscape-low size-tile-landscape-low wp-post-image\" alt=\"\" srcset=\"https:\/\/www.geh8.de\/page\/wp-content\/uploads\/2022\/04\/Pommer_Artax-288x216.png 288w, https:\/\/www.geh8.de\/page\/wp-content\/uploads\/2022\/04\/Pommer_Artax-448x336.png 448w, https:\/\/www.geh8.de\/page\/wp-content\/uploads\/2022\/04\/Pommer_Artax-368x276.png 368w, https:\/\/www.geh8.de\/page\/wp-content\/uploads\/2022\/04\/Pommer_Artax-90x67.png 90w\" sizes=\"(max-width: 288px) 100vw, 288px\" \/><\/a><div class=\"grid-entry haase-archive\" data-content=\"&quot;The Neverending Story&quot; by Michael Ende is probably familiar to most. The GEH8 workroom takes a look at the creative process of costume designer Julia Pommer and shows works created in 2020 for the fairy tale production at the Mecklenburg State Theater in Schwerin.\r\n\r\nThe term &quot;costume design&quot; is somewhat misleading. Because pretty much everything is on display, except a costume. Far before anything is put on a stage, worlds are searched for and backgrounds are researched, experiments are carried out, things are built, sketched, modeled and filmed. That which otherwise remains hidden behind the finished stage play now makes itself heard. As if in a wild whirlpool, it is not the creatures of Phant\u00e1sia that move across the walls of the exhibition space, but rather their derivations, their raw materials and origins. It is about character and color, surfaces and forms, movement and light - raw and also shiny. Experiments, in fact, that tell a story all their own.\r\n\r\nJulia Pommer has been at GEH8 since 2015. She works as a stage and costume designer in the fields of music, performing and visual arts.\r\n\r\n\r\n\r\n\r\n\r\n\r\n\r\nVernissage: Saturday, May 7, 2022, 4 - 8 p.m.\r\nDuration: May 8 - June 26, 2022\r\nWhen: open by appointment\r\nWhere: GEH8 WERKRaum\r\nContact: mail@geh8.de\r\n\r\n(Caption @Julia Pommer)\r\n\r\n&nbsp;\r\n\r\n\r\nSponsored by the Federal Government Commissioner for Culture and the Media.\r\n\r\n\r\n\r\n\r\n&nbsp;\r\n\r\n&nbsp; &nbsp;  &nbsp;&nbsp; &nbsp;&nbsp; &nbsp;\r\n\r\n\"><ul class=\"post-categories\">\n\t<li><a href=\"https:\/\/www.geh8.de\/en\/category\/ausstellung\/\" rel=\"category tag\">Exhibition<\/a><\/li><\/ul><h3><span class=\"sub1\"><span class=\"sub2\"><span class=\"sub3\"><a href=\"https:\/\/www.geh8.de\/en\/werkraum-ausstellung-vernissage-julia-pommer-dug-unplugged\/\">WERKRaum Exhibition + Vernissage \/\/ Julia Pommer &#8211; DUG unplugged<\/a><\/span><\/span><\/span><\/h3><p>&#8220;The Neverending Story&#8221; by Michael Ende is probably familiar to most. The GEH8 workroom takes [&hellip;]<\/p>\n<\/div><\/div><div class=\"grid-item archive hyphenate querformat post-10741 post type-post status-publish format-standard has-post-thumbnail hentry category-veranstaltungen\"><a href=\"https:\/\/www.geh8.de\/en\/filmabend-und-benefizaktion-peace-for-ukraine-mariupol-i-love-you\/\"><img decoding=\"async\" src=\"https:\/\/www.geh8.de\/page\/wp-content\/uploads\/2022\/06\/ab-288x216.png\" class=\"attachment-tile-landscape-low size-tile-landscape-low wp-post-image\" alt=\"\" srcset=\"https:\/\/www.geh8.de\/page\/wp-content\/uploads\/2022\/06\/ab-288x216.png 288w, https:\/\/www.geh8.de\/page\/wp-content\/uploads\/2022\/06\/ab-448x336.png 448w, https:\/\/www.geh8.de\/page\/wp-content\/uploads\/2022\/06\/ab-368x276.png 368w, https:\/\/www.geh8.de\/page\/wp-content\/uploads\/2022\/06\/ab-90x67.png 90w\" sizes=\"(max-width: 288px) 100vw, 288px\" \/><\/a><div class=\"grid-entry haase-archive\" data-content=\"What do you know about Mariupol? Mariupol is a port, a resort, home to a large number of Pontic Greeks and a commercial center. It is an industrial giant with a history dating back to the 16th century, when it was founded by the Cossacks. Mariupol is a city that was exposed to war in 2014 and has since become a symbol of the Ukrainian-controlled Donetsk region. A besieged, heroic city that struggled to resist and survive during the Russian invasion in 2022 and is now completely taken by Russian troops.\r\n\r\n&quot;Mariupol, I love you&quot; is a collection of short films shot by residents of the city of Mariupol in 2017-2021. The short films tell about everyday life, dreams and relationships, and how they were affected by the first phase of the war.\r\n\r\nIn the film &quot;Me and Mariupol&quot;, Piotr Armianovski, a native of Donetsk, talks to the people of Mariupol in search of the city he knows from his childhood.\r\n\r\n\r\n\r\n&quot;Ma&quot; by Maria Stoianova is a dialogue between mother and daughter, filmed with amateur phone footage in the face of war.\r\n\r\n\r\n\r\n&quot;Territory of Empty Windows&quot; and &quot;Diorama&quot; by Zoya Laktion from Mariupol show how the war has changed the face of the city.\r\n\r\n\r\n\r\n\r\n\r\n49 min, 4 short films, in Russian with English subtitles.\r\n\r\nIn follow-up discussion:\r\nNick Dzhychka, artist \/ curator (Ivano-Frankivsk, Ukraine)\r\nSimon Wolf (Kultur Aktiv, Dresden)\r\nPaul Elsner (GEH8, Dresden)\r\n\r\n&nbsp;\r\n\r\nWhen: Thursday, June 16, 2022\r\nStart: 7.30 p.m.\r\nWhere: GEH8\r\n\r\nThe proceeds from ticket sales will be donated to local initiatives to support the people of Mariupol and Ukraine.\r\n\r\nPrices (tickets available at the box office):\r\nNormal: 10 Euro\r\nReduced: 6 Euro (pupils, students, DresdenPass holders)\r\nArt-Support: 15 Euro (normal price + 5,- Euro support for cultural work and for the structural preservation of GEH8)\r\n\r\nFREE ADMISSION FOR UKRAINIANS!\r\n\r\nThe event is organized in cooperation with Kultur Aktiv e.V. Dresden.\r\nOn June 13, 2022, the films will also be shown in the House of Culture Hrani\u010d\u00e1\u0159, \u00dast\u00ed nad Labem (Czech Republic).\r\n\r\n\r\n\r\n\r\n\r\nWith the kind permission of Takflix.\r\n&nbsp;\r\nSupported by Deutsch-Tschechischen Zukunftsfonds.\r\n&nbsp;\r\n\r\n\r\n\r\n&nbsp;\r\n\"><ul class=\"post-categories\">\n\t<li><a href=\"https:\/\/www.geh8.de\/en\/category\/veranstaltungen\/\" rel=\"category tag\">Event<\/a><\/li><\/ul><h3><span class=\"sub1\"><span class=\"sub2\"><span class=\"sub3\"><a href=\"https:\/\/www.geh8.de\/en\/filmabend-und-benefizaktion-peace-for-ukraine-mariupol-i-love-you\/\">MARIUPOL, I LOVE YOU: Movie Night \/ Benefit PEACE FOR UKRAINE!<\/a><\/span><\/span><\/span><\/h3><p>What do you know about Mariupol? Mariupol is a port, a resort, home to a [&hellip;]<\/p>\n<\/div><\/div><div class=\"grid-item archive hyphenate querformat post-9932 post type-post status-publish format-standard has-post-thumbnail hentry category-konzert\"><a href=\"https:\/\/www.geh8.de\/en\/cello-konzert-von-sofia-von-freydorf-tobias-baez\/\"><img decoding=\"async\" src=\"https:\/\/www.geh8.de\/page\/wp-content\/uploads\/2022\/03\/Screenshot_20200907-195454_Gallery-288x216.png\" class=\"attachment-tile-landscape-low size-tile-landscape-low wp-post-image\" alt=\"\" srcset=\"https:\/\/www.geh8.de\/page\/wp-content\/uploads\/2022\/03\/Screenshot_20200907-195454_Gallery-288x216.png 288w, https:\/\/www.geh8.de\/page\/wp-content\/uploads\/2022\/03\/Screenshot_20200907-195454_Gallery-448x336.png 448w, https:\/\/www.geh8.de\/page\/wp-content\/uploads\/2022\/03\/Screenshot_20200907-195454_Gallery-368x276.png 368w, https:\/\/www.geh8.de\/page\/wp-content\/uploads\/2022\/03\/Screenshot_20200907-195454_Gallery-90x67.png 90w\" sizes=\"(max-width: 288px) 100vw, 288px\" \/><\/a><div class=\"grid-entry haase-archive\" data-content=\"\r\n\r\nIn November 2021, the two young cellists Sofia von Freydorf and Tobias B\u00e4z met for the first time to prepare upcoming concerts and came up with a colorful and dazzling program, which they will present on June 11 at GEH8.\r\n\r\nMusicians:\r\nSofia von Freydorf, cello\r\nTobias B\u00e4z, violoncello\r\n\r\nWhen: Saturday, June 11, 2022\r\nStart: 5 pm\r\nWhere: GEH8 Art Space\r\n\r\n\r\n&nbsp;\r\nThe entrance is on donation basis!\r\n&nbsp;\r\n&nbsp;\r\n&nbsp;\r\nSupported by:\r\n&nbsp;\r\n &nbsp; &nbsp; &nbsp; \"><ul class=\"post-categories\">\n\t<li><a href=\"https:\/\/www.geh8.de\/en\/category\/konzert\/\" rel=\"category tag\">Concert<\/a><\/li><\/ul><h3><span class=\"sub1\"><span class=\"sub2\"><span class=\"sub3\"><a href=\"https:\/\/www.geh8.de\/en\/cello-konzert-von-sofia-von-freydorf-tobias-baez\/\">Cello Concert by Sofia von Freydorf &#038; Tobias B\u00e4z<\/a><\/span><\/span><\/span><\/h3><p>In November 2021, the two young cellists Sofia von Freydorf and Tobias B\u00e4z met for [&hellip;]<\/p>\n<\/div><\/div><div class=\"grid-item archive hyphenate querformat post-10475 post type-post status-publish format-standard has-post-thumbnail hentry category-festival\"><a href=\"https:\/\/www.geh8.de\/en\/4-verstaerker-kunst-film-festival-teilnehmer-innen\/\"><img decoding=\"async\" src=\"https:\/\/www.geh8.de\/page\/wp-content\/uploads\/2022\/06\/Verstaerker-Titelbild-288x216.jpg\" class=\"attachment-tile-landscape-low size-tile-landscape-low wp-post-image\" alt=\"\" srcset=\"https:\/\/www.geh8.de\/page\/wp-content\/uploads\/2022\/06\/Verstaerker-Titelbild-288x216.jpg 288w, https:\/\/www.geh8.de\/page\/wp-content\/uploads\/2022\/06\/Verstaerker-Titelbild-448x336.jpg 448w, https:\/\/www.geh8.de\/page\/wp-content\/uploads\/2022\/06\/Verstaerker-Titelbild-368x276.jpg 368w, https:\/\/www.geh8.de\/page\/wp-content\/uploads\/2022\/06\/Verstaerker-Titelbild-90x67.jpg 90w\" sizes=\"(max-width: 288px) 100vw, 288px\" \/><\/a><div class=\"grid-entry haase-archive\" data-content=\"From June 17 - 18, 2022, the GEH8 Art and Culture Center in Dresden will host the 4th Amplifier Art Film Festival and present the Amplifier Award as part of it. The film festival is aimed at students from the new German states. In a public screening on June 18, 2022, visitors and a jury of experts are invited to vote for their favorite.\r\n&nbsp;&nbsp;&nbsp;&nbsp;&nbsp;&nbsp;&nbsp;&nbsp;&nbsp;&nbsp;&nbsp;&nbsp;&nbsp;&nbsp;&nbsp;&nbsp;&nbsp;&nbsp;&nbsp;\r\n&nbsp;&nbsp;&nbsp;&nbsp;&nbsp;&nbsp;&nbsp;&nbsp;&nbsp;&nbsp;&nbsp;&nbsp;&nbsp;&nbsp;&nbsp;&nbsp;&nbsp;&nbsp;&nbsp;&nbsp;&nbsp;&nbsp;&nbsp;&nbsp;&nbsp;&nbsp;&nbsp;&nbsp;&nbsp;&nbsp;&nbsp;&nbsp;&nbsp;&nbsp;&nbsp;&nbsp;&nbsp;&nbsp;&nbsp;&nbsp;&nbsp;&nbsp;&nbsp;&nbsp;&nbsp; JURY\r\nJana Endruschat studied Media &amp; Communication Science and has always been connected to the Saxon film scene. For more than 10 years she produced image and industrial films and worked at least as long in the production department for national and international feature film productions. As a trainee in the funding department she got to know the mechanisms of the Central German Media Funding &amp; was able to expand her moving image spectrum at Werkleitzgesellschaft e.V. in the Center for Media Art. 2013-2018 she was responsible for communication &amp; network at Filmverband Sachsen. In 2019-2021 she took over the management.\r\n\r\nAlexandra Mei\u00dfner was born in Hoyerswerda in 1983 and studied sociology and communication science in Dresden. From 2008 she worked for the International Filmfest Dresden and was a member of the festival management for seven years. She is active as a freelance programmer and lecturer and advises film and cultural projects in the areas of production, development and mediation. Since 2019, she has been an officer for program support and communication at the Cultural Foundation of the Free State of Saxony, where she coordinates, among other things, the international residency programs and the Small Projects Fund for Rural Areas.\r\n\r\nMichael Merkel, born in 1987 in Dresden, studied German language and literature, cultural studies and art history in Dresden and Wroclaw after training as a wood sculptor. He also studied free art at the Academy in Wroclaw and at the Bauhaus University in Weimar. In addition to the implementation of curatorial projects, he has exhibited several times in Germany and abroad. He has been awarded various grants as well as project funding for his artistic work and has been working as coordinator program planning and public relations at GEH8 Kunstraum Dresden since 2018. He initiated the Amplifier Art-Film Festival in 2019, which he has also coordinated since then.\r\n&nbsp;&nbsp;&nbsp;&nbsp;&nbsp;&nbsp;&nbsp;&nbsp;&nbsp;&nbsp;&nbsp;&nbsp;&nbsp;&nbsp;&nbsp;&nbsp;&nbsp;&nbsp;&nbsp;&nbsp;&nbsp;&nbsp;&nbsp;&nbsp;&nbsp;&nbsp;&nbsp;&nbsp;&nbsp;&nbsp;&nbsp;&nbsp;&nbsp;&nbsp;&nbsp;&nbsp;&nbsp;&nbsp;&nbsp; PROGRAMM\r\nFriday, June 17, 2022\r\nInternational Films + Art.Space.Concert\r\nStart: 6:30 pm\r\nWhere: GEH8\r\n\r\nSaturday, June 18, 2022\u2029\r\nShort films + award ceremony Gala show with live music + afterparty\r\nStart: 6 pm\r\nWhere: GEH8\r\n&nbsp;&nbsp;&nbsp;&nbsp;&nbsp;&nbsp;&nbsp;&nbsp;&nbsp;&nbsp;&nbsp;&nbsp;&nbsp;&nbsp;&nbsp;&nbsp;&nbsp;&nbsp;&nbsp;&nbsp;&nbsp;&nbsp;&nbsp;&nbsp;&nbsp;&nbsp;&nbsp;&nbsp;&nbsp;&nbsp;&nbsp;&nbsp;&nbsp;&nbsp;&nbsp;&nbsp; PARTICIPANTS\r\n&nbsp;\r\nBauhaus-Universit\u00e4t \/ Weimar:\r\n&nbsp;\r\n\r\n\r\n\r\n\r\n\r\nNINA OELLER with TRIBUTE TO THE MOMENT\r\n\r\nAbout the feeling of exchanging the total freedom of youth for responsibility and consideration - and what is perhaps not so bad about it.\r\n\r\n\r\n\r\n\r\n\r\n\r\n\r\n\r\n\r\nMARCUS GRYSCZOK with KLIMAFAKTEN\r\n\r\nModern global warming is catapulting us out of the stable climate of the Holocene into unmapped waters. Warming is caused by fossil fuel use, and to a lesser extent by agriculture and deforestation. The consequences of warming include more frequent and severe extreme events, such as deadly heat waves, devastating droughts, heavy rains with flooding, or more violent tropical cyclones, ... in addition, a rise in sea level due to melting continental ice and thermal expansion of sea water. Many millions of people are already suffering from these climate impacts. We can stop global warming by stopping the emission of greenhouse gases, especially carbon dioxide. This was unanimously agreed for good reasons by almost all countries at the Paris Agreement, which has the goal of keeping global warming well below the 2 degree limit. If possible even below 1.5 degrees. Today we are already at 1.2 degrees global warming.\r\n\r\n\r\n\r\n\r\n\r\n\r\n\r\n\r\n\r\nKRISTIN JAKUBEK with A TOOTHLESS GRIN\r\n\r\nThe video work &#039;A toothless grin&#039; refers to the idea of an uneasy void in our everyday lives caused by constant digital media consumption and the corresponding increasing alienation from the natural world. An experimental video format explores how digital media has shaped and changed our relationship with, representation of, and experience of nature. Using a variety of art forms and genres, including performance art, fashion, poetry, and music video, a narrative unfolds about humanity&#039;s alienation from nature as a result of progressive, total absorption into &#039;the digital&#039;. The natural world is increasingly mechanized, deformed, and abstracted; the creative techniques used range from drone footage to computer-generated images created through the use of machine learning in the form of Generative Adversarial Network (GAN) technology.\r\n\r\n\r\n\r\n\r\n\r\n\r\n\r\n\r\n\r\nFUCHANG YANG with IN THE BOX\r\n\r\nI wanted to show a boy who is afraid of his parents&#039; excessive attention. In the boy&#039;s eyes, his parents are monsters with only eyes. Their eyes follow him all the time and the sight of them holds him captive. Finally, the boy closes himself inside and becomes a complete box.\r\n\r\n\r\n\r\n\r\n\r\n\r\n\r\n\r\n\r\nBUBA BEBOSHVILI with SUNDAY ON THE MOON\r\n\r\nExperimental short film follows main character Jola as she is getting ready to depart from the planet earth after its complete destruction. Viewer sees her as a fragile, vulnerable character who desperately seeks possibilities which don\u2019t cause overly drastic changes. In the confused state Jola remembers everything she loved and appreciated in the past life. Sunday is last weekday and represents the last chapter of the story. When the final decision should be made. She wants to leave but where is the conflict. Comparing the title to film its self brings us to something very abstract and main concept stands on overcoming challenges, getting out of comfort zone and trying out unexplored spaces. As the process evolves we face the consequences of dealing with tough times. Overthinking, anxiety that comes with it, going back to roots and resolve everything from there.\r\n\r\n\r\n\r\n\r\n\r\n\r\n\r\n\r\n\r\n\r\n\r\nBENJAMIN &amp; ELISABETH GEYER with ERMO\r\n\r\nStormy sea, two dark figures, a fall into wild floods and into the magical arms of the deep ocean. ERMO is an animated music video for the song of the same name by Benshi. In a dark atmosphere and with mysterious sounds, this crime fairy tale draws us under its spell.\r\n\r\n\r\n\r\n\r\n\r\n\r\n\r\n\r\n\r\nBELA MORITZ &amp; AARON M\u00d6BIUS with SOLIST\r\nMensa J\u00fcrgen, cook in the university cafeteria Erfurt, all-round entertainer and DJ, is probably the best known personality in the capital of Thuringia. Due to his omnipresence in bars and clubs, pretty much everyone has joined J\u00fcrgen for a beer. Since the beginning of 2020, however, everything J\u00fcrgen can identify with has suddenly disappeared. Now that he has to spend more time at home, he finally digs out his old VHS tapes full of memories he had almost forgotten.\r\n\r\n\r\n\r\n\r\n\r\n\r\n\r\n\r\n\r\nANNA RYZHKOVA with A PART OF ME\r\n\r\nMoving to another country can feel like landing on a new planet. What is it like to lose a part of yourself but gain another?\r\n\r\n\r\n\r\n\r\n&nbsp;\r\nHfBK Dresden:\r\n&nbsp;\r\n\r\n\r\n\r\n\r\n\r\nKATHRIN FRECH with LEBERWURST - AUS DEM ALBUM &quot;IM FLEISCHLICHT&quot; VON SCHOARFI SCHOARF OL\u00c9\r\n\r\nThe space station of a formerly ambitious, highly funded prestige project reports back to earth after a long time of disappearance in the form of an intergalactic concept album.\r\nback on earth. On board: Three mustachioed astronauts, off to miss the world for a long time.\r\nto miss the world, long forgotten, eating snack! A musical morsel from IM FLEISCHLICHT is served - without pickles, because the sausage fight is real!\r\n\r\n\r\n\r\n\r\n&nbsp;\r\nHGB Leipzig:\r\n&nbsp;\r\n\r\n\r\n\r\n\r\n\r\nTHERESA M\u00dcNNICH with FRAGMENTED HOME\r\n\r\nA home is a place of security in an uncertain world, a place of certainty in doubt, a familiar place in a strange world, a sacred place in a profane world. Anna had to leave her home because a war started in her homeland. Every night she sums up what she is experiencing until she finally decides to leave the country.\r\n\r\n\r\n\r\n\r\n\r\n\r\n\r\n\r\n\r\nMAJA B\u00dcHLER with DIE DRITTE HAUT\r\n\r\nThey also say &quot;your own four walls&quot;, the ones between which you simply disappear, like behind the falling curtain after the show. No gaze can follow you here, no offer can tempt you, no storm can sweep you away. You close the door, you take off your masks and costumes and let yourself go, you love and scream and play and cry. Here no one will hear you, no one will ever bother you, you are alone in your own 4 walls, your third skin. (2D stopmotion, paper and watercolor,sound by Moist Handshakes and Florian Illig)\r\n\r\n\r\n\r\n\r\n\r\n\r\n\r\n\r\n\r\nCELIA IBA\u00d1EZ LAMU\u00d1O with URBAN JUNGLE - DIE ZIMMERPFLANZE NIMMT PLATZ\r\n\r\nMonster grass, philodendrons, pileas, yucca palms and many, many more decorate our homes these days. We bring greenery into our homes, feel connected to nature, but have you ever wondered where your houseplants come from? And, how did they actually get into our homes? Today, this trend is called, Urban Jungle. About this and the origin of the houseplant tells this animated film.\r\n\r\n\r\n\r\n\r\n&nbsp;\r\nHochschule Mittweida:\r\n&nbsp;\r\n\r\n\r\n\r\n\r\n\r\nJONAS ERLER with VAKUUM\r\nInhale. Exhale. We free ourselves from gravity and escape from reality. We are weightless, free. Everything becomes VACUUM.\r\n\r\n\r\n\r\n\r\n&nbsp;\r\nKunsthochschule Berlin Wei\u00dfensee:\r\n&nbsp;\r\n\r\n\r\n\r\n\r\n\r\nANNA SWAGERMAN with INNER LANDSCAPES: PASAIJES INTERNOS\r\n\r\n&#039;Inner Landscapes&#039; is filmed on the private property where renowned Spanish painter ANTONI TAPIES created his oeuvre. His studio is surrounded by nature, facing the Black Mountain. I was granted permission by Tapies&#039; daughter to document this special place. The voice-over represents various people I encountered. \u201cMatter is like a mirror. When I watch the landscape, there&#039;s a change inside.\u201d\r\n\r\n\r\n\r\n\r\n\r\n\r\n\r\n\r\n\r\n\r\n\r\nJOHANNA KRAH\u00c9 with RUSTY TIMES\r\n\r\nA poetic, surreal tale, of a &quot;streetcar cook&quot; who experiences the creeping change of his environment and fails because of it. The motifs used are largely taken from the dream diaries of my father, who has been drawing his dreams for almost 60 years. With the means of collage I enter into a dialogue with the dreams of my father.\r\n\r\n\r\n\r\n\r\n&nbsp;\r\nUdK Berlin:\r\n&nbsp;\r\n\r\n\r\n\r\n\r\n\r\nJEANA KOLESOVA with MEDITATION BEFORE A PROTEST\r\n\r\nVideo deals with the fear of a totalitarian state, a repressive system, police violence, risk of arrests during protests and criminal penalty in Russia. Video created in a form of meditation which prepares for facing and resisting the system&#039;s violence in the real world.\r\n\r\n&nbsp;\r\n\r\n\r\n\r\n&nbsp;\r\nBurg Giebichenstein:\r\n\r\n&nbsp;\r\n\r\n\r\n\r\n\r\n\r\nLUKAS KAPPMEIER with SELF MADE MAN\r\n\r\nA suit digs a lonely hole in the middle of a newly tendered industrial park. Even after years, he seems to have made no progress. How can he make himself into something?\r\n\r\n\r\n\r\n\r\n\r\n\r\n\r\n\r\n\r\nLEON MESCHEDE with NON PLUS ULTRA\r\n\r\nWe present: NON PLUS ULTRA (Eng: Always on), a flood protection concept for the Dresden Sculpture Collection. The path to immortality leads along numerous references, such as Mercedes Benz&#039; G-Class, Dr. Simon Ourian, Kim Khardashian&#039;s dermatologist, or the Pillars of Heracles.\r\n\r\n\r\n\r\n\r\n&nbsp;\r\nOur Guest: COLUMBUS COLLEGE OF ART &amp; DESIGN\r\n\r\n\r\nGraham Squire mit HANDS\r\nGwenth Keith mit GRAVY TAXI\r\nRin Navarro mit THE RITUAL\r\nRoy Davila Jr. mit SANTIFICADO\r\n\r\n&nbsp;\r\nOur Guest: UNIVERSITY OF OSTRAVA\r\n\r\n\r\nEvy Garga\u0161ov\u00e9 \u2013 SLEPICE HENS\r\n\r\nFilip Tich\u00fd \u2013 TWISTED TALES OF THREE PIGLETS\r\n\r\nFilip Antoniazi \u2013 GOTHAM CITY\r\n\r\n\u0160t\u011bp\u00e1n Wilkus\r\n\r\nVikt\u00f3ria Madasnk\u00e1\r\n\r\nART BASS\r\n\r\nFOTBALOFOBIE\r\n\r\n\r\n&nbsp;\r\n\r\n\r\n\r\n\r\nIn cooperation with:\r\n\r\n&nbsp; &nbsp;&nbsp; &nbsp;  &nbsp;  \r\n\r\n&nbsp;\r\n\r\n&nbsp;\r\nSupported by Beauftragten der Bundesregierung f\u00fcr Kultur und Medien.\r\n\r\n\r\n&nbsp;\r\n\r\n&nbsp; &nbsp;  &nbsp;&nbsp; &nbsp;&nbsp; &nbsp;\r\n\r\n\r\n\r\n&nbsp;\"><ul class=\"post-categories\">\n\t<li><a href=\"https:\/\/www.geh8.de\/en\/category\/festival\/\" rel=\"category tag\">Festival<\/a><\/li><\/ul><h3><span class=\"sub1\"><span class=\"sub2\"><span class=\"sub3\"><a href=\"https:\/\/www.geh8.de\/en\/4-verstaerker-kunst-film-festival-teilnehmer-innen\/\">4th Verst\u00e4rker Art-Film-Festival: participating entries<\/a><\/span><\/span><\/span><\/h3><p>From June 17 &#8211; 18, 2022, the GEH8 Art and Culture Center in Dresden will [&hellip;]<\/p>\n<\/div><\/div><div class=\"grid-item archive hyphenate querformat post-10792 post type-post status-publish format-standard has-post-thumbnail hentry category-performance category-konzert\"><a href=\"https:\/\/www.geh8.de\/en\/kunst-raum-konzerte-praesentieren-johannes-gerstengarbe-und-tim-schreiber\/\"><img decoding=\"async\" src=\"https:\/\/www.geh8.de\/page\/wp-content\/uploads\/2022\/06\/KunstraumKonzerte_Johannes_Tim-288x216.png\" class=\"attachment-tile-landscape-low size-tile-landscape-low wp-post-image\" alt=\"\" srcset=\"https:\/\/www.geh8.de\/page\/wp-content\/uploads\/2022\/06\/KunstraumKonzerte_Johannes_Tim-288x216.png 288w, https:\/\/www.geh8.de\/page\/wp-content\/uploads\/2022\/06\/KunstraumKonzerte_Johannes_Tim-448x336.png 448w, https:\/\/www.geh8.de\/page\/wp-content\/uploads\/2022\/06\/KunstraumKonzerte_Johannes_Tim-368x276.png 368w, https:\/\/www.geh8.de\/page\/wp-content\/uploads\/2022\/06\/KunstraumKonzerte_Johannes_Tim-90x67.png 90w\" sizes=\"(max-width: 288px) 100vw, 288px\" \/><\/a><div class=\"grid-entry haase-archive\" data-content=\"\r\n\r\n\r\nThe Kunst.Raum.Konzerte offer a platform for the fusion of sound-, image- and space-based arts. In the process, music is always joined by another art form. In addition to playing their own pieces, each band develops a composition in real time together with the audience.\r\n\r\nJOHANNES GERSTENGARBE\r\n\r\nJohannes Gerstengarbe is considered a newcomer in the music scene. However, the musician with his 20 years of experience as a producer cannot be called a newcomer. The musician was decisively influenced by his stay in Nashville, where he learned to produce at the legendary RCA Studios and met the greats of the music scene for which the city in Tennessee is famous. He himself describes his music like this: &quot;For me it&#039;s pop, but more handmade. It&#039;s beautiful melodies with a dirty sound.&quot;\r\n\r\nTIM SCHREIBER\r\n\r\nAs a mime, Tim Schreiber always seeks out cross-genre projects, be it with musicians from jazz and classical music or with comedians. He roams the genre of clowning, stand-up and always embarks on an odyssey of joyful failure.\r\n\r\nWhen: Friday, June 17, 2022\r\nStart: 8 pm\r\nWhere: GEH8\r\n\r\nVA Venue: GEH8 Kunstraum, Gehestra\u00dfe 8, 01127 Dresden\r\n\r\n\r\n&nbsp;\r\n\"><ul class=\"post-categories\">\n\t<li><a href=\"https:\/\/www.geh8.de\/en\/category\/performance\/\" rel=\"category tag\">Performance<\/a><\/li>\n\t<li><a href=\"https:\/\/www.geh8.de\/en\/category\/konzert\/\" rel=\"category tag\">Concert<\/a><\/li><\/ul><h3><span class=\"sub1\"><span class=\"sub2\"><span class=\"sub3\"><a href=\"https:\/\/www.geh8.de\/en\/kunst-raum-konzerte-praesentieren-johannes-gerstengarbe-und-tim-schreiber\/\">Kunst.Raum.Konzerte present: Johannes Gerstengarbe meets Tim Schreiber<\/a><\/span><\/span><\/span><\/h3><p>The Kunst.Raum.Konzerte offer a platform for the fusion of sound-, image- and space-based arts. In [&hellip;]<\/p>\n<\/div><\/div><div class=\"grid-item archive hyphenate querformat post-10529 post type-post status-publish format-standard has-post-thumbnail hentry category-konzert\"><a href=\"https:\/\/www.geh8.de\/en\/kunst-raum-konzerte-praesentiert-tolyqyn-trifft-susanna-grossmann\/\"><img decoding=\"async\" src=\"https:\/\/www.geh8.de\/page\/wp-content\/uploads\/2022\/05\/KRK_0522_FB-288x216.png\" class=\"attachment-tile-landscape-low size-tile-landscape-low wp-post-image\" alt=\"\" srcset=\"https:\/\/www.geh8.de\/page\/wp-content\/uploads\/2022\/05\/KRK_0522_FB-288x216.png 288w, https:\/\/www.geh8.de\/page\/wp-content\/uploads\/2022\/05\/KRK_0522_FB-448x336.png 448w, https:\/\/www.geh8.de\/page\/wp-content\/uploads\/2022\/05\/KRK_0522_FB-368x276.png 368w, https:\/\/www.geh8.de\/page\/wp-content\/uploads\/2022\/05\/KRK_0522_FB-90x67.png 90w\" sizes=\"(max-width: 288px) 100vw, 288px\" \/><\/a><div class=\"grid-entry haase-archive\" data-content=\"\r\n\r\n\r\n\r\n\r\n\r\nThe Kunst.Raum.Konzerte offer a platform for the fusion of sound-, image- and space-based arts. In the process, music is always joined by another art form. Each band develops - in addition to playing their own pieces - a composition in real time together with the audience.\r\n\r\nTOLYQYN\r\n\r\nTolyqyn - that&#039;s Roland Satterwhite (plucked viola and voice), Tal Arditi, the jazz guitar prodigy, and drummer Rafat Muhammad. Their debut album TOLYQYN was released in April 2020 to critical acclaim. They even made their TV debut on ZDF&#039;s Morgen Magazin in October 2020. The band juggles rock, jazz, Afro-Cuban rhythms, West African Kora music, high life groove, folk music and other genres across genres. Known for their stylistically diverse experimentation and improvisational talentT, the trio embarks on a musical expedition into virtuosic sonic spheres at every concert. Thus, each concert becomes a unique experience for the audience. Currently the trio is working on a new EP, which will be released this year.\r\n\r\nSUSANNA GROSSMANN\r\n\r\nBehind the pseudonym as well as label Sasuli is the fashion designer Susanna Gei\u00dfler, who lives and works in Dresden. Her work spans artistic one-off pieces, sustainable streetwear and project work. Away from fast fashion, she searches for the social role of fashion and dares the balancing act between fashion design and art.\r\n\r\nWhen: Thursday, May 26, 2022\r\nStart: 8 pm\r\nWhere: GEH8\r\n\r\nVenue: GEH8 Kunstraum, Gehestra\u00dfe 8, 01127 Dresden, Germany\r\nVVk: 10\u20ac \/ reduced 7 \u20ac + VVK fees\r\nReduction: Pupils\/students\/trainees, Dresden Pass holders, severely handicapped IDs\r\nContigent: 50\r\n\r\n\r\n\r\n\r\n\"><ul class=\"post-categories\">\n\t<li><a href=\"https:\/\/www.geh8.de\/en\/category\/konzert\/\" rel=\"category tag\">Concert<\/a><\/li><\/ul><h3><span class=\"sub1\"><span class=\"sub2\"><span class=\"sub3\"><a href=\"https:\/\/www.geh8.de\/en\/kunst-raum-konzerte-praesentiert-tolyqyn-trifft-susanna-grossmann\/\">Kunst.Raum.Konzerte present: Tolyqyn meets Susanna Gro\u00dfmann<\/a><\/span><\/span><\/span><\/h3><p>The Kunst.Raum.Konzerte offer a platform for the fusion of sound-, image- and space-based arts. In [&hellip;]<\/p>\n<\/div><\/div><div class=\"grid-item archive hyphenate querformat post-9923 post type-post status-publish format-standard has-post-thumbnail hentry category-konzert\"><a href=\"https:\/\/www.geh8.de\/en\/konzert-kronenquartett-2\/\"><img decoding=\"async\" src=\"https:\/\/www.geh8.de\/page\/wp-content\/uploads\/2022\/03\/Kronen-Quartett-copyright-Heidrun-Schentke-288x216.webp\" class=\"attachment-tile-landscape-low size-tile-landscape-low wp-post-image\" alt=\"\" srcset=\"https:\/\/www.geh8.de\/page\/wp-content\/uploads\/2022\/03\/Kronen-Quartett-copyright-Heidrun-Schentke-288x216.webp 288w, https:\/\/www.geh8.de\/page\/wp-content\/uploads\/2022\/03\/Kronen-Quartett-copyright-Heidrun-Schentke-448x336.webp 448w, https:\/\/www.geh8.de\/page\/wp-content\/uploads\/2022\/03\/Kronen-Quartett-copyright-Heidrun-Schentke-368x276.webp 368w, https:\/\/www.geh8.de\/page\/wp-content\/uploads\/2022\/03\/Kronen-Quartett-copyright-Heidrun-Schentke-90x67.webp 90w\" sizes=\"(max-width: 288px) 100vw, 288px\" \/><\/a><div class=\"grid-entry haase-archive\" data-content=\"\r\n\r\nIn June 2020, four Dresden-based musicians meet and immediately a musical symbiosis with a common musical language develops, which the four take as an opportunity to found the Kronenquartett.\r\n\r\nAfter the long musicless dry spell of the first lockdown in spring 2020 Lenka, J\u00f6rg, Eva-Maria and Tobias start to work on a broad repertoire. The renewed shutdown of performance opportunities at least leaves the four of them the opportunity to pursue rehearsal work together under the given circumstances. During this challenging time they find a special sound through intensive work, caused by the tuning in 432 Hz. The experiences that have arisen during the renewed lockdown almost exclusively in performance opportunities at church services and devotions show that the quartet intuitively and automatically chooses somewhat calmer tempos with this slightly lower tuning, while at the same time the feeling arises of making music with heightened senses.\r\n\r\nMusicians:\r\nLenka Matejakova, violin\r\nJ\u00f6rg Fa\u00dfmann, violin\r\nEva-Maria Knauer, viola\r\nTobias B\u00e4z, violoncello\r\n\r\n\r\n&nbsp;\r\nWhen: Sonntag, 29. Mai 2022\r\nStart: 16 Uhr\r\nWhere: GEH8 Kunstraum\r\n&nbsp;\r\nThe entrance is on donation basis!\r\n&nbsp;\r\n&nbsp;\r\n&nbsp;\r\nSupported by:\r\n\r\n&nbsp;\r\n&nbsp; \r\n&nbsp;\r\n&nbsp;\"><ul class=\"post-categories\">\n\t<li><a href=\"https:\/\/www.geh8.de\/en\/category\/konzert\/\" rel=\"category tag\">Concert<\/a><\/li><\/ul><h3><span class=\"sub1\"><span class=\"sub2\"><span class=\"sub3\"><a href=\"https:\/\/www.geh8.de\/en\/konzert-kronenquartett-2\/\">Concert Kronenquartett<\/a><\/span><\/span><\/span><\/h3><p>In June 2020, four Dresden-based musicians meet and immediately a musical symbiosis with a common [&hellip;]<\/p>\n<\/div><\/div><div class=\"grid-item archive hyphenate querformat post-10442 post type-post status-publish format-standard has-post-thumbnail hentry category-festival\"><a href=\"https:\/\/www.geh8.de\/en\/5-internationales-elbe-dock-festival\/\"><img decoding=\"async\" src=\"https:\/\/www.geh8.de\/page\/wp-content\/uploads\/2022\/05\/2048x1152_GEH8_ED_22_-288x216.png\" class=\"attachment-tile-landscape-low size-tile-landscape-low wp-post-image\" alt=\"\" srcset=\"https:\/\/www.geh8.de\/page\/wp-content\/uploads\/2022\/05\/2048x1152_GEH8_ED_22_-288x216.png 288w, https:\/\/www.geh8.de\/page\/wp-content\/uploads\/2022\/05\/2048x1152_GEH8_ED_22_-448x336.png 448w, https:\/\/www.geh8.de\/page\/wp-content\/uploads\/2022\/05\/2048x1152_GEH8_ED_22_-368x276.png 368w, https:\/\/www.geh8.de\/page\/wp-content\/uploads\/2022\/05\/2048x1152_GEH8_ED_22_-90x67.png 90w\" sizes=\"(max-width: 288px) 100vw, 288px\" \/><\/a><div class=\"grid-entry haase-archive\" data-content=\"The ELBE DOCK International Film Festival is a competition presenting film students and debut and second films by filmmakers from Central Europe. The ELBE DOCK AWARD is presented in the short film category (feature, experimental, animation and documentary). The 16th Pavel Kouteck\u00fd Award is closely connected with the festival and will be awarded to the best Czech first or second documentary films by filmmakers in both the feature film and short film sections. The competition program is complemented by a non-competitive selection of the best films from Troms\u00f8 (Norway), Gothenburg (Sweden) and Berlin (Germany) called TroGoBer. The festival is distinguished by its accompanying program, which focuses on opportunities to try out, think about and play with film and audiovisual arts for all ages.\r\n\r\nThe festival will take place in Germany and the Czech Republic from May 12-22, 2022.\r\n\r\nConnecting German and Czech culture and promoting Central European dialogue in the field of audiovisual production is one of the main goals of the festival. By locating ELBE DOCK in the German state of Saxony, the Czech region of \u00dast\u00ed nad Labem and Prague, the festival aims to promote the development of cultural infrastructure and film audiences in an industrial border region that has long been neglected in this regard. The partnership with Germany adds another dimension of international cooperation to the festival, which has the potential to enrich cultural events in both regions in the long term.\r\n\r\nIn Dresden, the festival will take place May 20-21 at the GEH8 art space. The award-winning films of the Pavel Kouteck\u00fd Award, the award-winning Czech short films of the Czech Film Award Czech Lion, the competition films of the ELBE DOCK Award and a selection of the best films of the world festivals called as TroGoBer will be shown. There will also be a discussion about the future of the \u00dast\u00ed nad Labem region and Saxony and the future of film education. The future theme will be complemented by a German-Czech exhibition, industry networking, city tours, screenings of competition films and a musical performance by Jakub K\u00f6nig (known as Kittchen).\r\n\r\nIn Prague, the program will take place from May 12 to 15 at the Kaval\u00edrka Cinema: a preview of the Pavel Kouteck\u00fd Award, a program for students promoting films and video games, a trailer evening, Czech premieres of films from world festivals, and a meeting of Radio Wave&#039;s host duo Buchty with the famous Czech documentary filmmaker V\u00edt Klus\u00e1k.\r\n\r\nIn \u00dast\u00ed nad Labem, the program will take place from May 18 to 21 in the Bunker (a nuclear bunker from the 1960s, which will be specially opened to festival visitors and the public during ELBE DOCK), where we will present all the films of the Pavel Kouteck\u00fd Award, the award ceremony and a Czech-German exhibition on the theme Quo Vadis \u00dast\u00ed? In the Public Hall Hrani\u010d\u00e1\u0159 will be shown mainly Czech premieres from world festivals and films nominated for the ELBE DOCK Award.\r\n\r\nWhen: 20 &amp; 21.05.2022\r\nWhere: GEH8\r\n\r\nHere you can read the programm!\r\nHere you can find the facebook event!\r\n\r\nHere you can buy tickets!\r\nHere you can buy festivalpassports!\r\n\r\n&nbsp;\r\n\r\n\r\n\r\n------------------------------------------- TSCHECHISCH ---------------------------------------------------\r\n\r\nMezin\u00e1rodn\u00ed filmov\u00fd festival ELBE DOCK je sout\u011b\u017en\u00ed p\u0159ehl\u00eddkou student\u016f filmov\u00fdch \u0161kol, debut\u016f a druh\u00fdch sn\u00edmk\u016f filma\u0159\u016f ze St\u0159edn\u00ed Evropy. Vlajkov\u00e1 cena festivalu ELBE DOCK AWARD je ud\u011blov\u00e1na v kategorii kr\u00e1tkometr\u00e1\u017en\u00edch film\u016f (hran\u00fdch, experiment\u00e1ln\u00edch, animovan\u00fdch a\r\n\r\ndokument\u00e1rn\u00edch). S festivalem je \u00fazce spojena ji\u017e 16. Cena Pavla Kouteck\u00e9ho a bude stejn\u011b jako doposud i tentokr\u00e1t ud\u011blena nejlep\u0161\u00edmu \u010desk\u00e9mu dokument\u00e1rn\u00edmu prvn\u00edmu \u010di druh\u00e9mu filmu tv\u016frce, a to jak v celove\u010dern\u00ed, tak kr\u00e1tkometr\u00e1\u017en\u00ed sekci. Sout\u011b\u017en\u00ed program dopln\u00ed nesout\u011b\u017en\u00ed v\u00fdb\u011br nejlep\u0161\u00edch film\u016f z norsk\u00e9ho Tromsa, \u0161v\u00e9dsk\u00e9ho G\u00f6teborgu a n\u011bmeck\u00e9ho Berl\u00edna zvan\u00fd Semaine de la critique po\u010desku. Festival je v\u00fdjime\u010dn\u00fd ve sv\u00e9m doprovodn\u00e9m programu, kter\u00fd se soust\u0159ed\u00ed na mo\u017enosti vyzkou\u0161et, p\u0159em\u00fd\u0161let a hr\u00e1t si s filmem a audiovizu\u00e1ln\u00edm um\u011bn\u00edm pro v\u0161echny v\u011bkov\u00e9 kategorie.\r\n\r\nFestival prob\u011bhne od 12. do 22. kv\u011btna 2022 v \u010cesku a N\u011bmecku.\r\n\r\nPr\u00e1v\u011b propojen\u00ed \u010desk\u00e9 a n\u011bmeck\u00e9 kultury a podpora st\u0159edoevropsk\u00e9ho dialogu v oblasti audiovizu\u00e1ln\u00ed tvorby je jedn\u00edm z hlavn\u00edch c\u00edl\u016f festivalu. Zasazen\u00ed ELBE DOCKu do n\u011bmeck\u00e9ho Saska, \u010desk\u00e9ho \u00dasteck\u00e9ho kraje a Prahy m\u00e1 za \u00fa\u010del podn\u011bcovat rozvoj kulturn\u00ed infrastruktury a&nbsp; filmov\u00e9ho publika v pohrani\u010dn\u00ed pr\u016fmyslov\u00e9 oblasti, kter\u00e1 byla v tomto sm\u011bru dlouho zanedb\u00e1v\u00e1na. Partnerstv\u00ed s N\u011bmeckem pak do festivalu vn\u00e1\u0161\u00ed dal\u0161\u00ed rozm\u011br mezin\u00e1rodn\u00ed spolupr\u00e1ce, kter\u00e1 m\u00e1 potenci\u00e1l vz\u00e1jemn\u011b inspirovat kulturn\u00ed d\u011bn\u00ed v obou regionech v dlouhodob\u00e9m horizontu.\r\n\r\n&nbsp;V Dr\u00e1\u017e\u010fanech zakotv\u00ed festival od 20. do 21. kv\u011btna v kulturn\u00edm a um\u011bleck\u00e9m prostoru GEH8. Prom\u00edtneme zde ocen\u011bn\u00e9 filmy Ceny Pavla Kouteck\u00e9ho, ocen\u011bn\u00e9 \u010desk\u00e9 kra\u0165asy \u010cesk\u00e9ho lva, v\u0161echny sout\u011b\u017en\u00ed filmy Ceny ELBE DOCK, v\u00fdb\u011br nejlep\u0161\u00edch film\u016f ze sv\u011btov\u00fdch festival\u016f alias Semaine de la critique po\u010desku. D\u00e1le zde prob\u011bhne diskuse o budoucnosti \u00dasteck\u00e9ho kraje a Saska, o budoucnosti audiovizu\u00e1ln\u00ed v\u00fdchovy a t\u00e9ma budoucnosti dopln\u00ed i \u010desko-n\u011bmeck\u00e1 v\u00fdstava, Industry networking, prohl\u00eddky m\u011bsta, projekce sout\u011b\u017en\u00edch film\u016f a hudebn\u00ed vystoupen\u00ed Jakuba K\u00f6niga (jinak vystupuj\u00edc\u00edho pod pseudonymem Kittchen).\r\n\r\n&nbsp;V Praze se program odehraje od 12. do 15. kv\u011btna: v Kin\u011b Kaval\u00edrka prob\u011bhne p\u0159edpremi\u00e9rov\u00e9 uveden\u00ed Ceny Pavla Kouteck\u00e9ho, studentsk\u00fd program zam\u011b\u0159en\u00fd na propagaci film\u016f a videoher, ve\u010der trailer\u016f, \u010desk\u00e9 premi\u00e9ry film\u016f ze sv\u011btov\u00fdch festival\u016f a setk\u00e1n\u00ed Zuzany Fuksov\u00e9 a Ivany Veselkov\u00e9 z po\u0159adu Buchty Radia Wave s dokumentaristou V\u00edtem Klus\u00e1kem.\r\n\r\nV \u00dast\u00ed nad Labem bude program prob\u00edhat od 18. do 21. kv\u011btna v Bunkru (protiatomov\u00fd kryt z 60. let, kter\u00fd bude po dobu ELBE DOCKu speci\u00e1ln\u011b otev\u0159en pro festivalov\u00e9 n\u00e1v\u0161t\u011bvn\u00edky a ve\u0159ejnost), ve kter\u00e9m uvedeme v\u0161echny filmy Ceny Pavla Kouteck\u00e9ho, p\u0159ed\u00e1v\u00e1n\u00ed t\u00e9to ceny a \u010desko-n\u011bmeckou v\u00fdstavu zam\u011b\u0159enou na t\u00e9ma Kam to cel\u00e9 \u00dast\u00ed?. Ve Ve\u0159ejn\u00e9m s\u00e1le Hrani\u010d\u00e1\u0159 uvedeme p\u0159edev\u0161\u00edm \u010desk\u00e9 premi\u00e9ry ze sv\u011btov\u00fdch festival\u016f a nominovan\u00e9 filmy na Cenu ELBE DOCK.\"><ul class=\"post-categories\">\n\t<li><a href=\"https:\/\/www.geh8.de\/en\/category\/festival\/\" rel=\"category tag\">Festival<\/a><\/li><\/ul><h3><span class=\"sub1\"><span class=\"sub2\"><span class=\"sub3\"><a href=\"https:\/\/www.geh8.de\/en\/5-internationales-elbe-dock-festival\/\">5th International Elbe Dock Festival<\/a><\/span><\/span><\/span><\/h3><p>The ELBE DOCK International Film Festival is a competition presenting film students and debut and [&hellip;]<\/p>\n<\/div><\/div><div class=\"grid-item archive hyphenate querformat post-10432 post type-post status-publish format-standard has-post-thumbnail hentry category-ausstellung\"><a href=\"https:\/\/www.geh8.de\/en\/outside-the-bounding-box-junge-designpositionen-zu-kuenstlicher-intelligenz\/\"><img decoding=\"async\" src=\"https:\/\/www.geh8.de\/page\/wp-content\/uploads\/2022\/05\/titelbild-288x216.jpg\" class=\"attachment-tile-landscape-low size-tile-landscape-low wp-post-image\" alt=\"\" srcset=\"https:\/\/www.geh8.de\/page\/wp-content\/uploads\/2022\/05\/titelbild-288x216.jpg 288w, https:\/\/www.geh8.de\/page\/wp-content\/uploads\/2022\/05\/titelbild-448x336.jpg 448w, https:\/\/www.geh8.de\/page\/wp-content\/uploads\/2022\/05\/titelbild-368x276.jpg 368w, https:\/\/www.geh8.de\/page\/wp-content\/uploads\/2022\/05\/titelbild-90x67.jpg 90w\" sizes=\"(max-width: 288px) 100vw, 288px\" \/><\/a><div class=\"grid-entry haase-archive\" data-content=\"Artificial intelligence (AI) is now the ubiquitous pace-setter of automation. At the same time, it is\r\nprojection surface for speculative futures. It is already here and yet always in the process of being created, It always remains a draft, has to be shaped and redesigned. In the process of machine learning AI is trained with comprehensive data sets, e.g. with millions of images, in order to build a model of the world. Bounding boxes frame the objects recognized and classified by the machine. What lies outside the bounding box does not exist for the AI.\r\n\r\nAs young designers, we address questions that go beyond the binary view of the machine: Will our work one day be done by machines and will our creations be made obsolete? Or is increasing automation the long-awaited salvation from permanent overwork? What can productive collaboration between man and machine look like? And is creativity really only man-made?\r\n\r\nAs a self-organized team of bachelor and master students of the faculty of design of the Dresden University of Applied Sciences, we show a spectrum of critical, experimental and artistic works. The projects make it possible to experience in an aesthetic way, what is outside of what is visible and classifiable for the machine. Our design perspective allows a special access, as we work with the technologies as well as being affected by them. We invite you to Outside the Bounding Box to think about, discuss and actively shape the present and future with AI.\r\n\r\nArtists:\r\nBastian Caspari\r\nRobin Escher\r\nPaul F\u00f6rster\r\nBernadette Geiger\r\nLasse Grimm\r\nRobert Hellwig\r\nFelix Hoffmann\r\nVictoria Itter\r\nEmily Krause\r\nHannah Charlotte Krause\r\nJessica Lasch\r\nFranz Richter\r\nNico R\u00fctzel\r\nLina Schwarzenberg\r\nLevi Ameon Stone\r\nVanessa Wahls\r\nElla Zickerick\r\n\r\nOrganizers:\r\nBernadette Geiger; Emily Krause; Lina Schwarzenberg; Levi Stein; Helena Strauch Stoll; Vanessa Wahls; Ella Zickerick\r\nAdvisory:\r\nProf. Dr. phil. Florian A. Schmidt Prof.\r\nDipl.-Des. Sebastian Schmieg\r\n\r\n&nbsp;\r\n\r\n[ngg src=&quot;galleries&quot; ids=&quot;158&quot; display=&quot;basic_thumbnail&quot;]\r\nPictures: Robert Hellwig\r\n&nbsp;\r\n\r\nDuration: 01 - 06 June 2022\r\nVernissage: Wednesday, 01. June | Start: 18.30 clock\r\nWhere: GEH8\r\n\r\nOpening hours:\r\nThursday\/Friday, June 02 &amp; 03 | 4 - 8 p.m.\r\nSaturday\/Sunday, 04. &amp; 05. June | 14 - 20 o&#039;clock\r\nMonday, June 06 | 4 - 8 p.m.\r\n\r\nMore information here!\r\n\r\n&nbsp;\r\nThis project is supported by:\r\n\r\n&nbsp;\r\n\r\n&nbsp;\"><ul class=\"post-categories\">\n\t<li><a href=\"https:\/\/www.geh8.de\/en\/category\/ausstellung\/\" rel=\"category tag\">Exhibition<\/a><\/li><\/ul><h3><span class=\"sub1\"><span class=\"sub2\"><span class=\"sub3\"><a href=\"https:\/\/www.geh8.de\/en\/outside-the-bounding-box-junge-designpositionen-zu-kuenstlicher-intelligenz\/\">Outside the Bounding Box \u2013 junge Designpositionen zu k\u00fcnstlicher Intelligenz<\/a><\/span><\/span><\/span><\/h3><p>Artificial intelligence (AI) is now the ubiquitous pace-setter of automation. At the same time, it [&hellip;]<\/p>\n<\/div><\/div><div class=\"grid-item archive hyphenate querformat post-9991 post type-post status-publish format-standard has-post-thumbnail hentry category-ausstellung category-lesung\"><a href=\"https:\/\/www.geh8.de\/en\/filmpremiere-ausstellung-50-uhr-das-du-im-ich\/\"><img decoding=\"async\" src=\"https:\/\/www.geh8.de\/page\/wp-content\/uploads\/2022\/04\/Plakat-Bild-2-288x216.jpg\" class=\"attachment-tile-landscape-low size-tile-landscape-low wp-post-image\" alt=\"\" srcset=\"https:\/\/www.geh8.de\/page\/wp-content\/uploads\/2022\/04\/Plakat-Bild-2-288x216.jpg 288w, https:\/\/www.geh8.de\/page\/wp-content\/uploads\/2022\/04\/Plakat-Bild-2-448x336.jpg 448w, https:\/\/www.geh8.de\/page\/wp-content\/uploads\/2022\/04\/Plakat-Bild-2-368x276.jpg 368w, https:\/\/www.geh8.de\/page\/wp-content\/uploads\/2022\/04\/Plakat-Bild-2-90x67.jpg 90w\" sizes=\"(max-width: 288px) 100vw, 288px\" \/><\/a><div class=\"grid-entry haase-archive\" data-content=\"A tribute to Matthias Kornetzky (1957 - 2019).\r\n\r\nMatthias Kornetzky was a central figure in the occupation and dissolution of the Ministry for State Security of the GDR in Berlin and Dresden and bipolar disturbed (manic-depressive). The last four years of his life were accompanied by Frank Wallburger (director) and a large, interdisciplinary network of people. In the summer of 2020, 50 Uhr is finished, a surreal-authentic film documentary about an extraordinarily eventful, crazy and dramatic life - told from the perspective and with the extreme mood progression of a bipolar disorder. Matthias and Frank&#039;s journey together ends tragically. Both die, one in the film and one in real life. Each in their own right has left a message.\r\n\r\nThe prehistory\r\n\r\nMatthias Kornetzky and Frank Wallburger get to know each other through three tragic deaths and painted oil paintings. Their first meeting in the fall of 2015 lasted eight hours. Frank was fascinated by Matthias&#039; incredible life achievement and the way he revealed it. They become friends and decide to revisit the stations of their lives together. The camera was almost always with them. Deeper and deeper Frank penetrated into the interior of Matthias, into a world completely foreign to him or as Matthias said: &quot;... into a labyrinth of synapses without logic and reason&quot;.\r\n\r\nMore than 300 people joined the two: Actors, musicians and singers, dancers, contemporary witnesses, companions and friends, experts from film, sound, dramaturgy, medicine and psychology, artists from different disciplines (...).\r\n\r\nAbout the film\r\n\r\nGenre: Psychodrama as surreal-authentic documentary, fiction, music and art film\r\nTheme: How does it feel to be manic-depressive? ... a homage to Matthias Kornetzky (co-dissolver of the Ministry for State Security of the GDR in Berlin and Dresden)\r\nLength: 183 minutes\r\nAge restriction: 18 years and older\r\nProducers: Frank Wallburger | Neuer S\u00e4chsischer Kunstverein e.V. with an interdisciplinary network\r\nDirector: Frank Wallburger\r\n\r\nAbout the exhibition\r\n\r\nGenre: painting, graphic art, photography, sculptures\/plastics, videography, installation\/object art\r\nCuration: Dirk Gro\u00dfer (opening exhibition)\r\nExhibiting artists (inaugural exhibition): Silvia Maria Philipp (Augsburg), Adidal Abou-Chamat (Egling), Antonia Gruber (Cologne), Hannah Lansburgh (Berlin), Constanze Sch\u00fcttoff (Radebeul\/Dresden), Maria Anwander (Berlin), Julia Peters (Leipzig), Johanna Failer (Dresden), Anja von Wins (Erching), Lisa Schubert (Leipzig), Bianca Strauch (Halle\/Saale), Saskia Kaiser (D\u00fcsseldorf), Sylvia Anais Kr\u00fcger (Ostseebad Nienhagen), Luise L\u00e4\u00dfig (Dresden), Anna Ameno (Coswig\/Saxony), Alexandra Kaufhold (Braunschweig\/Dresden), Kai Welf Hoyme (Cologne, M\u00f6nchengladbach), Bernd Miesing (D\u00fcsseldorf), Thomas Christians (Nienburg\/Saxony-Anhalt)\r\n\r\n&nbsp;\r\n\r\nDuration: April 29 - May 15, 2022\r\nExhibition: daily 15.00 - 19.00 (free admission)\r\nFilm: daily from 19.30 (admission: 8 \u20ac \/ 6 \u20ac reduced)\r\nVernissage: 29 &amp; 30 April| Start: 18.00 (Admission: 16.30)\r\nPanel discussion: 08 &amp; 15 May| Start: 10.00 a.m. (Panel guests: director, curator, etc.)\r\nWhere: GEH8\r\n\r\n&nbsp;\r\n\r\nMore information here!\"><ul class=\"post-categories\">\n\t<li><a href=\"https:\/\/www.geh8.de\/en\/category\/ausstellung\/\" rel=\"category tag\">Exhibition<\/a><\/li>\n\t<li><a href=\"https:\/\/www.geh8.de\/en\/category\/lesung\/\" rel=\"category tag\">Reading \/ Talk<\/a><\/li><\/ul><h3><span class=\"sub1\"><span class=\"sub2\"><span class=\"sub3\"><a href=\"https:\/\/www.geh8.de\/en\/filmpremiere-ausstellung-50-uhr-das-du-im-ich\/\">50 Uhr [das DU im ICH]<\/a><\/span><\/span><\/span><\/h3><p>A tribute to Matthias Kornetzky (1957 &#8211; 2019). Matthias Kornetzky was a central figure in [&hellip;]<\/p>\n<\/div><\/div><div class=\"grid-item archive hyphenate querformat post-9833 post type-post status-publish format-standard has-post-thumbnail hentry category-info category-ausstellung\"><a href=\"https:\/\/www.geh8.de\/en\/open-call-zur-ausstellung-under-construction\/\"><img decoding=\"async\" src=\"https:\/\/www.geh8.de\/page\/wp-content\/uploads\/2022\/02\/Andreev_Mut_70x105_RGB-288x216.jpg\" class=\"attachment-tile-landscape-low size-tile-landscape-low wp-post-image\" alt=\"\" srcset=\"https:\/\/www.geh8.de\/page\/wp-content\/uploads\/2022\/02\/Andreev_Mut_70x105_RGB-288x216.jpg 288w, https:\/\/www.geh8.de\/page\/wp-content\/uploads\/2022\/02\/Andreev_Mut_70x105_RGB-448x336.jpg 448w, https:\/\/www.geh8.de\/page\/wp-content\/uploads\/2022\/02\/Andreev_Mut_70x105_RGB-368x276.jpg 368w, https:\/\/www.geh8.de\/page\/wp-content\/uploads\/2022\/02\/Andreev_Mut_70x105_RGB-90x67.jpg 90w\" sizes=\"(max-width: 288px) 100vw, 288px\" \/><\/a><div class=\"grid-entry haase-archive\" data-content=\"&quot;Construction time again&quot; is the motto for the artistic program of GEH8 in Dresden in 2022. The title refers to the 1983 album of the same name by the band Depeche Mode, which brings together various songs that deal with the phenomenon of exploitation. It is about the exploitation of resources and a large part of the world&#039;s population, the destruction of nature and the ecological balance and the search for a new balance in the form of a reconstruction of existing conditions. With our annual program, almost 40 years after the release of the album, we would like to address the even greater urgency of global change. Within the framework of various activities and exhibitions, we plan to deal artistically in particular with aspects of re- and new construction, the reconstruction of - in a broader sense - existing space and material.\r\n\r\nFrom September 24 - October 31, 2022, GEH8 will organize an exhibition project entitled &quot;under construction&quot; in line with its annual theme. Works will be shown that focus on an essential characteristic of being an artist.\r\n\r\nThe primary focus will be on the process - the craftsmanship involved in creating art - as well as on the materials used. The artistic handling of the existing, the reuse, reworking, questioning and recreation of the given playfully imagines a sustainable and inventive future. Submission of concepts for artistic works created directly on site is encouraged.\r\n\r\nHere you can download the Participation Form with more information:\r\n\r\nOpenCall Participation Form\r\n\r\n&nbsp;\r\nPhoto: Marleen Andreev, &quot;Mut&quot;, 2020\r\n&nbsp;\r\n\r\n\r\nSponsored by the Federal Government Commissioner for Culture and the Media.\r\n\r\n&nbsp;\r\n\r\n&nbsp; &nbsp;  &nbsp;&nbsp; &nbsp;&nbsp; &nbsp;\"><ul class=\"post-categories\">\n\t<li><a href=\"https:\/\/www.geh8.de\/en\/category\/info\/\" rel=\"category tag\">Info<\/a><\/li>\n\t<li><a href=\"https:\/\/www.geh8.de\/en\/category\/ausstellung\/\" rel=\"category tag\">Exhibition<\/a><\/li><\/ul><h3><span class=\"sub1\"><span class=\"sub2\"><span class=\"sub3\"><a href=\"https:\/\/www.geh8.de\/en\/open-call-zur-ausstellung-under-construction\/\">Open Call to the exhibition \u201eunder construction\u201c<\/a><\/span><\/span><\/span><\/h3><p>&#8220;Construction time again&#8221; is the motto for the artistic program of GEH8 in Dresden in [&hellip;]<\/p>\n<\/div><\/div><div class=\"grid-item archive hyphenate querformat post-10030 post type-post status-publish format-standard has-post-thumbnail hentry category-performance\"><a href=\"https:\/\/www.geh8.de\/en\/rauschkoerper-tanzstueck-fuer-jugendliche-ab-14-jahren\/\"><img decoding=\"async\" src=\"https:\/\/www.geh8.de\/page\/wp-content\/uploads\/2022\/04\/Rauschkoerper1_ph.ChristianHofstettler-288x216.jpg\" class=\"attachment-tile-landscape-low size-tile-landscape-low wp-post-image\" alt=\"\" srcset=\"https:\/\/www.geh8.de\/page\/wp-content\/uploads\/2022\/04\/Rauschkoerper1_ph.ChristianHofstettler-288x216.jpg 288w, https:\/\/www.geh8.de\/page\/wp-content\/uploads\/2022\/04\/Rauschkoerper1_ph.ChristianHofstettler-448x336.jpg 448w, https:\/\/www.geh8.de\/page\/wp-content\/uploads\/2022\/04\/Rauschkoerper1_ph.ChristianHofstettler-368x276.jpg 368w, https:\/\/www.geh8.de\/page\/wp-content\/uploads\/2022\/04\/Rauschkoerper1_ph.ChristianHofstettler-90x67.jpg 90w\" sizes=\"(max-width: 288px) 100vw, 288px\" \/><\/a><div class=\"grid-entry haase-archive\" data-content=\"RauschK\u00f6rper thematizes the allure of intoxication, but also the decay of body and soul through drugs. Through improvisation and choreography, the performers find their own approach to the theme and implement these experiences through contemporary dance, breakdance and music. The portrayal of the everyday life of young people is also part of the piece, as well as original sound interviews from the research work of drug experience reports. This creates a projection and acoustic landscape for encounters, dance dialogues and confrontations, musically commented with an e-cello and a loop station.\r\n\r\nHow high is the price one pays when one can no longer perform without a foreign substance, when one can no longer survive without it? And how does the outside world react when theories meet personal fates?\r\n\r\nIdea\/Development: Laura H\u00e4rtel, Philip &quot;Lehmi&quot; Lehmann, Michaela Mehl\r\nDance: Philip &quot;Lehmi&quot; Lehmann, Michaela Mehl\r\nMusic\/Play: Laura H\u00e4rtel\r\nChoreographic collaboration: Wagner Moreira\r\ndramaturgy\/pedagogy\/set design: Cilly Zimmermann\r\nProject and guest performance management: Isolde Matkey \/ tristan Production\r\n\r\nRauschK\u00f6rper is offered as a two-part project for young people aged 14 and older and young adults. The offer includes the 45-minute dance piece and a 90-minute dance and music workshop, which also includes time for conversation and thematic education.\r\n\r\nWhen: May 24, 2022\r\nStart: 7 pm\r\nWhere: GEH8\r\n\r\n&nbsp;\r\n\r\nWatch the trailer!\r\n\r\nBuy tickets here! \"><ul class=\"post-categories\">\n\t<li><a href=\"https:\/\/www.geh8.de\/en\/category\/performance\/\" rel=\"category tag\">Performance<\/a><\/li><\/ul><h3><span class=\"sub1\"><span class=\"sub2\"><span class=\"sub3\"><a href=\"https:\/\/www.geh8.de\/en\/rauschkoerper-tanzstueck-fuer-jugendliche-ab-14-jahren\/\">RauschK\u00f6rper: Dance piece for teenagers from 14 years<\/a><\/span><\/span><\/span><\/h3><p>RauschK\u00f6rper thematizes the allure of intoxication, but also the decay of body and soul through [&hellip;]<\/p>\n<\/div><\/div><div class=\"grid-item archive hyphenate querformat post-10275 post type-post status-publish format-standard has-post-thumbnail hentry category-info\"><a href=\"https:\/\/www.geh8.de\/en\/geh8-unterstuetzt-artists-in-war-programm-des-jam-factory-art-centers-lliv-ukraine\/\"><img decoding=\"async\" src=\"https:\/\/www.geh8.de\/page\/wp-content\/uploads\/2022\/04\/Artists-in-War-Program-6-1-288x216.jpeg\" class=\"attachment-tile-landscape-low size-tile-landscape-low wp-post-image\" alt=\"\" srcset=\"https:\/\/www.geh8.de\/page\/wp-content\/uploads\/2022\/04\/Artists-in-War-Program-6-1-288x216.jpeg 288w, https:\/\/www.geh8.de\/page\/wp-content\/uploads\/2022\/04\/Artists-in-War-Program-6-1-448x336.jpeg 448w, https:\/\/www.geh8.de\/page\/wp-content\/uploads\/2022\/04\/Artists-in-War-Program-6-1-368x276.jpeg 368w, https:\/\/www.geh8.de\/page\/wp-content\/uploads\/2022\/04\/Artists-in-War-Program-6-1-90x67.jpeg 90w\" sizes=\"(max-width: 288px) 100vw, 288px\" \/><\/a><div class=\"grid-entry haase-archive\" data-content=\"Dear friends of GEH8!\r\nToday we turn to you with a special and important request. Please join us in supporting the ARTISTS IN WAR program of our friends from the Jam Factory Art Center in Lviv (Lemberg) in Ukraine.\r\n\r\nToday, Ukrainian art and culture workers are among the most vulnerable professionals in Ukrainian society, as almost all art and cultural institutions have ceased their activities; some have closed or migrated, others lie in ruins. All of the country&#039;s financial needs have been diverted to support the Ukrainian armed forces in resisting Russian aggression. These efforts are critical to Ukraine&#039;s survival.\r\n\r\nBut it is in these times of deepest crisis that art and culture are most needed to reflect on the human condition in a reality dominated by violence and pain. We need the hands and voices of artists\/artists to express what is going on in our minds and souls today in profound and lasting ways.\r\n\r\nThe Jam Factory Art Center was conceived as a cultural space where diverse art disciplines come together in a time of peace. The ARTISTS IN WAR program was launched to support and encourage Ukrainian artists to return to artistic work and become a voice of the society that is currently living through the most devastating times since World War 2.\r\n\r\nA one-time financial grant will support representatives of various artistic disciplines (theater, music, film, visual arts) who are active in their field and have the opportunity to address the war situation in their works. The amount of the one-time financial support per artist is 20.000 UAH = at present approx. 550,- to 600,- EUR.\r\n\r\nAs a friendly cultural institution, GEH8 supports the Jam Factory Art Center&#039;s appeal for donations. Thanks to the donations it is possible to alleviate the difficult situation of Ukrainian artists, so that Ukrainian culture can survive in this war.\r\n\r\nEveryone can join the ARTISTS IN WAR program, both personally and institutionally. Every contribution is important for the program.\r\n\r\nThe ways to donate can be found right at the bottom of this page as well as on the Jam Factory website at the following link!\r\n\r\nThank you very much for your support!\r\n\r\nPEACE FOR UKRAINE!\r\n\r\n*** Donations for ARTISTS IN WAR ***\r\n\r\n-&gt; by international order in Euro to:\r\n\r\nName: NGO &quot;JAM FACTORY\r\n\r\nBank: JSC KREDOBANK Lviv, Ukraine\r\n\r\nSWIFT: WUCBUA2X\r\n\r\nIBAN: UA913253650000026000011075896\r\n\r\nReason for payment: Financial support for statutory activities of Jam Factory Art Center, NGO.\r\n\r\nAddress: Jam Factory, 6 \/ office 2 akad. Bohomoltsia, Lviv, 79005, Ukraine\"><ul class=\"post-categories\">\n\t<li><a href=\"https:\/\/www.geh8.de\/en\/category\/info\/\" rel=\"category tag\">Info<\/a><\/li><\/ul><h3><span class=\"sub1\"><span class=\"sub2\"><span class=\"sub3\"><a href=\"https:\/\/www.geh8.de\/en\/geh8-unterstuetzt-artists-in-war-programm-des-jam-factory-art-centers-lliv-ukraine\/\">GEH8 supports ARTISTS IN WAR program of Jam Factory Art Center, Lviv, Ukraine<\/a><\/span><\/span><\/span><\/h3><p>Dear friends of GEH8! Today we turn to you with a special and important request. [&hellip;]<\/p>\n<\/div><\/div><div class=\"grid-item archive hyphenate querformat post-10190 post type-post status-publish format-standard has-post-thumbnail hentry category-info\"><a href=\"https:\/\/www.geh8.de\/en\/sommergarten-open-again\/\"><img decoding=\"async\" src=\"https:\/\/www.geh8.de\/page\/wp-content\/uploads\/2022\/04\/DSC04832-1-288x216.png\" class=\"attachment-tile-landscape-low size-tile-landscape-low wp-post-image\" alt=\"\" srcset=\"https:\/\/www.geh8.de\/page\/wp-content\/uploads\/2022\/04\/DSC04832-1-288x216.png 288w, https:\/\/www.geh8.de\/page\/wp-content\/uploads\/2022\/04\/DSC04832-1-448x336.png 448w, https:\/\/www.geh8.de\/page\/wp-content\/uploads\/2022\/04\/DSC04832-1-368x276.png 368w, https:\/\/www.geh8.de\/page\/wp-content\/uploads\/2022\/04\/DSC04832-1-90x67.png 90w\" sizes=\"(max-width: 288px) 100vw, 288px\" \/><\/a><div class=\"grid-entry haase-archive\" data-content=\"Dear visitors of the GEH8,\r\n\r\nit is finally time again! The summer garden opens again after its winter break of several months. The opening will take place on Thursday, April 14 from 4 pm. As in previous years, plenty of seating, snacks and drinks await you. This year, the gastro has also been expanded to include a covered bad weather option! If the weather plays along on Easter Monday (April 18), we will also open then.\r\n\r\nOtherwise the following opening hours apply:\r\n\r\nThursday: 16 \u2013 22 h\r\nFriday: 16 \u2013 22 o\u2019clock\r\nSaturday: 16 \u2013 22 o\u2019clock\r\nSunday: 16 \u2013 22 o\u2019clock\r\n\r\nWhere: GEH8 courtyard\r\n\r\nWe are looking forward to seeing you again!\"><ul class=\"post-categories\">\n\t<li><a href=\"https:\/\/www.geh8.de\/en\/category\/info\/\" rel=\"category tag\">Info<\/a><\/li><\/ul><h3><span class=\"sub1\"><span class=\"sub2\"><span class=\"sub3\"><a href=\"https:\/\/www.geh8.de\/en\/sommergarten-open-again\/\">Summergarden OPEN AGAIN<\/a><\/span><\/span><\/span><\/h3><p>Dear visitors of the GEH8, it is finally time again! The summer garden opens again [&hellip;]<\/p>\n<\/div><\/div><div class=\"grid-item archive hyphenate querformat post-10164 post type-post status-publish format-standard has-post-thumbnail hentry category-info\"><a href=\"https:\/\/www.geh8.de\/en\/wir-werden-gruener-iii\/\"><img decoding=\"async\" src=\"https:\/\/www.geh8.de\/page\/wp-content\/uploads\/2022\/04\/IMG_3233.CR2_-288x216.jpg\" class=\"attachment-tile-landscape-low size-tile-landscape-low wp-post-image\" alt=\"\" srcset=\"https:\/\/www.geh8.de\/page\/wp-content\/uploads\/2022\/04\/IMG_3233.CR2_-288x216.jpg 288w, https:\/\/www.geh8.de\/page\/wp-content\/uploads\/2022\/04\/IMG_3233.CR2_-448x336.jpg 448w, https:\/\/www.geh8.de\/page\/wp-content\/uploads\/2022\/04\/IMG_3233.CR2_-368x276.jpg 368w, https:\/\/www.geh8.de\/page\/wp-content\/uploads\/2022\/04\/IMG_3233.CR2_-90x67.jpg 90w\" sizes=\"(max-width: 288px) 100vw, 288px\" \/><\/a><div class=\"grid-entry haase-archive\" data-content=\"This year, too, the grounds of GEH8 will be given a helping hand, because we are getting greener and greener! With the help of the SUA Umweltakademie and the Stadtg\u00e4rten e.V. new plants could find their place in the courtyard. Besides fruits like sour cherries and apricots, oaks and white elderberry were planted.\r\n\r\n\r\n\r\n\r\n\r\nWell-equipped with suitable working materials, they were able to get started in the morning under blue skies and bright sunshine. With the new planting, especially the summer garden and the area around the parking spaces were beautified.\r\n\r\n\r\n\r\n\r\n\r\n&nbsp;\r\n\r\nYou can find more before\/after-pictures here !\r\n\r\nFurther sustainable measures that we have integrated as an arts and cultural center within GEH8 will be implemented here!\r\n\r\n\r\n&nbsp;\r\n\r\n&nbsp;&nbsp;&nbsp;&nbsp;&nbsp;&nbsp;&nbsp;&nbsp;&nbsp;&nbsp;&nbsp;&nbsp;&nbsp;&nbsp;&nbsp;&nbsp;&nbsp;&nbsp;&nbsp;&nbsp;&nbsp;&nbsp;&nbsp;&nbsp;&nbsp;&nbsp;&nbsp;&nbsp;&nbsp;&nbsp;&nbsp;&nbsp;&nbsp;&nbsp;&nbsp;&nbsp;&nbsp;&nbsp;&nbsp;&nbsp;&nbsp;&nbsp;&nbsp;&nbsp;&nbsp;&nbsp;&nbsp; \"><ul class=\"post-categories\">\n\t<li><a href=\"https:\/\/www.geh8.de\/en\/category\/info\/\" rel=\"category tag\">Info<\/a><\/li><\/ul><h3><span class=\"sub1\"><span class=\"sub2\"><span class=\"sub3\"><a href=\"https:\/\/www.geh8.de\/en\/wir-werden-gruener-iii\/\">We become greener! III<\/a><\/span><\/span><\/span><\/h3><p>This year, too, the grounds of GEH8 will be given a helping hand, because we [&hellip;]<\/p>\n<\/div><\/div><div class=\"grid-item archive hyphenate querformat post-9982 post type-post status-publish format-standard has-post-thumbnail hentry category-lesung\"><a href=\"https:\/\/www.geh8.de\/en\/gespraech-lesung-liebe-svenja-von-nilsson-samuelsson\/\"><img decoding=\"async\" src=\"https:\/\/www.geh8.de\/page\/wp-content\/uploads\/2021\/09\/Liebe-Svenja-288x216.jpg\" class=\"attachment-tile-landscape-low size-tile-landscape-low wp-post-image\" alt=\"\" srcset=\"https:\/\/www.geh8.de\/page\/wp-content\/uploads\/2021\/09\/Liebe-Svenja-288x216.jpg 288w, https:\/\/www.geh8.de\/page\/wp-content\/uploads\/2021\/09\/Liebe-Svenja-448x336.jpg 448w, https:\/\/www.geh8.de\/page\/wp-content\/uploads\/2021\/09\/Liebe-Svenja-368x276.jpg 368w, https:\/\/www.geh8.de\/page\/wp-content\/uploads\/2021\/09\/Liebe-Svenja-90x67.jpg 90w\" sizes=\"(max-width: 288px) 100vw, 288px\" \/><\/a><div class=\"grid-entry haase-archive\" data-content=\"\r\n\r\nOn December 1, 2021, the book &quot;Dear Svenja - 46 Postcards to the Federal Environment Minister&quot; by Nilsson Samuelsson was published by GEH8-Verlag. Between December 2020 and July 2021, the author wrote postcards to the then Federal Environment Minister Svenja Schulze on the topics of the environment, climate and social justice. He designed these with his own drawings as well as some image quotes from graffiti artists. The collected postcards have been turned into an illustrated book that reviews the year 2021 in pictures and short texts, supplemented by an epilogue by Svenja Schulze.\r\n\r\nOn April 28, 2022 at 6:30 pm we invite you to GEH8 for a talk and reading with Nilsson Samuelsson on the background, creation and content of the new book. Also joining us will be Kathrin Assauer, who will introduce our newly founded GEH8 publishing house.\r\n\r\nWhen: Thursday, April 28, 2022\r\nStart: 6:30 p.m.\r\nWhere: GEH8\r\n\r\nThe book &quot;Dear Svenja&quot; can be ordered from the GEH8 publishing house by sending an email for 18\u20ac (plus shipping) can be ordered and is also available at the local bookseller B\u00fcchers Best in Dresden eavailable.\r\n&nbsp;\r\nInfo about the book\r\n25 x 22cm, 112 pages, hardcover\r\n\r\n&nbsp;\r\n\r\nHere you can find even more information about the book!\r\n\r\n\"><ul class=\"post-categories\">\n\t<li><a href=\"https:\/\/www.geh8.de\/en\/category\/lesung\/\" rel=\"category tag\">Reading \/ Talk<\/a><\/li><\/ul><h3><span class=\"sub1\"><span class=\"sub2\"><span class=\"sub3\"><a href=\"https:\/\/www.geh8.de\/en\/gespraech-lesung-liebe-svenja-von-nilsson-samuelsson\/\">Talk + Reading: &#8220;LIEBE SVENJA&#8221; VON NILSSON SAMUELSSON<\/a><\/span><\/span><\/span><\/h3><p>On December 1, 2021, the book &#8220;Dear Svenja &#8211; 46 Postcards to the Federal Environment [&hellip;]<\/p>\n<\/div><\/div><div class=\"grid-item archive hyphenate querformat post-9970 post type-post status-publish format-standard has-post-thumbnail hentry category-info\"><a href=\"https:\/\/www.geh8.de\/en\/unterzeichnung-der-dresdner-charta-fuer-nachhaltigkeit-im-kultursektor\/\"><img decoding=\"async\" src=\"https:\/\/www.geh8.de\/page\/wp-content\/uploads\/2022\/03\/Screenshot-392-288x216.png\" class=\"attachment-tile-landscape-low size-tile-landscape-low wp-post-image\" alt=\"\" srcset=\"https:\/\/www.geh8.de\/page\/wp-content\/uploads\/2022\/03\/Screenshot-392-288x216.png 288w, https:\/\/www.geh8.de\/page\/wp-content\/uploads\/2022\/03\/Screenshot-392-448x336.png 448w, https:\/\/www.geh8.de\/page\/wp-content\/uploads\/2022\/03\/Screenshot-392-368x276.png 368w, https:\/\/www.geh8.de\/page\/wp-content\/uploads\/2022\/03\/Screenshot-392-90x67.png 90w\" sizes=\"(max-width: 288px) 100vw, 288px\" \/><\/a><div class=\"grid-entry haase-archive\" data-content=\"On Friday, March 25, 2022, we as an arts and cultural center and 24 other associations and institutions in Dresden signed the &quot;Dresden Charter for Sustainability in the Cultural Sector. In doing so, we commit ourselves to conscientious use of ecological, social and economic resources in the fields of action &quot;Procurement and Resource Management,&quot; &quot;Mobility,&quot; &quot;Building Technology and Energy,&quot; &quot;Employee Promotion and Satisfaction,&quot; and &quot;Communication.&quot; The circle of Dresden cultural institutions that signed the &quot;Culture for Future&quot; charter from the spectrum of municipal and state cultural institutions in January has thus been expanded to include the important scene of independent sponsors and initiatives.\r\n\r\nThe commitment to the charter is combined with an appeal to all cultural institutions and actors in the arts and culture to join the charter and undertake their own sustainability efforts. The appeal is supported by a video campaign on the social media channels of the state capital Dresden.\r\n&nbsp;\r\n\r\n\r\n[embed]https:\/\/www.youtube.com\/watch?v=jEepBjA8thA[\/embed]\r\n\r\n\r\nCopyright: Landeshauptstadt Dresden\r\n&nbsp;\r\nMore information here!\"><ul class=\"post-categories\">\n\t<li><a href=\"https:\/\/www.geh8.de\/en\/category\/info\/\" rel=\"category tag\">Info<\/a><\/li><\/ul><h3><span class=\"sub1\"><span class=\"sub2\"><span class=\"sub3\"><a href=\"https:\/\/www.geh8.de\/en\/unterzeichnung-der-dresdner-charta-fuer-nachhaltigkeit-im-kultursektor\/\">Signing of the Dresdner Charta f\u00fcr Nachhaltigkeit im Kultursektor<\/a><\/span><\/span><\/span><\/h3><p>On Friday, March 25, 2022, we as an arts and cultural center and 24 other [&hellip;]<\/p>\n<\/div><\/div><div class=\"grid-item archive hyphenate querformat post-9912 post type-post status-publish format-standard has-post-thumbnail hentry category-info\"><a href=\"https:\/\/www.geh8.de\/en\/austausch-der-flaggen-an-der-installation-g-flaggschiffe-von-saeed-foroghi\/\"><img decoding=\"async\" src=\"https:\/\/www.geh8.de\/page\/wp-content\/uploads\/2022\/03\/Peace-01-288x216.jpg\" class=\"attachment-tile-landscape-low size-tile-landscape-low wp-post-image\" alt=\"\" srcset=\"https:\/\/www.geh8.de\/page\/wp-content\/uploads\/2022\/03\/Peace-01-288x216.jpg 288w, https:\/\/www.geh8.de\/page\/wp-content\/uploads\/2022\/03\/Peace-01-80x61.jpg 80w, https:\/\/www.geh8.de\/page\/wp-content\/uploads\/2022\/03\/Peace-01-448x336.jpg 448w, https:\/\/www.geh8.de\/page\/wp-content\/uploads\/2022\/03\/Peace-01-368x276.jpg 368w, https:\/\/www.geh8.de\/page\/wp-content\/uploads\/2022\/03\/Peace-01-90x67.jpg 90w\" sizes=\"(max-width: 288px) 100vw, 288px\" \/><\/a><div class=\"grid-entry haase-archive\" data-content=\"&quot;We all ask ourselves, why is the noise of war swelling again? Another war besides Ethiopia, Yemen, Syria ...!? In what language could we shout it out so loudly that it is finally understood: Stop these damn wars!\r\nWith the artist Saeed Foroghi we want to set a sign for peace and understanding.&quot;\r\n\r\nThe previous flag installation on the GEH8 building will be taken down and replaced by a new one. Eight unicolored flags will be hoisted next to each other, reminding of the international symbol for peace and tolerance, the rainbow flag. The flags will be supplemented by the words &quot;Peace&quot;, written in those eight languages spoken by most people in this world. Do the separate colors of the rainbow flag lose their unifying message? Or is the mutual need for peace no longer understandable in the Babylonian confusion of languages?\r\n\r\nJust as in Russian and Ukrainian the word peace is identical, we also want to stand up for cohesion, solidarity and peace with this gesture.\r\n\r\n\r\n\r\nHere you can see more about the opening of the installation!\r\n\r\n&nbsp;\"><ul class=\"post-categories\">\n\t<li><a href=\"https:\/\/www.geh8.de\/en\/category\/info\/\" rel=\"category tag\">Info<\/a><\/li><\/ul><h3><span class=\"sub1\"><span class=\"sub2\"><span class=\"sub3\"><a href=\"https:\/\/www.geh8.de\/en\/austausch-der-flaggen-an-der-installation-g-flaggschiffe-von-saeed-foroghi\/\">Replacement of the flags on the installation &#8220;G? Flags&#8221; by Saeed Foroghi<\/a><\/span><\/span><\/span><\/h3><p>&#8220;We all ask ourselves, why is the noise of war swelling again? Another war besides [&hellip;]<\/p>\n<\/div><\/div><div class=\"grid-item archive hyphenate querformat post-9862 post type-post status-publish format-standard has-post-thumbnail hentry category-ausstellung\"><a href=\"https:\/\/www.geh8.de\/en\/ausstellung-reiterstandbild-or-an-equestrian-statue\/\"><img decoding=\"async\" src=\"https:\/\/www.geh8.de\/page\/wp-content\/uploads\/2022\/03\/Pasztor-Pasztor_2021_Kurzfilm_Kamera-Elise-Beutner-288x216.jpg\" class=\"attachment-tile-landscape-low size-tile-landscape-low wp-post-image\" alt=\"\" srcset=\"https:\/\/www.geh8.de\/page\/wp-content\/uploads\/2022\/03\/Pasztor-Pasztor_2021_Kurzfilm_Kamera-Elise-Beutner-288x216.jpg 288w, https:\/\/www.geh8.de\/page\/wp-content\/uploads\/2022\/03\/Pasztor-Pasztor_2021_Kurzfilm_Kamera-Elise-Beutner-448x336.jpg 448w, https:\/\/www.geh8.de\/page\/wp-content\/uploads\/2022\/03\/Pasztor-Pasztor_2021_Kurzfilm_Kamera-Elise-Beutner-368x276.jpg 368w, https:\/\/www.geh8.de\/page\/wp-content\/uploads\/2022\/03\/Pasztor-Pasztor_2021_Kurzfilm_Kamera-Elise-Beutner-90x67.jpg 90w\" sizes=\"(max-width: 288px) 100vw, 288px\" \/><\/a><div class=\"grid-entry haase-archive\" data-content=\"The theme of the exhibition is the equestrian statue. \u201cThe ruler on horseback\u201d in its representation, in addition to the wide scope in the composition, offers many opportunities to incorporate effective details. Through the timing of the representation and the accompanying scenarios, it is possible to enter into a dialogue with history, and it becomes understandable why the works were commissioned in this form. In its current presence, the equestrian statue appears anachronistic; in contrast, the demonstration of military and political power is timeless. Such an individualized human demonstration of power seems like a contradiction to the nature of the horse as a flight and herd animal: neither as a steed of state nor for heroization was it born.\r\n\r\nThe ten artists will artistically process the \u201cequestrian statue\u201d with the help of various media. In the surface, in space, in language and as a performance; in wall painting, drawing, graphics, digital media and textile design; in the exhibition space and on site, the boundaries and their transgression between discipline and profession and other influences can be sought. Across the sciences, art history, history, political science, philosophy or biology can be considered. The exhibition focuses on the visual, historical, and philosophical dimensions of the equestrian statue, as well as its sociocultural and political background.\r\n\r\nPARTICIPATING ARTISTS*:\r\n\r\nM\u00e4ki Closch (Universum)\r\nDarja E\u00dfer (D),\r\nChrista F\u00fclbier and Sanne Pawelzyk (D)\r\nFatma G\u00fcd\u00fc (D)\r\nJana Mertens and Johannes Mundinger (D)\r\nRoswitha Maul and Katharina Kretzschmar (D)\r\nAnna Lila May (D)\r\nKlara Meinhardt (D)\r\nSylvia P\u00e1sztor (D)\r\nPietro Sabatelli (D, B, I)\r\nTina Schulz (D)\r\nKatalin T\u00f3th (U)\r\nRebekah Wilhelm (USA)\r\n\r\nORGANIZATION AND CURATION: Sylvia P\u00e1sztor, Klara Meinhardt\r\n\r\nSCIENTIFIC ADVISORY AND INTRODUCTION: Dr. Alexander Wiehart M.A., philosopher, cultural and social scientist\r\n\r\n&nbsp;\r\n\r\nVernissage: April 8, 2022, 6 - 10 p.m., Opening lecture: &quot;Horse Fate. From the steppe via the statue to invisibility&quot; by Dr. Alexander Wiehart.\r\nFinissage: April 23, 2022, 6 p.m. - 8 p.m. (according to the currently valid Corona hygiene rules)\r\nDuration: April 8 - 23, 2022\r\nWhere: GEH8 Artspace\r\n\r\nOpening Hours:\r\nSat\/Sun, 9\/10 April, 2 \u2013 8 p.m.\r\nThu\/Fri, 14.\/15. April, 4 \u2013 8 p.m.\r\nSat, 16. April, 2 \u2013 8 p.m., 5 p.m. artist talk\r\nThu\/Fri, 21\/22 April, 4 \u2013 8 p.m.\r\nSat, 23. April, 2 \u2013 8 p.m., 6 \u2013 8 p.m. with DJ\r\n\r\n&nbsp;\r\nPicture: Sylvia P\u00e0sztor, P\u00e0sztor P\u00e0sztor, 2021 (Filmstill)\r\n&nbsp;\r\n\r\n\"><ul class=\"post-categories\">\n\t<li><a href=\"https:\/\/www.geh8.de\/en\/category\/ausstellung\/\" rel=\"category tag\">Exhibition<\/a><\/li><\/ul><h3><span class=\"sub1\"><span class=\"sub2\"><span class=\"sub3\"><a href=\"https:\/\/www.geh8.de\/en\/ausstellung-reiterstandbild-or-an-equestrian-statue\/\">Exhibition ,,REITER#STAND#BILD OR AN EQUESTRIAN STATUE\u201c<\/a><\/span><\/span><\/span><\/h3><p>The theme of the exhibition is the equestrian statue. \u201cThe ruler on horseback\u201d in its [&hellip;]<\/p>\n<\/div><\/div><div class=\"grid-item archive hyphenate querformat post-9780 post type-post status-publish format-standard has-post-thumbnail hentry category-info\"><a href=\"https:\/\/www.geh8.de\/en\/teilnahme-der-geh8-an-der-achten-kuenstlermesse-in-dresden\/\"><img decoding=\"async\" src=\"https:\/\/www.geh8.de\/page\/wp-content\/uploads\/2022\/02\/afc69881-5333-cac4-668c-8bf159075fc8-288x216.png\" class=\"attachment-tile-landscape-low size-tile-landscape-low wp-post-image\" alt=\"\" srcset=\"https:\/\/www.geh8.de\/page\/wp-content\/uploads\/2022\/02\/afc69881-5333-cac4-668c-8bf159075fc8-288x216.png 288w, https:\/\/www.geh8.de\/page\/wp-content\/uploads\/2022\/02\/afc69881-5333-cac4-668c-8bf159075fc8-448x336.png 448w, https:\/\/www.geh8.de\/page\/wp-content\/uploads\/2022\/02\/afc69881-5333-cac4-668c-8bf159075fc8-368x276.png 368w, https:\/\/www.geh8.de\/page\/wp-content\/uploads\/2022\/02\/afc69881-5333-cac4-668c-8bf159075fc8-90x67.png 90w\" sizes=\"(max-width: 288px) 100vw, 288px\" \/><\/a><div class=\"grid-entry haase-archive\" data-content=\"&nbsp;\r\n\r\n\r\nAlso this year the artist fair Dresden takes place for the eighth time! The GEH8 as a studio house is represented by the artists Sara Hoppe, Claudia Kleiner, Thomas Judisch and Michael Merkel.&nbsp;\r\n\r\nSomewhat airier designed and on a much larger area, about 100 artists, galleries of producers, art associations and offspaces (with a proven Dresden connection) will exhibit at nearly 80 booths. In addition to the actual K\u00dcNSTLERMESSE, the artists&#039; association will be showing a specially curated special exhibition on the three days of the fair, dedicated to the theme of the DHM&#039;s current exhibition &quot;Artificial Intelligence&quot;. In addition, the Dresden International Film Festival will present &quot;K\u00fcnstlich,&quot; a short film program, and the Dresden Book Children will animate younger guests to participate on Saturdays and Sundays. A highlight of this year&#039;s K\u00dcNSTLERMESSE is the film presentation &quot;Uncanny Valley&quot; by the project &quot;Rimini Protokoll&quot;, which will be followed by a discussion with Stefan Kaegi.\r\n\r\nGuests from Dresden&#039;s French twin city Strasbourg, from Daejeon in South Korea as well as students from the university class of Prof. Christian Sery round off the multifaceted program with their latest works. Patron of the K\u00dcNSTLERMESSE is State Minister for Culture and Tourism, Barbara Klepsch. Due to the pandemic, admission tickets will be allocated for a specific time slot.\r\n\r\nThe current hygiene regulations of the DHM apply to the admission and the visit!\r\n\r\nWhen: March 11 - 13, 2022\r\n\r\nFri, March 11, 2022, 3 - 10 p.m.\r\nSat, March 12, 2022, 10 a.m. - 9 p.m.\r\nSun, March 13, 2022, 10 a.m. - 6 p.m.\r\n\r\nWhere: Deutsches Hygiene-Museum\r\n\r\n\r\nMore information here!\"><ul class=\"post-categories\">\n\t<li><a href=\"https:\/\/www.geh8.de\/en\/category\/info\/\" rel=\"category tag\">Info<\/a><\/li><\/ul><h3><span class=\"sub1\"><span class=\"sub2\"><span class=\"sub3\"><a href=\"https:\/\/www.geh8.de\/en\/teilnahme-der-geh8-an-der-achten-kuenstlermesse-in-dresden\/\">Participation of GEH8 in the eighth artists&#8217; fair in Dresden<\/a><\/span><\/span><\/span><\/h3><p>&nbsp; Also this year the artist fair Dresden takes place for the eighth time! The [&hellip;]<\/p>\n<\/div><\/div><div class=\"grid-item archive hyphenate querformat post-9328 post type-post status-publish format-standard has-post-thumbnail hentry category-info\"><a href=\"https:\/\/www.geh8.de\/en\/gewinn-bei-der-weihnachtsaktion-2021-von-teilauto\/\"><img decoding=\"async\" src=\"https:\/\/www.geh8.de\/page\/wp-content\/uploads\/2022\/02\/teilauto-carsharing-sachsen-sachsen-anhalt-thueringen-weihnachtsaktion-2021-dankeschoen-288x216.png\" class=\"attachment-tile-landscape-low size-tile-landscape-low wp-post-image\" alt=\"\" srcset=\"https:\/\/www.geh8.de\/page\/wp-content\/uploads\/2022\/02\/teilauto-carsharing-sachsen-sachsen-anhalt-thueringen-weihnachtsaktion-2021-dankeschoen-288x216.png 288w, https:\/\/www.geh8.de\/page\/wp-content\/uploads\/2022\/02\/teilauto-carsharing-sachsen-sachsen-anhalt-thueringen-weihnachtsaktion-2021-dankeschoen-448x336.png 448w, https:\/\/www.geh8.de\/page\/wp-content\/uploads\/2022\/02\/teilauto-carsharing-sachsen-sachsen-anhalt-thueringen-weihnachtsaktion-2021-dankeschoen-368x276.png 368w, https:\/\/www.geh8.de\/page\/wp-content\/uploads\/2022\/02\/teilauto-carsharing-sachsen-sachsen-anhalt-thueringen-weihnachtsaktion-2021-dankeschoen-90x67.png 90w\" sizes=\"(max-width: 288px) 100vw, 288px\" \/><\/a><div class=\"grid-entry haase-archive\" data-content=\"\r\n&nbsp;\r\n\r\n\r\n\r\nWe are pleased to announce the winners of teilAuto&#039;s 2021 Christmas campaign!\r\n\r\n15 winners were drawn from among the participants, each of whom can look forward to a mobility budget of 1000 euros. Associations from Saxony, Saxony-Anhalt and Thuringia could apply with their sustainable ideas and concepts. An eight-member jury was allowed to select and decide on the winners. We applied with the project &quot;Hanging Gardens&quot; and won. Many thanks to teilAuto!\r\n\r\nThroughout the year, teilAuto&#039;s social media channels will report on how the winners use the budget to be sustainably mobile.\r\n\r\nMore info here!\r\n\r\n&nbsp;\r\n\r\n\"><ul class=\"post-categories\">\n\t<li><a href=\"https:\/\/www.geh8.de\/en\/category\/info\/\" rel=\"category tag\">Info<\/a><\/li><\/ul><h3><span class=\"sub1\"><span class=\"sub2\"><span class=\"sub3\"><a href=\"https:\/\/www.geh8.de\/en\/gewinn-bei-der-weihnachtsaktion-2021-von-teilauto\/\">Win at teilAuto&#8217;s 2021 christmas promotion!<\/a><\/span><\/span><\/span><\/h3><p>&nbsp; We are pleased to announce the winners of teilAuto&#8217;s 2021 Christmas campaign! 15 winners [&hellip;]<\/p>\n<\/div><\/div><div class=\"grid-item archive hyphenate querformat post-9199 post type-post status-publish format-standard has-post-thumbnail hentry category-ausstellung\"><a href=\"https:\/\/www.geh8.de\/en\/werkraum-ausstellung-vernissage-stefan-lenke-painting\/\"><img decoding=\"async\" src=\"https:\/\/www.geh8.de\/page\/wp-content\/uploads\/2022\/02\/IMG_0850-1-288x216.jpeg\" class=\"attachment-tile-landscape-low size-tile-landscape-low wp-post-image\" alt=\"\" srcset=\"https:\/\/www.geh8.de\/page\/wp-content\/uploads\/2022\/02\/IMG_0850-1-288x216.jpeg 288w, https:\/\/www.geh8.de\/page\/wp-content\/uploads\/2022\/02\/IMG_0850-1-448x336.jpeg 448w, https:\/\/www.geh8.de\/page\/wp-content\/uploads\/2022\/02\/IMG_0850-1-368x276.jpeg 368w, https:\/\/www.geh8.de\/page\/wp-content\/uploads\/2022\/02\/IMG_0850-1-90x67.jpeg 90w\" sizes=\"(max-width: 288px) 100vw, 288px\" \/><\/a><div class=\"grid-entry haase-archive\" data-content=\"\r\n\r\n\r\nSix photographs are the starting point of Stefan Lenke\u2019s new exhibition. Perpetuated in passing as snapshots, these images are the meandering trail we follow in Lenke\u2019s pictorial cosmos. His works are single images, which are shown here in blocks of works as a series. These works in small format are thereby of captivating clarity, clarity in reduction. Lenke experiments here with a flowing pictorial space and a captivating depth, which he creates through color intensity and a heterogeneous painterly ductus, when he uses spray can, pigment pen and acrylic to make his settlements on canvas and paper. Delicate yet powerful are these works. In his layered works, he opposes the virtual world, the digitality of our time something very own: Temporality and depth.\r\n\r\n\r\n\r\n\r\nVernissage: Saturday, March 5, 2022, 4 \u2013 8 p.m.\r\nDuration: March 5 \u2013 April 27, 2022\r\nWhen: open by appointment\r\nWhere: GEH8 WERKRaum\r\n\r\n(Caption @ Stefan Lenke)\r\n\r\n\r\n\r\n\r\n&nbsp;\r\n&nbsp;\r\nSponsored by the Federal Government Commissioner for Culture and the Media.\r\n\r\n&nbsp;\r\n\r\n&nbsp; &nbsp;  &nbsp;&nbsp; &nbsp;&nbsp; &nbsp;\r\n\r\n\"><ul class=\"post-categories\">\n\t<li><a href=\"https:\/\/www.geh8.de\/en\/category\/ausstellung\/\" rel=\"category tag\">Exhibition<\/a><\/li><\/ul><h3><span class=\"sub1\"><span class=\"sub2\"><span class=\"sub3\"><a href=\"https:\/\/www.geh8.de\/en\/werkraum-ausstellung-vernissage-stefan-lenke-painting\/\">WERKRaum Exhibition + Vernissage \/\/ Stefan Lenke &#8211; Painting<\/a><\/span><\/span><\/span><\/h3><p>Six photographs are the starting point of Stefan Lenke\u2019s new exhibition. Perpetuated in passing as [&hellip;]<\/p>\n<\/div><\/div><div class=\"grid-item archive hyphenate querformat post-9132 post type-post status-publish format-standard has-post-thumbnail hentry category-info\"><a href=\"https:\/\/www.geh8.de\/en\/die-abschlussdoku-zu-frei-raum-direkt-2021-ist-da\/\"><img decoding=\"async\" src=\"https:\/\/www.geh8.de\/page\/wp-content\/uploads\/2022\/01\/Unbenannt-1-288x216.png\" class=\"attachment-tile-landscape-low size-tile-landscape-low wp-post-image\" alt=\"\" srcset=\"https:\/\/www.geh8.de\/page\/wp-content\/uploads\/2022\/01\/Unbenannt-1-288x216.png 288w, https:\/\/www.geh8.de\/page\/wp-content\/uploads\/2022\/01\/Unbenannt-1-448x336.png 448w, https:\/\/www.geh8.de\/page\/wp-content\/uploads\/2022\/01\/Unbenannt-1-368x276.png 368w, https:\/\/www.geh8.de\/page\/wp-content\/uploads\/2022\/01\/Unbenannt-1-90x67.png 90w\" sizes=\"(max-width: 288px) 100vw, 288px\" \/><\/a><div class=\"grid-entry haase-archive\" data-content=\" It&#039;s done! We are pleased to announce the completion of the documentation of our project Frei.Raum.Direkt. 2021, which is now available for download here as a PDF:\r\n\r\nFrei.Raum.Direkt_Documentation_GEH8 ENGLISH\r\n\r\nBut not only that! In addition to the completion of the documentation, we are also pleased with the successful implementation of this very ambitious project as a whole. For Frei.Raum.Direkt. was art in the best sense of the word, a courageous step into unknown territory, an experiment and a venture, guided by the good hope for the possible and the conviction that the given can be changed. Its success has encouraged us to continue on the path we have chosen, to use artistic means to initiate socially necessary discourses and to conduct them together with committed partners.\r\n\r\nWith Frei.Raum.Direkt. and its diverse activities and cooperations, we have developed an important basis for this. We brought a large number of users - both informal and official - of the fantastic open space Alter Leipziger Bahnhof in Dresden into conversation with each other and activated them for a co-productive urban development thanks to Brainwalk, a conference of actors and a process workshop. It was particularly important for us to take a young perspective. Together with the young participants of Frei.Raum.Direkt. Young Satellites and OURSPACE, our format for cultural education, we created an informal learning space in workshops and three one-week summer courses as an interface between artistic practice and co-productive, community-oriented urban development.\r\n\r\nOur heartfelt thanks go to all participants, cooperation partners, fellow campaigners and all sponsors!\r\n\r\nHere you can watch our Project-Video again we uploaded in summer!\r\n\r\n\"><ul class=\"post-categories\">\n\t<li><a href=\"https:\/\/www.geh8.de\/en\/category\/info\/\" rel=\"category tag\">Info<\/a><\/li><\/ul><h3><span class=\"sub1\"><span class=\"sub2\"><span class=\"sub3\"><a href=\"https:\/\/www.geh8.de\/en\/die-abschlussdoku-zu-frei-raum-direkt-2021-ist-da\/\">The final documentary on Frei.Raum.Direkt. 2021 is here!<\/a><\/span><\/span><\/span><\/h3><p>It&#8217;s done! We are pleased to announce the completion of the documentation of our project [&hellip;]<\/p>\n<\/div><\/div><div class=\"grid-item archive hyphenate querformat post-9087 post type-post status-publish format-standard has-post-thumbnail hentry category-festival\"><a href=\"https:\/\/www.geh8.de\/en\/ausschreibung-4-verstaerker-kunst-film-festival\/\"><img decoding=\"async\" src=\"https:\/\/www.geh8.de\/page\/wp-content\/uploads\/2022\/06\/Verstaerker-Titelbild-288x216.jpg\" class=\"attachment-tile-landscape-low size-tile-landscape-low wp-post-image\" alt=\"\" srcset=\"https:\/\/www.geh8.de\/page\/wp-content\/uploads\/2022\/06\/Verstaerker-Titelbild-288x216.jpg 288w, https:\/\/www.geh8.de\/page\/wp-content\/uploads\/2022\/06\/Verstaerker-Titelbild-448x336.jpg 448w, https:\/\/www.geh8.de\/page\/wp-content\/uploads\/2022\/06\/Verstaerker-Titelbild-368x276.jpg 368w, https:\/\/www.geh8.de\/page\/wp-content\/uploads\/2022\/06\/Verstaerker-Titelbild-90x67.jpg 90w\" sizes=\"(max-width: 288px) 100vw, 288px\" \/><\/a><div class=\"grid-entry haase-archive\" data-content=\"Apply now until 5\/8\/2022!\r\n\r\nFrom June 17 - 18, 2022, the GEH8 Art and Culture Center in Dresden will host the 4th Amplifier Art Film Festival and present the Amplifier Award as part of it. The film festival is aimed at students from the new German states. In a public screening on June 18, 2022, visitors and a jury of experts are called upon to vote for their favorite.&nbsp;\r\n\r\nIn summary:\r\nMax. 8 min length\r\nFormat: 16:9 (HD), mp4\r\nPlease note conditions of participation!!!\r\n\r\nClick here for the call for entries:\r\n\r\nCall_for_Entries_and_Participation_Form\r\n\r\n&nbsp;\r\n\r\nMore about Verst\u00e4rker\r\n\r\nUnder the title &quot;Verst\u00e4rker&quot; GEH8 presents projects and exhibitions by students of the HfBK Dresden and other art academies of the new federal states. Besides its own exhibitions and projects, the GEH8 repeatedly opens its space for young artists and artists and thus provides better artistic production and presentation conditions in Dresden. Dresden. With &quot;Verst\u00e4rker&quot;, a format of its own has now been created for the first time, which supports and honors up-and-coming artistic positions and honors them.\r\n\r\nJury\r\n\r\nJana Endruschat studied Media &amp; Communication Science and has always been connected to the Saxon film scene. She produced image and industrial films for more than 10 years and worked at least as long in the production department for national and international feature film productions. As a trainee in the funding department she got to know the mechanisms of the Central German Media Funding &amp; was able to expand her moving image spectrum at Werkleitzgesellschaft e.V. in the Center for Media Art. 2013-2018 she was responsible for communication &amp; network at Filmverband Sachsen. In 2019-2021 she took over the management.\r\n\r\nAlexandra Mei\u00dfner was born in Hoyerswerda in 1983 and studied sociology and communication science in Dresden. From 2008 she worked for the International Filmfest Dresden and was a member of the festival management for seven years. She is active as a freelance programmer and lecturer and advises film and cultural projects in the areas of production, development and mediation. Since 2019, she has been an advisor for program support and communication at the Cultural Foundation of the Free State of Saxony, where she coordinates, among other things, the international residency programs and the Small Projects Fund for Rural Areas.\r\n\r\nMichael Merkel, born in 1987 in Dresden, studied German language and literature, cultural studies and art history in Dresden and Wroclaw after training as a wood sculptor. He also studied fine arts at the Academy in Wroclaw and at the Bauhaus University in Weimar. In addition to the implementation of curatorial projects, he has exhibited several times in Germany and abroad. He has been awarded various grants as well as project funding for his artistic work and has been working as coordinator program planning and public relations at GEH8 Kunstraum Dresden since 2018. He initiated the Verst\u00e4rker Art-Film Festival in 2019, which he has also coordinated since then.\r\n\r\nProgram\r\nFriday, June 17, 2022\r\nInternational Films + Art.Space.Concert\r\nStart: 6:30 pm\r\nWhere: GEH8\r\n\r\nSaturday, June 18, 2022\u2029\r\nShort films + award ceremony Gala show with live music + afterparty\r\nStart: 6 pm\r\nWhere: GEH8\r\n\r\n&nbsp;\r\n\r\nIn cooperation with:\r\n\r\n&nbsp; &nbsp;&nbsp; &nbsp;  &nbsp;  \r\n\r\n&nbsp;\r\n\r\n\r\n&nbsp;\r\n\r\n\r\n\r\n\r\n\r\n\r\nSupported by der Beauftragten der Bundesregierung f\u00fcr Kultur und Medien.\r\n\r\n\r\n&nbsp; &nbsp;  &nbsp;&nbsp; &nbsp;&nbsp; &nbsp; \r\n\r\n\r\n\r\n&nbsp; &nbsp; &nbsp; &nbsp; &nbsp; &nbsp;&nbsp;\r\n\r\n\r\n\r\n\r\n&nbsp;\"><ul class=\"post-categories\">\n\t<li><a href=\"https:\/\/www.geh8.de\/en\/category\/festival\/\" rel=\"category tag\">Festival<\/a><\/li><\/ul><h3><span class=\"sub1\"><span class=\"sub2\"><span class=\"sub3\"><a href=\"https:\/\/www.geh8.de\/en\/ausschreibung-4-verstaerker-kunst-film-festival\/\">Call for entries: 4th Verst\u00e4rker Art-Film-Festival<\/a><\/span><\/span><\/span><\/h3><p>Apply now until 5\/8\/2022! From June 17 &#8211; 18, 2022, the GEH8 Art and Culture [&hellip;]<\/p>\n<\/div><\/div><div class=\"grid-item archive hyphenate querformat post-9095 post type-post status-publish format-standard has-post-thumbnail hentry category-ausstellung\"><a href=\"https:\/\/www.geh8.de\/en\/werkraum-ausstellung-vernissage-claudia-kleiner\/\"><img decoding=\"async\" src=\"https:\/\/www.geh8.de\/page\/wp-content\/uploads\/2022\/01\/2021_21-33_64x52-DCA-288x216.jpg\" class=\"attachment-tile-landscape-low size-tile-landscape-low wp-post-image\" alt=\"\" srcset=\"https:\/\/www.geh8.de\/page\/wp-content\/uploads\/2022\/01\/2021_21-33_64x52-DCA-288x216.jpg 288w, https:\/\/www.geh8.de\/page\/wp-content\/uploads\/2022\/01\/2021_21-33_64x52-DCA-448x336.jpg 448w, https:\/\/www.geh8.de\/page\/wp-content\/uploads\/2022\/01\/2021_21-33_64x52-DCA-368x276.jpg 368w, https:\/\/www.geh8.de\/page\/wp-content\/uploads\/2022\/01\/2021_21-33_64x52-DCA-90x67.jpg 90w\" sizes=\"(max-width: 288px) 100vw, 288px\" \/><\/a><div class=\"grid-entry haase-archive\" data-content=\"&nbsp;\r\n\u201c[\u2026] A central aspect of the working process in Claudia Kleiner\u2019s works is stillness. Line by line her works arise, which unfold their effect only after completion of the last stroke. Color and materiality are deliberately chosen here, the veil that ultimately results from parallelism is merely assumed in advance. In the constant same movements, an entity morphs into a whole in the mass, and yet each line reacts in its own way, remains singular in the close-up view, defiantly accumulates the applied color in one place before it continues finely, like a thread, in another. On the one hand, this results in a meditatively unrelenting processuality of her work, on the other hand, small welcome interventions arise that set the canvas in motion.The narrative space of Claudia Kleiners works consists of two levels: Up close, a constantly generating, almost Sisyphean structure whose construction line by line draws the artist into the process; from a distance, a dreamlike space, a diffusely recognizable perspective.\u201d (Nina Schwarzenberger)\r\n&nbsp;\r\n\r\n\r\nVernissage: Saturday, February 5, 2022, 4-8 p.m.\r\nDuration: February 5 \u2013 27, 2022\r\nWhen: Open by appointment\r\nWhere: GEH8 WERKRaum\r\nContact: mail@geh8.de(Work: Claudia Kleiner \u2013 21.33, 2021, 64 x 52 cm, oil and acrylic on canvas)\r\n\r\n\r\n\r\nSponsored by the Beauftragten der Bundesregierung f\u00fcr Kultur und Medien. .\r\n\r\n&nbsp;\r\n\r\n&nbsp; &nbsp;  &nbsp;&nbsp; &nbsp;&nbsp; &nbsp;\r\n\r\n&nbsp;\"><ul class=\"post-categories\">\n\t<li><a href=\"https:\/\/www.geh8.de\/en\/category\/ausstellung\/\" rel=\"category tag\">Exhibition<\/a><\/li><\/ul><h3><span class=\"sub1\"><span class=\"sub2\"><span class=\"sub3\"><a href=\"https:\/\/www.geh8.de\/en\/werkraum-ausstellung-vernissage-claudia-kleiner\/\">WERKRaum exhibition + vernissage \/\/ Claudia Kleiner<\/a><\/span><\/span><\/span><\/h3><p>&nbsp; \u201c[\u2026] A central aspect of the working process in Claudia Kleiner\u2019s works is stillness. [&hellip;]<\/p>\n<\/div><\/div><div class=\"grid-item archive hyphenate querformat post-9070 post type-post status-publish format-standard has-post-thumbnail hentry category-info\"><a href=\"https:\/\/www.geh8.de\/en\/jahresrueckblick-2021\/\"><img decoding=\"async\" src=\"https:\/\/www.geh8.de\/page\/wp-content\/uploads\/2022\/01\/P1011744_1-288x216.png\" class=\"attachment-tile-landscape-low size-tile-landscape-low wp-post-image\" alt=\"\" srcset=\"https:\/\/www.geh8.de\/page\/wp-content\/uploads\/2022\/01\/P1011744_1-288x216.png 288w, https:\/\/www.geh8.de\/page\/wp-content\/uploads\/2022\/01\/P1011744_1-448x336.png 448w, https:\/\/www.geh8.de\/page\/wp-content\/uploads\/2022\/01\/P1011744_1-368x276.png 368w, https:\/\/www.geh8.de\/page\/wp-content\/uploads\/2022\/01\/P1011744_1-90x67.png 90w\" sizes=\"(max-width: 288px) 100vw, 288px\" \/><\/a><div class=\"grid-entry haase-archive\" data-content=\"\r\n\r\nDear friends of GEH8,\r\nfor the second time a year comes to an end, which, like many others, wanted to give us a leg up from time to time. But with patience and spit, despite all the circumstances, we were able to make possible a rich program, experience many beautiful moments and make and enjoy culture together.\r\n\r\nIn the discussion of the annual theme 2021 of the GEH8 &quot;Gr\u00fcner wird&#039;s nicht!?&quot; the artists Heinz Schm\u00f6ller and Thomas Judisch conceived an expansive exhibition for our exhibition hall. With the project &quot;FREI.RAUM.DIREKT.&quot; we acted for the first time in the closer urban space and initiated a multi-layered discourse on the necessity of coproductive, common good-oriented urban development on the nearby wasteland of the Old Leipzig Station, in addition to direct artistic interventions, numerous workshops and courses. Within our cultural education project &quot;OURSPACE,&quot; which was dedicated to the same theme in terms of both space and content, young people were able to let off steam creatively during their vacations and even make new friends. This year&#039;s Kunst.Raum.Konzerte were once again a platform for the fusion of sound-, image- and space-based arts. The concept of Pecha Kucha lectures, in collaboration with the Zentralwerk and the Kreative Werkstatt, made it possible to spend an evening focusing on actors who are breaking innovative ground in the field of sustainability. This year&#039;s special edition of the music festival &quot;F\u00eate de la Musique&quot; was celebrated on the grounds of GEH8 and ensured a good dancing mood with a diverse music mix despite the changeable weather. With the 3rd Amplifier Art Film Festival we were again able to promote young artists and this time also to cooperate internationally with Dresden&#039;s partner city Columbus and the Collage of Art and Design. The publication of the book &quot;Real Insect Estate&quot; by the GEH8 publishing house presented insights into the eponymous project of the design competition for a fancy insect hotel as art in construction. Thanks to the reopening of the WERKRaum, it was possible for the GEH8 artists to exhibit their works, which were also visible from the street, as in a pop-up showroom. With the insertion of a huge glass window for the WERKRaum and further reconstruction measures on the premises, more possibilities and space were created for future events. And last but not least, with the reopening of the summer garden, cozy hours with drinks and snacks were pre-programmed.\r\n\r\nMany thanks to our sponsors and all those who have actively supported us this year and made it possible to experience art and culture together.\"><ul class=\"post-categories\">\n\t<li><a href=\"https:\/\/www.geh8.de\/en\/category\/info\/\" rel=\"category tag\">Info<\/a><\/li><\/ul><h3><span class=\"sub1\"><span class=\"sub2\"><span class=\"sub3\"><a href=\"https:\/\/www.geh8.de\/en\/jahresrueckblick-2021\/\">Review of the year 2021<\/a><\/span><\/span><\/span><\/h3><p>Dear friends of GEH8, for the second time a year comes to an end, which, [&hellip;]<\/p>\n<\/div><\/div><div class=\"jahrestrenner m-5  grid-item archive hyphenate querformat post type-post status-publish format-standard has-post-thumbnail hentry category-ausstellung\"\n                         style=\"position: absolute; left: 0px; top: 0px;background-color:#fff;\"><a\n                        ><\/a>\n                        <div class=\"grid-entry\" style=\" background-color:transparent;color#000;\">\n                            <ul class=\"post-categories\">\n                                <li><a rel=\"category tag\">JAHR<\/a><\/li>\n                            <\/ul>\n\n                                            <h2 class=\"archiv-jahrestrenner\">2021<\/h2>\n\n\n                        <\/div>\n                    <\/div><div class=\"grid-item archive hyphenate querformat post-8968 post type-post status-publish format-standard has-post-thumbnail hentry category-info\"><a href=\"https:\/\/www.geh8.de\/en\/ankuendigung-buchvorstellung-real-insect-estate\/\"><img decoding=\"async\" src=\"https:\/\/www.geh8.de\/page\/wp-content\/uploads\/2021\/11\/pic-100-288x216.jpg\" class=\"attachment-tile-landscape-low size-tile-landscape-low wp-post-image\" alt=\"\" srcset=\"https:\/\/www.geh8.de\/page\/wp-content\/uploads\/2021\/11\/pic-100-288x216.jpg 288w, https:\/\/www.geh8.de\/page\/wp-content\/uploads\/2021\/11\/pic-100-448x336.jpg 448w, https:\/\/www.geh8.de\/page\/wp-content\/uploads\/2021\/11\/pic-100-368x276.jpg 368w, https:\/\/www.geh8.de\/page\/wp-content\/uploads\/2021\/11\/pic-100-90x67.jpg 90w\" sizes=\"(max-width: 288px) 100vw, 288px\" \/><\/a><div class=\"grid-entry haase-archive\" data-content=\"OUT NOW! It&#039;s finally here.\r\n\r\nUnder the title REAL INSECT ESTATE, GEH8 2021 launched a design competition for a fancy insect hotel as an art-in-architecture project. From all over Germany - from Passau to L\u00fcbeck, from Aachen to G\u00f6rlitz - 236 entries were submitted by 382 people. The designs, conceived individually or in teams, are characterized by a high level of commitment, creativity and interest in the idea of sustainability. As a conclusion of the project, some of those very high-quality submissions are illustrated in a summary publication. The three winning designs and a selection of other exciting concepts are supplemented by specialist texts and further information on the project.\r\n\r\n\r\nREAL INSECT ESTATE\r\n2021 | 176 pages\r\n24 x 14 cm\r\nISBN: 978-3-949612-01-5\r\nPublisher: Michael Merkel &amp; GEH8 Kunst Raum Ateliers gUG\r\nGraphic design: Michael Merkel\r\n\r\nCost: 15 Euro plus 3 Euro shipping (in Germany)\r\nOrder: by mail\"><ul class=\"post-categories\">\n\t<li><a href=\"https:\/\/www.geh8.de\/en\/category\/info\/\" rel=\"category tag\">Info<\/a><\/li><\/ul><h3><span class=\"sub1\"><span class=\"sub2\"><span class=\"sub3\"><a href=\"https:\/\/www.geh8.de\/en\/ankuendigung-buchvorstellung-real-insect-estate\/\">Announcement! Book launch: Real Insect Estate<\/a><\/span><\/span><\/span><\/h3><p>OUT NOW! It&#8217;s finally here. Under the title REAL INSECT ESTATE, GEH8 2021 launched a [&hellip;]<\/p>\n<\/div><\/div><div class=\"grid-item archive hyphenate querformat post-8955 post type-post status-publish format-standard has-post-thumbnail hentry category-info\"><a href=\"https:\/\/www.geh8.de\/en\/eku-zukunftspreis-idee-haengende-gaerten-fassadenbegruenung-am-kunst-und-kulturzentrum-geh8\/\"><img decoding=\"async\" src=\"https:\/\/www.geh8.de\/page\/wp-content\/uploads\/2021\/11\/smekul2021_eku.idee_logo_lang_rgb-288x216.png\" class=\"attachment-tile-landscape-low size-tile-landscape-low wp-post-image\" alt=\"\" srcset=\"https:\/\/www.geh8.de\/page\/wp-content\/uploads\/2021\/11\/smekul2021_eku.idee_logo_lang_rgb-288x216.png 288w, https:\/\/www.geh8.de\/page\/wp-content\/uploads\/2021\/11\/smekul2021_eku.idee_logo_lang_rgb-448x336.png 448w, https:\/\/www.geh8.de\/page\/wp-content\/uploads\/2021\/11\/smekul2021_eku.idee_logo_lang_rgb-368x276.png 368w, https:\/\/www.geh8.de\/page\/wp-content\/uploads\/2021\/11\/smekul2021_eku.idee_logo_lang_rgb-90x67.png 90w\" sizes=\"(max-width: 288px) 100vw, 288px\" \/><\/a><div class=\"grid-entry haase-archive\" data-content=\"In recent years, GEH8 has taken various measures to make its own contribution in the areas of sustainability and ecology.\r\n\r\nAs an art and cultural center, GEH8 sees itself as a provider of ideas and a development point of view in order to significantly implement projects with a sustainable claim and ecological benefit. The planned greening of the east facade of the building also ties in with this self-image.\r\n\r\nIn order to realize the construction of the fa\u00e7ade greening, a nationwide competition is to be announced in cooperation with the environmental and structural engineering departments of the city of Dresden, which is also aimed at universities, among others. In doing so, we are taking our cue from a project that has already been successfully implemented, in which a similar competition was held to build an insect hotel. The aim is to make the project accessible to a broader public and thus, on the one hand, to raise awareness of the sustainability issue and, on the other hand, to put the issue on the agenda. The central idea is to think sustainability and design together, so the competition is aimed at artistic and creative designs that also deal with the GEH8 in its role as an art and cultural center.\r\n\r\nWithin the framework of the competition, submissions will be collected from all over Germany, which will then be viewed and evaluated by a jury of experts. The winners will then be asked to implement the design in consultation with an architectural firm on site.\r\n\r\n\r\n\r\nClick here for the eku-website!\"><ul class=\"post-categories\">\n\t<li><a href=\"https:\/\/www.geh8.de\/en\/category\/info\/\" rel=\"category tag\">Info<\/a><\/li><\/ul><h3><span class=\"sub1\"><span class=\"sub2\"><span class=\"sub3\"><a href=\"https:\/\/www.geh8.de\/en\/eku-zukunftspreis-idee-haengende-gaerten-fassadenbegruenung-am-kunst-und-kulturzentrum-geh8\/\">eku &#8211; FUTURE PRIZE idea: Hanging Gardens. Facade greening at the art and culture center GEH8<\/a><\/span><\/span><\/span><\/h3><p>In recent years, GEH8 has taken various measures to make its own contribution in the [&hellip;]<\/p>\n<\/div><\/div><div class=\"grid-item archive hyphenate querformat post-8945 post type-post status-publish format-standard has-post-thumbnail hentry category-ausstellung\"><a href=\"https:\/\/www.geh8.de\/en\/werkraum-ausstellung-vernissage-thomas-judisch-lieber-guter\/\"><img decoding=\"async\" src=\"https:\/\/www.geh8.de\/page\/wp-content\/uploads\/2021\/11\/tj_love_you_MG_9860_web-288x216.jpg\" class=\"attachment-tile-landscape-low size-tile-landscape-low wp-post-image\" alt=\"\" srcset=\"https:\/\/www.geh8.de\/page\/wp-content\/uploads\/2021\/11\/tj_love_you_MG_9860_web-288x216.jpg 288w, https:\/\/www.geh8.de\/page\/wp-content\/uploads\/2021\/11\/tj_love_you_MG_9860_web-448x336.jpg 448w, https:\/\/www.geh8.de\/page\/wp-content\/uploads\/2021\/11\/tj_love_you_MG_9860_web-368x276.jpg 368w, https:\/\/www.geh8.de\/page\/wp-content\/uploads\/2021\/11\/tj_love_you_MG_9860_web-90x67.jpg 90w\" sizes=\"(max-width: 288px) 100vw, 288px\" \/><\/a><div class=\"grid-entry haase-archive\" data-content=\"INFO: Due to the current situation, the exhibition will only be visible through the new shop window. For more information at: http:\/\/thomasjudisch.com\/news\/\r\n\r\nThe artist Thomas Judisch likes to combine different series of works with each other in an unconstrained way, which in the best case tell a story together. He says himself that it&#039;s a bit like music when different instruments make a whole. Or when people come together and talk about God and the world, moving from the hundredth to the thousandth.\r\n\r\nIn the current exhibition, he brings sculptures, etchings and mosaics into the space, creating a harmony between the artworks and providing a link to the current situation in a playful, almost childlike naive way.\r\n\r\n\r\n\r\n\r\n\r\nVernissage: Saturday, December 4, 2021\r\nDuration: December 5, 2021 to January 30, 2022\r\nWhere: GEH8 WERKRaum with shop window\r\n\r\n(Work: Thomas Judisch - &#039;I love you&#039;, 2020, marble, smalti plastered on styrodur)\r\n\r\nSponsored by:\"><ul class=\"post-categories\">\n\t<li><a href=\"https:\/\/www.geh8.de\/en\/category\/ausstellung\/\" rel=\"category tag\">Exhibition<\/a><\/li><\/ul><h3><span class=\"sub1\"><span class=\"sub2\"><span class=\"sub3\"><a href=\"https:\/\/www.geh8.de\/en\/werkraum-ausstellung-vernissage-thomas-judisch-lieber-guter\/\">WERKRaum exhibition + vernissage with shop window \/\/ Thomas Judisch &#8211; Dear Good<\/a><\/span><\/span><\/span><\/h3><p>INFO: Due to the current situation, the exhibition will only be visible through the new [&hellip;]<\/p>\n<\/div><\/div><div class=\"grid-item archive hyphenate querformat post-8929 post type-post status-publish format-standard has-post-thumbnail hentry category-workshop\"><a href=\"https:\/\/www.geh8.de\/en\/rueckblick-ourspace-herbstkurs-2021\/\"><img decoding=\"async\" src=\"https:\/\/www.geh8.de\/page\/wp-content\/uploads\/2021\/11\/OurSpaceHWS_2021_10_20-IMGL1844-RA-\u00a9PeterRFischer-web-288x216.jpg\" class=\"attachment-tile-landscape-low size-tile-landscape-low wp-post-image\" alt=\"\" srcset=\"https:\/\/www.geh8.de\/page\/wp-content\/uploads\/2021\/11\/OurSpaceHWS_2021_10_20-IMGL1844-RA-\u00a9PeterRFischer-web-288x216.jpg 288w, https:\/\/www.geh8.de\/page\/wp-content\/uploads\/2021\/11\/OurSpaceHWS_2021_10_20-IMGL1844-RA-\u00a9PeterRFischer-web-448x336.jpg 448w, https:\/\/www.geh8.de\/page\/wp-content\/uploads\/2021\/11\/OurSpaceHWS_2021_10_20-IMGL1844-RA-\u00a9PeterRFischer-web-368x276.jpg 368w, https:\/\/www.geh8.de\/page\/wp-content\/uploads\/2021\/11\/OurSpaceHWS_2021_10_20-IMGL1844-RA-\u00a9PeterRFischer-web-90x67.jpg 90w\" sizes=\"(max-width: 288px) 100vw, 288px\" \/><\/a><div class=\"grid-entry haase-archive\" data-content=\"For the last time, young people from Pieschen and the Hechtviertel were able to give free rein to their creativity in the big BEST OF OURSPACE fall course 2021. Digital and analog - scissors, spray cans, glue, cameras and tripods were pulled out and used in two different themed projects.\r\n\r\nFrom Monday to Wednesday, headpieces and costumes were crafted in geometric shapes. Particular attention had to be paid to the design of the head area. How do I design it so that my field of vision is preserved and how does my freedom of movement remain to be stable enough at the same time? First, the first sketches were drawn on a large poster in the workshop room, among other things. After that, the young people could start building the small models. In the emergence of the right costumes could now be seen what can be implemented and what may need to be changed. With the finished creations, a foray through Pieschen began. An extraordinary sight for the residents, who suddenly got to see the colorful creations!\r\n\r\n \r\n\r\n\r\n\r\n\r\n\r\n\r\n\r\n\r\n\r\n\r\n\r\nFrom Wednesday to Friday, the last day of the fall course with presentation, the editing programs on the laptops and the cameras were running hot. For a fictitious GEH8 mayoral election, the young people divided into three groups and filmed election commercials for the respective parties. These were to be between 30 and 90 seconds long. With the KPD (Art Party of Germany), the WTF Party (What-the-Fly-Fungus Party) and the PDB (Party of the Best), different interests were represented: from art to the environment to me-is-the-rest-egal. The result was three creative and partly satirical short videos, which provided a lot of smiles, grins and also information transfer during the presentation.\r\n\r\n\r\n\r\n\r\n\r\nThis last OURSPACE course marks the end of two project years in the field of cultural education at GEH8. Under the guidance of the two wonderful mentors Christian R\u00e4tsch and Andr\u00e9 Tempel, many young people were able to spend a great time during their vacations, let off steam creatively and were supported and motivated by both of them with words and deeds. The courses were not only a place to try out new things... likewise new friendships were made between the participants. Many thanks to all involved who made these two years so enjoyable!\r\n\r\n&nbsp;\r\n\r\nThis measure is co-financed by tax funds on the basis of the budget passed by the Saxon Parliament. Funded by the European Social Fund ESF under the name ,,Sch\u00fcler ins Atelier.&quot;\r\n\r\n&nbsp;\r\n\r\nPhotos: Peter Fischer\r\n\r\n&nbsp;\"><ul class=\"post-categories\">\n\t<li><a href=\"https:\/\/www.geh8.de\/en\/category\/workshop\/\" rel=\"category tag\">Workshop<\/a><\/li><\/ul><h3><span class=\"sub1\"><span class=\"sub2\"><span class=\"sub3\"><a href=\"https:\/\/www.geh8.de\/en\/rueckblick-ourspace-herbstkurs-2021\/\">Review OURSPACE Fall Course 2021<\/a><\/span><\/span><\/span><\/h3><p>For the last time, young people from Pieschen and the Hechtviertel were able to give [&hellip;]<\/p>\n<\/div><\/div><div class=\"grid-item archive hyphenate querformat post-8907 post type-post status-publish format-standard has-post-thumbnail hentry category-info\"><a href=\"https:\/\/www.geh8.de\/en\/frei-raum-direkt-dokuvideo\/\"><img decoding=\"async\" src=\"https:\/\/www.geh8.de\/page\/wp-content\/uploads\/2021\/11\/7_1_1-288x216.png\" class=\"attachment-tile-landscape-low size-tile-landscape-low wp-post-image\" alt=\"\" srcset=\"https:\/\/www.geh8.de\/page\/wp-content\/uploads\/2021\/11\/7_1_1-288x216.png 288w, https:\/\/www.geh8.de\/page\/wp-content\/uploads\/2021\/11\/7_1_1-448x336.png 448w, https:\/\/www.geh8.de\/page\/wp-content\/uploads\/2021\/11\/7_1_1-368x276.png 368w, https:\/\/www.geh8.de\/page\/wp-content\/uploads\/2021\/11\/7_1_1-90x67.png 90w\" sizes=\"(max-width: 288px) 100vw, 288px\" \/><\/a><div class=\"grid-entry haase-archive\" data-content=\"\r\n\r\nWe are happy to announce the completion of our documentary video as a review of Frei.Raum.Direkt.\r\n\r\nWith Frei.Raum.Direkt. we tested artistic practices as tools for sustainable urban development in the green open space of the Alte Leipziger Bahnhof in July and August and gave numerous actors and activities a platform.\r\n\r\nWe created an innovative format for public discourse and asked for strategies and approaches for a future-proof, sustainable, creative urban and neighborhood development that incorporate a young, ecological and community-oriented perspective.\r\n\r\nAt the same time, we aligned our activities in the cultural education of children and young people with Frei.Raum.Direkt. and let them dock with it in terms of content and space. For us, this was a successful experiment in which we were able to bring together our essential experiences and competencies. These lie in the development of artistic strategies and projects, their integration into the context of urban development, the initiation and management of a corresponding discourse and in the cultural education of children and young people.\r\n\r\nWhat you don&#039;t see in the video is that we also had three international artists in residence as guests at Frei.Raum.Direkt. We will soon report on this and other activities on our new website GEH8 urban. So stay tuned ;)\r\n\r\n[embed]https:\/\/vimeo.com\/628280443\/e3dccf62eb[\/embed]\r\n\r\n\r\nVideo: Jeremias Eichler\r\n&nbsp;\"><ul class=\"post-categories\">\n\t<li><a href=\"https:\/\/www.geh8.de\/en\/category\/info\/\" rel=\"category tag\">Info<\/a><\/li><\/ul><h3><span class=\"sub1\"><span class=\"sub2\"><span class=\"sub3\"><a href=\"https:\/\/www.geh8.de\/en\/frei-raum-direkt-dokuvideo\/\">Frei.Raum.Direkt. Documentation-Video<\/a><\/span><\/span><\/span><\/h3><p>We are happy to announce the completion of our documentary video as a review of [&hellip;]<\/p>\n<\/div><\/div><div class=\"grid-item archive hyphenate querformat post-8884 post type-post status-publish format-standard has-post-thumbnail hentry category-ausstellung\"><a href=\"https:\/\/www.geh8.de\/en\/werkraum-ausstellung-vernissage-susanne-engelhardt-schatzinseln-altare-vasen-und-schalen-aus-keramik\/\"><img decoding=\"async\" src=\"https:\/\/www.geh8.de\/page\/wp-content\/uploads\/2021\/10\/SAM_4174-288x216.jpg\" class=\"attachment-tile-landscape-low size-tile-landscape-low wp-post-image\" alt=\"\" srcset=\"https:\/\/www.geh8.de\/page\/wp-content\/uploads\/2021\/10\/SAM_4174-288x216.jpg 288w, https:\/\/www.geh8.de\/page\/wp-content\/uploads\/2021\/10\/SAM_4174-448x336.jpg 448w, https:\/\/www.geh8.de\/page\/wp-content\/uploads\/2021\/10\/SAM_4174-368x276.jpg 368w, https:\/\/www.geh8.de\/page\/wp-content\/uploads\/2021\/10\/SAM_4174-90x67.jpg 90w\" sizes=\"(max-width: 288px) 100vw, 288px\" \/><\/a><div class=\"grid-entry haase-archive\" data-content=\"\r\n\r\nFor more than 10 years Susanne Engelhardt&#039;s studio in GEH8 has been a center of attraction for\r\nlovers:inside of thin-walled, hand-turned ceramics with a Mediterranean flair. Besides In addition to utilitarian tableware, she is particularly fascinated by original &quot;treasure islands&quot; - altars,\r\nvessels and vases for relics, from which we can no longer part. It is that we venerate cultically because they are charged with memories, feelings and experiences. These can be chestnuts, stones or shells, but also Playmobil figures, candles, flowers - and all the other flotsam and jetsam of our lives.\r\nWe look forward to presenting these worlds in our WERKRaum in November 2021.\r\n\r\nResponsible for the curation and supervision of the exhibition is Thomas Judisch.\r\n\r\nVernissage: Saturday, November 6, 2021, 4 - 8 p.m.\r\nDuration: November 6 - November 28, 2021\r\nWhen: Open by appointment\r\nWhere: GEH8 WERKRaum\r\n\r\nSponsored by:\r\n\r\n\r\n\r\n\"><ul class=\"post-categories\">\n\t<li><a href=\"https:\/\/www.geh8.de\/en\/category\/ausstellung\/\" rel=\"category tag\">Exhibition<\/a><\/li><\/ul><h3><span class=\"sub1\"><span class=\"sub2\"><span class=\"sub3\"><a href=\"https:\/\/www.geh8.de\/en\/werkraum-ausstellung-vernissage-susanne-engelhardt-schatzinseln-altare-vasen-und-schalen-aus-keramik\/\">WERKRaum exhibition + vernissage \/\/ Susanne Engelhardt: Treasure Islands &#8211; Altars, Vases and Bowls made of Ceramics<\/a><\/span><\/span><\/span><\/h3><p>For more than 10 years Susanne Engelhardt&#8217;s studio in GEH8 has been a center of [&hellip;]<\/p>\n<\/div><\/div><div class=\"grid-item archive hyphenate querformat post-8824 post type-post status-publish format-standard has-post-thumbnail hentry category-info category-workshop\"><a href=\"https:\/\/www.geh8.de\/en\/anmeldung-zum-ourspace-herbstkurs-2021\/\"><img decoding=\"async\" src=\"https:\/\/www.geh8.de\/page\/wp-content\/uploads\/2021\/09\/Facebook-post-1-288x216.jpg\" class=\"attachment-tile-landscape-low size-tile-landscape-low wp-post-image\" alt=\"\" srcset=\"https:\/\/www.geh8.de\/page\/wp-content\/uploads\/2021\/09\/Facebook-post-1-288x216.jpg 288w, https:\/\/www.geh8.de\/page\/wp-content\/uploads\/2021\/09\/Facebook-post-1-448x336.jpg 448w, https:\/\/www.geh8.de\/page\/wp-content\/uploads\/2021\/09\/Facebook-post-1-368x276.jpg 368w, https:\/\/www.geh8.de\/page\/wp-content\/uploads\/2021\/09\/Facebook-post-1-90x67.jpg 90w\" sizes=\"(max-width: 288px) 100vw, 288px\" \/><\/a><div class=\"grid-entry haase-archive\" data-content=\"Five-day workshop - October 18-22, 2021 at GEH8, Gehestr. 8, 01127 Dresden\r\n\r\nFor the last course this year, we&#039;ll be out on a fallow field in Pieschen as well as in the studio at GEH8 during the first week of the fall holidays. So even more creative plans can be implemented, whether digital or analog.\r\nThe big BEST OF at the OUR SPACE finale!\r\n\r\nTake advantage of the last chance to participate in an OUR SPACE vacation course! We have put together a Best Of of all courses for the finale: Once again spraying and gluing, sawing and building, photographing and filming... No idea is too crazy!\r\n\r\nThe best of what? Check out what happened at the 2020 summer vacation and fall courses and the summer camps in the first and second half of the 2021 summer vacation!\r\n\r\nWho can participate?\r\n\r\nYou are between 13 and 18 years old?\r\nDo you come from Pieschen or the Hechtviertel?\r\n\r\nThen register quickly!\r\n\r\nRegistration &amp; Information\r\n\r\nParticipation is free of charge. However, we only have a limited number of places. If you want to participate, just send an email&nbsp;with password OUR SPACE, your name and age.\r\n\r\n&nbsp;\r\n\r\nThis measure is co-financed by tax funds on the basis of the budget passed by the Saxon state parliament. Funded by the European Social Fund ESF under the name ,,Sch\u00fcler ins Atelier.\u201d\"><ul class=\"post-categories\">\n\t<li><a href=\"https:\/\/www.geh8.de\/en\/category\/info\/\" rel=\"category tag\">Info<\/a><\/li>\n\t<li><a href=\"https:\/\/www.geh8.de\/en\/category\/workshop\/\" rel=\"category tag\">Workshop<\/a><\/li><\/ul><h3><span class=\"sub1\"><span class=\"sub2\"><span class=\"sub3\"><a href=\"https:\/\/www.geh8.de\/en\/anmeldung-zum-ourspace-herbstkurs-2021\/\">Anmeldung zum OURSPACE Herbstkurs 2021<\/a><\/span><\/span><\/span><\/h3><p>Five-day workshop &#8211; October 18-22, 2021 at GEH8, Gehestr. 8, 01127 Dresden For the last [&hellip;]<\/p>\n<\/div><\/div><div class=\"grid-item archive hyphenate querformat post-8806 post type-post status-publish format-standard has-post-thumbnail hentry category-workshop\"><a href=\"https:\/\/www.geh8.de\/en\/rueckblick-ourspace-sommercamp-n2-n3\/\"><img decoding=\"async\" src=\"https:\/\/www.geh8.de\/page\/wp-content\/uploads\/2021\/09\/OURSPACE-CHRIS-ANDRE-27-4499-288x216.jpg\" class=\"attachment-tile-landscape-low size-tile-landscape-low wp-post-image\" alt=\"\" srcset=\"https:\/\/www.geh8.de\/page\/wp-content\/uploads\/2021\/09\/OURSPACE-CHRIS-ANDRE-27-4499-288x216.jpg 288w, https:\/\/www.geh8.de\/page\/wp-content\/uploads\/2021\/09\/OURSPACE-CHRIS-ANDRE-27-4499-448x336.jpg 448w, https:\/\/www.geh8.de\/page\/wp-content\/uploads\/2021\/09\/OURSPACE-CHRIS-ANDRE-27-4499-368x276.jpg 368w, https:\/\/www.geh8.de\/page\/wp-content\/uploads\/2021\/09\/OURSPACE-CHRIS-ANDRE-27-4499-90x67.jpg 90w\" sizes=\"(max-width: 288px) 100vw, 288px\" \/><\/a><div class=\"grid-entry haase-archive\" data-content=\"At the last two summer camps it was once again: build, saw, spray &amp; nail for all it&#039;s worth!\r\n\r\nThe camps N\u00b02 and N\u00b03 took place from August 16 - 20 and 23 - 27 as part of the project Frei.Raum.Direkt. as part of the new action field GEH8 urban. All participants as well as the two OUR SPACE mentors Christian R\u00e4tsch and Andr\u00e9 Tempel were again energetically on the fallow land. During the two weeks it became especially green: a botanical garden with a raised bed found its place in the area between the camp center and the sports field at the skater hall. With a lot of tact, all kinds of plants that can be found on the area found a common place there and can be explored and looked at in peace.\r\n\r\n\r\n\r\n\r\n\r\n\r\n\r\n\r\n\r\n\r\n\r\nThe physical well-being was also not neglected during these two weeks. Where previously the tables for the dining area had been colorfully sprayed, the participants and mentors built a roofed construction, including a fireplace. Comfortably they could eat, grill and talk together, no matter if it was sunny, rainy or windy. Especially stick bread and potatoes were a big hit at lunch!\r\n\r\n\r\n\r\n\r\n\r\n\r\n\r\n\r\n\r\nIn a final major project during the three weeks of the camp, a lot of background knowledge about the specific location was also involved. The participants worked up their new knowledge for visitors to the specially created brownfield history center. The Alte Leipziger Bahnhof is marked as a historical site for the city of Dresden before and during the Nazi regime. Despite its entrenched past and an uncertain future, the brownfield site is a space with a lot of potential. What can still be built?\r\n\r\n\r\n\r\n\r\n\r\n\r\n\r\n\r\nYour suggestions and ideas can be shaped in a final fall course as part of OUR SPACE, the cultural education area of GEH8, from October 18 - 22. And once again, none of your ideas are too crazy! What&#039;s special: This last fall course will take place as BEST OF all OUR SPACE courses both on the area of the fallow land and in the premises of GEH8. So even more creative plans can be realized, no matter if digital or analog. The only conditions: You are between 13 and 18 years old and come from Pieschen or the Hechtviertel.\r\n\r\nTake your chance! Be there at the grand finale!\r\n\r\nRegistration and further information at ourspace.geh8.de.\r\n\r\n&nbsp;\r\n\r\nPhotos: Ronny Waleska\r\n\r\nThis measure is co-financed by tax funds on the basis of the budget passed by the Saxon state parliament. Funded by the European Social Fund ESF under the name ,,Sch\u00fcler ins Atelier.&quot;\r\n\r\n\"><ul class=\"post-categories\">\n\t<li><a href=\"https:\/\/www.geh8.de\/en\/category\/workshop\/\" rel=\"category tag\">Workshop<\/a><\/li><\/ul><h3><span class=\"sub1\"><span class=\"sub2\"><span class=\"sub3\"><a href=\"https:\/\/www.geh8.de\/en\/rueckblick-ourspace-sommercamp-n2-n3\/\">Review OURSPACE Sommercamp N\u00b02 &#038; N\u00b03<\/a><\/span><\/span><\/span><\/h3><p>At the last two summer camps it was once again: build, saw, spray &#038; nail [&hellip;]<\/p>\n<\/div><\/div><div class=\"grid-item archive hyphenate querformat post-8800 post type-post status-publish format-standard has-post-thumbnail hentry category-festival\"><a href=\"https:\/\/www.geh8.de\/en\/3-verstaerker-kunst-film-festival-preistraeger-innen\/\"><img decoding=\"async\" src=\"https:\/\/www.geh8.de\/page\/wp-content\/uploads\/2021\/09\/3rd-Verstaerker-art-film-festival-GEH8-Dresden_2-288x216.jpg\" class=\"attachment-tile-landscape-low size-tile-landscape-low wp-post-image\" alt=\"\" srcset=\"https:\/\/www.geh8.de\/page\/wp-content\/uploads\/2021\/09\/3rd-Verstaerker-art-film-festival-GEH8-Dresden_2-288x216.jpg 288w, https:\/\/www.geh8.de\/page\/wp-content\/uploads\/2021\/09\/3rd-Verstaerker-art-film-festival-GEH8-Dresden_2-448x336.jpg 448w, https:\/\/www.geh8.de\/page\/wp-content\/uploads\/2021\/09\/3rd-Verstaerker-art-film-festival-GEH8-Dresden_2-368x276.jpg 368w, https:\/\/www.geh8.de\/page\/wp-content\/uploads\/2021\/09\/3rd-Verstaerker-art-film-festival-GEH8-Dresden_2-90x67.jpg 90w\" sizes=\"(max-width: 288px) 100vw, 288px\" \/><\/a><div class=\"grid-entry haase-archive\" data-content=\"The winners have been announced!\r\n\r\nAs part of the &quot;Verst\u00e4rker Program&quot; to support young artists, GEH8 organized the 3rd Art Film Festival on September 24 &amp; 25. In the competition program, 24 short films were presented by students from eight different universities in the new German states. In addition, two more universities were represented on the gala Saturday, with Dresden&#039;s partner city Columbus in particular bringing an international perspective with the Collage of Art and Design.\r\n\r\n\r\n\r\n\r\n\r\n\r\n\r\n\r\n\r\n\r\n\r\n\r\n\r\n\r\nPrize winners\r\nThe audience has decided and awarded the following prizes:\r\n1st place (300 euros)\r\nHANNAH FRANCKE with &quot;Carsten, an approach&quot;.\r\n\r\n\r\n\r\n2nd place (200 Euro)\r\nLEA HOFFARTH with &quot;Concave&quot;\r\n\r\n\r\n\r\n3rd Place (100 Euro)\r\nKLARA KIRSCH with &quot;Fit by Stacy - Hometour&quot;\r\n\r\n\r\n\r\nJury Award (Amplifier Award)\r\nJONAS ERLER &amp; MARIAN R\u00d6DER with &quot;Super(8)Skate\r\n\r\n\r\nOnce again we would like to thank all participants, guests and the team. It was a wonderful film festival! We are now looking forward to next year ...\r\n\r\n&nbsp;\r\n\r\npictures: pidelta.de\r\n\r\nIn cooperation with:\r\n\r\n&nbsp;\r\n\r\n&nbsp; &nbsp; &nbsp;\r\n\r\n&nbsp;\r\n\r\nSupported by:\r\n\r\n\r\n\r\n&nbsp; &nbsp; &nbsp;\r\n\r\n&nbsp;\"><ul class=\"post-categories\">\n\t<li><a href=\"https:\/\/www.geh8.de\/en\/category\/festival\/\" rel=\"category tag\">Festival<\/a><\/li><\/ul><h3><span class=\"sub1\"><span class=\"sub2\"><span class=\"sub3\"><a href=\"https:\/\/www.geh8.de\/en\/3-verstaerker-kunst-film-festival-preistraeger-innen\/\">3rd Verst\u00e4rker Art-Film-Festival: Award Winners<\/a><\/span><\/span><\/span><\/h3><p>The winners have been announced! As part of the &#8220;Verst\u00e4rker Program&#8221; to support young artists, [&hellip;]<\/p>\n<\/div><\/div><div class=\"grid-item archive hyphenate querformat post-8713 post type-post status-publish format-standard has-post-thumbnail hentry category-info\"><a href=\"https:\/\/www.geh8.de\/en\/ankuendigung-nilsson-samuelsson-liebe-svenja-46-postkarten-an-die-bundesumweltministerin\/\"><img decoding=\"async\" src=\"https:\/\/www.geh8.de\/page\/wp-content\/uploads\/2021\/09\/Liebe-Svenja-288x216.jpg\" class=\"attachment-tile-landscape-low size-tile-landscape-low wp-post-image\" alt=\"\" srcset=\"https:\/\/www.geh8.de\/page\/wp-content\/uploads\/2021\/09\/Liebe-Svenja-288x216.jpg 288w, https:\/\/www.geh8.de\/page\/wp-content\/uploads\/2021\/09\/Liebe-Svenja-448x336.jpg 448w, https:\/\/www.geh8.de\/page\/wp-content\/uploads\/2021\/09\/Liebe-Svenja-368x276.jpg 368w, https:\/\/www.geh8.de\/page\/wp-content\/uploads\/2021\/09\/Liebe-Svenja-90x67.jpg 90w\" sizes=\"(max-width: 288px) 100vw, 288px\" \/><\/a><div class=\"grid-entry haase-archive\" data-content=\"On December 1, 2021, the book &quot;Liebe Svenja - 46 Postcards to the Federal Environment Minister&quot; by Nilsson Samuelsson will be published by GEH8-Verlag.&nbsp; Between December 2020 and July 2021, the author wrote postcards to the Federal Minister for the Environment, Svenja Schulze, on the topics of the environment, climate and social justice. He designed these with his own drawings as well as some image quotes from graffiti artists. An illustrated book has been created from the collected postcards, which reviews the past year in pictures and short texts, supplemented by an epilogue by the Federal Environment Minister Svenja Schulze.\r\n\r\nOn December 9, 2021 at 7:30 p.m., exactly one year after the first card was sent to the Federal Minister for the Environment, we invite you to a talk and reading with Nilsson Samuelsson on the background, creation and content of the new book.\r\nDue to the current development of the Corona Pandemic, the event will take place as a live stream.\r\n\r\nClick here to go to the livestream on December 9, 2021 at 7:30 - 8 p.m.\r\n\r\nThe book &quot;Liebe Svenja&quot; can be ordered from the GEH8 publishing house with an email for 18 \u20ac and is also available at the local bookseller B\u00fcchers Best in Dresden.\r\n\r\nNilsson Samuelsson - Liebe Svenja\r\n\r\n2021 | 112 pages\r\n25 x 22 cm\r\nISBN: ISBN 978-3-949612-00-8\r\n\r\nPublisher: Nilsson Samuelsson &amp; GEH8 publishing house\r\nGraphic design: Michael Merkel\"><ul class=\"post-categories\">\n\t<li><a href=\"https:\/\/www.geh8.de\/en\/category\/info\/\" rel=\"category tag\">Info<\/a><\/li><\/ul><h3><span class=\"sub1\"><span class=\"sub2\"><span class=\"sub3\"><a href=\"https:\/\/www.geh8.de\/en\/ankuendigung-nilsson-samuelsson-liebe-svenja-46-postkarten-an-die-bundesumweltministerin\/\">Announcement: Graphic Novel by Nilsson Samuelsson &#8211; Liebe Svenja<\/a><\/span><\/span><\/span><\/h3><p>On December 1, 2021, the book &#8220;Liebe Svenja &#8211; 46 Postcards to the Federal Environment [&hellip;]<\/p>\n<\/div><\/div><div class=\"grid-item archive hyphenate querformat post-8555 post type-post status-publish format-standard has-post-thumbnail hentry category-ausstellung\"><a href=\"https:\/\/www.geh8.de\/en\/ausstellung-sara-hoppe-fragments-2\/\"><img decoding=\"async\" src=\"https:\/\/www.geh8.de\/page\/wp-content\/uploads\/2021\/08\/byebye-bye-2020-Bleistift-auf-Transparentpapier-21-x-297-cm-288x216.jpg\" class=\"attachment-tile-landscape-low size-tile-landscape-low wp-post-image\" alt=\"\" srcset=\"https:\/\/www.geh8.de\/page\/wp-content\/uploads\/2021\/08\/byebye-bye-2020-Bleistift-auf-Transparentpapier-21-x-297-cm-288x216.jpg 288w, https:\/\/www.geh8.de\/page\/wp-content\/uploads\/2021\/08\/byebye-bye-2020-Bleistift-auf-Transparentpapier-21-x-297-cm-448x336.jpg 448w, https:\/\/www.geh8.de\/page\/wp-content\/uploads\/2021\/08\/byebye-bye-2020-Bleistift-auf-Transparentpapier-21-x-297-cm-368x276.jpg 368w, https:\/\/www.geh8.de\/page\/wp-content\/uploads\/2021\/08\/byebye-bye-2020-Bleistift-auf-Transparentpapier-21-x-297-cm-90x67.jpg 90w\" sizes=\"(max-width: 288px) 100vw, 288px\" \/><\/a><div class=\"grid-entry haase-archive\" data-content=\"With the upcoming exhibition in the WERKRaum of GEH8, the artist Sara Hoppe shows new works that were created as part of a working scholarship of the state capital Dresden 2020. On display are paintings on canvas, processed with an orbital sander, typefaces on tracing paper as well as collages on paper. Here, essential processes of transformation and alienation become visible. They manifest themselves in multi-layered surfaces, fragmentary elements formed into ornamentation, and romantic motifs systematically transformed into a new pictorial structure.\r\n\r\n\r\n\r\n\r\n\r\nResponsible for the curation and supervision of the exhibition is Thomas Judisch.\r\n\r\nVernissage: Saturday, September 11, 2021, 16:00-20:00\r\nDuration: September 12 - October 03, 2021\r\nWhen: Open by appointment\r\nWhere: GEH8 WERKRaum\r\n\r\n(Work: Sara Hoppe: bye,bye, bye, 2020, pencil on tracing paper, 21 x 29,7 cm)\r\n\r\nSponsored by:\r\n\r\n\r\n\r\n&nbsp;\"><ul class=\"post-categories\">\n\t<li><a href=\"https:\/\/www.geh8.de\/en\/category\/ausstellung\/\" rel=\"category tag\">Exhibition<\/a><\/li><\/ul><h3><span class=\"sub1\"><span class=\"sub2\"><span class=\"sub3\"><a href=\"https:\/\/www.geh8.de\/en\/ausstellung-sara-hoppe-fragments-2\/\">WERKRaum Exhibition + Vernissage \/\/ Sara Hoppe &#8211; Fragments<\/a><\/span><\/span><\/span><\/h3><p>With the upcoming exhibition in the WERKRaum of GEH8, the artist Sara Hoppe shows new [&hellip;]<\/p>\n<\/div><\/div><div class=\"grid-item archive hyphenate querformat post-8692 post type-post status-publish format-standard has-post-thumbnail hentry category-festival category-lesung\"><a href=\"https:\/\/www.geh8.de\/en\/8692-2\/\"><img decoding=\"async\" src=\"https:\/\/www.geh8.de\/page\/wp-content\/uploads\/2021\/09\/5a74b647-6722-49c5-6ea2-8041bc321154-288x216.jpg\" class=\"attachment-tile-landscape-low size-tile-landscape-low wp-post-image\" alt=\"\" srcset=\"https:\/\/www.geh8.de\/page\/wp-content\/uploads\/2021\/09\/5a74b647-6722-49c5-6ea2-8041bc321154-288x216.jpg 288w, https:\/\/www.geh8.de\/page\/wp-content\/uploads\/2021\/09\/5a74b647-6722-49c5-6ea2-8041bc321154-448x336.jpg 448w, https:\/\/www.geh8.de\/page\/wp-content\/uploads\/2021\/09\/5a74b647-6722-49c5-6ea2-8041bc321154-368x276.jpg 368w, https:\/\/www.geh8.de\/page\/wp-content\/uploads\/2021\/09\/5a74b647-6722-49c5-6ea2-8041bc321154-90x67.jpg 90w\" sizes=\"(max-width: 288px) 100vw, 288px\" \/><\/a><div class=\"grid-entry haase-archive\" data-content=\"Global climate change is arguably the greatest challenge facing our world today. The risks and costs of dealing with the consequences of global warming will continue to increase unless concerted and deliberate action is taken now. Climate change is a serious threat to our way of life, and it is an opportunity for new, sustainable social orders and global cooperation in a new human era.\r\n\r\nWhat challenges and opportunities exist to mitigate climate change and its consequences and what role our everyday actions, politics and administration, science, education and culture play in this, we want to explore together from September 24 to October 2 under the title &quot;Climate of Change&quot;.\r\n\r\nWith numerous contributions of local initiatives to this year&#039;s main topic &quot;climate change&quot;, the festival week shows what the Dresden sustainability scene is up to. In workshops, discussions, lectures or excursions you can participate in current debates, get to know exemplary examples of sustainable (everyday) practice in Dresden, make contacts and become active yourself. Cinema lovers can expect an exciting film program in various cinemas in Dresden. Viewing is strictly allowed.\r\n\r\nMONDAY, 27.9.2021\r\n\r\nGuided tour: GEH8 goes green\r\n\r\n18.30- 19.30\r\n\r\nIn the last years a lot has happened in the art and culture center GEH8 in Dresden-Pieschen. We will show you how we think culture green and which important milestones we could already realize; from cistern to green roof, from green electricity to edible hedge. Come with us on a tour behind the scenes. Meeting and starting point is in the courtyard of GEH8. Immediately afterwards, the film screening &quot;Smog&quot; from the series &quot;Trash with Brains&quot; will run in GEH8, a joint event of Phase IV and GEH8 - it&#039;s worth staying there.\r\n\r\nWhen: Monday, September 27, 2021\r\n\r\nStart: 6:30 p.m.\r\n\r\nWhere: GEH8 courtyard\r\n\r\nMore info here!\r\n\r\n&nbsp;\r\n\r\nFilm and Talk: Trash with Brains Vol. 3: Smog\r\n\r\n8 - 10 pm\r\n\r\nThere is 1973 inversion weather in the whole Ruhr area. Countless cars and huge amounts of unfiltered pollutants from factories make the air more and more toxic. There are discussions in the media, experts speak out, politicians warn against scaremongering. But when the first deaths are reported, unpopular measures have to be taken...\r\n\r\nWolfgang Petersen shot his TV film as a fictional reportage and staged a prophetic reflection on a crisis management that targets elementary ways of life. He probably wouldn&#039;t have dreamed that he was anticipating the specter of &quot;climate lockdown&quot; that various circles on the Internet are loudly warning about today with an eye to the upcoming election. The trash is threatening from another side this time, and we need to talk!\r\n\r\nFilm running time: 86 minutes. Following the screening, PhaseIV will offer a film discussion to help the haze settle and clear the air.\r\n\r\nWhen: Monday, September 27, 2021\r\n\r\nStart: 8 pm\r\n\r\nWhere: GEH8 Art Space\r\n\r\nMore info here!\r\n\r\nFRIDAY, October 1, 2021\r\n\r\nFilm + Talk: Kiss the Ground\r\n\r\nAddressing a promising tool in the fight against climate change, the substance that underlies everything: the soil we walk on. By regenerating our world&#039;s soils, climate can be restabilized, lost ecosystems restored, and an abundant food supply created. Using vivid graphics and stunning NASA and NOAA footage, the film artfully illustrates how soil plays an important role by sequestering carbon in the atmosphere.\r\nThe documentary chooses to take an optimistic approach to the challenges of our time, giving voice to people who refuse to back down from the threat of climate catastrophe. Instead, they try to face it - as farmers, educators, scientists and yes, even as politicians.\r\n\r\nThe screening will be followed by a panel discussion with the following guests:\r\n\r\nMai Trinh, Local Agenda 21 with the projects Food Council and Edible City.\r\nN.N, farmer from the region\r\nJulia Mertens, deinHof Solidarity Farming\r\n\r\nFor those who like it cozy and warm: please bring a blanket - the hall is unheated.\r\n\r\nWhen: Friday, October 1, 2021\r\n\r\nStart: 7.30 p.m.\r\n\r\nWhere: GEH8 art room\r\n\r\nFree admission!\r\n\r\nMore info here!\r\n\r\n&nbsp;\"><ul class=\"post-categories\">\n\t<li><a href=\"https:\/\/www.geh8.de\/en\/category\/festival\/\" rel=\"category tag\">Festival<\/a><\/li>\n\t<li><a href=\"https:\/\/www.geh8.de\/en\/category\/lesung\/\" rel=\"category tag\">Reading \/ Talk<\/a><\/li><\/ul><h3><span class=\"sub1\"><span class=\"sub2\"><span class=\"sub3\"><a href=\"https:\/\/www.geh8.de\/en\/8692-2\/\">Umundu Festival &#8211; CLIMATE OF CHANGE (Guided Tour &#038; Film + Talk)<\/a><\/span><\/span><\/span><\/h3><p>Global climate change is arguably the greatest challenge facing our world today. The risks and [&hellip;]<\/p>\n<\/div><\/div><div class=\"grid-item archive hyphenate querformat post-8762 post type-post status-publish format-standard has-post-thumbnail hentry category-veranstaltungen\"><a href=\"https:\/\/www.geh8.de\/en\/europa-mitgestalten-beteiligungsformate-in-der-eu\/\"><img decoding=\"async\" src=\"https:\/\/www.geh8.de\/page\/wp-content\/uploads\/2021\/09\/Facebook-Event-Header-288x216.png\" class=\"attachment-tile-landscape-low size-tile-landscape-low wp-post-image\" alt=\"\" srcset=\"https:\/\/www.geh8.de\/page\/wp-content\/uploads\/2021\/09\/Facebook-Event-Header-288x216.png 288w, https:\/\/www.geh8.de\/page\/wp-content\/uploads\/2021\/09\/Facebook-Event-Header-448x336.png 448w, https:\/\/www.geh8.de\/page\/wp-content\/uploads\/2021\/09\/Facebook-Event-Header-368x276.png 368w, https:\/\/www.geh8.de\/page\/wp-content\/uploads\/2021\/09\/Facebook-Event-Header-90x67.png 90w\" sizes=\"(max-width: 288px) 100vw, 288px\" \/><\/a><div class=\"grid-entry haase-archive\" data-content=\"Europe is shaped from Brussels? Not true: Europe is everywhere and much closer than is generally assumed. It can be experienced not only through the processes and decisions of the EU institutions, but also very concretely in the reality of our lives. And the best thing is that you can help shape the future of Europe yourself in various ways. In a relaxed workshop setting, followed by snacks and drinks, different representatives will present four different ways to stand up for Europe and exchange ideas with other Europeans.\r\n\r\nAfter a short input lecture on the four formats, the speakers will each give two 30-minute presentations at topic tables about their work and commitment to Europe.\r\n\r\nTopic tables at a glance:\r\n\r\n1.) European Citizens&#039; Initiatives with Ronald Blaschke (Coordinator EBI Basic Income)\r\n2.) European honorary office and engagement in AG&#039;s with Matthias Ecke (SPE Activists) and Maria-Teresa R\u00f6lke (Europa Union and JEF Saxony)\r\n3.) Conference on the Future of Europe (COFE) with Katja Sinko (Team Europe of the European Commission)\r\n4-) European Solidarity Corps (ESK) with former volunteers from Dresden (ESK participant)\r\n\r\nThe instrument of the European Citizens&#039; Initiatives (ECI) is used to ask the European Commission to propose new laws and thus influence EU policy - unique! Once one million signatures have been collected for a citizens&#039; initiative, the Commission decides on follow-up measures.\r\n\r\nEuropean honorary office and commitment in AGs: Europa-Union Deutschland (EUD) and the associated Young European Federalists (JEF) are the largest citizens&#039; initiative for Europe in Germany. As Saxon regional associations, they are also committed to European unification, regardless of party affiliation, age or profession. The PES Activists are the Dresden activists of the Party of European Socialists and campaign locally for a more social and democratic Europe.\r\n\r\nAt the Conference on the Future of Europe (COFE), citizens can exchange ideas with people from all over Europe through debates and discussion series and help shape our common future. The conference is the first of its kind: as a Europe-wide exercise in democracy, it provides a new public forum for open, inclusive and transparent citizen debate on key priorities and challenges.\r\n\r\nThe EU-funded European Solidarity Corps (ESC) is a great opportunity for young people to volunteer for a social and diverse Europe. With the EU-funded program, 18- to 30-year-olds can complete funded volunteer services, internships, work placements, and their own solidarity projects at various non-profit projects across Europe, while strengthening social cohesion in the EU.\r\n\r\n&nbsp;\r\n\r\nWe ask for registration via the link and the selection of two of the four theme tables for the evening. In the subsequent get-together, the participants can network with each other independently of the topic tables.\r\n\r\nClick here to register!\r\n\r\nWhen: Thursday, October 7, 2021\r\n\r\nDuration: 6 - 8.30 p.m.\r\n\r\nWhere: GEH8 art room\r\n\r\nPlease note: 3G rule applies! Please have written or digital proof ready that you have been tested, recovered, or vaccinated.\"><ul class=\"post-categories\">\n\t<li><a href=\"https:\/\/www.geh8.de\/en\/category\/veranstaltungen\/\" rel=\"category tag\">Event<\/a><\/li><\/ul><h3><span class=\"sub1\"><span class=\"sub2\"><span class=\"sub3\"><a href=\"https:\/\/www.geh8.de\/en\/europa-mitgestalten-beteiligungsformate-in-der-eu\/\">Shaping Europe! Participation formats in the EU<\/a><\/span><\/span><\/span><\/h3><p>Europe is shaped from Brussels? Not true: Europe is everywhere and much closer than is [&hellip;]<\/p>\n<\/div><\/div><div class=\"grid-item archive hyphenate querformat post-8742 post type-post status-publish format-standard has-post-thumbnail hentry category-ausstellung\"><a href=\"https:\/\/www.geh8.de\/en\/werkraum-ausstellung-michael-merkel-einhundertachtundfuenfzig-krankenwagen\/\"><img decoding=\"async\" src=\"https:\/\/www.geh8.de\/page\/wp-content\/uploads\/2021\/09\/Michael-Merkel_Sondereinsatzgruppe-288x216.jpg\" class=\"attachment-tile-landscape-low size-tile-landscape-low wp-post-image\" alt=\"\" srcset=\"https:\/\/www.geh8.de\/page\/wp-content\/uploads\/2021\/09\/Michael-Merkel_Sondereinsatzgruppe-288x216.jpg 288w, https:\/\/www.geh8.de\/page\/wp-content\/uploads\/2021\/09\/Michael-Merkel_Sondereinsatzgruppe-448x336.jpg 448w, https:\/\/www.geh8.de\/page\/wp-content\/uploads\/2021\/09\/Michael-Merkel_Sondereinsatzgruppe-368x276.jpg 368w, https:\/\/www.geh8.de\/page\/wp-content\/uploads\/2021\/09\/Michael-Merkel_Sondereinsatzgruppe-90x67.jpg 90w\" sizes=\"(max-width: 288px) 100vw, 288px\" \/><\/a><div class=\"grid-entry haase-archive\" data-content=\"In October 2021, Michael Merkel will present works from his medical repertoire in the WERKRaum of GEH8. On display is a series of drawings on MRI images as well as his extensive collection of toy ambulances. Here, the title delivers exactly what it promises. Merkel&#039;s medical works are dedicated to aspects of vulnerability and crisis as well as the search for help. In doing so, the artist explores the iconography of pain and suffering in a high diversity of extraordinary materials and artistic techniques.\r\nResponsible for the curation and supervision of the exhibition is Thomas Judisch.\r\n\r\n&nbsp;\r\n\r\nVernissage: 9. October, 4 - 8. p.m.\r\nDuration: October 9 - October 31, 2021\r\nWhen: Open by appointment\r\nWhere: GEH8 WERKRaum\r\n\r\n(Work: Special Operations Group. Object | 2019 - Toy ambulance, acrylic showcases, 60 x 180 x 5 cm)\r\n\r\nSponsored by:\r\n\r\n\"><ul class=\"post-categories\">\n\t<li><a href=\"https:\/\/www.geh8.de\/en\/category\/ausstellung\/\" rel=\"category tag\">Exhibition<\/a><\/li><\/ul><h3><span class=\"sub1\"><span class=\"sub2\"><span class=\"sub3\"><a href=\"https:\/\/www.geh8.de\/en\/werkraum-ausstellung-michael-merkel-einhundertachtundfuenfzig-krankenwagen\/\">WERKRaum Exhibition + Vernissage \/\/ Michael Merkel &#8211; Einhundertachtundf\u00fcnfzig Krankenwagen<\/a><\/span><\/span><\/span><\/h3><p>In October 2021, Michael Merkel will present works from his medical repertoire in the WERKRaum [&hellip;]<\/p>\n<\/div><\/div><div class=\"grid-item archive hyphenate querformat post-8771 post type-post status-publish format-standard has-post-thumbnail hentry category-konzert\"><a href=\"https:\/\/www.geh8.de\/en\/kunst-raum-konzerte-praesentiert-gomringer-scholz\/\"><img decoding=\"async\" src=\"https:\/\/www.geh8.de\/page\/wp-content\/uploads\/2021\/09\/242014346_219599226856330_4885014483315644944_n-1-288x216.jpg\" class=\"attachment-tile-landscape-low size-tile-landscape-low wp-post-image\" alt=\"\" srcset=\"https:\/\/www.geh8.de\/page\/wp-content\/uploads\/2021\/09\/242014346_219599226856330_4885014483315644944_n-1-288x216.jpg 288w, https:\/\/www.geh8.de\/page\/wp-content\/uploads\/2021\/09\/242014346_219599226856330_4885014483315644944_n-1-448x336.jpg 448w, https:\/\/www.geh8.de\/page\/wp-content\/uploads\/2021\/09\/242014346_219599226856330_4885014483315644944_n-1-368x276.jpg 368w, https:\/\/www.geh8.de\/page\/wp-content\/uploads\/2021\/09\/242014346_219599226856330_4885014483315644944_n-1-90x67.jpg 90w\" sizes=\"(max-width: 288px) 100vw, 288px\" \/><\/a><div class=\"grid-entry haase-archive\" data-content=\"The Kunst.Raum.Konzerte offer a platform for the fusion of sound-, image- and space-based arts. In the process, music is always joined by another art form. Each band develops - in addition to playing their own pieces - a composition in real time together with the audience.\r\n\r\nBANG BANG BANG\r\nPhilipp Scholz listens. Nora Gomringer breathes in, Scholz takes a breath, Gomringer starts, Scholz drums, Gomringer speaks and PENG PENG PENG. Old magic in a new guise is created: jazz &amp; recitation.\r\n\r\nThe mixture: the word and the beat, humor and profundity in equal measure, a microphone, a drum set and two gifted artists: Nora Gomringer recites her own texts as well as lines from the entire world literature - from Dorothy Parker to the experimental literature of the 20th century and great classics.\r\n\r\nJazz drummer Philipp Scholz sets the beat, accompanies Gomringer&#039;s wild word-stepping, directs, disturbs and points out the speaker. Together, they provide a fatally erroneous bang of the highest order on stage.\r\n\r\n&nbsp;\r\n\r\nWhen: Thursday, October 14, 2021\r\n\r\nStart: 8 pm\r\n\r\nWhere: GEH8 Art Space\r\n\r\nVA venue: GEH8 Kunstraum, Gehestra\u00dfe 8, 01127 Dresden\r\n\r\nVVk: 10\u20ac \/ reduced 7 \u20ac + VVK fees\r\n\r\nHere you can buy tickets!\r\n\r\n&nbsp;\r\n\r\nReduced: Pupils\/students\/trainees, Dresden Pass holders, severely handicapped IDs&nbsp;\r\n\r\n&nbsp;\"><ul class=\"post-categories\">\n\t<li><a href=\"https:\/\/www.geh8.de\/en\/category\/konzert\/\" rel=\"category tag\">Concert<\/a><\/li><\/ul><h3><span class=\"sub1\"><span class=\"sub2\"><span class=\"sub3\"><a href=\"https:\/\/www.geh8.de\/en\/kunst-raum-konzerte-praesentiert-gomringer-scholz\/\">Kunst.Raum.Konzerte present: Gomringer &#038; Scholz<\/a><\/span><\/span><\/span><\/h3><p>The Kunst.Raum.Konzerte offer a platform for the fusion of sound-, image- and space-based arts. In [&hellip;]<\/p>\n<\/div><\/div><div class=\"grid-item archive hyphenate querformat post-8007 post type-post status-publish format-standard has-post-thumbnail hentry category-lesung\"><a href=\"https:\/\/www.geh8.de\/en\/das-leseclubfestival-ally-klein-der-wal\/\"><img decoding=\"async\" src=\"https:\/\/www.geh8.de\/page\/wp-content\/uploads\/2021\/08\/0ccb82e6-ab2a-48f6-8f94-905b98e4048b-288x216.png\" class=\"attachment-tile-landscape-low size-tile-landscape-low wp-post-image\" alt=\"\" srcset=\"https:\/\/www.geh8.de\/page\/wp-content\/uploads\/2021\/08\/0ccb82e6-ab2a-48f6-8f94-905b98e4048b-288x216.png 288w, https:\/\/www.geh8.de\/page\/wp-content\/uploads\/2021\/08\/0ccb82e6-ab2a-48f6-8f94-905b98e4048b-448x336.png 448w, https:\/\/www.geh8.de\/page\/wp-content\/uploads\/2021\/08\/0ccb82e6-ab2a-48f6-8f94-905b98e4048b-368x276.png 368w, https:\/\/www.geh8.de\/page\/wp-content\/uploads\/2021\/08\/0ccb82e6-ab2a-48f6-8f94-905b98e4048b-90x67.png 90w\" sizes=\"(max-width: 288px) 100vw, 288px\" \/><\/a><div class=\"grid-entry haase-archive\" data-content=\"&quot;Literature as a dare - Ally Klein shows how it can be done.&quot; Wolfgang Huber-Lang\r\n\r\nSaul has stopped being an artist. He sees himself as a construction worker and has only one last major project in mind: to return an enigmatic building - the Whale - to its purposeless original state. For once a photographer had covered this soft, ashen concrete inside the cube with tiles and deformed it into a studio. Saul now unconditionally puts all his energy into this work until he is completely exhausted and at the end of his rope.\r\nOn the one hand, The Whale develops into a sensitive relationship story. A triangle develops with Q\/Keough as Saul&#039;s companion and Aezra, Saul&#039;s writing brother. On the other hand, the novel addresses the meaning of art. The power of storytelling and language are of particular importance.\r\n\r\nModeration: Christian R\u00e4tsch\r\n\r\nWhen: Friday, September 17, 2021\r\nDuration: 7.30 - 9.00 p.m.\r\nWhere: GEH8 Art Space\r\n\r\nGet your tickets here here!\r\nMore information here!\r\n\r\n&nbsp;\"><ul class=\"post-categories\">\n\t<li><a href=\"https:\/\/www.geh8.de\/en\/category\/lesung\/\" rel=\"category tag\">Reading \/ Talk<\/a><\/li><\/ul><h3><span class=\"sub1\"><span class=\"sub2\"><span class=\"sub3\"><a href=\"https:\/\/www.geh8.de\/en\/das-leseclubfestival-ally-klein-der-wal\/\">The Reading Club Festival: Ally Klein &#8211; The Whale<\/a><\/span><\/span><\/span><\/h3><p>&#8220;Literature as a dare &#8211; Ally Klein shows how it can be done.&#8221; Wolfgang Huber-Lang [&hellip;]<\/p>\n<\/div><\/div><div class=\"grid-item archive hyphenate querformat post-8454 post type-post status-publish format-standard has-post-thumbnail hentry category-festival\"><a href=\"https:\/\/www.geh8.de\/en\/3-verstaerker-kunst-film-festival\/\"><img decoding=\"async\" src=\"https:\/\/www.geh8.de\/page\/wp-content\/uploads\/2021\/01\/WebseiteTitelbild_1-1-288x216.jpg\" class=\"attachment-tile-landscape-low size-tile-landscape-low wp-post-image\" alt=\"\" srcset=\"https:\/\/www.geh8.de\/page\/wp-content\/uploads\/2021\/01\/WebseiteTitelbild_1-1-288x216.jpg 288w, https:\/\/www.geh8.de\/page\/wp-content\/uploads\/2021\/01\/WebseiteTitelbild_1-1-448x336.jpg 448w, https:\/\/www.geh8.de\/page\/wp-content\/uploads\/2021\/01\/WebseiteTitelbild_1-1-368x276.jpg 368w, https:\/\/www.geh8.de\/page\/wp-content\/uploads\/2021\/01\/WebseiteTitelbild_1-1-90x67.jpg 90w\" sizes=\"(max-width: 288px) 100vw, 288px\" \/><\/a><div class=\"grid-entry haase-archive\" data-content=\"As part of the Verst\u00e4rker Program to support young artists, GEH8 is hosting the 3rd Art Film Festival.\r\n\r\nOn Friday, September 24, the festival will present short film contributions by students from eight different universities in the New German States. Here the audience decides: Come to the screening and vote for your favorite! The most popular entries will receive prize money, and a jury of experts will also present the Verst\u00e4rker Award designed by Dresden artist Heinz Schm\u00f6ller.\r\n\r\nAll winners will be awarded during a gala show with live music on Saturday, September 25.\r\n\r\nNEW: For the first time, short films from an international guest university will be shown at the gala show on Saturday. In the future, the art academy of a partner city of Dresden will be invited to present itself with short films. The Columbus Collage of Art and Design with the departments of animation as well as film and video will kick things off.\r\n\r\nFriday, September 24, 2021\r\n\r\nOpening + Screening\r\n\r\nAdmission 6 p.m. | Start 7 p.m.\r\n\r\nSaturday, September 25, 2021\r\n\r\nAwards Ceremony\r\n\r\nShow with live music\r\n\r\nAdmission 6 p.m. | Start 7 p.m.\r\n\r\nJury\r\n\r\nJana Endruschat studied media &amp; communication science and has always been connected to the Saxon film scene. For more than 10 years she produced image and industrial films and worked at least as long in the production department for national and international feature film productions. As a trainee in the funding department she got to know the mechanisms of the Central German Media Funding &amp; was able to expand her moving image spectrum at Werkleitzgesellschaft e.V. in the Center for Media Art. 2013-2018 she was responsible for communication &amp; network at Filmverband Sachsen. In January 2019, she took over the management.&nbsp;\r\n\r\nAlexandra Mei\u00dfner was born in Hoyerswerda in 1983 and studied sociology and communication science in Dresden. From 2008 she worked for the International Filmfest Dresden and was a member of the festival management for seven years. She is active as a freelance programmer and lecturer and advises film and cultural projects in the areas of production, development and mediation. Since 2019, she has been an officer for program support and communication at the Cultural Foundation of the Free State of Saxony, where she coordinates, among other things, the international residency programs and the Small Projects Fund for Rural Areas.&nbsp;\r\n\r\nMichael Merkel, born in 1987 in Dresden, studied German language and literature, cultural studies and art history in Dresden and Wroclaw after training as a wood sculptor. He also studied free art at the Academy in Wroclaw and at the Bauhaus University in Weimar. In addition to the implementation of curatorial projects, he has exhibited several times in Germany and abroad. He has been awarded various grants as well as project funding for his artistic work and has been working as coordinator program planning and public relations at GEH8 Kunstraum Dresden since 2018. He initiated the Amplifier Art-Film Festival in 2019, which he has also coordinated since then.\r\n\r\n&nbsp;\r\nParticipants\r\n&nbsp;\r\nBauhaus-Universit\u00e4t \/ Weimar:\r\n&nbsp;\r\n\r\n\r\n\r\n\r\n\r\nANTONIA MANG with FUEGO@TRINIMAR\r\nA fire has started in the hotel bar. The Hotel Trinimar is located in Benicassim. A place that resembles any other on Spain&#039;s Mediterranean coast - houses and hotel palaces as far as the eye can see. Benicassim is a normal vacation spot. A place where many Germans usually tan their plautze year after year. What was special about this place was perhaps the fire with its thick black clouds against a bright blue sky, the tourists, armed with camera and smartphone, in swimming trunks and bikini, the sound of the sea in the background. Just the danger in paradise.\r\n\r\n\r\n\r\n\r\n\r\n\r\n\r\n\r\n\r\nJOHANNA RITA LEDERMANN mit V.WORD\r\n\r\nwhile the world is quiet,\r\na person reflects on veins, body,\r\ncontrol, love and acceptance\r\n\r\n\r\n\r\n\r\n\r\n\r\n\r\n\r\n\r\nNAWAR ALHUSARI with INDEPENDENT PRESENT_01\r\nThe film is the first of several short films entitled \/Independent Present\/, which aims to show the stories of Syrian refugees in Lebanon and the various challenges of their daily lives. The film questions the concepts (past, present, future ...) and their impact on individual and collective memory in a very complex daily life determined by political, economic and social conditions.\r\n\r\n\r\n\r\n\r\n\r\n\r\n\r\n\r\n\r\nRIKA TARIGAN with OBSESSED\r\nThe film navigates the inner landscape of uncontrollable compulsions in three acts.\r\n\r\n\r\n\r\n\r\n\r\n\r\n\r\n\r\n\r\nVITOR MATTOS with WHEN EVERYTHING THAT NEEDS TO BE HUNTERED IS US\r\nThe video performance takes place in a snowy forest landscape - along the &quot;blood road&quot; that connects the city of Weimar with the former concentration camp Buchenwald. The performer is involved in a dance with red fabric: a struggle with himself. The radiant color breaks the purity of the snow, so that the dancer cannot escape strange glances.\r\n\r\n\r\n\r\n\r\nHfBK Dresden:\r\n&nbsp;\r\n\r\n\r\n\r\n\r\n\r\nANNA CHOI with GREEN SLIME\r\nThe green slime approaches its ears to the window and opens its eyes a crack wide to take a closer look. He hears the voice of life and seeks eye contact with you. He will devour you.\r\n\r\n\r\n\r\n\r\n\r\n\r\n\r\n\r\n\r\nLAURA ERIKA URBANSKI with A MOMENT&#039;S PERMANENCE\r\nThe video shows two people waiting, exposed to the passing of time. Enclosed in the same airless space, they are nevertheless alone with time and increasingly doubt its reality. Sacral-like, overlapping and intertwining vocals reinforce the decoupling from the basic parameters of being, time and space, the indeterminacy and indeterminability of the moment.\r\n\r\n\r\n\r\n\r\n\r\n\r\n\r\n\r\n\r\nLEA HOFFARTH with KONKAV\r\nKonkav is the interpretation of the song of the same name by the artists Hanno Nusche and Friedrich K\u00f6rner. From my first hearing sensation, already painted me images for cinematic implementation, but it forced itself on me the question, what the song from the &quot;inner view&quot;, intention\/intention of the artists, in itself holds. Based on the question: &quot;Which two attributes would you give to your song?&quot; I worked out photograms (see in these pictures). Which in their clustered appearance contain the received answer: &quot;perfidious\/concave\/fusion\/unpredictable&quot;. This teeming of charged objects should enter unpredictably into perfidious fusion. It is thus a play between word, form and sound, which contains the big picture, the playfully childlike and yet brutally? Abstract. In many ways, the levels, those of sound and those of moving image, refer to each other and stimulate the questioning of traits of everyday objects. Wisdom teeth, flowers, chains, candles, dolls, screws, everything is animated even if in the end the electricity is missing.\r\n\r\n\r\n\r\n\r\n\r\n\r\n\r\n\r\n\r\nLISA MARIE BAIER with TANNES\r\n&nbsp;\r\n\r\n\r\n\r\n\r\n\r\n\r\n\r\n\r\nMONA SOPHIA FREUDENREICH with NIGHT SHADOWS I &amp; II\r\nWhile I sleep, I am awake. In the darkness of the shadows I see figures that are familiar to me, but I have forgotten their names. In my dreams they accompany me. I carry them into the day to know their secret. Always a little further, until they find their home in me.\r\n\r\n\r\n\r\n\r\n\r\n\r\n\r\n\r\n\r\nVERONIKA PFAFFINGER with MINIMAL GARDENING\r\nIn regularly changing intervals the same spot of a beige-brown meadow is watered. After a few days the first changes can be noticed, the meadow turns green. From time to time the watering trace disappears, only to reappear again. It disappears when the weather changes. When it is less hot and rains more often, the whole area turns green. It can also disappear if I don&#039;t find enough time to water and the green patch in the meadow turns brown again. It is not a matter of winning or losing, or of imposing one&#039;s own will; the disappearance is an integral part and the work a dialogue between man and nature. It is based on a defensive attitude in the broadest sense, defensive and benevolent towards things, the (surrounding) world in general, nature, or more concretely: the cycle of nature.\r\n\r\n\r\n\r\n\r\n\r\n\r\n\r\n\r\n\r\nVIKTORIA OVSEPIAN with JOSEPHINE\r\nMy short film Josephine shows the long and arduous way of integration of a person from another country. Integration into a new society and reaching new, almost impossible goals is a main motive of this film. The text of Alfred Bryan &quot;Come Josephine In My Flying Machine&quot; shows how one can &quot;fly&quot; to the top, even if it is unimaginable for others. For the work with this film I was inspired by my voluntary social work and the work for people with migration background.\r\n\r\n\r\n\r\n\r\nHGB Leipzig:\r\n\r\n\r\n\r\n\r\nBERNHARD BORMANN with THE COQUETTE INDIVISIBLE LOVE AFFAIR FILLS THE POWDERY MODERATION\r\n\r\nLeaves can be glimpsed in a diffuse background. These leaves seemingly break through a boundary and then become visible to disappear again (as the wind wills). The film music picks up on this moment when a melody is heard through a noise atmosphere.\r\n\r\n\r\n\r\n\r\n\r\n\r\n\r\n\r\nHANNAH FRANKE with CARSTEN, AN APPEARANCE\r\nWho was Carsten? How did he die and why is there so little of him left? The film touches on the desire to get closer to someone you could never get to know. A search for traces. The attempt of a rapprochement. And the illusion of this possibility. Carsten, my uncle, died when I was a small child and I have no memories of him, no idea who this person was and yet the desire to get to know him. I set out to find him: searching through old family albums and writing down memories my mother has of her brother. It is frighteningly little. And I wonder what actually remains of a person? I photograph what I associate with him. The film describes the attempt of an approach to him, to my family, as well as thoughts about memory and the body as an archive.through fragments, a loose image of an intangible person emerges.\r\n\r\n\r\n\r\n\r\n\r\n\r\n\r\n\r\n\r\nHELENA K\u00dcHNEMANN &amp; KATHRIN UNGER with WHAT WOULD YOU RATHER&nbsp; BE: A PRIVACY HAVE OR A PRIVACY HAVE-NOT? AUS TWENTYFORTY - UTOPIAS FOR A DIGITAL SOCIETY\r\n\r\nThe concept of privacy in an era of ubiquitous technology and social media increasingly divided people between those who value privacy and those who place more value on other commodities. The film is an episode from the work twentyforty, which is dedicated to the question of how digitization will affect our society within the next 20 years.\r\n\r\n\r\n\r\n\r\n\r\n\r\n\r\n\r\n\r\nINKA HILSENBEK with SNAKE NEST IN THE HEART\r\nHissing voices flow between our bodies Whisper answers that come too late\r\nTwirling deaf thoughts\r\nCarry on conversations that never were.\r\nYou declare war on me\r\n(I&#039;m not listening to you)\r\nPondering broken memories.\r\n\r\n\r\n\r\n\r\n&nbsp;\r\nHochschule Mittweida:\r\n&nbsp;\r\n\r\n\r\n\r\n\r\n\r\nJONAS ERLER &amp; MARIAN R\u00d6DER \r\nwith \u043e\u0434\u0438\u043d\u043e\u043a\u043e\r\n\r\n\r\n\r\n\r\n\r\n\r\n\r\n\r\n\r\nJONAS ERLER &amp; MARIAN R\u00d6DER\r\n\r\n&nbsp;with Super(8)Skate\r\n\r\n\r\n\r\n\r\n&nbsp;\r\nHochschule Wismar:\r\n\r\n\r\n\r\n\r\n\r\nARKADIJ BLINOW, PHILIPP RING with IMPRESSIONS FROM THE DARK CHAMBER\r\nWithin a study project titled &quot;The Weather in the Dark Chamber&quot;, the focus was on the conceptual combination of photography and painting. Through the situation of the first Covid-19 Lockdown, we got the opportunity to use an office space in the form of an industrial container with the dimensions of approx. 9,00x6,00x3,00m to a &quot;Camera Obscura&quot;. As a result large-format negatives were created over a period of several months. The largest of them, with the dimensions of 1,20x2,00m, was subsequently\r\nImpressions of the past time in an impulsive design process painted.\r\n\r\n\r\n\r\n\r\nKunsthochschule Berlin Wei\u00dfensee:\r\n&nbsp;\r\n\r\n\r\n\r\n\r\n\r\nMARGARETE KISS with THE DANCE OF THE LAST NAPKIN\r\n\r\nAround 1800, a flourishing textile industry developed along the Fl\u00f6ha River, which almost completely collapsed in 1989-90, resulting in mass unemployment. Numerous inns closed around the same time. The film shows scenes in one of these inns in Augustusburg and connects them with the symbolic, Sisyphean task of keeping the last napkin in motion and alive.\r\n\r\n\r\n\r\n\r\n&nbsp;\r\n&nbsp;\r\nUdK Berlin:\r\n\r\n\r\n\r\n\r\n\r\nKLARA KIRSCH with FIT BY STACY - HOMETOUR\r\n\r\nFit By Stacy is a long-term project that explores questions of identity\/s and self-duplication in the digital world, as well as female bodies and role\r\nin the digital world, as well as female bodies and role models in social media. In Hometour, the emptiness in Stacy&#039;s virtual home becomes a metaphor. While youtube-typical phrases are strung together, one can sense slight breaks in their perfection can be glimpsed.\r\n\r\n\r\n\r\n\r\n\r\n\r\n\r\n\r\n\r\nMARYNA MAKARENKO with IN CLOSURE\r\n\r\n&quot;In Closure&quot; is a short documentary essay film about how isolation due to the Covid 19 pandemic has changed how we understand bodies, intimacy, and closeness. During isolation, I reflected on how the virus changed how I thought and felt about my body and other people&#039;s bodies. I invited friends to reflect on these questions in the form of self-recorded interviews and short body portraits. My analog film-photo archives became another layer of work that took on new meaning in a contemporary context.\r\n\r\n\r\n\r\n\r\nUniversit\u00e4t Greifswald:\r\n\r\n\r\n\r\n\r\n\r\n\r\nDEBORAH GROSS with DIS(CONNECTED)\r\n\r\nIn times of social distance, we all come together in front of our screens in the digital world. Connected to the whole world and yet isolated within our own four walls. For some time now, we have been moving, searching and losing ourselves as an &quot;only person&quot; in a non-real space. As if we were stuck in an endless loop. The loss of any freedom of movement and closeness has made us more sensitive to the little things. Because a glance out of the window can sometimes be the most eventful and intimate moment of a day.\r\n\r\n\r\n\r\n\r\n\r\n\r\n\r\n\r\n\r\nSTEN NIKLAS WASHAUSEN mit WIRRSZANIE\r\n\r\nStudents from Greifswald &amp; Szczecin have discussed together the contemporary ways of dealing with a crisis. Here I have approached the emotional handling of confusion. Individual fates from private circles of Polish &amp; German families complement the minimalist entropy, which intensifies to frequent moments of spontaneous omni confusion.\r\n\r\n\r\n\r\n\r\n&nbsp;\r\nGuests: Columbus College of Art &amp; Design\r\n\r\n\r\n\r\n\r\nAsa Compton\r\nAgent Garbo\r\n\r\n\r\nJack Hoppy\r\nJoy Devision - The voice remains\r\n\r\n\r\nAlyssa Morris\r\nPortrait of Mary Skrenta\r\n\r\n\r\nFriday Smith\r\nThe trip home\r\n\r\n\r\nMatthew Hughes\r\nUnderstanding James\r\n\r\n\r\nTyler Newby\r\nTomato Lemon\r\n\r\n\r\nGroup work\r\nAtomic\r\n\r\n\r\nBethany Haggy\r\nSense of Self\r\n\r\n\r\nJonathon Dulaney\r\nMonsters life in here\r\n\r\n\r\nCaitlin Tobin\r\nValen\r\n\r\n\r\nEmma Pommering\r\nMoose Can Do What They Want\r\n\r\n\r\nLoren West\r\nCats\r\n\r\n\r\n\r\n&nbsp;\r\nHere are our impressions of the 3rd Verst\u00e4rker Art-Film-Festival:\r\n[video width=&quot;1920&quot; height=&quot;1080&quot; mp4=&quot;https:\/\/www.geh8.de\/page\/wp-content\/uploads\/2022\/03\/GEH8-Kunstfilmfestival.mp4&quot;][\/video]\r\n\r\n&nbsp;\r\n\r\nIn cooperation with:\r\n\r\n&nbsp;\r\n\r\n&nbsp; &nbsp; &nbsp;\r\n\r\n&nbsp;\r\n\r\nSupported by:\r\n\r\n\r\n\r\n&nbsp; &nbsp; &nbsp;\r\n\r\n&nbsp;\"><ul class=\"post-categories\">\n\t<li><a href=\"https:\/\/www.geh8.de\/en\/category\/festival\/\" rel=\"category tag\">Festival<\/a><\/li><\/ul><h3><span class=\"sub1\"><span class=\"sub2\"><span class=\"sub3\"><a href=\"https:\/\/www.geh8.de\/en\/3-verstaerker-kunst-film-festival\/\">3rd Verst\u00e4rker Art-Film-Festival: participating entries<\/a><\/span><\/span><\/span><\/h3><p>As part of the Verst\u00e4rker Program to support young artists, GEH8 is hosting the 3rd [&hellip;]<\/p>\n<\/div><\/div><div class=\"grid-item archive hyphenate querformat post-8571 post type-post status-publish format-standard has-post-thumbnail hentry category-workshop\"><a href=\"https:\/\/www.geh8.de\/en\/frei-raum-direkt-young-satellites-diy-bauworkshop\/\"><img decoding=\"async\" src=\"https:\/\/www.geh8.de\/page\/wp-content\/uploads\/2021\/08\/OURSPACE-PARCOUR-SAFY-WALESKA-3050-288x216.jpg\" class=\"attachment-tile-landscape-low size-tile-landscape-low wp-post-image\" alt=\"\" srcset=\"https:\/\/www.geh8.de\/page\/wp-content\/uploads\/2021\/08\/OURSPACE-PARCOUR-SAFY-WALESKA-3050-288x216.jpg 288w, https:\/\/www.geh8.de\/page\/wp-content\/uploads\/2021\/08\/OURSPACE-PARCOUR-SAFY-WALESKA-3050-448x336.jpg 448w, https:\/\/www.geh8.de\/page\/wp-content\/uploads\/2021\/08\/OURSPACE-PARCOUR-SAFY-WALESKA-3050-368x276.jpg 368w, https:\/\/www.geh8.de\/page\/wp-content\/uploads\/2021\/08\/OURSPACE-PARCOUR-SAFY-WALESKA-3050-90x67.jpg 90w\" sizes=\"(max-width: 288px) 100vw, 288px\" \/><\/a><div class=\"grid-entry haase-archive\" data-content=\"young satellites \/ DIY - Building Workshop\r\n\r\nHere we saw and build! We design the open space of the Old Leipzig Station with your ideas. Together with architecture students from Dresden we will build furniture and installations. At the same time, nature will be in the focus of the design: garbage bins, nesting boxes and raised beds are just a few of the possibilities you can design and build with us. Get involved and get crafty for your open space - catering is provided! The workshop takes place in cooperation with Sukuma e. V., as part of their project Right to the City.\r\n\r\nWhen: Saturday, August 21, 2021, 10 a.m. - 4 p.m.\r\nMeeting point: Eisenbahnstr. 2, 01097 Dresden\r\nRegistration at: freiraum@geh8.de\r\n\r\nPhoto: Ronny Waleska\r\n\r\nFrei.Raum.Direkt Young Satellites is funded by the Federal Government Commissioner for Culture and the Media (BKM) with funds from Neustart Kultur in the Kultursommer 2021 program. Young Satellites is also supported by the Dresden Foundation for Art &amp; Culture of the Osts\u00e4chsische Sparkasse Dresden.\r\n\r\nFunded by:\r\n\r\n\r\n\r\n&nbsp;\r\n\r\nFrei.Raum.Direkt. is supported in the program Kultursommer 2021 by the Federal Government Commissioner for Culture and the Media (BKM) with funds from NEUSTART KULTUR. As well as the Federal Association of Socioculture &amp; the Cultural Foundation of the Free State of Saxony.\r\n\r\nFunded by:\r\n\r\n\"><ul class=\"post-categories\">\n\t<li><a href=\"https:\/\/www.geh8.de\/en\/category\/workshop\/\" rel=\"category tag\">Workshop<\/a><\/li><\/ul><h3><span class=\"sub1\"><span class=\"sub2\"><span class=\"sub3\"><a href=\"https:\/\/www.geh8.de\/en\/frei-raum-direkt-young-satellites-diy-bauworkshop\/\">Frei.Raum.Direkt. Young Satellites &#8211; DIY Building Workshop<\/a><\/span><\/span><\/span><\/h3><p>young satellites \/ DIY &#8211; Building Workshop Here we saw and build! We design the [&hellip;]<\/p>\n<\/div><\/div><div class=\"grid-item archive hyphenate querformat post-8562 post type-post status-publish format-standard has-post-thumbnail hentry category-veranstaltungen\"><a href=\"https:\/\/www.geh8.de\/en\/frei-raum-direkt-brain-walk\/\"><img decoding=\"async\" src=\"https:\/\/www.geh8.de\/page\/wp-content\/uploads\/2021\/08\/Homepage_1-1-288x216.png\" class=\"attachment-tile-landscape-low size-tile-landscape-low wp-post-image\" alt=\"\" srcset=\"https:\/\/www.geh8.de\/page\/wp-content\/uploads\/2021\/08\/Homepage_1-1-288x216.png 288w, https:\/\/www.geh8.de\/page\/wp-content\/uploads\/2021\/08\/Homepage_1-1-448x336.png 448w, https:\/\/www.geh8.de\/page\/wp-content\/uploads\/2021\/08\/Homepage_1-1-368x276.png 368w, https:\/\/www.geh8.de\/page\/wp-content\/uploads\/2021\/08\/Homepage_1-1-90x67.png 90w\" sizes=\"(max-width: 288px) 100vw, 288px\" \/><\/a><div class=\"grid-entry haase-archive\" data-content=\"BRAIN WALK Old Leipzig Station with After-Walk-Party\r\n\r\n\r\nWe invite you next Wednesday from 5 pm to the finale of our project Frei.Raum.Direkt on the area of the Old Leipzig Station, to the BRAIN WALK followed by an after-walk party!\r\n\r\nAs a currently green informal open space, the area of the Alter Leipziger Bahnhof near the city center has significant potential for urban development that is more strongly oriented toward the common good. To include such a perspective in the expected development process, many committed voices are needed. Do you also want to contribute your impressions, experiences and thoughts?&nbsp;Then come to the BRAIN WALK, which we want to undertake with stadt:wirken at the end of our project Frei.Raum.Direkt in the context of our conference of actors. Together with you, we will explore the different qualities of this green open space and record them as a basis for future discussions and decisions.\r\n\r\nWhen: August 25, 2021, 5 - 7 p.m.\r\n\r\n&nbsp;&nbsp;&nbsp;&nbsp;&nbsp;&nbsp;&nbsp;&nbsp;&nbsp;&nbsp; from 19:30 &quot;After-Walk-Party&quot;, made possible by the Institute for Spatial Resilience\r\n\r\nMeeting point: Eisenbahnstr. 2, 01097 Dresden, Germany\r\n\r\n&nbsp;\r\n\r\nFrei.Raum.Direkt. is supported in the program Kultursommer 2021 by the Federal Government Commissioner for Culture and the Media (BKM) with funds from NEUSTART KULTUR. As well as the Federal Association of Socioculture &amp; the Cultural Foundation of the Free State of Saxony.\r\n\r\nFunded by:\r\n\r\n\"><ul class=\"post-categories\">\n\t<li><a href=\"https:\/\/www.geh8.de\/en\/category\/veranstaltungen\/\" rel=\"category tag\">Event<\/a><\/li><\/ul><h3><span class=\"sub1\"><span class=\"sub2\"><span class=\"sub3\"><a href=\"https:\/\/www.geh8.de\/en\/frei-raum-direkt-brain-walk\/\">Frei.Raum.Direkt. BRAIN WALK WITH AFTER WALK PARTY<\/a><\/span><\/span><\/span><\/h3><p>BRAIN WALK Old Leipzig Station with After-Walk-Party We invite you next Wednesday from 5 pm [&hellip;]<\/p>\n<\/div><\/div><div class=\"grid-item archive hyphenate querformat post-8520 post type-post status-publish format-standard has-post-thumbnail hentry category-veranstaltungen\"><a href=\"https:\/\/www.geh8.de\/en\/frei-raum-direkt-kuenstlerresidenz-3-wir-begruessen-esther-kokmeijer-aus-rotterdam\/\"><img decoding=\"async\" src=\"https:\/\/www.geh8.de\/page\/wp-content\/uploads\/2021\/08\/Esther-Kokmeijer-Antarctica-2015-1-e1628846316897-288x216.jpg\" class=\"attachment-tile-landscape-low size-tile-landscape-low wp-post-image\" alt=\"\" srcset=\"https:\/\/www.geh8.de\/page\/wp-content\/uploads\/2021\/08\/Esther-Kokmeijer-Antarctica-2015-1-e1628846316897-288x216.jpg 288w, https:\/\/www.geh8.de\/page\/wp-content\/uploads\/2021\/08\/Esther-Kokmeijer-Antarctica-2015-1-e1628846316897-448x336.jpg 448w, https:\/\/www.geh8.de\/page\/wp-content\/uploads\/2021\/08\/Esther-Kokmeijer-Antarctica-2015-1-e1628846316897-368x276.jpg 368w, https:\/\/www.geh8.de\/page\/wp-content\/uploads\/2021\/08\/Esther-Kokmeijer-Antarctica-2015-1-e1628846316897-90x67.jpg 90w\" sizes=\"(max-width: 288px) 100vw, 288px\" \/><\/a><div class=\"grid-entry haase-archive\" data-content=\"August 17 - 20, 2021 Frei.Raum.Direkt. Artist Residency #3\r\nEsther Kokmeijer (Rotterdam)\r\n\r\nFrom August 17-20, Esther Kokmeijer will be a guest at FREI.RAUM.DIREKT to explore the urban open space of the Altes Leipziger Bahnhof together with her one-year-old son Kai.\r\n\r\nEsther Kokmeijer is an artist, researcher, designer and photographer who currently resides in Rotterdam and works around the globe. In her work as an artist, she mainly focuses on the &quot;global commons&quot;. A term commonly used to describe international, supranational and global resource areas. The global commons include the Earth&#039;s shared natural resources, such as the world&#039;s oceans, atmosphere, and outer space, particularly Antarctica. Her work has been exhibited and published worldwide. She has visited 84 countries for various projects. Seasonally, she works as an expedition photographer and polar guide. She is the founder of ANTARKTIKOS, a magazine dedicated exclusively to Antarctica, founder of the Cosmic Water Foundation, and part of the art collective If Paradise Is Half As Nice.\r\n\r\nIf Paradise Is Half As Nice (IPIHAN)\r\n\r\nIf Paradise Is Half As Nice (IPIHAN) is an art collective that works and lives in abandoned spaces or properties for six weeks each summer. Each year a different filmmaker joins the group to make a documentary. The documentaries from the last two years #9 and #10 will be screened exclusively at GEH8. IPIHAN #9 took place in Zeitz and was shot by Adam Wakeling and IPIHAN #10 took place on a concrete slab in Rotterdam and was shot by Marieke van der Lippe and will be presented for the first time at the Rotterdam Film Festival next year.\r\n\r\nClick here for the teaser!\r\n\r\nThursday, August 19, 2021\r\n\r\nWalk and Artist Talk with Esther Kokmeijer \/\r\n\r\nFilm screening IPIHAN #9 and #10 with Marieke van der Lippe\r\n\r\n18:00 - 19:00 Walk with Esther Kokmeijer across the Old Leipzig Station to GEH8.\r\n\r\n19:00 - 20:00 Artist talk with stories of previous explorations and of her recent adventures\r\n\r\n&nbsp;&nbsp;&nbsp;&nbsp;&nbsp;&nbsp;&nbsp;&nbsp;&nbsp;&nbsp;&nbsp;&nbsp;&nbsp;&nbsp;&nbsp;&nbsp;&nbsp;&nbsp;&nbsp;&nbsp;&nbsp;&nbsp;&nbsp; on location (location: GEH8)\r\n\r\n20:30 - 22:00 Screening of two documentaries by the art collective &quot;If Paradise Is Half As Nice&quot;\r\n\r\n&nbsp;&nbsp;&nbsp;&nbsp;&nbsp;&nbsp;&nbsp;&nbsp;&nbsp;&nbsp;&nbsp;&nbsp;&nbsp;&nbsp;&nbsp;&nbsp;&nbsp;&nbsp;&nbsp;&nbsp;&nbsp;&nbsp;&nbsp;&nbsp; (IPIHAN) (location: GEH8), Marieke von der Lippe will be present, introduce her film\r\n\r\n&nbsp;&nbsp;&nbsp;&nbsp;&nbsp;&nbsp;&nbsp;&nbsp;&nbsp;&nbsp;&nbsp;&nbsp;&nbsp;&nbsp;&nbsp;&nbsp;&nbsp;&nbsp;&nbsp;&nbsp;&nbsp;&nbsp;&nbsp;&nbsp; and answer questions from the audience.\r\n\r\nMeeting point: 6 p.m., Eisenbahnstra\u00dfe 2, 01097 Dresden\r\n\r\n&nbsp;\r\n\r\nFrei.Raum.Direkt. is supported in the program Kultursommer 2021 by the Federal Government Commissioner for Culture and the Media (BKM) with funds from NEUSTART KULTUR. As well as the Federal Association of Socioculture &amp; the Cultural Foundation of the Free State of Saxony.\r\n\r\nFunded by:\r\n\r\n\r\n\r\n&nbsp;\"><ul class=\"post-categories\">\n\t<li><a href=\"https:\/\/www.geh8.de\/en\/category\/veranstaltungen\/\" rel=\"category tag\">Event<\/a><\/li><\/ul><h3><span class=\"sub1\"><span class=\"sub2\"><span class=\"sub3\"><a href=\"https:\/\/www.geh8.de\/en\/frei-raum-direkt-kuenstlerresidenz-3-wir-begruessen-esther-kokmeijer-aus-rotterdam\/\">Esther Kokmeijer \/ Rotterdam &#8211; Artist Residency #3 &#8211; Frei.Raum.Direkt.<\/a><\/span><\/span><\/span><\/h3><p>August 17 &#8211; 20, 2021 Frei.Raum.Direkt. Artist Residency #3 Esther Kokmeijer (Rotterdam) From August 17-20, [&hellip;]<\/p>\n<\/div><\/div><div class=\"grid-item archive hyphenate querformat post-8485 post type-post status-publish format-standard has-post-thumbnail hentry category-workshop\"><a href=\"https:\/\/www.geh8.de\/en\/rueckblick-ourspace-sommercamp-n-1\/\"><img decoding=\"async\" src=\"https:\/\/www.geh8.de\/page\/wp-content\/uploads\/2021\/08\/OURSPACE-MIO-ANDRE-WALESKA-2645-288x216.jpg\" class=\"attachment-tile-landscape-low size-tile-landscape-low wp-post-image\" alt=\"\" srcset=\"https:\/\/www.geh8.de\/page\/wp-content\/uploads\/2021\/08\/OURSPACE-MIO-ANDRE-WALESKA-2645-288x216.jpg 288w, https:\/\/www.geh8.de\/page\/wp-content\/uploads\/2021\/08\/OURSPACE-MIO-ANDRE-WALESKA-2645-448x336.jpg 448w, https:\/\/www.geh8.de\/page\/wp-content\/uploads\/2021\/08\/OURSPACE-MIO-ANDRE-WALESKA-2645-368x276.jpg 368w, https:\/\/www.geh8.de\/page\/wp-content\/uploads\/2021\/08\/OURSPACE-MIO-ANDRE-WALESKA-2645-90x67.jpg 90w\" sizes=\"(max-width: 288px) 100vw, 288px\" \/><\/a><div class=\"grid-entry haase-archive\" data-content=\"From July 26 to July 30, OURSPACE SUMMER CAMP N\u00b0 1 was all about being creative and working together!\r\n\r\nA wasteland in Dresden became the site of the Republic of Eye. Its democratically established constitutional principles were creativity, neutrality and friendliness and applied to all who entered the camp. As befits a republic, all participants received a passport that had to be shown upon entering the camp in the morning. Also a flag could not be missing, which was already recognizable from a distance! The principles were handwritten in the constitution and the constitutional scroll got its permanent place at the central square of the republic.\r\n\r\nThis was made possible by Frei.Raum.Direkt, a project of the newly created action field GEH8 urban. Frei.Raum.Direkt. created the content-related and spatial conditions to which we could congenially dock with OurSpace - in the context of our commitment to the cultural education of children and young people.\r\n\r\nDespite the hot temperatures on the wasteland, we sawed, screwed, glued, sprayed and built for all it was worth. Under the guidance of our mentors Andr\u00e9 Tempel and Christian R\u00e4tsch, as well as our guest Miodrag Ku\u010d from ZK\/U Berlin (Center for Art and Urbanism), everything available on the site was used. Old cover plates of the railroad tracks became signposts for the camp. An old chair without a seat or back was transformed into a functional design object using sticks and foam. This could be found together with a self-built matching table in the Art Space with other art objects. Shards and other objects were declared an archaeological institute, whose origin and function could only be guessed at.\r\n\r\nThe purple-green installation by the architect and artist collective Umschichten from Stuttgart offered ample possibilities for expansion and restructuring. A wooden board became a blackboard and served as an overview for upcoming dates as well as an archive for past events on the wasteland. It could be populated with new program items by everyone at any time. The colored wooden beams were used for other larger projects. The participants built a bridge with a viewing platform with a lot of physical effort. This created a connection between the camp and the covered part on the wasteland, which is often used for sports activities with boards and rollers. From the remaining beams and slabs it was possible to build an outpost between trees in the shade. This was also urgently needed to escape the hot midday sun.\r\n\r\nOn the last day of Summer Camp N\u00b0 1, parents and friends came to visit and get to know the Republic of Eye. What was built and erected during the camp week? With a big tour over the area and a sporty interlude, which was exercised with wooden beams on the huge open space, the projects could be marveled at and tested. Finally, a cozy exchange was possible at the barbecue, which let a week full of creativity and physical effort quietly come to an end. Everyone looked back on these days with a lot of joy and pride and is looking forward to the two upcoming camp weeks from August 16 - 20 &amp; August 23 - 27.\r\n\r\n[caption id=&quot;attachment_8487&quot; align=&quot;alignnone&quot; width=&quot;1024&quot;] Passport Republic of Eye[\/caption]\r\n\r\n&nbsp;\r\n\r\n[caption id=&quot;attachment_8488&quot; align=&quot;alignnone&quot; width=&quot;1024&quot;] Republic of Eye - Place on a Wasteland in Dresden[\/caption]\r\n\r\n&nbsp;\r\n\r\n[caption id=&quot;attachment_8489&quot; align=&quot;alignnone&quot; width=&quot;1024&quot;] Building-Team &quot;Bridge-Building&quot;[\/caption]\r\n\r\n&nbsp;\r\n\r\n[caption id=&quot;attachment_8490&quot; align=&quot;alignnone&quot; width=&quot;1024&quot;] Participants and mentors of OURSPACE Summer Camp NO\u00b0 1[\/caption]\r\n\r\n&nbsp;\r\n\r\n[caption id=&quot;attachment_8491&quot; align=&quot;alignnone&quot; width=&quot;1024&quot;] A final sporting round on the last day of the camp with parents and friends[\/caption]\r\n\r\nPictures: Ronny Waleska\r\n\r\n\r\nThis measure is co-financed by tax funds on the basis of the budget passed by the Saxon state parliament. Funded by the European Social Fund ESF under the name ,,Sch\u00fcler ins Atelier.&quot;\"><ul class=\"post-categories\">\n\t<li><a href=\"https:\/\/www.geh8.de\/en\/category\/workshop\/\" rel=\"category tag\">Workshop<\/a><\/li><\/ul><h3><span class=\"sub1\"><span class=\"sub2\"><span class=\"sub3\"><a href=\"https:\/\/www.geh8.de\/en\/rueckblick-ourspace-sommercamp-n-1\/\">REVIEW OURSPACE SUMMER CAMP N\u00b0 1<\/a><\/span><\/span><\/span><\/h3><p>From July 26 to July 30, OURSPACE SUMMER CAMP N\u00b0 1 was all about being [&hellip;]<\/p>\n<\/div><\/div><div class=\"grid-item archive hyphenate querformat post-8371 post type-post status-publish format-standard has-post-thumbnail hentry category-info category-allgemein\"><a href=\"https:\/\/www.geh8.de\/en\/real-insect-estate-preistraeger-innen\/\"><img decoding=\"async\" src=\"https:\/\/www.geh8.de\/page\/wp-content\/uploads\/2021\/05\/6ecd01d8-5968-455f-8f89-fff1ffbf84b1-288x216.png\" class=\"attachment-tile-landscape-low size-tile-landscape-low wp-post-image\" alt=\"\" srcset=\"https:\/\/www.geh8.de\/page\/wp-content\/uploads\/2021\/05\/6ecd01d8-5968-455f-8f89-fff1ffbf84b1-288x216.png 288w, https:\/\/www.geh8.de\/page\/wp-content\/uploads\/2021\/05\/6ecd01d8-5968-455f-8f89-fff1ffbf84b1-448x336.png 448w, https:\/\/www.geh8.de\/page\/wp-content\/uploads\/2021\/05\/6ecd01d8-5968-455f-8f89-fff1ffbf84b1-368x276.png 368w, https:\/\/www.geh8.de\/page\/wp-content\/uploads\/2021\/05\/6ecd01d8-5968-455f-8f89-fff1ffbf84b1-90x67.png 90w\" sizes=\"(max-width: 288px) 100vw, 288px\" \/><\/a><div class=\"grid-entry haase-archive\" data-content=\"The winners have been determined!\r\n\r\nIn February 2021, GEH8 launched a design competition for an unusual insect hotel under the title REAL INSECT ESTATE. From all over Germany - from Passau to L\u00fcbeck, from Aachen to G\u00f6rlitz - we received an incredible 236 submissions from 382 people who conceived designs individually or in teams. We would like to thank everyone who participated! All proposals were characterized by great commitment, creativity and interest in the idea of sustainability.\r\n\r\nIt is also noteworthy that a total of five universities in Germany (Dresden, Detmold, D\u00fcsseldorf, Wismar, Karlsruhe) took up the impulse of our call for proposals and offered a teaching project dedicated to the task of creatively designing a nesting aid. The teachers sometimes took their own approaches and developed the task further.\r\n\r\nThe high quality of the entries presented the jury with the difficult task of selecting their favorites. We are very pleased to finally announce the three winners, as well as three other designs that we found particularly noteworthy. Their designs, a further selection of exciting concepts, technical texts and further information on the project will find their way into the publication, which will be published at the end of the project and can already be pre-ordered now.\r\nAward winners\r\n\r\n\r\n\r\n\r\n\r\n\r\n\r\n1. PLATZ\r\nMAREIKE DE BOER mit UNTERSCHLUPF\u00b2\r\n\r\nD\u00fcsseldorf\r\n\r\n\r\n\r\n\r\n2. PLATZ\r\nGILBERT GEISTER mit INSEKTEN-FLUGBAHN\r\n\r\nK\u00f6ln\r\n\r\n\r\n\r\n\r\n\r\n\r\n3. PLATZ\r\nFLORIAN BARTL mit BEE BROTHER\r\nIS WATCHING YOU\r\n\r\n\r\nEngelsberg\r\n\r\n&nbsp;\r\n\r\n\r\n&nbsp;\r\n&nbsp;\r\n\r\n\r\n\r\nBesondere Erw\u00e4hnung\r\n\r\n\r\n\r\n\r\n\r\n\r\n\r\n&nbsp;\r\nCHANTAL LUISA PLANT\u00d6R \/ GESA HENNING \/ JACKIE WILLIAMS \/ NORA MEYNBERG mit SUMM_BIOSE\r\n\r\nHannover\r\n\r\n\r\n\r\n\r\n\r\nFLORA KIE\u00dfLING und LUISE LOTT mit EIN STAPEL WALD\r\nDresden\r\n\r\n\r\n\r\nVALENTIN PONGRATZ mit LAST RESORT\r\nM\u00fcnchen&nbsp;\r\n\r\n\r\n\r\n&nbsp;\r\n\r\nJURY\r\n\r\nMandy Fritzsche, Sachverst\u00e4ndige f\u00fcr wild lebende Honigbienen, solit\u00e4re Wildbienen und Hummeln\r\n\r\nHenning Haupt, Professor f\u00fcr Gestaltungslehre TU Dresden\r\n\r\nSylvia Siebert, NABU Dresden-Mei\u00dfen\r\n\r\nMichael Merkel, Programmkoordinator GEH8\r\n\r\n&nbsp;\r\n\r\nPROJECT MANAGEMENT\r\nMichael Merkel\r\n\r\n&nbsp;\r\n\r\nIn Cooperation with:\r\n\r\n&nbsp; &nbsp; &nbsp; &nbsp; &nbsp; &nbsp; &nbsp; \r\n\r\nProfessur f\u00fcr GestaltungslehreFakult\u00e4t Architektur\r\n\r\n&nbsp;\r\n\r\nAwarded with:\r\n\r\n\r\n\r\nSponsored by:\r\n\r\n\r\n\r\n&nbsp;\r\n\r\n&nbsp;\"><ul class=\"post-categories\">\n\t<li><a href=\"https:\/\/www.geh8.de\/en\/category\/info\/\" rel=\"category tag\">Info<\/a><\/li>\n\t<li><a href=\"https:\/\/www.geh8.de\/en\/category\/allgemein\/\" rel=\"category tag\">General<\/a><\/li><\/ul><h3><span class=\"sub1\"><span class=\"sub2\"><span class=\"sub3\"><a href=\"https:\/\/www.geh8.de\/en\/real-insect-estate-preistraeger-innen\/\">real insect estate &#8211; award winners<\/a><\/span><\/span><\/span><\/h3><p>The winners have been determined! In February 2021, GEH8 launched a design competition for an [&hellip;]<\/p>\n<\/div><\/div><div class=\"grid-item archive hyphenate querformat post-8325 post type-post status-publish format-standard has-post-thumbnail hentry category-info category-veranstaltungen\"><a href=\"https:\/\/www.geh8.de\/en\/frei-raum-direkt\/\"><img decoding=\"async\" src=\"https:\/\/www.geh8.de\/page\/wp-content\/uploads\/2021\/07\/Webseite-288x216.jpeg\" class=\"attachment-tile-landscape-low size-tile-landscape-low wp-post-image\" alt=\"\" srcset=\"https:\/\/www.geh8.de\/page\/wp-content\/uploads\/2021\/07\/Webseite-288x216.jpeg 288w, https:\/\/www.geh8.de\/page\/wp-content\/uploads\/2021\/07\/Webseite-100x75.jpeg 100w, https:\/\/www.geh8.de\/page\/wp-content\/uploads\/2021\/07\/Webseite-1024x768.jpeg 1024w, https:\/\/www.geh8.de\/page\/wp-content\/uploads\/2021\/07\/Webseite-80x60.jpeg 80w, https:\/\/www.geh8.de\/page\/wp-content\/uploads\/2021\/07\/Webseite-768x576.jpeg 768w, https:\/\/www.geh8.de\/page\/wp-content\/uploads\/2021\/07\/Webseite-448x336.jpeg 448w, https:\/\/www.geh8.de\/page\/wp-content\/uploads\/2021\/07\/Webseite-368x276.jpeg 368w, https:\/\/www.geh8.de\/page\/wp-content\/uploads\/2021\/07\/Webseite-90x67.jpeg 90w, https:\/\/www.geh8.de\/page\/wp-content\/uploads\/2021\/07\/Webseite.jpeg 1280w\" sizes=\"(max-width: 288px) 100vw, 288px\" \/><\/a><div class=\"grid-entry haase-archive\" data-content=\"&nbsp;\r\n\r\n\r\n\r\n\r\n\r\n\r\nWith the project Frei.Raum.Direkt. we were able to test artistic practices as tools for sustainable urban development in the green open space of a nearby brownfield site in July and August and offer a platform for actors and activities. Frei.Raum.Direkt. was a direct artistic action and architectural intervention in Dresden&#039;s urban space. The project aimed at the urban potentials of today for the city of tomorrow.\r\n\r\nFrei.Raum.Direkt. created an innovative format for public discourse and asked for strategies and approaches for future-proof, sustainable, creative urban and neighborhood development that incorporate a young, ecological and public welfare-oriented perspective. After all, the urban development decisions, opportunities for participation and existing open spaces of today determine the quality of urban coexistence of the next generation(s) and define not insignificantly the significance of Dresden as a location in the context of urban change processes.\r\n\r\nThe platform Warp Door was built by the Stuttgart artist collective umschichten - and was just waiting to be used and played on. Together with other actors, we offered summer camps for young people, a parkour workshop and construction workshops. We also spent the summer on the wasteland with our cultural education format OUR SPACE. In parallel, we organized a series of workshops with Frei.Raum.Direkt.*Young Satellites*, which directly addressed the needs of young actors in the urban space.\r\n\r\nMore information!\r\n\r\nPhoto: umschichten\r\n\r\n\r\n&nbsp;\r\n\r\nFrei.Raum.Direkt. is supported by:\r\n\r\n\r\n\r\n&nbsp;\r\n\r\n&nbsp;\r\n\r\n&nbsp;\r\n&nbsp;\r\n\r\nFrei.Raum.Direkt. young satellites is supported in the program Kultursommer 2021 by the Beauftrage der Bundesregierung f\u00fcr Kultur und Medien (BKM) with funds from NEUSTART KULTUR.\r\n\r\n&nbsp;\r\n\r\n&nbsp;\r\n&nbsp;\r\n\r\nFrei.Raum.Direkt.&nbsp;young satellites is supported by:\r\n\r\n\r\n&nbsp;\"><ul class=\"post-categories\">\n\t<li><a href=\"https:\/\/www.geh8.de\/en\/category\/info\/\" rel=\"category tag\">Info<\/a><\/li>\n\t<li><a href=\"https:\/\/www.geh8.de\/en\/category\/veranstaltungen\/\" rel=\"category tag\">Event<\/a><\/li><\/ul><h3><span class=\"sub1\"><span class=\"sub2\"><span class=\"sub3\"><a href=\"https:\/\/www.geh8.de\/en\/frei-raum-direkt\/\">Frei.Raum.Direkt.\u00a0<\/a><\/span><\/span><\/span><\/h3><p>&nbsp; With the project Frei.Raum.Direkt. we were able to test artistic practices as tools for [&hellip;]<\/p>\n<\/div><\/div><div class=\"grid-item archive hyphenate querformat post-8175 post type-post status-publish format-standard has-post-thumbnail hentry category-konzert category-veranstaltungen\"><a href=\"https:\/\/www.geh8.de\/en\/windkanal-neue-musik-fuer-blockfloeten-und-akkordeon\/\"><img decoding=\"async\" src=\"https:\/\/www.geh8.de\/page\/wp-content\/uploads\/2021\/05\/Duo-Windspiel-foto-R.-Languillat-288x216.jpg\" class=\"attachment-tile-landscape-low size-tile-landscape-low wp-post-image\" alt=\"\" srcset=\"https:\/\/www.geh8.de\/page\/wp-content\/uploads\/2021\/05\/Duo-Windspiel-foto-R.-Languillat-288x216.jpg 288w, https:\/\/www.geh8.de\/page\/wp-content\/uploads\/2021\/05\/Duo-Windspiel-foto-R.-Languillat-448x336.jpg 448w, https:\/\/www.geh8.de\/page\/wp-content\/uploads\/2021\/05\/Duo-Windspiel-foto-R.-Languillat-368x276.jpg 368w, https:\/\/www.geh8.de\/page\/wp-content\/uploads\/2021\/05\/Duo-Windspiel-foto-R.-Languillat-90x67.jpg 90w\" sizes=\"(max-width: 288px) 100vw, 288px\" \/><\/a><div class=\"grid-entry haase-archive\" data-content=\"For the concert project we have chosen an unusual instrument duo: Accordion and recorders. Both instruments introduce new and unusual parameters into contemporary music in the areas of timbre. The press reactions describe the phenomenal playing and the extraordinary concert atmosphere. &quot;Windspiel | Duo f\u00fcr Neue Musik&quot; was founded in 2000 by recorder player Verena W\u00fcsthoff and accordionist Eva Z\u00f6llner. Both musicians have made a name for themselves as specialists for contemporary music in the international concert scene and are committed to expanding the repertoire for their instruments and presenting it in new contexts. As the world&#039;s only professional recorder-accordion duo with more than 10 years of stage experience, the two musicians inspire their audiences with lively and authentic interpretations. In cooperation with composers from all over the world, they have initiated numerous new works for this unique instrumentation, which they regularly perform in concert series and festivals worldwide.\r\nParticipating artists:\r\nDuo Windspiel\r\nEva Z\u00f6llner - Akkordeon (D)\r\nVerena W\u00fcsthoff - Blockfl\u00f6ten (CH)\r\nEva Z\u00f6llner studied classical accordion at the Hochschule f\u00fcr Musik in Cologne and at the Royal Danish Conservatory in Copenhagen. She is one of the most active accordionists of her generation and dedicates herself with great commitment to contemporary music.As an internationally sought-after artist, she presents projects worldwide, ranging from experimental solo performances to collaborations with renowned orchestras. Close collaboration with composers of her generation is an important aspect of her work. As a result, she has premiered more than 150 works in recent years. She is particularly interested in combining her instrument with new media. Eva Z\u00f6llner lives in the Westerwald and nomadically travels to explore her instrument in a wide variety of contexts and cultures.\r\n\r\nVerena W\u00fcsthoff studied recorder at the Musikhochschule K\u00f6ln and the Hochschule der K\u00fcnste Bern and devotes herself primarily to contemporary music. She is particularly interested in the performance of contemporary chamber music works for recorder, as well as the development of innovative concert programs. In this context, she is also committed to expanding the recorder repertoire and collaborates intensively with numerous artists, composers and cultural figures worldwide. As a result of these collaborations, numerous new chamber music works have already been premiered by Windspiel. Concert tours have taken her throughout Europe, America and Australia. She has received the &quot;most dramatic performance&quot; award at the CHAIN competition, artist residencies at Sitka Center, Hiram College and Monash University Melbourne, among others.\r\nWhen: 9.7.2021\r\nStart: 19.30 Uhr\r\nWhere: GEH8 Kunstraum\r\n&nbsp;&nbsp;&nbsp;&nbsp;&nbsp;&nbsp;&nbsp;&nbsp;&nbsp;&nbsp;&nbsp;&nbsp;&nbsp; Gehestra\u00dfe 8\r\n&nbsp;&nbsp;&nbsp;&nbsp;&nbsp;&nbsp;&nbsp;&nbsp;&nbsp;&nbsp;&nbsp; &nbsp; 01127 Dresden\r\nAdvance Sale: GEH8\r\nTicket Price: 6 Euro (reduced 5 Euro)\r\n&nbsp;\r\nClick here to go to the organizer&#039;s page!\r\nContactinformation: info@saechsischer-musikbund.de\r\n&nbsp;\r\nSponsored by:\r\n\r\n\"><ul class=\"post-categories\">\n\t<li><a href=\"https:\/\/www.geh8.de\/en\/category\/konzert\/\" rel=\"category tag\">Concert<\/a><\/li>\n\t<li><a href=\"https:\/\/www.geh8.de\/en\/category\/veranstaltungen\/\" rel=\"category tag\">Event<\/a><\/li><\/ul><h3><span class=\"sub1\"><span class=\"sub2\"><span class=\"sub3\"><a href=\"https:\/\/www.geh8.de\/en\/windkanal-neue-musik-fuer-blockfloeten-und-akkordeon\/\">Windkanal &#8211; New music for recorders and accordion<\/a><\/span><\/span><\/span><\/h3><p>For the concert project we have chosen an unusual instrument duo: Accordion and recorders. Both [&hellip;]<\/p>\n<\/div><\/div><div class=\"grid-item archive hyphenate querformat post-8309 post type-post status-publish format-standard has-post-thumbnail hentry category-ausstellung category-offenes_atelier\"><a href=\"https:\/\/www.geh8.de\/en\/werkraum-re-opening\/\"><img decoding=\"async\" src=\"https:\/\/www.geh8.de\/page\/wp-content\/uploads\/2021\/06\/sara_hoppe_hello_2020-1-288x216.jpg\" class=\"attachment-tile-landscape-low size-tile-landscape-low wp-post-image\" alt=\"\" srcset=\"https:\/\/www.geh8.de\/page\/wp-content\/uploads\/2021\/06\/sara_hoppe_hello_2020-1-288x216.jpg 288w, https:\/\/www.geh8.de\/page\/wp-content\/uploads\/2021\/06\/sara_hoppe_hello_2020-1-448x336.jpg 448w, https:\/\/www.geh8.de\/page\/wp-content\/uploads\/2021\/06\/sara_hoppe_hello_2020-1-368x276.jpg 368w, https:\/\/www.geh8.de\/page\/wp-content\/uploads\/2021\/06\/sara_hoppe_hello_2020-1-90x67.jpg 90w\" sizes=\"(max-width: 288px) 100vw, 288px\" \/><\/a><div class=\"grid-entry haase-archive\" data-content=\"Already last year, the WERKraum created a showcase for the studio tenants of the GEH8, in order to carry the productivity and their work to the outside.\r\n\r\nThanks to a grant from the NEUSTART KULTUR program as well as investment reinforcement funds from the Free State of Saxony and budget funds from the state capital Dresden, we were able to move walls and visibly enlarge the window on the facade. Further renovation work meant that two large walls are now used for presentation and additional space has been created for sculptures and installations. We are pleased to reopen the Werkraum this year with a group exhibition.\r\n\r\nOn view are works by Sara Hoppe, Claudia Kleiner, Stefan Lenke, Matthias Bausch, Thomas Judisch, Marleen Andreev and Michael Merkel. Thomas Judisch is responsible for the curation and supervision of the exhibition.\r\n\r\n\r\n\r\n\r\n\r\n\r\n\r\n\r\n\r\n\r\n\r\n\r\n\r\n\r\n\r\nWhen: July 16 - August 29, 2021 (open by appointment)\r\nWhere: GEH8 Werkraum\r\n\r\n(Image: Sara Hoppe: hello, 2020, acrylic on canvas, 83 x 95 cm)\"><ul class=\"post-categories\">\n\t<li><a href=\"https:\/\/www.geh8.de\/en\/category\/ausstellung\/\" rel=\"category tag\">Exhibition<\/a><\/li>\n\t<li><a href=\"https:\/\/www.geh8.de\/en\/category\/offenes_atelier\/\" rel=\"category tag\">open Atelier<\/a><\/li><\/ul><h3><span class=\"sub1\"><span class=\"sub2\"><span class=\"sub3\"><a href=\"https:\/\/www.geh8.de\/en\/werkraum-re-opening\/\">WERKraum Re-Opening<\/a><\/span><\/span><\/span><\/h3><p>Already last year, the WERKraum created a showcase for the studio tenants of the GEH8, [&hellip;]<\/p>\n<\/div><\/div><div class=\"grid-item archive hyphenate querformat post-8462 post type-post status-publish format-standard has-post-thumbnail hentry category-konzert\"><a href=\"https:\/\/www.geh8.de\/en\/konzert-kronenquartett\/\"><img decoding=\"async\" src=\"https:\/\/www.geh8.de\/page\/wp-content\/uploads\/2021\/08\/Kronen-Quartett-Titel-copyright-Heidrun-Schentke-288x216.jpg\" class=\"attachment-tile-landscape-low size-tile-landscape-low wp-post-image\" alt=\"\" srcset=\"https:\/\/www.geh8.de\/page\/wp-content\/uploads\/2021\/08\/Kronen-Quartett-Titel-copyright-Heidrun-Schentke-288x216.jpg 288w, https:\/\/www.geh8.de\/page\/wp-content\/uploads\/2021\/08\/Kronen-Quartett-Titel-copyright-Heidrun-Schentke-448x336.jpg 448w, https:\/\/www.geh8.de\/page\/wp-content\/uploads\/2021\/08\/Kronen-Quartett-Titel-copyright-Heidrun-Schentke-368x276.jpg 368w, https:\/\/www.geh8.de\/page\/wp-content\/uploads\/2021\/08\/Kronen-Quartett-Titel-copyright-Heidrun-Schentke-90x67.jpg 90w\" sizes=\"(max-width: 288px) 100vw, 288px\" \/><\/a><div class=\"grid-entry haase-archive\" data-content=\"\r\n\r\nIn June 2020, four Dresden-based musicians meet and immediately a musical symbiosis with a common musical language develops, which the four take as an opportunity to found the Kronenquartett.\r\n\r\nAfter the long musicless dry spell of the first lockdown in spring 2020 Lenka, J\u00f6rg, Eva-Maria and Tobias start to work on a broad repertoire. The renewed shutdown of performance opportunities at least leaves the four of them the opportunity to pursue rehearsal work together under the given circumstances. During this challenging time they find a special sound through intensive work, caused by the tuning in 432 Hz. The experiences that have arisen during the renewed lockdown almost exclusively in performance opportunities at church services and devotions show that the quartet intuitively and automatically chooses somewhat calmer tempos with this slightly lower tuning, while at the same time the feeling arises of making music with heightened senses.\r\n\r\nMusicians:\r\nLenka Matejakova, violin\r\nJ\u00f6rg Fa\u00dfmann, violin\r\nEva-Maria Knauer, viola\r\nTobias B\u00e4z, violoncello\r\n\r\nWhen: September 3, 2021\r\nStart: 6 pm\r\nWhere: GEH8 Art Space\r\n\r\nSponsored by:\r\n\r\n\r\n \r\n\r\n&nbsp;\r\n\r\n&nbsp;\"><ul class=\"post-categories\">\n\t<li><a href=\"https:\/\/www.geh8.de\/en\/category\/konzert\/\" rel=\"category tag\">Concert<\/a><\/li><\/ul><h3><span class=\"sub1\"><span class=\"sub2\"><span class=\"sub3\"><a href=\"https:\/\/www.geh8.de\/en\/konzert-kronenquartett\/\">Concert Kronenquartett<\/a><\/span><\/span><\/span><\/h3><p>In June 2020, four Dresden-based musicians meet and immediately a musical symbiosis with a common [&hellip;]<\/p>\n<\/div><\/div><div class=\"grid-item archive hyphenate querformat post-8459 post type-post status-publish format-standard has-post-thumbnail hentry category-veranstaltungen\"><a href=\"https:\/\/www.geh8.de\/en\/pecha-kucha-night\/\"><img decoding=\"async\" src=\"https:\/\/www.geh8.de\/page\/wp-content\/uploads\/2021\/08\/Pecha-Kucha-GEH8-288x216.jpg\" class=\"attachment-tile-landscape-low size-tile-landscape-low wp-post-image\" alt=\"\" srcset=\"https:\/\/www.geh8.de\/page\/wp-content\/uploads\/2021\/08\/Pecha-Kucha-GEH8-288x216.jpg 288w, https:\/\/www.geh8.de\/page\/wp-content\/uploads\/2021\/08\/Pecha-Kucha-GEH8-448x336.jpg 448w, https:\/\/www.geh8.de\/page\/wp-content\/uploads\/2021\/08\/Pecha-Kucha-GEH8-368x276.jpg 368w, https:\/\/www.geh8.de\/page\/wp-content\/uploads\/2021\/08\/Pecha-Kucha-GEH8-90x67.jpg 90w\" sizes=\"(max-width: 288px) 100vw, 288px\" \/><\/a><div class=\"grid-entry haase-archive\" data-content=\"Eleven creative artists present their current projects in GEH8 - each contribution lasts 6:40 minutes. In addition to presentations by our partners in Pieschen - the Zentralwerk and the Kreative Werkstatt - the focus is on actors who are taking innovative paths in the field of sustainability. We cordially invite you. Admission is free, donations are welcome.\r\n\r\nPecha Kucha (Japanese for &quot;chattering all the time&quot;, registered word mark) is a lecture technique in which images matching an oral presentation are projected on the wall. Each presentation lasts 6:40 minutes. Following the speeches, the speakers interact with the audience at the bar. The format was first used in February 2003 in Tokyo by architects Astrid Klein and Mark Dytham at a design event and has since spread worldwide. \r\n\r\n\r\n- Paul Stadelhofer (Stadtg\u00e4rten e. V.)\r\n- Fanny Schiel (Marktschw\u00e4rmer)\r\n-Michael Merkel (REAL INSECT ESTATE. GEH8)\r\n- Johanna Jaurich (film project THE STORY OF A NEW WORLD)\r\n- Roland Schwarz (Cloud 8: The Climate and Us)\r\n- Stephan Philipp (Zukunftsgestalten e. V.)\r\n-Jana Morgenstern (Findings)\r\n- Uljana Rogoshina (Living with questions)\r\n- Uwe Jaschke (Somatics Lab)\r\n- Anne Klein \/ Susann B\u00fcrger (Aunt Lola; your radio!)\r\n\r\nWhen: September 9, 2021\r\n\r\nStart: 8 pm\r\n\r\nWhere: GEH8 Kunstraum\r\n\r\nMore information!\r\n\r\nThe event is a cooperation between GEH8, Kreative Werkstatt and Zentralwerk. Another Pecha Kucha Night is planned Nov. 23, 2021.\r\n\r\nIn Cooperation with:\r\n\r\n \"><ul class=\"post-categories\">\n\t<li><a href=\"https:\/\/www.geh8.de\/en\/category\/veranstaltungen\/\" rel=\"category tag\">Event<\/a><\/li><\/ul><h3><span class=\"sub1\"><span class=\"sub2\"><span class=\"sub3\"><a href=\"https:\/\/www.geh8.de\/en\/pecha-kucha-night\/\">Pecha Kucha Night 2021<\/a><\/span><\/span><\/span><\/h3><p>Eleven creative artists present their current projects in GEH8 &#8211; each contribution lasts 6:40 minutes. [&hellip;]<\/p>\n<\/div><\/div><div class=\"grid-item archive hyphenate querformat post-8599 post type-post status-publish format-standard has-post-thumbnail hentry category-konzert\"><a href=\"https:\/\/www.geh8.de\/en\/fete-macht-mobil-das-open-air-vor-deiner-haustuer\/\"><img decoding=\"async\" src=\"https:\/\/www.geh8.de\/page\/wp-content\/uploads\/2021\/08\/Banner-Facebook-288x216.jpg\" class=\"attachment-tile-landscape-low size-tile-landscape-low wp-post-image\" alt=\"\" srcset=\"https:\/\/www.geh8.de\/page\/wp-content\/uploads\/2021\/08\/Banner-Facebook-288x216.jpg 288w, https:\/\/www.geh8.de\/page\/wp-content\/uploads\/2021\/08\/Banner-Facebook-448x336.jpg 448w, https:\/\/www.geh8.de\/page\/wp-content\/uploads\/2021\/08\/Banner-Facebook-368x276.jpg 368w, https:\/\/www.geh8.de\/page\/wp-content\/uploads\/2021\/08\/Banner-Facebook-90x67.jpg 90w\" sizes=\"(max-width: 288px) 100vw, 288px\" \/><\/a><div class=\"grid-entry haase-archive\" data-content=\"F\u00eate makes mobile! - The open air on your doorstep - special edition 2021&nbsp;\r\n\r\nMore music, free and outside is always possible! Rendez-vous in Pieschen and Prohlis on September 10 and 11 for the open-air &quot;F\u00eate macht mobil!&quot;. We come to your district and bring you a two-day music festival right to your doorstep. Musically on the way to you are loop artist Konrad K\u00fcchenmeister, such with acoustic rock at its best, singer and songwriter Annemar\u00ede Reynis &amp; Band, the rapper Kollege Hartmann and a French surprise act from Dresden&#039;s twin city Strasbourg. For several years, the state capital has also organized a band exchange with the French twin city of Strasbourg. You can also look forward to a musical surprise act from Strasbourg at this year&#039;s special edition. There will also be magic with magician Zafetti.\r\n\r\nParticipating artists (name, country)\r\nKonrad K\u00fcchenmeister LIVE (D)\r\nColleague Hartmann LIVE (D)\r\n\r\nWhen: Friday, 10.9.2021\r\n\r\nStart: 5 pm\r\n\r\nEnd: 9 pm\r\n\r\nAdmission is free.\r\n\r\nContact information:\r\nTobias K\u00e4ppler | Kultur Aktiv e.V.\r\nMaria Fl\u00fcgel | Institut francais\r\n\r\nThe project &quot;F\u00eate macht mobil! - The open-air on your doorstep&quot; is sponsored by the Office for Culture and Monument Protection of the state capital Dresden. Organized by Kultur Aktiv e. V. in cooperation with the Institut fran\u00e7ais Dresden.\r\n\r\nThanks to all sponsors &amp; partners: City of Dresden, Eurometropole Strasbourg, GEH8 Kunstraum und Ateliers e.V., Prohliszentrum Dresden, Quartiersmanagement Prohlis, Zu Hause in Prohlis e.V. .\r\n\r\n\r\n&nbsp;\"><ul class=\"post-categories\">\n\t<li><a href=\"https:\/\/www.geh8.de\/en\/category\/konzert\/\" rel=\"category tag\">Concert<\/a><\/li><\/ul><h3><span class=\"sub1\"><span class=\"sub2\"><span class=\"sub3\"><a href=\"https:\/\/www.geh8.de\/en\/fete-macht-mobil-das-open-air-vor-deiner-haustuer\/\">F\u00eate makes mobile! &#8211; The open air on your doorstep<\/a><\/span><\/span><\/span><\/h3><p>F\u00eate makes mobile! &#8211; The open air on your doorstep &#8211; special edition 2021&nbsp; More [&hellip;]<\/p>\n<\/div><\/div><div class=\"grid-item archive hyphenate querformat post-8361 post type-post status-publish format-standard has-post-thumbnail hentry category-info category-workshop\"><a href=\"https:\/\/www.geh8.de\/en\/our-space-sommercamps\/\"><img decoding=\"async\" src=\"https:\/\/www.geh8.de\/page\/wp-content\/uploads\/2021\/07\/Facebook-post-1-288x216.png\" class=\"attachment-tile-landscape-low size-tile-landscape-low wp-post-image\" alt=\"\" srcset=\"https:\/\/www.geh8.de\/page\/wp-content\/uploads\/2021\/07\/Facebook-post-1-288x216.png 288w, https:\/\/www.geh8.de\/page\/wp-content\/uploads\/2021\/07\/Facebook-post-1-448x336.png 448w, https:\/\/www.geh8.de\/page\/wp-content\/uploads\/2021\/07\/Facebook-post-1-368x276.png 368w\" sizes=\"(max-width: 288px) 100vw, 288px\" \/><\/a><div class=\"grid-entry haase-archive\" data-content=\"At our summer camps in July and August we are on the road on brownfields in Pieschen... we want to explore and conquer them together with you and many artistic ideas!\r\n\r\nDo you also know this feeling - the city is quite full! Full of houses, streets, cars, construction sites. Everywhere there is already something that will not disappear anytime soon and it is getting more and more crowded? But there are also &#039;empty&#039; spaces in the city! If you take a closer look, such fallow areas are very lively places: they can be green oases, where plants can grow quite disorderly and freely, where old buildings still tell stories, where graffiti sprayers, city gardeners or dog owners are on the go...\r\n\r\nYou want to go free, see brownfields with completely new eyes and let off steam creatively? We take you with us! Together with our competent and friendly \u0301 \u0308 we will spray and glue, saw and build, photograph and film... No idea is too crazy!\r\n\r\nAre you between 13 and 18 years old? Are you from Pieschen or the Hechtviertel?\r\n\r\nThen register quickly!\r\n\r\nParticipation is free of charge. However, we only have a limited number of places. If you want to participate, just send an email with password OUR SPACE, your name and age.\r\n\r\nSummer Camp No\u00b0 1 - 26-30 July\r\n\r\nSummer camp No\u00b0 2 - 16-20 August\r\n\r\nSummer camp No\u00b0 3 - 23-27 August\r\n\r\nMore Info here!\r\n\r\nThis measure is co-financed by tax funds on the basis of the budget passed by the Saxon state parliament. Funded by the European Social Fund ESF under the name ,,Sch\u00fcler ins Atelier&quot;.\"><ul class=\"post-categories\">\n\t<li><a href=\"https:\/\/www.geh8.de\/en\/category\/info\/\" rel=\"category tag\">Info<\/a><\/li>\n\t<li><a href=\"https:\/\/www.geh8.de\/en\/category\/workshop\/\" rel=\"category tag\">Workshop<\/a><\/li><\/ul><h3><span class=\"sub1\"><span class=\"sub2\"><span class=\"sub3\"><a href=\"https:\/\/www.geh8.de\/en\/our-space-sommercamps\/\">OURSPACE summer camps<\/a><\/span><\/span><\/span><\/h3><p>At our summer camps in July and August we are on the road on brownfields [&hellip;]<\/p>\n<\/div><\/div><div class=\"grid-item archive hyphenate querformat post-8153 post type-post status-publish format-standard has-post-thumbnail hentry category-veranstaltungen category-ausstellung\"><a href=\"https:\/\/www.geh8.de\/en\/ausstellungseroeffnung-gruener-wirds-nicht\/\"><img decoding=\"async\" src=\"https:\/\/www.geh8.de\/page\/wp-content\/uploads\/2021\/05\/Raffael-Rheinsberg_Nach-der-Kontrolle_courtesy-Sammlung-Judisch-1-288x216.png\" class=\"attachment-tile-landscape-low size-tile-landscape-low wp-post-image\" alt=\"\" srcset=\"https:\/\/www.geh8.de\/page\/wp-content\/uploads\/2021\/05\/Raffael-Rheinsberg_Nach-der-Kontrolle_courtesy-Sammlung-Judisch-1-288x216.png 288w, https:\/\/www.geh8.de\/page\/wp-content\/uploads\/2021\/05\/Raffael-Rheinsberg_Nach-der-Kontrolle_courtesy-Sammlung-Judisch-1-448x336.png 448w, https:\/\/www.geh8.de\/page\/wp-content\/uploads\/2021\/05\/Raffael-Rheinsberg_Nach-der-Kontrolle_courtesy-Sammlung-Judisch-1-368x276.png 368w\" sizes=\"(max-width: 288px) 100vw, 288px\" \/><\/a><div class=\"grid-entry haase-archive\" data-content=\"\r\n\r\nExhibition + Finissage-Brunch \u201eGr\u00fcner wird&#039;s nicht!?&quot;\r\n\r\n\r\n\r\n\r\nIn the discussion of the annual theme 2021 of the GEH8 &quot;Gr\u00fcner wird&#039;s nicht!?&quot; the artists Heinz Schm\u00f6ller and Thomas Judisch conceive an expansive exhibition for the hall of the Atelierhaus. On display will be artworks by artists who express themselves in a processual and installative way in their working methods. They question concepts of sustainability and the idea of a more conscious life in the future. Objects and installations combine to form a parkour of artifacts.\r\n\r\nCeramic objects that deal with disposable packaging (Stephen Wilks) can be found next to casts in bronze of objects from our everyday world of goods (Thomas Judisch). Old VEB factory gloves are turned inside out to show the recyclability of things (Raffael Rheinsberg). Large plate reliefs deal with the similarity of discarded circuit boards and the cuneiform writing of ancient artifacts (Jahna Dahms). Foam columns proliferate like mushrooms that seem to keep the shaky setting stable (Verena Issel). A video installation moves between land art and performative technology fetish (Praxis f\u00fcr alternative Handlungen). And a group of young artists* present assertions on the theme of &quot;further, further,...&quot; on an island-like installation (Muthesius Kunsthochschule). (Muthesius Academy of Fine Arts, Kiel). Yes, and hovering over everything the question of the changeability of a culture in material abundance to a utopia of appreciation.\r\n\r\n\r\n\r\n\r\n\r\n\r\n\r\n[caption id=&quot;attachment_8414&quot; align=&quot;alignnone&quot; width=&quot;1024&quot;] Carolin Ott, \u00bbweiterverpflanzen\u00ab, 2020, Steinzeug, extrudet und aufgebaut, 1280\u00b0 Oxidation, engobiert und glasiert, Picture: Fabian Catoni[\/caption]\r\n\r\n&nbsp;\r\n\r\n[caption id=&quot;attachment_8417&quot; align=&quot;alignnone&quot; width=&quot;1024&quot;] Am\u00e9lie Munich, \u00bbLe th\u00e9 est servi\u00ab, 2020 wei\u00dfer und roter Ton, Glass (Glasobjekte aus CIAV Meisenthal, Frankreich), Picture: Fabian Catoni[\/caption]\r\n\r\n\r\n\r\n\r\n\r\n\r\n\r\n&nbsp;\r\n\r\n\r\n[caption id=&quot;attachment_8420&quot; align=&quot;alignnone&quot; width=&quot;1024&quot;] Clara Hoffmann, \u00bbHinein und Hinaus\u00ab, 2020, Steinzeug, Engobe, Picture: Fabian Catoni[\/caption]\r\n\r\n\r\n&nbsp;\r\n\r\n\r\n[caption id=&quot;attachment_8422&quot; align=&quot;alignnone&quot; width=&quot;1024&quot;] Tom Vo\u00df, ohne Titel, 2020, Steinzeugguss, Glasur, Stahlgestell, Foto: Fabian Catoni[\/caption]\r\n\r\n&nbsp;\r\n\r\n[caption id=&quot;attachment_8423&quot; align=&quot;alignnone&quot; width=&quot;1024&quot;] Jahna Dahms, \u00bbDecoder\u00ab, 2021, Relief, keramische Masse, historisches Pigment, Blatt-Gold mehrteilig, Picture: Fabian Cantoni[\/caption]\r\n\r\n&nbsp;\r\n\r\n[caption id=&quot;attachment_8426&quot; align=&quot;alignnone&quot; width=&quot;1024&quot;] In Jung, \u00bbIt was a long way and i am here\u00ab, 2020, Porzellan, Picture: Fabian Catoni[\/caption]\r\n\r\n&nbsp;\r\n\r\n[caption id=&quot;attachment_8427&quot; align=&quot;alignnone&quot; width=&quot;481&quot;] Stephen Wilks, Globus, 2016, Keramik, Holz, Metall, Picture: Fabian Catoni[\/caption]\r\n\r\n&nbsp;\r\n\r\n[caption id=&quot;attachment_8429&quot; align=&quot;alignnone&quot; width=&quot;1024&quot;] Erik Hilber, \u00bbMushscape\u00ab, 2020, Steinzeug, glasiert, Picture: Fabian Cantoni[\/caption]\r\n\r\n&nbsp;\r\n\r\n[caption id=&quot;attachment_8430&quot; align=&quot;alignnone&quot; width=&quot;490&quot;] Thomas Judisch, \u00bbEin Winterm\u00e4rchen\u00ab, 2021, Glas, Metall, Version GEH8, Picture: Fabian Catoni[\/caption]\r\n\r\n&nbsp;\r\n\r\n\r\nHere you can see some impressions:\r\n[video width=&quot;1920&quot; height=&quot;1080&quot; mp4=&quot;https:\/\/www.geh8.de\/page\/wp-content\/uploads\/2021\/07\/GEH8-TV-Gruener-wird\u00b4s-nicht.mp4&quot;][\/video]\r\n\r\n&nbsp;\r\n&nbsp;\r\nFinissage-Brunch: July 18, 2021, 11 a.m. (the GEH8 invites)\r\nDue to the pandemic situation, we will forego a classic vernissage and instead invite you to a finissage brunch at GEH8. The artists will be present.\r\n\r\n\r\nArtists:\r\n&nbsp;\r\nJahna Dahms\r\n\r\n\u201eDecoder\u201c, 2020\r\nCeramic tablets\r\n\r\n&nbsp;\r\nVerena Issel\r\n\r\nSoft Ruins IV, 2021\r\nRauminstallation\r\nmixed media\r\n&nbsp;\r\nThomas Judisch\r\n\r\n\u201eSo good\u201c, 2020\r\nBronze\r\n&nbsp;\r\nPraxis f\u00fcr alternative Handlungen\r\n\r\n\u201eOhne Titel\u201c, 2021\r\nVideo Flatscreen\r\n&nbsp;\r\nRaffael Rheinsberg\r\n\r\n\u201enach der Kontrolle\u201c, 1992\r\nVEB Handschuhe, framed\r\n\r\n(Sammlung Judisch)\r\n&nbsp;\r\nStephen Wilks\r\n\r\n\u201eSea Bed\u201c, 2021\r\nmulti-part floor installation\r\n&nbsp;\r\n+\r\n&nbsp;\r\nKlasse f\u00fcr Freie Kunst und Keramik\r\n\r\nMuthesius Kunsthochschule\r\nProject: \u201eweiter, weiter,...\u201c, 2020\r\nProjekt management: Thomas Judisch\r\n&nbsp;\r\nOpening: 25.6.2021\r\nDuration: 25.6.2021 - 18.7.2021, 16-20 p.m.\r\nWhere:&nbsp; GEH8 Kunstraum\r\n&nbsp;&nbsp;&nbsp;&nbsp;&nbsp;&nbsp;&nbsp;&nbsp;&nbsp;&nbsp;&nbsp;&nbsp;&nbsp;\"><ul class=\"post-categories\">\n\t<li><a href=\"https:\/\/www.geh8.de\/en\/category\/veranstaltungen\/\" rel=\"category tag\">Event<\/a><\/li>\n\t<li><a href=\"https:\/\/www.geh8.de\/en\/category\/ausstellung\/\" rel=\"category tag\">Exhibition<\/a><\/li><\/ul><h3><span class=\"sub1\"><span class=\"sub2\"><span class=\"sub3\"><a href=\"https:\/\/www.geh8.de\/en\/ausstellungseroeffnung-gruener-wirds-nicht\/\">Exhibition + Finissage-Brunch: Gr\u00fcner wird&#8217;s nicht!?<\/a><\/span><\/span><\/span><\/h3><p>Exhibition + Finissage-Brunch \u201eGr\u00fcner wird&#8217;s nicht!?&#8221; In the discussion of the annual theme 2021 of [&hellip;]<\/p>\n<\/div><\/div><div class=\"grid-item archive hyphenate querformat post-9786 post type-post status-publish format-standard has-post-thumbnail hentry category-workshop\"><a href=\"https:\/\/www.geh8.de\/en\/so-gings-ab-bei-den-graffiti-workshops\/\"><img decoding=\"async\" src=\"https:\/\/www.geh8.de\/page\/wp-content\/uploads\/2021\/06\/P1011227-1-scaled-1-288x216.webp\" class=\"attachment-tile-landscape-low size-tile-landscape-low wp-post-image\" alt=\"\" srcset=\"https:\/\/www.geh8.de\/page\/wp-content\/uploads\/2021\/06\/P1011227-1-scaled-1-288x216.webp 288w, https:\/\/www.geh8.de\/page\/wp-content\/uploads\/2021\/06\/P1011227-1-scaled-1-448x336.webp 448w, https:\/\/www.geh8.de\/page\/wp-content\/uploads\/2021\/06\/P1011227-1-scaled-1-368x276.webp 368w, https:\/\/www.geh8.de\/page\/wp-content\/uploads\/2021\/06\/P1011227-1-scaled-1-90x67.webp 90w\" sizes=\"(max-width: 288px) 100vw, 288px\" \/><\/a><div class=\"grid-entry haase-archive\" data-content=\"Well equipped with plenty of spray cans, OUR SPACE started into the summer of 2021. Freshly primed, the concrete feet of the flag installation were like a white canvas on the first day of the workshop. But that didn&#039;t last long! Already at the first meeting, the participants started their attempts at graffiti with bright colors.\r\n\r\n\r\n\r\n \t\r\n\r\n\r\n \t\r\n\r\n\r\n \t\r\n\r\n\r\n \t\r\n\r\n\r\n \t\r\n\r\n\r\n \t\r\n\r\n\r\n \t\r\n\r\n\r\n \t\r\n\r\n\r\n\r\n&nbsp;\r\n\r\n\r\nImages \u00a9 Tiziana Foit\r\n\r\nThanks to the support of SPIKE URBAN, there was a huge table full of materials on each workshop day, which the participants* could freely help themselves to. There was nothing left to be desired in order to get creative! With the right materials, it&#039;s much easier to work. The spray heads - the small &quot;heads&quot; of the graffiti cans - are available in a variety of designs, e.g. to spray surfaces better or to draw finer lines.\r\n\r\nOn the second day of the workshop, we were finally able to get started: with the participants&#039; first real designs. But we found graffiti from another event on the concrete feet. But no problem! Because graffiti colors can be easily sprayed over other pictures, modified - so you can work with them and complement them. The participants were able to work much better with their own sketches. They could see directly on the object whether the proportions fit. All course participants supported each other with ideas and help... real team work!\r\n\r\nOn the last day of the workshop, things got colorful... With the finished stencils, it was off to work. Thanks to the cut-out shapes, the participants were able to create the concrete feet of the flag installation in no time.\r\n\r\n\r\n&nbsp;\r\nBy the way: Course instructor Christian also immortalized himself on the concrete feet of the flags. The result was a fresh pineapple on a South Sea island in the ocean. Just come by the GEH8 summer garden and have a look at the graffiti!\r\n&nbsp;\"><ul class=\"post-categories\">\n\t<li><a href=\"https:\/\/www.geh8.de\/en\/category\/workshop\/\" rel=\"category tag\">Workshop<\/a><\/li><\/ul><h3><span class=\"sub1\"><span class=\"sub2\"><span class=\"sub3\"><a href=\"https:\/\/www.geh8.de\/en\/so-gings-ab-bei-den-graffiti-workshops\/\">This is how it went at the graffiti workshops<\/a><\/span><\/span><\/span><\/h3><p>Well equipped with plenty of spray cans, OUR SPACE started into the summer of 2021. [&hellip;]<\/p>\n<\/div><\/div><div class=\"grid-item archive hyphenate querformat post-8242 post type-post status-publish format-standard has-post-thumbnail hentry category-info category-veranstaltungen\"><a href=\"https:\/\/www.geh8.de\/en\/eroeffnung-g-flaggschiffe\/\"><img decoding=\"async\" src=\"https:\/\/www.geh8.de\/page\/wp-content\/uploads\/2021\/06\/RVF1253_Fotografie_Robert_Vanis-288x216.jpeg\" class=\"attachment-tile-landscape-low size-tile-landscape-low wp-post-image\" alt=\"\" srcset=\"https:\/\/www.geh8.de\/page\/wp-content\/uploads\/2021\/06\/RVF1253_Fotografie_Robert_Vanis-288x216.jpeg 288w, https:\/\/www.geh8.de\/page\/wp-content\/uploads\/2021\/06\/RVF1253_Fotografie_Robert_Vanis-448x336.jpeg 448w, https:\/\/www.geh8.de\/page\/wp-content\/uploads\/2021\/06\/RVF1253_Fotografie_Robert_Vanis-368x276.jpeg 368w, https:\/\/www.geh8.de\/page\/wp-content\/uploads\/2021\/06\/RVF1253_Fotografie_Robert_Vanis-90x67.jpeg 90w\" sizes=\"(max-width: 288px) 100vw, 288px\" \/><\/a><div class=\"grid-entry haase-archive\" data-content=\"\r\n\r\n\r\nG? Flaggschiffe\r\nOpening of Saeed Foroghi&#039;s art in construction project.\r\nJuly 3, 2021, 6 pm\r\n\r\nWith the new construction of the schools and the creation of a green space in the immediate vicinity of GEH8, a long-standing brownfield site has been eliminated and the surrounding urban space has been enhanced. GEH8 invited artist Saeed Foroghi to conceive a work for the facade and exterior of their building. The artistic work should focus on GEH8 as a place of production and presentation of art and culture, and should be easily noticeable in the newly created public urban space.\r\nFlags, apart from their meaning generated by the combination of visual elements such as colors and shapes, can also be carriers of metaphorical and symbolic content, depending on the location and the way they are used. In every flag hoisted in a solemn ceremony, a sign of power, belonging and identity is also manifested, which at the same time requires a distinction between power and identity vis-\u00e0-vis an &quot;other&quot;.\r\n\r\nSaeed Foroghi&#039;s works with flags are a kind of effort to decontaminate these symbols. His artistic works revolve around the question of belonging and loss, of locating one&#039;s identity in borderlands of different states as well as between traditional gender roles. The principle of inversion often found in his works represents a transfer of this search into artistic method.\r\n\r\nWe thank all sponsors, donors and supporters from the bottom of our hearts and are extremely pleased to now be able to open the artistic work - after a difficult and rather protracted phase of financing.\r\nSimultaneously with the flag installation, on July 3 we will present the design of the wall elements by children and young people as part of our cultural education program OURSPACE.\r\n\r\n\r\n\r\n&nbsp;\r\nPictures: Robert Vanis\r\n&nbsp;\r\n&nbsp; &nbsp; &nbsp; &nbsp; &nbsp; &nbsp; &nbsp; &nbsp;\"><ul class=\"post-categories\">\n\t<li><a href=\"https:\/\/www.geh8.de\/en\/category\/info\/\" rel=\"category tag\">Info<\/a><\/li>\n\t<li><a href=\"https:\/\/www.geh8.de\/en\/category\/veranstaltungen\/\" rel=\"category tag\">Event<\/a><\/li><\/ul><h3><span class=\"sub1\"><span class=\"sub2\"><span class=\"sub3\"><a href=\"https:\/\/www.geh8.de\/en\/eroeffnung-g-flaggschiffe\/\">Opening &#8211; G? Flaggschiffe<\/a><\/span><\/span><\/span><\/h3><p>G? Flaggschiffe Opening of Saeed Foroghi&#8217;s art in construction project. July 3, 2021, 6 pm [&hellip;]<\/p>\n<\/div><\/div><div class=\"grid-item archive hyphenate querformat post-8206 post type-post status-publish format-standard has-post-thumbnail hentry category-konzert category-veranstaltungen\"><a href=\"https:\/\/www.geh8.de\/en\/kunst-raum-konzerte-praesentieren-olicia-trifft-mdura\/\"><img decoding=\"async\" src=\"https:\/\/www.geh8.de\/page\/wp-content\/uploads\/2021\/06\/kunst.raum_.konzerte_fb_820x312_220721-288x216.png\" class=\"attachment-tile-landscape-low size-tile-landscape-low wp-post-image\" alt=\"\" srcset=\"https:\/\/www.geh8.de\/page\/wp-content\/uploads\/2021\/06\/kunst.raum_.konzerte_fb_820x312_220721-288x216.png 288w, https:\/\/www.geh8.de\/page\/wp-content\/uploads\/2021\/06\/kunst.raum_.konzerte_fb_820x312_220721-368x276.png 368w, https:\/\/www.geh8.de\/page\/wp-content\/uploads\/2021\/06\/kunst.raum_.konzerte_fb_820x312_220721-90x67.png 90w\" sizes=\"(max-width: 288px) 100vw, 288px\" \/><\/a><div class=\"grid-entry haase-archive\" data-content=\"The Kunst.Raum.Konzerte offer a platform for the fusion of sound-, image- and space-based arts. In the process, music is always joined by another art form. Each band develops - in addition to playing their own pieces - a composition in real time together with the audience.\r\n\r\nOLIC\u00cdA\r\n\r\nOlic\u00eda is a band with two strong women who are constantly searching for new ideas with their music. The band project of the two multi-instrumentalists Anna-Lucia Rupp and Fama M&#039;Boup creates a completely unique sound cosmos. Everything that can be heard on stage is created in the moment, nothing is pre-produced. At a time when stylistic boundaries are breaking down more and more, Olic\u00eda places itself in the specially founded genre of &quot;electronic handmade loopjazz&quot;.\r\n\r\nmDura\r\n\r\nDURA is an interdisciplinary media and installation artist. In her works she combines sculptural pieces, installations and sounds with performance and video. Through the use of sculptural elements and finely balanced actions, she creates atmospheric sceneries, multi-layered sensory impressions and associative possibilities. Her works explore the effects of sound, space and form aesthetics in 3D animation, objects and performances.\r\n\r\nWhen: 22.7.2021\r\nStart: 8 pm\r\n\r\nWhere: GEH8 art space\r\n&nbsp;&nbsp;&nbsp;&nbsp;&nbsp;&nbsp;&nbsp;&nbsp;&nbsp;&nbsp;&nbsp;&nbsp; Gehestrasse 8\r\n&nbsp;&nbsp;&nbsp;&nbsp;&nbsp;&nbsp;&nbsp;&nbsp;&nbsp;&nbsp;&nbsp;&nbsp; 01127 Dresden\r\n\r\nVA-Location: GEH8 Art Space\r\nVVK: 10\u20ac \/ reduced 7\u20ac + VVK fees\r\n\r\nReduced: Pupils\/students\/trainees, Dresden Pass holders, severely handicapped ID card\r\n\r\nBuy tickets here\"><ul class=\"post-categories\">\n\t<li><a href=\"https:\/\/www.geh8.de\/en\/category\/konzert\/\" rel=\"category tag\">Concert<\/a><\/li>\n\t<li><a href=\"https:\/\/www.geh8.de\/en\/category\/veranstaltungen\/\" rel=\"category tag\">Event<\/a><\/li><\/ul><h3><span class=\"sub1\"><span class=\"sub2\"><span class=\"sub3\"><a href=\"https:\/\/www.geh8.de\/en\/kunst-raum-konzerte-praesentieren-olicia-trifft-mdura\/\">Kunst.Raum.Konzerte present: Olic\u00eda trifft mDura<\/a><\/span><\/span><\/span><\/h3><p>The Kunst.Raum.Konzerte offer a platform for the fusion of sound-, image- and space-based arts. In [&hellip;]<\/p>\n<\/div><\/div><div class=\"grid-item archive hyphenate querformat post-8233 post type-post status-publish format-standard has-post-thumbnail hentry category-workshop\"><a href=\"https:\/\/www.geh8.de\/en\/graffiti-workshop-im-juni-und-sommer-vorschau\/\"><img decoding=\"async\" src=\"https:\/\/www.geh8.de\/page\/wp-content\/uploads\/2021\/06\/2021_05_19_-_Geh_8_Graffitiworkshop_Social_Media_Event-288x216.jpg\" class=\"attachment-tile-landscape-low size-tile-landscape-low wp-post-image\" alt=\"\" srcset=\"https:\/\/www.geh8.de\/page\/wp-content\/uploads\/2021\/06\/2021_05_19_-_Geh_8_Graffitiworkshop_Social_Media_Event-288x216.jpg 288w, https:\/\/www.geh8.de\/page\/wp-content\/uploads\/2021\/06\/2021_05_19_-_Geh_8_Graffitiworkshop_Social_Media_Event-448x336.jpg 448w, https:\/\/www.geh8.de\/page\/wp-content\/uploads\/2021\/06\/2021_05_19_-_Geh_8_Graffitiworkshop_Social_Media_Event-368x276.jpg 368w, https:\/\/www.geh8.de\/page\/wp-content\/uploads\/2021\/06\/2021_05_19_-_Geh_8_Graffitiworkshop_Social_Media_Event-90x67.jpg 90w\" sizes=\"(max-width: 288px) 100vw, 288px\" \/><\/a><div class=\"grid-entry haase-archive\" data-content=\"Learn in three afternoons the 1\u00d71 of Urban Art and design together with us the concrete bases of the flag installation of Saeed in the GEH8.\r\n\r\nOn July 3, there will be the grand opening of your artwork and Saeed&#039;s installation.\r\n\r\n3x FLAGGEN GALLERY Graffiti Workshop - in the GEH8, Gehestr. 8, 01127 Dresden\r\n\r\n15. June,&nbsp; 15:30 - 18:30 o&#039;clock\r\n22. June, 15:30 - 18:30 o&#039;clock\r\n29. June, 15:30 - 18:30 o&#039;clock\r\n\r\nOpening FLAGGEN GALLERY - in the GEH8, Gehestr. 8, 01127 Dresden\r\n\r\n03. July, 18:00 - 20:00 o&#039;clock\r\n\r\nPREVIEW 2021\r\n\r\nTAKE PLACE Workshop, July 10\r\n\r\nOUR SPACE Vacation Course 1, July 26-30\r\nOUR SPACE Vacation Course 2, August 16-20\r\nOUR SPACE Vacation Course 2, August 23-27\r\n\r\n... more info coming soon!\r\n\r\n&nbsp;\"><ul class=\"post-categories\">\n\t<li><a href=\"https:\/\/www.geh8.de\/en\/category\/workshop\/\" rel=\"category tag\">Workshop<\/a><\/li><\/ul><h3><span class=\"sub1\"><span class=\"sub2\"><span class=\"sub3\"><a href=\"https:\/\/www.geh8.de\/en\/graffiti-workshop-im-juni-und-sommer-vorschau\/\">Graffiti workshop in June and summer preview<\/a><\/span><\/span><\/span><\/h3><p>Learn in three afternoons the 1\u00d71 of Urban Art and design together with us the [&hellip;]<\/p>\n<\/div><\/div><div class=\"grid-item archive hyphenate querformat post-8131 post type-post status-publish format-standard has-post-thumbnail hentry category-konzert category-veranstaltungen\"><a href=\"https:\/\/www.geh8.de\/en\/kunst-raum-konzerte-praesentieren-laurent-de-schepper-trio-trifft-david-pinzer\/\"><img decoding=\"async\" src=\"https:\/\/www.geh8.de\/page\/wp-content\/uploads\/2021\/05\/kunst.raum_.konzerte_fb_1920x1005_240621-Kopie-288x216.png\" class=\"attachment-tile-landscape-low size-tile-landscape-low wp-post-image\" alt=\"\" srcset=\"https:\/\/www.geh8.de\/page\/wp-content\/uploads\/2021\/05\/kunst.raum_.konzerte_fb_1920x1005_240621-Kopie-288x216.png 288w, https:\/\/www.geh8.de\/page\/wp-content\/uploads\/2021\/05\/kunst.raum_.konzerte_fb_1920x1005_240621-Kopie-448x336.png 448w, https:\/\/www.geh8.de\/page\/wp-content\/uploads\/2021\/05\/kunst.raum_.konzerte_fb_1920x1005_240621-Kopie-368x276.png 368w, https:\/\/www.geh8.de\/page\/wp-content\/uploads\/2021\/05\/kunst.raum_.konzerte_fb_1920x1005_240621-Kopie-90x67.png 90w\" sizes=\"(max-width: 288px) 100vw, 288px\" \/><\/a><div class=\"grid-entry haase-archive\" data-content=\"The Kunst.Raum.Konzerte provide a platform for the fusion of sound, image and space-based arts. There is always another art form associated with the music.&nbsp;Each band develops - in addition to playing their own pieces - a composition in real time together with the audience.\r\nLaurent de Schepper Trio\r\nRefreshingly open-ended electronic jazz comes from Saxony with the Laurent de Schepper Trio. After their furious debut Aquanaut, the genre-mixing jazz \/ indie formation released a mature follow-up - Into Olymp - in 2017, aiming for new peaks. In 2019, their latest vinyl Action at a Distance followed. Without Laurent, but with Isabel Fischer, Lars Oertel and Thomas B\u00e4r, it goes sometimes more in jazzy directions, sometimes rock forward and then again more in the direction of atmospheric cinematic music. Apart from conventional song structures, the Laurent de Schepper Trio creates a unique musical concept that permanently shifts the mix of basic musical elements into surprising new constellations. Complex arrangements, driven by bass (Isabel Fischer) and drums (Lars Oertel), form the backbone for the multi-faceted and effect-modified saxophone playing of Thomas B\u00e4r. Some listeners might think of the sound of Nils Petter Molvaer&#039;s progressive now-jazz, Talk Talk&#039;s ethereal art-pop, and Sonic Youth&#039;s structural freedom in this mix. Their breathtaking live performances have already taken the Laurent de Schepper Trio to far-flung places like Israel.\r\nDavid Pinzer\r\n\r\n\r\nDavid Pinzer got into the maelstrom of photography through various travels - among others to India, Nepal, Myanmar, Vietnam, South Africa and Indonesia. Through his encounters with other people and cultures, his desire to visually convey emotional experiences and stories through images matured. This passion has carried him from his self-taught beginnings to the present day. In the meantime, his work focuses on people, portrait and image photography, but he also feels at home in travel photography as well as in the areas of fashion and event photography. He has been working as a freelance photographer since 2011 and can draw on a wide-ranging creative network of stylists, designers and make-up artists. He prefers to work in special places to bring atmosphere into the pictures.\r\nWhen: 24.6.2021\r\nEntrance: 19 p.m.\r\nStart: 20 p.m.\r\nWhere: GEH8 Kunstraum\r\n&nbsp;&nbsp;&nbsp;&nbsp;&nbsp;&nbsp;&nbsp;&nbsp;&nbsp;&nbsp;&nbsp;&nbsp; Gehestra\u00dfe 8\r\n&nbsp;&nbsp;&nbsp;&nbsp;&nbsp;&nbsp;&nbsp;&nbsp;&nbsp;&nbsp;&nbsp;&nbsp; 01127 Dresden\r\n\r\nAdvance-Sale: GEH8 Kunstraum\r\nAdvance-Sale price: 10\u20ac \/ discounted 7\u20ac + Advance-Sale Fees\r\n\r\n\r\nReduced: Pupils\/students\/trainees, Dresden Pass holders, severely handicapped ID card\r\n\r\nHere you can buy tickets!\r\nWatch the Aftermovie of Kunstraumkonzert: KID BE KID &amp; JOESPHINE BUNDE (02.09.2020)!\r\nWatch the Aftermovie of Kunstraumkonzert: G\u00fcnter Baby Sommer &amp; The Saxonz (01.10.2020)!\"><ul class=\"post-categories\">\n\t<li><a href=\"https:\/\/www.geh8.de\/en\/category\/konzert\/\" rel=\"category tag\">Concert<\/a><\/li>\n\t<li><a href=\"https:\/\/www.geh8.de\/en\/category\/veranstaltungen\/\" rel=\"category tag\">Event<\/a><\/li><\/ul><h3><span class=\"sub1\"><span class=\"sub2\"><span class=\"sub3\"><a href=\"https:\/\/www.geh8.de\/en\/kunst-raum-konzerte-praesentieren-laurent-de-schepper-trio-trifft-david-pinzer\/\">Kunst.Raum.Konzerte present: Laurent de Schepper Trio meets David Pinzer<\/a><\/span><\/span><\/span><\/h3><p>The Kunst.Raum.Konzerte provide a platform for the fusion of sound, image and space-based arts. There [&hellip;]<\/p>\n<\/div><\/div><div class=\"grid-item archive hyphenate querformat post-8271 post type-post status-publish format-standard has-post-thumbnail hentry category-info category-allgemein\"><a href=\"https:\/\/www.geh8.de\/en\/eku-zukunftspreis-2020-fuer-das-projekt-real-insect-estate-der-geh8\/\"><img decoding=\"async\" src=\"https:\/\/www.geh8.de\/page\/wp-content\/uploads\/2021\/06\/Screenshot-121-e1624535968953-288x216.png\" class=\"attachment-tile-landscape-low size-tile-landscape-low wp-post-image\" alt=\"\" srcset=\"https:\/\/www.geh8.de\/page\/wp-content\/uploads\/2021\/06\/Screenshot-121-e1624535968953-288x216.png 288w, https:\/\/www.geh8.de\/page\/wp-content\/uploads\/2021\/06\/Screenshot-121-e1624535968953-448x336.png 448w, https:\/\/www.geh8.de\/page\/wp-content\/uploads\/2021\/06\/Screenshot-121-e1624535968953-368x276.png 368w, https:\/\/www.geh8.de\/page\/wp-content\/uploads\/2021\/06\/Screenshot-121-e1624535968953-90x67.png 90w\" sizes=\"(max-width: 288px) 100vw, 288px\" \/><\/a><div class=\"grid-entry haase-archive\" data-content=\"For the project REAL INSECT ESTATE the GEH8 receives the eku - Future Award 2020 of the Ministry of Environment!\r\n\r\n\r\n\r\nWith an open call for the design of an insect hotel of a facade of the GEH8 according to ecological specifications, an artistic competition was called. This also developed into a project for students at universities nationwide and created a link between art and biodiversity. By planting and sowing in the immediate vicinity of the site, food for the insects is well provided for. With a film of the Free State of Saxony you can get a closer look at the initiative.\r\n\r\n[video width=&quot;1280&quot; height=&quot;720&quot; mp4=&quot;https:\/\/www.geh8.de\/page\/wp-content\/uploads\/2021\/06\/Real-Insect-Estate-am-GEH-8-\u2013-eku-ZUKUNFTSPREIS-2020.mp4&quot;][\/video]\r\n\r\n&nbsp;\r\n\r\n Films about other eku award winners can be found here!\r\n\r\n\"><ul class=\"post-categories\">\n\t<li><a href=\"https:\/\/www.geh8.de\/en\/category\/info\/\" rel=\"category tag\">Info<\/a><\/li>\n\t<li><a href=\"https:\/\/www.geh8.de\/en\/category\/allgemein\/\" rel=\"category tag\">General<\/a><\/li><\/ul><h3><span class=\"sub1\"><span class=\"sub2\"><span class=\"sub3\"><a href=\"https:\/\/www.geh8.de\/en\/eku-zukunftspreis-2020-fuer-das-projekt-real-insect-estate-der-geh8\/\">eku &#8211; FUTURE AWARD 2020 for the project REAL INSECT ESTATE of GEH8<\/a><\/span><\/span><\/span><\/h3><p>For the project REAL INSECT ESTATE the GEH8 receives the eku &#8211; Future Award 2020 [&hellip;]<\/p>\n<\/div><\/div><div class=\"grid-item archive hyphenate querformat post-8039 post type-post status-publish format-standard has-post-thumbnail hentry category-info\"><a href=\"https:\/\/www.geh8.de\/en\/wir-werden-gruener-ii\/\"><img decoding=\"async\" src=\"https:\/\/www.geh8.de\/page\/wp-content\/uploads\/2021\/04\/Beitragsbild_1-288x216.png\" class=\"attachment-tile-landscape-low size-tile-landscape-low wp-post-image\" alt=\"\" srcset=\"https:\/\/www.geh8.de\/page\/wp-content\/uploads\/2021\/04\/Beitragsbild_1-288x216.png 288w, https:\/\/www.geh8.de\/page\/wp-content\/uploads\/2021\/04\/Beitragsbild_1-448x336.png 448w, https:\/\/www.geh8.de\/page\/wp-content\/uploads\/2021\/04\/Beitragsbild_1-368x276.png 368w, https:\/\/www.geh8.de\/page\/wp-content\/uploads\/2021\/04\/Beitragsbild_1-90x67.png 90w\" sizes=\"(max-width: 288px) 100vw, 288px\" \/><\/a><div class=\"grid-entry haase-archive\" data-content=\"Sustainability at GEH8.\r\n\r\nAs an arts and cultural centre, we take the issue of sustainability particularly seriously and take every step, no matter how small, towards a greener future. In 2020, a lot of building, rebuilding and new construction took place so that we can live up to this claim.\r\n\r\nHere is a brief overview:\r\n\r\n\r\n\r\n01 Green roof\r\nOur roofs are growing over our heads.\r\n\r\nIn the course of renovation work on the building, 3 roof areas of GEH8 are being greened. Two of them could be realised in 2020. At the end of 2019, the Lord Mayor of the state capital issued the directive &quot;Dresden builds green&quot;. Since 2020, it is now obligatory to green facades and roofs of all building construction projects in the city, regardless of whether they involve new buildings, conversions or structural extensions. For this voluntary commitment, the city of Dresden received the &quot;Climate Active Community 2020&quot; award from the Federal Ministry for the Environment. The green roof at GEH8 is a pilot project for this project and is to be supplemented by a green facade.&nbsp;\r\n\r\n\r\n\r\n02 Edible green\r\nYou can eat our borders!\r\n\r\nA lot has happened on our outdoor area. What once stood abandoned in the neighbourhood with an industrial face has turned into a green oasis: Together with Stadtg\u00e4rten e. V. and participants of the &quot;Voluntary Ecological Year&quot; of the SUA - Environmental Academy, more than 200 plants have been planted and green areas created in the past weeks. Among others, chokeberry, grapevine, different varieties of currants and the rediscovered apple variety Voluntary Ecological Year were planted. The fruit is medium-sized, yellow with red spots, sweet, juicy and finely aromatic. A herb spiral was also planted. Various old herb varieties and classics such as mint and lemon balm have also found a place in the outdoor area of the old wagon hall.&nbsp;\r\n\r\n Click here for the homepage of Stadtg\u00e4rten e.V.!\r\n\r\n Click here for the homepage of SUA Umweltakademie!\r\n\r\n\r\n\r\n03 Cistern\r\nWater march!\r\n\r\nIn order to maintain our elaborately prepared outdoor area with its numerous plants, we need a lot of water. Using drinking water would be far too wasteful, so we have a cistern with a capacity of 8,300 litres, which stores the rainwater. With this, we can now water the green roof and our edible fence even on hot days. We are already looking forward to future harvests!\r\n\r\n\r\n\r\n04 Recycle paper\r\nSustainable paper chaos\r\n\r\nWe communicate a lot via e-mail and other digital channels. However, from time to time we also have to resort to the analogue communication channel. To ensure that we stay true to our green credentials, we use only recycled paper for all our print products and work with regional printers.\r\n\r\n\r\n\r\n05 Green electricity\r\nNot only light in the eyes\r\n\r\nWith green electricity from the region, our hall also shines in the dark hours.\r\n\r\n06 Replacement of lighting systems with LED\r\n\r\n07 Cooperation with car sharing provider Teilauto\r\n\r\n08 better thermal insulation through new windows and roof insulation\r\n\r\n09 Renewal of the heating system\r\n\r\n10 Creation of sufficient bicycle spaces on GEH8 property\r\n\r\n11 Reduction of print advertising, Prints only with certified print shops\r\n\r\n\r\n12 digitalization of administration\r\n\r\n13 Change of all cleaning and rinsing agents to ecological products\r\n\r\n14 Promotion of young artists within the framework of Verst\u00e4rker activities\r\n\r\n&nbsp;\r\n\r\n&nbsp;&nbsp;&nbsp;&nbsp;&nbsp;&nbsp;&nbsp;&nbsp;&nbsp;&nbsp;&nbsp; &nbsp; &nbsp; &nbsp;&nbsp; &nbsp;&nbsp;&nbsp;&nbsp;&nbsp;&nbsp;&nbsp;&nbsp;&nbsp;&nbsp; \"><ul class=\"post-categories\">\n\t<li><a href=\"https:\/\/www.geh8.de\/en\/category\/info\/\" rel=\"category tag\">Info<\/a><\/li><\/ul><h3><span class=\"sub1\"><span class=\"sub2\"><span class=\"sub3\"><a href=\"https:\/\/www.geh8.de\/en\/wir-werden-gruener-ii\/\">We are becoming greener! II<\/a><\/span><\/span><\/span><\/h3><p>Sustainability at GEH8. As an arts and cultural centre, we take the issue of sustainability [&hellip;]<\/p>\n<\/div><\/div><div class=\"grid-item archive hyphenate querformat post-7940 post type-post status-publish format-standard has-post-thumbnail hentry category-info category-allgemein\"><a href=\"https:\/\/www.geh8.de\/en\/ausschreibung-real-insect-estate\/\"><img decoding=\"async\" src=\"https:\/\/www.geh8.de\/page\/wp-content\/uploads\/2021\/02\/geh8-website-21-288x216.png\" class=\"attachment-tile-landscape-low size-tile-landscape-low wp-post-image\" alt=\"\" srcset=\"https:\/\/www.geh8.de\/page\/wp-content\/uploads\/2021\/02\/geh8-website-21-288x216.png 288w, https:\/\/www.geh8.de\/page\/wp-content\/uploads\/2021\/02\/geh8-website-21-448x336.png 448w, https:\/\/www.geh8.de\/page\/wp-content\/uploads\/2021\/02\/geh8-website-21-368x276.png 368w, https:\/\/www.geh8.de\/page\/wp-content\/uploads\/2021\/02\/geh8-website-21-90x67.png 90w\" sizes=\"(max-width: 288px) 100vw, 288px\" \/><\/a><div class=\"grid-entry haase-archive\" data-content=\"Call for proposals for the artistic conception and realization of an insect hotel\r\n\r\nThe cultural center GEH8 in Dresdens wants to combine environmental protection with art and is looking for unusual and fresh designs for an insect hotel on its facade that does justice to species protection. The best entries will be selected by a jury of experts and the first-place winner will be asked to implement the concept by September 2021.&nbsp;\r\n\r\nThe conditions of participation and species protection criteria (PDFs on this page) must be observed.\r\n\r\nApply now until 06.06.2021\r\n\r\n&nbsp;\r\n\r\nTO THE BACKGROUND\r\n\r\nThe destruction of natural habitats for wild bees is particularly glaring in urban areas and subsequently leads to the destruction of biodiversity and ecosystem performance. One of the main reasons for this is the lack of awareness of the problem.\r\n\r\nThe project &quot;real insect estate&quot; aims to draw attention to the issue in an exemplary and innovative way and calls for the design of an insect hotel on the facade of the cultural center GEH8 by means of a nationwide art competition. The competition is open to artists, designers, architects and all interested parties who would like to deal with the topic in a creative and technical way.\r\n\r\nIn 2020, numerous greening measures were carried out in the newly created neighboring park on Gehestra\u00dfe in Dresden-Pieschen and on the grounds of the GEH8 cultural center. The &quot;real insect estate&quot; project is intended to create a habitat for wild bees here and to have a high ecological educational impact by combining art and nature.\r\n\r\nNumerous people are aware of the various ecological problems we face, but there are hardly any creative ideas for communicating them. Environmental protection must not only be meaningful, but also exciting. Here art can find solutions that reach people not only rationally. Through a catalog, the best designs of the various insect hotels are documented and brought closer to a broader target group.\r\n\r\n&nbsp;\r\n\r\nAWARDS\r\n\r\nA cross-disciplinary jury of experts consisting of artists, designers and experts in environmental protection will award prizes to the 3 best designs and will also produce a selection of entries that will be published in an accompanying catalog.\r\nThe prizes are as follows:\r\n\r\n1st place 3.500\u20ac (includes all costs for the structural implementation)\r\n2nd place 500\u20ac\r\n3rd place 300\u20ac\r\n\r\n&nbsp;\r\n\r\nAPPLICATION\r\n\r\nThe draft must be submitted by 06\/06\/2021 and includes the following items:\r\n\r\nIn a PDF (max. 1 page):\r\n\r\nName, year and place of birth + website of the applicant, if applicable\r\nSpecification of material \/ size \/ title of the project, if applicable\r\nText on the concept\/design max. 1,000 characters\r\n\r\nAs JPEG files\r\n\r\nImages of the design (max. 5 images), 300 DPI\r\n\r\nPlease send the documents as a downloadable link. If the data is not complete, the submission is invalid. The drafts will remain in the archive of GEH8 Kunst Raum Ateliers gUG for internal purposes. The sender allows the publication in the context of the project.\r\n\r\n&nbsp;\r\n\r\nINFORMATION\r\n\r\nConditions of participation\r\n\r\nCriteria for species protection\r\n\r\nAbout GEH8\r\n\r\n[ngg src=&quot;galleries&quot; ids=&quot;149&quot; display=&quot;basic_imagebrowser&quot;]&nbsp;\r\n\r\nProject management:\r\n\r\nMichael Merkel\r\n\r\nmerkel@geh8.de\r\n\r\n&nbsp;\r\n\r\nIn cooperation with:\r\n\r\n&nbsp; &nbsp; &nbsp; &nbsp; &nbsp; &nbsp; &nbsp; \r\n\r\nProfessorship for Design Theory\r\nFaculty of Architecture\r\n\r\n&nbsp;\r\n\r\n&nbsp;\r\n\r\nAwarded with:\r\n\r\n\r\n\r\n&nbsp;\"><ul class=\"post-categories\">\n\t<li><a href=\"https:\/\/www.geh8.de\/en\/category\/info\/\" rel=\"category tag\">Info<\/a><\/li>\n\t<li><a href=\"https:\/\/www.geh8.de\/en\/category\/allgemein\/\" rel=\"category tag\">General<\/a><\/li><\/ul><h3><span class=\"sub1\"><span class=\"sub2\"><span class=\"sub3\"><a href=\"https:\/\/www.geh8.de\/en\/ausschreibung-real-insect-estate\/\">open call ,,real insect estate&#8221;<\/a><\/span><\/span><\/span><\/h3><p>Call for proposals for the artistic conception and realization of an insect hotel The cultural [&hellip;]<\/p>\n<\/div><\/div><div class=\"grid-item archive hyphenate querformat post-7917 post type-post status-publish format-standard has-post-thumbnail hentry category-festival\"><a href=\"https:\/\/www.geh8.de\/en\/ausschreibung-3-verstaerker-kunst-film-festival\/\"><img decoding=\"async\" src=\"https:\/\/www.geh8.de\/page\/wp-content\/uploads\/2021\/01\/WebseiteTitelbild_1-1-288x216.jpg\" class=\"attachment-tile-landscape-low size-tile-landscape-low wp-post-image\" alt=\"\" srcset=\"https:\/\/www.geh8.de\/page\/wp-content\/uploads\/2021\/01\/WebseiteTitelbild_1-1-288x216.jpg 288w, https:\/\/www.geh8.de\/page\/wp-content\/uploads\/2021\/01\/WebseiteTitelbild_1-1-448x336.jpg 448w, https:\/\/www.geh8.de\/page\/wp-content\/uploads\/2021\/01\/WebseiteTitelbild_1-1-368x276.jpg 368w, https:\/\/www.geh8.de\/page\/wp-content\/uploads\/2021\/01\/WebseiteTitelbild_1-1-90x67.jpg 90w\" sizes=\"(max-width: 288px) 100vw, 288px\" \/><\/a><div class=\"grid-entry haase-archive\" data-content=\"In May 2021, the GEH8 Kunstraum will host the 3rd Verst\u00e4rker Art Film Festival and present the Verst\u00e4rker Award as part of it.\r\n\r\nThe festival is aimed at students from the new federal states. A maximum of 8 students per university will be presented with their contributions. The films may not exceed a length of 8 minutes and must have been made in 2020 or 2021. There are no requirements regarding content.\r\n\r\nApply now until 16.5.2021\r\n\r\nIn summary:\r\nMax. 8 min length\r\nFormat: 16:9 (HD), mp4\r\nPlease note the conditions of participation!!!\r\n\r\nClick here for the call for entries: 3. Verst\u00e4rker Kunst-Film-Festival\r\n\r\nMore about Verst\u00e4rker\r\n\r\nUnder the title &quot;Verst\u00e4rker&quot;, GEH8 presents projects and exhibitions by students of the\r\nHfBK Dresden and other art colleges in the new federal states. In addition to its own\r\nexhibitions and projects, the GEH8 repeatedly opens its space to young artists, thereby\r\nartists and thus provides better artistic production and presentation conditions in Dresden.\r\nDresden. With &quot;Verst\u00e4rker&quot;, a format of its own has now been created for the first time that supports and rewards up-and-coming artistic positions.\r\n\r\nJury\r\n\r\nJana Endruschat studied Media &amp; Communication Science and has always been connected to the Saxon film scene. She produced image and industrial films for more than 10 years and worked in the production department for national and international feature film productions for at least as long. As a trainee in the funding area, she got to know the mechanisms of the Central German Media Funding &amp; was able to expand her moving image spectrum at the Werkleitzgesellschaft e.V. in the Centre for Media Art. 2013-2018 she was responsible for communication &amp; network at the Filmverband Sachsen. In January 2019, she took over the management.\r\n\r\nAlexandra Mei\u00dfner was born in Hoyerswerda in 1983 and studied sociology and communication science in Dresden. From 2008 she worked for the International Filmfest Dresden and was a member of the festival management for seven years. She is active as a freelance programme designer and lecturer and advises film and cultural projects in the areas of production, development and mediation. Since 2019, she has been a programme support and communication officer at the Kulturstiftung des Freistaates Sachsen (Cultural Foundation of the Free State of Saxony), where she coordinates, among other things, the international residency programmes and the small project fund for rural areas.\r\n\r\n\r\nMichael Merkel, born in 1987 in Dresden, studied German language and literature, cultural studies and art history in Dresden and Wroclaw after training as a wood sculptor. He also studied fine arts at the Academy in Wroclaw and at the Bauhaus University in Weimar. In addition to the implementation of curatorial projects, he has exhibited several times in Germany and abroad. He has been awarded various grants as well as project funding for his artistic work and has been working as coordinator program planning and public relations at GEH8 Kunstraum Dresden since 2018. He initiated the Verst\u00e4rker Art Film Festival in 2019, which he has also coordinated since then.\r\n\r\nIn Cooperation with:\r\n\r\n\r\n\r\n&nbsp;\r\n\r\nSupported by:\r\n\r\n&nbsp; &nbsp; &nbsp;\r\n\r\n&nbsp;\"><ul class=\"post-categories\">\n\t<li><a href=\"https:\/\/www.geh8.de\/en\/category\/festival\/\" rel=\"category tag\">Festival<\/a><\/li><\/ul><h3><span class=\"sub1\"><span class=\"sub2\"><span class=\"sub3\"><a href=\"https:\/\/www.geh8.de\/en\/ausschreibung-3-verstaerker-kunst-film-festival\/\">3rd Verst\u00e4rker Art Film Festival: call for entries<\/a><\/span><\/span><\/span><\/h3><p>In May 2021, the GEH8 Kunstraum will host the 3rd Verst\u00e4rker Art Film Festival and [&hellip;]<\/p>\n<\/div><\/div><div class=\"jahrestrenner m-5  grid-item archive hyphenate querformat post type-post status-publish format-standard has-post-thumbnail hentry category-ausstellung\"\n                         style=\"position: absolute; left: 0px; top: 0px;background-color:#fff;\"><a\n                        ><\/a>\n                        <div class=\"grid-entry\" style=\" background-color:transparent;color#000;\">\n                            <ul class=\"post-categories\">\n                                <li><a rel=\"category tag\">JAHR<\/a><\/li>\n                            <\/ul>\n\n                                            <h2 class=\"archiv-jahrestrenner\">2020<\/h2>\n\n\n                        <\/div>\n                    <\/div><div class=\"grid-item archive hyphenate querformat post-9792 post type-post status-publish format-standard has-post-thumbnail hentry category-workshop\"><a href=\"https:\/\/www.geh8.de\/en\/wir-sind-kunst-das-war-das-motto-des-herbstkurses\/\"><img decoding=\"async\" src=\"https:\/\/www.geh8.de\/page\/wp-content\/uploads\/2022\/02\/OurSpace_2020_10_28-IMGL2065-RA-Peter_R_Fischer-web-288x216.webp\" class=\"attachment-tile-landscape-low size-tile-landscape-low wp-post-image\" alt=\"\" srcset=\"https:\/\/www.geh8.de\/page\/wp-content\/uploads\/2022\/02\/OurSpace_2020_10_28-IMGL2065-RA-Peter_R_Fischer-web-288x216.webp 288w, https:\/\/www.geh8.de\/page\/wp-content\/uploads\/2022\/02\/OurSpace_2020_10_28-IMGL2065-RA-Peter_R_Fischer-web-448x336.webp 448w, https:\/\/www.geh8.de\/page\/wp-content\/uploads\/2022\/02\/OurSpace_2020_10_28-IMGL2065-RA-Peter_R_Fischer-web-368x276.webp 368w, https:\/\/www.geh8.de\/page\/wp-content\/uploads\/2022\/02\/OurSpace_2020_10_28-IMGL2065-RA-Peter_R_Fischer-web-90x67.webp 90w\" sizes=\"(max-width: 288px) 100vw, 288px\" \/><\/a><div class=\"grid-entry haase-archive\" data-content=\"Spontaneity and courage were in demand when it came to creating art in the district in front of everyone, directly on the street. During the fall vacations, the OUR SPACE workshop week was not just about creating pictures or films that you can simply look at in the end. This time, both body and mind were put to work.\r\n\r\nInspired by the works of the artists Willi Dorner (Bodies in Urban Spaces) and Erwin Wurm (One Minute Sculptures), the workshop participants became living sculptures. First, they went on a search for clues: in which places in Pieschen are there unusual climbing opportunities? Where are there gaps that can be filled? Once the right places had been found, the group thought about how they could present themselves in an unusual way. The group was also concerned with everyday questions: How do I present myself in public and how do others see me? What effect does my posture have or what am I perhaps ashamed of? It is much easier to jump over one&#039;s own shadow and behave in a way that is not quite &quot;normal&quot; if one dresses up. Masked and in our very own colorful painter&#039;s suits, we left our everyday lives behind us and got started: stacking, bending, holding still!\r\n\r\n\r\n\r\n \t\r\n\r\n\r\n \t\r\n\r\n\r\n \t\r\n\r\n\r\n \t\r\n\r\n\r\n \t\r\n\r\n\r\n \t\r\n\r\n\r\n \t\r\n\r\n\r\n \t\r\n\r\n\r\n \t\r\n\r\n\r\n \t\r\n\r\n\r\n \t\r\n\r\n\r\n \t\r\n\r\n\r\n \t\r\n\r\n\r\n \t\r\n\r\n\r\n \t\r\n\r\n\r\n \t\r\n\r\n\r\n \t\r\n\r\n\r\n \t\r\n\r\n\r\n \t\r\n\r\n\r\n \t\r\n\r\n\r\n \t\r\n\r\n\r\n \t\r\n\r\n\r\n \t\r\n\r\n\r\n \t\r\n\r\n\r\n \t\r\n\r\n\r\n \t\r\n\r\n\r\n \t\r\n\r\n\r\n \t\r\n\r\n\r\n \t\r\n\r\n\r\n\r\n\r\n\r\nImages \u00a9 Peter R. Fischer\r\n\r\nIn addition to the topic of urban art, we also worked on stop motion. The participants let off steam in very different ways and created clay figures, self-made miniature sculptures or even staged themselves in front of the camera.\r\n\r\n\r\n&nbsp;\r\nA huge thank you to the participants for all the great ideas and the courage for so much creativity. For the time being OUR SPACE is taking a little break. But we are already working on the new program and will keep you up to date.\r\n&nbsp;\"><ul class=\"post-categories\">\n\t<li><a href=\"https:\/\/www.geh8.de\/en\/category\/workshop\/\" rel=\"category tag\">Workshop<\/a><\/li><\/ul><h3><span class=\"sub1\"><span class=\"sub2\"><span class=\"sub3\"><a href=\"https:\/\/www.geh8.de\/en\/wir-sind-kunst-das-war-das-motto-des-herbstkurses\/\">We are art &#8211; That was the motto of the fall course<\/a><\/span><\/span><\/span><\/h3><p>Spontaneity and courage were in demand when it came to creating art in the district [&hellip;]<\/p>\n<\/div><\/div><div class=\"grid-item archive hyphenate querformat post-7782 post type-post status-publish format-standard has-post-thumbnail hentry category-ausstellung\"><a href=\"https:\/\/www.geh8.de\/en\/made-in-pieschen\/\"><img decoding=\"async\" src=\"https:\/\/www.geh8.de\/page\/wp-content\/uploads\/2020\/10\/Titelbild-Gleiswerk_Herrera_Seifert-Kopie-288x216.jpg\" class=\"attachment-tile-landscape-low size-tile-landscape-low wp-post-image\" alt=\"\" srcset=\"https:\/\/www.geh8.de\/page\/wp-content\/uploads\/2020\/10\/Titelbild-Gleiswerk_Herrera_Seifert-Kopie-288x216.jpg 288w, https:\/\/www.geh8.de\/page\/wp-content\/uploads\/2020\/10\/Titelbild-Gleiswerk_Herrera_Seifert-Kopie-448x336.jpg 448w, https:\/\/www.geh8.de\/page\/wp-content\/uploads\/2020\/10\/Titelbild-Gleiswerk_Herrera_Seifert-Kopie-368x276.jpg 368w, https:\/\/www.geh8.de\/page\/wp-content\/uploads\/2020\/10\/Titelbild-Gleiswerk_Herrera_Seifert-Kopie-90x67.jpg 90w\" sizes=\"(max-width: 288px) 100vw, 288px\" \/><\/a><div class=\"grid-entry haase-archive\" data-content=\"Exhibition. Urban planning ideas for urban production, common good and culture in Pieschen.\r\n\r\nWhat is meant by urban development oriented towards the common good and what does this mean for urban planning? What spaces does local, urban production need as an alternative to global mass production? What mix of uses will be possible and necessary as the worlds of work and production change?\r\n\r\nAt the invitation of GEH8, a total of 25 students from the TU Dresden sought answers to these questions in the past summer semester of 2020, as part of the urban design studio MADE IN PIESCHEN.\r\n\r\nOne of the last undeveloped development areas in Dresden is located between the Dresden-Pieschen S-Bahn stop and Harkortstra\u00dfe. The elongated, approximately 7.5 ha large former marshalling yard is bordered on two sides by railroad lines and is only directly perceptible in the urban context in a few places.\r\n\r\nThe high potential of the island-like site has long been the focus of attention of various stakeholders from the surrounding area. From their point of view, the area offers a lot of space for a community-oriented urban development - as an urban mix of creative quarter, sports park, green space and place for new forms of production.\r\n\r\nIn addition to a high demand for workspaces, workshops and studios for art and culture professionals from GEH8 and Zentralwerk, the neighboring sports club Motor Mickten also already has concrete ideas for expanding its sports areas and offerings for mass sports.\r\n\r\nThe Pieschen district needs significantly more public green and open spaces that connect urban areas.\r\n\r\nIn addition, the area is ideally suited as an experimental field for new commercial and production areas, for urban manufactories and Industry 4.0.\r\n\r\nThe exhibition shows 14 urban planning designs that were worked on in groups or as independent diploma theses. The works show a wide range of possibilities that the place holds for a sustainable society.\r\n\r\nStudents:\r\n\r\nSophia Allers, Emilie Bendin, Lorenz Brobeil, Tingting Fu, Elias Gerling, Shannon Julia Heenan, Isabella Herrera Krebber, Nico Hilsky, Anne Juschka, Lara Kruse, Louise-Marie Maillet, Pauline Marais, C\u00e9dric Razanakoto, B\u00e9n\u00e9dicte Rosenstiehl, Antony Saunders De Aguiar Lemos, Christiane Schmidt, Josefin Seifert, Franziska Stier, Daniel Vollert, Jiaxin Yu, Yu Zhai.\r\n\r\nDiploma theses:\r\n\r\nLaura Telschow, Patrizia Reuss-Thuemmler, Mustafa Ahaikh Hasan, Claudio D\u00f6ring\r\n\r\nSupervised by:\r\n\r\nProf. Melanie Humann, Gudrun Deppe, Louisa Scherer, Prof. Irene Lohaus, S\u00f6ren Meyer\r\n\r\nInitiated by:\r\n\r\nPaul Elsner (GEH8)\r\n\r\nDATES:\r\nOpening: 10\/29\/2020, starting at 6 p.m.\r\n\r\nPeriod: 30.10. - 15.11.2020\r\n\r\nMore information:\r\n\r\nhttps:\/\/tu-dresden.de\/bu\/architektur\/istb\/urb\r\n\r\nhttps:\/\/tu-dresden.de\/bu\/architektur\/ila\/labau\r\n\r\nhttps:\/\/instagram.com\/urbanismus_tud?igshid=u4pqz51iwow9\r\n\r\n&nbsp;\"><ul class=\"post-categories\">\n\t<li><a href=\"https:\/\/www.geh8.de\/en\/category\/ausstellung\/\" rel=\"category tag\">Exhibition<\/a><\/li><\/ul><h3><span class=\"sub1\"><span class=\"sub2\"><span class=\"sub3\"><a href=\"https:\/\/www.geh8.de\/en\/made-in-pieschen\/\">Made in Pieschen<\/a><\/span><\/span><\/span><\/h3><p>Exhibition. Urban planning ideas for urban production, common good and culture in Pieschen. What is [&hellip;]<\/p>\n<\/div><\/div><div class=\"grid-item archive hyphenate querformat post-7778 post type-post status-publish format-standard has-post-thumbnail hentry category-workshop\"><a href=\"https:\/\/www.geh8.de\/en\/freidrehen-mit-our-space-neuer-herbstferienkurs\/\"><img decoding=\"async\" src=\"https:\/\/www.geh8.de\/page\/wp-content\/uploads\/2020\/10\/ourspace-flyer-01-288x216.png\" class=\"attachment-tile-landscape-low size-tile-landscape-low wp-post-image\" alt=\"\" srcset=\"https:\/\/www.geh8.de\/page\/wp-content\/uploads\/2020\/10\/ourspace-flyer-01-288x216.png 288w, https:\/\/www.geh8.de\/page\/wp-content\/uploads\/2020\/10\/ourspace-flyer-01-448x336.png 448w, https:\/\/www.geh8.de\/page\/wp-content\/uploads\/2020\/10\/ourspace-flyer-01-368x276.png 368w, https:\/\/www.geh8.de\/page\/wp-content\/uploads\/2020\/10\/ourspace-flyer-01-90x67.png 90w\" sizes=\"(max-width: 288px) 100vw, 288px\" \/><\/a><div class=\"grid-entry haase-archive\" data-content=\"Free spinning with OUR SPACE! Autumn holiday course from 26-30 October in the GEH8\r\n\r\nBecause our summer courses were so successful, we&#039;re doing another one in the fall!\r\n\r\nYou are between 13 and 18 years old? And you want to free-spin with us, conquer Pieschen and spin a dream city? Then spend your vacations with OUR SPACE! We will spray and glue, sketch and fix, cut, lay, photograph and film ...\r\n\r\nNo matter what, there are (almost) no limits to your ideas! We are looking forward to you and an exciting week!\r\n\r\nUrban Art * Stop-Motion * Upcycling * Adbusting and much more\r\n\r\nLet&#039;s go on a discovery tour together, invent stories about found things and turn Pieschen upside down. How can you leave traces and create attention with simple means, e.g. tape, wood and things you brought with you? How can we build an archive of things with objects from the district? Together we will document our actions photographically and cinematically or stage individual stories in the form of stop-motion films.\r\n\r\nMore information about the OUR SPACE fall program, the course instructors Christian R\u00e4tsch and Andr\u00e9 Tempel, and a review of the summer courses can be found at ourspace.geh8.de.\r\n\r\nParticipation is free of charge. If you want to participate, just send an email with: Password OUR SPACE, your name and age.\r\n\r\nParticipate here!\r\n\r\n&nbsp;\"><ul class=\"post-categories\">\n\t<li><a href=\"https:\/\/www.geh8.de\/en\/category\/workshop\/\" rel=\"category tag\">Workshop<\/a><\/li><\/ul><h3><span class=\"sub1\"><span class=\"sub2\"><span class=\"sub3\"><a href=\"https:\/\/www.geh8.de\/en\/freidrehen-mit-our-space-neuer-herbstferienkurs\/\">Free spinning with OUR SPACE &#8211; new autumn holiday course<\/a><\/span><\/span><\/span><\/h3><p>Free spinning with OUR SPACE! Autumn holiday course from 26-30 October in the GEH8 Because [&hellip;]<\/p>\n<\/div><\/div><div class=\"grid-item archive hyphenate querformat post-7656 post type-post status-publish format-standard has-post-thumbnail hentry category-lesung\"><a href=\"https:\/\/www.geh8.de\/en\/mod-helmy-gespraech-mit-igel-avidan\/\"><img decoding=\"async\" src=\"https:\/\/www.geh8.de\/page\/wp-content\/uploads\/2020\/09\/28146_4c-e1599778378393-288x216.jpg\" class=\"attachment-tile-landscape-low size-tile-landscape-low wp-post-image\" alt=\"\" srcset=\"https:\/\/www.geh8.de\/page\/wp-content\/uploads\/2020\/09\/28146_4c-e1599778378393-288x216.jpg 288w, https:\/\/www.geh8.de\/page\/wp-content\/uploads\/2020\/09\/28146_4c-e1599778378393-448x336.jpg 448w, https:\/\/www.geh8.de\/page\/wp-content\/uploads\/2020\/09\/28146_4c-e1599778378393-368x276.jpg 368w, https:\/\/www.geh8.de\/page\/wp-content\/uploads\/2020\/09\/28146_4c-e1599778378393-90x67.jpg 90w\" sizes=\"(max-width: 288px) 100vw, 288px\" \/><\/a><div class=\"grid-entry haase-archive\" data-content=\"In his book &quot;Mod Helmy&quot; (dtv, 2017), the Israeli author and journalist Igal Avidan traces the\r\nEgyptian doctor Mohamed Helmy, who helped a Jewish family hide from the Gestapo in Nazi Germany.\r\nhelped a Jewish family hide from the Gestapo. Although he himself was persecuted by the\r\nAlthough he himself was persecuted by the Nazis on account of his origins and was imprisoned in the interim, he managed to a Jewish woman, passed off as a Muslim, to safety. He is the first Arab to be recognized as one of the &quot;Righteous Among the Nations&quot; honored at Yad Vashem.\r\n\r\nThe author Igal Avidan tells the story of the &quot;Arab Schindler&quot; and reports on the background of the research. In the discussion that follows, you will have the opportunity to ask your questions. Igal Avidan, born in Tel Aviv in 1962, studied English literature and computer science in Israel and then political science in Berlin. Since 1990, the Middle East expert has worked as a freelance reporter from Berlin for Israeli and German newspapers and radio stations.\r\n\r\nRegistration and further information is available at wehnerwerk.de, via Mail to info@wehnerwerk.de or by phone: 0351\/8040220.\r\n\r\nYou can see it live on the YouTube-Channel of the Wehnerwerk.\"><ul class=\"post-categories\">\n\t<li><a href=\"https:\/\/www.geh8.de\/en\/category\/lesung\/\" rel=\"category tag\">Reading \/ Talk<\/a><\/li><\/ul><h3><span class=\"sub1\"><span class=\"sub2\"><span class=\"sub3\"><a href=\"https:\/\/www.geh8.de\/en\/mod-helmy-gespraech-mit-igel-avidan\/\">&#8220;MOD HELMY&#8221; &#8211; Talk with Igel Avidan<\/a><\/span><\/span><\/span><\/h3><p>In his book &#8220;Mod Helmy&#8221; (dtv, 2017), the Israeli author and journalist Igal Avidan traces [&hellip;]<\/p>\n<\/div><\/div><div class=\"grid-item archive hyphenate querformat post-7660 post type-post status-publish format-standard has-post-thumbnail hentry category-ausstellung\"><a href=\"https:\/\/www.geh8.de\/en\/ya-wen-fu-metamorphose\/\"><img decoding=\"async\" src=\"https:\/\/www.geh8.de\/page\/wp-content\/uploads\/2020\/08\/geh8-template_facebook-01-1-288x216.png\" class=\"attachment-tile-landscape-low size-tile-landscape-low wp-post-image\" alt=\"\" srcset=\"https:\/\/www.geh8.de\/page\/wp-content\/uploads\/2020\/08\/geh8-template_facebook-01-1-288x216.png 288w, https:\/\/www.geh8.de\/page\/wp-content\/uploads\/2020\/08\/geh8-template_facebook-01-1-448x336.png 448w, https:\/\/www.geh8.de\/page\/wp-content\/uploads\/2020\/08\/geh8-template_facebook-01-1-368x276.png 368w, https:\/\/www.geh8.de\/page\/wp-content\/uploads\/2020\/08\/geh8-template_facebook-01-1-90x67.png 90w\" sizes=\"(max-width: 288px) 100vw, 288px\" \/><\/a><div class=\"grid-entry haase-archive\" data-content=\"Ya-Wen Fu &quot;Metamorphose&quot;\r\n\r\nInteractive installation performance\r\nMetal, wood, leather, acrylic glass, motor and sensor\r\n2019-2021\r\n\r\nYa-Wen Fu designs unsentimentally aseptic media spaces in which straps become vectors and screens and other artifacts of media art stand around like the objects in Yves Tanguy&#039;s landscapes: meaninglessly significant fetishes of media art. Ya-Wen Fu will wear one of her wonderful Beckett Bondage constructions and, beset by this new spinning apparatus, her usual posture will be changed first and then ours.&nbsp;A performance between Ya-Wen Fu and Charles Washington in collaboration with Daniel Romero and Bert Palm.&nbsp;An event of the CYNETART 2020 in cooperation with the Kunstraum GEH8.\r\n\r\nSupported by: chin chin pottery and Perk\u016bnas Studio.\r\n\r\nThe public presentation is supported by the Cultural Foundation of the Free State of Saxony and the Ministry of Culture Taiwan.\r\n\r\nYa-Wen Fu was born in Taiwan in 1980 and now lives and works in Taiwan, Berlin and Leipzig, where she received her master&#039;s degree in media art at the Academy of Visual Arts in Taiwan. The focus of Ya-Wen Fu&#039; work is the relationship between body and space. The artist deals with this relationship not only by depicting individuals in their environment, but also by locating it within a differentiated concept and critically analyzing the individual in space. She thematizes the space in which we feel and act, the space in which the perceiving ego exists, and investigates the question of where the boundaries between the individual and the environment lie.\r\n\r\nhttp:\/\/www.bearfuinberlin.com\/ &nbsp; &nbsp;&nbsp;http:\/\/cynetart.org\r\n\r\nDATE: 10.10.20\r\nLOCATION: GEH8 Kunstraum\r\nSTART: 20 Uhr\r\n\r\n&nbsp;\r\n\r\n[ngg src=&quot;galleries&quot; ids=&quot;146&quot; display=&quot;basic_thumbnail&quot; thumbnail_crop=&quot;0&quot;]\r\n\r\nWithin the framework of the CYNETART Festival 2018, the Saxon State Ministry of Science and Art (SMWK) in cooperation with the Office for Culture and Monument Protection of the State Capital Dresden) has awarded the Artist-in Residence Scholarship to Ya-Wen Fu for the realization of her artistic work &quot;Ein verwandelter Wurf&quot;. After an artist-in-residence at the TMA Hellerau in 2019, the final work will now be presented for the first time at the Kunstraum GEH8 and subsequently at the POCHEN Biennale Chemnitz as well as at the Municipal Art Museum Taipei.\"><ul class=\"post-categories\">\n\t<li><a href=\"https:\/\/www.geh8.de\/en\/category\/ausstellung\/\" rel=\"category tag\">Exhibition<\/a><\/li><\/ul><h3><span class=\"sub1\"><span class=\"sub2\"><span class=\"sub3\"><a href=\"https:\/\/www.geh8.de\/en\/ya-wen-fu-metamorphose\/\">Ya-Wen Fu &#8220;Metamorphose&#8221;<\/a><\/span><\/span><\/span><\/h3><p>Ya-Wen Fu &#8220;Metamorphose&#8221; Interactive installation performance Metal, wood, leather, acrylic glass, motor and sensor 2019-2021 [&hellip;]<\/p>\n<\/div><\/div><div class=\"grid-item archive hyphenate querformat post-7772 post type-post status-publish format-standard has-post-thumbnail hentry category-veranstaltungen\"><a href=\"https:\/\/www.geh8.de\/en\/umundu-trash-mit-hirn-ii-ideocracy\/\"><img decoding=\"async\" src=\"https:\/\/www.geh8.de\/page\/wp-content\/uploads\/2020\/10\/Untitled-1-01-288x216.jpg\" class=\"attachment-tile-landscape-low size-tile-landscape-low wp-post-image\" alt=\"umundu-ideocracy-geh8-phase4\" srcset=\"https:\/\/www.geh8.de\/page\/wp-content\/uploads\/2020\/10\/Untitled-1-01-288x216.jpg 288w, https:\/\/www.geh8.de\/page\/wp-content\/uploads\/2020\/10\/Untitled-1-01-448x336.jpg 448w, https:\/\/www.geh8.de\/page\/wp-content\/uploads\/2020\/10\/Untitled-1-01-368x276.jpg 368w, https:\/\/www.geh8.de\/page\/wp-content\/uploads\/2020\/10\/Untitled-1-01-90x67.jpg 90w\" sizes=\"(max-width: 288px) 100vw, 288px\" \/><\/a><div class=\"grid-entry haase-archive\" data-content=\"Film presentation with UMUNDU-Festival!\r\n\r\nWe have teamed up with Filmgalerie Phase IV and continue the series &quot;Trash with Brains&quot; this year with &quot;Ideocracy&quot;. Thematically linked to the UMUNDU festival week on the topic of trash, we want to tackle the aspect of &quot;intellectual veiling&quot; and then discuss the provocative statements.\r\n\r\nJoe Bowers is a man of down-to-earth intellect. Perhaps that is why he agrees to be frozen for an experiment. He is forgotten to be thawed out again - we all know something like that - and by chance he wakes up in the year 2505. For generations, the intelligence factor has been sifted out of the human gene pool, which means Joe finds himself in a state full of morons. Suddenly he is the fox of the nation and has to save it from its final decline. &quot;Idiocracy&quot; is a science fiction dystopia that somersaults between biting social satire and hollowly celebrating dumbass comedy. It outrages with daring parodies of an inverted social Darwinism as well as with thigh-knockers from the grab bag.\r\n\r\nIdiocracy&quot; bawlingly names the rituals of the idiots and underlines the phenomenon of littering in its aesthetics. Trash on all levels. Together we will confront the film and discuss its critical messages out of the clamor. Alexander Stark from Phase IV e. V. will be on hand with an introductory lecture and a discussion with the audience. Venue of the whole thing is the event hall of GEH8.\r\n\r\nWhen: 12.10.2020\r\nStart: 8 pm\r\nWhere: GEH8 art room\r\nFree admission, but donations are allowed!\r\n&nbsp;\r\n\r\n[ngg src=&quot;galleries&quot; ids=&quot;147&quot; display=&quot;basic_thumbnail&quot; thumbnail_crop=&quot;0&quot;]\"><ul class=\"post-categories\">\n\t<li><a href=\"https:\/\/www.geh8.de\/en\/category\/veranstaltungen\/\" rel=\"category tag\">Event<\/a><\/li><\/ul><h3><span class=\"sub1\"><span class=\"sub2\"><span class=\"sub3\"><a href=\"https:\/\/www.geh8.de\/en\/umundu-trash-mit-hirn-ii-ideocracy\/\">UMUNDU &#8211; Trash with Brain II: &#8220;Ideocracy&#8221;<\/a><\/span><\/span><\/span><\/h3><p>Film presentation with UMUNDU-Festival! We have teamed up with Filmgalerie Phase IV and continue the [&hellip;]<\/p>\n<\/div><\/div><div class=\"grid-item archive hyphenate querformat post-7711 post type-post status-publish format-standard has-post-thumbnail hentry category-konzert\"><a href=\"https:\/\/www.geh8.de\/en\/socell-neue-musik-fuer-sopran-und-violoncello\/\"><img decoding=\"async\" src=\"https:\/\/www.geh8.de\/page\/wp-content\/uploads\/2020\/09\/DuoCelloGuck_Foto-imke-behr-TITELBILD-288x216.jpg\" class=\"attachment-tile-landscape-low size-tile-landscape-low wp-post-image\" alt=\"\" srcset=\"https:\/\/www.geh8.de\/page\/wp-content\/uploads\/2020\/09\/DuoCelloGuck_Foto-imke-behr-TITELBILD-288x216.jpg 288w, https:\/\/www.geh8.de\/page\/wp-content\/uploads\/2020\/09\/DuoCelloGuck_Foto-imke-behr-TITELBILD-448x336.jpg 448w, https:\/\/www.geh8.de\/page\/wp-content\/uploads\/2020\/09\/DuoCelloGuck_Foto-imke-behr-TITELBILD-368x276.jpg 368w, https:\/\/www.geh8.de\/page\/wp-content\/uploads\/2020\/09\/DuoCelloGuck_Foto-imke-behr-TITELBILD-90x67.jpg 90w\" sizes=\"(max-width: 288px) 100vw, 288px\" \/><\/a><div class=\"grid-entry haase-archive\" data-content=\"A concert project of the S\u00e4chsischer Musikbund e.V. in cooperation with musik21 e.V.\r\n(D\u00fcsseldorf)\r\n\r\nThe soprano Irene Kurka and the cellist Burkart Zeller got to know each other during projects with the new music ensemble E-MEX. Their first program was called &quot;Love, Mysticism and Religion.&quot; The works they perform are usually written especially for this distinctive instrumentation, as the existing repertoire is small. In the art space GEH8 they present new works and world premieres, ranging from sacred chants to experimental sound pieces.\r\n\r\nThe combination of soprano and violoncello seems at first unusual and also\r\ntonally unfavorable. The partners seem to be too different already in terms of pitch.\r\npitch. Modern cello technology, however, allows the instrument to be played in the soprano register (and even higher).\r\neven higher), so that there is no longer any noticeable difference in register.\r\nIn this way, a wide spectrum of combination possibilities arises between\r\nextreme contrast and almost perfect synchronization. Just as the cello can &quot;sing,&quot; the\r\nvoice is able to approach the instrumental sound through the techniques of the avant-garde.\r\nThe result is a fascinating exchange between two very different, but in every respect equal partners.\r\nequal partners.\r\n\r\nThe program includes works by Matthias Drude (UA), Albert Breier (UA), Brigitta\r\nMuntendorf, Erik Janson, Miro Dobrowolny, Johannes Sandberger and Hubert Hoche.\r\nThere will also be solo works as intermezzi, by Tobias Schick (cello)\r\nand Nikolaus Brass (soprano). At certain points, Gregorian chants will be heard.\r\nIn this way, diverse bridges are created between vocality and instrumentality, between\r\nand avant-garde, between sacred and secular, between virtuosity and simplicity.\r\nsimplicity.\r\n\r\nIrene Kurka and Burkart Zeller already have rich experience as duo partners. Both\r\nartists are characterized by an extraordinarily strong stage presence, which greatly\r\nof this line-up.\r\nThree concerts in Saxony are planned: in Leipzig, L\u00f6bau and Dresden. In addition still\r\ntwo concerts in D\u00fcsseldorf and M\u00f6nchengladbach. The dates are in\r\nThe performance venues will be mainly church halls, which offer the best acoustical\r\nprovide the best acoustic possibilities for the program.\r\n\r\nDuo SOCELL21 (Irene Kurka and Burkart Zeller)\r\nWorks by Albert Breier, Matthias Drude, Christian FP Kram, Stefan Lienenk\u00e4mper, Brigitta Muntendorf, Tobias Eduard Schick, and Thomas St\u00f6\u00df.\r\n\r\nWhen: Wednesday, 14.10.2020, 7:30 p.m.\r\n\r\nWhere: GEH8 Art Space\r\n\r\nAdmission: 6\u20ac \/ 5\u20ac reduced\r\n\r\nMore information here:\r\n\r\nhttp:\/\/www.saechsischer-musikbund.de\/\"><ul class=\"post-categories\">\n\t<li><a href=\"https:\/\/www.geh8.de\/en\/category\/konzert\/\" rel=\"category tag\">Concert<\/a><\/li><\/ul><h3><span class=\"sub1\"><span class=\"sub2\"><span class=\"sub3\"><a href=\"https:\/\/www.geh8.de\/en\/socell-neue-musik-fuer-sopran-und-violoncello\/\">SoCell &#8211; New Music for Sopran and Violoncello<\/a><\/span><\/span><\/span><\/h3><p>A concert project of the S\u00e4chsischer Musikbund e.V. in cooperation with musik21 e.V. (D\u00fcsseldorf) The [&hellip;]<\/p>\n<\/div><\/div><div class=\"grid-item archive hyphenate querformat post-7785 post type-post status-publish format-standard has-post-thumbnail hentry category-veranstaltungen\"><a href=\"https:\/\/www.geh8.de\/en\/brot_lose_kunst-iii-solo-duo-kollektiv-formen-kuenstlerischer-kollaborationen\/\"><img decoding=\"async\" src=\"https:\/\/www.geh8.de\/page\/wp-content\/uploads\/2020\/10\/fea86d05-72b0-483b-b801-f523a8ba45cb-288x216.jpg\" class=\"attachment-tile-landscape-low size-tile-landscape-low wp-post-image\" alt=\"\" srcset=\"https:\/\/www.geh8.de\/page\/wp-content\/uploads\/2020\/10\/fea86d05-72b0-483b-b801-f523a8ba45cb-288x216.jpg 288w, https:\/\/www.geh8.de\/page\/wp-content\/uploads\/2020\/10\/fea86d05-72b0-483b-b801-f523a8ba45cb-448x336.jpg 448w, https:\/\/www.geh8.de\/page\/wp-content\/uploads\/2020\/10\/fea86d05-72b0-483b-b801-f523a8ba45cb-368x276.jpg 368w, https:\/\/www.geh8.de\/page\/wp-content\/uploads\/2020\/10\/fea86d05-72b0-483b-b801-f523a8ba45cb-90x67.jpg 90w\" sizes=\"(max-width: 288px) 100vw, 288px\" \/><\/a><div class=\"grid-entry haase-archive\" data-content=\"Conversation over bread and dips with Paul Elsner (visual artist), Cindy Hammer (choreographer) &amp; Prof. Olaf Katzer (musician) on group work and self-organization.\r\n\r\nWe bring the bread. You make your own dips! And to make sure you don&#039;t get bored while chopping, we&#039;ll put three experts from the independent scene at your side for a chat - for questions about working in open or fixed artist groups: Why being a solo artist is often less fun. How an artists&#039; group copes with the corners, quirks and edges of its members and masters crises. What a functioning artist collective needs in order to make art together as equals and to make a living.\r\n\r\nArtists from the fields of visual arts, performing arts and music, who work successfully in different group constellations, talk about their experiences and give you tips:\r\n\r\nPaul Elsner studied architecture in Dresden and Liverpool, worked as a city planner for the city of Dresden and as a research assistant at the architecture faculty of the TU Dresden. Since 2003 he has turned to the visual arts: founding Lumopol - platform for (light) artistic interventions in urban space. This was followed in 2007 by the founding of GEH8 Kunstraum und Ateliers - studio community and project space for contemporary art. Since then numerous exhibitions and projects at home and abroad as visual artist, curator and organizer. Scholarship holder of the Cultural Foundation of the Free State of Saxony in the Baumwollspinnerei Leipzig in 2010. In 2011 he was a scholarship holder of the Free State of Saxony in Columbus\/Ohio and in 2012 guest at the Goethe Institute Rotterdam as part of the artist exchange between Dresden and Rotterdam. Paul Elsner is the director of the GEH8 KUNST RAUM ATELIERS in Dresden-Pieschen.\r\n\r\nCindy Hammer began studying dance at the Palucca University of Dance in Dresden in 2000, graduating in 2010 with a diploma. In 2009 she received the Arnhold-Esther-Seligmann Scholarship, which took her to the American Dance Festival in Durham, North Carolina. In 2010, she co-founded the artist collective Go Plastic with musician Siggy Blooms, which spawned stage performances, club appearances, and short films. In 2012, she developed the Go Plastic collective into the dance theater group Go Plastic Dance Theatre. She also works in cooperation with HELLERAU - European Center for the Arts Dresden, LOFFT Leipzig, projekttheater Dresden, TENZA-Schmiede, Palucca University of Dance Dresden. She is a member of TanzNetzDresden. Cindy has performed as a dancer and with her own pieces in cities such as New York City, Montreal, Paris, Amsterdam, Skopje, Berlin, Stuttgart, Bielefeld, Leipzig and Dresden.\r\n\r\nProf. Olaf Katzer studied music and psychology in Munich, Weimar and Dresden. In 2007, while still a student, he founded the ensemble AUDITIVVOKAL DRESDEN, which he has since directed artistically and made known beyond the borders of Germany. Over 60 premieres, guest performances at numerous festivals and radio recordings document his commitment to contemporary vocal music. In a transdisciplinary exchange with singers, instrumentalists, dancers, composers, painters, directors and scientists, he develops contemporary ensemble art for the 21st century in sustained and unconventional programming.\r\n\r\nBrot_Lose_Kunst is a cooperative event with the Service Agency FREIE SZENE, the Dresden University of Fine Arts and the Dresden University of Music as well as the Filmverband Sachsen e.V..\r\nWith the kind support of the Hole of Fame Dresden.\r\nAdmission is free and includes a snack (drinks not included). Due to Covid19-related protective measures, only 15 seats are available.\r\n\r\nTimely and binding registration is requested.\r\n\r\nWhen: Oct. 13, 2020, 7 p.m.-2 p.m.\r\n\r\nWhere: GEH8 Art Space\r\n\r\n[ngg src=&quot;galleries&quot; ids=&quot;148&quot; display=&quot;basic_thumbnail&quot; thumbnail_crop=&quot;0&quot;]&nbsp;\"><ul class=\"post-categories\">\n\t<li><a href=\"https:\/\/www.geh8.de\/en\/category\/veranstaltungen\/\" rel=\"category tag\">Event<\/a><\/li><\/ul><h3><span class=\"sub1\"><span class=\"sub2\"><span class=\"sub3\"><a href=\"https:\/\/www.geh8.de\/en\/brot_lose_kunst-iii-solo-duo-kollektiv-formen-kuenstlerischer-kollaborationen\/\">Brot_lose_Kunst III: Solo, Duo, Kollektive? Forms of artistic collaborations<\/a><\/span><\/span><\/span><\/h3><p>Conversation over bread and dips with Paul Elsner (visual artist), Cindy Hammer (choreographer) &#038; Prof. [&hellip;]<\/p>\n<\/div><\/div><div class=\"grid-item archive hyphenate querformat post-7714 post type-post status-publish format-standard has-post-thumbnail hentry category-festival category-veranstaltungen\"><a href=\"https:\/\/www.geh8.de\/en\/2-verstaerker-kunst-film-festival-2\/\"><img decoding=\"async\" src=\"https:\/\/www.geh8.de\/page\/wp-content\/uploads\/2020\/10\/Verstaerker-Kunst-Film-Festival2-288x216.jpg\" class=\"attachment-tile-landscape-low size-tile-landscape-low wp-post-image\" alt=\"\" srcset=\"https:\/\/www.geh8.de\/page\/wp-content\/uploads\/2020\/10\/Verstaerker-Kunst-Film-Festival2-288x216.jpg 288w, https:\/\/www.geh8.de\/page\/wp-content\/uploads\/2020\/10\/Verstaerker-Kunst-Film-Festival2-448x336.jpg 448w, https:\/\/www.geh8.de\/page\/wp-content\/uploads\/2020\/10\/Verstaerker-Kunst-Film-Festival2-368x276.jpg 368w, https:\/\/www.geh8.de\/page\/wp-content\/uploads\/2020\/10\/Verstaerker-Kunst-Film-Festival2-90x67.jpg 90w\" sizes=\"(max-width: 288px) 100vw, 288px\" \/><\/a><div class=\"grid-entry haase-archive\" data-content=\"Under the title &quot;Verst\u00e4rker&quot; the GEH8 presents projects and exhibitions of students of the\r\nHfBK Dresden and other art colleges of the new federal states. Besides its own exhibitions and projects, the GEH8 repeatedly opens its space to young artists and artists and thus provides better artistic production and presentation conditions in Dresden. With &quot;Verst\u00e4rker&quot;, a format of its own has now been created for the first time, which supports and honors up-and-coming artistic positions and rewards them.\r\n\r\nAs part of the Verst\u00e4rker program to support up-and-coming artists, GEH8 is organizing the 2nd Art Film Festival, presenting the Verst\u00e4rker Award designed by Dresden artist Heinz Schm\u00f6ller. On Friday, October 16, the festival will present short film contributions by students from selected art colleges in the new German states. Here the audience decides: Come to the screening and vote for your favorite! The winners will be awarded during a gala show with live music and after party on Saturday, October 17.\r\n\r\nFriday, 16. Oktober 2020\r\nOpening + Screening\r\nEntrance 18 Uhr | Start 19 Uhr\r\n\r\nSaturday, 17. Oktober 2020\r\nAwarding\r\nShow with Livemusic + After Party\r\nEntrance 18 Uhr | Start 19 Uhr\r\n\r\nThe audience has decided! Here you can find the shortlist &amp; award winners of the 2nd Amplifier Art Film Festival:\r\n1. Placce (Verst\u00e4rker-Award + 300 Euro)\r\nKONRAD LEUE with &quot;Drau\u00dfen vor der T\u00fcr&quot;\r\n2. Place (200 Euro)\r\nINKA HILSENBEK with &quot;B\u00fcckeberg bei Hameln&quot;\r\n3. Place (100 Euro)\r\nCHARLOTTE JACOBY with &quot;Spinne der Film&quot;\r\nSpecial Mention:&nbsp;\r\nMIRKO MUHSHOFF with &quot;Das Bauhaus in Wiblingswerde&quot; and NINA HOPF with &quot;eademcutis - Diesselbe Haut&quot;\r\n\r\nWe would like to thank all applicants, guests and the team once again. It was a wonderful film festival! We are now looking forward to next year ...\r\n\r\n&nbsp;\r\nParticipants:\r\n&nbsp;\r\nBauhaus-Universit\u00e4t \/ Weimar:\r\n\r\n\r\n\r\n\r\nMALLAK HAWARY with Old Kingdom\r\nThe protagonist of the short animated film &#039;&#039;Old Kingdom&#039;&#039; goes through a journey of self-discovery and realizes that her current life situation does not define who she is. The animated film is inspired by the ancient Egyptian mythology &#039;&#039;Osiris and Isis&#039;&#039;.\r\n\r\n\r\n\r\n\r\nNINA HOPF with EADEMCUTIS - DIESSELBE HAUT\r\n&quot;I just want to be seen as who I am now!&quot; - In this experimental documentary, John, the filmmaker&#039;s twin brother, speaks and shares his thoughts on identity, body and gender. In the process, he gives the viewer a very intimate look into his life - and an immediate closeness to his body.\r\n\r\n\r\n\r\n\r\nALICIA KREMSER with EXPOSURE\r\n\r\nExposure represents the diversity of female bodies, the beauty of each individual and the unifying feelings of women who feel oppressed, superficially treated or blanketed. A poetic representation of the female body in its attraction and vulnerability. Different voices formulate personal statements about vulnerability and desire. Aspects of temptation and desire as well as fear of abuse are addressed. The work creates an openness that offers space to project one&#039;s own experiences. Exposure gives women a voice to externalize a sensitive message about female sexuality and body perception in a universal statement.\r\n\r\n\r\n\r\nMIRKO MUHSHOFF with BAUHAUS IN WIBLINGWERDE\r\n\r\nOn the centenary of the Bauhaus, everyone is talking about Weimar, Dessau and Berlin. But hardly anyone knows about the fourth station of the Gestalterschule: Wiblingwerde in North Rhine-Westphalia. Bauhaus enthusiast Thomas &quot;Tommy&quot; Neureuther takes us on a tour of his hometown, presents the highlights of modernism and explains the significance of the occa-colored parallelogram.\r\n\r\n\r\n\r\nSCARLETT NIMZ with WENN DIE ANGST DIE ARME VOR DEINEM VERSTAND VERSCHL\u00c4GT\r\n\r\nOverrun by the fear of blushing, Rosa forms a social phobia that distorts her entire perception. More and more situations, places and people are stored in her emotional system as potentially precarious, causing her personal freedom to shrink ever further.\r\n\r\n\r\n\r\nPAUL POLZE with TIMELESS ORIGIN\r\n\r\nThis film consists of abstract and intuitively designed objects that react to the frequencies of different sound tracks. In addition, this film used the design possibilities that are not based on real existing objects. An experimental sound collage formed the basis of a visual interpretation.\r\n\r\n\r\n\r\nCL\u00c0UDIA VILLAGRASSA with DIFFERENCES OF OPINION\r\n\r\nA married couple argues about their personal vision of the world. Will they agree on a common view?\r\n\r\n\r\n\r\n&nbsp;\r\nBurg Giebichtenstein \/ Halle (Saale):\r\n\r\n\r\n\r\n\r\nREALITER with Z\r\n\r\nTwo anonymous bodies in an empty, endless, red room. They approach each other and help each other become visible until the encounter finally leads to a confrontation. It confronts them with the decision whether to continue their journey together or to withdraw from the familiar.\r\n\r\n\r\n\r\n&nbsp;\r\nHfBK \/ Dresden:\r\n\r\n\r\n\r\n\r\nELISE BEUTNER with THE NAME OF ALL THINGS\r\n\r\n&quot;The Name of All Things&quot; is a montage of different bodies of water and landscapes that the artist filmed over years in Ireland. Water appears omnipresent on the island. Various voices can be heard speaking Irish first names. The pronunciation of the names differs according to dialects. The history of the Irish language is changeable and closely linked to the political independence of Ireland - if Irish was a social stigma under English rule, it later became an important instrument on the way to a national identity. A forbidden language became a compulsory subject in school. Although almost no one speaks Irish in everyday life, Irish first names are more popular than ever among Generation Y, forging a bond between Celtic Tiger and the legendary figures of Irish mythology.\r\n\r\n\r\n\r\nHANNAH DOEPKE with FARMYARD\r\n\r\ndescribes a special encounter with people who open up in an intimate and sincere way. One is invited to follow them on a curious journey and be seized by an infectious calm. It is experimentation that explores how sound stimulates the imagination of the individual. No matter what relation one may have to it, no one can escape its effect on body, mind and soul.\r\n\r\n\r\n\r\nJOHANNA FAILER with TARIFA\r\n\r\nIn &quot;Tarifa&quot; we follow the walk of a group with dog, exploring the secret magic of the peninsula &quot;Isla de las Palomas&quot;, the southernmost point on the European mainland. Seagulls, the scent of flowers, the lighthouse, the sunset - nothing is missing for perfect happiness. Those who are allowed to taste the beauty of the place and those others who have no papers and no rights know nothing about each other.\r\n\r\n\r\n\r\nHANNA GRIEPENTROG with CARTOGRAPHY OF RESONANCE\r\n\r\nSome places speak to us, they evoke images in us and whisper stories to us. We call such places places of resonance.\u2074\u2079 This is a map of resonance.\r\n\r\n\r\n\r\nKARLA KREY with UNSER SONNENSYSTEM\r\n\r\nOur solar system with its eight planets is only a tiny part of the universe. In search of both origin and future, mankind has been looking to the stars since ancient times. In recent years, telescopes on satellites in space have delivered impressive images of the planetary stars. So we are possibly already closer to the realization.\r\n\r\n\r\n\r\nKONRAD LEUE with UNIVERSUM \u2013 DRAUSSEN VOR DER T\u00dcR\r\n\r\nHeavy Metal. Night. Hearse. A church and a lonely man. Vampirism. Death. The ride on the spine. Through the glass. Into the coffin. Down the street. Faster. Even faster. She loves to play with death. Her smile makes hearts stop. Her blood melts brains. The awakening. Was it a dream? Four minutes of pure dynamite.\r\n\r\n\r\n\r\nNORA MESAROS with GARDEN\r\n\r\n&quot;Garden&quot; is a multi-layered narrative that combines several types of home and childhood memories. Nora Mesaros has picked out individual image excerpts from her former children&#039;s books to recombine them with photographs of the interiors and surroundings of her childhood home. By bringing together the photo and the children&#039;s book, the space and time of the action is undefined. The protagonist is sent on a lonely journey into a world that is visually alienated. The animation plays in a loop.\r\n\r\n\r\n\r\nHGB \/ Leipzig:\r\n\r\n\r\n\r\n\r\nPAULA \u00c1BALOS with DIARIOS DE TRABAJOS (WORK DIARIES)\r\n\r\nWork Diaries consists of a compilation of video diaries that \u00c1balos has created during the last years in which she documents her work time in different jobs she has performed parallel to her artistic work to cover her costs of living.\r\nThese diaries are a way of recovering the lost time in which the author rents her body to companies, trying to reappropriate those hours.\r\n\r\n\r\n\r\nJULIE HART with KREISL\u00c4UFE\r\n\r\nThe film &quot;Circuits&quot; links broadband expansion and water as two infrastructural ways in which Thallwitz is connected to the world.\r\nways in which Thallwitz is connected to the world. Fiber optic expansion as a new, innovative and\r\nforward-looking connection. Water as a centuries-old one.\r\nIn addition to the subject matter addressed, &quot;Kreisl\u00e4ufe&quot; reflects various constructs of temporality; on the one hand.\r\ncyclical ( \u221e ) always repeating, on the other hand the linear tracing of a route ( A - B ).\r\n\r\n\r\n\r\nINKA HILSENBEK with B\u00dcCKEBERG BEI HAMELN (HYMNE R\u00dcCKW\u00c4RTS)\r\n\r\nIn this performative work, past and present merge into an irritating, tenacious and almost comical symbiosis in a place pregnant with symbolism: the old Pied Piper legend is projected onto current political actors and their twisted melodies. And it seems fateful that just at the place of the macabre legend also the memory of one of the biggest ideological mass manipulations in German history is rotting: the Reichserntedankfest.\r\n\r\n\r\n\r\nSUSANNE KONTNY with DER LEIERMANN\r\n\r\nSince 2017, I have been accompanying Pegida (&quot;Patriotic Europeans against the Islamization of the Occident&quot;) in\r\nDresden. The Islamophobic, xenophobic, ethnic, racist, and in some cases radical right-wing movement\r\nmovement continues to draw about 2,000 people to the streets every Monday. Without encountering\r\nresistance. The reproduction of a sworn community.\r\n\r\n\r\n\r\n&nbsp;\r\nKunsthochschule Wei\u00dfensee \/ Berlin:\r\n&nbsp;\r\n\r\n\r\n\r\n\r\nCHARLOTTE JACOBY with SPINNE DER FILM\r\n\r\nA spider reflects on the origins of her panic attacks.\r\n\r\n\r\n\r\nBELEN RESNIKOWSKI with BECOMING\r\n\r\nThe film is an exploration of feminist histories and futures. It explores his knowledge and struggle; the identity in constant evolution and movement, to be water, to be air, to be animal, to be woman.\r\n\r\n\r\n\r\nUniversit\u00e4t Greifswald:\r\n\r\n\r\n\r\n\r\nANNE GERDA B\u00d6GELSACK with IN ECSTASY\r\n\r\nThe short Artfilm was developed in the context of the seminar &quot;Verwandlungsk\u00fcnstler&quot; and shows a progression of colors. The first half of the video is dominated by rather darker hues, which, however, become increasingly brighter and later even neon-colored. Various rhythms, hard cuts and variations in image details are meant to captivate the viewer and represent a form of transformation. Regarding the latter, the theme of ecstasy and intoxication served as a source of inspiration ...\r\n\r\n\r\n\r\nCAROLIN J\u00dcR\u1e9e, FRIEDERIKE REINHARDT, ALINA SANDER with #PR\u00c4SENZ\r\n\r\nAs part of the seminar &quot;Incognito - between cyberbullying and the great love from the Internet&quot;, the three students developed a video production that deals with the topic of cyberbullying. The film was originally presented on a monitor in the course of an exhibition. A motionless female person standing with her back against a wall is shown. Chats projected onto the body irritate. Initial familiarity turns into numbness. Hate and abusive comments hurt. Helplessness turns into resistance. Supported by the furious excitement of an instrumental Jimi Hendrix song.\r\n\r\n\r\n\r\nALINA SANDER, FRIEDERIKE REINHARDT with [\u02c8knak\u0146]\r\n\r\n\u02c8knakn\u0329\r\n\u02c8kna-n\u0329\r\n\u02c8--akn\u0329\r\n\u02c8k---n\u0329\r\n\u02c8---k-\r\n-----\r\n\r\n\r\n\r\nSome pictures of the last year:\r\n[ngg src=&quot;galleries&quot; ids=&quot;106&quot; display=&quot;basic_thumbnail&quot; override_thumbnail_settings=&quot;0&quot; images_per_page=&quot;0&quot; number_of_columns=&quot;0&quot;]&nbsp;Pictures: \u00a9 pidelta.de\r\n\r\nSupported by:\r\n\r\n\"><ul class=\"post-categories\">\n\t<li><a href=\"https:\/\/www.geh8.de\/en\/category\/festival\/\" rel=\"category tag\">Festival<\/a><\/li>\n\t<li><a href=\"https:\/\/www.geh8.de\/en\/category\/veranstaltungen\/\" rel=\"category tag\">Event<\/a><\/li><\/ul><h3><span class=\"sub1\"><span class=\"sub2\"><span class=\"sub3\"><a href=\"https:\/\/www.geh8.de\/en\/2-verstaerker-kunst-film-festival-2\/\">2nd Verst\u00e4rker Art-Film-Festival<\/a><\/span><\/span><\/span><\/h3><p>Under the title &#8220;Verst\u00e4rker&#8221; the GEH8 presents projects and exhibitions of students of the HfBK [&hellip;]<\/p>\n<\/div><\/div><div class=\"grid-item archive hyphenate querformat post-7504 post type-post status-publish format-standard has-post-thumbnail hentry category-ausstellung\"><a href=\"https:\/\/www.geh8.de\/en\/sehnsucht-jetzt\/\"><img decoding=\"async\" src=\"https:\/\/www.geh8.de\/page\/wp-content\/uploads\/2020\/08\/DSC6568b-Kopie-3-288x216.jpg\" class=\"attachment-tile-landscape-low size-tile-landscape-low wp-post-image\" alt=\"\" srcset=\"https:\/\/www.geh8.de\/page\/wp-content\/uploads\/2020\/08\/DSC6568b-Kopie-3-288x216.jpg 288w, https:\/\/www.geh8.de\/page\/wp-content\/uploads\/2020\/08\/DSC6568b-Kopie-3-448x336.jpg 448w, https:\/\/www.geh8.de\/page\/wp-content\/uploads\/2020\/08\/DSC6568b-Kopie-3-368x276.jpg 368w, https:\/\/www.geh8.de\/page\/wp-content\/uploads\/2020\/08\/DSC6568b-Kopie-3-90x67.jpg 90w\" sizes=\"(max-width: 288px) 100vw, 288px\" \/><\/a><div class=\"grid-entry haase-archive\" data-content=\"We take the NOW, as well as the desire for it, as a sequence of moments that we divide into past, present and future. But what is present, the moment, the NOW? When does it begin and when does it end? Can we even grasp it, or has it not already faded away as soon as we become conscious of it?&nbsp;\r\n\r\nPeople have invented several strategies to live the moment, and only the moment, in a self-forgetful way. The (positive) moment should be enjoyed, the fading out of past and future should lead to the greatest happiness. In the end it is always about the desire for satisfaction in the NOW - and in the future.&nbsp;We crave for fulfilment in the NOW, but always hope for a better future; whether here or in the hereafter - depending on our world view, so that we do not come to rest. A contradiction of human life that probably cannot be solved.&nbsp;\r\n\r\nWhen we think about the future, we move between the hope for an improvement of the state of this world and our life circumstances as well as the fear of catastrophes and personal failure. Nevertheless, we wish to be able to actively participate in shaping it in order to create it in harmony with our needs.&nbsp;But it is not only the thought of the future that keeps us from remaining in the now; the past also keeps us from staying in the now. We reflect on it in order to learn from it for today and tomorrow. Often we are angry about our inadequacy. However, Instead of getting angry the view could be a more relaxed one.&nbsp;Calmness is not one of the outstanding human strengths, not even in dealing with what was and what will be.\r\n\r\n[ngg src=&quot;galleries&quot; ids=&quot;144&quot; display=&quot;basic_thumbnail&quot; thumbnail_crop=&quot;0&quot;]&nbsp;\r\n\r\nOpening: 11.09.2020\r\nDuration: 12.09 - 04.10.2020\r\nOpening hours: Sat &amp; Sun. Sat 14 - 21 o&#039;clock\r\nWhere: GEH8 Art Space\r\n\r\n&nbsp;\r\n\r\n&nbsp;\r\n\r\n\"><ul class=\"post-categories\">\n\t<li><a href=\"https:\/\/www.geh8.de\/en\/category\/ausstellung\/\" rel=\"category tag\">Exhibition<\/a><\/li><\/ul><h3><span class=\"sub1\"><span class=\"sub2\"><span class=\"sub3\"><a href=\"https:\/\/www.geh8.de\/en\/sehnsucht-jetzt\/\">Die Sehnsucht nach dem Jetzt<\/a><\/span><\/span><\/span><\/h3><p>We take the NOW, as well as the desire for it, as a sequence of [&hellip;]<\/p>\n<\/div><\/div><div class=\"grid-item archive hyphenate querformat post-7636 post type-post status-publish format-standard has-post-thumbnail hentry category-konzert category-allgemein\"><a href=\"https:\/\/www.geh8.de\/en\/guenter-baby-sommer-trifft-the-saxonz-2\/\"><img decoding=\"async\" src=\"https:\/\/www.geh8.de\/page\/wp-content\/uploads\/2020\/09\/kunst.raum_.konzerte_fb_820x312_011020-288x216.png\" class=\"attachment-tile-landscape-low size-tile-landscape-low wp-post-image\" alt=\"\" srcset=\"https:\/\/www.geh8.de\/page\/wp-content\/uploads\/2020\/09\/kunst.raum_.konzerte_fb_820x312_011020-288x216.png 288w, https:\/\/www.geh8.de\/page\/wp-content\/uploads\/2020\/09\/kunst.raum_.konzerte_fb_820x312_011020-368x276.png 368w, https:\/\/www.geh8.de\/page\/wp-content\/uploads\/2020\/09\/kunst.raum_.konzerte_fb_820x312_011020-90x67.png 90w\" sizes=\"(max-width: 288px) 100vw, 288px\" \/><\/a><div class=\"grid-entry haase-archive\" data-content=\"The Kunst.Raum.Konzerte offer a platform for the fusion of sound-, image- and space-based arts. Thereby music is always joined by another art form. Each band develops - besides playing their own pieces - a composition in real-time together with the audience.\r\n\r\nG\u00dcNTER &quot;BABY&quot; SOMMER\r\n\r\nis one of the most important representatives of contemporary European jazz, who has developed an unmistakable musical language.&nbsp;\r\n\r\nSommer was born in Dresden in 1943 and studied at the Hochschule f\u00fcr Musik &#039;Carl Maria von Weber&#039;. His musical contributions to the most important jazz groups of the GDR, such as the Ernst-Ludwig-Petrowksy-Trio, the Zentralquartett and the Ulrich Gumpert Workshopband, enabled Sommer to enter the international scene. Thus Sommer not only worked in trio with Wadada Leo Smith and Peter Kowald, but also met such important players as Peter Br\u00f6tzmann, Fred van Hove, Alexander von Schlippenbach, Evan Parker and Cecil Taylor. Sommer&#039;s solo playing sensitized him to colloborations with writers like G\u00fcnter Grass.&nbsp;\r\n\r\nSommer&#039;s discography includes over 100 published audio recordings. As a professor at the Dresden University of Music, he influences the professional communication of contemporary jazz to future generations.\r\n\r\nTHE SAXONZ\r\n\r\nbelong as multiple German champions to the national elite in breakdance. On stage, the ensemble of the best B-Boys and B-Girls Saxony&#039;s presents fascinating shows with spectacular tricks and breathtaking acrobatics at the highest level. Besides travelling to competitions in Germany and abroad, THE SAXONZ dedicates itself intensively to the promotion of young talents and organizes own events in Saxony. Some members of the group also regularly take part in dance and theater productions, e.g. at the &quot;Festspielhaus HELLERAU&quot; or the &quot;Staatsschauspiel Dresden&quot; and work on their own film and theater projects. For their artistic work THE SAXONZ were honored with the Art Prize of the Hanna Johannes Arras Foundation in 2016. In September 2016 the production &quot;SYMPHONIX&quot; in cooperation with the Elbland Philharmonic Orchestra Saxony, the State Theatres of Saxony and the choreographer Raphael Hillebrand also celebrated its premiere. The video clip &quot;Life is a Dance&quot; by award-winning filmmaker Sebastian Linda also offers an insight into the group&#039;s repertoire.\r\n\r\n&nbsp;\r\n\r\nWhen: 02.09.2020\r\n\r\nWhere: GEH8 Kunstraum\r\n\r\nEntrance fee: VVK 8\u20ac \/ reduced 5 \u20ac + VVK fees\r\n\r\nStart: 20 h\r\n\r\nget your ticket here: Konzertkasse Dresden &amp; Cybersax\r\n\r\n&nbsp;\r\n\r\n\r\n\r\nLife is a Dance from Sebastian Linda on Vimeo.\"><ul class=\"post-categories\">\n\t<li><a href=\"https:\/\/www.geh8.de\/en\/category\/konzert\/\" rel=\"category tag\">Concert<\/a><\/li>\n\t<li><a href=\"https:\/\/www.geh8.de\/en\/category\/allgemein\/\" rel=\"category tag\">General<\/a><\/li><\/ul><h3><span class=\"sub1\"><span class=\"sub2\"><span class=\"sub3\"><a href=\"https:\/\/www.geh8.de\/en\/guenter-baby-sommer-trifft-the-saxonz-2\/\">G\u00fcnter \u201eBaby\u201c Sommer meets The Saxonz<\/a><\/span><\/span><\/span><\/h3><p>The Kunst.Raum.Konzerte offer a platform for the fusion of sound-, image- and space-based arts. Thereby [&hellip;]<\/p>\n<\/div><\/div><div class=\"grid-item archive hyphenate querformat post-7543 post type-post status-publish format-standard has-post-thumbnail hentry category-konzert tag-dresden\"><a href=\"https:\/\/www.geh8.de\/en\/matthias-lorenz\/\"><img decoding=\"async\" src=\"https:\/\/www.geh8.de\/page\/wp-content\/uploads\/2020\/08\/pic-116-288x216.jpg\" class=\"attachment-tile-landscape-low size-tile-landscape-low wp-post-image\" alt=\"\" srcset=\"https:\/\/www.geh8.de\/page\/wp-content\/uploads\/2020\/08\/pic-116-288x216.jpg 288w, https:\/\/www.geh8.de\/page\/wp-content\/uploads\/2020\/08\/pic-116-448x336.jpg 448w, https:\/\/www.geh8.de\/page\/wp-content\/uploads\/2020\/08\/pic-116-368x276.jpg 368w, https:\/\/www.geh8.de\/page\/wp-content\/uploads\/2020\/08\/pic-116-90x67.jpg 90w\" sizes=\"(max-width: 288px) 100vw, 288px\" \/><\/a><div class=\"grid-entry haase-archive\" data-content=\"The concert on September 14 marks the start of Matthias Lorenz&#039;s new concert series \u201cfremdbestimmt\u201d, for which he has given six composers a thematic brief to compile a program for solo cello.\r\n\r\nThis was the approach for Nikolaus Brass and the program on \u201cPolitics\/Society\u201d:\r\n\r\n&quot;It is probably possible to gain a sensitivity for circumstances that influence a person&#039;s work and creations. Whether the person in question \u201creally\u201d wanted to express something of the circumstances and their influence with their work, e.g. their artistic creation, is almost of secondary importance in this type of consideration. Because they have entered the work anyway, knowingly or unknowingly.&quot;\r\n\r\nThe program includes pieces by Gy\u00f6rgy Ligeti, Younghi Pagh-Paan, Uros Rojko, Nikolaus A. Huber, Friedrich Goldmann and Bernd-Alois Zimmermann. As usual, the cellist will comment on the pieces and their contexts during the concert.\r\n\r\nWhen: 14.09.2020\r\n\r\nStart: 8 pm\r\n\r\nWhere: GEH8 art space\r\n\r\nAdmission: \u20ac10 \/ reduced \u20ac6\r\n\r\n&nbsp;\r\n\r\nMatthias Lorenz tells more about the concert series in the following video:\r\n\r\n[embed]https:\/\/www.youtube.com\/watch?v=-44iu4Yk66Q[\/embed]\r\nPhoto: pidelta.de\r\n&nbsp;\"><ul class=\"post-categories\">\n\t<li><a href=\"https:\/\/www.geh8.de\/en\/category\/konzert\/\" rel=\"category tag\">Concert<\/a><\/li><\/ul><h3><span class=\"sub1\"><span class=\"sub2\"><span class=\"sub3\"><a href=\"https:\/\/www.geh8.de\/en\/matthias-lorenz\/\">Matthias Lorenz \/\/ Fremdbestimmt 1: Politik\/Gesellschaft<\/a><\/span><\/span><\/span><\/h3><p>The concert on September 14 marks the start of Matthias Lorenz&#8217;s new concert series \u201cfremdbestimmt\u201d, [&hellip;]<\/p>\n<\/div><\/div><div class=\"grid-item archive hyphenate querformat post-7383 post type-post status-publish format-standard has-post-thumbnail hentry category-workshop\"><a href=\"https:\/\/www.geh8.de\/en\/ourspace-sommerkurse\/\"><img decoding=\"async\" src=\"https:\/\/www.geh8.de\/page\/wp-content\/uploads\/2020\/07\/20_07_11_MS_GEH8_OUR_SPACE_062-1-288x216.jpg\" class=\"attachment-tile-landscape-low size-tile-landscape-low wp-post-image\" alt=\"\" srcset=\"https:\/\/www.geh8.de\/page\/wp-content\/uploads\/2020\/07\/20_07_11_MS_GEH8_OUR_SPACE_062-1-288x216.jpg 288w, https:\/\/www.geh8.de\/page\/wp-content\/uploads\/2020\/07\/20_07_11_MS_GEH8_OUR_SPACE_062-1-448x336.jpg 448w, https:\/\/www.geh8.de\/page\/wp-content\/uploads\/2020\/07\/20_07_11_MS_GEH8_OUR_SPACE_062-1-368x276.jpg 368w, https:\/\/www.geh8.de\/page\/wp-content\/uploads\/2020\/07\/20_07_11_MS_GEH8_OUR_SPACE_062-1-90x67.jpg 90w\" sizes=\"(max-width: 288px) 100vw, 288px\" \/><\/a><div class=\"grid-entry haase-archive\" data-content=\"Our summer vacation courses from August 17 to 21 in the GEH8 KUNSTRAUM\r\n\r\nThe summer can come! You are between 13 and 18 years old and come from Pieschen or the Hechtviertel? Then spend your vacations with OUR SPACE! We have two courses on offer for you in the second to last week of the vacations:\r\n\r\n&quot;STOP-MOTION - (Er)finde Deine Stadt&quot; (Find your city)\r\nwith Christian R\u00e4tsch\r\nWhat kind of city do we want to live in? Let&#039;s freestyle and build, film and photograph our dream city.\r\n\r\n&quot;URBAN ART - Art for Pieschen&quot;\r\nwith Andr\u00e9 Tempel\r\nMore than just graffiti! How can the city be changed with simple means?\r\n\r\nmore information and registration ourspace.geh8.de\r\n\r\nThe participation is for free . However, we only have a limited number of spaces.\r\n\r\nIf you want to be part of it, just send an email with: Password OUR SPACE, the summer course of your choice (URBAN ART or STOP-MOTION), your name and age.\r\n\r\nDEADLINE FOR REGISTRATION for the summer courses is August 9, 2020.\r\n\r\nWe are looking forward to meeting you!\r\n\r\n&nbsp;\r\n\r\n\"><ul class=\"post-categories\">\n\t<li><a href=\"https:\/\/www.geh8.de\/en\/category\/workshop\/\" rel=\"category tag\">Workshop<\/a><\/li><\/ul><h3><span class=\"sub1\"><span class=\"sub2\"><span class=\"sub3\"><a href=\"https:\/\/www.geh8.de\/en\/ourspace-sommerkurse\/\">OURSPACE Summercourse<\/a><\/span><\/span><\/span><\/h3><p>Our summer vacation courses from August 17 to 21 in the GEH8 KUNSTRAUM The summer [&hellip;]<\/p>\n<\/div><\/div><div class=\"grid-item archive hyphenate querformat post-7400 post type-post status-publish format-standard has-post-thumbnail hentry category-ausstellung\"><a href=\"https:\/\/www.geh8.de\/en\/desirable-times\/\"><img decoding=\"async\" src=\"https:\/\/www.geh8.de\/page\/wp-content\/uploads\/2020\/07\/geh8-1-300ppi-rgb-288x216.jpg\" class=\"attachment-tile-landscape-low size-tile-landscape-low wp-post-image\" alt=\"\" srcset=\"https:\/\/www.geh8.de\/page\/wp-content\/uploads\/2020\/07\/geh8-1-300ppi-rgb-288x216.jpg 288w, https:\/\/www.geh8.de\/page\/wp-content\/uploads\/2020\/07\/geh8-1-300ppi-rgb-100x75.jpg 100w, https:\/\/www.geh8.de\/page\/wp-content\/uploads\/2020\/07\/geh8-1-300ppi-rgb-1024x768.jpg 1024w, https:\/\/www.geh8.de\/page\/wp-content\/uploads\/2020\/07\/geh8-1-300ppi-rgb-80x60.jpg 80w, https:\/\/www.geh8.de\/page\/wp-content\/uploads\/2020\/07\/geh8-1-300ppi-rgb-768x576.jpg 768w, https:\/\/www.geh8.de\/page\/wp-content\/uploads\/2020\/07\/geh8-1-300ppi-rgb-1536x1152.jpg 1536w, https:\/\/www.geh8.de\/page\/wp-content\/uploads\/2020\/07\/geh8-1-300ppi-rgb-2048x1536.jpg 2048w, https:\/\/www.geh8.de\/page\/wp-content\/uploads\/2020\/07\/geh8-1-300ppi-rgb-448x336.jpg 448w, https:\/\/www.geh8.de\/page\/wp-content\/uploads\/2020\/07\/geh8-1-300ppi-rgb-368x276.jpg 368w, https:\/\/www.geh8.de\/page\/wp-content\/uploads\/2020\/07\/geh8-1-300ppi-rgb-90x67.jpg 90w\" sizes=\"(max-width: 288px) 100vw, 288px\" \/><\/a><div class=\"grid-entry haase-archive\" data-content=\"an exhibition by students of the Hochschule f\u00fcr Bildende K\u00fcnste Dresden\r\n\r\nContemporary perception of aesthetics, combination of spaces and times. Technology, fashion, environment. We all float in the endless space of possibilities. The viewer is presented with an attempt to perceive the indefinable aesthetics of the present day. We create desirable times. Desirable times are here and now.\r\n\r\nOpening: Saturday, 15.08.2020 7 pm with performance\r\nDuration: 15.08 - 30.08.2020\r\nOpening hours:&nbsp;Sat &amp; Sun 4 pm - 8 pm\r\nentrance: free\"><ul class=\"post-categories\">\n\t<li><a href=\"https:\/\/www.geh8.de\/en\/category\/ausstellung\/\" rel=\"category tag\">Exhibition<\/a><\/li><\/ul><h3><span class=\"sub1\"><span class=\"sub2\"><span class=\"sub3\"><a href=\"https:\/\/www.geh8.de\/en\/desirable-times\/\">DESIRABLE TIMES<\/a><\/span><\/span><\/span><\/h3><p>an exhibition by students of the Hochschule f\u00fcr Bildende K\u00fcnste Dresden Contemporary perception of aesthetics, [&hellip;]<\/p>\n<\/div><\/div><div class=\"grid-item archive hyphenate querformat post-7496 post type-post status-publish format-standard has-post-thumbnail hentry category-konzert category-allgemein\"><a href=\"https:\/\/www.geh8.de\/en\/josephin-bunde-malt-zu-kid-be-kid\/\"><img decoding=\"async\" src=\"https:\/\/www.geh8.de\/page\/wp-content\/uploads\/2020\/08\/kunst.raum_.konzerte_fb_820x312_020920-288x216.png\" class=\"attachment-tile-landscape-low size-tile-landscape-low wp-post-image\" alt=\"\" srcset=\"https:\/\/www.geh8.de\/page\/wp-content\/uploads\/2020\/08\/kunst.raum_.konzerte_fb_820x312_020920-288x216.png 288w, https:\/\/www.geh8.de\/page\/wp-content\/uploads\/2020\/08\/kunst.raum_.konzerte_fb_820x312_020920-368x276.png 368w, https:\/\/www.geh8.de\/page\/wp-content\/uploads\/2020\/08\/kunst.raum_.konzerte_fb_820x312_020920-90x67.png 90w\" sizes=\"(max-width: 288px) 100vw, 288px\" \/><\/a><div class=\"grid-entry haase-archive\" data-content=\"The Kunst.Raum.Konzerte offer a platform for the fusion of sound-, image- and space-based arts. Thereby music is always joined by another art form. Each band develops - besides playing their own pieces - a composition in real-time together with the audience.\r\n\r\nKid Be Kid\r\n\r\nRight with her debut &quot;Sold Out&quot; KID BE KID beamed straight to the big festivals and gave the audience breathtaking concerts. Whether at the Elbjazz in Hamburg, the legendary Fusion Festival or at the important Monument National as part of the Festival International de Jazz de Montr\u00e9al, one of the most prominent stages in the world - KID BE KID fascinates the audience with unconditional devotion and incredible skill.\r\n\r\nAt KID BE KID is just everything special. Before her, it was hard to imagine an artist who could play four instruments at the same time without a loop station, grooving and moving the crowd and on top her voice into several tones. She embodies coolness and vulnerability, structure and freedom, hip hop and jazz in equal measure and brings everything to life in the room.\r\n\r\nKID BE KID&#039;s new release &quot;Lovely Genders&quot; will be released in spring 2020 at Springstoff.&nbsp;\r\n\r\n&nbsp;\r\n\r\nJosephin Bunde\r\n\r\nBringing the unconscious into the light, was already present in his work when he was studying at the Hochschule f\u00fcr Bildende K\u00fcnste in Dresden. In the context of the Kunst.Raum.Konzerte she spontaneously puts colour to music on paper. It is intuitive gestures in abstract, coloured forms which she sets fluently to the music.\r\n\r\n&nbsp;\r\n\r\nWhen: 02.09.2020\r\n\r\nWhere: GEH8 Kunstraum\r\n\r\nEntrance fee: VVK 8\u20ac \/ reduced 5 \u20ac + VVK fees\r\n\r\nStart: 20 h\"><ul class=\"post-categories\">\n\t<li><a href=\"https:\/\/www.geh8.de\/en\/category\/konzert\/\" rel=\"category tag\">Concert<\/a><\/li>\n\t<li><a href=\"https:\/\/www.geh8.de\/en\/category\/allgemein\/\" rel=\"category tag\">General<\/a><\/li><\/ul><h3><span class=\"sub1\"><span class=\"sub2\"><span class=\"sub3\"><a href=\"https:\/\/www.geh8.de\/en\/josephin-bunde-malt-zu-kid-be-kid\/\">Kunst.Raum.Konzerte present: Josephin Bunde paints to Kid Be Kid<\/a><\/span><\/span><\/span><\/h3><p>The Kunst.Raum.Konzerte offer a platform for the fusion of sound-, image- and space-based arts. Thereby [&hellip;]<\/p>\n<\/div><\/div><div class=\"grid-item archive hyphenate querformat post-7500 post type-post status-publish format-standard has-post-thumbnail hentry category-lesung\"><a href=\"https:\/\/www.geh8.de\/en\/corona-denkzettel\/\"><img decoding=\"async\" src=\"https:\/\/www.geh8.de\/page\/wp-content\/uploads\/2020\/08\/Front-HD-copy-288x216.jpg\" class=\"attachment-tile-landscape-low size-tile-landscape-low wp-post-image\" alt=\"\" srcset=\"https:\/\/www.geh8.de\/page\/wp-content\/uploads\/2020\/08\/Front-HD-copy-288x216.jpg 288w, https:\/\/www.geh8.de\/page\/wp-content\/uploads\/2020\/08\/Front-HD-copy-448x336.jpg 448w, https:\/\/www.geh8.de\/page\/wp-content\/uploads\/2020\/08\/Front-HD-copy-368x276.jpg 368w, https:\/\/www.geh8.de\/page\/wp-content\/uploads\/2020\/08\/Front-HD-copy-90x67.jpg 90w\" sizes=\"(max-width: 288px) 100vw, 288px\" \/><\/a><div class=\"grid-entry haase-archive\" data-content=\"Reading by Ulrike &amp; Nilsson Samuelsson, Max Loeb on the guitar&nbsp;&nbsp;\r\n\r\nThe year 2020 was overshadowed for many people by the outbreak and spread of the corona virus. However, on the periphery there was also light and hope for a clean environment, and more justice. Between 13 March and 1 May 2020, Ulrike and Nilsson Samuelsson wrote their thoughts and conversations on pieces of paper. From their &quot;Corona notes&quot; a little book with drawings was created, which the two will read accompanied by guitarist Max Loeb.\r\n\r\n&nbsp;\r\n\r\n[ngg src=&quot;galleries&quot; ids=&quot;139&quot; display=&quot;basic_slideshow&quot;]\"><ul class=\"post-categories\">\n\t<li><a href=\"https:\/\/www.geh8.de\/en\/category\/lesung\/\" rel=\"category tag\">Reading \/ Talk<\/a><\/li><\/ul><h3><span class=\"sub1\"><span class=\"sub2\"><span class=\"sub3\"><a href=\"https:\/\/www.geh8.de\/en\/corona-denkzettel\/\">Corona-Denkzettel<\/a><\/span><\/span><\/span><\/h3><p>Reading by Ulrike &#038; Nilsson Samuelsson, Max Loeb on the guitar&nbsp;&nbsp; The year 2020 was [&hellip;]<\/p>\n<\/div><\/div><div class=\"grid-item archive hyphenate querformat post-7490 post type-post status-publish format-standard has-post-thumbnail hentry category-veranstaltungen\"><a href=\"https:\/\/www.geh8.de\/en\/elbe-dock\/\"><img decoding=\"async\" src=\"https:\/\/www.geh8.de\/page\/wp-content\/uploads\/2020\/08\/Titelbild-\u00a9-Mat\u011bj-Brnick\u00fd-288x216.jpg\" class=\"attachment-tile-landscape-low size-tile-landscape-low wp-post-image\" alt=\"\" srcset=\"https:\/\/www.geh8.de\/page\/wp-content\/uploads\/2020\/08\/Titelbild-\u00a9-Mat\u011bj-Brnick\u00fd-288x216.jpg 288w, https:\/\/www.geh8.de\/page\/wp-content\/uploads\/2020\/08\/Titelbild-\u00a9-Mat\u011bj-Brnick\u00fd-448x336.jpg 448w, https:\/\/www.geh8.de\/page\/wp-content\/uploads\/2020\/08\/Titelbild-\u00a9-Mat\u011bj-Brnick\u00fd-368x276.jpg 368w, https:\/\/www.geh8.de\/page\/wp-content\/uploads\/2020\/08\/Titelbild-\u00a9-Mat\u011bj-Brnick\u00fd-90x67.jpg 90w\" sizes=\"(max-width: 288px) 100vw, 288px\" \/><\/a><div class=\"grid-entry haase-archive\" data-content=\"3rd International Documentary Film Festival ELBE DOCK&nbsp;&nbsp;\r\n\r\nThe documentary film festival for debuts of Czech and European directors will come back to \u00dast\u00ed nad Labem and Dresden in autumn. During the festival, the Pavel Kouteck\u00fd Prize for beginning documentary filmmakers will be awarded for the 14th time. The programme of works by Czech and European filmmakers will be shown from 1 to 6 September in \u00dast\u00ed nad Labem and from 5 to 6 September in Dresden. In addition to numerous films in Czech and international competition, the guests can expect installations in a construction wagon, commented city tours, concerts and the opening of unconventional and previously inaccessible spaces. The theme of this year&#039;s festival is manipulation - in film, in advertising, in politics, with image, editing, context and with the audience itself.\r\n\r\nAfter the organizers had informed the visitors of the ch. After the organizers have transported the visitors of the ch. festival part to Dresden (i.e. manipulate them), the program there begins. It includes manipulative music, a festive evening in the style of the manipulative festival advertising campaign, but above all the presentation of the ch. series &quot;\u010cesk\u00e1 soda&quot;. The satirical cult series from the nineties is based, apart from its humour, to a large extent on manipulation through videos and information. At the end of the evening, visitors can take a walk through a Norwegian landscape as part of the Slow TV film format. On Sunday, the guests can look forward to an industry event MEET, GREET and SPEAK, a panel discussion with leading Czech and German experts on the subject of manipulation in the media.\r\n\r\nWhen: 05. &amp; 06.09.2020\r\nStart: from 9 am\r\nWhere: GEH8 Art Space\r\n\r\nSee the program\r\n\r\nThis was Elbe Dock 2020:\r\n\r\n[ngg src=&quot;galleries&quot; ids=&quot;143&quot; display=&quot;basic_thumbnail&quot; thumbnail_crop=&quot;0&quot;]\r\n\r\n&nbsp;\"><ul class=\"post-categories\">\n\t<li><a href=\"https:\/\/www.geh8.de\/en\/category\/veranstaltungen\/\" rel=\"category tag\">Event<\/a><\/li><\/ul><h3><span class=\"sub1\"><span class=\"sub2\"><span class=\"sub3\"><a href=\"https:\/\/www.geh8.de\/en\/elbe-dock\/\">3rd international Elbe Dock Festival<\/a><\/span><\/span><\/span><\/h3><p>3rd International Documentary Film Festival ELBE DOCK&nbsp;&nbsp; The documentary film festival for debuts of Czech [&hellip;]<\/p>\n<\/div><\/div><div class=\"grid-item archive hyphenate querformat post-9798 post type-post status-publish format-standard has-post-thumbnail hentry category-workshop\"><a href=\"https:\/\/www.geh8.de\/en\/so-waren-die-sommerkurse\/\"><img decoding=\"async\" src=\"https:\/\/www.geh8.de\/page\/wp-content\/uploads\/2022\/02\/OS_Ru\u0308ckblick-Sommerkurse-288x216.webp\" class=\"attachment-tile-landscape-low size-tile-landscape-low wp-post-image\" alt=\"\" srcset=\"https:\/\/www.geh8.de\/page\/wp-content\/uploads\/2022\/02\/OS_Ru\u0308ckblick-Sommerkurse-288x216.webp 288w, https:\/\/www.geh8.de\/page\/wp-content\/uploads\/2022\/02\/OS_Ru\u0308ckblick-Sommerkurse-448x336.webp 448w, https:\/\/www.geh8.de\/page\/wp-content\/uploads\/2022\/02\/OS_Ru\u0308ckblick-Sommerkurse-368x276.webp 368w, https:\/\/www.geh8.de\/page\/wp-content\/uploads\/2022\/02\/OS_Ru\u0308ckblick-Sommerkurse-90x67.webp 90w\" sizes=\"(max-width: 288px) 100vw, 288px\" \/><\/a><div class=\"grid-entry haase-archive\" data-content=\"In der vorletzten Sommerferienwoche wurde es kreativ im OUR SPACE Atelier: die Teilnehmer*innen unserer Ferienworkshops Urban Art und Stop Motion haben gespr\u00fcht und geklebt, skizziert und fixiert, geschnitten, gelegt, fotografiert und gefilmt\u2026\r\n\r\nErstes Kennenlernen am Montag: die Teilnehmer*innen beschnuppern sich, unsere Workshopleiter Andr\u00e9 und Christian laden zur ersten Erkundung rund um die GEH8 ein. Welche Plakatw\u00e4nde haben komische Botschaften, wo gibt es Stra\u00dfenschilder, die merkw\u00fcrdige Zeichen zeigen? Welche Dinge lassen sich finden, zu denen noch nicht erz\u00e4hlte Geschichten erfunden werden k\u00f6nnen. Unterwegs in Pieschen beginnt die Kreativit\u00e4t. In den n\u00e4chsten Tagen sammeln unsere Teilnehmer*innen im \u201eArchiv der Dinge\u201c ihre Fundst\u00fccke, geben ihnen Titel und verpassen ihnen eine passende Story. Jetzt ist der Blick gesch\u00e4rft und es kann endlich losgehen mit Ideen zu selbst gebauten Monstern in M\u00fclltonnen und vielem mehr. Schaut einfach selbst! So sah es aus, wenn wir unterwegs waren:\r\n\r\n\r\nVideo \u00a9 Christian R\u00e4tsch\r\nZum Abschluss der Workshopwoche luden die Teilnehmer*innen Freunde und Familie ein, um ihnen das zu einem bunten Arbeits- und Ausstellungsraum gewachsene Atelier zu zeigen. Nicht nur das \u201eArchiv der Dinge\u201c, auch viele andere Objekte, Bilder und Skizzen konnten bestaunt werden. Der H\u00f6hepunkt war aber eine kleine Filmvorf\u00fchrung, die Eindr\u00fccke aus der Woche, alle entstandenen Stop Motion Clips und die kleineren und gr\u00f6\u00dferen Kunstauktionen im Stadtteil zusammenfasst.\r\n\r\nWir hatten ein unheimliche tolle Woche und sind noch immer baff, wie viel unserer Teilnehmer*innen in der kurzen Zeit auf die Beine gestellt haben! Vielen Dank an alle kreativen K\u00f6pfe! Wir freuen uns schon auf die n\u00e4chste Runde: in den Herbstferien (26. \u2013 30. Oktober) bieten wir noch einmal Ferienkurse rund um Urban Art und Stop Motion in Pieschen an. Wie k\u00f6nnte so eine Workshopwoche aussehen? Schaut es Euch an:\r\n\r\n\r\n\r\n \t\r\n\r\n\r\n \t\r\n\r\n\r\n \t\r\n\r\n\r\n \t\r\n\r\n\r\n \t\r\n\r\n\r\n \t\r\n\r\n\r\n \t\r\n\r\n\r\n \t\r\n\r\n\r\n \t\r\n\r\n\r\n \t\r\n\r\n\r\n \t\r\n\r\n\r\n \t\r\n\r\n\r\n \t\r\n\r\n\r\n \t\r\n\r\n\r\n \t\r\n\r\n\r\n \t\r\n\r\n\r\n \t\r\n\r\n\r\n \t\r\n\r\n\r\n \t\r\n\r\n\r\n \t\r\n\r\n\r\n \t\r\n\r\n\r\n \t\r\n\r\n\r\n \t\r\n\r\n\r\n \t\r\n\r\n\r\n \t\r\n\r\n\r\n \t\r\n\r\n\r\n \t\r\n\r\n\r\n \t\r\n\r\n\r\n \t\r\n\r\n\r\n \t\r\n\r\n\r\n \t\r\n\r\n\r\n \t\r\n\r\n\r\n \t\r\n\r\n\r\n \t\r\n\r\n\r\n \t\r\n\r\n\r\n\r\n&nbsp;\r\n\r\n\r\n\r\n&nbsp;\r\n\r\nBilder \u00a9 Peter R. Fischer\"><ul class=\"post-categories\">\n\t<li><a href=\"https:\/\/www.geh8.de\/en\/category\/workshop\/\" rel=\"category tag\">Workshop<\/a><\/li><\/ul><h3><span class=\"sub1\"><span class=\"sub2\"><span class=\"sub3\"><a href=\"https:\/\/www.geh8.de\/en\/so-waren-die-sommerkurse\/\">So waren die Sommerkurse<\/a><\/span><\/span><\/span><\/h3><p>In der vorletzten Sommerferienwoche wurde es kreativ im OUR SPACE Atelier: die Teilnehmer*innen unserer Ferienworkshops [&hellip;]<\/p>\n<\/div><\/div><div class=\"grid-item archive hyphenate querformat post-7297 post type-post status-publish format-standard has-post-thumbnail hentry category-info\"><a href=\"https:\/\/www.geh8.de\/en\/wir-werden-gruener\/\"><img decoding=\"async\" src=\"https:\/\/www.geh8.de\/page\/wp-content\/uploads\/2020\/06\/DSC04827-288x216.jpg\" class=\"attachment-tile-landscape-low size-tile-landscape-low wp-post-image\" alt=\"\" srcset=\"https:\/\/www.geh8.de\/page\/wp-content\/uploads\/2020\/06\/DSC04827-288x216.jpg 288w, https:\/\/www.geh8.de\/page\/wp-content\/uploads\/2020\/06\/DSC04827-448x336.jpg 448w, https:\/\/www.geh8.de\/page\/wp-content\/uploads\/2020\/06\/DSC04827-368x276.jpg 368w, https:\/\/www.geh8.de\/page\/wp-content\/uploads\/2020\/06\/DSC04827-90x67.jpg 90w\" sizes=\"(max-width: 288px) 100vw, 288px\" \/><\/a><div class=\"grid-entry haase-archive\" data-content=\"A lot has happened in the past year. The area of the GEH8 Kunstraum has changed a lot and shines in new glory as you can see in these before\/after pictures:\r\n\r\n[ngg src=&quot;galleries&quot; ids=&quot;119&quot; display=&quot;basic_slideshow&quot;]The building was completely modernized. The roof was newly covered and greened, sanitary facilities were built, new wiring was installed and rooms were prepared for a future caf\u00e9.&nbsp;\r\n\r\nAlso on the outdoor area a lot has happened. What once had stood abandoned in the quarter with an industrial flair has turned into a green oasis: Together with the Stadtg\u00e4rten e. V. and participants of the &quot;Voluntary Ecological Year&quot; of the SUA - Environmental Academy, more than 200 plants have been planted and green spaces have been created in the past few weeks. Among other things, chokeberries, wine, various varieties of currants and the rediscovered apple sort &quot;Voluntary Ecological Year&quot; were planted. The fruit is medium-sized, yellow with red spots, sweet, juicy and finely aromatic.&nbsp;\r\n\r\nA herb spiral was also created on our outdoor area. Various old types of herbs and classics such as mint and lemon balm have found a place on the outdoor area of the old wagon hall.&nbsp;\r\n\r\n&nbsp;\r\n\r\n[ngg src=&quot;galleries&quot; ids=&quot;120&quot; exclusions=&quot;2044,2045,2046&quot; display=&quot;basic_slideshow&quot;]&nbsp;&nbsp;&nbsp;&nbsp;&nbsp;&nbsp;&nbsp;&nbsp;&nbsp;&nbsp;&nbsp;&nbsp;&nbsp;&nbsp;&nbsp;&nbsp;&nbsp;&nbsp;&nbsp;&nbsp;&nbsp;&nbsp;&nbsp;&nbsp;&nbsp;&nbsp;&nbsp;&nbsp;&nbsp;&nbsp;&nbsp;&nbsp;&nbsp;&nbsp;&nbsp;&nbsp;&nbsp;&nbsp; \r\n\r\n&nbsp;\"><ul class=\"post-categories\">\n\t<li><a href=\"https:\/\/www.geh8.de\/en\/category\/info\/\" rel=\"category tag\">Info<\/a><\/li><\/ul><h3><span class=\"sub1\"><span class=\"sub2\"><span class=\"sub3\"><a href=\"https:\/\/www.geh8.de\/en\/wir-werden-gruener\/\">We are becoming greener!<\/a><\/span><\/span><\/span><\/h3><p>A lot has happened in the past year. The area of the GEH8 Kunstraum has [&hellip;]<\/p>\n<\/div><\/div><div class=\"grid-item archive hyphenate querformat post-7291 post type-post status-publish format-standard has-post-thumbnail hentry category-konzert\"><a href=\"https:\/\/www.geh8.de\/en\/johannes-zink-eze-wendtoin\/\"><img decoding=\"async\" src=\"https:\/\/www.geh8.de\/page\/wp-content\/uploads\/2020\/06\/pic-121-288x216.jpg\" class=\"attachment-tile-landscape-low size-tile-landscape-low wp-post-image\" alt=\"\" srcset=\"https:\/\/www.geh8.de\/page\/wp-content\/uploads\/2020\/06\/pic-121-288x216.jpg 288w, https:\/\/www.geh8.de\/page\/wp-content\/uploads\/2020\/06\/pic-121-448x336.jpg 448w, https:\/\/www.geh8.de\/page\/wp-content\/uploads\/2020\/06\/pic-121-368x276.jpg 368w, https:\/\/www.geh8.de\/page\/wp-content\/uploads\/2020\/06\/pic-121-90x67.jpg 90w\" sizes=\"(max-width: 288px) 100vw, 288px\" \/><\/a><div class=\"grid-entry haase-archive\" data-content=\"Kunst.Raum.Konzerte offers a platform for the fusion of&nbsp;sound-, image- and space-based arts. The music is always accompanied by aanother art form. Each band develops - besides playing their own pieces -a composition in real time together with the audience.\r\n\r\nEz\u00e9 Wendtoin\r\nEz\u00e9 is a singer-songwriter and musician as well as actor, presenter and Storyteller who prefers to write, compose and sing in German, but also in&nbsp;French and in his mother tongue Moor\u00e9. He plays drums, guitar and\r\nother Burkinabe instruments, and is with his music locktet between&nbsp;Chanson, Afro-folk, Latino and West African rhythms. His lyrics are&nbsp;humorous, poetic and often sociocritical.\r\n\r\nJohannes Zink\r\n\r\nAfter attempting to study philosophy at the TU Dresden he founded in 2007 the international experimental label &quot;Discorporate Records&quot; and started working as a freelance lighting designer. Since then he has been touring the world&nbsp;with artists such as K\u00e4ptn Peng &amp; Die Tentakel from Delphi, Faber, Martin Kohlstedt, Kadavar, Wallis Bird, Philipp Poisel, Caspian or Christian Friedels Woods of Birnam. For the Theatre of Birnam he also works in a theatrical context as&nbsp;Lighting designer at the Staatsschauspiel Dresden.\r\n\r\n&nbsp;\r\n\r\n[ngg src=&quot;galleries&quot; ids=&quot;123&quot; display=&quot;basic_thumbnail&quot; thumbnail_crop=&quot;0&quot;]\"><ul class=\"post-categories\">\n\t<li><a href=\"https:\/\/www.geh8.de\/en\/category\/konzert\/\" rel=\"category tag\">Concert<\/a><\/li><\/ul><h3><span class=\"sub1\"><span class=\"sub2\"><span class=\"sub3\"><a href=\"https:\/\/www.geh8.de\/en\/johannes-zink-eze-wendtoin\/\">Kunst.Raum.Konzerte present: JOHANNES ZINK &#038; EZ\u00c9 WENDTOIN<\/a><\/span><\/span><\/span><\/h3><p>Kunst.Raum.Konzerte offers a platform for the fusion of&nbsp;sound-, image- and space-based arts. The music is [&hellip;]<\/p>\n<\/div><\/div><div class=\"grid-item archive hyphenate querformat post-7283 post type-post status-publish format-standard has-post-thumbnail hentry category-ausstellung\"><a href=\"https:\/\/www.geh8.de\/en\/lage-lage-lage-iii\/\"><img decoding=\"async\" src=\"https:\/\/www.geh8.de\/page\/wp-content\/uploads\/2020\/06\/20191211-288x216.jpg\" class=\"attachment-tile-landscape-low size-tile-landscape-low wp-post-image\" alt=\"\" srcset=\"https:\/\/www.geh8.de\/page\/wp-content\/uploads\/2020\/06\/20191211-288x216.jpg 288w, https:\/\/www.geh8.de\/page\/wp-content\/uploads\/2020\/06\/20191211-448x336.jpg 448w, https:\/\/www.geh8.de\/page\/wp-content\/uploads\/2020\/06\/20191211-368x276.jpg 368w, https:\/\/www.geh8.de\/page\/wp-content\/uploads\/2020\/06\/20191211-90x67.jpg 90w\" sizes=\"(max-width: 288px) 100vw, 288px\" \/><\/a><div class=\"grid-entry haase-archive\" data-content=\"As a scholarship holder of the Cultural Foundation of the Free State of Saxony, the artist Andr\u00e9 Tempel developed of Hall 14, Leipzig, the space-consuming exhibition &quot;LAGE LAGE II&quot;, which is now on display in the GEH8 as a guest. His temporary sculptures will be complemented by works on paper under the title &quot;MOLDED LOVE.&quot;\r\n\r\nThe opening will be streamed live and hosted by the artist Christian R\u00e4tsch, who is working with VASiSTAS-TV has already produced its own web show from Dresden. Together with both artists we present the current lecturers of our educational project OURSPACE.\r\n\r\nAs a studio band we welcome Paragraph1, whose young members\r\nare involved in OURSPACE.\r\ndigital opening wit Christian R\u00e4tsch from VASISTAS-TV\r\n\r\n\r\nDuration: 12.07. - 09.08.2020\r\nOpening hours: Thu &amp; Fri. 4 pm - 9 pm, Sat &amp; Sun. Sat 2 pm - 9 pm&nbsp;\r\nentrance free\r\n\r\nVASiSTAS will broadcast the opening live on Facebook from 6 pm to 6:30pm. There will be a short tour through the exhibition, an artist talk with Andr\u00e9 Tempel and musically the guys from Paragraph1 provide a successful conclusion.\r\n\r\n[ngg src=&quot;galleries&quot; ids=&quot;138&quot; display=&quot;basic_thumbnail&quot; thumbnail_crop=&quot;0&quot;]\"><ul class=\"post-categories\">\n\t<li><a href=\"https:\/\/www.geh8.de\/en\/category\/ausstellung\/\" rel=\"category tag\">Exhibition<\/a><\/li><\/ul><h3><span class=\"sub1\"><span class=\"sub2\"><span class=\"sub3\"><a href=\"https:\/\/www.geh8.de\/en\/lage-lage-lage-iii\/\">LAGE LAGE LAGE III<\/a><\/span><\/span><\/span><\/h3><p>As a scholarship holder of the Cultural Foundation of the Free State of Saxony, the [&hellip;]<\/p>\n<\/div><\/div><div class=\"grid-item archive hyphenate querformat post-7199 post type-post status-publish format-standard has-post-thumbnail hentry category-ausstellung\"><a href=\"https:\/\/www.geh8.de\/en\/textile-raumnahme-ornamentale-strukturumwandlung\/\"><img decoding=\"async\" src=\"https:\/\/www.geh8.de\/page\/wp-content\/uploads\/2020\/05\/Titelbild-1-288x216.jpg\" class=\"attachment-tile-landscape-low size-tile-landscape-low wp-post-image\" alt=\"\" srcset=\"https:\/\/www.geh8.de\/page\/wp-content\/uploads\/2020\/05\/Titelbild-1-288x216.jpg 288w, https:\/\/www.geh8.de\/page\/wp-content\/uploads\/2020\/05\/Titelbild-1-448x336.jpg 448w, https:\/\/www.geh8.de\/page\/wp-content\/uploads\/2020\/05\/Titelbild-1-368x276.jpg 368w, https:\/\/www.geh8.de\/page\/wp-content\/uploads\/2020\/05\/Titelbild-1-90x67.jpg 90w\" sizes=\"(max-width: 288px) 100vw, 288px\" \/><\/a><div class=\"grid-entry haase-archive\" data-content=\"\r\n\r\n\r\nThe two artists Freya Schweer (Halle) and Anne Reiter (Hamburg) use freely suspended, space-consuming textile pictures in the GEH8-Kunstraum. The industrial surroundings of the old wagon hall contrast with the colour intensity of their large-format works.\r\n&nbsp;\r\nReiter&#039;s screen-print works and Schweer&#039;s Jacquard weavings relate to a historical reflection and critically deal with marginalized art techniques in the textile field.\r\n&nbsp;\r\nThey refer to patterns of thought characterized by the idea of two opposing gender categories and work on visual alternatives to the established norm.\r\n\r\nThe digital vernissage with Anne Reiter and Freya Schweer:\r\n\r\n\r\n\r\n\r\n\r\n\r\n\r\nDuration: 05\/30 - 06\/28\/2020\r\n\r\n\r\nOpening hours: Th. &amp; Fr. 4 pm - 9 pm, Sa. &amp;&nbsp;So. Sa 2 pm - 9 pm\r\n\r\n\r\nEntrance free\r\n\r\n\r\n&nbsp;\r\nphotos of the exhibition:\r\n&nbsp;\r\n\r\n&nbsp;\r\n\r\n[ngg src=&quot;galleries&quot; ids=&quot;117&quot; exclusions=&quot;2032,2030&quot; display=&quot;basic_thumbnail&quot; thumbnail_crop=&quot;0&quot; order_by=&quot;imagedate&quot;]\r\n&nbsp;\r\n&nbsp;\r\nphotos by: pidelta.de\"><ul class=\"post-categories\">\n\t<li><a href=\"https:\/\/www.geh8.de\/en\/category\/ausstellung\/\" rel=\"category tag\">Exhibition<\/a><\/li><\/ul><h3><span class=\"sub1\"><span class=\"sub2\"><span class=\"sub3\"><a href=\"https:\/\/www.geh8.de\/en\/textile-raumnahme-ornamentale-strukturumwandlung\/\">Textile Raumnahme &#8211; ornamental structure transformation<\/a><\/span><\/span><\/span><\/h3><p>The two artists Freya Schweer (Halle) and Anne Reiter (Hamburg) use freely suspended, space-consuming textile [&hellip;]<\/p>\n<\/div><\/div><div class=\"grid-item archive hyphenate querformat post-7182 post type-post status-publish format-standard has-post-thumbnail hentry category-verein category-ateliers\"><a href=\"https:\/\/www.geh8.de\/en\/geh8-tv-interview2\/\"><img decoding=\"async\" src=\"https:\/\/www.geh8.de\/page\/wp-content\/uploads\/2020\/04\/Screenshot-2020-05-05-at-18.12.17-288x216.png\" class=\"attachment-tile-landscape-low size-tile-landscape-low wp-post-image\" alt=\"\" srcset=\"https:\/\/www.geh8.de\/page\/wp-content\/uploads\/2020\/04\/Screenshot-2020-05-05-at-18.12.17-288x216.png 288w, https:\/\/www.geh8.de\/page\/wp-content\/uploads\/2020\/04\/Screenshot-2020-05-05-at-18.12.17-448x336.png 448w, https:\/\/www.geh8.de\/page\/wp-content\/uploads\/2020\/04\/Screenshot-2020-05-05-at-18.12.17-368x276.png 368w\" sizes=\"(max-width: 288px) 100vw, 288px\" \/><\/a><div class=\"grid-entry haase-archive\" data-content=\"THOMAS JUDISCH\r\n\r\nSpecializing in three-dimensional design, Thomas, who lives in Dresden by choice, creates sculptures and sculptures and places them on the canvas of public space. In the interview he reveals to us that he wishes that man the creature of habit does not fall back into old patterns after the crisis, but learns something from the situation.\r\n\r\nSUPPORT YOUR LOCAL ARTIST! -&gt; www.thomasjudisch.com \"><ul class=\"post-categories\">\n\t<li><a href=\"https:\/\/www.geh8.de\/en\/category\/verein\/\" rel=\"category tag\">Association<\/a><\/li>\n\t<li><a href=\"https:\/\/www.geh8.de\/en\/category\/ateliers\/\" rel=\"category tag\">Studios<\/a><\/li><\/ul><h3><span class=\"sub1\"><span class=\"sub2\"><span class=\"sub3\"><a href=\"https:\/\/www.geh8.de\/en\/geh8-tv-interview2\/\">GEH8 TV &#8211; INTERVIEW#2<\/a><\/span><\/span><\/span><\/h3><p>THOMAS JUDISCH Specializing in three-dimensional design, Thomas, who lives in Dresden by choice, creates sculptures [&hellip;]<\/p>\n<\/div><\/div><div class=\"grid-item archive hyphenate querformat post-7167 post type-post status-publish format-standard has-post-thumbnail hentry category-verein category-ateliers\"><a href=\"https:\/\/www.geh8.de\/en\/geh8-tv-interview1\/\"><img decoding=\"async\" src=\"https:\/\/www.geh8.de\/page\/wp-content\/uploads\/2020\/04\/Screenshot-2020-04-27-at-18.50.54-288x216.png\" class=\"attachment-tile-landscape-low size-tile-landscape-low wp-post-image\" alt=\"\" srcset=\"https:\/\/www.geh8.de\/page\/wp-content\/uploads\/2020\/04\/Screenshot-2020-04-27-at-18.50.54-288x216.png 288w, https:\/\/www.geh8.de\/page\/wp-content\/uploads\/2020\/04\/Screenshot-2020-04-27-at-18.50.54-448x336.png 448w, https:\/\/www.geh8.de\/page\/wp-content\/uploads\/2020\/04\/Screenshot-2020-04-27-at-18.50.54-368x276.png 368w, https:\/\/www.geh8.de\/page\/wp-content\/uploads\/2020\/04\/Screenshot-2020-04-27-at-18.50.54-90x67.png 90w\" sizes=\"(max-width: 288px) 100vw, 288px\" \/><\/a><div class=\"grid-entry haase-archive\" data-content=\"SUSANNE ENGELHARDT\r\n\r\nSusanne is a ceramist and has been with us at the Atelierhaus for over ten years. We visited her in her studio and wanted to know how the current situation affects her and her work. In the interview she tells us how she came to ceramics and why she remains positive despite the crisis.\r\n\r\nSUPPORT YOUR LOCAL ARTIST! -&gt; www.susanne-engelhardt.com \"><ul class=\"post-categories\">\n\t<li><a href=\"https:\/\/www.geh8.de\/en\/category\/verein\/\" rel=\"category tag\">Association<\/a><\/li>\n\t<li><a href=\"https:\/\/www.geh8.de\/en\/category\/ateliers\/\" rel=\"category tag\">Studios<\/a><\/li><\/ul><h3><span class=\"sub1\"><span class=\"sub2\"><span class=\"sub3\"><a href=\"https:\/\/www.geh8.de\/en\/geh8-tv-interview1\/\">GEH8 TV &#8211; INTERVIEW#1<\/a><\/span><\/span><\/span><\/h3><p>SUSANNE ENGELHARDT Susanne is a ceramist and has been with us at the Atelierhaus for [&hellip;]<\/p>\n<\/div><\/div><div class=\"grid-item archive hyphenate querformat post-7094 post type-post status-publish format-standard has-post-thumbnail hentry category-workshop\"><a href=\"https:\/\/www.geh8.de\/en\/our-space-neues-freizeitangebot-fuer-jugendliche\/\"><img decoding=\"async\" src=\"https:\/\/www.geh8.de\/page\/wp-content\/uploads\/2020\/02\/1-288x216.jpg\" class=\"attachment-tile-landscape-low size-tile-landscape-low wp-post-image\" alt=\"\" srcset=\"https:\/\/www.geh8.de\/page\/wp-content\/uploads\/2020\/02\/1-288x216.jpg 288w, https:\/\/www.geh8.de\/page\/wp-content\/uploads\/2020\/02\/1-448x336.jpg 448w, https:\/\/www.geh8.de\/page\/wp-content\/uploads\/2020\/02\/1-368x276.jpg 368w, https:\/\/www.geh8.de\/page\/wp-content\/uploads\/2020\/02\/1-90x67.jpg 90w\" sizes=\"(max-width: 288px) 100vw, 288px\" \/><\/a><div class=\"grid-entry haase-archive\" data-content=\"Young artist community of the GEH8 conquers Pieschen\r\nTrial dates 26.2., 4.3., 11.3., 18.3. each at 4 pm at GEH8\r\nfurther information at ourspace.geh8.de\r\n\r\n\r\n\r\nYoung people between the ages of 13 and 18 from Pieschen and the surrounding area can try their hand as artists in the OUR SPACE project and discover and conquer spaces for themselves. They get their own studio room in the GEH8, which they furnish and use as they wish. And they will be accompanied by two experienced artists: With Andr\u00e9 Tempel they will go on a tour of discovery in the district as urban art guerrillas, undertake smaller or larger temporary interventions, leave traces and generate attention - and design the public space. Christian R\u00e4tsch, who also moderates and produces the TV show on the art blog Vasistas, will explore the district with them using smartphones, photos and video and create a media space in the form of a blog.\r\n\r\nThe participants form a community of artists in which they try out different roles, decide together which workshops they need, which experts and artists they would like to invite and where they would like to go on excursions... And for the finale they produce their own exhibition with the themes they want to set around art and urban development. Opening party of course included!\r\n\r\nStart: 22 April\r\nHow long? Until Christmas 2020\r\nHow often? One afternoon per week\r\n\r\nInformation and registration: ourspace@geh8.de or WhatsApp\/SMS to 015731645328 with password OUR SPACE, name and age\r\n\r\n&nbsp;\r\n\r\n\r\nThe project is supported by the European Social Fund ESF under the name \u201eSch\u00fcler ins Atelier\u201c.\r\n\r\n\r\n\r\n\r\n\"><ul class=\"post-categories\">\n\t<li><a href=\"https:\/\/www.geh8.de\/en\/category\/workshop\/\" rel=\"category tag\">Workshop<\/a><\/li><\/ul><h3><span class=\"sub1\"><span class=\"sub2\"><span class=\"sub3\"><a href=\"https:\/\/www.geh8.de\/en\/our-space-neues-freizeitangebot-fuer-jugendliche\/\">OUR SPACE<\/a><\/span><\/span><\/span><\/h3><p>Young artist community of the GEH8 conquers Pieschen Trial dates 26.2., 4.3., 11.3., 18.3. each [&hellip;]<\/p>\n<\/div><\/div><div class=\"grid-item archive hyphenate querformat post-9805 post type-post status-publish format-standard has-post-thumbnail hentry category-workshop\"><a href=\"https:\/\/www.geh8.de\/en\/andre-und-christian-unsere-kursleiter-kurz-vorgestellt\/\"><img decoding=\"async\" src=\"https:\/\/www.geh8.de\/page\/wp-content\/uploads\/2022\/02\/20_07_11_MS_GEH8_OUR_SPACE_020-scaled-1-288x216.webp\" class=\"attachment-tile-landscape-low size-tile-landscape-low wp-post-image\" alt=\"\" srcset=\"https:\/\/www.geh8.de\/page\/wp-content\/uploads\/2022\/02\/20_07_11_MS_GEH8_OUR_SPACE_020-scaled-1-288x216.webp 288w, https:\/\/www.geh8.de\/page\/wp-content\/uploads\/2022\/02\/20_07_11_MS_GEH8_OUR_SPACE_020-scaled-1-448x336.webp 448w, https:\/\/www.geh8.de\/page\/wp-content\/uploads\/2022\/02\/20_07_11_MS_GEH8_OUR_SPACE_020-scaled-1-368x276.webp 368w, https:\/\/www.geh8.de\/page\/wp-content\/uploads\/2022\/02\/20_07_11_MS_GEH8_OUR_SPACE_020-scaled-1-90x67.webp 90w\" sizes=\"(max-width: 288px) 100vw, 288px\" \/><\/a><div class=\"grid-entry haase-archive\" data-content=\"The most important thing about our courses and activities is, of course, you as participants, who bring ideas and creativity, spontaneity and courage to look at the environment from completely new angles. You will be supported by our patent and sympathetic course leaders Andr\u00e9 Tempel and Christian R\u00e4tsch.\r\n\r\nThe artist Andr\u00e9 Tempel first trained as a machine and plant fitter in his hometown of Schwedt\/O.. Then he studied at the University of Applied Arts Schneeberg and sculpture and spatial concepts at the University of Fine Arts Dresden. His best-known work is the sculpture AMALIA, which was sponsored by the Art Commission City of Dresden and the Office for Culture and Monument Protection of the state capital Dresden and stood for a year on a green space in Dresden&#039;s center. Exhibitions and projects outside Dresden have taken him to Halle 14\/Leipzig, the Geoff Stern Art Space in Berlin, the Sculpture Triennale in Bingen am Rhein, as well as to Hanoi\/Vietnam, Brno\/Czech Republic and Bergen\/Norway, among others.\r\n\r\nAndr\u00e9 is our expert when it comes to staging your works and actions in public space - i.e. directly on site and not just hidden away in the studio. Not only at the summer course URBAN ART 2020 you can let off steam around Street Ar and art in public space...\r\n\r\nChristian R\u00e4tsch is a visual artist, freelance lecturer and operator of VASISTAS, an agency for digital art mediation and blog on contemporary artistic positions and actors in Dresden. In addition to his artistic activities, he worked for a long time in marketing for the DDV Media Group and hosted a YouTube format for Dresdner Morgenpost and the S\u00e4chsische Zeitung for a year on the topic of education and career entry. Christian is on two tracks, so to speak, while always keeping an eye on the intersections between all these fields of activity. When he graduated from high school, he actually wanted to study film directing. In the end, he shot his first films with an ambitious group of friends at the age of 14. His path first led him to Hamburg, with an internship in television and an assistant directing position at the theater. But then a change of heart led him to Dresden, where he studied at the Hochschule f\u00fcr Bildende K\u00fcnste from 2006 to 2012. Here he has now been working for about a year as a freelance lecturer on the topics of social media and self-marketing\/digital marketing.\r\n\r\nYou can film and trick with Christian in all courses and workshops, e.g. 2020 in the summer course STOP MOTION.\"><ul class=\"post-categories\">\n\t<li><a href=\"https:\/\/www.geh8.de\/en\/category\/workshop\/\" rel=\"category tag\">Workshop<\/a><\/li><\/ul><h3><span class=\"sub1\"><span class=\"sub2\"><span class=\"sub3\"><a href=\"https:\/\/www.geh8.de\/en\/andre-und-christian-unsere-kursleiter-kurz-vorgestellt\/\">Andr\u00e9 und Christian \u2013 unsere Kursleiter kurz vorgestellt<\/a><\/span><\/span><\/span><\/h3><p>The most important thing about our courses and activities is, of course, you as participants, [&hellip;]<\/p>\n<\/div><\/div><div class=\"grid-item archive hyphenate querformat post-7042 post type-post status-publish format-standard has-post-thumbnail hentry category-veranstaltungen category-ausstellung\"><a href=\"https:\/\/www.geh8.de\/en\/wasserkraenze\/\"><img decoding=\"async\" src=\"https:\/\/www.geh8.de\/page\/wp-content\/uploads\/2020\/01\/TV_3921-final-288x216.jpg\" class=\"attachment-tile-landscape-low size-tile-landscape-low wp-post-image\" alt=\"\" srcset=\"https:\/\/www.geh8.de\/page\/wp-content\/uploads\/2020\/01\/TV_3921-final-288x216.jpg 288w, https:\/\/www.geh8.de\/page\/wp-content\/uploads\/2020\/01\/TV_3921-final-448x336.jpg 448w, https:\/\/www.geh8.de\/page\/wp-content\/uploads\/2020\/01\/TV_3921-final-368x276.jpg 368w, https:\/\/www.geh8.de\/page\/wp-content\/uploads\/2020\/01\/TV_3921-final-90x67.jpg 90w\" sizes=\"(max-width: 288px) 100vw, 288px\" \/><\/a><div class=\"grid-entry haase-archive\" data-content=\"Multimedia room installation by Constanze Kresta, Leipzig\r\n\r\nWelcome, sister. Welcome brother. &quot;We do not touch the mirrors, only ourselves.&quot; We put the key in the shimmer of reality. In the morning, we caress from our sleep what was buried. And our heart is beating, our heart is beating, our heart is beating, our heart is beating tap-dancing from a hysterical globe. &quot;History makes different demands on us all.&quot; We reject abstract visions of the universal. We lead a dried-up, damaged half life. We make ourselves small. We want nothing. We want you to understand: We are desperate and what we want you to find out is: Why. &quot;We claim the city as a place of strife and solidarity in pursuit of needs and wants.&quot; We are the winners of history. Who am I? We&#039;re losing the world. We&#039;re losing the world to a happy, technocratic elite and we feel that all hell is breaking loose. It&#039;s like dying. Just to live a little longer we think. Wild animals are taking over the city. We are politicians, and we act, not like fleeing Caesars, but like ... &quot;We put our faces straight and remember that we&quot;: you and I, each alone, all together, all by ourselves, &quot;are real, in a real society with real desires&quot;. Are you talking about me? We are so lonesome we could die, and &quot;like anyone who has a drunkard at home or is a drunkard herself, we can imagine that no significant consequences have been drawn from the events of last night. We are tired and drifting away, from a distance everything seems to us as it should be. Well then: Now: Rise, great All, stand well ordered in your place.\r\n\r\nFor the 75th anniversary of the destruction of Dresden Constanze Kresta sticks out ashes, cardboard, plants, newspaper collages, songs and spoken wreaths. She sets off on a search for what separates us from peace today.\r\n\r\nConstanze Kresta studied in Hamburg, lives and works in Leipzig. In drawings, sounds and objects she works on social and ecological questions. The concept for the exhibition was developed within the framework of a working scholarship.\r\n\r\nVernissage: 13.2.2020, 7 pm, with hot soup\r\nExhibition period: 14 - 16.2.2020\r\nOpening hours: 14:30 - 18:00\r\n\r\n&nbsp;\r\n\r\nSponsored by: Dresdner Stiftung Kunst &amp; Kultur der Osts\u00e4chsischen Sparkasse Dresden\r\n\r\n\r\n\r\n[ngg src=&quot;galleries&quot; ids=&quot;122&quot; display=&quot;basic_thumbnail&quot; thumbnail_crop=&quot;0&quot;]\"><ul class=\"post-categories\">\n\t<li><a href=\"https:\/\/www.geh8.de\/en\/category\/veranstaltungen\/\" rel=\"category tag\">Event<\/a><\/li>\n\t<li><a href=\"https:\/\/www.geh8.de\/en\/category\/ausstellung\/\" rel=\"category tag\">Exhibition<\/a><\/li><\/ul><h3><span class=\"sub1\"><span class=\"sub2\"><span class=\"sub3\"><a href=\"https:\/\/www.geh8.de\/en\/wasserkraenze\/\">Wasserkr\u00e4nze &#8211; Multimedia room installation by Constanze Kresta<\/a><\/span><\/span><\/span><\/h3><p>Multimedia room installation by Constanze Kresta, Leipzig Welcome, sister. Welcome brother. &#8220;We do not touch [&hellip;]<\/p>\n<\/div><\/div><div class=\"grid-item archive hyphenate querformat post-7001 post type-post status-publish format-standard has-post-thumbnail hentry category-info\"><a href=\"https:\/\/www.geh8.de\/en\/g-flaggschiffe-saeed-foroghi\/\"><img decoding=\"async\" src=\"https:\/\/www.geh8.de\/page\/wp-content\/uploads\/2019\/07\/Positive-288x216.jpg\" class=\"attachment-tile-landscape-low size-tile-landscape-low wp-post-image\" alt=\"\" srcset=\"https:\/\/www.geh8.de\/page\/wp-content\/uploads\/2019\/07\/Positive-288x216.jpg 288w, https:\/\/www.geh8.de\/page\/wp-content\/uploads\/2019\/07\/Positive-448x336.jpg 448w, https:\/\/www.geh8.de\/page\/wp-content\/uploads\/2019\/07\/Positive-368x276.jpg 368w, https:\/\/www.geh8.de\/page\/wp-content\/uploads\/2019\/07\/Positive-90x67.jpg 90w\" sizes=\"(max-width: 288px) 100vw, 288px\" \/><\/a><div class=\"grid-entry haase-archive\" data-content=\"An art project by the artist Saeed Foroghi for the GEH8.\r\n\r\nBACKGROUND\r\nUnder the title &quot;G?-Flaggschiffe&quot;, the artist Saeed Foroghi (Berlin) has created a multi-layered artistic installation for the fa\u00e7ade and open-air grounds of our club building. The artwork deals with our name in a profound and humorous way and at the same time refers to the ambivalence of identity and national symbolism. It clearly improves the quality of the adjacent open spaces and directs the attention to the GEH8 as a production and presentation location for art and culture.\r\n\r\nCONCEPT\r\nConstruction phase 1:\r\nThe art commission of the city of Dresden has appreciated the project and has taken over the costs proportionately. Thanks to this support, we were able to realize a first construction phase on the school-facing side of our building and have begun to erect a highly visible flag installation near the boundary of the site to the public foot and bicycle path. The installation consists of eight flagpoles with flags of the G8 states attached to them, albeit in complementary colors. The poles were mounted in a base that also functions as a wall bordering the property. Parallel to the flag installation, a scene-like fa\u00e7ade construction will be erected shortly.\r\n\r\nConstruction phase 2:\r\nIn a second construction phase we wanted to upgrade the public and semi-public areas around the flag installation. We wanted to build a path that would serve as a new access to the rear entrance door of the GEH8 and connect it with a small square as an entrance area at the public foot and bike path. Along the boundary of our property some benches should also invite you to linger.\r\nFor this second construction phase, we have applied to the Pieschen municipal district office for funding, together with a recommendation from the art commission. However, this application for funding was surprisingly rejected at the last meeting of the Pieschen municipal district council. Shortly afterwards, the AFD city council faction publicly defamed the work of art as rubbish, our building and our grounds as ruins and rubbish dump and discredited our association&#039;s work.\r\n\r\nCALL FOR DONATION\r\nWe would like to realize the project, especially (but not only) for this reason, and ask for support in the form of this fundraising campaign.\r\n\r\nThe next stage in the realization of the artwork includes the construction of the electric flag control and a LED display visible from afar. For this we need 6.000,- \u20ac. All other planned elements (path, place and benches) we will try to realize at a later date, if we could work out a financing for it.\r\nHelp us to realize the next stage of the artwork now! Support us with your donation!\r\nDonations are tax deductible. Up to 200,- Euro the transfer voucher is valid as proof. For donations over 200,- Euro we issue a donation receipt.\r\nGEH8 Kunstraum und Ateliers e. V.\r\nDresdner Volksbank Raiffeisenbank eG\r\nIBAN: DE17 8509 0000 4805 7010 00\r\n\r\n[ngg src=&quot;galleries&quot; ids=&quot;116&quot; display=&quot;basic_thumbnail&quot; thumbnail_crop=&quot;0&quot;]&nbsp;\"><ul class=\"post-categories\">\n\t<li><a href=\"https:\/\/www.geh8.de\/en\/category\/info\/\" rel=\"category tag\">Info<\/a><\/li><\/ul><h3><span class=\"sub1\"><span class=\"sub2\"><span class=\"sub3\"><a href=\"https:\/\/www.geh8.de\/en\/g-flaggschiffe-saeed-foroghi\/\">G?-Flaggschiffe &#8211; Saeed Foroghi<\/a><\/span><\/span><\/span><\/h3><p>An art project by the artist Saeed Foroghi for the GEH8. BACKGROUND Under the title [&hellip;]<\/p>\n<\/div><\/div><div class=\"jahrestrenner m-5  grid-item archive hyphenate querformat post type-post status-publish format-standard has-post-thumbnail hentry category-ausstellung\"\n                         style=\"position: absolute; left: 0px; top: 0px;background-color:#fff;\"><a\n                        ><\/a>\n                        <div class=\"grid-entry\" style=\" background-color:transparent;color#000;\">\n                            <ul class=\"post-categories\">\n                                <li><a rel=\"category tag\">JAHR<\/a><\/li>\n                            <\/ul>\n\n                                            <h2 class=\"archiv-jahrestrenner\">2019<\/h2>\n\n\n                        <\/div>\n                    <\/div><div class=\"grid-item archive hyphenate querformat post-6941 post type-post status-publish format-standard has-post-thumbnail hentry category-allgemein\"><a href=\"https:\/\/www.geh8.de\/en\/weihnachtsgruesse-und-ein-gutes-neues-jahr\/\"><img decoding=\"async\" src=\"https:\/\/www.geh8.de\/page\/wp-content\/uploads\/2019\/12\/79519893_1020435011647922_5267009963787550720_o-288x216.jpg\" class=\"attachment-tile-landscape-low size-tile-landscape-low wp-post-image\" alt=\"\" srcset=\"https:\/\/www.geh8.de\/page\/wp-content\/uploads\/2019\/12\/79519893_1020435011647922_5267009963787550720_o-288x216.jpg 288w, https:\/\/www.geh8.de\/page\/wp-content\/uploads\/2019\/12\/79519893_1020435011647922_5267009963787550720_o-448x336.jpg 448w, https:\/\/www.geh8.de\/page\/wp-content\/uploads\/2019\/12\/79519893_1020435011647922_5267009963787550720_o-368x276.jpg 368w, https:\/\/www.geh8.de\/page\/wp-content\/uploads\/2019\/12\/79519893_1020435011647922_5267009963787550720_o-90x67.jpg 90w\" sizes=\"(max-width: 288px) 100vw, 288px\" \/><\/a><div class=\"grid-entry haase-archive\" data-content=\"\r\n\r\nWe look back to an exciting, diverse and intense year 2019 of which we would like to share some impressions with you.\r\n\r\nThis years extensive program and parallelly the ongoing renovation of our building were only possible due to the dedication and commitment of many people. Therefore we would like to thank all of those who have actively and ideally supported us\r\n\r\nTo ensure that the future of our art and culture center remains secure, we need your support: Promote our association through your membership or a donation.\r\n\r\nBecome a member and\/or donate now\r\n\r\nWe wish you a Merry Christmas, a Happy New Year and look forward to seeing you in the New Year.\"><ul class=\"post-categories\">\n\t<li><a href=\"https:\/\/www.geh8.de\/en\/category\/allgemein\/\" rel=\"category tag\">General<\/a><\/li><\/ul><h3><span class=\"sub1\"><span class=\"sub2\"><span class=\"sub3\"><a href=\"https:\/\/www.geh8.de\/en\/weihnachtsgruesse-und-ein-gutes-neues-jahr\/\">Merry Christmas and a happy New Year!<\/a><\/span><\/span><\/span><\/h3><p>We look back to an exciting, diverse and intense year 2019 of which we would [&hellip;]<\/p>\n<\/div><\/div><div class=\"grid-item archive hyphenate querformat post-6874 post type-post status-publish format-standard has-post-thumbnail hentry category-konzert\"><a href=\"https:\/\/www.geh8.de\/en\/kunst-raum-konzerte-linebug-selma-juhran\/\"><img decoding=\"async\" src=\"https:\/\/www.geh8.de\/page\/wp-content\/uploads\/2019\/09\/KRK_FB-Event_1920x1006_091019-288x216.jpg\" class=\"attachment-tile-landscape-low size-tile-landscape-low wp-post-image\" alt=\"\" srcset=\"https:\/\/www.geh8.de\/page\/wp-content\/uploads\/2019\/09\/KRK_FB-Event_1920x1006_091019-288x216.jpg 288w, https:\/\/www.geh8.de\/page\/wp-content\/uploads\/2019\/09\/KRK_FB-Event_1920x1006_091019-448x336.jpg 448w, https:\/\/www.geh8.de\/page\/wp-content\/uploads\/2019\/09\/KRK_FB-Event_1920x1006_091019-368x276.jpg 368w, https:\/\/www.geh8.de\/page\/wp-content\/uploads\/2019\/09\/KRK_FB-Event_1920x1006_091019-90x67.jpg 90w\" sizes=\"(max-width: 288px) 100vw, 288px\" \/><\/a><div class=\"grid-entry haase-archive\" data-content=\"The Kunst.Raum.Konzerte offer a platform for the fusion of sound, image and space-based arts. Music is always joined by another art form. Each band develops - besides playing their own pieces - a composition in real time together with the audience, i.e. the audience is motivated to become artistically active. The pure consumption of a concert thus expands into an active experience and participation in the artistic creative process: the participatory art. If one applies the annual theme of the GEH8 &quot;Out of consideration for the future&quot; to the arts, the greatest need is to reach an interested and open audience. This will grow with cross-disciplinary formats such as the Kunst.Raum.Konzerte.\r\n\r\nLINEBUG (Denmark)\r\nWith airy vocals, hand-drawn animations and indie-pop melodies, the new Danish duo LINEBUG is building its own audio-visual universe. The duo consists of singer and songwriter Line B\u00f8gh and digital artist Christian Gundtoft.\r\nThe duo develops an atmospheric live show in which drawings and animations are projected onto the stage and the line becomes &quot;part of the piece&quot;. The stories of the songs are told through Christian&#039;s visual universe, and the mixture of music and drawings creates a fascinating form of storytelling that has impressed audiences in Germany and Denmark.\r\n\r\nSELMA JUHRAN (Dresden)\r\nSelma Juhran deep, warm voice reminds of Adele and S\u00f3ley. With minimalist sounds and her voice she creates gigantic acoustic spaces. Selma is already on stage as front singer with the band Searching For Home. In July 2019 she released her first single &quot;Your Desert&quot;.\r\n\r\nWhen: Wednesday 9.10.2019\r\nAdmission: 7 pm\r\nStart: 8 pm\r\n\r\nPrices: Box office 12 \/ 7 \u20ac\r\n&nbsp;&nbsp;&nbsp;&nbsp;&nbsp;&nbsp;&nbsp;&nbsp;&nbsp;&nbsp;&nbsp;&nbsp; advance booking 8 \u20ac \/ 5 \u20ac + fees\r\nVVK: Konzertkasse Dresden\r\n\r\n[ngg src=&quot;galleries&quot; ids=&quot;111&quot; display=&quot;basic_thumbnail&quot;]&nbsp;\r\nPictures: \u00a9 pidelta.de\"><ul class=\"post-categories\">\n\t<li><a href=\"https:\/\/www.geh8.de\/en\/category\/konzert\/\" rel=\"category tag\">Concert<\/a><\/li><\/ul><h3><span class=\"sub1\"><span class=\"sub2\"><span class=\"sub3\"><a href=\"https:\/\/www.geh8.de\/en\/kunst-raum-konzerte-linebug-selma-juhran\/\">Kunst.Raum.Konzerte present: Linebug &#038; Selma Juhran<\/a><\/span><\/span><\/span><\/h3><p>The Kunst.Raum.Konzerte offer a platform for the fusion of sound, image and space-based arts. Music [&hellip;]<\/p>\n<\/div><\/div><div class=\"grid-item archive hyphenate querformat post-6839 post type-post status-publish format-standard has-post-thumbnail hentry category-performance category-lesung\"><a href=\"https:\/\/www.geh8.de\/en\/films-never-made-part-1-8919-always-crashing-in-the-same-car\/\"><img decoding=\"async\" src=\"https:\/\/www.geh8.de\/page\/wp-content\/uploads\/2019\/09\/Bildschirmfoto-2019-09-05-um-18.16.38-288x216.png\" class=\"attachment-tile-landscape-low size-tile-landscape-low wp-post-image\" alt=\"\" srcset=\"https:\/\/www.geh8.de\/page\/wp-content\/uploads\/2019\/09\/Bildschirmfoto-2019-09-05-um-18.16.38-288x216.png 288w, https:\/\/www.geh8.de\/page\/wp-content\/uploads\/2019\/09\/Bildschirmfoto-2019-09-05-um-18.16.38-448x336.png 448w, https:\/\/www.geh8.de\/page\/wp-content\/uploads\/2019\/09\/Bildschirmfoto-2019-09-05-um-18.16.38-368x276.png 368w, https:\/\/www.geh8.de\/page\/wp-content\/uploads\/2019\/09\/Bildschirmfoto-2019-09-05-um-18.16.38-90x67.png 90w\" sizes=\"(max-width: 288px) 100vw, 288px\" \/><\/a><div class=\"grid-entry haase-archive\" data-content=\"\u2013 Performance, installation, and reading \u2013\r\n\r\nSATURDAY, 21.9.2019, 19:30, \r\n10:30 pm AFTERPARTY GALLERY TOUR, Fred Rapid (Berlin)\r\n\r\nhttps:\/\/vimeo.com\/358090091\r\n\r\nINTRO\r\n\r\nSometimes that, which never was, returns. And as it goes, with what is repressed, it sometimes comes back uncontrollably, angrily, eerily. Or, in small everyday stories, inconspicuous, easy to overlook and overhear. Films Never Made searches in people&#039;s stories for what just did not happen in 1989 \u2013 to get a perspective on what is happening right now, in Dresden and in Europe.\r\n\r\nSETTING\r\n\r\nFilms Never Made is a performative installation in two parts: This year and next, a Web series will be written and filmed in the GEH8 in five episodes about what did not happen in 1989, live with and in front of the audience. In the first part, 8919 \u2013 Always Crashing in the Same Car, the GEH8 becomes a freely accessible writers&#039; room: Three authors read 1989 memories, stories, and fictions and help the visitors to tell their own stories. In a car wreck that has been converted into a recording and playback device, the soundtrack to the series will be composed and played live, and visionary video art works will be performed in 1989. Each spoken word will be typed in and used as material for the future screenplay. The installation opens up a space of collective storytelling in which tales of 1989 are given an appearance.\r\n\r\nPLOT\r\n\r\n1989 has become a quasi-mythical cipher of political and social changes in European history. Even at its time it was brimming with future prospects, it still stands for a realm of possibilities. The hopes and fears, utopias and dystopias associated with 1989 have since been overtaken by a story that has once again shown that the only future worthy of the name is that which cannot be predicted. Nevertheless, or perhaps because of it, the unfulfilled potential of 1989 continues to permeate the collective imaginations and political agendas of the present day. The performative installation and web series Films Never Made is interested in the afterlife of these unfulfilled futures of 1989, in other words, the futures of 1989 that were possible but never really became. In the second part of the event, which is scheduled for April 2020, the GEH8 will become a film studio for a week, where the collected scenes and stories will be staged, rehearsed and filmed. The film will be realized in the style of a historical science fiction. Following the event is an afterparty on the premises of the gallery.\r\n\r\nAuthors: Annett Gr\u00f6schner, Anne-Kathrin Heier, Peggy M\u00e4dler\r\nMusic and Visuals: James Hoff (N.Y.) und Fred Rapid (Berlin)\r\nConcept, curating, and installation:\r\nMEHL (Berlin\/Kinshasa\/http:\/\/mehl.group) \/ Paul Elsner \/ Anne-Kathrin Heier\r\nCamera &amp; editing: J\u00f6rg Volkmar\r\n\r\n&nbsp;\r\n\r\n[ngg src=&quot;galleries&quot; ids=&quot;110&quot; display=&quot;basic_thumbnail&quot;]&nbsp;\r\nPhotos: Paul Elsner and \u00a9 pidelta.de\"><ul class=\"post-categories\">\n\t<li><a href=\"https:\/\/www.geh8.de\/en\/category\/performance\/\" rel=\"category tag\">Performance<\/a><\/li>\n\t<li><a href=\"https:\/\/www.geh8.de\/en\/category\/lesung\/\" rel=\"category tag\">Reading \/ Talk<\/a><\/li><\/ul><h3><span class=\"sub1\"><span class=\"sub2\"><span class=\"sub3\"><a href=\"https:\/\/www.geh8.de\/en\/films-never-made-part-1-8919-always-crashing-in-the-same-car\/\">FILMS NEVER MADE, PART 1: 8919 \u2013 ALWAYS CRASHING IN THE SAME CAR<\/a><\/span><\/span><\/span><\/h3><p>\u2013 Performance, installation, and reading \u2013 SATURDAY, 21.9.2019, 19:30, 10:30 pm AFTERPARTY GALLERY TOUR, Fred [&hellip;]<\/p>\n<\/div><\/div><div class=\"grid-item archive hyphenate querformat post-6793 post type-post status-publish format-standard has-post-thumbnail hentry category-konzert\"><a href=\"https:\/\/www.geh8.de\/en\/kunst-raum-konzert\/\"><img decoding=\"async\" src=\"https:\/\/www.geh8.de\/page\/wp-content\/uploads\/2019\/08\/KunstRaumKonzert-Amore-Meow-und-Annie-Quinn-288x216.jpg\" class=\"attachment-tile-landscape-low size-tile-landscape-low wp-post-image\" alt=\"\" srcset=\"https:\/\/www.geh8.de\/page\/wp-content\/uploads\/2019\/08\/KunstRaumKonzert-Amore-Meow-und-Annie-Quinn-288x216.jpg 288w, https:\/\/www.geh8.de\/page\/wp-content\/uploads\/2019\/08\/KunstRaumKonzert-Amore-Meow-und-Annie-Quinn-448x336.jpg 448w, https:\/\/www.geh8.de\/page\/wp-content\/uploads\/2019\/08\/KunstRaumKonzert-Amore-Meow-und-Annie-Quinn-368x276.jpg 368w, https:\/\/www.geh8.de\/page\/wp-content\/uploads\/2019\/08\/KunstRaumKonzert-Amore-Meow-und-Annie-Quinn-90x67.jpg 90w\" sizes=\"(max-width: 288px) 100vw, 288px\" \/><\/a><div class=\"grid-entry haase-archive\" data-content=\"The Kunst.Raum.Konzerte provide a platform for the fusion of sound, image and space-based arts. There is always another art form associated with the music.&nbsp;Each band develops - in addition to playing their own pieces - a composition in real time together with the audience.\r\n\r\nAmore Meow (Leipzig)\r\nWabernde Synth-W\u00e4nde, elegant and dark daring, packaged in minimalist beats are served with a wink and a smile.\r\n\r\nAnnie Quinn (Dresden)\r\nWho is AnnieQuinn? Well, that&#039;s really up to you. We are developing a method to get to know you in order to fulfill your own possibilities. Calibrated TETRA scores are used to generate individually generated experiences for you.\r\n\r\nConcept &amp; implementation:\r\nJo Aldinger; Johannes Gerstengarbe; Ballroom Booking (Philip Brehmer) (alle DEU)\r\n\r\nArtists:\r\nAmore Meow (Leipzig, DEU); Annie Quinn&nbsp;(Dresden, DEU)\r\n\r\n&nbsp;\r\n\r\nWhen: Friday 6th of September 2019\r\n\r\nStart: 8 p.m.\r\n\r\nPrices: Box office 12\/7 \u20ac\r\n\r\nAdvance sale: 8 \u20ac \/ 5 \u20ac\r\n\r\nAdvance sale: Sax, Konzertkasse Dresden, SZ Ticket\r\n&nbsp;\"><ul class=\"post-categories\">\n\t<li><a href=\"https:\/\/www.geh8.de\/en\/category\/konzert\/\" rel=\"category tag\">Concert<\/a><\/li><\/ul><h3><span class=\"sub1\"><span class=\"sub2\"><span class=\"sub3\"><a href=\"https:\/\/www.geh8.de\/en\/kunst-raum-konzert\/\">Kunst.Raum.Konzerte present: Amore Meow und Annie Quinn<\/a><\/span><\/span><\/span><\/h3><p>The Kunst.Raum.Konzerte provide a platform for the fusion of sound, image and space-based arts. There [&hellip;]<\/p>\n<\/div><\/div><div class=\"grid-item archive hyphenate querformat post-6813 post type-post status-publish format-standard has-post-thumbnail hentry category-ausstellung\"><a href=\"https:\/\/www.geh8.de\/en\/gipfeltreffen-und-metamorphose\/\"><img decoding=\"async\" src=\"https:\/\/www.geh8.de\/page\/wp-content\/uploads\/2019\/08\/GundM-288x216.gif\" class=\"attachment-tile-landscape-low size-tile-landscape-low wp-post-image\" alt=\"\" srcset=\"https:\/\/www.geh8.de\/page\/wp-content\/uploads\/2019\/08\/GundM-288x216.gif 288w, https:\/\/www.geh8.de\/page\/wp-content\/uploads\/2019\/08\/GundM-448x336.gif 448w, https:\/\/www.geh8.de\/page\/wp-content\/uploads\/2019\/08\/GundM-368x276.gif 368w, https:\/\/www.geh8.de\/page\/wp-content\/uploads\/2019\/08\/GundM-90x67.gif 90w\" sizes=\"(max-width: 288px) 100vw, 288px\" \/><\/a><div class=\"grid-entry haase-archive\" data-content=\"\r\nGipfeltreffen - Aus R\u00fccksicht auf die Zukunft\r\nThe extensive modernisation and setting the course for the future gives the GEH8 the opportunity to reflect on its own history. Under the title Gipfeltreffen - Aus R\u00fccksicht auf die Zukunft (Summit Meeting - With an eye to the future), works of art by former and current studio tenants* from the last 12 years are presented. Due to the diversity of the artists, an interdisciplinary exhibition will be shown, which includes painting, drawing, sculpture, installations and the new media.\r\n\r\n&nbsp;\r\n\r\nOpening: Saturday, 31 August 2019, 4 pm\r\nExhibition period: 1.9. - 15.9.2019\r\nOpening hours: Sat &amp; Sun 15 - 19 hrs\r\nConcept and curation: Thomas Judisch (DEU)\r\n\r\n\r\n&nbsp;\r\n\r\n\r\nParticipating artists:\r\n\r\n\r\nAnne Adelt, Claudia Kleiner, Eckehard Fuchs, Elisabeth Rosenthal, Heinz Schm\u00f6ller, Holger Kasten-Grauberg, Isabelle Krieg, Janine Hoenig, Julia Pommer, Marleen Andreev, Matthias Bausch Artist, Michael Merkel, Michaela Metzger, Michiko Nakatani, Paola Alborghetti, Paul Elsner, Sara Hoppe, Simon Rosenthal, Stefan Lenke, Su-Ran Sichling, Susanne Engelhardt, Thomas Judisch, Tina Beifuss, Uljana Rogoshina, Wiebke Herrmann u. a.\r\n\r\n&nbsp;\r\nMetamorphosis\r\n\r\n\r\n\r\n\r\n\r\n\r\n\r\n\r\n\r\nAn art project related to the structural change in the environment of the art space GEH8 through the construction of the school complex in the direct neighbourhood. The accompanying changes were recorded by means of different pinhole camera formats.\r\n\r\n\r\n\r\n\r\n\r\n\r\n\r\n\r\n\r\nOpening: Saturday, 31 August 2019, 4 pm\r\nExhibition period: 1.9. - 15.9.2019\r\nOpening hours: Sa. &amp; Sun. 3 - 7 pm\r\n\r\nArtist: Annemarie Str\u00fcmpfler\"><ul class=\"post-categories\">\n\t<li><a href=\"https:\/\/www.geh8.de\/en\/category\/ausstellung\/\" rel=\"category tag\">Exhibition<\/a><\/li><\/ul><h3><span class=\"sub1\"><span class=\"sub2\"><span class=\"sub3\"><a href=\"https:\/\/www.geh8.de\/en\/gipfeltreffen-und-metamorphose\/\">Summit and metamorphosis<\/a><\/span><\/span><\/span><\/h3><p>Gipfeltreffen &#8211; Aus R\u00fccksicht auf die Zukunft The extensive modernisation and setting the course for [&hellip;]<\/p>\n<\/div><\/div><div class=\"grid-item archive hyphenate querformat post-6731 post type-post status-publish format-standard has-post-thumbnail hentry category-festival\"><a href=\"https:\/\/www.geh8.de\/en\/geh8-sommergipfel\/\"><img decoding=\"async\" src=\"https:\/\/www.geh8.de\/page\/wp-content\/uploads\/2019\/07\/SOMMERGIPFEL.2-Kopie-288x216.gif\" class=\"attachment-tile-landscape-low size-tile-landscape-low wp-post-image\" alt=\"\" srcset=\"https:\/\/www.geh8.de\/page\/wp-content\/uploads\/2019\/07\/SOMMERGIPFEL.2-Kopie-288x216.gif 288w, https:\/\/www.geh8.de\/page\/wp-content\/uploads\/2019\/07\/SOMMERGIPFEL.2-Kopie-448x336.gif 448w, https:\/\/www.geh8.de\/page\/wp-content\/uploads\/2019\/07\/SOMMERGIPFEL.2-Kopie-368x276.gif 368w, https:\/\/www.geh8.de\/page\/wp-content\/uploads\/2019\/07\/SOMMERGIPFEL.2-Kopie-90x67.gif 90w\" sizes=\"(max-width: 288px) 100vw, 288px\" \/><\/a><div class=\"grid-entry haase-archive\" data-content=\"PROGRAM\r\n\r\nSaturday, August 31\r\nIn cherished tradition, the GEH8 celebrates its summer festival again this year. Because this time, however, there is more to celebrate than just the summer, you can look forward to an eventful festival weekend at the GEH8 summer summit. After 12 years of art and culture, extensive renovation measures and many young neighbors, we cordially invite you to discover the GEH8 in (almost) new splendor. So the construction work has not come to its end yet and will probably accompany us into the winter. But that should not stop us from celebrating. In addition to an extensive artistic program you can expect live music, party, flea market, political karaoke and numerous culinary delights.\r\n\r\n&nbsp;\r\n\r\n3 p.m.\r\nBEGINNING\r\n\r\n4 p.m.\r\nEXHIBITION OPENING\r\nGipfeltreffen\r\nby former and current studio tenants\r\n\r\nMetamorphose 2017 - 2019\r\nArtist: Annemarie Str\u00fcmpfler\r\nAn art project related to the structural change in the environment of the art space GEH8.\r\n\r\nArt-Tombola\r\nWin art from former and current studio tenants\r\n\r\n5 p.m.\r\nSINGING PERFORMANCE\r\nTreta Mominka (Ensemble) sings old international folk songs\r\n\r\n7 - 9 p.m.\r\nKONZERT\r\nDOWNBEATCLUB (psychedelic jazz rock)\r\n\r\n10 p.m.\r\nPARTY\r\nThe Moroders\r\n\r\n&nbsp;\r\n\r\nElection Sunday, 1st September, 12 - 6 p.m.\r\n\r\n\r\nWe choose sustainable! We shop and fever until the first projection.\r\nFLEA MARKET\r\n\r\nEVERYONE CAN COME - ENTRY FREE\r\nEVERYONE MAY PARTICIPATE - REGISTER UNTIL 21.08 TO TECHNIK@GEH8.DE\r\n\r\nThe requirements to participate are:\r\n- Register to technik@geh8.de\r\n- Please bring your own table and chair\r\n- Max. 3m floor space\r\n- Stand fees are 7 \u20ac in cash and on site\r\n- We will allocate the locations of the stands, please come 1h before the start of the event, so that the allocation of space does not become stressful\r\n\r\nThere are a few rules left:\r\n\r\nNo discriminating, racist or hostile statements, pictures or sayings.\r\n\r\nNo military items such as medals, symbols, shirts or similar.\r\n\r\nNo liability for lost or stolen items (please be careful and pay attention)\r\n\r\nIMPORTANT: Please bring only clothes or things that are in good condition (no stains or holes, not dirty)\r\n\r\nFor a social, solidary and sustainable togetherness!\r\n\r\n&nbsp;\r\n\r\n\r\nAND POLITAOKE\r\nNonpartisan Political Karaoke.\r\n\r\n1 and 4 p.m.\r\n\r\n\"><ul class=\"post-categories\">\n\t<li><a href=\"https:\/\/www.geh8.de\/en\/category\/festival\/\" rel=\"category tag\">Festival<\/a><\/li><\/ul><h3><span class=\"sub1\"><span class=\"sub2\"><span class=\"sub3\"><a href=\"https:\/\/www.geh8.de\/en\/geh8-sommergipfel\/\">GEH8 SOMMERGIPFEL<\/a><\/span><\/span><\/span><\/h3><p>PROGRAM Saturday, August 31 In cherished tradition, the GEH8 celebrates its summer festival again this [&hellip;]<\/p>\n<\/div><\/div><div class=\"grid-item archive hyphenate querformat post-6676 post type-post status-publish format-standard has-post-thumbnail hentry category-workshop\"><a href=\"https:\/\/www.geh8.de\/en\/abschlusspraesentation-kunterbunt-minimal-art-gallery\/\"><img decoding=\"async\" src=\"https:\/\/www.geh8.de\/page\/wp-content\/uploads\/2019\/07\/Kunterbunt_Plakatmotiv-MA_FB-288x216.jpg\" class=\"attachment-tile-landscape-low size-tile-landscape-low wp-post-image\" alt=\"\" srcset=\"https:\/\/www.geh8.de\/page\/wp-content\/uploads\/2019\/07\/Kunterbunt_Plakatmotiv-MA_FB-288x216.jpg 288w, https:\/\/www.geh8.de\/page\/wp-content\/uploads\/2019\/07\/Kunterbunt_Plakatmotiv-MA_FB-448x336.jpg 448w, https:\/\/www.geh8.de\/page\/wp-content\/uploads\/2019\/07\/Kunterbunt_Plakatmotiv-MA_FB-368x276.jpg 368w, https:\/\/www.geh8.de\/page\/wp-content\/uploads\/2019\/07\/Kunterbunt_Plakatmotiv-MA_FB-90x67.jpg 90w\" sizes=\"(max-width: 288px) 100vw, 288px\" \/><\/a><div class=\"grid-entry haase-archive\" data-content=\"In a Minimal Art Gallery the young participants of our workshop curate their own artworks, which were created within the last school year with the support of 10 different artists.\r\nWe welcome all art enthusiasts, as well as participants of the workshop with family and acquaintances to a COLORFUL afternoon in the GEH8 art space, welcome!\r\n\r\nKUNTERBUNT - Minimal Art Gallery \/\/\/ INVITATION TO THE FINAL PRESENTATION \/\/\/ MI 3.7.2019 \/\/ 16-17.30 hrs.\r\n\r\nParticipating artists:\r\nMarleen Andreev, Mona Pourebrahim, Moritz Liebig, Susanne Engelhardt, Julia Pommer, Claudia Kleiner, Thomas Judisch, Heinz Schm\u00f6ller, Ana Pireva, Svea Duwe, Anja Jurkenas, and Suntje Sagerer.\"><ul class=\"post-categories\">\n\t<li><a href=\"https:\/\/www.geh8.de\/en\/category\/workshop\/\" rel=\"category tag\">Workshop<\/a><\/li><\/ul><h3><span class=\"sub1\"><span class=\"sub2\"><span class=\"sub3\"><a href=\"https:\/\/www.geh8.de\/en\/abschlusspraesentation-kunterbunt-minimal-art-gallery\/\">Final presentation: KUNTERBUNT &#8211; Minimal Art Gallery<\/a><\/span><\/span><\/span><\/h3><p>In a Minimal Art Gallery the young participants of our workshop curate their own artworks, [&hellip;]<\/p>\n<\/div><\/div><div class=\"grid-item archive hyphenate querformat post-6656 post type-post status-publish format-standard has-post-thumbnail hentry category-kooperationen\"><a href=\"https:\/\/www.geh8.de\/en\/geh8-ist-mitglied-bei-teh\/\"><img decoding=\"async\" src=\"https:\/\/www.geh8.de\/page\/wp-content\/uploads\/2019\/06\/logo_TEH-288x216.jpg\" class=\"attachment-tile-landscape-low size-tile-landscape-low wp-post-image\" alt=\"\" srcset=\"https:\/\/www.geh8.de\/page\/wp-content\/uploads\/2019\/06\/logo_TEH-288x216.jpg 288w, https:\/\/www.geh8.de\/page\/wp-content\/uploads\/2019\/06\/logo_TEH-448x336.jpg 448w, https:\/\/www.geh8.de\/page\/wp-content\/uploads\/2019\/06\/logo_TEH-368x276.jpg 368w, https:\/\/www.geh8.de\/page\/wp-content\/uploads\/2019\/06\/logo_TEH-90x67.jpg 90w\" sizes=\"(max-width: 288px) 100vw, 288px\" \/><\/a><div class=\"grid-entry haase-archive\" data-content=\"Since May 2019, GEH8 is a proud member of Trans Europe Halles, a network of around 100 independent cultural centers from all over Europe.\r\n\r\nThe network&#039;s mission is to strengthen the sustainable development of non-governmental cultural centers and promote new initiatives by connecting and supporting TEH. This facilitates international collaboration, provides opportunities for learning and sharing, and promotes the practice, impact, and value of arts and culture.\r\n\r\nwww.teh.net\"><ul class=\"post-categories\">\n\t<li><a href=\"https:\/\/www.geh8.de\/en\/category\/kooperationen\/\" rel=\"category tag\">Kooperationen<\/a><\/li><\/ul><h3><span class=\"sub1\"><span class=\"sub2\"><span class=\"sub3\"><a href=\"https:\/\/www.geh8.de\/en\/geh8-ist-mitglied-bei-teh\/\">GEH8 is a member of TEH<\/a><\/span><\/span><\/span><\/h3><p>Since May 2019, GEH8 is a proud member of Trans Europe Halles, a network of [&hellip;]<\/p>\n<\/div><\/div><div class=\"grid-item archive hyphenate querformat post-6632 post type-post status-publish format-standard has-post-thumbnail hentry category-veranstaltungen\"><a href=\"https:\/\/www.geh8.de\/en\/veranstaltungen-im-rahmen-der-raumkonferenz-2019\/\"><img decoding=\"async\" src=\"https:\/\/www.geh8.de\/page\/wp-content\/uploads\/2019\/07\/IMG_4537_fLy_2019_raumkon19-288x216.jpg\" class=\"attachment-tile-landscape-low size-tile-landscape-low wp-post-image\" alt=\"\" srcset=\"https:\/\/www.geh8.de\/page\/wp-content\/uploads\/2019\/07\/IMG_4537_fLy_2019_raumkon19-288x216.jpg 288w, https:\/\/www.geh8.de\/page\/wp-content\/uploads\/2019\/07\/IMG_4537_fLy_2019_raumkon19-448x336.jpg 448w, https:\/\/www.geh8.de\/page\/wp-content\/uploads\/2019\/07\/IMG_4537_fLy_2019_raumkon19-368x276.jpg 368w, https:\/\/www.geh8.de\/page\/wp-content\/uploads\/2019\/07\/IMG_4537_fLy_2019_raumkon19-90x67.jpg 90w\" sizes=\"(max-width: 288px) 100vw, 288px\" \/><\/a><div class=\"grid-entry haase-archive\" data-content=\"Wir mischen mit! Gemeinsam mit dem Konglomerat e. V. finden bei uns im Rahmen der Raumkonferenz gleich zwei Veranstaltungen statt! Bitte vormerken:\r\n\r\nZukunftserwartungen\r\nParadiesvorstellungen und Endzeitszenarien in der Stadtentwicklung\r\n18.06.2019, 16:30\u201318:30 Uhr\r\n\r\nDie Zukunft unserer St\u00e4dte ist ungeschrieben. Welches Denken ist angesichts der nahenden Herausforderungen angebrachter: Die Stadtentwicklung von ihrem apokalyptischen Ende her zu antizipieren, oder lieber die Utopie in den Blick zu nehmen? Zwei entgegengesetzte Gedankeng\u00e4nge in die Zukunft:\r\nVortragende:\r\nProf. em. Bazon Brock, K\u00fcnstler und Kunsttheoretiker (Wuppertal)\r\n\u00bbUrbanit\u00e4t ist nicht eine Eigenschaft der St\u00e4dte, sondern ihrer Bewohner\u00ab\r\n\r\nFerdinand Viconcaij, Autor (Dresden)\r\n\u00bbDie sch\u00f6ne Stadt\u00ab\r\n\r\nModeration:&nbsp;Julia Leuterer, Lokale Agenda 21 Dresden\r\n\r\n\r\n\r\nKommission Zukunftsschutzgebiete\r\nWir konzipieren einen Runden Tisch Liegenschaftspolitik f\u00fcr Dresden\r\n22.06.19 12:00 \u2013 16:00 Uhr\r\n\r\nWir laden Sie herzlich dazu ein, dazuzukommen! Die Teilnahme ist f\u00fcr Sie kostenfrei, Mittagessen inklusive (wir freuen uns \u00fcber Spenden!)\r\n\r\nWeitere Informationen zum Berliner Vorbild bei&nbsp;openberlin:, in der&nbsp;taz&nbsp;und Aktuelles auf&nbsp;Twitter\r\n\r\nWeitere Informationen zur Veranstaltung auf&nbsp;https:\/\/stadtraum.jetzt\/event\/kommission-zukunftsschutzgebiete\r\n\r\nBitte melden Sie bis sich bis 18.06. verbindlich an unter:&nbsp;tickets@konglomerat.org\r\n\r\nGerne k\u00f6nnen Sie das auch an weitere Interessierte und Engagierte weiterleiten!\r\n\r\n\r\n\r\nHere are some impressions from the events:\r\n[caption id=&quot;attachment_6663&quot; align=&quot;aligncenter&quot; width=&quot;1024&quot;] Ein Runder Tisch Liegenschaftspolitik f\u00fcr Dresden!? Vortrag und Gespr\u00e4ch mit Andreas Kr\u00fcger (Belios GmbH Berlin) (Foto: Ralf Menzel \/ Zerrlicht*)[\/caption]\r\n\r\n[caption id=&quot;attachment_6664&quot; align=&quot;aligncenter&quot; width=&quot;1024&quot;] Paradiesvorstellungen und Endzeitszenarien in der Stadtentwicklung. Vortr\u00e4ge und Gespr\u00e4ch mit Bazon Bock (Wuppertal) und Ferdinand Viconcaij (Dresden). (Foto: Ralf Menzel \/ Zerrlicht*)[\/caption]\r\n\r\n[caption id=&quot;attachment_6665&quot; align=&quot;aligncenter&quot; width=&quot;1024&quot;] Paradiesvorstellungen und Endzeitszenarien in der Stadtentwicklung. Vortr\u00e4ge und Gespr\u00e4ch mit Bazon Bock (Wuppertal) und Ferdinand Viconcaij (Dresden). (Foto: Ralf Menzel \/ Zerrlicht*)[\/caption]\"><ul class=\"post-categories\">\n\t<li><a href=\"https:\/\/www.geh8.de\/en\/category\/veranstaltungen\/\" rel=\"category tag\">Event<\/a><\/li><\/ul><h3><span class=\"sub1\"><span class=\"sub2\"><span class=\"sub3\"><a href=\"https:\/\/www.geh8.de\/en\/veranstaltungen-im-rahmen-der-raumkonferenz-2019\/\">Veranstaltungen im Rahmen der Raumkonferenz 2019<\/a><\/span><\/span><\/span><\/h3><p>Wir mischen mit! Gemeinsam mit dem Konglomerat e. V. finden bei uns im Rahmen der [&hellip;]<\/p>\n<\/div><\/div><div class=\"grid-item archive hyphenate querformat post-6468 post type-post status-publish format-standard has-post-thumbnail hentry category-ausstellung\"><a href=\"https:\/\/www.geh8.de\/en\/the-future-of-time\/\"><img decoding=\"async\" src=\"https:\/\/www.geh8.de\/page\/wp-content\/uploads\/2019\/02\/Mila-Panic_Still-aus-dem-Video_The-Burning-Field_2017-288x216.jpg\" class=\"attachment-tile-landscape-low size-tile-landscape-low wp-post-image\" alt=\"\" srcset=\"https:\/\/www.geh8.de\/page\/wp-content\/uploads\/2019\/02\/Mila-Panic_Still-aus-dem-Video_The-Burning-Field_2017-288x216.jpg 288w, https:\/\/www.geh8.de\/page\/wp-content\/uploads\/2019\/02\/Mila-Panic_Still-aus-dem-Video_The-Burning-Field_2017-448x336.jpg 448w, https:\/\/www.geh8.de\/page\/wp-content\/uploads\/2019\/02\/Mila-Panic_Still-aus-dem-Video_The-Burning-Field_2017-368x276.jpg 368w, https:\/\/www.geh8.de\/page\/wp-content\/uploads\/2019\/02\/Mila-Panic_Still-aus-dem-Video_The-Burning-Field_2017-90x67.jpg 90w\" sizes=\"(max-width: 288px) 100vw, 288px\" \/><\/a><div class=\"grid-entry haase-archive\" data-content=\"\u00bbThe Future of Time\u00ab is dedicated to the artistic examination of contemporary issues. Whether historical memento mori or visionary visions of the future, the positioning on the axis of time forms an anchor point for our consciousness. Here, the past can be reflected, the future can be targeted and the present understood. The exhibition unites various positions of international artists in partly expansive installations and opens up to the public versatile and new perspectives on a universal topic. Let yourself be surprised and take your time.\r\n\r\nOpening: Thursday, 13. Juni 2019, 7 pm\r\nDuration:&nbsp;14.6. \u2013 7.7.2019\r\nOpening Hours: Sat &amp; Sun 3 \u2013 7 pm\r\nClosing brunch: Sunday, 7.7.2019, 11 am\r\n\r\nCurators: Tereza Nov\u00e1kov\u00e1 &amp; Thomas Judisch\r\n\r\nParticipating artists:\r\nMiriam Hamann (AUT), Angelica Fernandez Ortiz (DEU), Robert Vlas\u00e1k (CZE), Frenzy H\u00f6hne (DEU), Claire Laude (FRA), Mila Panic (BIH), Jan Krti\u010dka (CZE)\r\n\r\nImage: \u00a9 Mila Panic; from the video \u201aBurning Field\u2018, 2017\r\n\r\n[ngg src=&quot;galleries&quot; ids=&quot;113&quot; display=&quot;basic_thumbnail&quot; thumbnail_crop=&quot;0&quot;]\r\n\r\n&nbsp;\r\nFotos: \u00a9&nbsp;pidelta.de\r\n\"><ul class=\"post-categories\">\n\t<li><a href=\"https:\/\/www.geh8.de\/en\/category\/ausstellung\/\" rel=\"category tag\">Exhibition<\/a><\/li><\/ul><h3><span class=\"sub1\"><span class=\"sub2\"><span class=\"sub3\"><a href=\"https:\/\/www.geh8.de\/en\/the-future-of-time\/\">The Future of Time<\/a><\/span><\/span><\/span><\/h3><p>\u00bbThe Future of Time\u00ab is dedicated to the artistic examination of contemporary issues. Whether historical [&hellip;]<\/p>\n<\/div><\/div><div class=\"grid-item archive hyphenate querformat post-6620 post type-post status-publish format-standard has-post-thumbnail hentry category-konzert\"><a href=\"https:\/\/www.geh8.de\/en\/alte-meister-epilog\/\"><img decoding=\"async\" src=\"https:\/\/www.geh8.de\/page\/wp-content\/uploads\/2019\/06\/pic-126-288x216.jpg\" class=\"attachment-tile-landscape-low size-tile-landscape-low wp-post-image\" alt=\"\" srcset=\"https:\/\/www.geh8.de\/page\/wp-content\/uploads\/2019\/06\/pic-126-288x216.jpg 288w, https:\/\/www.geh8.de\/page\/wp-content\/uploads\/2019\/06\/pic-126-448x336.jpg 448w, https:\/\/www.geh8.de\/page\/wp-content\/uploads\/2019\/06\/pic-126-368x276.jpg 368w, https:\/\/www.geh8.de\/page\/wp-content\/uploads\/2019\/06\/pic-126-90x67.jpg 90w\" sizes=\"(max-width: 288px) 100vw, 288px\" \/><\/a><div class=\"grid-entry haase-archive\" data-content=\"\r\n\r\nThursday, July 4, 8 p.m.\r\n\r\n\r\n\r\nWith the &quot;sonate for cello solo&quot; by Bernd-Alois Zimmermann, composed in 1960, a new era began in the literature for cello solo. Since then, cello solo pieces can be found in the works of almost every composer. In the very first decade, a number of pieces were written that can now be considered classics.\r\n\r\nSince 2014 Matthias Lorenz has been organizing the series &quot;Old Masters&quot;. It began with a prologue of 4 masterpieces, and from 2015 to 2018 the focus was on one of the works at a time under the titles &quot;Time - Space - Lightness - Balance&quot;. The four composers J\u00f6rg Herchet, Peter Ablinger, Benjamin Schweitzer and Charlotte Seither were invited to compose a new piece for these concerts, which was placed in the context of the old piece and premiered as part of the series.\r\n\r\nIn 2019, an epilogue will conclude the series, in which these four newly created pieces will once again be heard one right after the other.\r\n\r\nConcept and music Matthias Lorenz (DEU)\r\n\r\nHere are the photos of the concert:\r\n\r\n[ngg src=&quot;galleries&quot; ids=&quot;107&quot; display=&quot;basic_thumbnail&quot;]\r\n\r\n\r\n\r\n&nbsp;\r\npictures: \u00a9 pidelta.de\r\n\r\n\"><ul class=\"post-categories\">\n\t<li><a href=\"https:\/\/www.geh8.de\/en\/category\/konzert\/\" rel=\"category tag\">Concert<\/a><\/li><\/ul><h3><span class=\"sub1\"><span class=\"sub2\"><span class=\"sub3\"><a href=\"https:\/\/www.geh8.de\/en\/alte-meister-epilog\/\">Alte Meister \u2013 Epilog<\/a><\/span><\/span><\/span><\/h3><p>Thursday, July 4, 8 p.m. With the &#8220;sonate for cello solo&#8221; by Bernd-Alois Zimmermann, composed [&hellip;]<\/p>\n<\/div><\/div><div class=\"grid-item archive hyphenate querformat post-6545 post type-post status-publish format-standard has-post-thumbnail hentry category-symposium\"><a href=\"https:\/\/www.geh8.de\/en\/katalyzator-neues-grenzuebergreifendes-netzwerk-und-kulturkatalysator\/\"><img decoding=\"async\" src=\"https:\/\/www.geh8.de\/page\/wp-content\/uploads\/2018\/12\/IMG_2752-288x216.jpg\" class=\"attachment-tile-landscape-low size-tile-landscape-low wp-post-image\" alt=\"\" srcset=\"https:\/\/www.geh8.de\/page\/wp-content\/uploads\/2018\/12\/IMG_2752-288x216.jpg 288w, https:\/\/www.geh8.de\/page\/wp-content\/uploads\/2018\/12\/IMG_2752-100x75.jpg 100w, https:\/\/www.geh8.de\/page\/wp-content\/uploads\/2018\/12\/IMG_2752-1024x768.jpg 1024w, https:\/\/www.geh8.de\/page\/wp-content\/uploads\/2018\/12\/IMG_2752-80x60.jpg 80w, https:\/\/www.geh8.de\/page\/wp-content\/uploads\/2018\/12\/IMG_2752-768x576.jpg 768w, https:\/\/www.geh8.de\/page\/wp-content\/uploads\/2018\/12\/IMG_2752-1536x1152.jpg 1536w, https:\/\/www.geh8.de\/page\/wp-content\/uploads\/2018\/12\/IMG_2752-2048x1536.jpg 2048w, https:\/\/www.geh8.de\/page\/wp-content\/uploads\/2018\/12\/IMG_2752-448x336.jpg 448w, https:\/\/www.geh8.de\/page\/wp-content\/uploads\/2018\/12\/IMG_2752-368x276.jpg 368w, https:\/\/www.geh8.de\/page\/wp-content\/uploads\/2018\/12\/IMG_2752-90x67.jpg 90w\" sizes=\"(max-width: 288px) 100vw, 288px\" \/><\/a><div class=\"grid-entry haase-archive\" data-content=\"SAVE THE DATE\r\n\r\nSymposium and Launch Session:\r\nKATALYZATOR \u2013 New cross-border network and cultural catalyzer\r\ninitiative by GEH8, Dresden (DE) and Hrani\u010d\u00e1\u0159, \u00dast\u00ed nad Labem (CZ)\r\nThe newly developed, cross-border network connects professional artists and cultural managers in the Bohemian-Saxonian border region in order to promote the positioning of independent art and culture in the regional development. The network is designed as communication platform offering all members a professional environment, consulting, training, exchange of experience and the opportunity to implement own projects.\r\nThe symposium presents the actors and vision of the network, with special guests and cultural programme.\r\nThe symposium will be held in Czech and German language with interpreters.\r\nThe symposium is open for public. Admission is free of charge. \r\nProgramme details and registration under: https:\/\/katalyzator.net\r\n\r\n\r\n1. turn: Cultural exchange and cross-border networks in the region\r\ndate: May 15, 2019\r\nlocation: GEH8, Gehestr. 8, 01127 Dresden (DE)\r\n\r\nprogramme:\r\n10:00 \u2013 10:30 am: Get-together\r\n\r\n10:30 \u2013 12:00 am: Open talk session: \r\n Cultural networks - communication strategies and our network\r\nwith Oliver Kochta-Kalleinen (artist, networker and co-organiser of Pixelache Festival, Helsinki)\r\n12:00 am - 1:00 pm:&nbsp; lunch break\r\n\r\n1:00 pm - 2:30 pm:&nbsp; Open talk session: Cultural networks - organisational structures, capacitiy building and our network\r\n with Michel Qu\u00e9r\u00e9 (capacity building director of TEH - Trans Europe Halles, Lund)\r\n2:30 pm - 3:00 pm:&nbsp; coffee break\r\n\r\n3:00 pm - 4:30 pm:&nbsp; Presentation: Our network und involved actors from the region\r\n with Veronika Kirchmaier (Kulturfabrik Meda, Mittelherwigsdorf), Felix Schuster (Festival Zukunftsvisionen, G\u00f6rlitz), Sylvia Angele (riesa efau, Dresden), Mirek Koranda (Kuprosp\u011bchu, Chomutov), Hana Galiov\u00e1 (Kinoklub Ostrov, Litom\u011b\u0159ice), Lenka Kahuda Kloko\u010dkov\u00e1 (Litho Lito, Litom\u011b\u0159ice), Petra Filipovsk\u00e1 &amp; Leona Nesvadbov\u00e1 (Ahoj Nazdar \u010cau, Liberec), Michaela Spru\u017einov\u00e1 (Galerie DESKA, \u00dast\u00ed nad Labem) as well as Paul Elsner (GEH8, Dresden) and Ale\u0161 Loziak (Hrani\u010d\u00e1\u0159, \u00dast\u00ed nad Labem)\r\n moderated by Christina Frankenberg (deputy director of Czech Centre, Berlin)\r\n4:30 pm - 4:45 pm:&nbsp; coffee break\r\n\r\n4:45 pm \u2013 5:15 pm: Keynote speeches: \r\nFrom the Middle Ages to the 2000&#039;s -\r\n Cross-border cultural exchange between Saxony and Bohemia\r\nwith Lenka Nemravov\u00e1 (historian and co-curator of the exhibition \u201eSaxony Bohemia 7000\u201c, State Museum of Archaeology, Chemnitz and National Gallery Prague),Alexander Pehlemann (curator and art historian, chief editor of Zonic Magazine, co-organiser of the festival \u201ePolenmARkT\u201c and initiator of \u201eNeue Sorbische Kunst\u201c, Leipzig) and Jan Kvapil (germanist and cultural mediator, J. E. Purkyn\u011b University and coordinator of CEPRONIV \u2013 Center for the Promotion of the German Language and Intercultural Education, \u00dast\u00ed nad Labem)\r\nmoderated by Christina Frankenberg\r\n5:15 pm \u2013 6:00 pm: Discussion panel: History, present and future in the Saxon-Bohemian region - Cultural exchange, networks and cross-border relations\r\n\r\nwith Lenka Nemravov\u00e1, Alexander Pehlemann and Jan Kvapil\r\nas well as Paul Elsner and Ale\u0161 Loziak\r\n moderated by Christina Frankenberg\r\n\r\nparallel: Artistic programme: \r\nwith Michaela Spru\u017einov\u00e1 (installation\/video), \u017darko Aleksi\u0107 (performance)\r\nand Mandy M\u00fcnzner (graphics)\r\n\r\nfrom 6 pm:&nbsp; Get-together, open bar and campfire\r\n Katalyzator meets TEH - Trans Europe Halles\r\nThe symposium is a pre-event of TEH 87, a conference of Trans Europe Halles hosted by Zentralwerk, Dresden, May 16 \u2013 19, 2019. More info: https:\/\/teh87.zentralwerk.de\/\r\n\r\n2. turn: Socio-economic impact of cultural organizations on their local environment\r\ndate: May 24, 2019\r\nlocation: Hrani\u010d\u00e1\u0159, Prokopa Divi\u0161e 1812\/7, 40001 \u00dast\u00ed nad Labem (CZ)\r\n\r\nprogramme:\r\n10:00 \u2013 12:00 Open talk sessions and networking, presentation of the network and actors\r\n13:00 - 15:00 Conference: Why to invest in culture of the region?\r\nfrom 16:00 Get-together, gallery and museum night \r\nspeakers:\r\nMirek Koranda (Kuprosp\u011bchu, Chomutov): Cultural effects on the region - Case studies from abroad\r\nBarbora T\u00f3thov\u00e1 (Antena.sk, Ko\u0161ice): How a cultural network works in Slovakia\r\nDita Eibenov\u00e1 (Plato, Ostrava): Ostrava and the European Capital of Culture\r\nThe symposium is followed by the local gallery and museum night in \u00dast\u00ed nad Labem \u2013 you can look forward to theatre performances, video projections in the streets, classical music, art interventions, workshops and much more.\r\n***\r\nThe symposium is an event in framework of the project \u201cPublic Platforms for Culture in the City \u2013 Cooperation Forum for Culture \u00dast\u00ed nad Labem \u2013 Dresden\u201d. The project is supported by means of the European Union and the Czech-German Fund for the Future.\r\nGEH8 Kunstraum und Ateliers e.V is funded by the Cultural Foundation of the Free State of Saxony and the City of Dresden. Ve\u0159ejn\u00fd s\u00e1l Hrani\u010d\u00e1\u0159 is supported by the Statutory City of \u00dast\u00ed nad Labem, the State Cinematography Fund and the Ministry of Culture of Czech Republic.\r\n\r\n\r\n&nbsp;\"><ul class=\"post-categories\">\n\t<li><a href=\"https:\/\/www.geh8.de\/en\/category\/symposium\/\" rel=\"category tag\">Symposium<\/a><\/li><\/ul><h3><span class=\"sub1\"><span class=\"sub2\"><span class=\"sub3\"><a href=\"https:\/\/www.geh8.de\/en\/katalyzator-neues-grenzuebergreifendes-netzwerk-und-kulturkatalysator\/\">KATALYZATOR \u2013 New cross-border network and cultural catalyzer<\/a><\/span><\/span><\/span><\/h3><p>SAVE THE DATE Symposium and Launch Session: KATALYZATOR \u2013 New cross-border network and cultural catalyzer [&hellip;]<\/p>\n<\/div><\/div><div class=\"grid-item archive hyphenate querformat post-6239 post type-post status-publish format-standard has-post-thumbnail hentry category-festival\"><a href=\"https:\/\/www.geh8.de\/en\/1-verstaerker-kurz-film-festival\/\"><img decoding=\"async\" src=\"https:\/\/www.geh8.de\/page\/wp-content\/uploads\/2019\/05\/pic-159-288x216.jpg\" class=\"attachment-tile-landscape-low size-tile-landscape-low wp-post-image\" alt=\"\" srcset=\"https:\/\/www.geh8.de\/page\/wp-content\/uploads\/2019\/05\/pic-159-288x216.jpg 288w, https:\/\/www.geh8.de\/page\/wp-content\/uploads\/2019\/05\/pic-159-448x336.jpg 448w, https:\/\/www.geh8.de\/page\/wp-content\/uploads\/2019\/05\/pic-159-368x276.jpg 368w, https:\/\/www.geh8.de\/page\/wp-content\/uploads\/2019\/05\/pic-159-90x67.jpg 90w\" sizes=\"(max-width: 288px) 100vw, 288px\" \/><\/a><div class=\"grid-entry haase-archive\" data-content=\"As part of its &quot;Verst\u00e4rker&quot; program, GEH8 organizes the 1st Art Film Festival and awards the &quot;Verst\u00e4rker&quot; Award.\r\n\r\nOn may 10th, the festival presents short film contributions by students from selected art universities in the new federal states.\r\n\r\nAt this festival the audience decides: Come to the screening and vote for your favorite!\r\n\r\nThe winners will be honored at a big gala show with live music and after party on Saturday, May 11th.\r\n\r\nOn May 10, the audience has decided! Here you can find the shortlist and award winners of the 1st amplifier art film award:\r\n1st Place (Verst\u00e4rker-Award + 300 Euro)\r\nCHRISTOPH BLANKENBURG with DEEP AM RENNSTEIG (17 votes)\r\n2nd Place (100 Euro each)\r\nVINCENT BRI\u00c8RE with BAUHAUS FOREVER (15 votes)\r\n\r\nHANNES NAUMANN with WOLFGANG HAUSSMANN (15 votes)\r\n\r\nMINHYE CHU with FAIR GROUNDS (15 votes)\r\nSpecial mention:&nbsp;\r\nSOPHIE ROESER &amp; ANNA BILOUSOVA with BLACK DOG (10 votes)\r\n\r\nWe want to thank once again all applicants, guests and the whole team. It was a wonderful first movie festival! We are looking forward to the next year ...\r\nHere are some pictures from the Festival:\r\n[ngg src=&quot;galleries&quot; ids=&quot;106&quot; exclusions=&quot;1911&quot; sortorder=&quot;1910,1905,1908,1912,1917,1913,1918,1914,1915,1916,1906,1919,1907,1923,1922,1920,1909,1921,1911&quot; display=&quot;basic_thumbnail&quot;]&nbsp;\r\n\r\npictures: \u00a9 pidelta.de\r\n&nbsp;\r\nParticipants:\r\n&nbsp;\r\nBauhaus-Universit\u00e4t \/ Weimar:\r\n\r\n\r\nKONRAD BEHR with BRANDEN\r\n\r\nBRANDEN is a spontaneous snapshot based on a poem by Viktor Dallmann. The film transports moments from urban environments back to a place, a production facility that often gives city its character - a concrete plant.\r\n\r\n&nbsp;\r\n\r\n\r\n\r\n\r\n\r\nCHRISTOPH BLANKENBURG with DEEP AM RENNSTEIG\r\nWhat is the emissary from the stars doing in the Thuringian Forest? - Shaken awake by the construction of new roads, cutting paths between concrete births or calibrating. The film shows an approach to the conditions of the earth&#039;s surface. We are taken on a short journey along the Rennsteig.\r\n\r\n\r\n\r\nVINCENT BRI\u00c8RE with BAUHAUS FOREVER\r\nBauhaus Forever features Grrropius, the Bauhaus obsessed international pop star. It is a music video of his first single which presents Grrropius&#039; elegant and confident personality on top of electronic beats. To get more information about his thriving career follow him on social media with @grrropius.\r\n\r\n&nbsp;\r\n\r\nJANO KALTENBACH with ZAHME TIERCHEN\r\nMirko and Jano want to break into the zoo because their professor has promised them a grade of 1.0 for it. During their spontaneous attempt they encounter some difficulties.\r\n\r\n\r\n&nbsp;\r\n\r\nPALOMA LIAMB\u00cdAS with DAS GLEICHE GEWICHT\r\nEqual Weight deals with the question of what remains of a life when there are no documents of memory. With her family, the Chilean artist goes in search of traces in the house of her deceased grandparents in the Andes - and creates with performative and artistic means a poetic-experimental documentary film and a multi-layered medial self-reflection at the same time.\r\n\r\n\r\nANIKA MAETZKE with SOCIALUP\r\n\r\nJan is seeing a therapist because he is having trouble interacting socially with his colleagues at work. Somehow everything is always a little too close for him and he also seems to be the only one who feels this way. So I guess he needs to change his ways.\r\n&nbsp;\r\n\r\nHANNES NAUMANN with WOLFGANG HAUSSMANN\r\nThe pensioner and passionate hobby filmmaker Wolfgang Hau\u00dfmann is well-known in the sleepy spa town of Bad Frankenhausen, at least since he proudly presented his invention in a curious appearance on GDR television: The breaststroke. While the small town celebrates the unusual sport with a self-staged world championship, Hau\u00dfmann dreams of the big time: &quot;Maybe it will be Olympic one day!&quot;\r\n\r\nSOPHIE ROESER &amp; ANNA BILOUSOVA with BLACK DOG\r\nA woman is attacked by a big black dog one evening after visiting friends and is threatened to be devoured by it. But this dog is not a real animal. An inner struggle for her survival begins.\r\n\r\n&nbsp;\r\n&nbsp;\r\nBurg Giebichtenstein \/ Halle (Saale):\r\n\r\n\r\n&nbsp;\r\n\r\nAHRAM CHOI with SUCKSTOBEYOU\r\n\r\nI feel like a stranger and I just keep breathing, every day. You&#039;ll find something that doesn&#039;t fit, but there&#039;s nothing you can do about it. Take it for what it is. Will you laugh at my awkwardness?\r\n\r\n&nbsp;\r\nBINHA HAASE &amp; SARA GLOJNARI\u0106 with #POPFEM\r\n#popfem deals with anti-feminist movements on YouTube and transforms their statements into their opposite: representatives of these movements quote feminist texts on abortion rights, &quot;rape culture&quot; and internalized sexism. Methodically, we, like our protagonists, remove foreign material from its context and assemble it in such a way that it confirms our own ideology.\r\n\r\nFABIAN HABECKER with FOTOFILM \u2013 aus der Reihe Kunstdiskurs aktuell\r\nThis 6-minute photo film documents everyday things with a smartphone camera and makes one thing clear: art is a matter of attitude. The narrator&#039;s voice persistently sharpens our eye for everyday symbolic worlds and looks beneath the layers of color and levels of meaning. The question arises: how much meaning lies in the interpretation? An educational piece about perception, until the cell phone battery gives up the ghost.\r\n\r\n\r\nISABELLE HUCHT with DAILY ROUTINE\r\nRoutines are repeated activities and processes; they give rise to everyday life. Routines reduce the number of everyday decisions and thus make everyday life easier. For the video Daily Routine I filmed myself on four days of my daily life with my cell phone camera.\r\n\r\n\r\n\r\nDAN PELED with EINWANDERUNGSVIDEO\r\nVideo work doesn&#039;t come naturally to me. I&#039;m an analog guy in a digital world. I don&#039;t have an eye for photography either. But our world is changing fast and you have to know when it&#039;s time to leave the familiar and approach the unknown. This is my immigration video.\r\n\r\n\r\nNATALIA SHUMSKAYA with KALEIDOSKOP\r\nIn a journey through the tunnel of mirrors, a crystal play appears at the end of the light through multiplication, consisting of infinite patterns. This pattern can be imagined metaphorically as a fairy tale. In every mirror journey a secret is hidden. During the journey one sinks into it, with the possibility to develop a language oneself to follow the fairy tale.\r\n\r\n\r\nJENNY WAGNER with NORMALIT\u00c4T\r\nJenny Wagner&#039;s work &quot;Normality&quot; examines the social norms and stereotypes that surround us like an invisible prison. Biological gender decides the color of baby clothes as well as job prospects and whether we are rich or poor with statistical precision. Is it possible to break out of the patterns of this social normality?\r\n\r\n\r\n\r\nFLORIAN WENDLER with DER GNEIS VON OSTERMUNZEL\r\nThe process of removing a stone from its original environment and setting it up again in a different place can be traced back to the earliest times of mankind. It was an expression of religious-magical experience and at the same time a first defiant attempt of rebellion against a world that, like the stone, is hard and strange and unavailable. The film &quot;The Gneiss of Ostermunzel&quot; translates this archaic process into our modern world. We see an erratic boulder weighing 30 tons, placed in thick iron chains it is lifted out of a hole by a crane, centimeter by centimeter it rises, then floats above the earth for a while. He invites us to float with him, into a magical dream world, until an applause pulls us out, sends us back to reality, where all the sublimity of matter dissolves, into an absurd spectacle of human power.\r\n&nbsp;\r\nHfBK \/ Dresden:\r\nMIRIAM KROKER with &quot;THE PERFORMANCE OF THE MOON&quot;\r\n&quot;The Performance of the Moon&quot; is the Performance of the Moon.\r\n\r\n\r\n&nbsp;\r\n\r\n&nbsp;\r\n&nbsp;\r\n&nbsp;\r\nHGB \/ Leipzig:\r\n\r\nBERNHARD BORMANN with DIE KOMISCHEN ACKERBAUERN GRABEN DIE LUSTIGEN IGEL AUS\r\nThe experimental film &quot;The funny farmers dig up the funny hedgehogs.&quot; is an attempt to pick up the viewer at the limits of imagination. To this end, the film works visually in various directions - does the viewer dabble in the title? Does he concentrate on the play of images? Does he fixate on an area? On the audio level, the film opens up to the cinema hall, as the rustling of the neighbor or the coughing in a corner of the room becomes both a subjective experience and an intervention in the film for all the guests in the room.\r\n\r\nMINHYE CHU with FAIR GROUNDS\r\nThe film focuses on a worker who disassembles a metal structure. During the actions at great heights, the worker puts his body at risk and is permanently endangered. The realistic sounds of the film footage were edited and arranged to create a rhythmic score. As a result, the worker seems to float in space between the white metal bars while performing a choreography.\r\n\r\nRAWAN HASSAN with SCHWARZ ODER WEISS?\r\nI describe in the video in my method my feelings and emotions since I fled to Germany. As an artist ... as a woman and of course as a refugee here!\r\n\r\n&nbsp;\r\n\r\nSUSANNE KONTNY with DAS GANZE VOLK\r\nChristmas 2018. My grandfather tells about his father.\r\n\r\n&nbsp;\r\n&nbsp;\r\n&nbsp;\r\n\r\nHELENA K\u00dcHNEMANN with SELBST OHNE AUSSEN\r\nWhat remains when everything disappears? The film Selbst Ohne Aussen examines these realities of different worlds of staging. The desire to deliver a perfect image awakens the pose. Viewers become viewers, movements pause and become the non-moving. What perhaps remains is a subject transformed into a giant surface, an alienated image feedback in the echo chamber of virtual reality.Meanwhile, it seems as if the mirror has become entangled in the mirror, with the fate of the image remaining only a small detail. The film accompanies a character through these staged worlds, mixing narratives of the subconscious with a dream-like imagery. A presence thus settles in for the long haul.\r\n\r\nCHRISTOPH LIEPACH with NEHMEN SIE DIE TREPPE\r\nA short essay about transient, meaningless, one-sidedly used similar places. &quot;To walk is to miss the place.&quot; (De Certeau 1980, 197) In passing, in everyday life, there remains little occasion for approach other than use. Three spaces in the form of underpasses tell their everyday, repetitive story. At peak times, otherwise rather weakly frequented.\r\n\r\nBEATRICE MOUMDJIAN with SACHSTANDSDOKUMENTATION (Nr. 0617 - 0918)\r\nSachstandsdokumentation is an ongoing episodic film series. The protagonist with her cardboard surveillance camera hat moves through Sofia, Leipzig and Berlin, interacting with architecture, urban surveillance systems and political and cultural sites of power. The Hague will be the conclusion of the exploration.\r\n\r\n\r\nKATHARINA NESTEROWA with SCHWESTER MILA\r\n&nbsp;\r\n&nbsp;\r\n&nbsp;\r\n&nbsp;\r\n&nbsp;\r\nKunsthochschule Wei\u00dfensee \/ Berlin:\r\n\r\nFREDERIK B\u00d6SING with SMOKERS\r\n&quot;Smokers&quot; is an experimental short documentary, based on the &quot;Screentest&quot; series by Andy Warhol. Several smokers were asked to smoke a cigarette in front of the camera - alone and without direction. The camera becomes an object of communication and the participants have to relate to it. Through the inner conflict and the confrontation with oneself, intimate portraits emerge that reflect on how we deal with our weaknesses and vices.\r\n\r\n\r\n\r\n\"><ul class=\"post-categories\">\n\t<li><a href=\"https:\/\/www.geh8.de\/en\/category\/festival\/\" rel=\"category tag\">Festival<\/a><\/li><\/ul><h3><span class=\"sub1\"><span class=\"sub2\"><span class=\"sub3\"><a href=\"https:\/\/www.geh8.de\/en\/1-verstaerker-kurz-film-festival\/\">1st Verst\u00e4rker Art-Film-Festival: Winners announced!<\/a><\/span><\/span><\/span><\/h3><p>As part of its &#8220;Verst\u00e4rker&#8221; program, GEH8 organizes the 1st Art Film Festival and awards [&hellip;]<\/p>\n<\/div><\/div><div class=\"grid-item archive hyphenate querformat post-6310 post type-post status-publish format-standard has-post-thumbnail hentry category-info category-jahresthemen\"><a href=\"https:\/\/www.geh8.de\/en\/jahresthema-2019-aus-ruecksicht-auf-die-zukunft\/\"><img decoding=\"async\" src=\"https:\/\/www.geh8.de\/page\/wp-content\/uploads\/2019\/01\/jahresthema_logo-288x216.png\" class=\"attachment-tile-landscape-low size-tile-landscape-low wp-post-image\" alt=\"\" srcset=\"https:\/\/www.geh8.de\/page\/wp-content\/uploads\/2019\/01\/jahresthema_logo-288x216.png 288w, https:\/\/www.geh8.de\/page\/wp-content\/uploads\/2019\/01\/jahresthema_logo-448x336.png 448w, https:\/\/www.geh8.de\/page\/wp-content\/uploads\/2019\/01\/jahresthema_logo-368x276.png 368w, https:\/\/www.geh8.de\/page\/wp-content\/uploads\/2019\/01\/jahresthema_logo-90x67.png 90w\" sizes=\"(max-width: 288px) 100vw, 288px\" \/><\/a><div class=\"grid-entry haase-archive\" data-content=\"In its self-image as a place of artistic exploration of social issues, the GEH8-Kunstraum dedicates the year 2019 to the motto:\r\n\r\n\r\n\r\n&nbsp;\r\n\r\nThirty years after the drastic political and social upheavals that fundamentally changed the states of Eastern and Central Europe, we look back to the hopes and visions of those days, question their relevance in the present, and open our doors to new utopias.\r\n\r\n&nbsp;\r\n1989 ist zu einem quasi-mythischen Chiffre politischer und sozialer Ver\u00e4nderungen in der europ\u00e4ischen Geschichte geworden. Bereits zu seiner Zeit randvoll mit Aussichten auf die Zukunft, steht es bis heute eher f\u00fcr einen M\u00f6glichkeits- als einen Wirklichkeitsraum ein. Die Hoffnungen und Bef\u00fcrchtungen, Utopien und Dystopien, die mit dem Jahr 1989 verbunden waren, sind inzwischen aus der Zeit gefallen, \u00fcberholt von einer Geschichte, die einmal mehr gezeigt hat, dass die einzige Zukunft, die den Namen verdient, die ist, die nicht vorhergesagt werden kann.&nbsp;Dennoch durchwabern die unerf\u00fcllten Potenziale des Jahres 1989 weiterhin die kollektiven Imaginationen und politischen Agenden der Gegenwart. Ohne eine Perspektive auf 1989, l\u00e4sst sich die deutsche und europ\u00e4ische Gegenwart des Jahres 2019 nicht verstehen.&nbsp;Marian Kaiser\r\n&nbsp;\r\n&quot;Out of Focus On The Future&quot; reflects, on the one hand, the critical review of history as a necessary part of a retrospective view of the turbulent phase of the so-called &quot;turning point.&quot; On the other hand, the chronological arc from the past to the present is to be stretched to the future Jubilee background to inspire reflections on the present and the future. What do 30-year-old artistic and social utopias tell us about the present? What responsibility does the experience of the experience have for the future In exploring this temporal link, we want to open a space who brings the historical into dialogue with the future and unfolds a productive excitement to make new perspectives productive.\r\n\r\nWe will trace the facets of our annual theme 2019 with various projects, exhibitions and festivals.\r\n\r\n&nbsp;\"><ul class=\"post-categories\">\n\t<li><a href=\"https:\/\/www.geh8.de\/en\/category\/info\/\" rel=\"category tag\">Info<\/a><\/li>\n\t<li><a href=\"https:\/\/www.geh8.de\/en\/category\/jahresthemen\/\" rel=\"category tag\">Jahresthemen<\/a><\/li><\/ul><h3><span class=\"sub1\"><span class=\"sub2\"><span class=\"sub3\"><a href=\"https:\/\/www.geh8.de\/en\/jahresthema-2019-aus-ruecksicht-auf-die-zukunft\/\">Annual topic 2019: OUT OF FOCUS ON THE FUTURE<\/a><\/span><\/span><\/span><\/h3><p>In its self-image as a place of artistic exploration of social issues, the GEH8-Kunstraum dedicates [&hellip;]<\/p>\n<\/div><\/div><div class=\"jahrestrenner m-5  grid-item archive hyphenate querformat post type-post status-publish format-standard has-post-thumbnail hentry category-ausstellung\"\n                         style=\"position: absolute; left: 0px; top: 0px;background-color:#fff;\"><a\n                        ><\/a>\n                        <div class=\"grid-entry\" style=\" background-color:transparent;color#000;\">\n                            <ul class=\"post-categories\">\n                                <li><a rel=\"category tag\">JAHR<\/a><\/li>\n                            <\/ul>\n\n                                            <h2 class=\"archiv-jahrestrenner\">2018<\/h2>\n\n\n                        <\/div>\n                    <\/div><div class=\"grid-item archive hyphenate querformat post-6126 post type-post status-publish format-standard has-post-thumbnail hentry category-verein\"><a href=\"https:\/\/www.geh8.de\/en\/frohe-weihnachten-und-ein-gutes-neues-jahr\/\"><img decoding=\"async\" src=\"https:\/\/www.geh8.de\/page\/wp-content\/uploads\/2018\/12\/geh8_background_weihnachten-288x216.jpg\" class=\"attachment-tile-landscape-low size-tile-landscape-low wp-post-image\" alt=\"\" srcset=\"https:\/\/www.geh8.de\/page\/wp-content\/uploads\/2018\/12\/geh8_background_weihnachten-288x216.jpg 288w, https:\/\/www.geh8.de\/page\/wp-content\/uploads\/2018\/12\/geh8_background_weihnachten-448x336.jpg 448w, https:\/\/www.geh8.de\/page\/wp-content\/uploads\/2018\/12\/geh8_background_weihnachten-368x276.jpg 368w, https:\/\/www.geh8.de\/page\/wp-content\/uploads\/2018\/12\/geh8_background_weihnachten-90x67.jpg 90w\" sizes=\"(max-width: 288px) 100vw, 288px\" \/><\/a><div class=\"grid-entry haase-archive\" data-content=\"We look back on an exciting, diverse and intensive year 2018, from which we would like to share some impressions with you.\r\n\r\nOnly through the dedication and commitment of numerous people was it possible again this year to put together an extensive program and at the same time to press ahead with the structural renovation to maintain and further develop our site. For this, we would like to thank all those who actively support us in spirit.\r\n\r\nTo ensure that the future of our art and cultural center remains secure, we need your commitment: support our association through your membership or a donation.\r\n\r\nWe wish you relaxing holidays, a happy new year and look forward to seeing you in the new year.\r\n\r\n\"><ul class=\"post-categories\">\n\t<li><a href=\"https:\/\/www.geh8.de\/en\/category\/verein\/\" rel=\"category tag\">Association<\/a><\/li><\/ul><h3><span class=\"sub1\"><span class=\"sub2\"><span class=\"sub3\"><a href=\"https:\/\/www.geh8.de\/en\/frohe-weihnachten-und-ein-gutes-neues-jahr\/\">Happy christmas and a wonderful new year!<\/a><\/span><\/span><\/span><\/h3><p>We look back on an exciting, diverse and intensive year 2018, from which we would [&hellip;]<\/p>\n<\/div><\/div><div class=\"grid-item archive hyphenate querformat post-6117 post type-post status-publish format-standard has-post-thumbnail hentry category-kooperationen\"><a href=\"https:\/\/www.geh8.de\/en\/kooperationsforum-fuer-kultur-2\/\"><img decoding=\"async\" src=\"https:\/\/www.geh8.de\/page\/wp-content\/uploads\/2018\/12\/Logo-quadratisch-288x216.jpg\" class=\"attachment-tile-landscape-low size-tile-landscape-low wp-post-image\" alt=\"\" srcset=\"https:\/\/www.geh8.de\/page\/wp-content\/uploads\/2018\/12\/Logo-quadratisch-288x216.jpg 288w, https:\/\/www.geh8.de\/page\/wp-content\/uploads\/2018\/12\/Logo-quadratisch-448x336.jpg 448w, https:\/\/www.geh8.de\/page\/wp-content\/uploads\/2018\/12\/Logo-quadratisch-368x276.jpg 368w, https:\/\/www.geh8.de\/page\/wp-content\/uploads\/2018\/12\/Logo-quadratisch-90x67.jpg 90w\" sizes=\"(max-width: 288px) 100vw, 288px\" \/><\/a><div class=\"grid-entry haase-archive\" data-content=\"\r\n\r\n\r\n\r\n\r\nWith the German-Czech exchange and cooperation platform we bring together independent art and cultural organizations in the border region of North Bohemia and Saxony. Our goal is to establish a long-term forum for mutual support and joint action.\r\n\r\nWe will start with research trips in the region to get to know the actors and their needs, challenges and potentials on the spot. In subsequent workshops, we will formulate common goals and strategies for the platform&#039;s networking work and discuss fields of action from cultural practice in the border region, based on the following topics:\r\n\r\nOrganizational structures and financing models\r\nCultural education, citizen participation and civil society engagement.\r\nNetworking, partnerships and alliances with local communities, educational institutions, administrative authorities and the private sector.\r\n\r\nCultural policy advocacy and recommendations for action.\r\nRegional and site development, revitalization and reuse strategies.\r\nCreative industries, social entrepreneurship and tourism.\r\n\r\nThe event will be concluded by a two-part symposium with contributions from Germany and the Czech Republic (discussions, artistic interventions, performances, etc.). The symposium will also present the perspectives of the platform and open up impulses for future cooperation projects.\r\n\r\n\r\n\r\n\r\n\r\n\r\n[caption id=&quot;attachment_6161&quot; align=&quot;alignnone&quot; width=&quot;3041&quot;] Research trip in North Bohemia, on the Rabryka area with Jessica Z\u00fcchner from the association Second Attempt, which also organizes the festival Zukunftsvisionen \/ V ar\u00e9alu Rabryky s Jessicou Z\u00fcchnerovou ze spolku Second Attempt, kter\u00fd tak\u00e9 po\u0159\u00e1d\u00e1 festival Zukunftsvisionen, G\u00f6rlitz, http:\/\/www.rabryka.eu, http:\/\/www.second-attempt.de\/, https:\/\/www.zuvi-festival.de\/ Photo: Christine Rahn[\/caption]\r\n\r\n[caption id=&quot;attachment_6164&quot; align=&quot;alignnone&quot; width=&quot;3264&quot;] Research trip in Saxony, in the courtyard of the Zentralwerk with Barbara Lubich, Anja Kempe &amp; Dirk Lange \/ Na n\u00e1dvo\u0159\u00ed Zentralwerku s Barbarou Lubichovou, Anjou Kempeovou &amp; Dirkem Langem z Zentralwerku, Dresden, http:\/\/www.zentralwerk.de Photo: Paul Elsner[\/caption]\r\n\r\n[caption id=&quot;attachment_6163&quot; align=&quot;alignnone&quot; width=&quot;2000&quot;] Recherchereise in Nordb\u00f6hmen, im Garten des Hotel Sudety mit Mirek Koranda von der Initiative Kuprosp\u011bchu \/ In the garden of Hotel Sudety with Mirek Koranda from the Kuprosp\u011bchu Initiative, Chomutov, http:\/\/www.kuprospechu.org Photo: Jana Stejskalov\u00e1[\/caption]\r\n\r\n[caption id=&quot;attachment_6123&quot; align=&quot;alignnone&quot; width=&quot;2500&quot;] Workshop auf dem L\u00f6blhof in Nordb\u00f6hmen, 11. - 13. Oktober 2018 \/ Workshop at L\u00f6blhof in North Bohemia, 11. - 13. October 2018, https:\/\/de-de.facebook.com\/loblhof\/ Photo: Ronald Weise[\/caption]\r\n\r\n[caption id=&quot;attachment_6124&quot; align=&quot;alignnone&quot; width=&quot;2500&quot;] Workshop auf dem L\u00f6blhof in Nordb\u00f6hmen, 11. - 13. Oktober 2018 \/ Workshop at L\u00f6blhof in North Bohemia, 11. - 13. October 2018, https:\/\/de-de.facebook.com\/loblhof\/ Photo: Ronald Weise[\/caption]\r\n\r\nParticipating organizations:\r\n\r\nGEH8 Kunstraum und Ateliers e.V, Dresden\r\n\r\nVe\u0159ejn\u00fd s\u00e1le Hrani\u010d\u00e1\u0159, \u00dast\u00ed nad Labem\r\n\r\nThe project is supported by funds of the European Union and by the German-Czech Future Fund. GEH8 Kunstraum und Ateliers e. V. is supported by the City of Dresden and the Cultural Foundation of the Free State of Saxony. Ve\u0159ejn\u00fd s\u00e1l Hrani\u010d\u00e1\u0159 is supported by the Statutory City of \u00dast\u00ed nad Labem, the Ministry of Culture of the Czech Republic and the Czech State Fund for Cinematography.\r\n\r\n\r\n\r\n\r\n\r\n\r\n\r\n\r\n\r\nV \u010desko-n\u011bmeck\u00e9 platform\u011b pro v\u00fdm\u011bnu a spolupr\u00e1ci sdru\u017eujeme nez\u00e1visl\u00e9 um\u011bleck\u00e9 a kulturn\u00ed organizace v pohrani\u010d\u00ed severn\u00edch \u010cech a Saska. Na\u0161\u00edm c\u00edlem je vytvo\u0159it dlouhodob\u00e9 f\u00f3rum, kter\u00e9 by spole\u010dn\u011b jednalo a navz\u00e1jem se podporovalo.\r\n\r\n\r\n\r\n\r\n\r\n\r\n\r\n\r\n\r\n\r\n\r\n\r\nV\u00fdzkumn\u00e9 cesty v t\u011bchto regionech jsou za\u010d\u00e1tkem pro vz\u00e1jemn\u00e9 pozn\u00e1n\u00ed akt\u00e9r\u016f, jejich pot\u0159eb, v\u00fdzev a potenci\u00e1l\u016f ka\u017ed\u00e9ho m\u00edsta. Po tomto v\u00fdzkumu n\u00e1sleduj\u00ed workshopy za \u00fa\u010delem definov\u00e1n\u00ed spole\u010dn\u00fdch c\u00edl\u016f a strategi\u00ed pro propojen\u00ed platformy a vytvo\u0159en\u00ed r\u00e1mcov\u00fdch oblast\u00ed aktivit dle kulturn\u00ed praxe v p\u0159eshrani\u010dn\u00edm regionu, a to v n\u00e1sleduj\u00edc\u00edch t\u00e9matech:\r\n\r\n \tOrganiza\u010dn\u00ed struktury a modely financov\u00e1n\u00ed.\r\n \tKulturn\u00ed vzd\u011bl\u00e1v\u00e1n\u00ed, zapojen\u00ed ve\u0159ejnosti a ob\u010dansk\u00e1 anga\u017eovanost.\r\n \tS\u00ed\u0165ov\u00e1n\u00ed, partnerstv\u00ed a sdru\u017een\u00ed s m\u00edstn\u00edmi komunitami, vzd\u011bl\u00e1vac\u00edmi institucemi, spr\u00e1vn\u00edmi org\u00e1ny a soukrom\u00fdm sektorem.\r\n \tNavrhov\u00e1n\u00ed a tvorba pravidel, zastupov\u00e1n\u00ed kulturn\u00edch z\u00e1jm\u016f a doporu\u010den\u00ed k akci.\r\n \tRegion\u00e1ln\u00ed a lok\u00e1ln\u00ed rozvoj, strategie revitalizace a op\u011btovn\u00e9ho vyu\u017eit\u00ed.\r\n \tKreativn\u00ed pr\u016fmysly, soci\u00e1ln\u00ed podnik\u00e1n\u00ed a cestovn\u00ed ruch.\r\n\r\n\r\n\r\n\r\n\r\n\r\n\r\n\r\n\r\n\r\nZ\u00e1v\u011bre\u010dnou etapou je dvoud\u00edln\u00e9 sympozium s p\u0159\u00edsp\u011bvky poch\u00e1zej\u00edc\u00edmi z \u010cesk\u00e9 republiky a N\u011bmecka (diskuze, um\u011bleck\u00e9 intervence, performance a mnoho dal\u0161\u00edch). Mimo to p\u0159edstav\u00ed sympozium perspektivy platformy a d\u00e1 impulsy pro budouc\u00ed projekty ve vz\u00e1jemn\u00e9 spolupr\u00e1ci.\r\n\r\nProjekt je financov\u00e1n Evropskou uni\u00ed a se kon\u00e1 s finan\u010dn\u00ed podporou&nbsp;\u010cesko-n\u011bmeck\u00fd fond budoucnosti.&nbsp;GEH8 Kunstraum und Ateliers e.V&nbsp;je financov\u00e1n nadac\u00ed pro kulturu&nbsp;Svobodn\u00e9ho st\u00e1tu Sasko&nbsp;a m\u011bstem&nbsp;Dr\u00e1\u017e\u010fany,&nbsp;Ve\u0159ejn\u00fd s\u00e1l Hrani\u010d\u00e1\u0159&nbsp;je financov\u00e1n&nbsp;Statut\u00e1rn\u00edm m\u011bstem \u00dast\u00ed nad Labem,&nbsp;Ministerstvem kultury&nbsp;a&nbsp;St\u00e1tn\u00edm fondem kinematografie.\r\n\r\n\r\n\r\n\r\n\r\n\r\nDoba trv\u00e1n\u00ed projektu:&nbsp;jaro 2018 \u2013 jaro 2019.\r\n\r\nParticipuj\u00edc\u00ed organizace:\r\n\r\n \tGEH8 Kunstraum und Ateliers e.V., Dr\u00e1\u017e\u010fany\r\n \tVe\u0159ejn\u00fd s\u00e1le Hrani\u010d\u00e1\u0159, \u00dast\u00ed nad Labem\r\n\r\n\r\n\r\n\r\n\r\n\r\n\r\n\r\n\r\n\r\n\r\n\r\n\r\n&nbsp;\"><ul class=\"post-categories\">\n\t<li><a href=\"https:\/\/www.geh8.de\/en\/category\/kooperationen\/\" rel=\"category tag\">Kooperationen<\/a><\/li><\/ul><h3><span class=\"sub1\"><span class=\"sub2\"><span class=\"sub3\"><a href=\"https:\/\/www.geh8.de\/en\/kooperationsforum-fuer-kultur-2\/\">Cooperation forum for culture<\/a><\/span><\/span><\/span><\/h3><p>With the German-Czech exchange and cooperation platform we bring together independent art and cultural organizations [&hellip;]<\/p>\n<\/div><\/div><div class=\"grid-item archive hyphenate querformat post-5761 post type-post status-publish format-standard has-post-thumbnail hentry category-workshop\"><a href=\"https:\/\/www.geh8.de\/en\/workshop-kunterbunt-kinder-treffen-kuenstlerinnen\/\"><img decoding=\"async\" src=\"https:\/\/www.geh8.de\/page\/wp-content\/uploads\/2018\/09\/Bildschirmfoto-2018-08-16-um-13.13.00-1024x564-288x216.png\" class=\"attachment-tile-landscape-low size-tile-landscape-low wp-post-image\" alt=\"\" srcset=\"https:\/\/www.geh8.de\/page\/wp-content\/uploads\/2018\/09\/Bildschirmfoto-2018-08-16-um-13.13.00-1024x564-288x216.png 288w, https:\/\/www.geh8.de\/page\/wp-content\/uploads\/2018\/09\/Bildschirmfoto-2018-08-16-um-13.13.00-1024x564-448x336.png 448w, https:\/\/www.geh8.de\/page\/wp-content\/uploads\/2018\/09\/Bildschirmfoto-2018-08-16-um-13.13.00-1024x564-368x276.png 368w, https:\/\/www.geh8.de\/page\/wp-content\/uploads\/2018\/09\/Bildschirmfoto-2018-08-16-um-13.13.00-1024x564-90x67.png 90w\" sizes=\"(max-width: 288px) 100vw, 288px\" \/><\/a><div class=\"grid-entry haase-archive\" data-content=\"In September 2018 the project \u201cmulticolor - children meet artists\u201d started, an educational opportunity initiated by Marleen Andreev for children and youth around the age of 9 - 13 with any cultural background. \r\n\r\nHere young participants get to know artists connected to GEH8 and can get inspired and experiment once a week in one studio space at GEH8.\r\nParticipating artists:\r\n\r\n\r\nMarleen Andreev, Mona Pourebrahim, Moritz Liebig, Susanne Engelhardt, Julia Pommer, Claudia Kleiner, Thomas Judisch, Heinz Schmo\u0308ller, Ana Pireva, Svea Duwe, Anja Jurkenas und Suntje Sagerer\r\n\r\n\r\nA few impressions from the first workshops:&nbsp;\r\n      \r\n&nbsp;\r\nThis workshop is supported by:\r\n\"><ul class=\"post-categories\">\n\t<li><a href=\"https:\/\/www.geh8.de\/en\/category\/workshop\/\" rel=\"category tag\">Workshop<\/a><\/li><\/ul><h3><span class=\"sub1\"><span class=\"sub2\"><span class=\"sub3\"><a href=\"https:\/\/www.geh8.de\/en\/workshop-kunterbunt-kinder-treffen-kuenstlerinnen\/\">Workshop : Multicolor &#8211; children meet artists<\/a><\/span><\/span><\/span><\/h3><p>In September 2018 the project \u201cmulticolor &#8211; children meet artists\u201d started, an educational opportunity initiated [&hellip;]<\/p>\n<\/div><\/div><div class=\"grid-item archive hyphenate querformat post-5749 post type-post status-publish format-standard has-post-thumbnail hentry category-konzert category-lesung\"><a href=\"https:\/\/www.geh8.de\/en\/soiree-electrique-au-cafe-americain-hobo-ufo-meets\/\"><img decoding=\"async\" src=\"https:\/\/www.geh8.de\/page\/wp-content\/uploads\/2018\/09\/44495391_724480707910022_6509995390698258432_o-288x216.jpg\" class=\"attachment-tile-landscape-low size-tile-landscape-low wp-post-image\" alt=\"\" srcset=\"https:\/\/www.geh8.de\/page\/wp-content\/uploads\/2018\/09\/44495391_724480707910022_6509995390698258432_o-288x216.jpg 288w, https:\/\/www.geh8.de\/page\/wp-content\/uploads\/2018\/09\/44495391_724480707910022_6509995390698258432_o-448x336.jpg 448w, https:\/\/www.geh8.de\/page\/wp-content\/uploads\/2018\/09\/44495391_724480707910022_6509995390698258432_o-368x276.jpg 368w, https:\/\/www.geh8.de\/page\/wp-content\/uploads\/2018\/09\/44495391_724480707910022_6509995390698258432_o-90x67.jpg 90w\" sizes=\"(max-width: 288px) 100vw, 288px\" \/><\/a><div class=\"grid-entry haase-archive\" data-content=\"\r\n\r\n&nbsp;\r\n\r\n&nbsp;\r\n\r\n&nbsp;\r\n\r\nIn cooperation with DAVE Festival\r\n\r\nNew York-based musician, artist, and publisher&nbsp;James Hoff, Berlin- and Kinshasa-based media theorist&nbsp;Marian Kaiser, artist and writer&nbsp;Adam Gibbons, and curator and writer&nbsp;Eva Wilson&nbsp;(both London) invite the audience in Dresden to a shared discussion that revolves around contemporary channels of distribution and their potentials to be harnessed, infected, or disturbed.\r\n\r\nMore than that, the panellists, taking their cue from their recent publication in the series&nbsp;\u201c \u201d&nbsp;(quotation mark quotation mark), ask themselves, each other, and the audience an urgent question: what or whom should we be listening to?\r\n\r\nThe conversation will take place in German and English. After the conversation, James Hoff will play the live set&nbsp;HOBO UFO DRESDEN.\r\n\r\n\u201c \u201d&nbsp;is a new book series, published by&nbsp;NERO. It looks at forms and roles of publishing as and within artists\u2019 practices: as circulation, dissemination, spamming, print, data, language, infection, fashion, networks, disturbance, myth, parasiting, and infiltration.&nbsp;Their new publication&nbsp;James Hoff in conversation with Marian Kaiser&nbsp;is on tour right now: instead of simply \u201cpresenting\u201d the book, we ask audiences and guests in different cities to discuss the topics at hand. After events in Berlin, New York, and London, various guests from Dresden\u2019s art scene and universities are invited to join the conversation at geh8 to create a temporary network\/feedback loop\/distribution channel.\r\nPictures from the event\r\n[ngg src=&quot;galleries&quot; ids=&quot;103&quot; display=&quot;basic_thumbnail&quot;]pictures: \u00a9 pidelta.de\r\n\r\nArtist Links:\r\n\r\nInstagram James Hoff:\r\nhttps:\/\/www.instagram.com\/_james_hoff\/\r\nWebsite James Hoff:\r\nhttp:\/\/james-hoff.com\r\n\r\nWebsite \u201c \u201d:\r\nhttp:\/\/www.quotationmarkquotationmark.com\r\nInstagram \u201c \u201d\r\nhttps:\/\/www.instagram.com\/explore\/tags\/quotationmarkquotationmark\/\r\n\r\nInstagram Adam Gibbons:\r\nhttps:\/\/www.instagram.com\/a.d.a.m.g.i.b.b.o.n.s\/\"><ul class=\"post-categories\">\n\t<li><a href=\"https:\/\/www.geh8.de\/en\/category\/konzert\/\" rel=\"category tag\">Concert<\/a><\/li>\n\t<li><a href=\"https:\/\/www.geh8.de\/en\/category\/lesung\/\" rel=\"category tag\">Reading \/ Talk<\/a><\/li><\/ul><h3><span class=\"sub1\"><span class=\"sub2\"><span class=\"sub3\"><a href=\"https:\/\/www.geh8.de\/en\/soiree-electrique-au-cafe-americain-hobo-ufo-meets\/\">Soir\u00e9e \u00c9lectrique Au Caf\u00e9 Am\u00e9ricain: HOBO UFO meets \u201c \u201d<\/a><\/span><\/span><\/span><\/h3><p>&nbsp; &nbsp; &nbsp; In cooperation with DAVE Festival New York-based musician, artist, and publisher&nbsp;James Hoff, [&hellip;]<\/p>\n<\/div><\/div><div class=\"grid-item archive hyphenate querformat post-5646 post type-post status-publish format-standard has-post-thumbnail hentry category-ausstellung\"><a href=\"https:\/\/www.geh8.de\/en\/dem-vaterland-zu-zier-und-ehr\/\"><img decoding=\"async\" src=\"https:\/\/www.geh8.de\/page\/wp-content\/uploads\/2018\/07\/pic-121-288x216.jpg\" class=\"attachment-tile-landscape-low size-tile-landscape-low wp-post-image\" alt=\"\" srcset=\"https:\/\/www.geh8.de\/page\/wp-content\/uploads\/2018\/07\/pic-121-288x216.jpg 288w, https:\/\/www.geh8.de\/page\/wp-content\/uploads\/2018\/07\/pic-121-448x336.jpg 448w, https:\/\/www.geh8.de\/page\/wp-content\/uploads\/2018\/07\/pic-121-368x276.jpg 368w, https:\/\/www.geh8.de\/page\/wp-content\/uploads\/2018\/07\/pic-121-90x67.jpg 90w\" sizes=\"(max-width: 288px) 100vw, 288px\" \/><\/a><div class=\"grid-entry haase-archive\" data-content=\"With works by:&nbsp;&nbsp;J. Tobias Anderson (SWE), Annette Hollywood (DE), Neuen Berliner Kunstverein &amp; Dan Perjovschi (DE\/ROU), Julia Krause (DE), Jonas Lewek (DE), Hila Peleg (ISR\/DE), Thomas Mann (\u2020), Antje Seeger (DE)\r\n\r\nThe exhibition connects artistic work, created by affirmative practises such as copying, pirating, consumption, deception, forgery or stealing. In addition, the works connect artistic institutional critic with self criticism.\r\n\r\nIn addition to the exhibition a workshop focuses on self critic as a form of civic critic. The workshop \u201c Parrhesia - Dimensions of artistic self critic\u201d is held in cooperation with the project \u201cTheater der Diskriminierung. Darstellung und Reflexion invektiver Dynamiken in Gegenwartstheater, Performance und Aktionskunst\u201c im SFB \u201eInvektivit\u00e4t. Konstellationen und Dynamiken der Herabsetzung\u201c (1285) at TU Dresden. The name of the speakers will be disclosed soon. \r\nPictures from the opening\r\n[ngg src=&quot;galleries&quot; ids=&quot;105&quot; sortorder=&quot;1897,1896,1894,1902,1895,1903,1904,1901,1898,1899,1900&quot; display=&quot;basic_thumbnail&quot;]pictures: \u00a9 pidelta.de\r\nTitelbild: In einer Phase der Selbstoptimierung \/ Foto der Installation, \u00a9 Antje Seeger &amp; VG Bildkunst&nbsp;\r\n\"><ul class=\"post-categories\">\n\t<li><a href=\"https:\/\/www.geh8.de\/en\/category\/ausstellung\/\" rel=\"category tag\">Exhibition<\/a><\/li><\/ul><h3><span class=\"sub1\"><span class=\"sub2\"><span class=\"sub3\"><a href=\"https:\/\/www.geh8.de\/en\/dem-vaterland-zu-zier-und-ehr\/\">DEM VATERLAND ZU ZIER UND EHR<\/a><\/span><\/span><\/span><\/h3><p>With works by:&nbsp;&nbsp;J. Tobias Anderson (SWE), Annette Hollywood (DE), Neuen Berliner Kunstverein &#038; Dan Perjovschi [&hellip;]<\/p>\n<\/div><\/div><div class=\"grid-item archive hyphenate querformat post-5757 post type-post status-publish format-standard has-post-thumbnail hentry category-konzert\"><a href=\"https:\/\/www.geh8.de\/en\/alte-meister-4-balance\/\"><img decoding=\"async\" src=\"https:\/\/www.geh8.de\/page\/wp-content\/uploads\/2018\/09\/Bildschirmfoto-2018-09-13-um-13.53.39-288x216.png\" class=\"attachment-tile-landscape-low size-tile-landscape-low wp-post-image\" alt=\"\" srcset=\"https:\/\/www.geh8.de\/page\/wp-content\/uploads\/2018\/09\/Bildschirmfoto-2018-09-13-um-13.53.39-288x216.png 288w, https:\/\/www.geh8.de\/page\/wp-content\/uploads\/2018\/09\/Bildschirmfoto-2018-09-13-um-13.53.39-448x336.png 448w, https:\/\/www.geh8.de\/page\/wp-content\/uploads\/2018\/09\/Bildschirmfoto-2018-09-13-um-13.53.39-368x276.png 368w, https:\/\/www.geh8.de\/page\/wp-content\/uploads\/2018\/09\/Bildschirmfoto-2018-09-13-um-13.53.39-90x67.png 90w\" sizes=\"(max-width: 288px) 100vw, 288px\" \/><\/a><div class=\"grid-entry haase-archive\" data-content=\"The composition \u201csonate for cello solo\u201d of 1960 by Bernd-Alois Zimmermann started a new era for literature for Cello solo. Following the suites of Johann Sebastian Bach, solo pieces for cello became an exception. However after Zimmermann\u2019s Solo sonate, solo pieces for cello can be found in the oeuvre of almost every componist. Immediately, in the first decade pieces were created that can be labelled as classics. Besides Zimmermann\u2019s sonate there are \u201cnomos alpha\u201d by Iannis Xenakis, \u201c Pression\u201d by Helmut Lachenmann and \u201cGlissees\u201d by Isang Yun.\r\n\r\nThese old masters become the focus of several cello-solo concerts. They are combined - as mentioned in the predecessors series - with contemporary music. It is the aim to create a new context in which the old masters have room to claim their relevance.\r\n\r\nAfter the prolog in 2014 with 4 masterpieces, year after year one of the pieces becomes the focal point of the program. It is placed at the beginning and end of the concert and determines the title of the evening. The starting piece and the title are combined to a double point of reference and offer orientation for the componists who are commissioned to produce a new piece for cello. Besides the old and new piece an already existing piece is introduced as well.\r\nThe old piece is presented without comment, but in the course of the concert the specifics of the work and the combination of the other pieces are commented on and related to with examples. &nbsp;\r\n\r\nBalance (2018)\r\nIsang Yun: Gliss\u00e9es (1970)\r\nCharlotte Seither: Neues St\u00fcck (2018)\r\n\u2028Petr Bakla: Something with something else III (2014)\r\nFriedemann Schmidt-Mechau\r\n\r\nIn 2018 the focal point is the piece Glissees by Isang Yun, which is in search of balance. On the one hand it is concerned with the balance between two cultures that are connected to Yun: the \u201ceast asian\u201d attitude to play music which is written with \u201cwestern\u201d sound engineering. On the other hand and even more important is the musical attitude by finding a balance between silence and sound, between sturdiness and quietness, between movement and rest. \r\n\r\nAgainst this backdrop a new piece was created by Charlotte Seither, which was first performed in September 2018 as part of the series of concerts of the \u201cOld Masters\u201d.\r\n\r\nThe third piece of the evening \u201cSomething with something else III\u201d by Petr Bakla - also premiered by Matthias Lorenz - connects balance with the idea of form. The piece consists of 4 layers, which either can be understood as 4 layers that are passed through, with only one to be heard or four layers that are taking turns. In any case: the relationship between the layers is more crucial for the piece than the details within each of the layers. \r\n\r\nLike all preceding concerts this concert will take place at GEH8:\r\nThursday 13. of September at 8 pm\r\nMatthias Lorenz, Violoncello\r\n\r\nMore information about the concerts \u201cAlte Meister\u201d can be found here:\r\n\r\nwww.matlorenz.de\/Altemeister.htm\r\n\r\nThe concert is funded by: \r\n\r\nLandeshaupttadt Dresden \u2013 Amt f\u00fcr Kultur und Denkmalschutz\r\n\r\nKulturstiftung des Freistaates Sachsen\r\n\r\n&nbsp;\"><ul class=\"post-categories\">\n\t<li><a href=\"https:\/\/www.geh8.de\/en\/category\/konzert\/\" rel=\"category tag\">Concert<\/a><\/li><\/ul><h3><span class=\"sub1\"><span class=\"sub2\"><span class=\"sub3\"><a href=\"https:\/\/www.geh8.de\/en\/alte-meister-4-balance\/\">Alte Meister 4 \u2013 Balance<\/a><\/span><\/span><\/span><\/h3><p>The composition \u201csonate for cello solo\u201d of 1960 by Bernd-Alois Zimmermann started a new era [&hellip;]<\/p>\n<\/div><\/div><div class=\"grid-item archive hyphenate querformat post-5715 page type-page status-publish has-post-thumbnail hentry\"><a href=\"https:\/\/www.geh8.de\/en\/verstaerker\/\"><img decoding=\"async\" src=\"https:\/\/www.geh8.de\/page\/wp-content\/uploads\/2019\/08\/Preisverleihung-1.-Verst\u00e4rker-Kunst-Film-Festival-GEH8-Dresden-78-288x216.jpg\" class=\"attachment-tile-landscape-low size-tile-landscape-low wp-post-image\" alt=\"\" srcset=\"https:\/\/www.geh8.de\/page\/wp-content\/uploads\/2019\/08\/Preisverleihung-1.-Verst\u00e4rker-Kunst-Film-Festival-GEH8-Dresden-78-288x216.jpg 288w, https:\/\/www.geh8.de\/page\/wp-content\/uploads\/2019\/08\/Preisverleihung-1.-Verst\u00e4rker-Kunst-Film-Festival-GEH8-Dresden-78-448x336.jpg 448w, https:\/\/www.geh8.de\/page\/wp-content\/uploads\/2019\/08\/Preisverleihung-1.-Verst\u00e4rker-Kunst-Film-Festival-GEH8-Dresden-78-368x276.jpg 368w, https:\/\/www.geh8.de\/page\/wp-content\/uploads\/2019\/08\/Preisverleihung-1.-Verst\u00e4rker-Kunst-Film-Festival-GEH8-Dresden-78-90x67.jpg 90w\" sizes=\"(max-width: 288px) 100vw, 288px\" \/><\/a><div class=\"grid-entry haase-archive\" data-content=\"&quot;Verst\u00e4rker&quot; is a new format by GEH8 to present projects and exhibitions by students of the HfBK Dresden and other universities in&nbsp;the&nbsp;states&nbsp;of&nbsp;the former East Germany. In addition to its own exhibitions and projects, the GEH8 is opening its space once a year for young artists, thus ensuring better artistic production and presentation conditions in Dresden. This new format should strengthens the networking of local and emerging artistic positions and focuses on Dresden as a place for artistic education.\r\n\r\nPast projects &amp; exhibitions:&nbsp;\r\n[archive_tiles n=1]\"><h3><span class=\"sub1\"><span class=\"sub2\"><span class=\"sub3\"><a href=\"https:\/\/www.geh8.de\/en\/verstaerker\/\">Verst\u00e4rker<\/a><\/span><\/span><\/span><\/h3><p>&#8220;Verst\u00e4rker&#8221; is a new format by GEH8 to present projects and exhibitions by students of [&hellip;]<\/p>\n<\/div><\/div><div class=\"grid-item archive hyphenate querformat post-5707 page type-page status-publish has-post-thumbnail hentry\"><a href=\"https:\/\/www.geh8.de\/en\/residence-programmes\/\"><img decoding=\"async\" src=\"https:\/\/www.geh8.de\/page\/wp-content\/uploads\/2018\/07\/39966876_692577651100328_8213935223419699200_o-288x216.jpg\" class=\"attachment-tile-landscape-low size-tile-landscape-low wp-post-image\" alt=\"\" srcset=\"https:\/\/www.geh8.de\/page\/wp-content\/uploads\/2018\/07\/39966876_692577651100328_8213935223419699200_o-288x216.jpg 288w, https:\/\/www.geh8.de\/page\/wp-content\/uploads\/2018\/07\/39966876_692577651100328_8213935223419699200_o-448x336.jpg 448w, https:\/\/www.geh8.de\/page\/wp-content\/uploads\/2018\/07\/39966876_692577651100328_8213935223419699200_o-368x276.jpg 368w, https:\/\/www.geh8.de\/page\/wp-content\/uploads\/2018\/07\/39966876_692577651100328_8213935223419699200_o-90x67.jpg 90w\" sizes=\"(max-width: 288px) 100vw, 288px\" \/><\/a><div class=\"grid-entry haase-archive\" data-content=\"[archive_tiles n=1]\"><h3><span class=\"sub1\"><span class=\"sub2\"><span class=\"sub3\"><a href=\"https:\/\/www.geh8.de\/en\/residence-programmes\/\">Residence Programmes<\/a><\/span><\/span><\/span><\/h3><\/div><\/div><div class=\"grid-item archive hyphenate querformat post-5627 post type-post status-publish format-standard has-post-thumbnail hentry category-verein\"><a href=\"https:\/\/www.geh8.de\/en\/ueber-400-000-euro-fuer-unser-dach-neue-fenster-und-haus-elektrik\/\"><img decoding=\"async\" src=\"https:\/\/www.geh8.de\/page\/wp-content\/uploads\/2018\/08\/Bildschirmfoto-2018-08-02-um-11.03.05-288x216.png\" class=\"attachment-tile-landscape-low size-tile-landscape-low wp-post-image\" alt=\"\" srcset=\"https:\/\/www.geh8.de\/page\/wp-content\/uploads\/2018\/08\/Bildschirmfoto-2018-08-02-um-11.03.05-288x216.png 288w, https:\/\/www.geh8.de\/page\/wp-content\/uploads\/2018\/08\/Bildschirmfoto-2018-08-02-um-11.03.05-448x336.png 448w, https:\/\/www.geh8.de\/page\/wp-content\/uploads\/2018\/08\/Bildschirmfoto-2018-08-02-um-11.03.05-368x276.png 368w, https:\/\/www.geh8.de\/page\/wp-content\/uploads\/2018\/08\/Bildschirmfoto-2018-08-02-um-11.03.05-90x67.png 90w\" sizes=\"(max-width: 288px) 100vw, 288px\" \/><\/a><div class=\"grid-entry haase-archive\" data-content=\"With 403,390 euros from the European Regional Development Fund (ERDF), first the roof and then the facade will be renovated. The electrical installation will also be renewed. Last Wednesday 25.07.) Minister Roland W\u00f6ller (Saxon State Ministry of the Interior) handed over the funding notice for the renovation.\r\n\r\nThese funds are part of a framework decision from 2015 for the program &quot;Sustainable Urban Development ERDF 2014 to 2020&quot;, which after two increases now totals 9.2 million euros. This will enable demographic, social and economic disadvantages in the &quot;Dresden Northwest&quot; development area to be countered compared with the city of Dresden as a whole. For example, measures to reduce migration and strengthen the neighborhood as an economic and social area are being promoted. Derelict land is to be made usable and CO2 emissions reduced.\r\n\r\n&quot;Programs of this kind are important for the most harmonious and balanced development of a city. Municipalities, associations or volunteers can set up projects that are close to life and everyday life, that also integrate socially disadvantaged people, give them support and a task. In addition, the neighborly togetherness in a neighborhood is promoted,&quot; says Minister of the Interior Prof. Dr. Roland W\u00f6ller.\r\n\r\nMore information here:\r\nhttps:\/\/medienservice.sachsen.de\/medien\/news\/219310?page=1\"><ul class=\"post-categories\">\n\t<li><a href=\"https:\/\/www.geh8.de\/en\/category\/verein\/\" rel=\"category tag\">Association<\/a><\/li><\/ul><h3><span class=\"sub1\"><span class=\"sub2\"><span class=\"sub3\"><a href=\"https:\/\/www.geh8.de\/en\/ueber-400-000-euro-fuer-unser-dach-neue-fenster-und-haus-elektrik\/\">Over 400,000 euros for our roof, new windows and house electrics<\/a><\/span><\/span><\/span><\/h3><p>With 403,390 euros from the European Regional Development Fund (ERDF), first the roof and then [&hellip;]<\/p>\n<\/div><\/div><div class=\"grid-item archive hyphenate querformat post-5632 post type-post status-publish format-standard has-post-thumbnail hentry category-ausstellung\"><a href=\"https:\/\/www.geh8.de\/en\/reigen\/\"><img decoding=\"async\" src=\"https:\/\/www.geh8.de\/page\/wp-content\/uploads\/2018\/07\/39900450_692577804433646_2781168186618281984_o-288x216.jpg\" class=\"attachment-tile-landscape-low size-tile-landscape-low wp-post-image\" alt=\"\" srcset=\"https:\/\/www.geh8.de\/page\/wp-content\/uploads\/2018\/07\/39900450_692577804433646_2781168186618281984_o-288x216.jpg 288w, https:\/\/www.geh8.de\/page\/wp-content\/uploads\/2018\/07\/39900450_692577804433646_2781168186618281984_o-448x336.jpg 448w, https:\/\/www.geh8.de\/page\/wp-content\/uploads\/2018\/07\/39900450_692577804433646_2781168186618281984_o-368x276.jpg 368w, https:\/\/www.geh8.de\/page\/wp-content\/uploads\/2018\/07\/39900450_692577804433646_2781168186618281984_o-90x67.jpg 90w\" sizes=\"(max-width: 288px) 100vw, 288px\" \/><\/a><div class=\"grid-entry haase-archive\" data-content=\"&quot;Today is the first big impression of Mary Wigman. I feel the parallel, like it is expressed in her dancing in the movement of masses which are increasing the single movements with number. It is incredible inspiring and stimulating to draw her body movements. I will paint pictures of it. Yes, what we suspected became reality. The new art is here. M.W. uses a lot from the modern images unconsciously, and the work of a concept of beauty is visible in her dances as it is in my pictures.&quot;\r\n\r\nKirchner, Davos diaries, 16. January 1926, published by Grisebach, Lother: Ernst Ludwig Kirchners Davoser Tagebuch. Stuttgart, 1998, S.126\r\n\r\nAfter the first successful guest performance of dancer Mary Wigman in November 1919 in Dresden it was said the dream of new human ideals are softly heard. Starting point of the exhibition by dancer Daniela Lehmann and artist Joachim Merbitz are two lithographies, Mary Wigmann 1932, by Dresden artist Richard Sander. The artists developed a large scale Image-Body-Object connecting painting, drawing and performance as a form for contemporary dance today and further for an image of humanity of our time. With new style and means themes in dance and visual art change, few, like Reigen remain with us.\r\n\r\n&nbsp;\r\nPictures from the opening\r\n[ngg src=&quot;galleries&quot; ids=&quot;104&quot; display=&quot;basic_thumbnail&quot;]Images: \u00a9&nbsp;pidelta.de\r\n\r\nArtisttalk and performance: Sunday, 26. August 2018, 4 pm\r\n\r\nConcept: Daniela Lehmann, Joachim Merbitz, Kathrin Assauer\r\nCurator: Kathrin Assauer\r\nArtists: Daniela Lehmann, Joachim Merbitz\r\n\r\n&nbsp;\"><ul class=\"post-categories\">\n\t<li><a href=\"https:\/\/www.geh8.de\/en\/category\/ausstellung\/\" rel=\"category tag\">Exhibition<\/a><\/li><\/ul><h3><span class=\"sub1\"><span class=\"sub2\"><span class=\"sub3\"><a href=\"https:\/\/www.geh8.de\/en\/reigen\/\">Reigen<\/a><\/span><\/span><\/span><\/h3><p>&#8220;Today is the first big impression of Mary Wigman. I feel the parallel, like it [&hellip;]<\/p>\n<\/div><\/div><div class=\"grid-item archive hyphenate querformat post-5635 post type-post status-publish format-standard has-post-thumbnail hentry category-ausstellung\"><a href=\"https:\/\/www.geh8.de\/en\/bigasso-baby\/\"><img decoding=\"async\" src=\"https:\/\/www.geh8.de\/page\/wp-content\/uploads\/2018\/07\/Bildschirmfoto-2018-08-30-um-10.30.31-288x216.png\" class=\"attachment-tile-landscape-low size-tile-landscape-low wp-post-image\" alt=\"\" srcset=\"https:\/\/www.geh8.de\/page\/wp-content\/uploads\/2018\/07\/Bildschirmfoto-2018-08-30-um-10.30.31-288x216.png 288w, https:\/\/www.geh8.de\/page\/wp-content\/uploads\/2018\/07\/Bildschirmfoto-2018-08-30-um-10.30.31-448x336.png 448w, https:\/\/www.geh8.de\/page\/wp-content\/uploads\/2018\/07\/Bildschirmfoto-2018-08-30-um-10.30.31-368x276.png 368w\" sizes=\"(max-width: 288px) 100vw, 288px\" \/><\/a><div class=\"grid-entry haase-archive\" data-content=\"The solo exhibition BIGASSO BABY&nbsp;includes two video installations of the Berlin artist Annette Hollywood. Hollywood is concerned with the societal role of artists in society. In addition she critically engages with artistic authorship, the operating system art and the subsequent depiction in mass media.\r\n\r\nHer video work BIGASSO BABY is a reaction to the music video \u2018PICASSO BABY - A Performance Art Film\u2019 of the rapper Jay-Z. BIGASSO BABY is Hollywoods \u2018Answer\u2019, battling Jay-Z\u2019s Rap Picasso Baby. She is directly reacting to Jay-Z\u2019s icons of wealth and his idea of status symbols and commodities.\r\n\r\nImage: Bigasso Baby, Standbild aus dem Video,&nbsp; \u00a9 Annette Hollywood &amp; VG Bildkunst\r\n\r\n&nbsp;\"><ul class=\"post-categories\">\n\t<li><a href=\"https:\/\/www.geh8.de\/en\/category\/ausstellung\/\" rel=\"category tag\">Exhibition<\/a><\/li><\/ul><h3><span class=\"sub1\"><span class=\"sub2\"><span class=\"sub3\"><a href=\"https:\/\/www.geh8.de\/en\/bigasso-baby\/\">BIGASSO BABY<\/a><\/span><\/span><\/span><\/h3><p>The solo exhibition BIGASSO BABY&nbsp;includes two video installations of the Berlin artist Annette Hollywood. Hollywood [&hellip;]<\/p>\n<\/div><\/div><div class=\"grid-item archive hyphenate querformat post-5649 post type-post status-publish format-standard has-post-thumbnail hentry category-verein\"><a href=\"https:\/\/www.geh8.de\/en\/geh8-macht-sommer\/\"><img decoding=\"async\" src=\"https:\/\/www.geh8.de\/page\/wp-content\/uploads\/2018\/08\/facebook_sommerfest_geh8-288x216.jpg\" class=\"attachment-tile-landscape-low size-tile-landscape-low wp-post-image\" alt=\"\" srcset=\"https:\/\/www.geh8.de\/page\/wp-content\/uploads\/2018\/08\/facebook_sommerfest_geh8-288x216.jpg 288w, https:\/\/www.geh8.de\/page\/wp-content\/uploads\/2018\/08\/facebook_sommerfest_geh8-368x276.jpg 368w, https:\/\/www.geh8.de\/page\/wp-content\/uploads\/2018\/08\/facebook_sommerfest_geh8-90x67.jpg 90w\" sizes=\"(max-width: 288px) 100vw, 288px\" \/><\/a><div class=\"grid-entry haase-archive\" data-content=\"Summer time @ GEH 8 !\r\nLet\u2019s go! Enjoy nice weather, blue skies, sunshine AND also our summer festival. &nbsp;Using the hashtag #geh8sommer18 we invite you on July 7th to celebrate the best time of the year. \r\nPROGRAM \/LINE UP:\r\n\r\n \tStart: 3 pm\r\n \t4 &amp; 8 pm: Public Viewing WM \r\n \t4 to 5:30 pm: Jazz-Duo OBERMENZEL (Berlin\/Dresden)\r\n \t7:30 pm: Gesangsperformance: Treta Mominka\r\n \t9 pm: Konzert mit BEATDENKER\r\n \t10:30 pm: PARTY! mit Flexible Heart &amp; Enea Lu\r\n\r\n&nbsp;\"><ul class=\"post-categories\">\n\t<li><a href=\"https:\/\/www.geh8.de\/en\/category\/verein\/\" rel=\"category tag\">Association<\/a><\/li><\/ul><h3><span class=\"sub1\"><span class=\"sub2\"><span class=\"sub3\"><a href=\"https:\/\/www.geh8.de\/en\/geh8-macht-sommer\/\">GEH8 makes SUMMER!<\/a><\/span><\/span><\/span><\/h3><p>Summer time @ GEH 8 ! Let\u2019s go! Enjoy nice weather, blue skies, sunshine AND [&hellip;]<\/p>\n<\/div><\/div><div class=\"grid-item archive hyphenate querformat post-5652 post type-post status-publish format-standard has-post-thumbnail hentry category-lesung\"><a href=\"https:\/\/www.geh8.de\/en\/kuenstleringespraech-mit-juliane-stiegele-utopia-toolbox-sonntag-24-juni-2018-14-uhr\/\"><img decoding=\"async\" src=\"https:\/\/www.geh8.de\/page\/wp-content\/uploads\/2018\/08\/MG_9169-e1529488282630-288x216.jpg\" class=\"attachment-tile-landscape-low size-tile-landscape-low wp-post-image\" alt=\"\" srcset=\"https:\/\/www.geh8.de\/page\/wp-content\/uploads\/2018\/08\/MG_9169-e1529488282630-288x216.jpg 288w, https:\/\/www.geh8.de\/page\/wp-content\/uploads\/2018\/08\/MG_9169-e1529488282630-448x336.jpg 448w, https:\/\/www.geh8.de\/page\/wp-content\/uploads\/2018\/08\/MG_9169-e1529488282630-368x276.jpg 368w, https:\/\/www.geh8.de\/page\/wp-content\/uploads\/2018\/08\/MG_9169-e1529488282630-90x67.jpg 90w\" sizes=\"(max-width: 288px) 100vw, 288px\" \/><\/a><div class=\"grid-entry haase-archive\" data-content=\"As part of the exhibition &quot;Stairway to Heaven&quot;\r\n\r\nInitiated by Juliane Stiegle in 2010,&nbsp;UTOPIA TOOLBOX&nbsp;is an international artproject mad eby people of different working backgrounds who work togehter interdisciplinary. Their common ground is founded by a wide concept of creativity that excludes no part of human work.\r\n\r\nCreativity is there by understood as the highest and most valuable resource to overcome the global crises of the present. In effort to create a positive vision of the future, utopias are being developed and set in motion. UTOPIA TOOLBOX uses&nbsp;unusual learning-, communication- and working-formats to penetrate different spheres of life such as society, politics, art and medicine.\r\nWe are very happy to welcome Juliane Tiegele on sunday, 24 of june and cordially invite you to this artistalk.\r\nImage: Die UTOPIA TOOLBOX in unserer aktuellen Ausstellung &quot;Stairway To Heaven&quot; \"><ul class=\"post-categories\">\n\t<li><a href=\"https:\/\/www.geh8.de\/en\/category\/lesung\/\" rel=\"category tag\">Reading \/ Talk<\/a><\/li><\/ul><h3><span class=\"sub1\"><span class=\"sub2\"><span class=\"sub3\"><a href=\"https:\/\/www.geh8.de\/en\/kuenstleringespraech-mit-juliane-stiegele-utopia-toolbox-sonntag-24-juni-2018-14-uhr\/\">Artisttalk with Juliane Stiegele\/UTOPIA TOOLBOX<\/a><\/span><\/span><\/span><\/h3><p>As part of the exhibition &#8220;Stairway to Heaven&#8221; Initiated by Juliane Stiegle in 2010,&nbsp;UTOPIA TOOLBOX&nbsp;is [&hellip;]<\/p>\n<\/div><\/div><div class=\"grid-item archive hyphenate querformat post-5517 post type-post status-publish format-standard has-post-thumbnail hentry category-ausstellung\"><a href=\"https:\/\/www.geh8.de\/en\/stairway-to-heaven\/\"><img decoding=\"async\" src=\"https:\/\/www.geh8.de\/page\/wp-content\/uploads\/2018\/05\/Stairway-to-Heave-288x216.png\" class=\"attachment-tile-landscape-low size-tile-landscape-low wp-post-image\" alt=\"\" srcset=\"https:\/\/www.geh8.de\/page\/wp-content\/uploads\/2018\/05\/Stairway-to-Heave-288x216.png 288w, https:\/\/www.geh8.de\/page\/wp-content\/uploads\/2018\/05\/Stairway-to-Heave-100x75.png 100w, https:\/\/www.geh8.de\/page\/wp-content\/uploads\/2018\/05\/Stairway-to-Heave-1024x769.png 1024w, https:\/\/www.geh8.de\/page\/wp-content\/uploads\/2018\/05\/Stairway-to-Heave-80x60.png 80w, https:\/\/www.geh8.de\/page\/wp-content\/uploads\/2018\/05\/Stairway-to-Heave-768x577.png 768w, https:\/\/www.geh8.de\/page\/wp-content\/uploads\/2018\/05\/Stairway-to-Heave-448x336.png 448w, https:\/\/www.geh8.de\/page\/wp-content\/uploads\/2018\/05\/Stairway-to-Heave-368x276.png 368w, https:\/\/www.geh8.de\/page\/wp-content\/uploads\/2018\/05\/Stairway-to-Heave-90x67.png 90w, https:\/\/www.geh8.de\/page\/wp-content\/uploads\/2018\/05\/Stairway-to-Heave-30x23.png 30w, https:\/\/www.geh8.de\/page\/wp-content\/uploads\/2018\/05\/Stairway-to-Heave.png 1392w\" sizes=\"(max-width: 288px) 100vw, 288px\" \/><\/a><div class=\"grid-entry haase-archive\" data-content=\"A group show with Margit Grein\u00f6cker (AT), Juliane Stiegele and UTOPIA TOOLBOX (DE), Philipp Gloger (DE) und Judy van Luyk (NL).\r\n\r\nThe exhibition STAIRWAY TO HEAVEN is relating to processes of urban development, which are in direct proximity to Geh8 - a former repair shop for waggons close to an industrial wasteland. The art center GEH8, which is currently going through a development phase of urban space will be playing a more central role in the urban environment.\r\n\r\nIn respect of these processes artistic works will be exhibited which are dealing with the visuality of urban development, the process of growth and the patterns of behaviour. The global, local and omnipresent wish for growth, which can be understood as a special form of ornament, will be humorously or thoughtful translated by 4 artists. \r\n\r\nCurator: Antje Seeger\r\n\r\nContact: kunstraum@geh8.de\r\n\r\nImage: Stairway to Heaven, Standbild aus dem Video, \u00a9 Margit Grein\u00f6cker\r\n\r\n&nbsp;\"><ul class=\"post-categories\">\n\t<li><a href=\"https:\/\/www.geh8.de\/en\/category\/ausstellung\/\" rel=\"category tag\">Exhibition<\/a><\/li><\/ul><h3><span class=\"sub1\"><span class=\"sub2\"><span class=\"sub3\"><a href=\"https:\/\/www.geh8.de\/en\/stairway-to-heaven\/\">Stairway To Heaven<\/a><\/span><\/span><\/span><\/h3><p>A group show with Margit Grein\u00f6cker (AT), Juliane Stiegele and UTOPIA TOOLBOX (DE), Philipp Gloger [&hellip;]<\/p>\n<\/div><\/div><div class=\"grid-item archive hyphenate querformat post-5411 post type-post status-publish format-standard has-post-thumbnail hentry category-lesung\"><a href=\"https:\/\/www.geh8.de\/en\/herzliche-einladung-zum-kuenstlergespraech-mit-pawel-kowalski-breslau-pl-dienstag-10-april-1930-uhr-im-geh8-kunstraum\/\"><img decoding=\"async\" src=\"https:\/\/www.geh8.de\/page\/wp-content\/uploads\/2018\/02\/Pawe\u0142-Kowalski-1-288x216.jpg\" class=\"attachment-tile-landscape-low size-tile-landscape-low wp-post-image\" alt=\"\" srcset=\"https:\/\/www.geh8.de\/page\/wp-content\/uploads\/2018\/02\/Pawe\u0142-Kowalski-1-288x216.jpg 288w, https:\/\/www.geh8.de\/page\/wp-content\/uploads\/2018\/02\/Pawe\u0142-Kowalski-1-448x336.jpg 448w, https:\/\/www.geh8.de\/page\/wp-content\/uploads\/2018\/02\/Pawe\u0142-Kowalski-1-368x276.jpg 368w, https:\/\/www.geh8.de\/page\/wp-content\/uploads\/2018\/02\/Pawe\u0142-Kowalski-1-90x67.jpg 90w\" sizes=\"(max-width: 288px) 100vw, 288px\" \/><\/a><div class=\"grid-entry haase-archive\" data-content=\"Since the beginning of this week our first resident of the new exchange-programme for curators between the cities of Dresden (DE) and Wroclaw (PL) arrived:\r\n\r\nThe curator, producer and fine artist Pawel Kowalski from Wroclaw is living for four weeks at our guest-appartment and dips into the Dresden art scene.\r\n\r\nNext tuesday, 10th of april, starting at 7:30 pm, there is the chance of meeting Pawel Kowalski at GEH8 (Gehestra\u00dfe 8, 01127 Dresden).\r\n\r\nHe will talk about his work and about &quot;REVOLUTION&quot; - his ongoing collection of comic-art and illustration. GEH8 plans to host an exhibition based on this collection in 2019. Pawel will give a closer look on the concept behind this project, the participating artists and an outlook to the things he will work on during his stay in Dresden. After, Pawel is looking forward to a lively exchange and an open discussion and to get many new contacts to the Dresden art scene. Pawel is going to spend his time in the city looking for local artists that could be featured in the collection and exhibited in Dresden and Wroclaw.\r\n\r\nWe are looking forward to a great and exciting evening and cordially invite you!\r\nMore information:\r\nWebsite of Pawel Kowalski\r\nWebsite of TIFF Festival\r\n\r\n\r\n\r\nResidency of Pawel Kowalski is organised by GEH8, the city of Dresden and the Culture Zone Wroc\u0142aw within the framework of AIR Wro programme.\r\n\r\n\r\n\r\nPictures from the talk:\r\n[ngg_images source=&quot;galleries&quot; container_ids=&quot;100&quot; sortorder=&quot;1841,1842,1840,1843,1839&quot; display_type=&quot;photocrati-nextgen_basic_thumbnails&quot; override_thumbnail_settings=&quot;0&quot; thumbnail_width=&quot;80&quot; thumbnail_height=&quot;80&quot; thumbnail_crop=&quot;1&quot; images_per_page=&quot;0&quot; number_of_columns=&quot;0&quot; ajax_pagination=&quot;1&quot; show_all_in_lightbox=&quot;0&quot; use_imagebrowser_effect=&quot;0&quot; show_slideshow_link=&quot;0&quot; slideshow_link_text=&quot;[Show as slideshow]&quot; order_by=&quot;sortorder&quot; order_direction=&quot;ASC&quot; returns=&quot;included&quot; maximum_entity_count=&quot;500&quot;]\r\n\r\n\r\n\r\nCover photo by Jerzy Wypych\r\nDas Austauschprogramm wird gef\u00f6rdert von \/ The programme is kindly supported by:\r\n\"><ul class=\"post-categories\">\n\t<li><a href=\"https:\/\/www.geh8.de\/en\/category\/lesung\/\" rel=\"category tag\">Reading \/ Talk<\/a><\/li><\/ul><h3><span class=\"sub1\"><span class=\"sub2\"><span class=\"sub3\"><a href=\"https:\/\/www.geh8.de\/en\/herzliche-einladung-zum-kuenstlergespraech-mit-pawel-kowalski-breslau-pl-dienstag-10-april-1930-uhr-im-geh8-kunstraum\/\">A warm invitation to an artist talk with Pawel Kowalski (Breslau, PL)  Tuesday &#8211; 10. April, 19:30 Uhr &#8211; at the GEH8 Art Space!<\/a><\/span><\/span><\/span><\/h3><p>Since the beginning of this week our first resident of the new exchange-programme for curators [&hellip;]<\/p>\n<\/div><\/div><div class=\"grid-item archive hyphenate querformat post-5384 post type-post status-publish format-standard has-post-thumbnail hentry category-ausstellung\"><a href=\"https:\/\/www.geh8.de\/en\/talking-modern\/\"><img decoding=\"async\" src=\"https:\/\/www.geh8.de\/page\/wp-content\/uploads\/2018\/03\/DSC08595-288x216.jpg\" class=\"attachment-tile-landscape-low size-tile-landscape-low wp-post-image\" alt=\"\" srcset=\"https:\/\/www.geh8.de\/page\/wp-content\/uploads\/2018\/03\/DSC08595-288x216.jpg 288w, https:\/\/www.geh8.de\/page\/wp-content\/uploads\/2018\/03\/DSC08595-448x336.jpg 448w, https:\/\/www.geh8.de\/page\/wp-content\/uploads\/2018\/03\/DSC08595-368x276.jpg 368w, https:\/\/www.geh8.de\/page\/wp-content\/uploads\/2018\/03\/DSC08595-90x67.jpg 90w\" sizes=\"(max-width: 288px) 100vw, 288px\" \/><\/a><div class=\"grid-entry haase-archive\" data-content=\"A Robot is just a colleague for me.It\u2019s not about how the world of work will look like in the future anymore. It\u2019s about the world as it is. For a long time we aren\u2019t able to keep up with it. To live a life for which we are simply too slow to live tears us apart.The art studio (atelier) of Martin Honert has focused their work on the topic of Display for a long time. Which form of presentation would make art projects accessible? How can 17 artistic approaches be seen as separate works and yet still remain as a cohesive exhibition?In the exhibition Talking Modern 17 video sequences are presented, cut one after another. In these videos artists negotiate on different approaches, ideas and questions. For many, video doesn\u2019t comply with their preferred form of media, it\u2019s something new. A short video format offers the opportunity to present the complex and fear-provoking topic Mensch 4.0 in a condensed and limited manner\u2026maybe. It will be interesting!Overworking, dying from tiredness. Kar\u014dshi. When the robot is your colleague, so that you do not have to inhale the dust. Silent Retreat in Thailand, yoga practice on the beach, to live the life as if it were an endless holiday, to find the way back to yourself. But to share all the experiences on social media to earn some money on it. Always-on. Pippilotta Viktualia Rullgardina KrusmyntaEfraimsdotter L\u00e5ngstrump had taken Krummelus Pillen pills to stay a child forever. Hopefully, they were not just beans. \r\n\r\nGod created human kind in his own image. Man answered with the robot. Is then the robot the image of the image? Artists should provide new perspectives on the world. Does art generated by robot machines present end objective art? Humanoid robots can also make jokes. But do they know the feeling of being uprooted? Do they feel the burden of this complex world?Wouldn\u2019t they rather play tennis and eat chips? And what does Martin Honert actually think about it?\r\n\r\nText: Marie Donike\r\n\r\nParticipating artists:\r\nSophia Hose, Camillo Gulde, Mirjam Kroker, Ronja Sommer, Jinmo Ryu, Olivia Schneider, Johannes Specks, Anne Lange, Simon Mann, Lars Frohberg, Miriam Schr\u00f6der, Elizabeth Charnock, Johanna Failer, Raiko S\u00e1nchez, Jonas Engelhardt, Teresa Ellinger, Elisa Schumann.\r\n\r\n\r\n\r\nEs ist die erste Ausstellung des neuen GEH8 Veranstaltungsformats \u201eVerst\u00e4rker\u201c. Unter diesem Titel pr\u00e4sentiert die GEH8 k\u00fcnftig Projekte und Ausstellungen von Student*innen und Absolvent*innen der HfBK Dresden und anderer Hochschulen in Sachsen.\r\n\r\nNeben ihren eigenen Ausstellungen und Projekten \u00f6ffnet die GEH8 seit Jahren ihren Raum f\u00fcr junge K\u00fcnstlerinnen und K\u00fcnstler und sorgt so f\u00fcr bessere k\u00fcnstlerische Produktions- und Pr\u00e4sentationsbedingungen in Dresden. Mit \u201eVerst\u00e4rker\u201c wurde nun erstmals ein eigenes Format geschaffen, dass die Vernetzung lokaler und aufstrebender k\u00fcnstlerischer Positionen st\u00e4rkt und Dresden als Standort f\u00fcr die k\u00fcnstlerische Ausbildung in den Fokus r\u00fcckt.\r\n\r\n\r\n\r\nPictures from the opening:\r\n[ngg_images source=&quot;galleries&quot; container_ids=&quot;101&quot; exclusions=&quot;1845,1856,1847,1848,1854,1858,1859,1862,1863,1864,1866,1867,1868,1869,1870,1871&quot; sortorder=&quot;1844,1849,1846,1851,1865,1860,1853,1855,1850,1852,1857,1861,1845,1856,1847,1848,1854,1858,1859,1862,1863,1864,1866,1867,1868,1869,1870,1871&quot; display_type=&quot;photocrati-nextgen_basic_thumbnails&quot; override_thumbnail_settings=&quot;0&quot; thumbnail_width=&quot;80&quot; thumbnail_height=&quot;80&quot; thumbnail_crop=&quot;1&quot; images_per_page=&quot;0&quot; number_of_columns=&quot;0&quot; ajax_pagination=&quot;1&quot; show_all_in_lightbox=&quot;0&quot; use_imagebrowser_effect=&quot;0&quot; show_slideshow_link=&quot;0&quot; slideshow_link_text=&quot;[Show as slideshow]&quot; order_by=&quot;sortorder&quot; order_direction=&quot;ASC&quot; returns=&quot;included&quot; maximum_entity_count=&quot;500&quot;]pictures: \u00a9 pidelta.de\r\n\r\nThe exhibition is supported by: \r\n\r\n\r\n\r\n&nbsp;\r\n\r\nAbbildung\/Grafik: Raiko S\u00e1nchez\"><ul class=\"post-categories\">\n\t<li><a href=\"https:\/\/www.geh8.de\/en\/category\/ausstellung\/\" rel=\"category tag\">Exhibition<\/a><\/li><\/ul><h3><span class=\"sub1\"><span class=\"sub2\"><span class=\"sub3\"><a href=\"https:\/\/www.geh8.de\/en\/talking-modern\/\">TALKING MODERN<\/a><\/span><\/span><\/span><\/h3><p>A Robot is just a colleague for me.It\u2019s not about how the world of work [&hellip;]<\/p>\n<\/div><\/div><div class=\"grid-item archive hyphenate querformat post-7057 post type-post status-publish format-standard has-post-thumbnail hentry category-info category-jahresthemen\"><a href=\"https:\/\/www.geh8.de\/en\/jahresthema-2018-musterkuenstler-von-menschen-rollen-und-kuenstlerbildern\/\"><img decoding=\"async\" src=\"https:\/\/www.geh8.de\/page\/wp-content\/uploads\/2018\/03\/Dem-Vaterland-288x216.png\" class=\"attachment-tile-landscape-low size-tile-landscape-low wp-post-image\" alt=\"\" srcset=\"https:\/\/www.geh8.de\/page\/wp-content\/uploads\/2018\/03\/Dem-Vaterland-288x216.png 288w, https:\/\/www.geh8.de\/page\/wp-content\/uploads\/2018\/03\/Dem-Vaterland-448x336.png 448w, https:\/\/www.geh8.de\/page\/wp-content\/uploads\/2018\/03\/Dem-Vaterland-368x276.png 368w, https:\/\/www.geh8.de\/page\/wp-content\/uploads\/2018\/03\/Dem-Vaterland-90x67.png 90w\" sizes=\"(max-width: 288px) 100vw, 288px\" \/><\/a><div class=\"grid-entry haase-archive\" data-content=\"\r\n\u201eLet\u2019s say, the art system is a small model, a test field. Other industries are more important, but in this small test field you see, how the art system is colonising rooms, occupies, gentrifies; cities; heads and resources are transformed, global systems are created to acquire new talent, ideas or exotic pictures. Or conversely, art is used, to decorate dictatorships and oligarchies. This system of colonisation is not ordinary, but it creates a new integrated form of global capitalism.\u201d (Hito Steyerl)\r\n\r\n\r\nThe 2018 exhibition concept of GEH8 is focussing to processes of urban development, which are in direct proximity to GEH8 - a former repair shop for waggons close to an industrial wasteland. The art center GEH8, which is currently going through a development from project space to an institution. Against this backdrop art functions as a source for impulses for the urban city development and in addition for cultural industries. \r\n\r\nArtists and so called creatives are used as boosters for processes of city marketing, and on the other hand are still living in precarious living situations. According to Austrian economist Friedrich August von Hayek artists belong to the group of \u2018traders of second hand ideas\u2019. In regard to the distribution of ideas they function as a filter, through which new ideas and concepts pass through, before they are transformed into sensorial receivable products, like for example art pieces, photography, films and videos, to reach the masses.\r\n\r\nCopying, plagiarizing, hybridising, consumption, competing, presenting but also the deceiving, stealing, hacking and the exploiting are part of current artistic practises. In connection to F.A. von Hayeks comments about societal processes of transformation of ideas, questions like this come up: Which ethical Impetus should be aestheticised with contemporary art? Which ideas or concepts should be filtered and distributed for the masses? How are artists conscious about being part in these processes? How are artists part of the production of neoliberal role models? How are recipients processing connected inputs?\r\n\r\nThese questions we would like to focus on with the following artists: Annette Hollywood (DE), Julia Krause(DE), Helen Costa Iglesias (CH), J. Tobias Anderson (SWE), Jonas Lewek (DE), Antje Seeger (DE), Juliane Stiegele (DE), Margit Grein\u00f6cker (AT), Philipp Gloger (DE), Judy van Luyk (NL), Joachim Merbitz (DE), der T\u00e4nzerin Daniela Lehmann (DE), the writer Thomas Mann (\u2020) and artist and musician James Hoff (US).\r\n\r\nImage: Antje Seeger und VG Bildkunst Bonn, 2018\r\n\"><ul class=\"post-categories\">\n\t<li><a href=\"https:\/\/www.geh8.de\/en\/category\/info\/\" rel=\"category tag\">Info<\/a><\/li>\n\t<li><a href=\"https:\/\/www.geh8.de\/en\/category\/jahresthemen\/\" rel=\"category tag\">Jahresthemen<\/a><\/li><\/ul><h3><span class=\"sub1\"><span class=\"sub2\"><span class=\"sub3\"><a href=\"https:\/\/www.geh8.de\/en\/jahresthema-2018-musterkuenstler-von-menschen-rollen-und-kuenstlerbildern\/\">annual topic 2018: \u201cModel artists\u201d &#8211; human, role and artist models<\/a><\/span><\/span><\/span><\/h3><p>\u201eLet\u2019s say, the art system is a small model, a test field. Other industries are [&hellip;]<\/p>\n<\/div><\/div><div class=\"grid-item archive hyphenate querformat post-5358 post type-post status-publish format-standard has-post-thumbnail hentry category-verein\"><a href=\"https:\/\/www.geh8.de\/en\/kunst-braucht-unterstuetzer\/\"><img decoding=\"async\" src=\"https:\/\/www.geh8.de\/page\/wp-content\/uploads\/2018\/03\/kunst_braucht_unterstuetzung_geh8_web_titel-288x216.jpg\" class=\"attachment-tile-landscape-low size-tile-landscape-low wp-post-image\" alt=\"\" srcset=\"https:\/\/www.geh8.de\/page\/wp-content\/uploads\/2018\/03\/kunst_braucht_unterstuetzung_geh8_web_titel-288x216.jpg 288w, https:\/\/www.geh8.de\/page\/wp-content\/uploads\/2018\/03\/kunst_braucht_unterstuetzung_geh8_web_titel-448x336.jpg 448w, https:\/\/www.geh8.de\/page\/wp-content\/uploads\/2018\/03\/kunst_braucht_unterstuetzung_geh8_web_titel-368x276.jpg 368w, https:\/\/www.geh8.de\/page\/wp-content\/uploads\/2018\/03\/kunst_braucht_unterstuetzung_geh8_web_titel-90x67.jpg 90w\" sizes=\"(max-width: 288px) 100vw, 288px\" \/><\/a><div class=\"grid-entry haase-archive\" data-content=\"Pupils, students or pensioners wanted for exhibition supervision!\r\n\r\n (more&hellip;)\"><ul class=\"post-categories\">\n\t<li><a href=\"https:\/\/www.geh8.de\/en\/category\/verein\/\" rel=\"category tag\">Association<\/a><\/li><\/ul><h3><span class=\"sub1\"><span class=\"sub2\"><span class=\"sub3\"><a href=\"https:\/\/www.geh8.de\/en\/kunst-braucht-unterstuetzer\/\">Art needs support!<\/a><\/span><\/span><\/span><\/h3><p>Pupils, students or pensioners wanted for exhibition supervision!<\/p>\n<\/div><\/div><div class=\"grid-item archive hyphenate querformat post-5314 post type-post status-publish format-standard has-post-thumbnail hentry category-verein\"><a href=\"https:\/\/www.geh8.de\/en\/die-stipendiaten-fuer-das-kuratorinnen-austauschprogramm-breslaudresden-stehen-fest\/\"><img decoding=\"async\" src=\"https:\/\/www.geh8.de\/page\/wp-content\/uploads\/2017\/12\/breslau_neue_deadline_facebook-Kopie-288x216.jpg\" class=\"attachment-tile-landscape-low size-tile-landscape-low wp-post-image\" alt=\"\" srcset=\"https:\/\/www.geh8.de\/page\/wp-content\/uploads\/2017\/12\/breslau_neue_deadline_facebook-Kopie-288x216.jpg 288w, https:\/\/www.geh8.de\/page\/wp-content\/uploads\/2017\/12\/breslau_neue_deadline_facebook-Kopie-368x276.jpg 368w, https:\/\/www.geh8.de\/page\/wp-content\/uploads\/2017\/12\/breslau_neue_deadline_facebook-Kopie-90x67.jpg 90w\" sizes=\"(max-width: 288px) 100vw, 288px\" \/><\/a><div class=\"grid-entry haase-archive\" data-content=\"This year, for the first time, GEH8 initiates a travel grant for curators between the cities of Dresden (DE) and Wroc\u0142aw (PL). This scholarship is part of an exchange program initiated in collaboration with Culture Zone Wroc\u0142aw, as part of the Artist in Residence program AIR WRO, as well as the City of Dresden (Office for Culture and Monument Protection) and GEH8 Kunstraum und Ateliers e.V..\r\n\r\nIn mid-February, an expert jury consisting of representatives of the participating institutions selected the first two participants from all applications. The choice fell on Pawel Kowalski (Wroclaw) and Marian Kaiser (Dresden).\r\n (more&hellip;)\"><ul class=\"post-categories\">\n\t<li><a href=\"https:\/\/www.geh8.de\/en\/category\/verein\/\" rel=\"category tag\">Association<\/a><\/li><\/ul><h3><span class=\"sub1\"><span class=\"sub2\"><span class=\"sub3\"><a href=\"https:\/\/www.geh8.de\/en\/die-stipendiaten-fuer-das-kuratorinnen-austauschprogramm-breslaudresden-stehen-fest\/\">The fellows for the curator exchange program (Wroclaw\/Dresden) have been announced!<\/a><\/span><\/span><\/span><\/h3><p>This year, for the first time, GEH8 initiates a travel grant for curators between the [&hellip;]<\/p>\n<\/div><\/div><div class=\"jahrestrenner m-5  grid-item archive hyphenate querformat post type-post status-publish format-standard has-post-thumbnail hentry category-ausstellung\"\n                         style=\"position: absolute; left: 0px; top: 0px;background-color:#fff;\"><a\n                        ><\/a>\n                        <div class=\"grid-entry\" style=\" background-color:transparent;color#000;\">\n                            <ul class=\"post-categories\">\n                                <li><a rel=\"category tag\">JAHR<\/a><\/li>\n                            <\/ul>\n\n                                            <h2 class=\"archiv-jahrestrenner\">2017<\/h2>\n\n\n                        <\/div>\n                    <\/div><div class=\"grid-item archive hyphenate querformat post-5282 post type-post status-publish format-standard has-post-thumbnail hentry category-verein\"><a href=\"https:\/\/www.geh8.de\/en\/open-call-austausch-fuer-kuratorinnen-2018-breslaudresden\/\"><img decoding=\"async\" src=\"https:\/\/www.geh8.de\/page\/wp-content\/uploads\/2017\/12\/breslau_neue_deadline_facebook-Kopie-288x216.jpg\" class=\"attachment-tile-landscape-low size-tile-landscape-low wp-post-image\" alt=\"\" srcset=\"https:\/\/www.geh8.de\/page\/wp-content\/uploads\/2017\/12\/breslau_neue_deadline_facebook-Kopie-288x216.jpg 288w, https:\/\/www.geh8.de\/page\/wp-content\/uploads\/2017\/12\/breslau_neue_deadline_facebook-Kopie-368x276.jpg 368w, https:\/\/www.geh8.de\/page\/wp-content\/uploads\/2017\/12\/breslau_neue_deadline_facebook-Kopie-90x67.jpg 90w\" sizes=\"(max-width: 288px) 100vw, 288px\" \/><\/a><div class=\"grid-entry haase-archive\" data-content=\"Bewerbungsfrist verl\u00e4ngert \/ Deadline extended: 25.01.2018!\r\n\r\nThis post is also availabe in English: Curators Exchange Programme 2018 between Wroc\u0142aw [PL] and Dresden [DE]\r\nOpen Call\r\n\r\nIn Zusammenarbeit mit der Culture Zone Wroc\u0142aw, als Teil des Artist in Residence Programms AIR WRO sowie der Landeshauptstadt Dresden, schreibt der GEH8 Kunstraum und Ateliers e.V. ein Reisestipendium f\u00fcr Kuratorinnen und Kuratoren zeitgen\u00f6ssischer Kunst nach Breslau\/Wroc\u0142aw in Polen aus.\r\n\r\nWeiterlesen\"><ul class=\"post-categories\">\n\t<li><a href=\"https:\/\/www.geh8.de\/en\/category\/verein\/\" rel=\"category tag\">Association<\/a><\/li><\/ul><h3><span class=\"sub1\"><span class=\"sub2\"><span class=\"sub3\"><a href=\"https:\/\/www.geh8.de\/en\/open-call-austausch-fuer-kuratorinnen-2018-breslaudresden\/\">OPEN CALL! Exchange for Curators 2018 (Wroclaw\/Dresden)<\/a><\/span><\/span><\/span><\/h3><p>Bewerbungsfrist verl\u00e4ngert \/ Deadline extended: 25.01.2018! This post is also availabe in English: Curators Exchange [&hellip;]<\/p>\n<\/div><\/div><div class=\"grid-item archive hyphenate querformat post-5267 page type-page status-publish has-post-thumbnail hentry\"><a href=\"https:\/\/www.geh8.de\/en\/zwischen-selbst-und-organisation\/\"><img decoding=\"async\" src=\"https:\/\/www.geh8.de\/page\/wp-content\/uploads\/2018\/07\/40015791_692577244433702_3311226554637352960_o-288x216.jpg\" class=\"attachment-tile-landscape-low size-tile-landscape-low wp-post-image\" alt=\"\" srcset=\"https:\/\/www.geh8.de\/page\/wp-content\/uploads\/2018\/07\/40015791_692577244433702_3311226554637352960_o-288x216.jpg 288w, https:\/\/www.geh8.de\/page\/wp-content\/uploads\/2018\/07\/40015791_692577244433702_3311226554637352960_o-448x336.jpg 448w, https:\/\/www.geh8.de\/page\/wp-content\/uploads\/2018\/07\/40015791_692577244433702_3311226554637352960_o-368x276.jpg 368w, https:\/\/www.geh8.de\/page\/wp-content\/uploads\/2018\/07\/40015791_692577244433702_3311226554637352960_o-90x67.jpg 90w\" sizes=\"(max-width: 288px) 100vw, 288px\" \/><\/a><div class=\"grid-entry haase-archive\" data-content=\"In 2014, the conditions that had been unfavourable for the GEH8 changed for the better. Through the sale and transfer of ownership of the former freight yard property to the city of Dresden, and the granting of institutional funding by the municipal cultural office, there was, for the first time, a long-term perspective to remain at the traditional place\u2014through the promised funding better planning for artistic and cultural work. With the help of the Kulturstiftung des Bundes it was possible for us to carry out aa reorganisation of our association structure. We learned a lot about ourselves in that reorganisation process. We want to share this with others. In the sense of a crisis-driven development, the reorganisation initiated a learning process, the results of which we documented in a publication.\r\n\r\nThe reorganisation - a field report\r\n\r\nWe, an off-space undergo a coaching to reorganise. Do we also go under the risk of over-fitting? Have we arrived at the clearance of our autonomy to an ideal commercial and institutional state? We had to face these questions. Yearningly, we looked back to the lust-driven autonomous art village, which lies wild and free on the fallow land while tired in the bratwurst haze around the campfire.\r\n\r\nWe want to remain the &quot;elsewhere&quot;, the counter-magic to economic conquest and aesthetic mediocrity. So that it does not become staged magic, we do what\u2019s necessary, then the possible, and then achieve the seemingly impossible. Not burning out or detaching due to inefficient organisational requirements, but rather to a common and demanding search for appropriate forms of reflective expression and presentation. We want to focus our commitment more on the arts and less on administration. That&#039;s why we wanted to improve our organisation.\r\n\r\nAfter the first years of laying foundations, it was time to rethink our organisation from scratch. We had to find answers to key questions - among them: How can exhibition and project operations be professionalized in the future, while retaining the quality and freedom of an off-space? How can we achieve a stable organisational base that focus on the quality of artistic projects? We sought an approach that helps overcome the balancing act between volunteer work, association membership, free artistic work, and personal livelihood.\r\n\r\nThe course and its ensuing result of that one-year reorganisation process was documented in a three-part publication. On the one hand, it comprehensively traces the development of the geh8 Kunstraum and Atelier e.V., and on the other hand, it describes the challenges and potentialities of a well-balanced production and presentation venues for contemporary art.\r\n\r\nConcept Promotion\r\n\r\nPlanning things and making things are two completely different challenges. 2017 - 2019 we had the possibility to transform our plans into practice with support from the Cultural Foundation of the Free State of Saxony.\r\n\r\nPublication\r\n\r\nON [ ] OFF\r\nBetween self and organisation - a review\r\n\r\nPart 1: Portrait and history of the GEH8 Kunstraum and Atelier e. V. (DinA 5, 34 pages)\r\nPart 2: The reorganisation process (DinA 5, 26 pages)\r\nPart 3: The o rganization (DinA 5, 42 pages)\r\n\r\nThe three part publication can be downloaded here.\r\n\r\n[ngg_images source=&quot;galleries&quot; container_ids=&quot;98&quot; exclusions=&quot;1822,1823,1824&quot; display_type=&quot;photocrati-nextgen_basic_thumbnails&quot; override_thumbnail_settings=&quot;0&quot; thumbnail_width=&quot;80&quot; thumbnail_height=&quot;80&quot; thumbnail_crop=&quot;1&quot; images_per_page=&quot;0&quot; number_of_columns=&quot;0&quot; ajax_pagination=&quot;1&quot; show_all_in_lightbox=&quot;0&quot; use_imagebrowser_effect=&quot;0&quot; show_slideshow_link=&quot;0&quot; slideshow_link_text=&quot;[Show as slideshow]&quot; order_by=&quot;sortorder&quot; order_direction=&quot;ASC&quot; returns=&quot;included&quot; maximum_entity_count=&quot;500&quot;]\"><h3><span class=\"sub1\"><span class=\"sub2\"><span class=\"sub3\"><a href=\"https:\/\/www.geh8.de\/en\/zwischen-selbst-und-organisation\/\">Between self-organisation and organisation<\/a><\/span><\/span><\/span><\/h3><p>In 2014, the conditions that had been unfavourable for the GEH8 changed for the better. [&hellip;]<\/p>\n<\/div><\/div><div class=\"grid-item archive hyphenate querformat post-5178 post type-post status-publish format-standard has-post-thumbnail hentry category-verein\"><a href=\"https:\/\/www.geh8.de\/en\/open-call-ausstellungsbeteiligung\/\"><img decoding=\"async\" src=\"https:\/\/www.geh8.de\/page\/wp-content\/uploads\/2017\/11\/Bildschirmfoto-2017-11-10-um-12.04.29-288x216.png\" class=\"attachment-tile-landscape-low size-tile-landscape-low wp-post-image\" alt=\"\" srcset=\"https:\/\/www.geh8.de\/page\/wp-content\/uploads\/2017\/11\/Bildschirmfoto-2017-11-10-um-12.04.29-288x216.png 288w, https:\/\/www.geh8.de\/page\/wp-content\/uploads\/2017\/11\/Bildschirmfoto-2017-11-10-um-12.04.29-448x336.png 448w, https:\/\/www.geh8.de\/page\/wp-content\/uploads\/2017\/11\/Bildschirmfoto-2017-11-10-um-12.04.29-368x276.png 368w\" sizes=\"(max-width: 288px) 100vw, 288px\" \/><\/a><div class=\"grid-entry haase-archive\" data-content=\"In addition to invited international positions, GEH8 Kunstraum &amp; Ateliers e.V. also promotes the work of young and not yet established artists with its exhibition program.\r\n\r\nFor this reason, we invite artists to apply for exhibition participation in 2018 or 2019.\r\n\r\n (more&hellip;)\"><ul class=\"post-categories\">\n\t<li><a href=\"https:\/\/www.geh8.de\/en\/category\/verein\/\" rel=\"category tag\">Association<\/a><\/li><\/ul><h3><span class=\"sub1\"><span class=\"sub2\"><span class=\"sub3\"><a href=\"https:\/\/www.geh8.de\/en\/open-call-ausstellungsbeteiligung\/\">OPEN CALL! Exhibition participation<\/a><\/span><\/span><\/span><\/h3><p>In addition to invited international positions, GEH8 Kunstraum &#038; Ateliers e.V. also promotes the work [&hellip;]<\/p>\n<\/div><\/div><div class=\"grid-item archive hyphenate querformat post-5085 post type-post status-publish format-standard has-post-thumbnail hentry category-konzert\"><a href=\"https:\/\/www.geh8.de\/en\/alte-meister-3-leichtigkeit\/\"><img decoding=\"async\" src=\"https:\/\/www.geh8.de\/page\/wp-content\/uploads\/2017\/09\/Konzert_Web_GEH8_Beitrag-288x216.jpg\" class=\"attachment-tile-landscape-low size-tile-landscape-low wp-post-image\" alt=\"\" srcset=\"https:\/\/www.geh8.de\/page\/wp-content\/uploads\/2017\/09\/Konzert_Web_GEH8_Beitrag-288x216.jpg 288w, https:\/\/www.geh8.de\/page\/wp-content\/uploads\/2017\/09\/Konzert_Web_GEH8_Beitrag-100x75.jpg 100w, https:\/\/www.geh8.de\/page\/wp-content\/uploads\/2017\/09\/Konzert_Web_GEH8_Beitrag-80x60.jpg 80w, https:\/\/www.geh8.de\/page\/wp-content\/uploads\/2017\/09\/Konzert_Web_GEH8_Beitrag-448x336.jpg 448w, https:\/\/www.geh8.de\/page\/wp-content\/uploads\/2017\/09\/Konzert_Web_GEH8_Beitrag-368x276.jpg 368w, https:\/\/www.geh8.de\/page\/wp-content\/uploads\/2017\/09\/Konzert_Web_GEH8_Beitrag-90x67.jpg 90w, https:\/\/www.geh8.de\/page\/wp-content\/uploads\/2017\/09\/Konzert_Web_GEH8_Beitrag-30x23.jpg 30w, https:\/\/www.geh8.de\/page\/wp-content\/uploads\/2017\/09\/Konzert_Web_GEH8_Beitrag.jpg 617w\" sizes=\"(max-width: 288px) 100vw, 288px\" \/><\/a><div class=\"grid-entry haase-archive\" data-content=\"Matthias Lorenz (cello) plays and comments on works by Helmut Lachenmann, Klaus Huber and Benjamin Schweitzer.\r\n\r\nAfter the prologue in 2014, the third concert of the series &quot;Old Masters&quot; will again take place at our concert hall.\r\n\r\nConcert on 24.11.2017, beginning: 8 p.m.\r\nThe hall will be heated with gas radiators!\r\n\r\n (more&hellip;)\"><ul class=\"post-categories\">\n\t<li><a href=\"https:\/\/www.geh8.de\/en\/category\/konzert\/\" rel=\"category tag\">Concert<\/a><\/li><\/ul><h3><span class=\"sub1\"><span class=\"sub2\"><span class=\"sub3\"><a href=\"https:\/\/www.geh8.de\/en\/alte-meister-3-leichtigkeit\/\">Alte Meister 3 &#8211; Leichtigkeit<\/a><\/span><\/span><\/span><\/h3><p>Matthias Lorenz (cello) plays and comments on works by Helmut Lachenmann, Klaus Huber and Benjamin [&hellip;]<\/p>\n<\/div><\/div><div class=\"grid-item archive hyphenate querformat post-5110 post type-post status-publish format-standard has-post-thumbnail hentry category-verein\"><a href=\"https:\/\/www.geh8.de\/en\/geh8-beim-industrie-kultur-parkour\/\"><img decoding=\"async\" src=\"https:\/\/www.geh8.de\/page\/wp-content\/uploads\/2017\/09\/Bildschirmfoto-2017-09-28-um-17.15.08-288x216.png\" class=\"attachment-tile-landscape-low size-tile-landscape-low wp-post-image\" alt=\"\" srcset=\"https:\/\/www.geh8.de\/page\/wp-content\/uploads\/2017\/09\/Bildschirmfoto-2017-09-28-um-17.15.08-288x216.png 288w, https:\/\/www.geh8.de\/page\/wp-content\/uploads\/2017\/09\/Bildschirmfoto-2017-09-28-um-17.15.08-448x336.png 448w, https:\/\/www.geh8.de\/page\/wp-content\/uploads\/2017\/09\/Bildschirmfoto-2017-09-28-um-17.15.08-368x276.png 368w, https:\/\/www.geh8.de\/page\/wp-content\/uploads\/2017\/09\/Bildschirmfoto-2017-09-28-um-17.15.08-90x67.png 90w\" sizes=\"(max-width: 288px) 100vw, 288px\" \/><\/a><div class=\"grid-entry haase-archive\" data-content=\"\r\n\r\n\r\n\r\nHow can former industrial sites be revitalized?\r\n\r\nThe Spinnerei in Leipzig is a good example: Vacant halls, factories and offices are virtually predestined for cultural use. There are also numerous examples of such new usage concepts in Dresden.\r\n\r\nThe Konglomerat e.V. had together with Industrie Kultur Parkour (InKuPa) the goal, to make this industrial culture tangible in Dresden.\r\n\r\n (more&hellip;)\"><ul class=\"post-categories\">\n\t<li><a href=\"https:\/\/www.geh8.de\/en\/category\/verein\/\" rel=\"category tag\">Association<\/a><\/li><\/ul><h3><span class=\"sub1\"><span class=\"sub2\"><span class=\"sub3\"><a href=\"https:\/\/www.geh8.de\/en\/geh8-beim-industrie-kultur-parkour\/\">GEH8 at the Industry Culture Parcour<\/a><\/span><\/span><\/span><\/h3><p>How can former industrial sites be revitalized? The Spinnerei in Leipzig is a good example: [&hellip;]<\/p>\n<\/div><\/div><div class=\"grid-item archive hyphenate querformat post-4716 post type-post status-publish format-standard has-post-thumbnail hentry category-ausstellung\"><a href=\"https:\/\/www.geh8.de\/en\/fall\/\"><img decoding=\"async\" src=\"https:\/\/www.geh8.de\/page\/wp-content\/uploads\/2017\/04\/FALL-SveaDuwe-2015-288x216.jpg\" class=\"attachment-tile-landscape-low size-tile-landscape-low wp-post-image\" alt=\"\" srcset=\"https:\/\/www.geh8.de\/page\/wp-content\/uploads\/2017\/04\/FALL-SveaDuwe-2015-288x216.jpg 288w, https:\/\/www.geh8.de\/page\/wp-content\/uploads\/2017\/04\/FALL-SveaDuwe-2015-448x336.jpg 448w, https:\/\/www.geh8.de\/page\/wp-content\/uploads\/2017\/04\/FALL-SveaDuwe-2015-368x276.jpg 368w, https:\/\/www.geh8.de\/page\/wp-content\/uploads\/2017\/04\/FALL-SveaDuwe-2015-90x67.jpg 90w\" sizes=\"(max-width: 288px) 100vw, 288px\" \/><\/a><div class=\"grid-entry haase-archive\" data-content=\"GEH8 Kunstraum &amp; Ateliers e.V. invites you to FALL, an international group exhibition by the artists Svea Duwe (Dresden) and Fabien Zocco (Lille\/Fr).\r\n\r\nIn the space-related synopsis, the two artists reflect uncertainty, change and dissolution as current feelings of life in society and represent this through contradictory or tense new relations between virtual and real material. In his media installations, Zocco connects our reality in a concrete poetic way with contents of virtual space. Duwe transfers materials and motifs from everyday life into new contexts in her installations and photographs, focusing on orientation - ruins of the future - patterns.\r\n\r\nOpening: September 29 at 8 p.m. Introduction by Catherine Nichols (English)\r\nExhibition period: Sept. 29-Oct. 22.\r\nOpening hours: Sat. - Sun. 3 - 6 p.m.\r\n\r\n (more&hellip;)\"><ul class=\"post-categories\">\n\t<li><a href=\"https:\/\/www.geh8.de\/en\/category\/ausstellung\/\" rel=\"category tag\">Exhibition<\/a><\/li><\/ul><h3><span class=\"sub1\"><span class=\"sub2\"><span class=\"sub3\"><a href=\"https:\/\/www.geh8.de\/en\/fall\/\">FALL<\/a><\/span><\/span><\/span><\/h3><p>GEH8 Kunstraum &#038; Ateliers e.V. invites you to FALL, an international group exhibition by the [&hellip;]<\/p>\n<\/div><\/div><div class=\"grid-item archive hyphenate querformat post-5101 post type-post status-publish format-standard has-post-thumbnail hentry category-ausstellung\"><a href=\"https:\/\/www.geh8.de\/en\/abschlusspraesentation-i-map-my-body\/\"><img decoding=\"async\" src=\"https:\/\/www.geh8.de\/page\/wp-content\/uploads\/2017\/09\/Bildschirmfoto-2017-09-26-um-11.50.42-288x216.png\" class=\"attachment-tile-landscape-low size-tile-landscape-low wp-post-image\" alt=\"\" srcset=\"https:\/\/www.geh8.de\/page\/wp-content\/uploads\/2017\/09\/Bildschirmfoto-2017-09-26-um-11.50.42-288x216.png 288w, https:\/\/www.geh8.de\/page\/wp-content\/uploads\/2017\/09\/Bildschirmfoto-2017-09-26-um-11.50.42-448x336.png 448w, https:\/\/www.geh8.de\/page\/wp-content\/uploads\/2017\/09\/Bildschirmfoto-2017-09-26-um-11.50.42-368x276.png 368w\" sizes=\"(max-width: 288px) 100vw, 288px\" \/><\/a><div class=\"grid-entry haase-archive\" data-content=\"The exhibition shows results of seven workshops, a cooperation project of GEH8 Kunstraum with young refugee adults under the artistic direction of Marleen Andreev.\r\n\r\nAttention: The event will not take place at GEH8!\r\n\r\nOpening: October 1, 2017 from 5 pm\r\nLocation: difo - Dresden Institute for Continuing Education, Pulsnitzer Str. 6, 01099 Dresden.\r\nDuration of the exhibition: October 1 - 30, 2017, during regular opening hours\r\n\r\nwww.dresdner-institut.com\r\n\r\nOur body map as an expression of our own story\r\n\r\nPainting one&#039;s own body map (&quot;Bodymap&quot;) helps to discover connections between the individual stories and places of one&#039;s life. This develops a deeper understanding of one&#039;s own inner strength, which helps to stay healthy and radiate positively to the world around us. In 7 one-day workshops, young refugee adults between the ages of 18 and 25 enter into active contact with each other without having to choose language as their first means. At the end of the workshop, participants see the finished work right before their eyes and life-size - their own &quot;Bodymap&quot; as a work of art.\r\n\r\nSponsors\r\n\r\nBBK - Federal Association of Visual Artists\r\n\r\nKultur macht stark, B\u00fcndnisse f\u00fcr Bildung - funded by the Federal Ministry of Education and Research\r\n\r\n \r\n\r\nCooperationpartner\r\n\r\n\"><ul class=\"post-categories\">\n\t<li><a href=\"https:\/\/www.geh8.de\/en\/category\/ausstellung\/\" rel=\"category tag\">Exhibition<\/a><\/li><\/ul><h3><span class=\"sub1\"><span class=\"sub2\"><span class=\"sub3\"><a href=\"https:\/\/www.geh8.de\/en\/abschlusspraesentation-i-map-my-body\/\">Final presentation &#8220;I map my body&#8221;<\/a><\/span><\/span><\/span><\/h3><p>The exhibition shows results of seven workshops, a cooperation project of GEH8 Kunstraum with young [&hellip;]<\/p>\n<\/div><\/div><div class=\"grid-item archive hyphenate querformat post-5113 post type-post status-publish format-standard has-post-thumbnail hentry category-verein\"><a href=\"https:\/\/www.geh8.de\/en\/metamorphose-geh8-preistraeger-des-ideenwettbewerbs\/\"><img decoding=\"async\" src=\"https:\/\/www.geh8.de\/page\/wp-content\/uploads\/2017\/09\/IMG_0418-288x216.jpg\" class=\"attachment-tile-landscape-low size-tile-landscape-low wp-post-image\" alt=\"\" srcset=\"https:\/\/www.geh8.de\/page\/wp-content\/uploads\/2017\/09\/IMG_0418-288x216.jpg 288w, https:\/\/www.geh8.de\/page\/wp-content\/uploads\/2017\/09\/IMG_0418-100x75.jpg 100w, https:\/\/www.geh8.de\/page\/wp-content\/uploads\/2017\/09\/IMG_0418-80x60.jpg 80w, https:\/\/www.geh8.de\/page\/wp-content\/uploads\/2017\/09\/IMG_0418-768x576.jpg 768w, https:\/\/www.geh8.de\/page\/wp-content\/uploads\/2017\/09\/IMG_0418-448x336.jpg 448w, https:\/\/www.geh8.de\/page\/wp-content\/uploads\/2017\/09\/IMG_0418-368x276.jpg 368w, https:\/\/www.geh8.de\/page\/wp-content\/uploads\/2017\/09\/IMG_0418-90x67.jpg 90w, https:\/\/www.geh8.de\/page\/wp-content\/uploads\/2017\/09\/IMG_0418.jpg 1024w, https:\/\/www.geh8.de\/page\/wp-content\/uploads\/2017\/09\/IMG_0418-30x23.jpg 30w\" sizes=\"(max-width: 288px) 100vw, 288px\" \/><\/a><div class=\"grid-entry haase-archive\" data-content=\"The environment of GEH8 is changing. This offers us the chance to realign ourselves. We want to accompany this process of change artistically. Therefore, we called for ideas and concepts from all disciplines, how the metamorphosis of GEH8 from today to 2020 can be documented, reflected, interpreted or illustrated with artistic means.\r\nFrom the concept proposals submitted from Spain, Holland, the Czech Republic and Germany, the jury chose the following winners:\r\n\r\nAnnemarie Str\u00fcmpfler (Bremen)\r\n\r\n (more&hellip;)\"><ul class=\"post-categories\">\n\t<li><a href=\"https:\/\/www.geh8.de\/en\/category\/verein\/\" rel=\"category tag\">Association<\/a><\/li><\/ul><h3><span class=\"sub1\"><span class=\"sub2\"><span class=\"sub3\"><a href=\"https:\/\/www.geh8.de\/en\/metamorphose-geh8-preistraeger-des-ideenwettbewerbs\/\">Winners of the ideas competition Metamorphose GEH8<\/a><\/span><\/span><\/span><\/h3><p>The environment of GEH8 is changing. This offers us the chance to realign ourselves. We [&hellip;]<\/p>\n<\/div><\/div><div class=\"grid-item archive hyphenate querformat post-4875 post type-post status-publish format-standard has-post-thumbnail hentry category-ausstellung\"><a href=\"https:\/\/www.geh8.de\/en\/interdisziplinaeres-kunstprojekt-multipolis\/\"><img decoding=\"async\" src=\"https:\/\/www.geh8.de\/page\/wp-content\/uploads\/2017\/07\/Multipolis_Einladung-1-288x216.jpg\" class=\"attachment-tile-landscape-low size-tile-landscape-low wp-post-image\" alt=\"\" srcset=\"https:\/\/www.geh8.de\/page\/wp-content\/uploads\/2017\/07\/Multipolis_Einladung-1-288x216.jpg 288w, https:\/\/www.geh8.de\/page\/wp-content\/uploads\/2017\/07\/Multipolis_Einladung-1-448x336.jpg 448w, https:\/\/www.geh8.de\/page\/wp-content\/uploads\/2017\/07\/Multipolis_Einladung-1-368x276.jpg 368w, https:\/\/www.geh8.de\/page\/wp-content\/uploads\/2017\/07\/Multipolis_Einladung-1-90x67.jpg 90w, https:\/\/www.geh8.de\/page\/wp-content\/uploads\/2017\/07\/Multipolis_Einladung-1-30x22.jpg 30w\" sizes=\"(max-width: 288px) 100vw, 288px\" \/><\/a><div class=\"grid-entry haase-archive\" data-content=\"A group exhibition with results of interventions in public space in Sofia (BG), curated by Marleen Andreev from GEH8 Kunstraum as a guest program of MULTIPOLIS - Images of the city, an interdisciplinary exhibition project initiated by Nataliya Todorova and Ivana Nencheva from THE FRIDGE from Sofia (BG).\r\n\r\nExhibiting artists:\r\nElisabeth Rosenthal, Frank Zitzmann, Julia Pommer, Marleen Andreev and Thomas Judisch\r\n\r\nMULTIPOLIS - Images of the city examines images of the city of Sofia - as an archetype, place of residence, landscape, metaphor and place of representation. Problems of stereotypes of certain urban spaces of Sofia are scrutinized through artistic, philosophical and sociological debates. The project aims to create an interactive and multidisciplinary forum. Of particular interest are the visual, acoustic, and social images that collide in specific regions of Sofia.\r\n\r\nDuring a one-week residency in Bulgaria&#039;s capital in June 2017, five German artists realized various interventions in public space. By looking from the outside at a city that was partly foreign to them, they made an independent contribution to the Multipolis project. The artist Marleen Andreev, who curates both the Multipolis guest program in Sofia and the exhibition in Dresden, acted as an intermediary.\r\n\r\n\r\n\r\n\r\n\r\n\r\n\r\n\r\n\r\nAs a cooperation partner of this project, the GEH8 Kunstraum is already becoming the presentation venue for a satellite exhibition alongside an exhibition planned for October at the Sofia Municipal Gallery. The five German guest artists Elisabeth Rosenthal, Frank Zitzmann, Julia Pommer, Marleen Andreev and Thomas Judisch will show in Dresden results of their performative, installative and participative actions from Sofia.\r\n\r\nPresentation at the Sofia City Art Gallery \/\/ Opening: 31.10.2017\r\n\r\nhttp:\/\/the--fridge.blogspot.de\/\r\n\r\n&nbsp;\r\nDie Residency in Sofia is supported by:\r\nGoethe Insitut Sofia (BG)\r\nSofia Municipality Program 2016, Culture Centre of Sofia University &quot;St. Climent Ochridsky&quot;\r\n\r\nThe exhibition in Dresden is supported by:\r\nLandeshaupttadt Dresden - Amt f\u00fcr Kultur und Denkmalschutz\r\nKulturstiftung des Freistaates Sachsen\r\n\r\n \"><ul class=\"post-categories\">\n\t<li><a href=\"https:\/\/www.geh8.de\/en\/category\/ausstellung\/\" rel=\"category tag\">Exhibition<\/a><\/li><\/ul><h3><span class=\"sub1\"><span class=\"sub2\"><span class=\"sub3\"><a href=\"https:\/\/www.geh8.de\/en\/interdisziplinaeres-kunstprojekt-multipolis\/\">MULTIPOLIS &#8211; Images of the City \/ Dresden<\/a><\/span><\/span><\/span><\/h3><p>A group exhibition with results of interventions in public space in Sofia (BG), curated by [&hellip;]<\/p>\n<\/div><\/div><div class=\"grid-item archive hyphenate querformat post-5059 page type-page status-publish has-post-thumbnail hentry\"><a href=\"https:\/\/www.geh8.de\/en\/internationales-kunststipendium\/\"><img decoding=\"async\" src=\"https:\/\/www.geh8.de\/page\/wp-content\/uploads\/2017\/08\/RITRATTO_1-288x216.jpg\" class=\"attachment-tile-landscape-low size-tile-landscape-low wp-post-image\" alt=\"\" srcset=\"https:\/\/www.geh8.de\/page\/wp-content\/uploads\/2017\/08\/RITRATTO_1-288x216.jpg 288w, https:\/\/www.geh8.de\/page\/wp-content\/uploads\/2017\/08\/RITRATTO_1-448x336.jpg 448w, https:\/\/www.geh8.de\/page\/wp-content\/uploads\/2017\/08\/RITRATTO_1-368x276.jpg 368w, https:\/\/www.geh8.de\/page\/wp-content\/uploads\/2017\/08\/RITRATTO_1-90x67.jpg 90w\" sizes=\"(max-width: 288px) 100vw, 288px\" \/><\/a><div class=\"grid-entry haase-archive\" data-content=\"For the seconde time the foundation \u201cStiftung Kunst &amp; Musik f\u00fcr Dresden\u201d awards the International art scholarship to a visual artist. From a selection of five suggestions the jury selected Marinella Senatore, born in Cava de Tirreni, Italy, in 1977 and currently living in Paris. \r\n\r\nMarinella Senatore works with different mediums, such as performance, film, video, photography, sound, installation, drawing and collage. With that the formation process is highlighted since she pursues a participatory approach.\r\n\r\nShe disrupts the classical separation of artist and audience and her work includes often many people with different backgrounds. Her interest focuses on active exchange during the artistic production, less on the final work of art. Subsequently she questions the idea of an individual and distinct artist. With collaboration she is looking to push movement, feelings, thoughts and ideas and to create a momentum which encourages a new social conscience and questions hierarchies.\r\nMarinella Senatore will be living in Dresden for six months starting August 2017. Besides a monthly scholarship the artist receives access to a studio space and apartment. The studio space is part of GEH8, thus the artist will have a connection to the lively Dresden art scene. The public presentation is explicitly the goal of the scholarship. The foundation will be active in close cooperation with the artists and partners to visualize the artistic process for the public. \r\n\r\nMore information about the artist: marinella-senatore.com\"><h3><span class=\"sub1\"><span class=\"sub2\"><span class=\"sub3\"><a href=\"https:\/\/www.geh8.de\/en\/internationales-kunststipendium\/\">International art scholarship<\/a><\/span><\/span><\/span><\/h3><p>For the seconde time the foundation \u201cStiftung Kunst &#038; Musik f\u00fcr Dresden\u201d awards the International [&hellip;]<\/p>\n<\/div><\/div><div class=\"grid-item archive hyphenate querformat post-4990 post type-post status-publish format-standard has-post-thumbnail hentry category-symposium\"><a href=\"https:\/\/www.geh8.de\/en\/dokumentarismen\/\"><img decoding=\"async\" src=\"https:\/\/www.geh8.de\/page\/wp-content\/uploads\/2017\/07\/Massenbilder-288x216.png\" class=\"attachment-tile-landscape-low size-tile-landscape-low wp-post-image\" alt=\"\" srcset=\"https:\/\/www.geh8.de\/page\/wp-content\/uploads\/2017\/07\/Massenbilder-288x216.png 288w, https:\/\/www.geh8.de\/page\/wp-content\/uploads\/2017\/07\/Massenbilder-448x336.png 448w, https:\/\/www.geh8.de\/page\/wp-content\/uploads\/2017\/07\/Massenbilder-368x276.png 368w, https:\/\/www.geh8.de\/page\/wp-content\/uploads\/2017\/07\/Massenbilder-90x67.png 90w\" sizes=\"(max-width: 288px) 100vw, 288px\" \/><\/a><div class=\"grid-entry haase-archive\" data-content=\"\r\n\r\n\r\n\r\n\r\nSymposium accompanying the exhibition &quot;Fictions are useful&quot;.\r\n\r\nBeginning on August 19, 11 a.m. - 11 p.m.\r\n\r\nThe photograph and the video recording have been two important media used in conceptual and performance art since the 1970s. Since the beginning of the 1990s, this has been followed by various waves of adaptation of documentary techniques into the art world, which have also been integrated into the mainstream with Dokumentas X and 11. (more&hellip;)\"><ul class=\"post-categories\">\n\t<li><a href=\"https:\/\/www.geh8.de\/en\/category\/symposium\/\" rel=\"category tag\">Symposium<\/a><\/li><\/ul><h3><span class=\"sub1\"><span class=\"sub2\"><span class=\"sub3\"><a href=\"https:\/\/www.geh8.de\/en\/dokumentarismen\/\">Dokumentarism<\/a><\/span><\/span><\/span><\/h3><p>Symposium accompanying the exhibition &#8220;Fictions are useful&#8221;. Beginning on August 19, 11 a.m. &#8211; 11 [&hellip;]<\/p>\n<\/div><\/div><div class=\"grid-item archive hyphenate querformat post-4986 post type-post status-publish format-standard has-post-thumbnail hentry category-ausstellung\"><a href=\"https:\/\/www.geh8.de\/en\/fiktionen-sind-nuetzlich\/\"><img decoding=\"async\" src=\"https:\/\/www.geh8.de\/page\/wp-content\/uploads\/2017\/07\/Bildschirmfoto-2017-07-14-um-11.04.43-288x216.png\" class=\"attachment-tile-landscape-low size-tile-landscape-low wp-post-image\" alt=\"\" srcset=\"https:\/\/www.geh8.de\/page\/wp-content\/uploads\/2017\/07\/Bildschirmfoto-2017-07-14-um-11.04.43-288x216.png 288w, https:\/\/www.geh8.de\/page\/wp-content\/uploads\/2017\/07\/Bildschirmfoto-2017-07-14-um-11.04.43-448x336.png 448w, https:\/\/www.geh8.de\/page\/wp-content\/uploads\/2017\/07\/Bildschirmfoto-2017-07-14-um-11.04.43-368x276.png 368w, https:\/\/www.geh8.de\/page\/wp-content\/uploads\/2017\/07\/Bildschirmfoto-2017-07-14-um-11.04.43-90x67.png 90w\" sizes=\"(max-width: 288px) 100vw, 288px\" \/><\/a><div class=\"grid-entry haase-archive\" data-content=\"\r\n\r\n\r\n\r\n\r\n\r\n\r\nInternational exchange project and group exhibition of artists from Austria and Germany as guests at GEH8 Kunstraum\r\n\r\n\r\n\r\nOpening on August 18 at 8 pm\r\nExhibition from 19.08. to 10.09.2017.\r\n\r\nAs part of a two-year interdisciplinary artistic exchange project, six artists from Linz and Dresden explored the urban spaces of the two cities. In the process, they developed artistic works that focus on the relationship between performative action and image creation, as well as the role of photography and video for documentary purposes. (more&hellip;)\"><ul class=\"post-categories\">\n\t<li><a href=\"https:\/\/www.geh8.de\/en\/category\/ausstellung\/\" rel=\"category tag\">Exhibition<\/a><\/li><\/ul><h3><span class=\"sub1\"><span class=\"sub2\"><span class=\"sub3\"><a href=\"https:\/\/www.geh8.de\/en\/fiktionen-sind-nuetzlich\/\">Fictions are useful<\/a><\/span><\/span><\/span><\/h3><p>International exchange project and group exhibition of artists from Austria and Germany as guests at [&hellip;]<\/p>\n<\/div><\/div><div class=\"grid-item archive hyphenate querformat post-5053 post type-post status-publish format-standard has-post-thumbnail hentry category-lesung\"><a href=\"https:\/\/www.geh8.de\/en\/kuenstlergespraech-in-der-geh8\/\"><img decoding=\"async\" src=\"https:\/\/www.geh8.de\/page\/wp-content\/uploads\/2017\/06\/gastatelier_01-288x216.jpg\" class=\"attachment-tile-landscape-low size-tile-landscape-low wp-post-image\" alt=\"\" srcset=\"https:\/\/www.geh8.de\/page\/wp-content\/uploads\/2017\/06\/gastatelier_01-288x216.jpg 288w, https:\/\/www.geh8.de\/page\/wp-content\/uploads\/2017\/06\/gastatelier_01-448x336.jpg 448w, https:\/\/www.geh8.de\/page\/wp-content\/uploads\/2017\/06\/gastatelier_01-368x276.jpg 368w, https:\/\/www.geh8.de\/page\/wp-content\/uploads\/2017\/06\/gastatelier_01-90x67.jpg 90w\" sizes=\"(max-width: 288px) 100vw, 288px\" \/><\/a><div class=\"grid-entry haase-archive\" data-content=\"Founded in 1995&nbsp; by the Greater Columbus Arts Council and the Saxon State Ministry for Science and the Arts (SMWK), this exchange program has belonged to the area of Stipendien der Kulturstiftung des Freistaates Sachsen.\r\n\r\nMore information here.\r\n\r\nYou are invited to attend a meet and greet of the two Exchange Artists in Residence from Columbus Ohio, USA. Melinda Rosenberg, who creates wooden wall sculptures, and Carol Snyder who creates porcelain vessels will each give presentations on their work. They will be available throughout the evening to meet fellow Dresden artists.\r\n\r\nIt will be held on Wednesday, August 16th at 8:00 p.m at the GEH8 Studios. \r\nWe hope you are able to attend!\r\n\r\nMore Information about the scholarship and the two resident artists can be found here.\"><ul class=\"post-categories\">\n\t<li><a href=\"https:\/\/www.geh8.de\/en\/category\/lesung\/\" rel=\"category tag\">Reading \/ Talk<\/a><\/li><\/ul><h3><span class=\"sub1\"><span class=\"sub2\"><span class=\"sub3\"><a href=\"https:\/\/www.geh8.de\/en\/kuenstlergespraech-in-der-geh8\/\">Artist talk at GEH8<\/a><\/span><\/span><\/span><\/h3><p>Founded in 1995&nbsp; by the Greater Columbus Arts Council and the Saxon State Ministry for [&hellip;]<\/p>\n<\/div><\/div><div class=\"grid-item archive hyphenate querformat post-4994 post type-post status-publish format-standard has-post-thumbnail hentry category-lesung\"><a href=\"https:\/\/www.geh8.de\/en\/besuch-aus-tschechien-im-kunstraum-der-geh8\/\"><img decoding=\"async\" src=\"https:\/\/www.geh8.de\/page\/wp-content\/uploads\/2017\/07\/Bildschirmfoto-2017-07-14-um-13.09.30-288x216.png\" class=\"attachment-tile-landscape-low size-tile-landscape-low wp-post-image\" alt=\"\" srcset=\"https:\/\/www.geh8.de\/page\/wp-content\/uploads\/2017\/07\/Bildschirmfoto-2017-07-14-um-13.09.30-288x216.png 288w, https:\/\/www.geh8.de\/page\/wp-content\/uploads\/2017\/07\/Bildschirmfoto-2017-07-14-um-13.09.30-448x336.png 448w, https:\/\/www.geh8.de\/page\/wp-content\/uploads\/2017\/07\/Bildschirmfoto-2017-07-14-um-13.09.30-368x276.png 368w, https:\/\/www.geh8.de\/page\/wp-content\/uploads\/2017\/07\/Bildschirmfoto-2017-07-14-um-13.09.30-90x67.png 90w, https:\/\/www.geh8.de\/page\/wp-content\/uploads\/2017\/07\/Bildschirmfoto-2017-07-14-um-13.09.30-30x22.png 30w\" sizes=\"(max-width: 288px) 100vw, 288px\" \/><\/a><div class=\"grid-entry haase-archive\" data-content=\"We have visitors from \u00dast\u00ed nad Labem!\r\n\r\nOn 21.7. from 14 to 17 o&#039;clock young photographers and curators from the Czech Republic are our guests to talk about their work, to inform themselves about the Dresden art scene and are also interested in getting in touch with Dresden artists.\r\n\r\n (more&hellip;)\"><ul class=\"post-categories\">\n\t<li><a href=\"https:\/\/www.geh8.de\/en\/category\/lesung\/\" rel=\"category tag\">Reading \/ Talk<\/a><\/li><\/ul><h3><span class=\"sub1\"><span class=\"sub2\"><span class=\"sub3\"><a href=\"https:\/\/www.geh8.de\/en\/besuch-aus-tschechien-im-kunstraum-der-geh8\/\">Visit from the Czech Republic in the art room of GEH8<\/a><\/span><\/span><\/span><\/h3><p>We have visitors from \u00dast\u00ed nad Labem! On 21.7. from 14 to 17 o&#8217;clock young [&hellip;]<\/p>\n<\/div><\/div><div class=\"grid-item archive hyphenate querformat post-4975 post type-post status-publish format-standard has-post-thumbnail hentry category-lesung\"><a href=\"https:\/\/www.geh8.de\/en\/zwischennutzen-weiterbauen-wiedererbauen\/\"><img decoding=\"async\" src=\"https:\/\/www.geh8.de\/page\/wp-content\/uploads\/2017\/07\/Bildschirmfoto-2017-07-06-um-12.38.30-288x216.png\" class=\"attachment-tile-landscape-low size-tile-landscape-low wp-post-image\" alt=\"\" srcset=\"https:\/\/www.geh8.de\/page\/wp-content\/uploads\/2017\/07\/Bildschirmfoto-2017-07-06-um-12.38.30-288x216.png 288w, https:\/\/www.geh8.de\/page\/wp-content\/uploads\/2017\/07\/Bildschirmfoto-2017-07-06-um-12.38.30-448x336.png 448w, https:\/\/www.geh8.de\/page\/wp-content\/uploads\/2017\/07\/Bildschirmfoto-2017-07-06-um-12.38.30-368x276.png 368w, https:\/\/www.geh8.de\/page\/wp-content\/uploads\/2017\/07\/Bildschirmfoto-2017-07-06-um-12.38.30-90x67.png 90w\" sizes=\"(max-width: 288px) 100vw, 288px\" \/><\/a><div class=\"grid-entry haase-archive\" data-content=\"An evening about architectural strategies between the preservation of historical monuments and building in the existing fabric, with a roundtable discussion on the spatial possibilities of Dresden&#039;s cultural projects.\r\n\r\n (more&hellip;)\"><ul class=\"post-categories\">\n\t<li><a href=\"https:\/\/www.geh8.de\/en\/category\/lesung\/\" rel=\"category tag\">Reading \/ Talk<\/a><\/li><\/ul><h3><span class=\"sub1\"><span class=\"sub2\"><span class=\"sub3\"><a href=\"https:\/\/www.geh8.de\/en\/zwischennutzen-weiterbauen-wiedererbauen\/\">Intermediate use \/ further building \/ rebuilding<\/a><\/span><\/span><\/span><\/h3><p>An evening about architectural strategies between the preservation of historical monuments and building in the [&hellip;]<\/p>\n<\/div><\/div><div class=\"grid-item archive hyphenate querformat post-4970 page type-page status-publish has-post-thumbnail hentry\"><a href=\"https:\/\/www.geh8.de\/en\/artistic-concepts-contest-metamorphosis-geh8\/\"><img decoding=\"async\" src=\"https:\/\/www.geh8.de\/page\/wp-content\/uploads\/2017\/04\/GEH8-e1492613709324-288x216.jpg\" class=\"attachment-tile-landscape-low size-tile-landscape-low wp-post-image\" alt=\"\" srcset=\"https:\/\/www.geh8.de\/page\/wp-content\/uploads\/2017\/04\/GEH8-e1492613709324-288x216.jpg 288w, https:\/\/www.geh8.de\/page\/wp-content\/uploads\/2017\/04\/GEH8-e1492613709324-448x336.jpg 448w, https:\/\/www.geh8.de\/page\/wp-content\/uploads\/2017\/04\/GEH8-e1492613709324-368x276.jpg 368w, https:\/\/www.geh8.de\/page\/wp-content\/uploads\/2017\/04\/GEH8-e1492613709324-90x67.jpg 90w\" sizes=\"(max-width: 288px) 100vw, 288px\" \/><\/a><div class=\"grid-entry haase-archive\" data-content=\"GEH8 is based in a former wagon repair workshop on a wasteland in Dresden Pieschen. The building and its surroundings always developed a power of their own. Now the entire site is being given a new purpose: Two schools for 2,000 students are being built on the previously fallow land, and green spaces and paths are also being laid out. Nothing will ever be the same again.\r\n\r\n\r\nWe are calling for ideas and concepts from all disciplines. These should use artistic means to document, reflect, interpret or illustrate the metamorphosis, the process of change, of GEH8 from today to 2020.\r\n\r\nWe will gladly provide further information material about GEH8 and its location.\r\n\r\nWe will award the best concept with a prize money of 500 Euro.\r\nFurthermore, the implementation of the idea will be supported. At the end of the change process in 2020, the artist will present his work in GEH8, e.g. in the form of an exhibition.\r\n\r\nThe selection\r\nThe selection will be made by a jury consisting of representatives of GEH8 (board and artist) and two external experts.\r\n\r\nParticipation\r\nPlease send concepts and idea proposals informally to mail@geh8.de. Postal mailings will only be accepted in exceptional cases and can only be returned if a sufficiently stamped envelope is enclosed.\r\n\r\nClosing date: July 15, 2017\r\n\r\nThe selected artists will be notified by August 12, 2017. We ask for your understanding that for organizational reasons individual cancellations are not possible.\"><h3><span class=\"sub1\"><span class=\"sub2\"><span class=\"sub3\"><a href=\"https:\/\/www.geh8.de\/en\/artistic-concepts-contest-metamorphosis-geh8\/\">Artistic ideas competition: Metamorphosis GEH8<\/a><\/span><\/span><\/span><\/h3><p>GEH8 is based in a former wagon repair workshop on a wasteland in Dresden Pieschen. [&hellip;]<\/p>\n<\/div><\/div><div class=\"grid-item archive hyphenate querformat post-4833 post type-post status-publish format-standard has-post-thumbnail hentry category-verein\"><a href=\"https:\/\/www.geh8.de\/en\/unsere-neuen-bueroraeume\/\"><img decoding=\"async\" src=\"https:\/\/www.geh8.de\/page\/wp-content\/uploads\/2017\/06\/IMG_7059-288x216.jpg\" class=\"attachment-tile-landscape-low size-tile-landscape-low wp-post-image\" alt=\"\" srcset=\"https:\/\/www.geh8.de\/page\/wp-content\/uploads\/2017\/06\/IMG_7059-288x216.jpg 288w, https:\/\/www.geh8.de\/page\/wp-content\/uploads\/2017\/06\/IMG_7059-100x75.jpg 100w, https:\/\/www.geh8.de\/page\/wp-content\/uploads\/2017\/06\/IMG_7059-80x60.jpg 80w, https:\/\/www.geh8.de\/page\/wp-content\/uploads\/2017\/06\/IMG_7059-448x336.jpg 448w, https:\/\/www.geh8.de\/page\/wp-content\/uploads\/2017\/06\/IMG_7059-368x276.jpg 368w, https:\/\/www.geh8.de\/page\/wp-content\/uploads\/2017\/06\/IMG_7059-90x67.jpg 90w, https:\/\/www.geh8.de\/page\/wp-content\/uploads\/2017\/06\/IMG_7059-30x23.jpg 30w, https:\/\/www.geh8.de\/page\/wp-content\/uploads\/2017\/06\/IMG_7059.jpg 617w\" sizes=\"(max-width: 288px) 100vw, 288px\" \/><\/a><div class=\"grid-entry haase-archive\" data-content=\"GEH8 has never had a classic association office in Gehestra\u00dfe. With support from the&nbsp; Kreativraumf\u00f6rderung der Stadt Dresden but now, since mid-May, the new premises have finally been refurbished and occupied for the first time. Another major step in the reorganization has been taken.\r\n\r\n (more&hellip;)\"><ul class=\"post-categories\">\n\t<li><a href=\"https:\/\/www.geh8.de\/en\/category\/verein\/\" rel=\"category tag\">Association<\/a><\/li><\/ul><h3><span class=\"sub1\"><span class=\"sub2\"><span class=\"sub3\"><a href=\"https:\/\/www.geh8.de\/en\/unsere-neuen-bueroraeume\/\">our new offices<\/a><\/span><\/span><\/span><\/h3><p>GEH8 has never had a classic association office in Gehestra\u00dfe. With support from the&nbsp; Kreativraumf\u00f6rderung [&hellip;]<\/p>\n<\/div><\/div><div class=\"grid-item archive hyphenate querformat post-4797 page type-page status-publish has-post-thumbnail hentry\"><a href=\"https:\/\/www.geh8.de\/en\/kuenstleraustausch-mit-columbus-ohio\/\"><img decoding=\"async\" src=\"https:\/\/www.geh8.de\/page\/wp-content\/uploads\/2017\/06\/Herrnhut-Sarojini-Lewis-288x216.jpeg\" class=\"attachment-tile-landscape-low size-tile-landscape-low wp-post-image\" alt=\"\" srcset=\"https:\/\/www.geh8.de\/page\/wp-content\/uploads\/2017\/06\/Herrnhut-Sarojini-Lewis-288x216.jpeg 288w, https:\/\/www.geh8.de\/page\/wp-content\/uploads\/2017\/06\/Herrnhut-Sarojini-Lewis-448x336.jpeg 448w, https:\/\/www.geh8.de\/page\/wp-content\/uploads\/2017\/06\/Herrnhut-Sarojini-Lewis-368x276.jpeg 368w, https:\/\/www.geh8.de\/page\/wp-content\/uploads\/2017\/06\/Herrnhut-Sarojini-Lewis-90x67.jpeg 90w\" sizes=\"(max-width: 288px) 100vw, 288px\" \/><\/a><div class=\"grid-entry haase-archive\" data-content=\"The artist exchange program between \u201cKulturstiftung des Freistaates Sachsen\u201d and \u201cGreater Columbus Arts Council\u201d, Columbus\/Ohio, USA.\r\n\r\nFounded in 1995 by \u201cGreater Columbus Arts Council\u201d and the \u201cS\u00e4chsischen Staatsministerium f\u00fcr Wissenschaft und Kunst (SMWK)\u201d since 2012 the exchange program is part of the scholarship program of Kulturstiftung des Freistaates Sachsen.\r\n\r\nIn turns the saxon artists will be located in Columbus\/Ohio and the Ohio artists in Dresden. Thus 35 saxon and 33 american artists have the chance to get to know the country and its people and connect with the local art scene. \r\n\r\nThe \u201cKunsthaus Raskolnikow e.V. takes care of the artists during their stay in Dresden and since 2008 GEH8 Kunstraum und Atelier e.V. provides works spaces for the artists. Since this year GEH8 cooperates with ZENTRALWERK, providing newly renovated guest apartments.\r\n\r\nTherefore all three initiatives contribute to the successful stay of the artists.\r\nScholarship holders:\r\nCarol Snyder\r\nscholarship &nbsp;from 25. July to 22. October 2017\r\n[caption id=&quot;attachment_5022&quot; align=&quot;alignright&quot; width=&quot;450&quot;] Picture: Courtesy of the artist.[\/caption]\r\n\r\nThe works on the wall and the vessels made of porcelain captivate through simplicity and design vocabulary. The white and transparent material provide texture for the objects but without being painted with a glazing. &nbsp;\r\n\r\nThe amorphous forms of the works remind of things found in nature. And this is the place the artist finds her inspiration. Every piece is a recollection of a personal experience. The structure, the patterns, the rhythm or the texture, everything can be found in nature.\r\n\r\nFor Snyder the process of creation or technical production is not important, since she is not perfectly trained. More so her works should connect to internal piece, balance and a connection to nature. Thus where is the foundation material - the clay - coming from: nature.\r\n\r\nMore information about the person and her work can be found here: carolsnyder.artspan.com\r\nMelinda Rosenberg\r\nscholarship &nbsp;from&nbsp;28. May - 25. August 2017\r\n[caption id=&quot;attachment_4851&quot; align=&quot;alignleft&quot; width=&quot;450&quot;] Image: Chris Casella[\/caption]\r\n\r\nMelinda Rosenberg engages with the material wood. She loves the surface and structure which hold the age and growth like a memory. Her works refer to a craft aesthetic, and \u201cChashitsu\u201d, a form of japanese architecture, which is found in local tee houses. In her view the strength of the wood lies in its natural consistency. \r\n\r\nBy adding other materials and a partial painting she is transferring her objects into a contemporary version of the japanese aesthetic of the 14th century. \r\nMore about the artist and her works: melindarosenberg.com\r\n&nbsp;\"><h3><span class=\"sub1\"><span class=\"sub2\"><span class=\"sub3\"><a href=\"https:\/\/www.geh8.de\/en\/kuenstleraustausch-mit-columbus-ohio\/\">Artist exchange with Columbus \/ Ohio<\/a><\/span><\/span><\/span><\/h3><p>The artist exchange program between \u201cKulturstiftung des Freistaates Sachsen\u201d and \u201cGreater Columbus Arts Council\u201d, Columbus\/Ohio, [&hellip;]<\/p>\n<\/div><\/div><div class=\"grid-item archive hyphenate querformat post-4668 post type-post status-publish format-standard has-post-thumbnail hentry category-workshop\"><a href=\"https:\/\/www.geh8.de\/en\/open-call-i-map-my-body\/\"><img decoding=\"async\" src=\"https:\/\/www.geh8.de\/page\/wp-content\/uploads\/2017\/04\/I-map-my-body_Opencall_MOTIV-e1491744265890-288x216.jpg\" class=\"attachment-tile-landscape-low size-tile-landscape-low wp-post-image\" alt=\"\" srcset=\"https:\/\/www.geh8.de\/page\/wp-content\/uploads\/2017\/04\/I-map-my-body_Opencall_MOTIV-e1491744265890-288x216.jpg 288w, https:\/\/www.geh8.de\/page\/wp-content\/uploads\/2017\/04\/I-map-my-body_Opencall_MOTIV-e1491744265890-448x336.jpg 448w, https:\/\/www.geh8.de\/page\/wp-content\/uploads\/2017\/04\/I-map-my-body_Opencall_MOTIV-e1491744265890-368x276.jpg 368w, https:\/\/www.geh8.de\/page\/wp-content\/uploads\/2017\/04\/I-map-my-body_Opencall_MOTIV-e1491744265890-90x67.jpg 90w\" sizes=\"(max-width: 288px) 100vw, 288px\" \/><\/a><div class=\"grid-entry haase-archive\" data-content=\"Kostenloser&nbsp;Workshop f\u00fcr gefl\u00fcchtete junge Erwachsene&nbsp;zwischen 18 und 25 Jahren\r\n\r\nFree Workshop FOR REFUGEES between 18 and 25 years old\r\n\r\nGEH8 Kunstraum &amp; Ateliers e.V. l\u00e4dt zu einer interkulturellen Workshopreihe I-map-my-body f\u00fcr gefl\u00fcchtete junge Erwachsene im Alter von 18 bis 26 Jahren mit der K\u00fcnstlerin Marleen Andreev (Dresden) ein.\r\n\r\nMi\/Wed 14.6. 2017, 13.30-20.30 Uhr\r\n Sa\/Sat 17.6. 2017, 11.00-18.00 Uhr\r\n Mi\/Wed 9.8. 2017, 13.30-20.30 Uhr  (more&hellip;)\"><ul class=\"post-categories\">\n\t<li><a href=\"https:\/\/www.geh8.de\/en\/category\/workshop\/\" rel=\"category tag\">Workshop<\/a><\/li><\/ul><h3><span class=\"sub1\"><span class=\"sub2\"><span class=\"sub3\"><a href=\"https:\/\/www.geh8.de\/en\/open-call-i-map-my-body\/\">Open Call: Workshop I-map-my-body<\/a><\/span><\/span><\/span><\/h3><p>Kostenloser&nbsp;Workshop f\u00fcr gefl\u00fcchtete junge Erwachsene&nbsp;zwischen 18 und 25 Jahren Free Workshop FOR REFUGEES between 18 [&hellip;]<\/p>\n<\/div><\/div><div class=\"grid-item archive hyphenate querformat post-4746 post type-post status-publish format-standard has-post-thumbnail hentry category-verein\"><a href=\"https:\/\/www.geh8.de\/en\/open-call-kuenstlerischer-ideenwettbewerb-metamorphose-geh8\/\"><img decoding=\"async\" src=\"https:\/\/www.geh8.de\/page\/wp-content\/uploads\/2017\/04\/GEH8-e1492613709324-288x216.jpg\" class=\"attachment-tile-landscape-low size-tile-landscape-low wp-post-image\" alt=\"\" srcset=\"https:\/\/www.geh8.de\/page\/wp-content\/uploads\/2017\/04\/GEH8-e1492613709324-288x216.jpg 288w, https:\/\/www.geh8.de\/page\/wp-content\/uploads\/2017\/04\/GEH8-e1492613709324-448x336.jpg 448w, https:\/\/www.geh8.de\/page\/wp-content\/uploads\/2017\/04\/GEH8-e1492613709324-368x276.jpg 368w, https:\/\/www.geh8.de\/page\/wp-content\/uploads\/2017\/04\/GEH8-e1492613709324-90x67.jpg 90w\" sizes=\"(max-width: 288px) 100vw, 288px\" \/><\/a><div class=\"grid-entry haase-archive\" data-content=\"GEH8 is based in a former wagon repair workshop on a wasteland in Dresden Pieschen. The building and its surroundings always developed a power of their own. Now the entire site is being given a new purpose: Two schools for 2,000 students are being built on the previously fallow land, and green spaces and paths are also being laid out. Nothing will ever be the same again.\r\n\r\nWe are calling for ideas and concepts from all disciplines. These should use artistic means to document, reflect, interpret or illustrate the metamorphosis, the process of change, of GEH8 from today to 2020.\r\n\r\n\r\n (more&hellip;)\"><ul class=\"post-categories\">\n\t<li><a href=\"https:\/\/www.geh8.de\/en\/category\/verein\/\" rel=\"category tag\">Association<\/a><\/li><\/ul><h3><span class=\"sub1\"><span class=\"sub2\"><span class=\"sub3\"><a href=\"https:\/\/www.geh8.de\/en\/open-call-kuenstlerischer-ideenwettbewerb-metamorphose-geh8\/\">Open Call: Artistic Ideas Competition &#8220;Metamorphosis GEH8<\/a><\/span><\/span><\/span><\/h3><p>GEH8 is based in a former wagon repair workshop on a wasteland in Dresden Pieschen. [&hellip;]<\/p>\n<\/div><\/div><div class=\"grid-item archive hyphenate querformat post-4361 post type-post status-publish format-standard has-post-thumbnail hentry category-ateliers\"><a href=\"https:\/\/www.geh8.de\/en\/ateliers-artist-in-residence-programm\/\"><img decoding=\"async\" src=\"https:\/\/www.geh8.de\/page\/wp-content\/uploads\/2017\/02\/AIR_1-288x216.jpg\" class=\"attachment-tile-landscape-low size-tile-landscape-low wp-post-image\" alt=\"\" srcset=\"https:\/\/www.geh8.de\/page\/wp-content\/uploads\/2017\/02\/AIR_1-288x216.jpg 288w, https:\/\/www.geh8.de\/page\/wp-content\/uploads\/2017\/02\/AIR_1-448x336.jpg 448w, https:\/\/www.geh8.de\/page\/wp-content\/uploads\/2017\/02\/AIR_1-368x276.jpg 368w, https:\/\/www.geh8.de\/page\/wp-content\/uploads\/2017\/02\/AIR_1-90x67.jpg 90w, https:\/\/www.geh8.de\/page\/wp-content\/uploads\/2017\/02\/AIR_1-30x22.jpg 30w\" sizes=\"(max-width: 288px) 100vw, 288px\" \/><\/a><div class=\"grid-entry haase-archive\" data-content=\"Das ZENTRALWERK und GEH8 laden gemeinsam K\u00fcnstlerInnen, KuratorInnen und WissenschaftlerInnen ein, f\u00fcr einen Zeitraum von drei Monaten Teil unserer Gemeinschaft zu werden, unser Netzwerk zu nutzen, zu erg\u00e4nzen und zu erweitern. Sie k\u00f6nnen in Kollaboration mit Initiativen, Institutionen und Individuen beider Orte und in Dresden Projekte entwickeln, verwirklichen und der \u00d6ffentlichkeit vorstellen. (more&hellip;)\"><ul class=\"post-categories\">\n\t<li><a href=\"https:\/\/www.geh8.de\/en\/category\/ateliers\/\" rel=\"category tag\">Studios<\/a><\/li><\/ul><h3><span class=\"sub1\"><span class=\"sub2\"><span class=\"sub3\"><a href=\"https:\/\/www.geh8.de\/en\/ateliers-artist-in-residence-programm\/\">Artist in Residence Program launched in cooperation with Zentralwerk<\/a><\/span><\/span><\/span><\/h3><p>Das ZENTRALWERK und GEH8 laden gemeinsam K\u00fcnstlerInnen, KuratorInnen und WissenschaftlerInnen ein, f\u00fcr einen Zeitraum von [&hellip;]<\/p>\n<\/div><\/div><div class=\"grid-item archive hyphenate querformat post-4322 post type-post status-publish format-standard has-post-thumbnail hentry category-verein\"><a href=\"https:\/\/www.geh8.de\/en\/projekte\/\"><img decoding=\"async\" src=\"https:\/\/www.geh8.de\/page\/wp-content\/uploads\/2017\/02\/Brosch\u00fcre-288x216.jpg\" class=\"attachment-tile-landscape-low size-tile-landscape-low wp-post-image\" alt=\"\" srcset=\"https:\/\/www.geh8.de\/page\/wp-content\/uploads\/2017\/02\/Brosch\u00fcre-288x216.jpg 288w, https:\/\/www.geh8.de\/page\/wp-content\/uploads\/2017\/02\/Brosch\u00fcre-448x336.jpg 448w, https:\/\/www.geh8.de\/page\/wp-content\/uploads\/2017\/02\/Brosch\u00fcre-368x276.jpg 368w, https:\/\/www.geh8.de\/page\/wp-content\/uploads\/2017\/02\/Brosch\u00fcre-90x67.jpg 90w\" sizes=\"(max-width: 288px) 100vw, 288px\" \/><\/a><div class=\"grid-entry haase-archive\" data-content=\"After the first few years of start-up and build-up, it was time to develop a strategy for our future organization. We had to find answers to essential questions - among others: How could the exhibition and project operations be professionalized in the future while still maintaining the qualities and freedoms of an off-space? How could we obtain a stable organizational basis in favor of focusing on the quality of the artistic projects? These and other questions were to be answered by coaching on the re-organization of the association&#039;s structure.\r\n\r\n (more&hellip;)\"><ul class=\"post-categories\">\n\t<li><a href=\"https:\/\/www.geh8.de\/en\/category\/verein\/\" rel=\"category tag\">Association<\/a><\/li><\/ul><h3><span class=\"sub1\"><span class=\"sub2\"><span class=\"sub3\"><a href=\"https:\/\/www.geh8.de\/en\/projekte\/\">Zwischen Selbst und Organisation &#8211; Publication on the Reorganization of GEH8<\/a><\/span><\/span><\/span><\/h3><p>After the first few years of start-up and build-up, it was time to develop a [&hellip;]<\/p>\n<\/div><\/div><div class=\"grid-item archive hyphenate querformat post-4319 post type-post status-publish format-standard has-post-thumbnail hentry category-verein\"><a href=\"https:\/\/www.geh8.de\/en\/geh8-erhaelt-konzeptfoerderung-der-kulturstiftung-des-freistaates-sachsen\/\"><img decoding=\"async\" src=\"https:\/\/www.geh8.de\/page\/wp-content\/uploads\/2017\/02\/Publikation_Handstand-klein-288x216.jpg\" class=\"attachment-tile-landscape-low size-tile-landscape-low wp-post-image\" alt=\"\" srcset=\"https:\/\/www.geh8.de\/page\/wp-content\/uploads\/2017\/02\/Publikation_Handstand-klein-288x216.jpg 288w, https:\/\/www.geh8.de\/page\/wp-content\/uploads\/2017\/02\/Publikation_Handstand-klein-448x336.jpg 448w, https:\/\/www.geh8.de\/page\/wp-content\/uploads\/2017\/02\/Publikation_Handstand-klein-368x276.jpg 368w, https:\/\/www.geh8.de\/page\/wp-content\/uploads\/2017\/02\/Publikation_Handstand-klein-90x67.jpg 90w\" sizes=\"(max-width: 288px) 100vw, 288px\" \/><\/a><div class=\"grid-entry haase-archive\" data-content=\"In December 2016, the board of the Cultural Foundation of the Free State of Saxony decided to fund our future concept GEH8 2020 for three years. The aim of this funding program is to support longer-term projects by outstanding, professional project sponsors with many years of experience. According to the Cultural Foundation of the Free State of Saxony, the awarding of concept funding represents a special seal of quality and is intended in particular to encourage other partners in the Free State of Saxony to support high-quality projects.\"><ul class=\"post-categories\">\n\t<li><a href=\"https:\/\/www.geh8.de\/en\/category\/verein\/\" rel=\"category tag\">Association<\/a><\/li><\/ul><h3><span class=\"sub1\"><span class=\"sub2\"><span class=\"sub3\"><a href=\"https:\/\/www.geh8.de\/en\/geh8-erhaelt-konzeptfoerderung-der-kulturstiftung-des-freistaates-sachsen\/\">GEH8 receives concept funding from the Cultural Foundation of the Free State of Saxony<\/a><\/span><\/span><\/span><\/h3><p>In December 2016, the board of the Cultural Foundation of the Free State of Saxony [&hellip;]<\/p>\n<\/div><\/div><div class=\"jahrestrenner m-5  grid-item archive hyphenate querformat post type-post status-publish format-standard has-post-thumbnail hentry category-ausstellung\"\n                         style=\"position: absolute; left: 0px; top: 0px;background-color:#fff;\"><a\n                        ><\/a>\n                        <div class=\"grid-entry\" style=\" background-color:transparent;color#000;\">\n                            <ul class=\"post-categories\">\n                                <li><a rel=\"category tag\">JAHR<\/a><\/li>\n                            <\/ul>\n\n                                            <h2 class=\"archiv-jahrestrenner\">2016<\/h2>\n\n\n                        <\/div>\n                    <\/div><div class=\"grid-item archive hyphenate querformat post-5192 post type-post status-publish format-standard has-post-thumbnail hentry category-verein\"><a href=\"https:\/\/www.geh8.de\/en\/open-call-exhibitions-en\/\"><img decoding=\"async\" src=\"https:\/\/www.geh8.de\/page\/wp-content\/uploads\/2017\/11\/Bildschirmfoto-2017-11-10-um-12.04.29-288x216.png\" class=\"attachment-tile-landscape-low size-tile-landscape-low wp-post-image\" alt=\"\" srcset=\"https:\/\/www.geh8.de\/page\/wp-content\/uploads\/2017\/11\/Bildschirmfoto-2017-11-10-um-12.04.29-288x216.png 288w, https:\/\/www.geh8.de\/page\/wp-content\/uploads\/2017\/11\/Bildschirmfoto-2017-11-10-um-12.04.29-448x336.png 448w, https:\/\/www.geh8.de\/page\/wp-content\/uploads\/2017\/11\/Bildschirmfoto-2017-11-10-um-12.04.29-368x276.png 368w\" sizes=\"(max-width: 288px) 100vw, 288px\" \/><\/a><div class=\"grid-entry haase-archive\" data-content=\"The GEH8 Kunstraum und Ateliers e.V. is a non-profit association for contemporary art in Dresden. Founded in 2006 by artists, architects, designers and urban planners it is located in a former wagon repair shop. Today the building hosts 11 studios as well as an exhibition hall in which art exhibitions, concerts, workshops, symposia, screenings, performances etc. take place. GEH8 is self-managed by artists and funded by the public hand.\r\n\r\nWe realize exhibitions with international emerging artists together with works by not yet established artists. For this reason, we invite artists to apply for a participation on our 2018\/2019 exhibition program. Artists of any age are welcome. We are open to all subjects, media or fields of visual art. However, our focus is on installation, intervention, video, performance, sound art and media art.\r\n\r\nIf you are interested, please send the following documents (summarized in one single PDF-file; max. 6MB) until 01 march 2018:\r\n\r\n-1 digital portfolio with a maximum of 15 work samples from the last 3 years \u2028 (including video links and necessary explanations)\r\n-CV with address, telephone number and e-mail address (maximum 2 pages)\r\n-a short statement about your work\r\n\r\n&nbsp;\r\n\r\nA floor plan and photos of the exhibition hall for download can be found here.\r\n\r\nFurther information: www.geh8.de.\r\n\r\nPlease send any requests by e-mail with subject exhibition program 2018.\r\n\r\nPlease understand that we do not send a confirmation of receipt but we will contact all applicants by the end of June 2018.\r\n\r\nWe look forward to your applications!\r\nYour GEH8-team\"><ul class=\"post-categories\">\n\t<li><a href=\"https:\/\/www.geh8.de\/en\/category\/verein\/\" rel=\"category tag\">Association<\/a><\/li><\/ul><h3><span class=\"sub1\"><span class=\"sub2\"><span class=\"sub3\"><a href=\"https:\/\/www.geh8.de\/en\/open-call-exhibitions-en\/\">OPEN CALL! Application for an exhibition participation in 2018\/2019<\/a><\/span><\/span><\/span><\/h3><p>The GEH8 Kunstraum und Ateliers e.V. is a non-profit association for contemporary art in Dresden. [&hellip;]<\/p>\n<\/div><\/div><div class=\"grid-item archive hyphenate querformat post-4016 post type-post status-publish format-standard has-post-thumbnail hentry category-ausstellung\"><a href=\"https:\/\/www.geh8.de\/en\/hands-on-urbanism-1850-heute-vom-recht-auf-gruen\/\"><img decoding=\"async\" src=\"https:\/\/www.geh8.de\/page\/wp-content\/uploads\/2016\/09\/handsonurbanism-288x216.jpg\" class=\"attachment-tile-landscape-low size-tile-landscape-low wp-post-image\" alt=\"\" srcset=\"https:\/\/www.geh8.de\/page\/wp-content\/uploads\/2016\/09\/handsonurbanism-288x216.jpg 288w, https:\/\/www.geh8.de\/page\/wp-content\/uploads\/2016\/09\/handsonurbanism-100x76.jpg 100w, https:\/\/www.geh8.de\/page\/wp-content\/uploads\/2016\/09\/handsonurbanism-80x61.jpg 80w, https:\/\/www.geh8.de\/page\/wp-content\/uploads\/2016\/09\/handsonurbanism-448x336.jpg 448w, https:\/\/www.geh8.de\/page\/wp-content\/uploads\/2016\/09\/handsonurbanism-368x276.jpg 368w, https:\/\/www.geh8.de\/page\/wp-content\/uploads\/2016\/09\/handsonurbanism-90x67.jpg 90w, https:\/\/www.geh8.de\/page\/wp-content\/uploads\/2016\/09\/handsonurbanism-30x23.jpg 30w\" sizes=\"(max-width: 288px) 100vw, 288px\" \/><\/a><div class=\"grid-entry haase-archive\" data-content=\"An exhibition of the Architekturzentrum Wien in cooperation with the&nbsp;8. Umundu-Festival Dresden\r\n\r\nExhibition Period:&nbsp;20.10. - 27.11.2016\r\n\r\nCurator: Elke Krasny\r\n\r\n (more&hellip;)\"><ul class=\"post-categories\">\n\t<li><a href=\"https:\/\/www.geh8.de\/en\/category\/ausstellung\/\" rel=\"category tag\">Exhibition<\/a><\/li><\/ul><h3><span class=\"sub1\"><span class=\"sub2\"><span class=\"sub3\"><a href=\"https:\/\/www.geh8.de\/en\/hands-on-urbanism-1850-heute-vom-recht-auf-gruen\/\">Hands-On Urbanism. About the right to green.1850 &#8211; today.<\/a><\/span><\/span><\/span><\/h3><p>An exhibition of the Architekturzentrum Wien in cooperation with the&nbsp;8. Umundu-Festival Dresden Exhibition Period:&nbsp;20.10. &#8211; [&hellip;]<\/p>\n<\/div><\/div><div class=\"grid-item archive hyphenate querformat post-4304 post type-post status-publish format-standard has-post-thumbnail hentry category-info category-veranstaltungen\"><a href=\"https:\/\/www.geh8.de\/en\/rahmenprogramm-hands-on-urbanism-vom-recht-auf-gruen-2\/\"><img decoding=\"async\" src=\"https:\/\/www.geh8.de\/page\/wp-content\/uploads\/2016\/09\/handsonurbanism-288x216.jpg\" class=\"attachment-tile-landscape-low size-tile-landscape-low wp-post-image\" alt=\"\" srcset=\"https:\/\/www.geh8.de\/page\/wp-content\/uploads\/2016\/09\/handsonurbanism-288x216.jpg 288w, https:\/\/www.geh8.de\/page\/wp-content\/uploads\/2016\/09\/handsonurbanism-100x76.jpg 100w, https:\/\/www.geh8.de\/page\/wp-content\/uploads\/2016\/09\/handsonurbanism-80x61.jpg 80w, https:\/\/www.geh8.de\/page\/wp-content\/uploads\/2016\/09\/handsonurbanism-448x336.jpg 448w, https:\/\/www.geh8.de\/page\/wp-content\/uploads\/2016\/09\/handsonurbanism-368x276.jpg 368w, https:\/\/www.geh8.de\/page\/wp-content\/uploads\/2016\/09\/handsonurbanism-90x67.jpg 90w, https:\/\/www.geh8.de\/page\/wp-content\/uploads\/2016\/09\/handsonurbanism-30x23.jpg 30w\" sizes=\"(max-width: 288px) 100vw, 288px\" \/><\/a><div class=\"grid-entry haase-archive\" data-content=\"Curatorintroduction: 27. 11., 11 o&#039;clock\r\n\r\n\r\nCurator: Elke Krasny\r\n\r\n (more&hellip;)\"><ul class=\"post-categories\">\n\t<li><a href=\"https:\/\/www.geh8.de\/en\/category\/info\/\" rel=\"category tag\">Info<\/a><\/li>\n\t<li><a href=\"https:\/\/www.geh8.de\/en\/category\/veranstaltungen\/\" rel=\"category tag\">Event<\/a><\/li><\/ul><h3><span class=\"sub1\"><span class=\"sub2\"><span class=\"sub3\"><a href=\"https:\/\/www.geh8.de\/en\/rahmenprogramm-hands-on-urbanism-vom-recht-auf-gruen-2\/\">Supporting program: Hands-On Urbanism. About the right to green<\/a><\/span><\/span><\/span><\/h3><p>Curatorintroduction: 27. 11., 11 o&#8217;clock Curator: Elke Krasny<\/p>\n<\/div><\/div><div class=\"grid-item archive hyphenate querformat post-4302 post type-post status-publish format-standard has-post-thumbnail hentry category-info category-veranstaltungen\"><a href=\"https:\/\/www.geh8.de\/en\/rahmenprogramm-hands-on-urbanism-vom-recht-auf-gruen\/\"><img decoding=\"async\" src=\"https:\/\/www.geh8.de\/page\/wp-content\/uploads\/2016\/09\/handsonurbanism-288x216.jpg\" class=\"attachment-tile-landscape-low size-tile-landscape-low wp-post-image\" alt=\"\" srcset=\"https:\/\/www.geh8.de\/page\/wp-content\/uploads\/2016\/09\/handsonurbanism-288x216.jpg 288w, https:\/\/www.geh8.de\/page\/wp-content\/uploads\/2016\/09\/handsonurbanism-100x76.jpg 100w, https:\/\/www.geh8.de\/page\/wp-content\/uploads\/2016\/09\/handsonurbanism-80x61.jpg 80w, https:\/\/www.geh8.de\/page\/wp-content\/uploads\/2016\/09\/handsonurbanism-448x336.jpg 448w, https:\/\/www.geh8.de\/page\/wp-content\/uploads\/2016\/09\/handsonurbanism-368x276.jpg 368w, https:\/\/www.geh8.de\/page\/wp-content\/uploads\/2016\/09\/handsonurbanism-90x67.jpg 90w, https:\/\/www.geh8.de\/page\/wp-content\/uploads\/2016\/09\/handsonurbanism-30x23.jpg 30w\" sizes=\"(max-width: 288px) 100vw, 288px\" \/><\/a><div class=\"grid-entry haase-archive\" data-content=\"Curator Lecture &amp; Shortfilm to the exhibition 26. 11., 18 Uhr\r\n\r\nCurator: Elke Krasny (more&hellip;)\"><ul class=\"post-categories\">\n\t<li><a href=\"https:\/\/www.geh8.de\/en\/category\/info\/\" rel=\"category tag\">Info<\/a><\/li>\n\t<li><a href=\"https:\/\/www.geh8.de\/en\/category\/veranstaltungen\/\" rel=\"category tag\">Event<\/a><\/li><\/ul><h3><span class=\"sub1\"><span class=\"sub2\"><span class=\"sub3\"><a href=\"https:\/\/www.geh8.de\/en\/rahmenprogramm-hands-on-urbanism-vom-recht-auf-gruen\/\">Supporting program: Hands-On Urbanism. From the right to green<\/a><\/span><\/span><\/span><\/h3><p>Curator Lecture &#038; Shortfilm to the exhibition 26. 11., 18 Uhr Curator: Elke Krasny<\/p>\n<\/div><\/div><div class=\"grid-item archive hyphenate querformat post-4261 post type-post status-publish format-standard has-post-thumbnail hentry category-allgemein\"><a href=\"https:\/\/www.geh8.de\/en\/das-umundu-kneipenquiz\/\"><img decoding=\"async\" src=\"https:\/\/www.geh8.de\/page\/wp-content\/uploads\/2016\/10\/logo-288x216.png\" class=\"attachment-tile-landscape-low size-tile-landscape-low wp-post-image\" alt=\"\" srcset=\"https:\/\/www.geh8.de\/page\/wp-content\/uploads\/2016\/10\/logo-288x216.png 288w, https:\/\/www.geh8.de\/page\/wp-content\/uploads\/2016\/10\/logo-448x336.png 448w, https:\/\/www.geh8.de\/page\/wp-content\/uploads\/2016\/10\/logo-368x276.png 368w, https:\/\/www.geh8.de\/page\/wp-content\/uploads\/2016\/10\/logo-90x67.png 90w\" sizes=\"(max-width: 288px) 100vw, 288px\" \/><\/a><div class=\"grid-entry haase-archive\" data-content=\"Kneipenquiz: 26. October, 20 o&#039;clock\r\n\r\nAn event in the framework of the 8th Umundu Festival. The full program at\r\n\r\nwww.umundu.de\r\n\r\n (more&hellip;)\"><ul class=\"post-categories\">\n\t<li><a href=\"https:\/\/www.geh8.de\/en\/category\/allgemein\/\" rel=\"category tag\">General<\/a><\/li><\/ul><h3><span class=\"sub1\"><span class=\"sub2\"><span class=\"sub3\"><a href=\"https:\/\/www.geh8.de\/en\/das-umundu-kneipenquiz\/\">Umundu Kneipenquiz<\/a><\/span><\/span><\/span><\/h3><p>Kneipenquiz: 26. October, 20 o&#8217;clock An event in the framework of the 8th Umundu Festival. [&hellip;]<\/p>\n<\/div><\/div><div class=\"grid-item archive hyphenate querformat post-4259 post type-post status-publish format-standard has-post-thumbnail hentry category-info category-veranstaltungen\"><a href=\"https:\/\/www.geh8.de\/en\/stadtgaerten-gestern-heute-morgen\/\"><img decoding=\"async\" src=\"https:\/\/www.geh8.de\/page\/wp-content\/uploads\/2016\/10\/logo-288x216.png\" class=\"attachment-tile-landscape-low size-tile-landscape-low wp-post-image\" alt=\"\" srcset=\"https:\/\/www.geh8.de\/page\/wp-content\/uploads\/2016\/10\/logo-288x216.png 288w, https:\/\/www.geh8.de\/page\/wp-content\/uploads\/2016\/10\/logo-448x336.png 448w, https:\/\/www.geh8.de\/page\/wp-content\/uploads\/2016\/10\/logo-368x276.png 368w, https:\/\/www.geh8.de\/page\/wp-content\/uploads\/2016\/10\/logo-90x67.png 90w\" sizes=\"(max-width: 288px) 100vw, 288px\" \/><\/a><div class=\"grid-entry haase-archive\" data-content=\"Fishbowl &amp; Lecture: 26. October, 16.30&nbsp; \u2013 18.30 o&#039;clock\r\n\r\nAn event in the framework of the 8th Umundu Festival. The full program at\r\n\r\nwww.umundu.de\r\n\r\n (more&hellip;)\"><ul class=\"post-categories\">\n\t<li><a href=\"https:\/\/www.geh8.de\/en\/category\/info\/\" rel=\"category tag\">Info<\/a><\/li>\n\t<li><a href=\"https:\/\/www.geh8.de\/en\/category\/veranstaltungen\/\" rel=\"category tag\">Event<\/a><\/li><\/ul><h3><span class=\"sub1\"><span class=\"sub2\"><span class=\"sub3\"><a href=\"https:\/\/www.geh8.de\/en\/stadtgaerten-gestern-heute-morgen\/\">Stadtg\u00e4rten \u2013 Gestern, Heute, Morgen<\/a><\/span><\/span><\/span><\/h3><p>Fishbowl &#038; Lecture: 26. October, 16.30&nbsp; \u2013 18.30 o&#8217;clock An event in the framework of [&hellip;]<\/p>\n<\/div><\/div><div class=\"grid-item archive hyphenate querformat post-4255 post type-post status-publish format-standard has-post-thumbnail hentry category-lesung\"><a href=\"https:\/\/www.geh8.de\/en\/doug-saunders-arrival-city\/\"><img decoding=\"async\" src=\"https:\/\/www.geh8.de\/page\/wp-content\/uploads\/2016\/10\/arrival_city-288x216.jpg\" class=\"attachment-tile-landscape-low size-tile-landscape-low wp-post-image\" alt=\"\" srcset=\"https:\/\/www.geh8.de\/page\/wp-content\/uploads\/2016\/10\/arrival_city-288x216.jpg 288w, https:\/\/www.geh8.de\/page\/wp-content\/uploads\/2016\/10\/arrival_city-448x336.jpg 448w, https:\/\/www.geh8.de\/page\/wp-content\/uploads\/2016\/10\/arrival_city-368x276.jpg 368w, https:\/\/www.geh8.de\/page\/wp-content\/uploads\/2016\/10\/arrival_city-90x67.jpg 90w\" sizes=\"(max-width: 288px) 100vw, 288px\" \/><\/a><div class=\"grid-entry haase-archive\" data-content=\"An event of the Ecumenical Information Center in the framework of the&nbsp;8. Umundu-Festivals Dresden.\r\n\r\nReading and Discussion: 25. October, 20 o&#039;clock\r\n\r\n (more&hellip;)\"><ul class=\"post-categories\">\n\t<li><a href=\"https:\/\/www.geh8.de\/en\/category\/lesung\/\" rel=\"category tag\">Reading \/ Talk<\/a><\/li><\/ul><h3><span class=\"sub1\"><span class=\"sub2\"><span class=\"sub3\"><a href=\"https:\/\/www.geh8.de\/en\/doug-saunders-arrival-city\/\">Doug Saunders \u201eArrival City\u201c<\/a><\/span><\/span><\/span><\/h3><p>An event of the Ecumenical Information Center in the framework of the&nbsp;8. Umundu-Festivals Dresden. Reading [&hellip;]<\/p>\n<\/div><\/div><div class=\"grid-item archive hyphenate querformat post-6930 post type-post status-publish format-standard has-post-thumbnail hentry category-allgemein\"><a href=\"https:\/\/www.geh8.de\/en\/herbst-und-winter-in-der-geh8\/\"><img decoding=\"async\" src=\"https:\/\/www.geh8.de\/page\/wp-content\/uploads\/2019\/10\/71019857_946699289021495_9051404784728276992_o-288x216.jpg\" class=\"attachment-tile-landscape-low size-tile-landscape-low wp-post-image\" alt=\"\" srcset=\"https:\/\/www.geh8.de\/page\/wp-content\/uploads\/2019\/10\/71019857_946699289021495_9051404784728276992_o-288x216.jpg 288w, https:\/\/www.geh8.de\/page\/wp-content\/uploads\/2019\/10\/71019857_946699289021495_9051404784728276992_o-448x336.jpg 448w, https:\/\/www.geh8.de\/page\/wp-content\/uploads\/2019\/10\/71019857_946699289021495_9051404784728276992_o-368x276.jpg 368w, https:\/\/www.geh8.de\/page\/wp-content\/uploads\/2019\/10\/71019857_946699289021495_9051404784728276992_o-90x67.jpg 90w\" sizes=\"(max-width: 288px) 100vw, 288px\" \/><\/a><div class=\"grid-entry haase-archive\" data-content=\"\r\n\r\nGEH8 Kunstraum and Ateliers e. V. is a non-profit association in Dresden that promotes contemporary art. Founded in 2007 as a studio community of artists, architects, designers, and city planners in a former car repair shop of Deutsche Bahn, GEH8 has developed into a significant production and presentation venue for contemporary art.\r\n\r\n\r\n&nbsp;\r\n&nbsp;\r\n\r\n\r\nFotos: \u00a9&nbsp;pidelta.de\r\n\r\n\r\n\"><ul class=\"post-categories\">\n\t<li><a href=\"https:\/\/www.geh8.de\/en\/category\/allgemein\/\" rel=\"category tag\">General<\/a><\/li><\/ul><h3><span class=\"sub1\"><span class=\"sub2\"><span class=\"sub3\"><a href=\"https:\/\/www.geh8.de\/en\/herbst-und-winter-in-der-geh8\/\">About GEH8<\/a><\/span><\/span><\/span><\/h3><p>GEH8 Kunstraum and Ateliers e. V. is a non-profit association in Dresden that promotes contemporary [&hellip;]<\/p>\n<\/div><\/div><div class=\"grid-item archive hyphenate querformat post-4270 post type-post status-publish format-standard has-post-thumbnail hentry category-lesung\"><a href=\"https:\/\/www.geh8.de\/en\/high-rise-im-bann-der-unsichtbaren-staedte\/\"><img decoding=\"async\" src=\"https:\/\/www.geh8.de\/page\/wp-content\/uploads\/2016\/10\/highrise-e1486673248443-288x216.jpg\" class=\"attachment-tile-landscape-low size-tile-landscape-low wp-post-image\" alt=\"\" srcset=\"https:\/\/www.geh8.de\/page\/wp-content\/uploads\/2016\/10\/highrise-e1486673248443-288x216.jpg 288w, https:\/\/www.geh8.de\/page\/wp-content\/uploads\/2016\/10\/highrise-e1486673248443-448x336.jpg 448w, https:\/\/www.geh8.de\/page\/wp-content\/uploads\/2016\/10\/highrise-e1486673248443-368x276.jpg 368w, https:\/\/www.geh8.de\/page\/wp-content\/uploads\/2016\/10\/highrise-e1486673248443-90x67.jpg 90w\" sizes=\"(max-width: 288px) 100vw, 288px\" \/><\/a><div class=\"grid-entry haase-archive\" data-content=\"Reading and Music: 24. October, 20 o&#039;clock\r\nEntrance: 5,- \u20ac\r\n\r\nAn event in the framework of the 8th Umundu Festival. The full program at www.umundu.de\r\n\r\n (more&hellip;)\"><ul class=\"post-categories\">\n\t<li><a href=\"https:\/\/www.geh8.de\/en\/category\/lesung\/\" rel=\"category tag\">Reading \/ Talk<\/a><\/li><\/ul><h3><span class=\"sub1\"><span class=\"sub2\"><span class=\"sub3\"><a href=\"https:\/\/www.geh8.de\/en\/high-rise-im-bann-der-unsichtbaren-staedte\/\">High-Rise \u2013 Im Bann der unsichtbaren St\u00e4dte<\/a><\/span><\/span><\/span><\/h3><p>Reading and Music: 24. October, 20 o&#8217;clock Entrance: 5,- \u20ac An event in the framework [&hellip;]<\/p>\n<\/div><\/div><div class=\"grid-item archive hyphenate querformat post-4267 post type-post status-publish format-standard has-post-thumbnail hentry category-info\"><a href=\"https:\/\/www.geh8.de\/en\/the-human-scale-perspektiven-einer-buergernahen-stadtpolitik-omu\/\"><img decoding=\"async\" src=\"https:\/\/www.geh8.de\/page\/wp-content\/uploads\/2016\/10\/humanscale-288x216.jpg\" class=\"attachment-tile-landscape-low size-tile-landscape-low wp-post-image\" alt=\"\" srcset=\"https:\/\/www.geh8.de\/page\/wp-content\/uploads\/2016\/10\/humanscale-288x216.jpg 288w, https:\/\/www.geh8.de\/page\/wp-content\/uploads\/2016\/10\/humanscale-448x336.jpg 448w, https:\/\/www.geh8.de\/page\/wp-content\/uploads\/2016\/10\/humanscale-368x276.jpg 368w, https:\/\/www.geh8.de\/page\/wp-content\/uploads\/2016\/10\/humanscale-90x67.jpg 90w\" sizes=\"(max-width: 288px) 100vw, 288px\" \/><\/a><div class=\"grid-entry haase-archive\" data-content=\"Filmpresentation: 20. October, 20 o&#039;clock\r\n\r\nAn event in the framework of the 8th Umundu Festival. The full program at\r\n\r\nwww.umundu.de\r\n\r\n (more&hellip;)\"><ul class=\"post-categories\">\n\t<li><a href=\"https:\/\/www.geh8.de\/en\/category\/info\/\" rel=\"category tag\">Info<\/a><\/li><\/ul><h3><span class=\"sub1\"><span class=\"sub2\"><span class=\"sub3\"><a href=\"https:\/\/www.geh8.de\/en\/the-human-scale-perspektiven-einer-buergernahen-stadtpolitik-omu\/\">The Human Scale \u2013 Perspektiven einer b\u00fcrgernahen Stadtpolitik (OmU)<\/a><\/span><\/span><\/span><\/h3><p>Filmpresentation: 20. October, 20 o&#8217;clock An event in the framework of the 8th Umundu Festival. [&hellip;]<\/p>\n<\/div><\/div><div class=\"grid-item archive hyphenate querformat post-4010 post type-post status-publish format-standard has-post-thumbnail hentry category-konzert\"><a href=\"https:\/\/www.geh8.de\/en\/le-pot-hera\/\"><img decoding=\"async\" src=\"https:\/\/www.geh8.de\/page\/wp-content\/uploads\/2016\/09\/Mail-Anhang-288x216.jpeg\" class=\"attachment-tile-landscape-low size-tile-landscape-low wp-post-image\" alt=\"\" srcset=\"https:\/\/www.geh8.de\/page\/wp-content\/uploads\/2016\/09\/Mail-Anhang-288x216.jpeg 288w, https:\/\/www.geh8.de\/page\/wp-content\/uploads\/2016\/09\/Mail-Anhang-448x336.jpeg 448w, https:\/\/www.geh8.de\/page\/wp-content\/uploads\/2016\/09\/Mail-Anhang-368x276.jpeg 368w, https:\/\/www.geh8.de\/page\/wp-content\/uploads\/2016\/09\/Mail-Anhang-90x67.jpeg 90w\" sizes=\"(max-width: 288px) 100vw, 288px\" \/><\/a><div class=\"grid-entry haase-archive\" data-content=\"Saturday, 8. Oktocer 20 o&#039;clock\r\nManuel Mengis (tr), Martin Sch\u00fctz (vcl), Hans-Peter Pfammatter (keys), Lionel Friedli (dr)\r\n\r\n (more&hellip;)\"><ul class=\"post-categories\">\n\t<li><a href=\"https:\/\/www.geh8.de\/en\/category\/konzert\/\" rel=\"category tag\">Concert<\/a><\/li><\/ul><h3><span class=\"sub1\"><span class=\"sub2\"><span class=\"sub3\"><a href=\"https:\/\/www.geh8.de\/en\/le-pot-hera\/\">Le Pot: HERA<\/a><\/span><\/span><\/span><\/h3><p>Saturday, 8. Oktocer 20 o&#8217;clock Manuel Mengis (tr), Martin Sch\u00fctz (vcl), Hans-Peter Pfammatter (keys), Lionel [&hellip;]<\/p>\n<\/div><\/div><div class=\"grid-item archive hyphenate querformat post-4003 post type-post status-publish format-standard has-post-thumbnail hentry category-performance\"><a href=\"https:\/\/www.geh8.de\/en\/toprak\/\"><img decoding=\"async\" src=\"https:\/\/www.geh8.de\/page\/wp-content\/uploads\/2016\/09\/toprak_1975_d2-1-288x216.jpg\" class=\"attachment-tile-landscape-low size-tile-landscape-low wp-post-image\" alt=\"\" srcset=\"https:\/\/www.geh8.de\/page\/wp-content\/uploads\/2016\/09\/toprak_1975_d2-1-288x216.jpg 288w, https:\/\/www.geh8.de\/page\/wp-content\/uploads\/2016\/09\/toprak_1975_d2-1-90x67.jpg 90w\" sizes=\"(max-width: 288px) 100vw, 288px\" \/><\/a><div class=\"grid-entry haase-archive\" data-content=\"Friday, 23. September 20:00 o&#039;clock\r\na Butoh dance solo by Seda B\u00fcy\u00fckt\u00fcrkler with Helga K\u00f6lle-K\u00f6hler (vocals) and Reinhard K\u00f6hler (music)\r\n\r\n (more&hellip;)\"><ul class=\"post-categories\">\n\t<li><a href=\"https:\/\/www.geh8.de\/en\/category\/performance\/\" rel=\"category tag\">Performance<\/a><\/li><\/ul><h3><span class=\"sub1\"><span class=\"sub2\"><span class=\"sub3\"><a href=\"https:\/\/www.geh8.de\/en\/toprak\/\">Toprak<\/a><\/span><\/span><\/span><\/h3><p>Friday, 23. September 20:00 o&#8217;clock a Butoh dance solo by Seda B\u00fcy\u00fckt\u00fcrkler with Helga K\u00f6lle-K\u00f6hler [&hellip;]<\/p>\n<\/div><\/div><div class=\"grid-item archive hyphenate querformat post-4001 post type-post status-publish format-standard has-post-thumbnail hentry category-konzert\"><a href=\"https:\/\/www.geh8.de\/en\/alte-meister-ii-raum\/\"><img decoding=\"async\" src=\"https:\/\/www.geh8.de\/page\/wp-content\/uploads\/2014\/08\/Matthias-Lorenz-288x216.jpeg\" class=\"attachment-tile-landscape-low size-tile-landscape-low wp-post-image\" alt=\"\" srcset=\"https:\/\/www.geh8.de\/page\/wp-content\/uploads\/2014\/08\/Matthias-Lorenz-288x216.jpeg 288w, https:\/\/www.geh8.de\/page\/wp-content\/uploads\/2014\/08\/Matthias-Lorenz-448x336.jpeg 448w, https:\/\/www.geh8.de\/page\/wp-content\/uploads\/2014\/08\/Matthias-Lorenz-368x276.jpeg 368w, https:\/\/www.geh8.de\/page\/wp-content\/uploads\/2014\/08\/Matthias-Lorenz-90x67.jpeg 90w\" sizes=\"(max-width: 288px) 100vw, 288px\" \/><\/a><div class=\"grid-entry haase-archive\" data-content=\"Friday, 16. September 20 o&#039;clock\r\nMatthias Lorenz, Violoncello\r\n\r\n (more&hellip;)\"><ul class=\"post-categories\">\n\t<li><a href=\"https:\/\/www.geh8.de\/en\/category\/konzert\/\" rel=\"category tag\">Concert<\/a><\/li><\/ul><h3><span class=\"sub1\"><span class=\"sub2\"><span class=\"sub3\"><a href=\"https:\/\/www.geh8.de\/en\/alte-meister-ii-raum\/\">Alte Meister II &#8211; Raum<\/a><\/span><\/span><\/span><\/h3><p>Friday, 16. September 20 o&#8217;clock Matthias Lorenz, Violoncello<\/p>\n<\/div><\/div><div class=\"grid-item archive hyphenate querformat post-3940 post type-post status-publish format-standard has-post-thumbnail hentry category-ausstellung\"><a href=\"https:\/\/www.geh8.de\/en\/bahnen\/\"><img decoding=\"async\" src=\"https:\/\/www.geh8.de\/page\/wp-content\/uploads\/2016\/08\/Bahnen_Kringel_Auss-288x216.jpg\" class=\"attachment-tile-landscape-low size-tile-landscape-low wp-post-image\" alt=\"\" srcset=\"https:\/\/www.geh8.de\/page\/wp-content\/uploads\/2016\/08\/Bahnen_Kringel_Auss-288x216.jpg 288w, https:\/\/www.geh8.de\/page\/wp-content\/uploads\/2016\/08\/Bahnen_Kringel_Auss-448x336.jpg 448w, https:\/\/www.geh8.de\/page\/wp-content\/uploads\/2016\/08\/Bahnen_Kringel_Auss-368x276.jpg 368w, https:\/\/www.geh8.de\/page\/wp-content\/uploads\/2016\/08\/Bahnen_Kringel_Auss-90x67.jpg 90w\" sizes=\"(max-width: 288px) 100vw, 288px\" \/><\/a><div class=\"grid-entry haase-archive\" data-content=\"Tina Beifuss, Anja Kempe, Isabelle Krieg\r\n\r\nPeriod: 09 - 25.09.2016\r\n\r\nOpening hours: Thu-Sun, 15 - 19 h\r\n\r\nOpening: Friday, 09.09.2016, 7 p.m.\r\nwith the Berlin yodel duo transalpin, later sounds by DJ Rogoshina.\r\n\r\n (more&hellip;)\"><ul class=\"post-categories\">\n\t<li><a href=\"https:\/\/www.geh8.de\/en\/category\/ausstellung\/\" rel=\"category tag\">Exhibition<\/a><\/li><\/ul><h3><span class=\"sub1\"><span class=\"sub2\"><span class=\"sub3\"><a href=\"https:\/\/www.geh8.de\/en\/bahnen\/\">BAHNEN<\/a><\/span><\/span><\/span><\/h3><p>Tina Beifuss, Anja Kempe, Isabelle Krieg Period: 09 &#8211; 25.09.2016 Opening hours: Thu-Sun, 15 &#8211; [&hellip;]<\/p>\n<\/div><\/div><div class=\"grid-item archive hyphenate querformat post-3912 post type-post status-publish format-standard has-post-thumbnail hentry category-info category-veranstaltungen\"><a href=\"https:\/\/www.geh8.de\/en\/pecha-kucha-nacht\/\"><img decoding=\"async\" src=\"https:\/\/www.geh8.de\/page\/wp-content\/uploads\/2016\/07\/PK12-e1468924582233-288x216.jpeg\" class=\"attachment-tile-landscape-low size-tile-landscape-low wp-post-image\" alt=\"\" srcset=\"https:\/\/www.geh8.de\/page\/wp-content\/uploads\/2016\/07\/PK12-e1468924582233-288x216.jpeg 288w, https:\/\/www.geh8.de\/page\/wp-content\/uploads\/2016\/07\/PK12-e1468924582233-448x336.jpeg 448w, https:\/\/www.geh8.de\/page\/wp-content\/uploads\/2016\/07\/PK12-e1468924582233-368x276.jpeg 368w, https:\/\/www.geh8.de\/page\/wp-content\/uploads\/2016\/07\/PK12-e1468924582233-90x67.jpeg 90w\" sizes=\"(max-width: 288px) 100vw, 288px\" \/><\/a><div class=\"grid-entry haase-archive\" data-content=\"Thursday, 21. July 2016, 20 o&#039;clock\r\n\r\n (more&hellip;)\"><ul class=\"post-categories\">\n\t<li><a href=\"https:\/\/www.geh8.de\/en\/category\/info\/\" rel=\"category tag\">Info<\/a><\/li>\n\t<li><a href=\"https:\/\/www.geh8.de\/en\/category\/veranstaltungen\/\" rel=\"category tag\">Event<\/a><\/li><\/ul><h3><span class=\"sub1\"><span class=\"sub2\"><span class=\"sub3\"><a href=\"https:\/\/www.geh8.de\/en\/pecha-kucha-nacht\/\">Pecha Kucha Night<\/a><\/span><\/span><\/span><\/h3><p>Thursday, 21. July 2016, 20 o&#8217;clock<\/p>\n<\/div><\/div><div class=\"grid-item archive hyphenate querformat post-3900 post type-post status-publish format-standard has-post-thumbnail hentry category-ausstellung\"><a href=\"https:\/\/www.geh8.de\/en\/bauen-und-arbeiten\/\"><img decoding=\"async\" src=\"https:\/\/www.geh8.de\/page\/wp-content\/uploads\/2016\/07\/BauenUArbeiten_teaser-288x216.jpg\" class=\"attachment-tile-landscape-low size-tile-landscape-low wp-post-image\" alt=\"\" srcset=\"https:\/\/www.geh8.de\/page\/wp-content\/uploads\/2016\/07\/BauenUArbeiten_teaser-288x216.jpg 288w, https:\/\/www.geh8.de\/page\/wp-content\/uploads\/2016\/07\/BauenUArbeiten_teaser-80x59.jpg 80w, https:\/\/www.geh8.de\/page\/wp-content\/uploads\/2016\/07\/BauenUArbeiten_teaser-448x336.jpg 448w, https:\/\/www.geh8.de\/page\/wp-content\/uploads\/2016\/07\/BauenUArbeiten_teaser-368x276.jpg 368w, https:\/\/www.geh8.de\/page\/wp-content\/uploads\/2016\/07\/BauenUArbeiten_teaser-90x67.jpg 90w, https:\/\/www.geh8.de\/page\/wp-content\/uploads\/2016\/07\/BauenUArbeiten_teaser-30x22.jpg 30w\" sizes=\"(max-width: 288px) 100vw, 288px\" \/><\/a><div class=\"grid-entry haase-archive\" data-content=\"Period: 14.-28.8.2016\r\n\r\nOpeningtimes: Th-Su, 15-18 o&#039;clock\r\n\r\nVernissage: Sa, 13.8.2016, 19.00 o&#039;clock\r\n\r\n (more&hellip;)\"><ul class=\"post-categories\">\n\t<li><a href=\"https:\/\/www.geh8.de\/en\/category\/ausstellung\/\" rel=\"category tag\">Exhibition<\/a><\/li><\/ul><h3><span class=\"sub1\"><span class=\"sub2\"><span class=\"sub3\"><a href=\"https:\/\/www.geh8.de\/en\/bauen-und-arbeiten\/\">build and work<\/a><\/span><\/span><\/span><\/h3><p>Period: 14.-28.8.2016 Openingtimes: Th-Su, 15-18 o&#8217;clock Vernissage: Sa, 13.8.2016, 19.00 o&#8217;clock<\/p>\n<\/div><\/div><div class=\"grid-item archive hyphenate querformat post-3875 post type-post status-publish format-standard has-post-thumbnail hentry category-lesung\"><a href=\"https:\/\/www.geh8.de\/en\/kuenstlergespraech-und-open-studio\/\"><img decoding=\"async\" src=\"https:\/\/www.geh8.de\/page\/wp-content\/uploads\/2016\/07\/janis2-e1467904023463-288x216.png\" class=\"attachment-tile-landscape-low size-tile-landscape-low wp-post-image\" alt=\"\" srcset=\"https:\/\/www.geh8.de\/page\/wp-content\/uploads\/2016\/07\/janis2-e1467904023463-288x216.png 288w, https:\/\/www.geh8.de\/page\/wp-content\/uploads\/2016\/07\/janis2-e1467904023463-100x75.png 100w, https:\/\/www.geh8.de\/page\/wp-content\/uploads\/2016\/07\/janis2-e1467904023463-80x60.png 80w, https:\/\/www.geh8.de\/page\/wp-content\/uploads\/2016\/07\/janis2-e1467904023463-90x67.png 90w, https:\/\/www.geh8.de\/page\/wp-content\/uploads\/2016\/07\/janis2-e1467904023463-30x23.png 30w, https:\/\/www.geh8.de\/page\/wp-content\/uploads\/2016\/07\/janis2-e1467904023463.png 350w\" sizes=\"(max-width: 288px) 100vw, 288px\" \/><\/a><div class=\"grid-entry haase-archive\" data-content=\"Janis Mars Wunderlich,\r\n\r\nAustauschk\u00fcnstlerin \/ residency exchange artist,&nbsp;Columbus\/OH \/ USA\r\n\r\nPaul Scott Page,\r\n\r\nFotograf \/ Photographer, Columbus\/OH, USA\r\n\r\nDONNERSTAG \/&nbsp;THURSDAY,\r\n\r\n14. Juli \/&nbsp;JULY 14, 18:30 - 21:00 Uhr \/ 6:30 - 9 pm\r\n\r\nGEH8&nbsp;&nbsp;Kunstraum und Ateliers e.V.&nbsp;in Kooperation mit \/ in cooperation with Kunsthaus Raskolnikow\r\n\r\n (more&hellip;)\"><ul class=\"post-categories\">\n\t<li><a href=\"https:\/\/www.geh8.de\/en\/category\/lesung\/\" rel=\"category tag\">Reading \/ Talk<\/a><\/li><\/ul><h3><span class=\"sub1\"><span class=\"sub2\"><span class=\"sub3\"><a href=\"https:\/\/www.geh8.de\/en\/kuenstlergespraech-und-open-studio\/\">Artist Talk and OPEN STUDIO<\/a><\/span><\/span><\/span><\/h3><p>Janis Mars Wunderlich, Austauschk\u00fcnstlerin \/ residency exchange artist,&nbsp;Columbus\/OH \/ USA Paul Scott Page, Fotograf \/ [&hellip;]<\/p>\n<\/div><\/div><div class=\"grid-item archive hyphenate querformat post-3525 post type-post status-publish format-standard has-post-thumbnail hentry category-workshop\"><a href=\"https:\/\/www.geh8.de\/en\/everybody-bodymap\/\"><img decoding=\"async\" src=\"https:\/\/www.geh8.de\/page\/wp-content\/uploads\/2016\/06\/20160429_100_web-288x216.jpeg\" class=\"attachment-tile-landscape-low size-tile-landscape-low wp-post-image\" alt=\"\" srcset=\"https:\/\/www.geh8.de\/page\/wp-content\/uploads\/2016\/06\/20160429_100_web-288x216.jpeg 288w, https:\/\/www.geh8.de\/page\/wp-content\/uploads\/2016\/06\/20160429_100_web-578x432.jpeg 578w, https:\/\/www.geh8.de\/page\/wp-content\/uploads\/2016\/06\/20160429_100_web-448x336.jpeg 448w, https:\/\/www.geh8.de\/page\/wp-content\/uploads\/2016\/06\/20160429_100_web-368x276.jpeg 368w, https:\/\/www.geh8.de\/page\/wp-content\/uploads\/2016\/06\/20160429_100_web-90x67.jpeg 90w\" sizes=\"(max-width: 288px) 100vw, 288px\" \/><\/a><div class=\"grid-entry haase-archive\" data-content=\"Intercultural workshop and exhibition project with people of all backgrounds by Marleen Andreev, visual artist.\r\n\r\nBodymapping workshop: 4.\/ 5.6. 2016.\r\n\r\nThe workshop is sponsored by: Foundation for the International Weeks against Racism\r\n\r\nExhibition: 12.6.-26.6.2016\r\n\r\nSorry, the Artist Talk on June 26 is cancelled.\r\n\r\n&nbsp;\r\n\r\nOpening hours: Fri.\/Sat.\/Sun 15-18 h and by appointment.\r\n\r\nVernissage: June 11, 2016, from 4 pm to geh8 summer festival, with international food and live music:\r\n\r\n&nbsp;\r\n\r\n4pm performance live contact drawing by Marleen Andreev.\r\n\r\n5 pm Seau Volant (DD) _ Balkan Brass\r\n\r\n8 pm Dresdner Gnadenchor (DD) _ German folk songs\r\n\r\n10 p.m. Wippe &amp; Schaukl (B)\r\n\r\n24 h Party with DJ Tiney &amp; DJ Cover_ Live Techno\r\n\r\n&nbsp;\r\n\r\nFinissage: 25.6.2016\"><ul class=\"post-categories\">\n\t<li><a href=\"https:\/\/www.geh8.de\/en\/category\/workshop\/\" rel=\"category tag\">Workshop<\/a><\/li><\/ul><h3><span class=\"sub1\"><span class=\"sub2\"><span class=\"sub3\"><a href=\"https:\/\/www.geh8.de\/en\/everybody-bodymap\/\">EVERYBODY BODYMAP!<\/a><\/span><\/span><\/span><\/h3><p>Intercultural workshop and exhibition project with people of all backgrounds by Marleen Andreev, visual artist. [&hellip;]<\/p>\n<\/div><\/div><div class=\"grid-item archive hyphenate querformat post-3532 post type-post status-publish format-standard has-post-thumbnail hentry category-workshop\"><a href=\"https:\/\/www.geh8.de\/en\/o-p-e-n-c-a-l-l-everybody-bodymap\/\"><img decoding=\"async\" src=\"https:\/\/www.geh8.de\/page\/wp-content\/uploads\/2016\/06\/OpenCallEverybodyBodymap_DEng-288x216.jpg\" class=\"attachment-tile-landscape-low size-tile-landscape-low wp-post-image\" alt=\"\" srcset=\"https:\/\/www.geh8.de\/page\/wp-content\/uploads\/2016\/06\/OpenCallEverybodyBodymap_DEng-288x216.jpg 288w, https:\/\/www.geh8.de\/page\/wp-content\/uploads\/2016\/06\/OpenCallEverybodyBodymap_DEng-448x336.jpg 448w, https:\/\/www.geh8.de\/page\/wp-content\/uploads\/2016\/06\/OpenCallEverybodyBodymap_DEng-368x276.jpg 368w, https:\/\/www.geh8.de\/page\/wp-content\/uploads\/2016\/06\/OpenCallEverybodyBodymap_DEng-90x67.jpg 90w\" sizes=\"(max-width: 288px) 100vw, 288px\" \/><\/a><div class=\"grid-entry haase-archive\" data-content=\"CA. 50 PARTICIPANTS OF ANY ORIGIN WANTED FOR BODYMAPPING-WORKSHOP!\r\n\r\nAge limit up to approx. 30 years,\r\nRegister by 6\/1\/2016 at mail@marleen-andreev.de!\r\n\r\nWORKSHOP DATES:\r\nJUNE 4 or 5, 2016 | 11 a.m. - 5 p.m.\r\n\r\nfor an intercultural and participative exhibition project by\r\n\r\n\r\n\r\nMARLEEN ANDREEV\r\n\r\nThe workshop is sponsored by: Foundation for the International Weeks against Racism\r\n\r\n (more&hellip;)\"><ul class=\"post-categories\">\n\t<li><a href=\"https:\/\/www.geh8.de\/en\/category\/workshop\/\" rel=\"category tag\">Workshop<\/a><\/li><\/ul><h3><span class=\"sub1\"><span class=\"sub2\"><span class=\"sub3\"><a href=\"https:\/\/www.geh8.de\/en\/o-p-e-n-c-a-l-l-everybody-bodymap\/\">! ! ! O P E N C A L L ! ! !<\/a><\/span><\/span><\/span><\/h3><p>CA. 50 PARTICIPANTS OF ANY ORIGIN WANTED FOR BODYMAPPING-WORKSHOP! Age limit up to approx. 30 [&hellip;]<\/p>\n<\/div><\/div><div class=\"grid-item archive hyphenate querformat post-3583 post type-post status-publish format-standard has-post-thumbnail hentry category-verein\"><a href=\"https:\/\/www.geh8.de\/en\/geh8-sommerfest\/\"><img decoding=\"async\" src=\"https:\/\/www.geh8.de\/page\/wp-content\/uploads\/2016\/05\/Geh8Sommerparty_web-288x216.jpeg\" class=\"attachment-tile-landscape-low size-tile-landscape-low wp-post-image\" alt=\"\" srcset=\"https:\/\/www.geh8.de\/page\/wp-content\/uploads\/2016\/05\/Geh8Sommerparty_web-288x216.jpeg 288w, https:\/\/www.geh8.de\/page\/wp-content\/uploads\/2016\/05\/Geh8Sommerparty_web-368x276.jpeg 368w, https:\/\/www.geh8.de\/page\/wp-content\/uploads\/2016\/05\/Geh8Sommerparty_web-90x67.jpeg 90w\" sizes=\"(max-width: 288px) 100vw, 288px\" \/><\/a><div class=\"grid-entry haase-archive\" data-content=\"Saturday, June 11\r\n\r\nfrom 16:00: Exhibition opening EVERYBODY BODYMAP!\r\n\r\nfrom 21:30: geh8 SUMMER PARTY\r\n\r\nThe summer casts its rays ahead! And we would like to invite you\/you to open with us the second exhibition of the season EVERYBODY BODYMAP!, to celebrate a colorful party with lots of live music with you and to draw attention to an eventful year 2016 with many exhibitions and concerts at geh8. We are looking forward to your coming!\r\n\r\n (more&hellip;)\"><ul class=\"post-categories\">\n\t<li><a href=\"https:\/\/www.geh8.de\/en\/category\/verein\/\" rel=\"category tag\">Association<\/a><\/li><\/ul><h3><span class=\"sub1\"><span class=\"sub2\"><span class=\"sub3\"><a href=\"https:\/\/www.geh8.de\/en\/geh8-sommerfest\/\">GEH8 summerparty<\/a><\/span><\/span><\/span><\/h3><p>Saturday, June 11 from 16:00: Exhibition opening EVERYBODY BODYMAP! from 21:30: geh8 SUMMER PARTY The [&hellip;]<\/p>\n<\/div><\/div><div class=\"grid-item archive hyphenate querformat post-3572 post type-post status-publish format-standard has-post-thumbnail hentry category-konzert\"><a href=\"https:\/\/www.geh8.de\/en\/blueblut\/\"><img decoding=\"async\" src=\"https:\/\/www.geh8.de\/page\/wp-content\/uploads\/2016\/05\/Blueblut_web-288x216.jpg\" class=\"attachment-tile-landscape-low size-tile-landscape-low wp-post-image\" alt=\"\" srcset=\"https:\/\/www.geh8.de\/page\/wp-content\/uploads\/2016\/05\/Blueblut_web-288x216.jpg 288w, https:\/\/www.geh8.de\/page\/wp-content\/uploads\/2016\/05\/Blueblut_web-448x336.jpg 448w, https:\/\/www.geh8.de\/page\/wp-content\/uploads\/2016\/05\/Blueblut_web-368x276.jpg 368w, https:\/\/www.geh8.de\/page\/wp-content\/uploads\/2016\/05\/Blueblut_web-90x67.jpg 90w\" sizes=\"(max-width: 288px) 100vw, 288px\" \/><\/a><div class=\"grid-entry haase-archive\" data-content=\"Thursday, June 9, 8:00 p.m.\r\nat the Gehestr. 8\r\n (more&hellip;)\"><ul class=\"post-categories\">\n\t<li><a href=\"https:\/\/www.geh8.de\/en\/category\/konzert\/\" rel=\"category tag\">Concert<\/a><\/li><\/ul><h3><span class=\"sub1\"><span class=\"sub2\"><span class=\"sub3\"><a href=\"https:\/\/www.geh8.de\/en\/blueblut\/\">BLUEBLUT<\/a><\/span><\/span><\/span><\/h3><p>Thursday, June 9, 8:00 p.m. at the Gehestr. 8<\/p>\n<\/div><\/div><div class=\"grid-item archive hyphenate querformat post-3544 post type-post status-publish format-standard has-post-thumbnail hentry category-performance\"><a href=\"https:\/\/www.geh8.de\/en\/theater-choochoo-praesentiert-kalif-storch\/\"><img decoding=\"async\" src=\"https:\/\/www.geh8.de\/page\/wp-content\/uploads\/2016\/05\/theaterchoocoo-e1462955751348-288x200.jpg\" class=\"attachment-tile-landscape-low size-tile-landscape-low wp-post-image\" alt=\"\" srcset=\"https:\/\/www.geh8.de\/page\/wp-content\/uploads\/2016\/05\/theaterchoocoo-e1462955751348-288x200.jpg 288w, https:\/\/www.geh8.de\/page\/wp-content\/uploads\/2016\/05\/theaterchoocoo-e1462955751348-30x20.jpg 30w\" sizes=\"(max-width: 288px) 100vw, 288px\" \/><\/a><div class=\"grid-entry haase-archive\" data-content=\"On Whitsunday, 15. 5. the theater Choochoo Berlin plays Kalif Storch freely after the fairy tale by Wilhelm Hauff\r\nfor all from 4 years\r\nAdmission from 3 pm with coffee and cake\r\nStart at 4 pm (duration approx. 45 minutes)\r\nPrices for children: 4 \u20ac adults: 6 \u20ac\r\n\r\nTicket reservation: Franziska Hoffmann 0178 413 4048\r\n\r\n (more&hellip;)\"><ul class=\"post-categories\">\n\t<li><a href=\"https:\/\/www.geh8.de\/en\/category\/performance\/\" rel=\"category tag\">Performance<\/a><\/li><\/ul><h3><span class=\"sub1\"><span class=\"sub2\"><span class=\"sub3\"><a href=\"https:\/\/www.geh8.de\/en\/theater-choochoo-praesentiert-kalif-storch\/\">Theater Choochoo presents Kalif Storch<\/a><\/span><\/span><\/span><\/h3><p>On Whitsunday, 15. 5. the theater Choochoo Berlin plays Kalif Storch freely after the fairy [&hellip;]<\/p>\n<\/div><\/div><div class=\"grid-item archive hyphenate querformat post-3519 post type-post status-publish format-standard has-post-thumbnail hentry category-konzert\"><a href=\"https:\/\/www.geh8.de\/en\/doppelkonzert-ava-maude-berit-jung\/\"><img decoding=\"async\" src=\"https:\/\/www.geh8.de\/page\/wp-content\/uploads\/2016\/05\/160506-konzert-288x216.png\" class=\"attachment-tile-landscape-low size-tile-landscape-low wp-post-image\" alt=\"\" srcset=\"https:\/\/www.geh8.de\/page\/wp-content\/uploads\/2016\/05\/160506-konzert-288x216.png 288w, https:\/\/www.geh8.de\/page\/wp-content\/uploads\/2016\/05\/160506-konzert-100x75.png 100w, https:\/\/www.geh8.de\/page\/wp-content\/uploads\/2016\/05\/160506-konzert-80x60.png 80w, https:\/\/www.geh8.de\/page\/wp-content\/uploads\/2016\/05\/160506-konzert-768x576.png 768w, https:\/\/www.geh8.de\/page\/wp-content\/uploads\/2016\/05\/160506-konzert-448x336.png 448w, https:\/\/www.geh8.de\/page\/wp-content\/uploads\/2016\/05\/160506-konzert-368x276.png 368w, https:\/\/www.geh8.de\/page\/wp-content\/uploads\/2016\/05\/160506-konzert-90x67.png 90w, https:\/\/www.geh8.de\/page\/wp-content\/uploads\/2016\/05\/160506-konzert-30x23.png 30w, https:\/\/www.geh8.de\/page\/wp-content\/uploads\/2016\/05\/160506-konzert.png 800w\" sizes=\"(max-width: 288px) 100vw, 288px\" \/><\/a><div class=\"grid-entry haase-archive\" data-content=\"Friday, 06.05.2016, 20:30\r\n\r\n (more&hellip;)\"><ul class=\"post-categories\">\n\t<li><a href=\"https:\/\/www.geh8.de\/en\/category\/konzert\/\" rel=\"category tag\">Concert<\/a><\/li><\/ul><h3><span class=\"sub1\"><span class=\"sub2\"><span class=\"sub3\"><a href=\"https:\/\/www.geh8.de\/en\/doppelkonzert-ava-maude-berit-jung\/\">Doubleconcert Ava Maude\/ Berit Jung<\/a><\/span><\/span><\/span><\/h3><p>Friday, 06.05.2016, 20:30<\/p>\n<\/div><\/div><div class=\"grid-item archive hyphenate querformat post-3483 post type-post status-publish format-standard has-post-thumbnail hentry category-lesung\"><a href=\"https:\/\/www.geh8.de\/en\/lesung-nancy-huenger-wir-sind-golden-wir-sind-aus-blut\/\"><img decoding=\"async\" src=\"https:\/\/www.geh8.de\/page\/wp-content\/uploads\/2016\/04\/wir_sind_golden_cover.jpg\" class=\"attachment-tile-landscape-low size-tile-landscape-low wp-post-image\" alt=\"\" srcset=\"https:\/\/www.geh8.de\/page\/wp-content\/uploads\/2016\/04\/wir_sind_golden_cover.jpg 168w, https:\/\/www.geh8.de\/page\/wp-content\/uploads\/2016\/04\/wir_sind_golden_cover-85x100.jpg 85w, https:\/\/www.geh8.de\/page\/wp-content\/uploads\/2016\/04\/wir_sind_golden_cover-68x80.jpg 68w, https:\/\/www.geh8.de\/page\/wp-content\/uploads\/2016\/04\/wir_sind_golden_cover-26x30.jpg 26w\" sizes=\"(max-width: 168px) 100vw, 168px\" \/><\/a><div class=\"grid-entry haase-archive\" data-content=\"On Saturday, April 23 at 6 p.m. Nancy Huenger will read from her book &quot;Wir sind golden. We are made of blood&quot; (published 2014 by edition AZUR).\r\n\r\n (more&hellip;)\"><ul class=\"post-categories\">\n\t<li><a href=\"https:\/\/www.geh8.de\/en\/category\/lesung\/\" rel=\"category tag\">Reading \/ Talk<\/a><\/li><\/ul><h3><span class=\"sub1\"><span class=\"sub2\"><span class=\"sub3\"><a href=\"https:\/\/www.geh8.de\/en\/lesung-nancy-huenger-wir-sind-golden-wir-sind-aus-blut\/\">Nancy Huenger reads \u201eWir sind golden. Wir sind aus Blut\u201c<\/a><\/span><\/span><\/span><\/h3><p>On Saturday, April 23 at 6 p.m. Nancy Huenger will read from her book &#8220;Wir [&hellip;]<\/p>\n<\/div><\/div><div class=\"grid-item archive hyphenate querformat post-3447 post type-post status-publish format-standard has-post-thumbnail hentry category-ausstellung\"><a href=\"https:\/\/www.geh8.de\/en\/dicker-als-wasser\/\"><img decoding=\"async\" src=\"https:\/\/www.geh8.de\/page\/wp-content\/uploads\/2016\/04\/Dicker-als-Wasser_Fyler_web-288x216.jpg\" class=\"attachment-tile-landscape-low size-tile-landscape-low wp-post-image\" alt=\"\" srcset=\"https:\/\/www.geh8.de\/page\/wp-content\/uploads\/2016\/04\/Dicker-als-Wasser_Fyler_web-288x216.jpg 288w, https:\/\/www.geh8.de\/page\/wp-content\/uploads\/2016\/04\/Dicker-als-Wasser_Fyler_web-368x276.jpg 368w, https:\/\/www.geh8.de\/page\/wp-content\/uploads\/2016\/04\/Dicker-als-Wasser_Fyler_web-90x67.jpg 90w\" sizes=\"(max-width: 288px) 100vw, 288px\" \/><\/a><div class=\"grid-entry haase-archive\" data-content=\"Exhibition Duration: 15.4. - 29.4.16\r\nOpening: 15.4. , 19.00 clock\r\n\r\n (more&hellip;)\"><ul class=\"post-categories\">\n\t<li><a href=\"https:\/\/www.geh8.de\/en\/category\/ausstellung\/\" rel=\"category tag\">Exhibition<\/a><\/li><\/ul><h3><span class=\"sub1\"><span class=\"sub2\"><span class=\"sub3\"><a href=\"https:\/\/www.geh8.de\/en\/dicker-als-wasser\/\">Thicker as water<\/a><\/span><\/span><\/span><\/h3><p>Exhibition Duration: 15.4. &#8211; 29.4.16 Opening: 15.4. , 19.00 clock<\/p>\n<\/div><\/div><div class=\"jahrestrenner m-5  grid-item archive hyphenate querformat post type-post status-publish format-standard has-post-thumbnail hentry category-ausstellung\"\n                         style=\"position: absolute; left: 0px; top: 0px;background-color:#fff;\"><a\n                        ><\/a>\n                        <div class=\"grid-entry\" style=\" background-color:transparent;color#000;\">\n                            <ul class=\"post-categories\">\n                                <li><a rel=\"category tag\">JAHR<\/a><\/li>\n                            <\/ul>\n\n                                            <h2 class=\"archiv-jahrestrenner\">2015<\/h2>\n\n\n                        <\/div>\n                    <\/div><div class=\"grid-item archive hyphenate querformat post-3383 post type-post status-publish format-standard has-post-thumbnail hentry category-ausstellung\"><a href=\"https:\/\/www.geh8.de\/en\/day-in-day-out-stoerungen-des-digitalen\/\"><img decoding=\"async\" src=\"https:\/\/www.geh8.de\/page\/wp-content\/uploads\/2015\/09\/150918_DayIDayO_Flyer_web-288x216.jpg\" class=\"attachment-tile-landscape-low size-tile-landscape-low wp-post-image\" alt=\"\" srcset=\"https:\/\/www.geh8.de\/page\/wp-content\/uploads\/2015\/09\/150918_DayIDayO_Flyer_web-288x216.jpg 288w, https:\/\/www.geh8.de\/page\/wp-content\/uploads\/2015\/09\/150918_DayIDayO_Flyer_web-448x336.jpg 448w, https:\/\/www.geh8.de\/page\/wp-content\/uploads\/2015\/09\/150918_DayIDayO_Flyer_web-368x276.jpg 368w, https:\/\/www.geh8.de\/page\/wp-content\/uploads\/2015\/09\/150918_DayIDayO_Flyer_web-90x67.jpg 90w\" sizes=\"(max-width: 288px) 100vw, 288px\" \/><\/a><div class=\"grid-entry haase-archive\" data-content=\"Exhibition from 26.09. - 18.10.2015\r\nOpening: 26.09, 18.00 clock\r\nOpening hours: Thu-Sun 16-19 h\r\n\r\n (more&hellip;)\"><ul class=\"post-categories\">\n\t<li><a href=\"https:\/\/www.geh8.de\/en\/category\/ausstellung\/\" rel=\"category tag\">Exhibition<\/a><\/li><\/ul><h3><span class=\"sub1\"><span class=\"sub2\"><span class=\"sub3\"><a href=\"https:\/\/www.geh8.de\/en\/day-in-day-out-stoerungen-des-digitalen\/\">DAY IN DAY OUT &#8211; Disturbances of the digital<\/a><\/span><\/span><\/span><\/h3><p>Exhibition from 26.09. &#8211; 18.10.2015 Opening: 26.09, 18.00 clock Opening hours: Thu-Sun 16-19 h<\/p>\n<\/div><\/div><div class=\"grid-item archive hyphenate querformat post-3374 post type-post status-publish format-standard has-post-thumbnail hentry category-ausstellung\"><a href=\"https:\/\/www.geh8.de\/en\/heimat-das-bild-als-ort-der-identitae\/\"><img decoding=\"async\" src=\"https:\/\/www.geh8.de\/page\/wp-content\/uploads\/2015\/08\/HEIMAT-Flyer-Front-288x216.jpg\" class=\"attachment-tile-landscape-low size-tile-landscape-low wp-post-image\" alt=\"\" srcset=\"https:\/\/www.geh8.de\/page\/wp-content\/uploads\/2015\/08\/HEIMAT-Flyer-Front-288x216.jpg 288w, https:\/\/www.geh8.de\/page\/wp-content\/uploads\/2015\/08\/HEIMAT-Flyer-Front-448x336.jpg 448w, https:\/\/www.geh8.de\/page\/wp-content\/uploads\/2015\/08\/HEIMAT-Flyer-Front-368x276.jpg 368w, https:\/\/www.geh8.de\/page\/wp-content\/uploads\/2015\/08\/HEIMAT-Flyer-Front-90x67.jpg 90w\" sizes=\"(max-width: 288px) 100vw, 288px\" \/><\/a><div class=\"grid-entry haase-archive\" data-content=\"Opening: 04.09.2015 19:00\r\nExhibition: 04.09. - 06.09.2015\r\nOpening hours: 10 -18 h\r\n\r\n (more&hellip;)\"><ul class=\"post-categories\">\n\t<li><a href=\"https:\/\/www.geh8.de\/en\/category\/ausstellung\/\" rel=\"category tag\">Exhibition<\/a><\/li><\/ul><h3><span class=\"sub1\"><span class=\"sub2\"><span class=\"sub3\"><a href=\"https:\/\/www.geh8.de\/en\/heimat-das-bild-als-ort-der-identitae\/\">HEIMAT &#8211; Das Bild als Ort der Identit\u00e4t<\/a><\/span><\/span><\/span><\/h3><p>Opening: 04.09.2015 19:00 Exhibition: 04.09. &#8211; 06.09.2015 Opening hours: 10 -18 h<\/p>\n<\/div><\/div><div class=\"grid-item archive hyphenate querformat post-2248 post type-post status-publish format-standard has-post-thumbnail hentry category-ausstellung\"><a href=\"https:\/\/www.geh8.de\/en\/sailor-single-tomsky\/\"><img decoding=\"async\" src=\"https:\/\/www.geh8.de\/page\/wp-content\/uploads\/2015\/08\/SailorsingleTomSky-288x216.jpg\" class=\"attachment-tile-landscape-low size-tile-landscape-low wp-post-image\" alt=\"\" srcset=\"https:\/\/www.geh8.de\/page\/wp-content\/uploads\/2015\/08\/SailorsingleTomSky-288x216.jpg 288w, https:\/\/www.geh8.de\/page\/wp-content\/uploads\/2015\/08\/SailorsingleTomSky-448x336.jpg 448w, https:\/\/www.geh8.de\/page\/wp-content\/uploads\/2015\/08\/SailorsingleTomSky-368x276.jpg 368w, https:\/\/www.geh8.de\/page\/wp-content\/uploads\/2015\/08\/SailorsingleTomSky-90x67.jpg 90w\" sizes=\"(max-width: 288px) 100vw, 288px\" \/><\/a><div class=\"grid-entry haase-archive\" data-content=\"August 13, 2015, 8 pm\r\n\r\n (more&hellip;)\"><ul class=\"post-categories\">\n\t<li><a href=\"https:\/\/www.geh8.de\/en\/category\/ausstellung\/\" rel=\"category tag\">Exhibition<\/a><\/li><\/ul><h3><span class=\"sub1\"><span class=\"sub2\"><span class=\"sub3\"><a href=\"https:\/\/www.geh8.de\/en\/sailor-single-tomsky\/\">Sailor-Single &#038; TomSky<\/a><\/span><\/span><\/span><\/h3><p>August 13, 2015, 8 pm<\/p>\n<\/div><\/div><div class=\"grid-item archive hyphenate querformat post-2234 post type-post status-publish format-standard has-post-thumbnail hentry category-info\"><a href=\"https:\/\/www.geh8.de\/en\/holy-indpendent-space-am-ziel\/\"><img decoding=\"async\" src=\"https:\/\/www.geh8.de\/page\/wp-content\/uploads\/2015\/07\/finissage-288x216.jpg\" class=\"attachment-tile-landscape-low size-tile-landscape-low wp-post-image\" alt=\"\" srcset=\"https:\/\/www.geh8.de\/page\/wp-content\/uploads\/2015\/07\/finissage-288x216.jpg 288w, https:\/\/www.geh8.de\/page\/wp-content\/uploads\/2015\/07\/finissage-368x276.jpg 368w, https:\/\/www.geh8.de\/page\/wp-content\/uploads\/2015\/07\/finissage-90x67.jpg 90w\" sizes=\"(max-width: 288px) 100vw, 288px\" \/><\/a><div class=\"grid-entry haase-archive\" data-content=\"Sunday 12 July 2015, 6 pm\r\n\r\n (more&hellip;)\"><ul class=\"post-categories\">\n\t<li><a href=\"https:\/\/www.geh8.de\/en\/category\/info\/\" rel=\"category tag\">Info<\/a><\/li><\/ul><h3><span class=\"sub1\"><span class=\"sub2\"><span class=\"sub3\"><a href=\"https:\/\/www.geh8.de\/en\/holy-indpendent-space-am-ziel\/\">Holy Indpendent Space at the finish!<\/a><\/span><\/span><\/span><\/h3><p>Sunday 12 July 2015, 6 pm<\/p>\n<\/div><\/div><div class=\"grid-item archive hyphenate querformat post-2243 post type-post status-publish format-standard has-post-thumbnail hentry category-veranstaltungen\"><a href=\"https:\/\/www.geh8.de\/en\/filmabend-katarina-schroeter-the-visitor\/\"><img decoding=\"async\" src=\"https:\/\/www.geh8.de\/page\/wp-content\/uploads\/2015\/07\/Xilong-migrant-worker-in-Shanghai-288x216.jpg\" class=\"attachment-tile-landscape-low size-tile-landscape-low wp-post-image\" alt=\"\" srcset=\"https:\/\/www.geh8.de\/page\/wp-content\/uploads\/2015\/07\/Xilong-migrant-worker-in-Shanghai-288x216.jpg 288w, https:\/\/www.geh8.de\/page\/wp-content\/uploads\/2015\/07\/Xilong-migrant-worker-in-Shanghai-368x276.jpg 368w, https:\/\/www.geh8.de\/page\/wp-content\/uploads\/2015\/07\/Xilong-migrant-worker-in-Shanghai-90x67.jpg 90w\" sizes=\"(max-width: 288px) 100vw, 288px\" \/><\/a><div class=\"grid-entry haase-archive\" data-content=\"Saturday, July 11, 2015, 10 pm\r\n\r\n (more&hellip;)\"><ul class=\"post-categories\">\n\t<li><a href=\"https:\/\/www.geh8.de\/en\/category\/veranstaltungen\/\" rel=\"category tag\">Event<\/a><\/li><\/ul><h3><span class=\"sub1\"><span class=\"sub2\"><span class=\"sub3\"><a href=\"https:\/\/www.geh8.de\/en\/filmabend-katarina-schroeter-the-visitor\/\">Filmevening: Katarina Schr\u00f6ter \u201eThe Visitor\u201c<\/a><\/span><\/span><\/span><\/h3><p>Saturday, July 11, 2015, 10 pm<\/p>\n<\/div><\/div><div class=\"grid-item archive hyphenate querformat post-2238 post type-post status-publish format-standard has-post-thumbnail hentry category-lesung\"><a href=\"https:\/\/www.geh8.de\/en\/abendmahl\/\"><img decoding=\"async\" src=\"https:\/\/www.geh8.de\/page\/wp-content\/uploads\/2015\/07\/abendmahl-288x216.jpg\" class=\"attachment-tile-landscape-low size-tile-landscape-low wp-post-image\" alt=\"\" srcset=\"https:\/\/www.geh8.de\/page\/wp-content\/uploads\/2015\/07\/abendmahl-288x216.jpg 288w, https:\/\/www.geh8.de\/page\/wp-content\/uploads\/2015\/07\/abendmahl-448x336.jpg 448w, https:\/\/www.geh8.de\/page\/wp-content\/uploads\/2015\/07\/abendmahl-368x276.jpg 368w, https:\/\/www.geh8.de\/page\/wp-content\/uploads\/2015\/07\/abendmahl-90x67.jpg 90w\" sizes=\"(max-width: 288px) 100vw, 288px\" \/><\/a><div class=\"grid-entry haase-archive\" data-content=\"Saturday, July 11, 2015, 8 pm\r\n\r\n (more&hellip;)\"><ul class=\"post-categories\">\n\t<li><a href=\"https:\/\/www.geh8.de\/en\/category\/lesung\/\" rel=\"category tag\">Reading \/ Talk<\/a><\/li><\/ul><h3><span class=\"sub1\"><span class=\"sub2\"><span class=\"sub3\"><a href=\"https:\/\/www.geh8.de\/en\/abendmahl\/\">Talk to &#8220;Abendmahl&#8221; by Susan Donath<\/a><\/span><\/span><\/span><\/h3><p>Saturday, July 11, 2015, 8 pm<\/p>\n<\/div><\/div><div class=\"grid-item archive hyphenate querformat post-2221 post type-post status-publish format-standard has-post-thumbnail hentry category-veranstaltungen\"><a href=\"https:\/\/www.geh8.de\/en\/filmabend-travelling-e-exile-la-buena-vida\/\"><img decoding=\"async\" src=\"https:\/\/www.geh8.de\/page\/wp-content\/uploads\/2015\/07\/LA-BUENA-VIDA-288x216.jpg\" class=\"attachment-tile-landscape-low size-tile-landscape-low wp-post-image\" alt=\"\" srcset=\"https:\/\/www.geh8.de\/page\/wp-content\/uploads\/2015\/07\/LA-BUENA-VIDA-288x216.jpg 288w, https:\/\/www.geh8.de\/page\/wp-content\/uploads\/2015\/07\/LA-BUENA-VIDA-368x276.jpg 368w, https:\/\/www.geh8.de\/page\/wp-content\/uploads\/2015\/07\/LA-BUENA-VIDA-90x67.jpg 90w\" sizes=\"(max-width: 288px) 100vw, 288px\" \/><\/a><div class=\"grid-entry haase-archive\" data-content=\"Thursday 9 July 2015, 8 pm\r\n\r\n (more&hellip;)\"><ul class=\"post-categories\">\n\t<li><a href=\"https:\/\/www.geh8.de\/en\/category\/veranstaltungen\/\" rel=\"category tag\">Event<\/a><\/li><\/ul><h3><span class=\"sub1\"><span class=\"sub2\"><span class=\"sub3\"><a href=\"https:\/\/www.geh8.de\/en\/filmabend-travelling-e-exile-la-buena-vida\/\">Filmevening: Travelling E (Exile) &#038; La Buena Vida<\/a><\/span><\/span><\/span><\/h3><p>Thursday 9 July 2015, 8 pm<\/p>\n<\/div><\/div><div class=\"grid-item archive hyphenate querformat post-2215 post type-post status-publish format-standard has-post-thumbnail hentry category-lesung\"><a href=\"https:\/\/www.geh8.de\/en\/vortrag-und-diskussion-heilige-pflichten\/\"><img decoding=\"async\" src=\"https:\/\/www.geh8.de\/page\/wp-content\/uploads\/2015\/07\/Heilige-Pflichten-288x216.jpg\" class=\"attachment-tile-landscape-low size-tile-landscape-low wp-post-image\" alt=\"\" srcset=\"https:\/\/www.geh8.de\/page\/wp-content\/uploads\/2015\/07\/Heilige-Pflichten-288x216.jpg 288w, https:\/\/www.geh8.de\/page\/wp-content\/uploads\/2015\/07\/Heilige-Pflichten-448x336.jpg 448w, https:\/\/www.geh8.de\/page\/wp-content\/uploads\/2015\/07\/Heilige-Pflichten-368x276.jpg 368w, https:\/\/www.geh8.de\/page\/wp-content\/uploads\/2015\/07\/Heilige-Pflichten-90x67.jpg 90w, https:\/\/www.geh8.de\/page\/wp-content\/uploads\/2015\/07\/Heilige-Pflichten-30x22.jpg 30w\" sizes=\"(max-width: 288px) 100vw, 288px\" \/><\/a><div class=\"grid-entry haase-archive\" data-content=\"Tuesday 7 July 2015, 8 pm\r\n\r\n (more&hellip;)\"><ul class=\"post-categories\">\n\t<li><a href=\"https:\/\/www.geh8.de\/en\/category\/lesung\/\" rel=\"category tag\">Reading \/ Talk<\/a><\/li><\/ul><h3><span class=\"sub1\"><span class=\"sub2\"><span class=\"sub3\"><a href=\"https:\/\/www.geh8.de\/en\/vortrag-und-diskussion-heilige-pflichten\/\">Lecture and discussion: Sacred duties<\/a><\/span><\/span><\/span><\/h3><p>Tuesday 7 July 2015, 8 pm<\/p>\n<\/div><\/div><div class=\"grid-item archive hyphenate querformat post-2129 post type-post status-publish format-standard has-post-thumbnail hentry category-performance\"><a href=\"https:\/\/www.geh8.de\/en\/punti-di-fuga-fluchtpunkte\/\"><img decoding=\"async\" src=\"https:\/\/www.geh8.de\/page\/wp-content\/uploads\/2015\/06\/fluchtpunkte-288x216.jpg\" class=\"attachment-tile-landscape-low size-tile-landscape-low wp-post-image\" alt=\"\" srcset=\"https:\/\/www.geh8.de\/page\/wp-content\/uploads\/2015\/06\/fluchtpunkte-288x216.jpg 288w, https:\/\/www.geh8.de\/page\/wp-content\/uploads\/2015\/06\/fluchtpunkte-100x74.jpg 100w, https:\/\/www.geh8.de\/page\/wp-content\/uploads\/2015\/06\/fluchtpunkte-80x59.jpg 80w, https:\/\/www.geh8.de\/page\/wp-content\/uploads\/2015\/06\/fluchtpunkte-448x336.jpg 448w, https:\/\/www.geh8.de\/page\/wp-content\/uploads\/2015\/06\/fluchtpunkte-368x276.jpg 368w, https:\/\/www.geh8.de\/page\/wp-content\/uploads\/2015\/06\/fluchtpunkte-90x67.jpg 90w, https:\/\/www.geh8.de\/page\/wp-content\/uploads\/2015\/06\/fluchtpunkte-30x22.jpg 30w\" sizes=\"(max-width: 288px) 100vw, 288px\" \/><\/a><div class=\"grid-entry haase-archive\" data-content=\"4. - 5.7.2015 | 11. - 12. 7.2015 | 17. - 19.7.2015\r\n\r\n (more&hellip;)\"><ul class=\"post-categories\">\n\t<li><a href=\"https:\/\/www.geh8.de\/en\/category\/performance\/\" rel=\"category tag\">Performance<\/a><\/li><\/ul><h3><span class=\"sub1\"><span class=\"sub2\"><span class=\"sub3\"><a href=\"https:\/\/www.geh8.de\/en\/punti-di-fuga-fluchtpunkte\/\">punti di fuga | Fluchtpunkte<\/a><\/span><\/span><\/span><\/h3><p>4. &#8211; 5.7.2015 | 11. &#8211; 12. 7.2015 | 17. &#8211; 19.7.2015<\/p>\n<\/div><\/div><div class=\"grid-item archive hyphenate querformat post-2206 post type-post status-publish format-standard has-post-thumbnail hentry category-konzert\"><a href=\"https:\/\/www.geh8.de\/en\/drumtraditionjam-elektro-native-live-act-intiche\/\"><img decoding=\"async\" src=\"https:\/\/www.geh8.de\/page\/wp-content\/uploads\/2015\/07\/Intiche-288x216.jpg\" class=\"attachment-tile-landscape-low size-tile-landscape-low wp-post-image\" alt=\"\" srcset=\"https:\/\/www.geh8.de\/page\/wp-content\/uploads\/2015\/07\/Intiche-288x216.jpg 288w, https:\/\/www.geh8.de\/page\/wp-content\/uploads\/2015\/07\/Intiche-448x336.jpg 448w, https:\/\/www.geh8.de\/page\/wp-content\/uploads\/2015\/07\/Intiche-368x276.jpg 368w, https:\/\/www.geh8.de\/page\/wp-content\/uploads\/2015\/07\/Intiche-90x67.jpg 90w\" sizes=\"(max-width: 288px) 100vw, 288px\" \/><\/a><div class=\"grid-entry haase-archive\" data-content=\"Freitag, 3. Juli, 20 Uhr\r\n\r\n (more&hellip;)\"><ul class=\"post-categories\">\n\t<li><a href=\"https:\/\/www.geh8.de\/en\/category\/konzert\/\" rel=\"category tag\">Concert<\/a><\/li><\/ul><h3><span class=\"sub1\"><span class=\"sub2\"><span class=\"sub3\"><a href=\"https:\/\/www.geh8.de\/en\/drumtraditionjam-elektro-native-live-act-intiche\/\">Drumtraditionjam &#038; Elektro Native Live Act Intiche<\/a><\/span><\/span><\/span><\/h3><p>Freitag, 3. Juli, 20 Uhr<\/p>\n<\/div><\/div><div class=\"grid-item archive hyphenate querformat post-2201 post type-post status-publish format-standard has-post-thumbnail hentry category-lesung\"><a href=\"https:\/\/www.geh8.de\/en\/persiche-shekasteh-kalligrafie\/\"><img decoding=\"async\" src=\"https:\/\/www.geh8.de\/page\/wp-content\/uploads\/2015\/06\/Shekasteh-Kalligrafie-288x216.jpg\" class=\"attachment-tile-landscape-low size-tile-landscape-low wp-post-image\" alt=\"\" srcset=\"https:\/\/www.geh8.de\/page\/wp-content\/uploads\/2015\/06\/Shekasteh-Kalligrafie-288x216.jpg 288w, https:\/\/www.geh8.de\/page\/wp-content\/uploads\/2015\/06\/Shekasteh-Kalligrafie-100x75.jpg 100w, https:\/\/www.geh8.de\/page\/wp-content\/uploads\/2015\/06\/Shekasteh-Kalligrafie-80x60.jpg 80w, https:\/\/www.geh8.de\/page\/wp-content\/uploads\/2015\/06\/Shekasteh-Kalligrafie-448x336.jpg 448w, https:\/\/www.geh8.de\/page\/wp-content\/uploads\/2015\/06\/Shekasteh-Kalligrafie-368x276.jpg 368w, https:\/\/www.geh8.de\/page\/wp-content\/uploads\/2015\/06\/Shekasteh-Kalligrafie-90x67.jpg 90w, https:\/\/www.geh8.de\/page\/wp-content\/uploads\/2015\/06\/Shekasteh-Kalligrafie-30x23.jpg 30w, https:\/\/www.geh8.de\/page\/wp-content\/uploads\/2015\/06\/Shekasteh-Kalligrafie.jpg 550w\" sizes=\"(max-width: 288px) 100vw, 288px\" \/><\/a><div class=\"grid-entry haase-archive\" data-content=\"Wednesday, July 1 at 8 pm\r\n\r\n (more&hellip;)\"><ul class=\"post-categories\">\n\t<li><a href=\"https:\/\/www.geh8.de\/en\/category\/lesung\/\" rel=\"category tag\">Reading \/ Talk<\/a><\/li><\/ul><h3><span class=\"sub1\"><span class=\"sub2\"><span class=\"sub3\"><a href=\"https:\/\/www.geh8.de\/en\/persiche-shekasteh-kalligrafie\/\">Lecture: Calligraphy with Hamid Kahdemi<\/a><\/span><\/span><\/span><\/h3><p>Wednesday, July 1 at 8 pm<\/p>\n<\/div><\/div><div class=\"grid-item archive hyphenate querformat post-2193 post type-post status-publish format-standard has-post-thumbnail hentry category-lesung\"><a href=\"https:\/\/www.geh8.de\/en\/kuenstlergespraech-mit-sarojini-lewis-rotterdam-nl\/\"><img decoding=\"async\" src=\"https:\/\/www.geh8.de\/page\/wp-content\/uploads\/2015\/06\/Herrnhut-Sarojini-Lewis-288x216.jpeg\" class=\"attachment-tile-landscape-low size-tile-landscape-low wp-post-image\" alt=\"\" srcset=\"https:\/\/www.geh8.de\/page\/wp-content\/uploads\/2015\/06\/Herrnhut-Sarojini-Lewis-288x216.jpeg 288w, https:\/\/www.geh8.de\/page\/wp-content\/uploads\/2015\/06\/Herrnhut-Sarojini-Lewis-368x276.jpeg 368w, https:\/\/www.geh8.de\/page\/wp-content\/uploads\/2015\/06\/Herrnhut-Sarojini-Lewis-90x67.jpeg 90w, https:\/\/www.geh8.de\/page\/wp-content\/uploads\/2015\/06\/Herrnhut-Sarojini-Lewis-30x24.jpeg 30w\" sizes=\"(max-width: 288px) 100vw, 288px\" \/><\/a><div class=\"grid-entry haase-archive\" data-content=\"26. Juni 2015 \/ 19:30 Uhr\r\n\r\n (more&hellip;)\"><ul class=\"post-categories\">\n\t<li><a href=\"https:\/\/www.geh8.de\/en\/category\/lesung\/\" rel=\"category tag\">Reading \/ Talk<\/a><\/li><\/ul><h3><span class=\"sub1\"><span class=\"sub2\"><span class=\"sub3\"><a href=\"https:\/\/www.geh8.de\/en\/kuenstlergespraech-mit-sarojini-lewis-rotterdam-nl\/\">Artist Talk with Sarojini Lewis<\/a><\/span><\/span><\/span><\/h3><p>26. Juni 2015 \/ 19:30 Uhr<\/p>\n<\/div><\/div><div class=\"grid-item archive hyphenate querformat post-2164 post type-post status-publish format-standard has-post-thumbnail hentry category-lesung\"><a href=\"https:\/\/www.geh8.de\/en\/meeting-place-for-everybody\/\"><img decoding=\"async\" src=\"https:\/\/www.geh8.de\/page\/wp-content\/uploads\/2015\/06\/treffpunkt-288x216.png\" class=\"attachment-tile-landscape-low size-tile-landscape-low wp-post-image\" alt=\"\" srcset=\"https:\/\/www.geh8.de\/page\/wp-content\/uploads\/2015\/06\/treffpunkt-288x216.png 288w, https:\/\/www.geh8.de\/page\/wp-content\/uploads\/2015\/06\/treffpunkt-448x336.png 448w, https:\/\/www.geh8.de\/page\/wp-content\/uploads\/2015\/06\/treffpunkt-368x276.png 368w, https:\/\/www.geh8.de\/page\/wp-content\/uploads\/2015\/06\/treffpunkt-90x67.png 90w\" sizes=\"(max-width: 288px) 100vw, 288px\" \/><\/a><div class=\"grid-entry haase-archive\" data-content=\"Thursdays from 17:00 to 20:00 (25.06, 02.07 and 09.07.2015)\r\n\r\n (more&hellip;)\"><ul class=\"post-categories\">\n\t<li><a href=\"https:\/\/www.geh8.de\/en\/category\/lesung\/\" rel=\"category tag\">Reading \/ Talk<\/a><\/li><\/ul><h3><span class=\"sub1\"><span class=\"sub2\"><span class=\"sub3\"><a href=\"https:\/\/www.geh8.de\/en\/meeting-place-for-everybody\/\">MEETING PLACE FOR EVERYBODY<\/a><\/span><\/span><\/span><\/h3><p>Thursdays from 17:00 to 20:00 (25.06, 02.07 and 09.07.2015)<\/p>\n<\/div><\/div><div class=\"grid-item archive hyphenate querformat post-2171 post type-post status-publish format-standard has-post-thumbnail hentry category-veranstaltungen\"><a href=\"https:\/\/www.geh8.de\/en\/eroeffnung-midsommer\/\"><img decoding=\"async\" src=\"https:\/\/www.geh8.de\/page\/wp-content\/uploads\/2015\/06\/midsummer-288x216.jpg\" class=\"attachment-tile-landscape-low size-tile-landscape-low wp-post-image\" alt=\"\" srcset=\"https:\/\/www.geh8.de\/page\/wp-content\/uploads\/2015\/06\/midsummer-288x216.jpg 288w, https:\/\/www.geh8.de\/page\/wp-content\/uploads\/2015\/06\/midsummer-448x336.jpg 448w, https:\/\/www.geh8.de\/page\/wp-content\/uploads\/2015\/06\/midsummer-368x276.jpg 368w, https:\/\/www.geh8.de\/page\/wp-content\/uploads\/2015\/06\/midsummer-90x67.jpg 90w\" sizes=\"(max-width: 288px) 100vw, 288px\" \/><\/a><div class=\"grid-entry haase-archive\" data-content=\"June 21, from 3 pm\r\n\r\n (more&hellip;)\"><ul class=\"post-categories\">\n\t<li><a href=\"https:\/\/www.geh8.de\/en\/category\/veranstaltungen\/\" rel=\"category tag\">Event<\/a><\/li><\/ul><h3><span class=\"sub1\"><span class=\"sub2\"><span class=\"sub3\"><a href=\"https:\/\/www.geh8.de\/en\/eroeffnung-midsommer\/\">Holy Independent Space | Opening &#038; Midsommer<\/a><\/span><\/span><\/span><\/h3><p>June 21, from 3 pm<\/p>\n<\/div><\/div><div class=\"grid-item archive hyphenate querformat post-2122 post type-post status-publish format-standard has-post-thumbnail hentry category-info\"><a href=\"https:\/\/www.geh8.de\/en\/holy-independent-space-programm\/\"><img decoding=\"async\" src=\"https:\/\/www.geh8.de\/page\/wp-content\/uploads\/2015\/06\/150621_geh8_44_Konrad_Behr-288x216.jpg\" class=\"attachment-tile-landscape-low size-tile-landscape-low wp-post-image\" alt=\"\" srcset=\"https:\/\/www.geh8.de\/page\/wp-content\/uploads\/2015\/06\/150621_geh8_44_Konrad_Behr-288x216.jpg 288w, https:\/\/www.geh8.de\/page\/wp-content\/uploads\/2015\/06\/150621_geh8_44_Konrad_Behr-448x336.jpg 448w, https:\/\/www.geh8.de\/page\/wp-content\/uploads\/2015\/06\/150621_geh8_44_Konrad_Behr-368x276.jpg 368w, https:\/\/www.geh8.de\/page\/wp-content\/uploads\/2015\/06\/150621_geh8_44_Konrad_Behr-90x67.jpg 90w\" sizes=\"(max-width: 288px) 100vw, 288px\" \/><\/a><div class=\"grid-entry haase-archive\" data-content=\"Sunday 21 June to Sunday 12 July 2015\r\n\r\n (more&hellip;)\"><ul class=\"post-categories\">\n\t<li><a href=\"https:\/\/www.geh8.de\/en\/category\/info\/\" rel=\"category tag\">Info<\/a><\/li><\/ul><h3><span class=\"sub1\"><span class=\"sub2\"><span class=\"sub3\"><a href=\"https:\/\/www.geh8.de\/en\/holy-independent-space-programm\/\">Holy Independent Space I Program<\/a><\/span><\/span><\/span><\/h3><p>Sunday 21 June to Sunday 12 July 2015<\/p>\n<\/div><\/div><div class=\"grid-item archive hyphenate querformat post-2059 post type-post status-publish format-standard has-post-thumbnail hentry category-ausstellung\"><a href=\"https:\/\/www.geh8.de\/en\/holy-independent-space\/\"><img decoding=\"async\" src=\"https:\/\/www.geh8.de\/page\/wp-content\/uploads\/2015\/06\/Holy-Independent-Space-flyer-front-288x216.jpg\" class=\"attachment-tile-landscape-low size-tile-landscape-low wp-post-image\" alt=\"\" srcset=\"https:\/\/www.geh8.de\/page\/wp-content\/uploads\/2015\/06\/Holy-Independent-Space-flyer-front-288x216.jpg 288w, https:\/\/www.geh8.de\/page\/wp-content\/uploads\/2015\/06\/Holy-Independent-Space-flyer-front-448x336.jpg 448w, https:\/\/www.geh8.de\/page\/wp-content\/uploads\/2015\/06\/Holy-Independent-Space-flyer-front-368x276.jpg 368w, https:\/\/www.geh8.de\/page\/wp-content\/uploads\/2015\/06\/Holy-Independent-Space-flyer-front-90x67.jpg 90w\" sizes=\"(max-width: 288px) 100vw, 288px\" \/><\/a><div class=\"grid-entry haase-archive\" data-content=\"Holy Independent Space\r\nSunday 21st June \u2013 12th July 2015\r\nOpening Sunday 21st Juni 3 pm\r\nFinisage Sunday 12th July 6 pm\r\n\r\nGoods, products, natural resources and food of our everyday life comes from everywhere on this globe. In the cities of Europe and big parts of the world people with differing backgrounds, beliefs and values are living close to each other day after day. Background and belief of every single individual are referring back to his or her specific background in one or multiple cultures which in some way or another has been taking shape during very long times. Images, objects and spaces of every culture seem to communicate specific relations to everyday life, the way people live together, values and spirituality.\r\nIn the exhibition \u201eHoly Independent Space\u201c, images and objects are presented which are transporting a significant visual reference to different cultures within one common given space \u2013 the geh8 exhibition hall. The theme of these images will be to investigate and visualize specific senses of holiness within established and recognizable cultures, community of beliefs or common views on the world. The light and the warmth oft he sun reaches over the year every place on this globe independent from differing human cultures and beliefs. In reference to this fact, the exhibition will open on the 21st of June \u2013 the longest day in the year on the northern hemisphere of earth.\r\n\r\nArtists:\r\nAchot Achot \\ Daniel Andersson \\ Lysann Buschbeck \\ Susan Donath \\ Aurele Duda \\ Katja Hoffmann Wildner \\ Hamid Kahdemi \\ Peter Klare \\ Kristina Kr\u00f6mer \\ Sarojini Lewis \\ Erika Magnusson \\ Vazgen Pahlavuni-Tadevosyan \\ Elke Schindler \\ Heinz Schm\u00f6ller \\ SuperYouTour \\ Arman Tadevosyan \\ Robert Thiele \\ Liselotte Wajstedt\r\n\r\nInitiated by Nilsson Samuelsson, Kristina Kr\u00f6mer and Robert Thiele\r\n\r\nProject concept\r\n\r\nConcept und coordination\r\nNilsson Samuelsson, Kristina Kr\u00f6mer, Robert Thiele\r\n\r\n\r\n\r\n\r\n\r\nSupported by:\r\n\r\nLandeshauptstadt Dresden, Amt f\u00fcr Denkmalschutz\r\nStiftung Kulturwerk der VG Bild-Kunst\r\nDresdner Stiftung Kunst &amp; Kultur der Osts\u00e4chsischen Sparkasse Dresden\r\n\r\n\r\n&nbsp;\r\n\r\n\r\n\r\n\r\n\r\n\r\n\r\n\r\n\r\n&nbsp;\"><ul class=\"post-categories\">\n\t<li><a href=\"https:\/\/www.geh8.de\/en\/category\/ausstellung\/\" rel=\"category tag\">Exhibition<\/a><\/li><\/ul><h3><span class=\"sub1\"><span class=\"sub2\"><span class=\"sub3\"><a href=\"https:\/\/www.geh8.de\/en\/holy-independent-space\/\">Holy Independent Space | Exhibition<\/a><\/span><\/span><\/span><\/h3><p>Holy Independent Space Sunday 21st June \u2013 12th July 2015 Opening Sunday 21st Juni 3 [&hellip;]<\/p>\n<\/div><\/div><div class=\"grid-item archive hyphenate querformat post-2072 post type-post status-publish format-standard has-post-thumbnail hentry category-info\"><a href=\"https:\/\/www.geh8.de\/en\/geh8-wird-8\/\"><img decoding=\"async\" src=\"https:\/\/www.geh8.de\/page\/wp-content\/uploads\/2015\/05\/Geh8wird8_Flyer_klein-288x216.jpg\" class=\"attachment-tile-landscape-low size-tile-landscape-low wp-post-image\" alt=\"\" srcset=\"https:\/\/www.geh8.de\/page\/wp-content\/uploads\/2015\/05\/Geh8wird8_Flyer_klein-288x216.jpg 288w, https:\/\/www.geh8.de\/page\/wp-content\/uploads\/2015\/05\/Geh8wird8_Flyer_klein-448x336.jpg 448w, https:\/\/www.geh8.de\/page\/wp-content\/uploads\/2015\/05\/Geh8wird8_Flyer_klein-368x276.jpg 368w, https:\/\/www.geh8.de\/page\/wp-content\/uploads\/2015\/05\/Geh8wird8_Flyer_klein-90x67.jpg 90w\" sizes=\"(max-width: 288px) 100vw, 288px\" \/><\/a><div class=\"grid-entry haase-archive\" data-content=\"Saturday 16.05.2015, from 16 pm\r\n\r\n (more&hellip;)\"><ul class=\"post-categories\">\n\t<li><a href=\"https:\/\/www.geh8.de\/en\/category\/info\/\" rel=\"category tag\">Info<\/a><\/li><\/ul><h3><span class=\"sub1\"><span class=\"sub2\"><span class=\"sub3\"><a href=\"https:\/\/www.geh8.de\/en\/geh8-wird-8\/\">geh8 turns 8!<\/a><\/span><\/span><\/span><\/h3><p>Saturday 16.05.2015, from 16 pm<\/p>\n<\/div><\/div><div class=\"grid-item archive hyphenate querformat post-2068 post type-post status-publish format-standard has-post-thumbnail hentry category-ausstellung\"><a href=\"https:\/\/www.geh8.de\/en\/8990-wendekunst-erleben\/\"><img decoding=\"async\" src=\"https:\/\/www.geh8.de\/page\/wp-content\/uploads\/2015\/04\/wendekunst_erleben-288x216.jpg\" class=\"attachment-tile-landscape-low size-tile-landscape-low wp-post-image\" alt=\"\" srcset=\"https:\/\/www.geh8.de\/page\/wp-content\/uploads\/2015\/04\/wendekunst_erleben-288x216.jpg 288w, https:\/\/www.geh8.de\/page\/wp-content\/uploads\/2015\/04\/wendekunst_erleben-448x336.jpg 448w, https:\/\/www.geh8.de\/page\/wp-content\/uploads\/2015\/04\/wendekunst_erleben-368x276.jpg 368w, https:\/\/www.geh8.de\/page\/wp-content\/uploads\/2015\/04\/wendekunst_erleben-90x67.jpg 90w\" sizes=\"(max-width: 288px) 100vw, 288px\" \/><\/a><div class=\"grid-entry haase-archive\" data-content=\"May 2 - May 10, 2015\r\nMon-Fri: 5pm-2pm\r\nSat &amp; Sun: 14-20 h\r\nVernissage on May 2, 7 pm\r\n\r\n (more&hellip;)\"><ul class=\"post-categories\">\n\t<li><a href=\"https:\/\/www.geh8.de\/en\/category\/ausstellung\/\" rel=\"category tag\">Exhibition<\/a><\/li><\/ul><h3><span class=\"sub1\"><span class=\"sub2\"><span class=\"sub3\"><a href=\"https:\/\/www.geh8.de\/en\/8990-wendekunst-erleben\/\">8990 WENDEKUNST ERLEBEN<\/a><\/span><\/span><\/span><\/h3><p>May 2 &#8211; May 10, 2015 Mon-Fri: 5pm-2pm Sat &#038; Sun: 14-20 h Vernissage on [&hellip;]<\/p>\n<\/div><\/div><div class=\"grid-item archive hyphenate querformat post-2046 post type-post status-publish format-standard has-post-thumbnail hentry category-performance\"><a href=\"https:\/\/www.geh8.de\/en\/abwehr-einer-apokalypse\/\"><img decoding=\"async\" src=\"https:\/\/www.geh8.de\/page\/wp-content\/uploads\/2015\/04\/Abwehr_einer_Apokalypse_titel-288x216.jpg\" class=\"attachment-tile-landscape-low size-tile-landscape-low wp-post-image\" alt=\"\" srcset=\"https:\/\/www.geh8.de\/page\/wp-content\/uploads\/2015\/04\/Abwehr_einer_Apokalypse_titel-288x216.jpg 288w, https:\/\/www.geh8.de\/page\/wp-content\/uploads\/2015\/04\/Abwehr_einer_Apokalypse_titel-90x67.jpg 90w\" sizes=\"(max-width: 288px) 100vw, 288px\" \/><\/a><div class=\"grid-entry haase-archive\" data-content=\"25. APRIL 2015 \/- 19 O&#039;CLOCK\r\n26. APRIL 2015 \/- 19 O&#039;CLOCK\r\n\r\n (more&hellip;)\"><ul class=\"post-categories\">\n\t<li><a href=\"https:\/\/www.geh8.de\/en\/category\/performance\/\" rel=\"category tag\">Performance<\/a><\/li><\/ul><h3><span class=\"sub1\"><span class=\"sub2\"><span class=\"sub3\"><a href=\"https:\/\/www.geh8.de\/en\/abwehr-einer-apokalypse\/\">Defense against an apocalypse<\/a><\/span><\/span><\/span><\/h3><p>25. APRIL 2015 \/- 19 O&#8217;CLOCK 26. APRIL 2015 \/- 19 O&#8217;CLOCK<\/p>\n<\/div><\/div><div class=\"grid-item archive hyphenate querformat post-2054 post type-post status-publish format-standard has-post-thumbnail hentry category-konzert\"><a href=\"https:\/\/www.geh8.de\/en\/doppelsolokonzert-alessandra-eramo-martin-schulze\/\"><img decoding=\"async\" src=\"https:\/\/www.geh8.de\/page\/wp-content\/uploads\/2015\/04\/Roars-Bangs-Booms-\u00a9-Alessandra-Eramo-2014-288x216.jpeg\" class=\"attachment-tile-landscape-low size-tile-landscape-low wp-post-image\" alt=\"\" srcset=\"https:\/\/www.geh8.de\/page\/wp-content\/uploads\/2015\/04\/Roars-Bangs-Booms-\u00a9-Alessandra-Eramo-2014-288x216.jpeg 288w, https:\/\/www.geh8.de\/page\/wp-content\/uploads\/2015\/04\/Roars-Bangs-Booms-\u00a9-Alessandra-Eramo-2014-100x76.jpeg 100w, https:\/\/www.geh8.de\/page\/wp-content\/uploads\/2015\/04\/Roars-Bangs-Booms-\u00a9-Alessandra-Eramo-2014-80x61.jpeg 80w, https:\/\/www.geh8.de\/page\/wp-content\/uploads\/2015\/04\/Roars-Bangs-Booms-\u00a9-Alessandra-Eramo-2014-448x336.jpeg 448w, https:\/\/www.geh8.de\/page\/wp-content\/uploads\/2015\/04\/Roars-Bangs-Booms-\u00a9-Alessandra-Eramo-2014-368x276.jpeg 368w, https:\/\/www.geh8.de\/page\/wp-content\/uploads\/2015\/04\/Roars-Bangs-Booms-\u00a9-Alessandra-Eramo-2014-90x67.jpeg 90w, https:\/\/www.geh8.de\/page\/wp-content\/uploads\/2015\/04\/Roars-Bangs-Booms-\u00a9-Alessandra-Eramo-2014-30x23.jpeg 30w\" sizes=\"(max-width: 288px) 100vw, 288px\" \/><\/a><div class=\"grid-entry haase-archive\" data-content=\"23. April 20.00 o&#039;clock\r\n\r\n (more&hellip;)\"><ul class=\"post-categories\">\n\t<li><a href=\"https:\/\/www.geh8.de\/en\/category\/konzert\/\" rel=\"category tag\">Concert<\/a><\/li><\/ul><h3><span class=\"sub1\"><span class=\"sub2\"><span class=\"sub3\"><a href=\"https:\/\/www.geh8.de\/en\/doppelsolokonzert-alessandra-eramo-martin-schulze\/\">DoubleSoloConcert | Alessandra Eramo &#038; Martin Schulze<\/a><\/span><\/span><\/span><\/h3><p>23. April 20.00 o&#8217;clock<\/p>\n<\/div><\/div><div class=\"grid-item archive hyphenate querformat post-2005 post type-post status-publish format-standard has-post-thumbnail hentry category-konzert\"><a href=\"https:\/\/www.geh8.de\/en\/geh8-saisonstart\/\"><img decoding=\"async\" src=\"https:\/\/www.geh8.de\/page\/wp-content\/uploads\/2015\/03\/Plakat_A3_final_web-288x216.jpg\" class=\"attachment-tile-landscape-low size-tile-landscape-low wp-post-image\" alt=\"\" srcset=\"https:\/\/www.geh8.de\/page\/wp-content\/uploads\/2015\/03\/Plakat_A3_final_web-288x216.jpg 288w, https:\/\/www.geh8.de\/page\/wp-content\/uploads\/2015\/03\/Plakat_A3_final_web-448x336.jpg 448w, https:\/\/www.geh8.de\/page\/wp-content\/uploads\/2015\/03\/Plakat_A3_final_web-368x276.jpg 368w, https:\/\/www.geh8.de\/page\/wp-content\/uploads\/2015\/03\/Plakat_A3_final_web-90x67.jpg 90w\" sizes=\"(max-width: 288px) 100vw, 288px\" \/><\/a><div class=\"grid-entry haase-archive\" data-content=\"The geh8 opens the exhibition and concert season 2015!\r\n\r\nSaturday, 28.03.2015, 19:00 h\r\n\r\nAdmission on a donation basis\r\n\r\n (more&hellip;)\"><ul class=\"post-categories\">\n\t<li><a href=\"https:\/\/www.geh8.de\/en\/category\/konzert\/\" rel=\"category tag\">Concert<\/a><\/li><\/ul><h3><span class=\"sub1\"><span class=\"sub2\"><span class=\"sub3\"><a href=\"https:\/\/www.geh8.de\/en\/geh8-saisonstart\/\">GEH8 Seasonstart with Muzik<\/a><\/span><\/span><\/span><\/h3><p>The geh8 opens the exhibition and concert season 2015! Saturday, 28.03.2015, 19:00 h Admission on [&hellip;]<\/p>\n<\/div><\/div><div class=\"grid-item archive hyphenate querformat post-1996 post type-post status-publish format-standard has-post-thumbnail hentry category-ausstellung\"><a href=\"https:\/\/www.geh8.de\/en\/winterschlafstoerung\/\"><img decoding=\"async\" src=\"https:\/\/www.geh8.de\/page\/wp-content\/uploads\/2015\/01\/WInterschlafst\u00f6rungvorn-288x216.jpg\" class=\"attachment-tile-landscape-low size-tile-landscape-low wp-post-image\" alt=\"\" srcset=\"https:\/\/www.geh8.de\/page\/wp-content\/uploads\/2015\/01\/WInterschlafst\u00f6rungvorn-288x216.jpg 288w, https:\/\/www.geh8.de\/page\/wp-content\/uploads\/2015\/01\/WInterschlafst\u00f6rungvorn-448x336.jpg 448w, https:\/\/www.geh8.de\/page\/wp-content\/uploads\/2015\/01\/WInterschlafst\u00f6rungvorn-368x276.jpg 368w, https:\/\/www.geh8.de\/page\/wp-content\/uploads\/2015\/01\/WInterschlafst\u00f6rungvorn-90x67.jpg 90w\" sizes=\"(max-width: 288px) 100vw, 288px\" \/><\/a><div class=\"grid-entry haase-archive\" data-content=\"Vernissage: Saturday, 24.1. 2015 from 16 to 22 hrs.\r\nopen also Sunday, 25.1. 2015 from 15 to 18 pm\r\n\r\n (more&hellip;)\"><ul class=\"post-categories\">\n\t<li><a href=\"https:\/\/www.geh8.de\/en\/category\/ausstellung\/\" rel=\"category tag\">Exhibition<\/a><\/li><\/ul><h3><span class=\"sub1\"><span class=\"sub2\"><span class=\"sub3\"><a href=\"https:\/\/www.geh8.de\/en\/winterschlafstoerung\/\">Winterschlafst\u00f6rung<\/a><\/span><\/span><\/span><\/h3><p>Vernissage: Saturday, 24.1. 2015 from 16 to 22 hrs. open also Sunday, 25.1. 2015 from [&hellip;]<\/p>\n<\/div><\/div><div class=\"jahrestrenner m-5  grid-item archive hyphenate querformat post type-post status-publish format-standard has-post-thumbnail hentry category-ausstellung\"\n                         style=\"position: absolute; left: 0px; top: 0px;background-color:#fff;\"><a\n                        ><\/a>\n                        <div class=\"grid-entry\" style=\" background-color:transparent;color#000;\">\n                            <ul class=\"post-categories\">\n                                <li><a rel=\"category tag\">JAHR<\/a><\/li>\n                            <\/ul>\n\n                                            <h2 class=\"archiv-jahrestrenner\">2014<\/h2>\n\n\n                        <\/div>\n                    <\/div><div class=\"grid-item archive hyphenate querformat post-1909 post type-post status-publish format-standard has-post-thumbnail hentry category-konzert\"><a href=\"https:\/\/www.geh8.de\/en\/konzert-cobalt-cluster\/\"><img decoding=\"async\" src=\"https:\/\/www.geh8.de\/page\/wp-content\/uploads\/2014\/08\/CobaltCluster3a-288x216.jpg\" class=\"attachment-tile-landscape-low size-tile-landscape-low wp-post-image\" alt=\"\" srcset=\"https:\/\/www.geh8.de\/page\/wp-content\/uploads\/2014\/08\/CobaltCluster3a-288x216.jpg 288w, https:\/\/www.geh8.de\/page\/wp-content\/uploads\/2014\/08\/CobaltCluster3a-448x336.jpg 448w, https:\/\/www.geh8.de\/page\/wp-content\/uploads\/2014\/08\/CobaltCluster3a-368x276.jpg 368w, https:\/\/www.geh8.de\/page\/wp-content\/uploads\/2014\/08\/CobaltCluster3a-90x67.jpg 90w, https:\/\/www.geh8.de\/page\/wp-content\/uploads\/2014\/08\/CobaltCluster3a-30x24.jpg 30w\" sizes=\"(max-width: 288px) 100vw, 288px\" \/><\/a><div class=\"grid-entry haase-archive\" data-content=\"Friday, 26.09.2014, 8 pm\r\n\r\n (more&hellip;)\"><ul class=\"post-categories\">\n\t<li><a href=\"https:\/\/www.geh8.de\/en\/category\/konzert\/\" rel=\"category tag\">Concert<\/a><\/li><\/ul><h3><span class=\"sub1\"><span class=\"sub2\"><span class=\"sub3\"><a href=\"https:\/\/www.geh8.de\/en\/konzert-cobalt-cluster\/\">Concert: Cobalt Cluster<\/a><\/span><\/span><\/span><\/h3><p>Friday, 26.09.2014, 8 pm<\/p>\n<\/div><\/div><div class=\"grid-item archive hyphenate querformat post-1930 post type-post status-publish format-standard has-post-thumbnail hentry category-konzert\"><a href=\"https:\/\/www.geh8.de\/en\/matthias-lorenz-cello-solo\/\"><img decoding=\"async\" src=\"https:\/\/www.geh8.de\/page\/wp-content\/uploads\/2014\/08\/Matthias-Lorenz-288x216.jpeg\" class=\"attachment-tile-landscape-low size-tile-landscape-low wp-post-image\" alt=\"\" srcset=\"https:\/\/www.geh8.de\/page\/wp-content\/uploads\/2014\/08\/Matthias-Lorenz-288x216.jpeg 288w, https:\/\/www.geh8.de\/page\/wp-content\/uploads\/2014\/08\/Matthias-Lorenz-448x336.jpeg 448w, https:\/\/www.geh8.de\/page\/wp-content\/uploads\/2014\/08\/Matthias-Lorenz-368x276.jpeg 368w, https:\/\/www.geh8.de\/page\/wp-content\/uploads\/2014\/08\/Matthias-Lorenz-90x67.jpeg 90w\" sizes=\"(max-width: 288px) 100vw, 288px\" \/><\/a><div class=\"grid-entry haase-archive\" data-content=\"Thursday 18.09.2014, 19:30\r\n\r\n (more&hellip;)\"><ul class=\"post-categories\">\n\t<li><a href=\"https:\/\/www.geh8.de\/en\/category\/konzert\/\" rel=\"category tag\">Concert<\/a><\/li><\/ul><h3><span class=\"sub1\"><span class=\"sub2\"><span class=\"sub3\"><a href=\"https:\/\/www.geh8.de\/en\/matthias-lorenz-cello-solo\/\">Matthias Lorenz &#8211; Cello solo<\/a><\/span><\/span><\/span><\/h3><p>Thursday 18.09.2014, 19:30<\/p>\n<\/div><\/div><div class=\"grid-item archive hyphenate querformat post-1890 post type-post status-publish format-standard has-post-thumbnail hentry category-ausstellung\"><a href=\"https:\/\/www.geh8.de\/en\/%d0%b1%d1%8a%d0%bb%d0%b3%d0%b0%d1%80%d1%81%d0%ba%d0%b0-p%d0%b0%d0%b1%d0%be%d1%82%d0%b0-bulgarische-arbeit\/\"><img decoding=\"async\" src=\"https:\/\/www.geh8.de\/page\/wp-content\/uploads\/2014\/09\/BRFinissage2-288x216.jpeg\" class=\"attachment-tile-landscape-low size-tile-landscape-low wp-post-image\" alt=\"\" srcset=\"https:\/\/www.geh8.de\/page\/wp-content\/uploads\/2014\/09\/BRFinissage2-288x216.jpeg 288w, https:\/\/www.geh8.de\/page\/wp-content\/uploads\/2014\/09\/BRFinissage2-368x276.jpeg 368w, https:\/\/www.geh8.de\/page\/wp-content\/uploads\/2014\/09\/BRFinissage2-90x67.jpeg 90w\" sizes=\"(max-width: 288px) 100vw, 288px\" \/><\/a><div class=\"grid-entry haase-archive\" data-content=\"Ausstellungszeitraum: 6.9.-27.9.2014\r\nVernissage: Fr 5.9.2014, 17 Uhr\r\n\r\n (more&hellip;)\"><ul class=\"post-categories\">\n\t<li><a href=\"https:\/\/www.geh8.de\/en\/category\/ausstellung\/\" rel=\"category tag\">Exhibition<\/a><\/li><\/ul><h3><span class=\"sub1\"><span class=\"sub2\"><span class=\"sub3\"><a href=\"https:\/\/www.geh8.de\/en\/%d0%b1%d1%8a%d0%bb%d0%b3%d0%b0%d1%80%d1%81%d0%ba%d0%b0-p%d0%b0%d0%b1%d0%be%d1%82%d0%b0-bulgarische-arbeit\/\">\u0411\u044a\u043b\u0433\u0430\u0440\u0441\u043a\u0430 P\u0430\u0431\u043e\u0442\u0430 | Bulgarian Work<\/a><\/span><\/span><\/span><\/h3><p>Ausstellungszeitraum: 6.9.-27.9.2014 Vernissage: Fr 5.9.2014, 17 Uhr<\/p>\n<\/div><\/div><div class=\"grid-item archive hyphenate querformat post-1850 post type-post status-publish format-standard has-post-thumbnail hentry category-info\"><a href=\"https:\/\/www.geh8.de\/en\/open-call-fuer-bulgarisch-und-deutsches-ausstellungsprojekt\/\"><img decoding=\"async\" src=\"https:\/\/www.geh8.de\/page\/wp-content\/uploads\/2014\/07\/opencallSameStanding183-288x216.jpg\" class=\"attachment-tile-landscape-low size-tile-landscape-low wp-post-image\" alt=\"\" srcset=\"https:\/\/www.geh8.de\/page\/wp-content\/uploads\/2014\/07\/opencallSameStanding183-288x216.jpg 288w, https:\/\/www.geh8.de\/page\/wp-content\/uploads\/2014\/07\/opencallSameStanding183-448x336.jpg 448w, https:\/\/www.geh8.de\/page\/wp-content\/uploads\/2014\/07\/opencallSameStanding183-368x276.jpg 368w, https:\/\/www.geh8.de\/page\/wp-content\/uploads\/2014\/07\/opencallSameStanding183-90x67.jpg 90w\" sizes=\"(max-width: 288px) 100vw, 288px\" \/><\/a><div class=\"grid-entry haase-archive\" data-content=\"END of application: 20. August 2014\r\n\r\n (more&hellip;)\"><ul class=\"post-categories\">\n\t<li><a href=\"https:\/\/www.geh8.de\/en\/category\/info\/\" rel=\"category tag\">Info<\/a><\/li><\/ul><h3><span class=\"sub1\"><span class=\"sub2\"><span class=\"sub3\"><a href=\"https:\/\/www.geh8.de\/en\/open-call-fuer-bulgarisch-und-deutsches-ausstellungsprojekt\/\">Open Call for the bulgarian and german exhibition project  &#8220;Same Standing \/183&#8221;<\/a><\/span><\/span><\/span><\/h3><p>END of application: 20. August 2014<\/p>\n<\/div><\/div><div class=\"grid-item archive hyphenate querformat post-1894 post type-post status-publish format-standard has-post-thumbnail hentry category-konzert\"><a href=\"https:\/\/www.geh8.de\/en\/frank-gratkowski-artikulationen-e\/\"><img decoding=\"async\" src=\"https:\/\/www.geh8.de\/page\/wp-content\/uploads\/2014\/07\/gratkowski02-288x216.jpg\" class=\"attachment-tile-landscape-low size-tile-landscape-low wp-post-image\" alt=\"\" srcset=\"https:\/\/www.geh8.de\/page\/wp-content\/uploads\/2014\/07\/gratkowski02-288x216.jpg 288w, https:\/\/www.geh8.de\/page\/wp-content\/uploads\/2014\/07\/gratkowski02-100x75.jpg 100w, https:\/\/www.geh8.de\/page\/wp-content\/uploads\/2014\/07\/gratkowski02-80x60.jpg 80w, https:\/\/www.geh8.de\/page\/wp-content\/uploads\/2014\/07\/gratkowski02-448x336.jpg 448w, https:\/\/www.geh8.de\/page\/wp-content\/uploads\/2014\/07\/gratkowski02-368x276.jpg 368w, https:\/\/www.geh8.de\/page\/wp-content\/uploads\/2014\/07\/gratkowski02-90x67.jpg 90w, https:\/\/www.geh8.de\/page\/wp-content\/uploads\/2014\/07\/gratkowski02-30x23.jpg 30w, https:\/\/www.geh8.de\/page\/wp-content\/uploads\/2014\/07\/gratkowski02.jpg 550w\" sizes=\"(max-width: 288px) 100vw, 288px\" \/><\/a><div class=\"grid-entry haase-archive\" data-content=\"15. August, 20:00 o&#039;clock\r\n\r\n (more&hellip;)\"><ul class=\"post-categories\">\n\t<li><a href=\"https:\/\/www.geh8.de\/en\/category\/konzert\/\" rel=\"category tag\">Concert<\/a><\/li><\/ul><h3><span class=\"sub1\"><span class=\"sub2\"><span class=\"sub3\"><a href=\"https:\/\/www.geh8.de\/en\/frank-gratkowski-artikulationen-e\/\">Frank Gratkowski &#8220;Artikulationen E&#8221;<\/a><\/span><\/span><\/span><\/h3><p>15. August, 20:00 o&#8217;clock<\/p>\n<\/div><\/div><div class=\"grid-item archive hyphenate querformat post-1876 post type-post status-publish format-standard has-post-thumbnail hentry category-lesung\"><a href=\"https:\/\/www.geh8.de\/en\/kuenstlergespraech-kaveri-raina-columbusohio-usa\/\"><img decoding=\"async\" src=\"https:\/\/www.geh8.de\/page\/wp-content\/uploads\/2014\/07\/Raina_7-288x216.jpeg\" class=\"attachment-tile-landscape-low size-tile-landscape-low wp-post-image\" alt=\"\" srcset=\"https:\/\/www.geh8.de\/page\/wp-content\/uploads\/2014\/07\/Raina_7-288x216.jpeg 288w, https:\/\/www.geh8.de\/page\/wp-content\/uploads\/2014\/07\/Raina_7-448x336.jpeg 448w, https:\/\/www.geh8.de\/page\/wp-content\/uploads\/2014\/07\/Raina_7-368x276.jpeg 368w, https:\/\/www.geh8.de\/page\/wp-content\/uploads\/2014\/07\/Raina_7-90x67.jpeg 90w\" sizes=\"(max-width: 288px) 100vw, 288px\" \/><\/a><div class=\"grid-entry haase-archive\" data-content=\"28. July, 18:30 o&#039;clock\r\n\r\n (more&hellip;)\"><ul class=\"post-categories\">\n\t<li><a href=\"https:\/\/www.geh8.de\/en\/category\/lesung\/\" rel=\"category tag\">Reading \/ Talk<\/a><\/li><\/ul><h3><span class=\"sub1\"><span class=\"sub2\"><span class=\"sub3\"><a href=\"https:\/\/www.geh8.de\/en\/kuenstlergespraech-kaveri-raina-columbusohio-usa\/\">Artist Talk with Kaveri Raina (Columbus\/Ohio, USA)<\/a><\/span><\/span><\/span><\/h3><p>28. July, 18:30 o&#8217;clock<\/p>\n<\/div><\/div><div class=\"grid-item archive hyphenate querformat post-1825 post type-post status-publish format-standard has-post-thumbnail hentry category-performance\"><a href=\"https:\/\/www.geh8.de\/en\/workshop-tracce3-urbane-space-post\/\"><img decoding=\"async\" src=\"https:\/\/www.geh8.de\/page\/wp-content\/uploads\/2014\/06\/140718Tracce-banner-288x216.jpg\" class=\"attachment-tile-landscape-low size-tile-landscape-low wp-post-image\" alt=\"\" srcset=\"https:\/\/www.geh8.de\/page\/wp-content\/uploads\/2014\/06\/140718Tracce-banner-288x216.jpg 288w, https:\/\/www.geh8.de\/page\/wp-content\/uploads\/2014\/06\/140718Tracce-banner-448x336.jpg 448w, https:\/\/www.geh8.de\/page\/wp-content\/uploads\/2014\/06\/140718Tracce-banner-368x276.jpg 368w, https:\/\/www.geh8.de\/page\/wp-content\/uploads\/2014\/06\/140718Tracce-banner-90x67.jpg 90w\" sizes=\"(max-width: 288px) 100vw, 288px\" \/><\/a><div class=\"grid-entry haase-archive\" data-content=\" (more&hellip;)\"><ul class=\"post-categories\">\n\t<li><a href=\"https:\/\/www.geh8.de\/en\/category\/performance\/\" rel=\"category tag\">Performance<\/a><\/li><\/ul><h3><span class=\"sub1\"><span class=\"sub2\"><span class=\"sub3\"><a href=\"https:\/\/www.geh8.de\/en\/workshop-tracce3-urbane-space-post\/\">WORKSHOP: Tracce#3 urbane space<\/a><\/span><\/span><\/span><\/h3><\/div><\/div><div class=\"grid-item archive hyphenate querformat post-1839 post type-post status-publish format-standard has-post-thumbnail hentry category-konzert\"><a href=\"https:\/\/www.geh8.de\/en\/hannes-buder-e-gitarre-solo\/\"><img decoding=\"async\" src=\"https:\/\/www.geh8.de\/page\/wp-content\/uploads\/2014\/07\/HannesBuder-by-Felix-Groteloh-288x216.jpg\" class=\"attachment-tile-landscape-low size-tile-landscape-low wp-post-image\" alt=\"\" srcset=\"https:\/\/www.geh8.de\/page\/wp-content\/uploads\/2014\/07\/HannesBuder-by-Felix-Groteloh-288x216.jpg 288w, https:\/\/www.geh8.de\/page\/wp-content\/uploads\/2014\/07\/HannesBuder-by-Felix-Groteloh-448x336.jpg 448w, https:\/\/www.geh8.de\/page\/wp-content\/uploads\/2014\/07\/HannesBuder-by-Felix-Groteloh-368x276.jpg 368w, https:\/\/www.geh8.de\/page\/wp-content\/uploads\/2014\/07\/HannesBuder-by-Felix-Groteloh-90x67.jpg 90w\" sizes=\"(max-width: 288px) 100vw, 288px\" \/><\/a><div class=\"grid-entry haase-archive\" data-content=\"July 17, 2014, 8 pm\r\n\r\n (more&hellip;)\"><ul class=\"post-categories\">\n\t<li><a href=\"https:\/\/www.geh8.de\/en\/category\/konzert\/\" rel=\"category tag\">Concert<\/a><\/li><\/ul><h3><span class=\"sub1\"><span class=\"sub2\"><span class=\"sub3\"><a href=\"https:\/\/www.geh8.de\/en\/hannes-buder-e-gitarre-solo\/\">Hannes Buder &#8211; E-Gitarre solo<\/a><\/span><\/span><\/span><\/h3><p>July 17, 2014, 8 pm<\/p>\n<\/div><\/div><div class=\"grid-item archive hyphenate querformat post-1834 post type-post status-publish format-standard has-post-thumbnail hentry category-lesung\"><a href=\"https:\/\/www.geh8.de\/en\/kuenstlergespraech-mit-doris-denekamp\/\"><img decoding=\"async\" src=\"https:\/\/www.geh8.de\/page\/wp-content\/uploads\/2014\/07\/140708_geh8_-Doris_Denekamp-288x216.png\" class=\"attachment-tile-landscape-low size-tile-landscape-low wp-post-image\" alt=\"\" srcset=\"https:\/\/www.geh8.de\/page\/wp-content\/uploads\/2014\/07\/140708_geh8_-Doris_Denekamp-288x216.png 288w, https:\/\/www.geh8.de\/page\/wp-content\/uploads\/2014\/07\/140708_geh8_-Doris_Denekamp-448x336.png 448w, https:\/\/www.geh8.de\/page\/wp-content\/uploads\/2014\/07\/140708_geh8_-Doris_Denekamp-368x276.png 368w, https:\/\/www.geh8.de\/page\/wp-content\/uploads\/2014\/07\/140708_geh8_-Doris_Denekamp-90x67.png 90w, https:\/\/www.geh8.de\/page\/wp-content\/uploads\/2014\/07\/140708_geh8_-Doris_Denekamp-30x22.png 30w\" sizes=\"(max-width: 288px) 100vw, 288px\" \/><\/a><div class=\"grid-entry haase-archive\" data-content=\"8. July, 7 p.m.\r\n\r\n (more&hellip;)\"><ul class=\"post-categories\">\n\t<li><a href=\"https:\/\/www.geh8.de\/en\/category\/lesung\/\" rel=\"category tag\">Reading \/ Talk<\/a><\/li><\/ul><h3><span class=\"sub1\"><span class=\"sub2\"><span class=\"sub3\"><a href=\"https:\/\/www.geh8.de\/en\/kuenstlergespraech-mit-doris-denekamp\/\">Artist talk with Doris Denekamp<\/a><\/span><\/span><\/span><\/h3><p>8. July, 7 p.m.<\/p>\n<\/div><\/div><div class=\"grid-item archive hyphenate querformat post-1784 post type-post status-publish format-standard has-post-thumbnail hentry category-ausstellung\"><a href=\"https:\/\/www.geh8.de\/en\/between-places-je-naeher-desto-ferner\/\"><img decoding=\"async\" src=\"https:\/\/www.geh8.de\/page\/wp-content\/uploads\/2014\/06\/140706_je_naeher_desto_ferner-288x216.jpg\" class=\"attachment-tile-landscape-low size-tile-landscape-low wp-post-image\" alt=\"\" srcset=\"https:\/\/www.geh8.de\/page\/wp-content\/uploads\/2014\/06\/140706_je_naeher_desto_ferner-288x216.jpg 288w, https:\/\/www.geh8.de\/page\/wp-content\/uploads\/2014\/06\/140706_je_naeher_desto_ferner-448x336.jpg 448w, https:\/\/www.geh8.de\/page\/wp-content\/uploads\/2014\/06\/140706_je_naeher_desto_ferner-368x276.jpg 368w, https:\/\/www.geh8.de\/page\/wp-content\/uploads\/2014\/06\/140706_je_naeher_desto_ferner-90x67.jpg 90w\" sizes=\"(max-width: 288px) 100vw, 288px\" \/><\/a><div class=\"grid-entry haase-archive\" data-content=\"6. to 20. July 2014\r\n\r\n (more&hellip;)\"><ul class=\"post-categories\">\n\t<li><a href=\"https:\/\/www.geh8.de\/en\/category\/ausstellung\/\" rel=\"category tag\">Exhibition<\/a><\/li><\/ul><h3><span class=\"sub1\"><span class=\"sub2\"><span class=\"sub3\"><a href=\"https:\/\/www.geh8.de\/en\/between-places-je-naeher-desto-ferner\/\">between places \/ je n\u00e4her desto ferner<\/a><\/span><\/span><\/span><\/h3><p>6. to 20. July 2014<\/p>\n<\/div><\/div><div class=\"grid-item archive hyphenate querformat post-1809 post type-post status-publish format-standard has-post-thumbnail hentry category-info\"><a href=\"https:\/\/www.geh8.de\/en\/g8-von-saeed-foroghi-wm-geh8-edition-2014\/\"><img decoding=\"async\" src=\"https:\/\/www.geh8.de\/page\/wp-content\/uploads\/2014\/06\/Saeed-Foroghi_G8-288x216.jpg\" class=\"attachment-tile-landscape-low size-tile-landscape-low wp-post-image\" alt=\"\" srcset=\"https:\/\/www.geh8.de\/page\/wp-content\/uploads\/2014\/06\/Saeed-Foroghi_G8-288x216.jpg 288w, https:\/\/www.geh8.de\/page\/wp-content\/uploads\/2014\/06\/Saeed-Foroghi_G8-448x336.jpg 448w, https:\/\/www.geh8.de\/page\/wp-content\/uploads\/2014\/06\/Saeed-Foroghi_G8-368x276.jpg 368w, https:\/\/www.geh8.de\/page\/wp-content\/uploads\/2014\/06\/Saeed-Foroghi_G8-90x67.jpg 90w\" sizes=\"(max-width: 288px) 100vw, 288px\" \/><\/a><div class=\"grid-entry haase-archive\" data-content=\" (more&hellip;)\"><ul class=\"post-categories\">\n\t<li><a href=\"https:\/\/www.geh8.de\/en\/category\/info\/\" rel=\"category tag\">Info<\/a><\/li><\/ul><h3><span class=\"sub1\"><span class=\"sub2\"><span class=\"sub3\"><a href=\"https:\/\/www.geh8.de\/en\/g8-von-saeed-foroghi-wm-geh8-edition-2014\/\">&#8220;G8?&#8221; by Saeed Foroghi + WM + geh8 Edition 2014<\/a><\/span><\/span><\/span><\/h3><\/div><\/div><div class=\"grid-item archive hyphenate querformat post-1782 page type-page status-publish hentry\"><a href=\"https:\/\/www.geh8.de\/en\/bilder\/\"><img loading=\"lazy\" decoding=\"async\" width=\"288\" height=\"216\" src=\"https:\/\/www.geh8.de\/page\/wp-content\/uploads\/2023\/09\/Logos-CMYK_3-288x216.png\" class=\"attachment-tile-landscape-low size-tile-landscape-low\" alt=\"\" srcset=\"https:\/\/www.geh8.de\/page\/wp-content\/uploads\/2023\/09\/Logos-CMYK_3-288x216.png 288w, https:\/\/www.geh8.de\/page\/wp-content\/uploads\/2023\/09\/Logos-CMYK_3-448x336.png 448w, https:\/\/www.geh8.de\/page\/wp-content\/uploads\/2023\/09\/Logos-CMYK_3-368x276.png 368w, https:\/\/www.geh8.de\/page\/wp-content\/uploads\/2023\/09\/Logos-CMYK_3-90x67.png 90w\" sizes=\"(max-width: 288px) 100vw, 288px\" \/><\/a><div class=\"grid-entry haase-archive\" data-content=\"Fotos \u00a9 Thomas Kemnitz:\r\n[nggallery id=70]\r\nFotos Konrad Behr (Lizenz: CC BY-SA 3.0 DE):\r\n[nggallery id=68]\"><h3><span class=\"sub1\"><span class=\"sub2\"><span class=\"sub3\"><a href=\"https:\/\/www.geh8.de\/en\/bilder\/\">Bilder der Wiederer\u00f6ffnung am 21. Juni 2014<\/a><\/span><\/span><\/span><\/h3><p>Fotos \u00a9 Thomas Kemnitz: Fotos Konrad Behr (Lizenz: CC BY-SA 3.0 DE):<\/p>\n<\/div><\/div><div class=\"grid-item archive hyphenate querformat post-1753 post type-post status-publish format-standard has-post-thumbnail hentry category-ausstellung\"><a href=\"https:\/\/www.geh8.de\/en\/open-call-kunsttauschboerse-fitax500\/\"><img decoding=\"async\" src=\"https:\/\/www.geh8.de\/page\/wp-content\/uploads\/2014\/06\/140621_FITAX500-288x216.jpg\" class=\"attachment-tile-landscape-low size-tile-landscape-low wp-post-image\" alt=\"\" srcset=\"https:\/\/www.geh8.de\/page\/wp-content\/uploads\/2014\/06\/140621_FITAX500-288x216.jpg 288w, https:\/\/www.geh8.de\/page\/wp-content\/uploads\/2014\/06\/140621_FITAX500-368x276.jpg 368w, https:\/\/www.geh8.de\/page\/wp-content\/uploads\/2014\/06\/140621_FITAX500-90x67.jpg 90w\" sizes=\"(max-width: 288px) 100vw, 288px\" \/><\/a><div class=\"grid-entry haase-archive\" data-content=\"21.6.2014\r\n\r\n (more&hellip;)\"><ul class=\"post-categories\">\n\t<li><a href=\"https:\/\/www.geh8.de\/en\/category\/ausstellung\/\" rel=\"category tag\">Exhibition<\/a><\/li><\/ul><h3><span class=\"sub1\"><span class=\"sub2\"><span class=\"sub3\"><a href=\"https:\/\/www.geh8.de\/en\/open-call-kunsttauschboerse-fitax500\/\">OPEN CALL: Art exchange FITAX500<\/a><\/span><\/span><\/span><\/h3><p>21.6.2014<\/p>\n<\/div><\/div><div class=\"grid-item archive hyphenate querformat post-1733 post type-post status-publish format-standard has-post-thumbnail hentry category-info\"><a href=\"https:\/\/www.geh8.de\/en\/wiedereroeffnung-geh8-kunstraum-und-ateliers-e-v\/\"><img decoding=\"async\" src=\"https:\/\/www.geh8.de\/page\/wp-content\/uploads\/2014\/06\/140621-geh8-wiedereroeffnung-288x216.jpg\" class=\"attachment-tile-landscape-low size-tile-landscape-low wp-post-image\" alt=\"\" srcset=\"https:\/\/www.geh8.de\/page\/wp-content\/uploads\/2014\/06\/140621-geh8-wiedereroeffnung-288x216.jpg 288w, https:\/\/www.geh8.de\/page\/wp-content\/uploads\/2014\/06\/140621-geh8-wiedereroeffnung-448x336.jpg 448w, https:\/\/www.geh8.de\/page\/wp-content\/uploads\/2014\/06\/140621-geh8-wiedereroeffnung-368x276.jpg 368w, https:\/\/www.geh8.de\/page\/wp-content\/uploads\/2014\/06\/140621-geh8-wiedereroeffnung-90x67.jpg 90w\" sizes=\"(max-width: 288px) 100vw, 288px\" \/><\/a><div class=\"grid-entry haase-archive\" data-content=\"21.06.2014\r\n\r\n (more&hellip;)\"><ul class=\"post-categories\">\n\t<li><a href=\"https:\/\/www.geh8.de\/en\/category\/info\/\" rel=\"category tag\">Info<\/a><\/li><\/ul><h3><span class=\"sub1\"><span class=\"sub2\"><span class=\"sub3\"><a href=\"https:\/\/www.geh8.de\/en\/wiedereroeffnung-geh8-kunstraum-und-ateliers-e-v\/\">Reopening geh8 Kunstraum und Ateliers e.V.<\/a><\/span><\/span><\/span><\/h3><p>21.06.2014<\/p>\n<\/div><\/div><div class=\"grid-item archive hyphenate querformat post-1725 post type-post status-publish format-standard has-post-thumbnail hentry category-info\"><a href=\"https:\/\/www.geh8.de\/en\/good-news\/\"><img decoding=\"async\" src=\"https:\/\/www.geh8.de\/page\/wp-content\/uploads\/2014\/04\/Baugenehmigung-Web-288x216.jpg\" class=\"attachment-tile-landscape-low size-tile-landscape-low wp-post-image\" alt=\"\" srcset=\"https:\/\/www.geh8.de\/page\/wp-content\/uploads\/2014\/04\/Baugenehmigung-Web-288x216.jpg 288w, https:\/\/www.geh8.de\/page\/wp-content\/uploads\/2014\/04\/Baugenehmigung-Web-448x336.jpg 448w, https:\/\/www.geh8.de\/page\/wp-content\/uploads\/2014\/04\/Baugenehmigung-Web-368x276.jpg 368w, https:\/\/www.geh8.de\/page\/wp-content\/uploads\/2014\/04\/Baugenehmigung-Web-90x67.jpg 90w\" sizes=\"(max-width: 288px) 100vw, 288px\" \/><\/a><div class=\"grid-entry haase-archive\" data-content=\" (more&hellip;)\"><ul class=\"post-categories\">\n\t<li><a href=\"https:\/\/www.geh8.de\/en\/category\/info\/\" rel=\"category tag\">Info<\/a><\/li><\/ul><h3><span class=\"sub1\"><span class=\"sub2\"><span class=\"sub3\"><a href=\"https:\/\/www.geh8.de\/en\/good-news\/\">Good News!<\/a><\/span><\/span><\/span><\/h3><\/div><\/div><div class=\"grid-item archive hyphenate querformat post-1717 post type-post status-publish format-standard has-post-thumbnail hentry category-info\"><a href=\"https:\/\/www.geh8.de\/en\/kalender-edition-2014\/\"><img decoding=\"async\" src=\"https:\/\/www.geh8.de\/page\/wp-content\/uploads\/2014\/01\/geh8Kalender_Titelseite-288x216.jpeg\" class=\"attachment-tile-landscape-low size-tile-landscape-low wp-post-image\" alt=\"\" srcset=\"https:\/\/www.geh8.de\/page\/wp-content\/uploads\/2014\/01\/geh8Kalender_Titelseite-288x216.jpeg 288w, https:\/\/www.geh8.de\/page\/wp-content\/uploads\/2014\/01\/geh8Kalender_Titelseite-448x336.jpeg 448w, https:\/\/www.geh8.de\/page\/wp-content\/uploads\/2014\/01\/geh8Kalender_Titelseite-368x276.jpeg 368w, https:\/\/www.geh8.de\/page\/wp-content\/uploads\/2014\/01\/geh8Kalender_Titelseite-90x67.jpeg 90w\" sizes=\"(max-width: 288px) 100vw, 288px\" \/><\/a><div class=\"grid-entry haase-archive\" data-content=\"\r\n\r\nDear friends and supporters of geh8 Art Space and Studio e.V.,\r\n\r\nThe new year has begun, and despite still pending notification by the building inspectors, things are looking very good and we are confidently planning for the future. We owe this possibility to your solidarity and support. As announced last year, we would like to thank you with a special edition 2014 calendar of artworks by geh8 artists.\r\nIf you are interested, we would be very happy if you wouldn&#039;t mind picking up your copy at the following locations within the city of Dresden to help us keep the cost of shipping down. However, if this is not a possibility, or you are not located within the city of Dresden, we will gladly mail you a copy if you send us your shipping address.\r\nWe are also offering additional copies of the geh8 calendar for a donation of 12 Euro at the following locations, or they can be ordered by email (mail@geh8.de).\r\nPlease note that the calendar is a limited edition of only 100. Therefore - first come, first served.\r\n\r\nFor pickup and purchase:\r\n\r\ngeh8 e.V., Gehestr. 8\r\nTues., January 14 to Fri., January 17, 11:00 a.m. to 6:00 p.m.\r\nor by appointment via email: mail@geh8.de\r\n\r\nBaguetterie Pieschen\r\nOschatzer Str 27, corner B\u00fcrgerstr.\r\nOpening hours:\r\nMon - Fri: 10:00 a.m. to 8:00 p.m.\r\n\r\nFilm Gallery Phase 4, Konigsbr\u00fccker Str. 54\r\nOpening hours:\r\nMon - Fri : 2:00 p.m. to 11:00 p.m.\r\nSat : 11:00 a.m. to 11:00 p.m.\r\nSun : 2:00 p.m. to 8:00 p.m.\r\n*only at this location until Jan. 19\r\n\r\nWe would appreciate it if you please leave us your name when you pick up your gift copy, for the sake of clarity.\r\n\r\nWe gratefully remain with best wishes for the year 2014 and are looking forward to an eventful year in geh8 Art Space- from which we hope that you share it with us.\"><ul class=\"post-categories\">\n\t<li><a href=\"https:\/\/www.geh8.de\/en\/category\/info\/\" rel=\"category tag\">Info<\/a><\/li><\/ul><h3><span class=\"sub1\"><span class=\"sub2\"><span class=\"sub3\"><a href=\"https:\/\/www.geh8.de\/en\/kalender-edition-2014\/\">calendar-edition 2014<\/a><\/span><\/span><\/span><\/h3><p>Dear friends and supporters of geh8 Art Space and Studio e.V., The new year has [&hellip;]<\/p>\n<\/div><\/div><div class=\"jahrestrenner m-5  grid-item archive hyphenate querformat post type-post status-publish format-standard has-post-thumbnail hentry category-ausstellung\"\n                         style=\"position: absolute; left: 0px; top: 0px;background-color:#fff;\"><a\n                        ><\/a>\n                        <div class=\"grid-entry\" style=\" background-color:transparent;color#000;\">\n                            <ul class=\"post-categories\">\n                                <li><a rel=\"category tag\">JAHR<\/a><\/li>\n                            <\/ul>\n\n                                            <h2 class=\"archiv-jahrestrenner\">2013<\/h2>\n\n\n                        <\/div>\n                    <\/div><div class=\"grid-item archive hyphenate querformat post-1709 post type-post status-publish format-standard has-post-thumbnail hentry category-info\"><a href=\"https:\/\/www.geh8.de\/en\/herzlichen-dank-und-guten-rutsch\/\"><img decoding=\"async\" src=\"https:\/\/www.geh8.de\/page\/wp-content\/uploads\/2013\/12\/Geh8Weihnachtskarte-288x216.jpg\" class=\"attachment-tile-landscape-low size-tile-landscape-low wp-post-image\" alt=\"\" srcset=\"https:\/\/www.geh8.de\/page\/wp-content\/uploads\/2013\/12\/Geh8Weihnachtskarte-288x216.jpg 288w, https:\/\/www.geh8.de\/page\/wp-content\/uploads\/2013\/12\/Geh8Weihnachtskarte-448x336.jpg 448w, https:\/\/www.geh8.de\/page\/wp-content\/uploads\/2013\/12\/Geh8Weihnachtskarte-368x276.jpg 368w, https:\/\/www.geh8.de\/page\/wp-content\/uploads\/2013\/12\/Geh8Weihnachtskarte-90x67.jpg 90w\" sizes=\"(max-width: 288px) 100vw, 288px\" \/><\/a><div class=\"grid-entry haase-archive\" data-content=\" (more&hellip;)\"><ul class=\"post-categories\">\n\t<li><a href=\"https:\/\/www.geh8.de\/en\/category\/info\/\" rel=\"category tag\">Info<\/a><\/li><\/ul><h3><span class=\"sub1\"><span class=\"sub2\"><span class=\"sub3\"><a href=\"https:\/\/www.geh8.de\/en\/herzlichen-dank-und-guten-rutsch\/\">Thank you very much and happy new year!<\/a><\/span><\/span><\/span><\/h3><\/div><\/div><div class=\"grid-item archive hyphenate querformat post-1699 post type-post status-publish format-standard has-post-thumbnail hentry category-ausstellung\"><a href=\"https:\/\/www.geh8.de\/en\/shining-2\/\"><img decoding=\"async\" src=\"https:\/\/www.geh8.de\/page\/wp-content\/uploads\/2013\/10\/131010-shining2-288x216.jpg\" class=\"attachment-tile-landscape-low size-tile-landscape-low wp-post-image\" alt=\"\" srcset=\"https:\/\/www.geh8.de\/page\/wp-content\/uploads\/2013\/10\/131010-shining2-288x216.jpg 288w, https:\/\/www.geh8.de\/page\/wp-content\/uploads\/2013\/10\/131010-shining2-448x336.jpg 448w, https:\/\/www.geh8.de\/page\/wp-content\/uploads\/2013\/10\/131010-shining2-368x276.jpg 368w, https:\/\/www.geh8.de\/page\/wp-content\/uploads\/2013\/10\/131010-shining2-90x67.jpg 90w\" sizes=\"(max-width: 288px) 100vw, 288px\" \/><\/a><div class=\"grid-entry haase-archive\" data-content=\"10.10.2013 until 10.11.2013\r\nKUNSTLABOR at the E-Werk Freiburg (i. Brsg.)\r\n\r\n (more&hellip;)\"><ul class=\"post-categories\">\n\t<li><a href=\"https:\/\/www.geh8.de\/en\/category\/ausstellung\/\" rel=\"category tag\">Exhibition<\/a><\/li><\/ul><h3><span class=\"sub1\"><span class=\"sub2\"><span class=\"sub3\"><a href=\"https:\/\/www.geh8.de\/en\/shining-2\/\">shining #2<\/a><\/span><\/span><\/span><\/h3><p>10.10.2013 until 10.11.2013 KUNSTLABOR at the E-Werk Freiburg (i. Brsg.)<\/p>\n<\/div><\/div><div class=\"grid-item archive hyphenate querformat post-1694 post type-post status-publish format-standard has-post-thumbnail hentry category-info\"><a href=\"https:\/\/www.geh8.de\/en\/stadtsafari-kunstguerilla\/\"><img decoding=\"async\" src=\"https:\/\/www.geh8.de\/page\/wp-content\/uploads\/2013\/10\/stadtsafari-karte_kunstguerilla-288x216.jpg\" class=\"attachment-tile-landscape-low size-tile-landscape-low wp-post-image\" alt=\"\" srcset=\"https:\/\/www.geh8.de\/page\/wp-content\/uploads\/2013\/10\/stadtsafari-karte_kunstguerilla-288x216.jpg 288w, https:\/\/www.geh8.de\/page\/wp-content\/uploads\/2013\/10\/stadtsafari-karte_kunstguerilla-448x336.jpg 448w, https:\/\/www.geh8.de\/page\/wp-content\/uploads\/2013\/10\/stadtsafari-karte_kunstguerilla-368x276.jpg 368w, https:\/\/www.geh8.de\/page\/wp-content\/uploads\/2013\/10\/stadtsafari-karte_kunstguerilla-90x67.jpg 90w\" sizes=\"(max-width: 288px) 100vw, 288px\" \/><\/a><div class=\"grid-entry haase-archive\" data-content=\"Monday, 28.10. until Friday, 01.11.2013\r\n\r\n (more&hellip;)\"><ul class=\"post-categories\">\n\t<li><a href=\"https:\/\/www.geh8.de\/en\/category\/info\/\" rel=\"category tag\">Info<\/a><\/li><\/ul><h3><span class=\"sub1\"><span class=\"sub2\"><span class=\"sub3\"><a href=\"https:\/\/www.geh8.de\/en\/stadtsafari-kunstguerilla\/\">STADTSAFARI \u2013 KUNSTGUERILLA<\/a><\/span><\/span><\/span><\/h3><p>Monday, 28.10. until Friday, 01.11.2013<\/p>\n<\/div><\/div><div class=\"grid-item archive hyphenate querformat post-1662 post type-post status-publish format-standard has-post-thumbnail hentry category-konzert\"><a href=\"https:\/\/www.geh8.de\/en\/s-t-i-mm-e-n\/\"><img decoding=\"async\" src=\"https:\/\/www.geh8.de\/page\/wp-content\/uploads\/2013\/09\/131005-Stimmen-288x216.jpg\" class=\"attachment-tile-landscape-low size-tile-landscape-low wp-post-image\" alt=\"\" srcset=\"https:\/\/www.geh8.de\/page\/wp-content\/uploads\/2013\/09\/131005-Stimmen-288x216.jpg 288w, https:\/\/www.geh8.de\/page\/wp-content\/uploads\/2013\/09\/131005-Stimmen-448x336.jpg 448w, https:\/\/www.geh8.de\/page\/wp-content\/uploads\/2013\/09\/131005-Stimmen-368x276.jpg 368w, https:\/\/www.geh8.de\/page\/wp-content\/uploads\/2013\/09\/131005-Stimmen-90x67.jpg 90w\" sizes=\"(max-width: 288px) 100vw, 288px\" \/><\/a><div class=\"grid-entry haase-archive\" data-content=\"05.10.2013, 20 o&#039;clock\r\n\r\n (more&hellip;)\"><ul class=\"post-categories\">\n\t<li><a href=\"https:\/\/www.geh8.de\/en\/category\/konzert\/\" rel=\"category tag\">Concert<\/a><\/li><\/ul><h3><span class=\"sub1\"><span class=\"sub2\"><span class=\"sub3\"><a href=\"https:\/\/www.geh8.de\/en\/s-t-i-mm-e-n\/\">s T I mM E N<\/a><\/span><\/span><\/span><\/h3><p>05.10.2013, 20 o&#8217;clock<\/p>\n<\/div><\/div><div class=\"grid-item archive hyphenate querformat post-1441 page type-page status-publish hentry\"><a href=\"https:\/\/www.geh8.de\/en\/600-x-10\/\"><img loading=\"lazy\" decoding=\"async\" width=\"288\" height=\"216\" src=\"https:\/\/www.geh8.de\/page\/wp-content\/uploads\/2023\/09\/Logos-CMYK_3-288x216.png\" class=\"attachment-tile-landscape-low size-tile-landscape-low\" alt=\"\" srcset=\"https:\/\/www.geh8.de\/page\/wp-content\/uploads\/2023\/09\/Logos-CMYK_3-288x216.png 288w, https:\/\/www.geh8.de\/page\/wp-content\/uploads\/2023\/09\/Logos-CMYK_3-448x336.png 448w, https:\/\/www.geh8.de\/page\/wp-content\/uploads\/2023\/09\/Logos-CMYK_3-368x276.png 368w, https:\/\/www.geh8.de\/page\/wp-content\/uploads\/2023\/09\/Logos-CMYK_3-90x67.png 90w\" sizes=\"(max-width: 288px) 100vw, 288px\" \/><\/a><div class=\"grid-entry haase-archive\" data-content=\"\r\n\r\n\r\n\r\nHerzlichen Gl\u00fcckwunsch Freunde!\r\n\r\nIn nur 4 Wochen haben wir es Dank Eurer Hilfe geschafft, die ben\u00f6tigten ca. 6000,- Euro f\u00fcr erforderliche Bauma\u00dfnahmen einzunehmen.\r\n\r\nWie geht&#039;s nun weiter? Auf unseren Mitte Juli eingereichten Bauantrag hatte das Bauaufsichtsamt eine l\u00e4ngere Liste von formalen Nachforderungen, die wir inzwischen fast abgearbeitet haben und noch in dieser Woche nachreichen. Daraufhin erfolgt die inhaltliche Pr\u00fcfung unseres Antrags und sp\u00e4testens innerhalb der gesetzlich vorgeschriebenen Frist von 3 Monaten eine Antwort. Wir denken positiv, hoffen auf eine schnellere Bearbeitung und wollen nat\u00fcrlich noch im fr\u00fchen Herbst mit Euch auf unsere Wiederer\u00f6ffnung ansto\u00dfen. In diesem Sinne, ein gro\u00dfes Dankesch\u00f6n und bis gleich!\r\n\r\n\r\n\r\n\r\nCongratulations friends!\r\n\r\nThanks to you, in a mere 4 weeks we have reached our goal of 6000EUR to complete the necessary construction work.\r\n\r\nWhat&#039;s next? In mid-July, we submitted our building application for preliminary review, and we were answered with a longer list of formal requirements. At this point, we have nearly fulfilled these additional steps and will hand in the completed application this week for in-depth review, following which is a legal obligation to respond within a 3 month window. We are optimistic about receiving a faster reply and approval of our application, and still hope to reopen in early Autumn. We look forward to saying cheers with all of you at our reopening! Again, with heartfelt gratitude, we wish you many, many warm thanks. See you soon!\r\n\r\n\r\n\r\n\r\n\r\nDen vereinfachten Zuwendungsnachweis f\u00fcr alle geh8-Spender gibt es unter Downloads\r\n\r\n\"><h3><span class=\"sub1\"><span class=\"sub2\"><span class=\"sub3\"><a href=\"https:\/\/www.geh8.de\/en\/600-x-10\/\">600 x 10 Euro f\u00fcr die Erhaltung der GEH8<\/a><\/span><\/span><\/span><\/h3><p>Herzlichen Gl\u00fcckwunsch Freunde! In nur 4 Wochen haben wir es Dank Eurer Hilfe geschafft, die [&hellip;]<\/p>\n<\/div><\/div><div class=\"grid-item archive hyphenate querformat post-1430 post type-post status-publish format-standard has-post-thumbnail hentry category-info\"><a href=\"https:\/\/www.geh8.de\/en\/kunstraum-bleibt-vorubergehend-geschlossen\/\"><img decoding=\"async\" src=\"https:\/\/www.geh8.de\/page\/wp-content\/uploads\/2012\/09\/geh8_logo1-288x216.gif\" class=\"attachment-tile-landscape-low size-tile-landscape-low wp-post-image\" alt=\"\" srcset=\"https:\/\/www.geh8.de\/page\/wp-content\/uploads\/2012\/09\/geh8_logo1-288x216.gif 288w, https:\/\/www.geh8.de\/page\/wp-content\/uploads\/2012\/09\/geh8_logo1-448x336.gif 448w, https:\/\/www.geh8.de\/page\/wp-content\/uploads\/2012\/09\/geh8_logo1-368x276.gif 368w, https:\/\/www.geh8.de\/page\/wp-content\/uploads\/2012\/09\/geh8_logo1-90x67.gif 90w\" sizes=\"(max-width: 288px) 100vw, 288px\" \/><\/a><div class=\"grid-entry haase-archive\" data-content=\"Dear friends and supporters of geh8,\r\n\r\nWe are constantly receiving questions about the current situation of the geh8 Kunstraum. The donors among you naturally have an obvious interest in information about the whereabouts of their donation.\r\n\r\n (more&hellip;)\"><ul class=\"post-categories\">\n\t<li><a href=\"https:\/\/www.geh8.de\/en\/category\/info\/\" rel=\"category tag\">Info<\/a><\/li><\/ul><h3><span class=\"sub1\"><span class=\"sub2\"><span class=\"sub3\"><a href=\"https:\/\/www.geh8.de\/en\/kunstraum-bleibt-vorubergehend-geschlossen\/\">situation of the GEH8 art space<\/a><\/span><\/span><\/span><\/h3><p>Dear friends and supporters of geh8, We are constantly receiving questions about the current situation [&hellip;]<\/p>\n<\/div><\/div><div class=\"grid-item archive hyphenate querformat post-1396 post type-post status-publish format-standard has-post-thumbnail hentry category-ausstellung\"><a href=\"https:\/\/www.geh8.de\/en\/hype\/\"><img decoding=\"async\" src=\"https:\/\/www.geh8.de\/page\/wp-content\/uploads\/2013\/05\/HYPE-288x216.jpg\" class=\"attachment-tile-landscape-low size-tile-landscape-low wp-post-image\" alt=\"\" srcset=\"https:\/\/www.geh8.de\/page\/wp-content\/uploads\/2013\/05\/HYPE-288x216.jpg 288w, https:\/\/www.geh8.de\/page\/wp-content\/uploads\/2013\/05\/HYPE-448x336.jpg 448w, https:\/\/www.geh8.de\/page\/wp-content\/uploads\/2013\/05\/HYPE-368x276.jpg 368w, https:\/\/www.geh8.de\/page\/wp-content\/uploads\/2013\/05\/HYPE-90x67.jpg 90w\" sizes=\"(max-width: 288px) 100vw, 288px\" \/><\/a><div class=\"grid-entry haase-archive\" data-content=\"18.5. to 2.6.2013\r\n\r\n (more&hellip;)\"><ul class=\"post-categories\">\n\t<li><a href=\"https:\/\/www.geh8.de\/en\/category\/ausstellung\/\" rel=\"category tag\">Exhibition<\/a><\/li><\/ul><h3><span class=\"sub1\"><span class=\"sub2\"><span class=\"sub3\"><a href=\"https:\/\/www.geh8.de\/en\/hype\/\">HYPE<\/a><\/span><\/span><\/span><\/h3><p>18.5. to 2.6.2013<\/p>\n<\/div><\/div><div class=\"grid-item archive hyphenate querformat post-1326 post type-post status-publish format-standard has-post-thumbnail hentry category-konzert\"><a href=\"https:\/\/www.geh8.de\/en\/big-mamas-concertino\/\"><img decoding=\"async\" src=\"https:\/\/www.geh8.de\/page\/wp-content\/uploads\/2013\/05\/zoller-web02-288x216.jpg\" class=\"attachment-tile-landscape-low size-tile-landscape-low wp-post-image\" alt=\"\" srcset=\"https:\/\/www.geh8.de\/page\/wp-content\/uploads\/2013\/05\/zoller-web02-288x216.jpg 288w, https:\/\/www.geh8.de\/page\/wp-content\/uploads\/2013\/05\/zoller-web02-448x336.jpg 448w, https:\/\/www.geh8.de\/page\/wp-content\/uploads\/2013\/05\/zoller-web02-368x276.jpg 368w, https:\/\/www.geh8.de\/page\/wp-content\/uploads\/2013\/05\/zoller-web02-90x67.jpg 90w\" sizes=\"(max-width: 288px) 100vw, 288px\" \/><\/a><div class=\"grid-entry haase-archive\" data-content=\"15.5.2013, 19 o&#039;clock\r\n\r\n (more&hellip;)\"><ul class=\"post-categories\">\n\t<li><a href=\"https:\/\/www.geh8.de\/en\/category\/konzert\/\" rel=\"category tag\">Concert<\/a><\/li><\/ul><h3><span class=\"sub1\"><span class=\"sub2\"><span class=\"sub3\"><a href=\"https:\/\/www.geh8.de\/en\/big-mamas-concertino\/\">Big Mama&#8217;s Concertino (UA)<\/a><\/span><\/span><\/span><\/h3><p>15.5.2013, 19 o&#8217;clock<\/p>\n<\/div><\/div><div class=\"grid-item archive hyphenate querformat post-1386 post type-post status-publish format-standard has-post-thumbnail hentry category-performance\"><a href=\"https:\/\/www.geh8.de\/en\/mutterhimmel\/\"><img decoding=\"async\" src=\"https:\/\/www.geh8.de\/page\/wp-content\/uploads\/2013\/04\/MUTTERHIMMEL-288x216.jpeg\" class=\"attachment-tile-landscape-low size-tile-landscape-low wp-post-image\" alt=\"\" srcset=\"https:\/\/www.geh8.de\/page\/wp-content\/uploads\/2013\/04\/MUTTERHIMMEL-288x216.jpeg 288w, https:\/\/www.geh8.de\/page\/wp-content\/uploads\/2013\/04\/MUTTERHIMMEL-448x336.jpeg 448w, https:\/\/www.geh8.de\/page\/wp-content\/uploads\/2013\/04\/MUTTERHIMMEL-368x276.jpeg 368w, https:\/\/www.geh8.de\/page\/wp-content\/uploads\/2013\/04\/MUTTERHIMMEL-90x67.jpeg 90w\" sizes=\"(max-width: 288px) 100vw, 288px\" \/><\/a><div class=\"grid-entry haase-archive\" data-content=\"9.5.2013, 20 o&#039;clock\r\n\r\n (more&hellip;)\"><ul class=\"post-categories\">\n\t<li><a href=\"https:\/\/www.geh8.de\/en\/category\/performance\/\" rel=\"category tag\">Performance<\/a><\/li><\/ul><h3><span class=\"sub1\"><span class=\"sub2\"><span class=\"sub3\"><a href=\"https:\/\/www.geh8.de\/en\/mutterhimmel\/\">MUTTERHIMMEL<\/a><\/span><\/span><\/span><\/h3><p>9.5.2013, 20 o&#8217;clock<\/p>\n<\/div><\/div><div class=\"grid-item archive hyphenate querformat post-1332 post type-post status-publish format-standard has-post-thumbnail hentry category-workshop\"><a href=\"https:\/\/www.geh8.de\/en\/donnerstag-goes-to-space\/\"><img decoding=\"async\" src=\"https:\/\/www.geh8.de\/page\/wp-content\/uploads\/2013\/04\/caelum-288x216.jpg\" class=\"attachment-tile-landscape-low size-tile-landscape-low wp-post-image\" alt=\"\" srcset=\"https:\/\/www.geh8.de\/page\/wp-content\/uploads\/2013\/04\/caelum-288x216.jpg 288w, https:\/\/www.geh8.de\/page\/wp-content\/uploads\/2013\/04\/caelum-448x336.jpg 448w, https:\/\/www.geh8.de\/page\/wp-content\/uploads\/2013\/04\/caelum-368x276.jpg 368w, https:\/\/www.geh8.de\/page\/wp-content\/uploads\/2013\/04\/caelum-90x67.jpg 90w\" sizes=\"(max-width: 288px) 100vw, 288px\" \/><\/a><div class=\"grid-entry haase-archive\" data-content=\"2.5.2013, 20 Uhr\r\n\r\n (more&hellip;)\"><ul class=\"post-categories\">\n\t<li><a href=\"https:\/\/www.geh8.de\/en\/category\/workshop\/\" rel=\"category tag\">Workshop<\/a><\/li><\/ul><h3><span class=\"sub1\"><span class=\"sub2\"><span class=\"sub3\"><a href=\"https:\/\/www.geh8.de\/en\/donnerstag-goes-to-space\/\">DONNERSTAG goes to space<\/a><\/span><\/span><\/span><\/h3><p>2.5.2013, 20 Uhr<\/p>\n<\/div><\/div><div class=\"grid-item archive hyphenate querformat post-1346 post type-post status-publish format-standard has-post-thumbnail hentry category-lesung\"><a href=\"https:\/\/www.geh8.de\/en\/das-kritische-kabinett-roger-behren\/\"><img decoding=\"async\" src=\"https:\/\/www.geh8.de\/page\/wp-content\/uploads\/2013\/04\/img_5208-288x216.jpg\" class=\"attachment-tile-landscape-low size-tile-landscape-low wp-post-image\" alt=\"\" srcset=\"https:\/\/www.geh8.de\/page\/wp-content\/uploads\/2013\/04\/img_5208-288x216.jpg 288w, https:\/\/www.geh8.de\/page\/wp-content\/uploads\/2013\/04\/img_5208-448x336.jpg 448w, https:\/\/www.geh8.de\/page\/wp-content\/uploads\/2013\/04\/img_5208-368x276.jpg 368w, https:\/\/www.geh8.de\/page\/wp-content\/uploads\/2013\/04\/img_5208-90x67.jpg 90w\" sizes=\"(max-width: 288px) 100vw, 288px\" \/><\/a><div class=\"grid-entry haase-archive\" data-content=\"24.4.2013, 20.00\r\n\r\n (more&hellip;)\"><ul class=\"post-categories\">\n\t<li><a href=\"https:\/\/www.geh8.de\/en\/category\/lesung\/\" rel=\"category tag\">Reading \/ Talk<\/a><\/li><\/ul><h3><span class=\"sub1\"><span class=\"sub2\"><span class=\"sub3\"><a href=\"https:\/\/www.geh8.de\/en\/das-kritische-kabinett-roger-behren\/\">Das Kritische Kabinett: Roger Behrens \u201eDie Kritik nach der Kritik\u201c<\/a><\/span><\/span><\/span><\/h3><p>24.4.2013, 20.00<\/p>\n<\/div><\/div><div class=\"grid-item archive hyphenate querformat post-1286 post type-post status-publish format-standard has-post-thumbnail hentry category-konzert\"><a href=\"https:\/\/www.geh8.de\/en\/donnerstag-kaleidoskop\/\"><img decoding=\"async\" src=\"https:\/\/www.geh8.de\/page\/wp-content\/uploads\/2013\/03\/DONNERSTAG-plakat4_4_2013-final-288x216.jpg\" class=\"attachment-tile-landscape-low size-tile-landscape-low wp-post-image\" alt=\"\" srcset=\"https:\/\/www.geh8.de\/page\/wp-content\/uploads\/2013\/03\/DONNERSTAG-plakat4_4_2013-final-288x216.jpg 288w, https:\/\/www.geh8.de\/page\/wp-content\/uploads\/2013\/03\/DONNERSTAG-plakat4_4_2013-final-448x336.jpg 448w, https:\/\/www.geh8.de\/page\/wp-content\/uploads\/2013\/03\/DONNERSTAG-plakat4_4_2013-final-368x276.jpg 368w, https:\/\/www.geh8.de\/page\/wp-content\/uploads\/2013\/03\/DONNERSTAG-plakat4_4_2013-final-90x67.jpg 90w\" sizes=\"(max-width: 288px) 100vw, 288px\" \/><\/a><div class=\"grid-entry haase-archive\" data-content=\"4.4.2013\r\n\r\n (more&hellip;)\"><ul class=\"post-categories\">\n\t<li><a href=\"https:\/\/www.geh8.de\/en\/category\/konzert\/\" rel=\"category tag\">Concert<\/a><\/li><\/ul><h3><span class=\"sub1\"><span class=\"sub2\"><span class=\"sub3\"><a href=\"https:\/\/www.geh8.de\/en\/donnerstag-kaleidoskop\/\">THURSDAY \u00bbKaleidoskop\u00ab<\/a><\/span><\/span><\/span><\/h3><p>4.4.2013<\/p>\n<\/div><\/div><div class=\"grid-item archive hyphenate querformat post-1279 post type-post status-publish format-standard has-post-thumbnail hentry category-offenes_atelier\"><a href=\"https:\/\/www.geh8.de\/en\/tag-der-offenen-topferei\/\"><img decoding=\"async\" src=\"https:\/\/www.geh8.de\/page\/wp-content\/uploads\/2013\/03\/SU26-288x216.jpg\" class=\"attachment-tile-landscape-low size-tile-landscape-low wp-post-image\" alt=\"\" srcset=\"https:\/\/www.geh8.de\/page\/wp-content\/uploads\/2013\/03\/SU26-288x216.jpg 288w, https:\/\/www.geh8.de\/page\/wp-content\/uploads\/2013\/03\/SU26-448x336.jpg 448w, https:\/\/www.geh8.de\/page\/wp-content\/uploads\/2013\/03\/SU26-368x276.jpg 368w, https:\/\/www.geh8.de\/page\/wp-content\/uploads\/2013\/03\/SU26-90x67.jpg 90w\" sizes=\"(max-width: 288px) 100vw, 288px\" \/><\/a><div class=\"grid-entry haase-archive\" data-content=\"09. and 10. 03.2013\r\n\r\n (more&hellip;)\"><ul class=\"post-categories\">\n\t<li><a href=\"https:\/\/www.geh8.de\/en\/category\/offenes_atelier\/\" rel=\"category tag\">open Atelier<\/a><\/li><\/ul><h3><span class=\"sub1\"><span class=\"sub2\"><span class=\"sub3\"><a href=\"https:\/\/www.geh8.de\/en\/tag-der-offenen-topferei\/\">Open pottery day<\/a><\/span><\/span><\/span><\/h3><p>09. and 10. 03.2013<\/p>\n<\/div><\/div><div class=\"jahrestrenner m-5  grid-item archive hyphenate querformat post type-post status-publish format-standard has-post-thumbnail hentry category-ausstellung\"\n                         style=\"position: absolute; left: 0px; top: 0px;background-color:#fff;\"><a\n                        ><\/a>\n                        <div class=\"grid-entry\" style=\" background-color:transparent;color#000;\">\n                            <ul class=\"post-categories\">\n                                <li><a rel=\"category tag\">JAHR<\/a><\/li>\n                            <\/ul>\n\n                                            <h2 class=\"archiv-jahrestrenner\">2012<\/h2>\n\n\n                        <\/div>\n                    <\/div><div class=\"grid-item archive hyphenate querformat post-1244 post type-post status-publish format-standard has-post-thumbnail hentry category-info\"><a href=\"https:\/\/www.geh8.de\/en\/stadtsafari-bilderjagd\/\"><img decoding=\"async\" src=\"https:\/\/www.geh8.de\/page\/wp-content\/uploads\/2012\/12\/Stadtsafari-Karte_bilderjagd_mail-288x216.jpg\" class=\"attachment-tile-landscape-low size-tile-landscape-low wp-post-image\" alt=\"\" srcset=\"https:\/\/www.geh8.de\/page\/wp-content\/uploads\/2012\/12\/Stadtsafari-Karte_bilderjagd_mail-288x216.jpg 288w, https:\/\/www.geh8.de\/page\/wp-content\/uploads\/2012\/12\/Stadtsafari-Karte_bilderjagd_mail-448x336.jpg 448w, https:\/\/www.geh8.de\/page\/wp-content\/uploads\/2012\/12\/Stadtsafari-Karte_bilderjagd_mail-368x276.jpg 368w, https:\/\/www.geh8.de\/page\/wp-content\/uploads\/2012\/12\/Stadtsafari-Karte_bilderjagd_mail-90x67.jpg 90w\" sizes=\"(max-width: 288px) 100vw, 288px\" \/><\/a><div class=\"grid-entry haase-archive\" data-content=\"04.02. - 08.02.2013\r\n\r\n (more&hellip;)\"><ul class=\"post-categories\">\n\t<li><a href=\"https:\/\/www.geh8.de\/en\/category\/info\/\" rel=\"category tag\">Info<\/a><\/li><\/ul><h3><span class=\"sub1\"><span class=\"sub2\"><span class=\"sub3\"><a href=\"https:\/\/www.geh8.de\/en\/stadtsafari-bilderjagd\/\">STADTSAFARI : BILDERJAGD<\/a><\/span><\/span><\/span><\/h3><p>04.02. &#8211; 08.02.2013<\/p>\n<\/div><\/div><div class=\"grid-item archive hyphenate querformat post-1230 post type-post status-publish format-standard has-post-thumbnail hentry category-allgemein\"><a href=\"https:\/\/www.geh8.de\/en\/winterpause\/\"><img decoding=\"async\" src=\"https:\/\/www.geh8.de\/page\/wp-content\/uploads\/2012\/11\/pause-234x216.jpg\" class=\"attachment-tile-landscape-low size-tile-landscape-low wp-post-image\" alt=\"\" srcset=\"https:\/\/www.geh8.de\/page\/wp-content\/uploads\/2012\/11\/pause.jpg 234w, https:\/\/www.geh8.de\/page\/wp-content\/uploads\/2012\/11\/pause-100x92.jpg 100w, https:\/\/www.geh8.de\/page\/wp-content\/uploads\/2012\/11\/pause-80x74.jpg 80w, https:\/\/www.geh8.de\/page\/wp-content\/uploads\/2012\/11\/pause-30x28.jpg 30w, https:\/\/www.geh8.de\/page\/wp-content\/uploads\/2012\/11\/pause-50x46.jpg 50w\" sizes=\"(max-width: 234px) 100vw, 234px\" \/><\/a><div class=\"grid-entry haase-archive\" data-content=\" (more&hellip;)\"><ul class=\"post-categories\">\n\t<li><a href=\"https:\/\/www.geh8.de\/en\/category\/allgemein\/\" rel=\"category tag\">General<\/a><\/li><\/ul><h3><span class=\"sub1\"><span class=\"sub2\"><span class=\"sub3\"><a href=\"https:\/\/www.geh8.de\/en\/winterpause\/\">winterbreak<\/a><\/span><\/span><\/span><\/h3><\/div><\/div><div class=\"grid-item archive hyphenate querformat post-1183 post type-post status-publish format-standard has-post-thumbnail hentry category-offenes_atelier\"><a href=\"https:\/\/www.geh8.de\/en\/offenes-atelier\/\"><img decoding=\"async\" src=\"https:\/\/www.geh8.de\/page\/wp-content\/uploads\/2012\/10\/peu_a_peu_3-288x216.gif\" class=\"attachment-tile-landscape-low size-tile-landscape-low wp-post-image\" alt=\"\" srcset=\"https:\/\/www.geh8.de\/page\/wp-content\/uploads\/2012\/10\/peu_a_peu_3-288x216.gif 288w, https:\/\/www.geh8.de\/page\/wp-content\/uploads\/2012\/10\/peu_a_peu_3-448x336.gif 448w, https:\/\/www.geh8.de\/page\/wp-content\/uploads\/2012\/10\/peu_a_peu_3-368x276.gif 368w, https:\/\/www.geh8.de\/page\/wp-content\/uploads\/2012\/10\/peu_a_peu_3-90x67.gif 90w\" sizes=\"(max-width: 288px) 100vw, 288px\" \/><\/a><div class=\"grid-entry haase-archive\" data-content=\"18.11.2012 \/10 - 18 Uhr\r\n\r\n (more&hellip;)\"><ul class=\"post-categories\">\n\t<li><a href=\"https:\/\/www.geh8.de\/en\/category\/offenes_atelier\/\" rel=\"category tag\">open Atelier<\/a><\/li><\/ul><h3><span class=\"sub1\"><span class=\"sub2\"><span class=\"sub3\"><a href=\"https:\/\/www.geh8.de\/en\/offenes-atelier\/\">open atelier<\/a><\/span><\/span><\/span><\/h3><p>18.11.2012 \/10 &#8211; 18 Uhr<\/p>\n<\/div><\/div><div class=\"grid-item archive hyphenate querformat post-301 post type-post status-publish format-standard has-post-thumbnail hentry category-ausstellung\"><a href=\"https:\/\/www.geh8.de\/en\/mars-mission\/\"><img decoding=\"async\" src=\"https:\/\/www.geh8.de\/page\/wp-content\/uploads\/2012\/09\/MARS-MISSION-288x216.jpg\" class=\"attachment-tile-landscape-low size-tile-landscape-low wp-post-image\" alt=\"\" srcset=\"https:\/\/www.geh8.de\/page\/wp-content\/uploads\/2012\/09\/MARS-MISSION-288x216.jpg 288w, https:\/\/www.geh8.de\/page\/wp-content\/uploads\/2012\/09\/MARS-MISSION-448x336.jpg 448w, https:\/\/www.geh8.de\/page\/wp-content\/uploads\/2012\/09\/MARS-MISSION-368x276.jpg 368w, https:\/\/www.geh8.de\/page\/wp-content\/uploads\/2012\/09\/MARS-MISSION-90x67.jpg 90w, https:\/\/www.geh8.de\/page\/wp-content\/uploads\/2012\/09\/MARS-MISSION-30x22.jpg 30w\" sizes=\"(max-width: 288px) 100vw, 288px\" \/><\/a><div class=\"grid-entry haase-archive\" data-content=\"26.10. - 11.11.2012\r\n\r\n (more&hellip;)\"><ul class=\"post-categories\">\n\t<li><a href=\"https:\/\/www.geh8.de\/en\/category\/ausstellung\/\" rel=\"category tag\">Exhibition<\/a><\/li><\/ul><h3><span class=\"sub1\"><span class=\"sub2\"><span class=\"sub3\"><a href=\"https:\/\/www.geh8.de\/en\/mars-mission\/\">MARS MISSION<\/a><\/span><\/span><\/span><\/h3><p>26.10. &#8211; 11.11.2012<\/p>\n<\/div><\/div><div class=\"grid-item archive hyphenate querformat post-1168 post type-post status-publish format-standard has-post-thumbnail hentry category-ausstellung\"><a href=\"https:\/\/www.geh8.de\/en\/libro-nero\/\"><img decoding=\"async\" src=\"https:\/\/www.geh8.de\/page\/wp-content\/uploads\/2012\/09\/libro-nero-288x216.jpg\" class=\"attachment-tile-landscape-low size-tile-landscape-low wp-post-image\" alt=\"\" srcset=\"https:\/\/www.geh8.de\/page\/wp-content\/uploads\/2012\/09\/libro-nero-288x216.jpg 288w, https:\/\/www.geh8.de\/page\/wp-content\/uploads\/2012\/09\/libro-nero-100x75.jpg 100w, https:\/\/www.geh8.de\/page\/wp-content\/uploads\/2012\/09\/libro-nero-1024x768.jpg 1024w, https:\/\/www.geh8.de\/page\/wp-content\/uploads\/2012\/09\/libro-nero-80x60.jpg 80w, https:\/\/www.geh8.de\/page\/wp-content\/uploads\/2012\/09\/libro-nero-768x576.jpg 768w, https:\/\/www.geh8.de\/page\/wp-content\/uploads\/2012\/09\/libro-nero-1536x1152.jpg 1536w, https:\/\/www.geh8.de\/page\/wp-content\/uploads\/2012\/09\/libro-nero-448x336.jpg 448w, https:\/\/www.geh8.de\/page\/wp-content\/uploads\/2012\/09\/libro-nero-368x276.jpg 368w, https:\/\/www.geh8.de\/page\/wp-content\/uploads\/2012\/09\/libro-nero-90x67.jpg 90w, https:\/\/www.geh8.de\/page\/wp-content\/uploads\/2012\/09\/libro-nero-30x23.jpg 30w, https:\/\/www.geh8.de\/page\/wp-content\/uploads\/2012\/09\/libro-nero-50x37.jpg 50w, https:\/\/www.geh8.de\/page\/wp-content\/uploads\/2012\/09\/libro-nero.jpg 1600w\" sizes=\"(max-width: 288px) 100vw, 288px\" \/><\/a><div class=\"grid-entry haase-archive\" data-content=\"26.10. \u2013 11.11.2012\r\n\r\n (more&hellip;)\"><ul class=\"post-categories\">\n\t<li><a href=\"https:\/\/www.geh8.de\/en\/category\/ausstellung\/\" rel=\"category tag\">Exhibition<\/a><\/li><\/ul><h3><span class=\"sub1\"><span class=\"sub2\"><span class=\"sub3\"><a href=\"https:\/\/www.geh8.de\/en\/libro-nero\/\">LIBRONERO<\/a><\/span><\/span><\/span><\/h3><p>26.10. \u2013 11.11.2012<\/p>\n<\/div><\/div><div class=\"grid-item archive hyphenate querformat post-318 post type-post status-publish format-standard has-post-thumbnail hentry category-lesung\"><a href=\"https:\/\/www.geh8.de\/en\/independents-day\/\"><img decoding=\"async\" src=\"https:\/\/www.geh8.de\/page\/wp-content\/uploads\/2012\/09\/geh8-Kunstraum-Literatur-288x216.jpg\" class=\"attachment-tile-landscape-low size-tile-landscape-low wp-post-image\" alt=\"\" srcset=\"https:\/\/www.geh8.de\/page\/wp-content\/uploads\/2012\/09\/geh8-Kunstraum-Literatur-288x216.jpg 288w, https:\/\/www.geh8.de\/page\/wp-content\/uploads\/2012\/09\/geh8-Kunstraum-Literatur-448x336.jpg 448w, https:\/\/www.geh8.de\/page\/wp-content\/uploads\/2012\/09\/geh8-Kunstraum-Literatur-368x276.jpg 368w, https:\/\/www.geh8.de\/page\/wp-content\/uploads\/2012\/09\/geh8-Kunstraum-Literatur-90x67.jpg 90w\" sizes=\"(max-width: 288px) 100vw, 288px\" \/><\/a><div class=\"grid-entry haase-archive\" data-content=\"19. \u2013 20.10.2012\r\n\r\n (more&hellip;)\"><ul class=\"post-categories\">\n\t<li><a href=\"https:\/\/www.geh8.de\/en\/category\/lesung\/\" rel=\"category tag\">Reading \/ Talk<\/a><\/li><\/ul><h3><span class=\"sub1\"><span class=\"sub2\"><span class=\"sub3\"><a href=\"https:\/\/www.geh8.de\/en\/independents-day\/\">&#8220;Festival Literatur Jetzt!&#8221;<\/a><\/span><\/span><\/span><\/h3><p>19. \u2013 20.10.2012<\/p>\n<\/div><\/div><div class=\"grid-item archive hyphenate querformat post-1186 post type-post status-publish format-standard has-post-thumbnail hentry category-performance\"><a href=\"https:\/\/www.geh8.de\/en\/performance-jenny-fine-columbus-ohio\/\"><img decoding=\"async\" src=\"https:\/\/www.geh8.de\/page\/wp-content\/uploads\/2012\/10\/jennyfine-288x216.jpg\" class=\"attachment-tile-landscape-low size-tile-landscape-low wp-post-image\" alt=\"\" srcset=\"https:\/\/www.geh8.de\/page\/wp-content\/uploads\/2012\/10\/jennyfine-288x216.jpg 288w, https:\/\/www.geh8.de\/page\/wp-content\/uploads\/2012\/10\/jennyfine-448x336.jpg 448w, https:\/\/www.geh8.de\/page\/wp-content\/uploads\/2012\/10\/jennyfine-368x276.jpg 368w, https:\/\/www.geh8.de\/page\/wp-content\/uploads\/2012\/10\/jennyfine-90x67.jpg 90w\" sizes=\"(max-width: 288px) 100vw, 288px\" \/><\/a><div class=\"grid-entry haase-archive\" data-content=\"14.10.2012\r\n\r\n (more&hellip;)\"><ul class=\"post-categories\">\n\t<li><a href=\"https:\/\/www.geh8.de\/en\/category\/performance\/\" rel=\"category tag\">Performance<\/a><\/li><\/ul><h3><span class=\"sub1\"><span class=\"sub2\"><span class=\"sub3\"><a href=\"https:\/\/www.geh8.de\/en\/performance-jenny-fine-columbus-ohio\/\">Performance \/ Jenny Fine<\/a><\/span><\/span><\/span><\/h3><p>14.10.2012<\/p>\n<\/div><\/div><div class=\"grid-item archive hyphenate querformat post-335 post type-post status-publish format-standard has-post-thumbnail hentry category-ausstellung\"><a href=\"https:\/\/www.geh8.de\/en\/dauerbrenner-iii-keramikklasse-der-burg-giebichenstein-kunsthochschule-halle-stellt-aus\/\"><img decoding=\"async\" src=\"https:\/\/www.geh8.de\/page\/wp-content\/uploads\/2012\/09\/dauerbrenner-III-288x216.gif\" class=\"attachment-tile-landscape-low size-tile-landscape-low wp-post-image\" alt=\"\" srcset=\"https:\/\/www.geh8.de\/page\/wp-content\/uploads\/2012\/09\/dauerbrenner-III-288x216.gif 288w, https:\/\/www.geh8.de\/page\/wp-content\/uploads\/2012\/09\/dauerbrenner-III-448x336.gif 448w, https:\/\/www.geh8.de\/page\/wp-content\/uploads\/2012\/09\/dauerbrenner-III-368x276.gif 368w, https:\/\/www.geh8.de\/page\/wp-content\/uploads\/2012\/09\/dauerbrenner-III-90x67.gif 90w, https:\/\/www.geh8.de\/page\/wp-content\/uploads\/2012\/09\/dauerbrenner-III-30x22.gif 30w\" sizes=\"(max-width: 288px) 100vw, 288px\" \/><\/a><div class=\"grid-entry haase-archive\" data-content=\"14.09. \u2013 30.09.12\r\n\r\n (more&hellip;)\"><ul class=\"post-categories\">\n\t<li><a href=\"https:\/\/www.geh8.de\/en\/category\/ausstellung\/\" rel=\"category tag\">Exhibition<\/a><\/li><\/ul><h3><span class=\"sub1\"><span class=\"sub2\"><span class=\"sub3\"><a href=\"https:\/\/www.geh8.de\/en\/dauerbrenner-iii-keramikklasse-der-burg-giebichenstein-kunsthochschule-halle-stellt-aus\/\">DAUERBRENNER III<\/a><\/span><\/span><\/span><\/h3><p>14.09. \u2013 30.09.12<\/p>\n<\/div><\/div><div class=\"grid-item archive hyphenate querformat post-10 post type-post status-publish format-standard has-post-thumbnail hentry category-konzert\"><a href=\"https:\/\/www.geh8.de\/en\/four-alto\/\"><img decoding=\"async\" src=\"https:\/\/www.geh8.de\/page\/wp-content\/uploads\/2012\/08\/4alto_03-288x216.jpg\" class=\"attachment-tile-landscape-low size-tile-landscape-low wp-post-image\" alt=\"\" srcset=\"https:\/\/www.geh8.de\/page\/wp-content\/uploads\/2012\/08\/4alto_03-288x216.jpg 288w, https:\/\/www.geh8.de\/page\/wp-content\/uploads\/2012\/08\/4alto_03-448x336.jpg 448w, https:\/\/www.geh8.de\/page\/wp-content\/uploads\/2012\/08\/4alto_03-368x276.jpg 368w, https:\/\/www.geh8.de\/page\/wp-content\/uploads\/2012\/08\/4alto_03-90x67.jpg 90w\" sizes=\"(max-width: 288px) 100vw, 288px\" \/><\/a><div class=\"grid-entry haase-archive\" data-content=\"26.08.2012\r\n\r\n (more&hellip;)\"><ul class=\"post-categories\">\n\t<li><a href=\"https:\/\/www.geh8.de\/en\/category\/konzert\/\" rel=\"category tag\">Concert<\/a><\/li><\/ul><h3><span class=\"sub1\"><span class=\"sub2\"><span class=\"sub3\"><a href=\"https:\/\/www.geh8.de\/en\/four-alto\/\">Fo[u]r Alto<\/a><\/span><\/span><\/span><\/h3><p>26.08.2012<\/p>\n<\/div><\/div><div class=\"grid-item archive hyphenate querformat post-8 post type-post status-publish format-standard has-post-thumbnail hentry category-ausstellung\"><a href=\"https:\/\/www.geh8.de\/en\/das-kritische-kabinett-teil-1-aufstellung\/\"><img decoding=\"async\" src=\"https:\/\/www.geh8.de\/page\/wp-content\/uploads\/2012\/08\/flyer-aufstellung-288x216.jpg\" class=\"attachment-tile-landscape-low size-tile-landscape-low wp-post-image\" alt=\"\" srcset=\"https:\/\/www.geh8.de\/page\/wp-content\/uploads\/2012\/08\/flyer-aufstellung-288x216.jpg 288w, https:\/\/www.geh8.de\/page\/wp-content\/uploads\/2012\/08\/flyer-aufstellung-90x67.jpg 90w\" sizes=\"(max-width: 288px) 100vw, 288px\" \/><\/a><div class=\"grid-entry haase-archive\" data-content=\"24.08.-09.09.2012\r\n (more&hellip;)\"><ul class=\"post-categories\">\n\t<li><a href=\"https:\/\/www.geh8.de\/en\/category\/ausstellung\/\" rel=\"category tag\">Exhibition<\/a><\/li><\/ul><h3><span class=\"sub1\"><span class=\"sub2\"><span class=\"sub3\"><a href=\"https:\/\/www.geh8.de\/en\/das-kritische-kabinett-teil-1-aufstellung\/\">Das Kritische Kabinett: Teil 1 \/ Aufstellung<\/a><\/span><\/span><\/span><\/h3><p>24.08.-09.09.2012<\/p>\n<\/div><\/div><div class=\"grid-item archive hyphenate querformat post-347 post type-post status-publish format-standard has-post-thumbnail hentry category-info\"><a href=\"https:\/\/www.geh8.de\/en\/stadtsafari-entdecke-deine-stadt\/\"><img decoding=\"async\" src=\"https:\/\/www.geh8.de\/page\/wp-content\/uploads\/2012\/09\/Stadtsafari-Karte-288x216.jpg\" class=\"attachment-tile-landscape-low size-tile-landscape-low wp-post-image\" alt=\"\" srcset=\"https:\/\/www.geh8.de\/page\/wp-content\/uploads\/2012\/09\/Stadtsafari-Karte-288x216.jpg 288w, https:\/\/www.geh8.de\/page\/wp-content\/uploads\/2012\/09\/Stadtsafari-Karte-448x336.jpg 448w, https:\/\/www.geh8.de\/page\/wp-content\/uploads\/2012\/09\/Stadtsafari-Karte-368x276.jpg 368w, https:\/\/www.geh8.de\/page\/wp-content\/uploads\/2012\/09\/Stadtsafari-Karte-90x67.jpg 90w\" sizes=\"(max-width: 288px) 100vw, 288px\" \/><\/a><div class=\"grid-entry haase-archive\" data-content=\"30.07. \u2013 03.08.2012\r\n\r\n (more&hellip;)\"><ul class=\"post-categories\">\n\t<li><a href=\"https:\/\/www.geh8.de\/en\/category\/info\/\" rel=\"category tag\">Info<\/a><\/li><\/ul><h3><span class=\"sub1\"><span class=\"sub2\"><span class=\"sub3\"><a href=\"https:\/\/www.geh8.de\/en\/stadtsafari-entdecke-deine-stadt\/\">Stadtsafari &#8211; explore your city!<\/a><\/span><\/span><\/span><\/h3><p>30.07. \u2013 03.08.2012<\/p>\n<\/div><\/div><div class=\"grid-item archive hyphenate querformat post-364 post type-post status-publish format-standard has-post-thumbnail hentry category-workshop\"><a href=\"https:\/\/www.geh8.de\/en\/15-internationale-sommerakademie\/\"><img decoding=\"async\" src=\"https:\/\/www.geh8.de\/page\/wp-content\/uploads\/2012\/09\/eckehard_oel_nido_49x58cm_01-288x216.jpg\" class=\"attachment-tile-landscape-low size-tile-landscape-low wp-post-image\" alt=\"\" srcset=\"https:\/\/www.geh8.de\/page\/wp-content\/uploads\/2012\/09\/eckehard_oel_nido_49x58cm_01-288x216.jpg 288w, https:\/\/www.geh8.de\/page\/wp-content\/uploads\/2012\/09\/eckehard_oel_nido_49x58cm_01-448x336.jpg 448w, https:\/\/www.geh8.de\/page\/wp-content\/uploads\/2012\/09\/eckehard_oel_nido_49x58cm_01-368x276.jpg 368w, https:\/\/www.geh8.de\/page\/wp-content\/uploads\/2012\/09\/eckehard_oel_nido_49x58cm_01-90x67.jpg 90w\" sizes=\"(max-width: 288px) 100vw, 288px\" \/><\/a><div class=\"grid-entry haase-archive\" data-content=\"23.07. - 04.08.2012\r\n\r\n (more&hellip;)\"><ul class=\"post-categories\">\n\t<li><a href=\"https:\/\/www.geh8.de\/en\/category\/workshop\/\" rel=\"category tag\">Workshop<\/a><\/li><\/ul><h3><span class=\"sub1\"><span class=\"sub2\"><span class=\"sub3\"><a href=\"https:\/\/www.geh8.de\/en\/15-internationale-sommerakademie\/\">15th Dresden International Summer Academy of Fine Arts<\/a><\/span><\/span><\/span><\/h3><p>23.07. &#8211; 04.08.2012<\/p>\n<\/div><\/div><div class=\"grid-item archive hyphenate querformat post-381 post type-post status-publish format-standard has-post-thumbnail hentry category-symposium\"><a href=\"https:\/\/www.geh8.de\/en\/nichts-in-pieschen\/\"><img decoding=\"async\" src=\"https:\/\/www.geh8.de\/page\/wp-content\/uploads\/2012\/09\/img_4975-288x216.jpg\" class=\"attachment-tile-landscape-low size-tile-landscape-low wp-post-image\" alt=\"NICHTS\" srcset=\"https:\/\/www.geh8.de\/page\/wp-content\/uploads\/2012\/09\/img_4975-288x216.jpg 288w, https:\/\/www.geh8.de\/page\/wp-content\/uploads\/2012\/09\/img_4975-448x336.jpg 448w, https:\/\/www.geh8.de\/page\/wp-content\/uploads\/2012\/09\/img_4975-368x276.jpg 368w, https:\/\/www.geh8.de\/page\/wp-content\/uploads\/2012\/09\/img_4975-90x67.jpg 90w\" sizes=\"(max-width: 288px) 100vw, 288px\" \/><\/a><div class=\"grid-entry haase-archive\" data-content=\"22.07. \u2013 24. 07.2012\r\n\r\n (more&hellip;)\"><ul class=\"post-categories\">\n\t<li><a href=\"https:\/\/www.geh8.de\/en\/category\/symposium\/\" rel=\"category tag\">Symposium<\/a><\/li><\/ul><h3><span class=\"sub1\"><span class=\"sub2\"><span class=\"sub3\"><a href=\"https:\/\/www.geh8.de\/en\/nichts-in-pieschen\/\">nichts-in-Pieschen<\/a><\/span><\/span><\/span><\/h3><p>22.07. \u2013 24. 07.2012<\/p>\n<\/div><\/div><div class=\"grid-item archive hyphenate querformat post-357 post type-post status-publish format-standard has-post-thumbnail hentry category-ausstellung\"><a href=\"https:\/\/www.geh8.de\/en\/dresden-dimensions\/\"><img decoding=\"async\" src=\"https:\/\/www.geh8.de\/page\/wp-content\/uploads\/2012\/09\/DD-DD-288x216.jpg\" class=\"attachment-tile-landscape-low size-tile-landscape-low wp-post-image\" alt=\"\" srcset=\"https:\/\/www.geh8.de\/page\/wp-content\/uploads\/2012\/09\/DD-DD-288x216.jpg 288w, https:\/\/www.geh8.de\/page\/wp-content\/uploads\/2012\/09\/DD-DD-448x336.jpg 448w, https:\/\/www.geh8.de\/page\/wp-content\/uploads\/2012\/09\/DD-DD-368x276.jpg 368w, https:\/\/www.geh8.de\/page\/wp-content\/uploads\/2012\/09\/DD-DD-90x67.jpg 90w\" sizes=\"(max-width: 288px) 100vw, 288px\" \/><\/a><div class=\"grid-entry haase-archive\" data-content=\"13.07. \u2013 15.07.2012\r\n\r\n (more&hellip;)\"><ul class=\"post-categories\">\n\t<li><a href=\"https:\/\/www.geh8.de\/en\/category\/ausstellung\/\" rel=\"category tag\">Exhibition<\/a><\/li><\/ul><h3><span class=\"sub1\"><span class=\"sub2\"><span class=\"sub3\"><a href=\"https:\/\/www.geh8.de\/en\/dresden-dimensions\/\">Dresden Dimensions<\/a><\/span><\/span><\/span><\/h3><p>13.07. \u2013 15.07.2012<\/p>\n<\/div><\/div><div class=\"grid-item archive hyphenate querformat post-370 post type-post status-publish format-standard has-post-thumbnail hentry category-info\"><a href=\"https:\/\/www.geh8.de\/en\/geh8-insideout-im-kunsthaus-dresden\/\"><img decoding=\"async\" src=\"https:\/\/www.geh8.de\/page\/wp-content\/uploads\/2012\/09\/inside_out2-283x216.jpg\" class=\"attachment-tile-landscape-low size-tile-landscape-low wp-post-image\" alt=\"\" \/><\/a><div class=\"grid-entry haase-archive\" data-content=\"11.07. \u2013 14.07.2012\r\n\r\n (more&hellip;)\"><ul class=\"post-categories\">\n\t<li><a href=\"https:\/\/www.geh8.de\/en\/category\/info\/\" rel=\"category tag\">Info<\/a><\/li><\/ul><h3><span class=\"sub1\"><span class=\"sub2\"><span class=\"sub3\"><a href=\"https:\/\/www.geh8.de\/en\/geh8-insideout-im-kunsthaus-dresden\/\">geh8 INSIDEOUT at the Kunsthaus Dresden<\/a><\/span><\/span><\/span><\/h3><p>11.07. \u2013 14.07.2012<\/p>\n<\/div><\/div><div class=\"grid-item archive hyphenate querformat post-179 post type-post status-publish format-standard has-post-thumbnail hentry category-ausstellung\"><a href=\"https:\/\/www.geh8.de\/en\/niemandsland-all-dies-und-nichts\/\"><img decoding=\"async\" src=\"https:\/\/www.geh8.de\/page\/wp-content\/uploads\/2012\/08\/niemandsland_image-288x216.jpg\" class=\"attachment-tile-landscape-low size-tile-landscape-low wp-post-image\" alt=\"\" srcset=\"https:\/\/www.geh8.de\/page\/wp-content\/uploads\/2012\/08\/niemandsland_image-288x216.jpg 288w, https:\/\/www.geh8.de\/page\/wp-content\/uploads\/2012\/08\/niemandsland_image-448x336.jpg 448w, https:\/\/www.geh8.de\/page\/wp-content\/uploads\/2012\/08\/niemandsland_image-368x276.jpg 368w, https:\/\/www.geh8.de\/page\/wp-content\/uploads\/2012\/08\/niemandsland_image-90x67.jpg 90w\" sizes=\"(max-width: 288px) 100vw, 288px\" \/><\/a><div class=\"grid-entry haase-archive\" data-content=\"15.06.\u201308.07.2012\r\n (more&hellip;)\"><ul class=\"post-categories\">\n\t<li><a href=\"https:\/\/www.geh8.de\/en\/category\/ausstellung\/\" rel=\"category tag\">Exhibition<\/a><\/li><\/ul><h3><span class=\"sub1\"><span class=\"sub2\"><span class=\"sub3\"><a href=\"https:\/\/www.geh8.de\/en\/niemandsland-all-dies-und-nichts\/\">Niemandsland: All Dies und Nichts<\/a><\/span><\/span><\/span><\/h3><p>15.06.\u201308.07.2012<\/p>\n<\/div><\/div><div class=\"grid-item archive hyphenate querformat post-387 post type-post status-publish format-standard has-post-thumbnail hentry category-performance\"><a href=\"https:\/\/www.geh8.de\/en\/lange-nacht-des-nichts\/\"><img decoding=\"async\" src=\"https:\/\/www.geh8.de\/page\/wp-content\/uploads\/2012\/05\/img_1404-large-288x216.jpg\" class=\"attachment-tile-landscape-low size-tile-landscape-low wp-post-image\" alt=\"\" srcset=\"https:\/\/www.geh8.de\/page\/wp-content\/uploads\/2012\/05\/img_1404-large-288x216.jpg 288w, https:\/\/www.geh8.de\/page\/wp-content\/uploads\/2012\/05\/img_1404-large-448x336.jpg 448w, https:\/\/www.geh8.de\/page\/wp-content\/uploads\/2012\/05\/img_1404-large-368x276.jpg 368w, https:\/\/www.geh8.de\/page\/wp-content\/uploads\/2012\/05\/img_1404-large-90x67.jpg 90w\" sizes=\"(max-width: 288px) 100vw, 288px\" \/><\/a><div class=\"grid-entry haase-archive\" data-content=\"19.05.2012\r\n\r\n (more&hellip;)\"><ul class=\"post-categories\">\n\t<li><a href=\"https:\/\/www.geh8.de\/en\/category\/performance\/\" rel=\"category tag\">Performance<\/a><\/li><\/ul><h3><span class=\"sub1\"><span class=\"sub2\"><span class=\"sub3\"><a href=\"https:\/\/www.geh8.de\/en\/lange-nacht-des-nichts\/\">Lange Nacht des Nichts<\/a><\/span><\/span><\/span><\/h3><p>19.05.2012<\/p>\n<\/div><\/div><div class=\"grid-item archive hyphenate querformat post-392 post type-post status-publish format-standard has-post-thumbnail hentry category-info\"><a href=\"https:\/\/www.geh8.de\/en\/cynal-salon-5-0\/\"><img decoding=\"async\" src=\"https:\/\/www.geh8.de\/page\/wp-content\/uploads\/2012\/09\/SYNAL-288x216.jpg\" class=\"attachment-tile-landscape-low size-tile-landscape-low wp-post-image\" alt=\"\" srcset=\"https:\/\/www.geh8.de\/page\/wp-content\/uploads\/2012\/09\/SYNAL-288x216.jpg 288w, https:\/\/www.geh8.de\/page\/wp-content\/uploads\/2012\/09\/SYNAL-448x336.jpg 448w, https:\/\/www.geh8.de\/page\/wp-content\/uploads\/2012\/09\/SYNAL-368x276.jpg 368w, https:\/\/www.geh8.de\/page\/wp-content\/uploads\/2012\/09\/SYNAL-90x67.jpg 90w\" sizes=\"(max-width: 288px) 100vw, 288px\" \/><\/a><div class=\"grid-entry haase-archive\" data-content=\"26. 04. 2012\r\n\r\n (more&hellip;)\"><ul class=\"post-categories\">\n\t<li><a href=\"https:\/\/www.geh8.de\/en\/category\/info\/\" rel=\"category tag\">Info<\/a><\/li><\/ul><h3><span class=\"sub1\"><span class=\"sub2\"><span class=\"sub3\"><a href=\"https:\/\/www.geh8.de\/en\/cynal-salon-5-0\/\">CYNAL Salon 5.0<\/a><\/span><\/span><\/span><\/h3><p>26. 04. 2012<\/p>\n<\/div><\/div><div class=\"grid-item archive hyphenate querformat post-164 post type-post status-publish format-standard has-post-thumbnail hentry category-konzert\"><a href=\"https:\/\/www.geh8.de\/en\/meta-marie-louise\/\"><img decoding=\"async\" src=\"https:\/\/www.geh8.de\/page\/wp-content\/uploads\/2012\/04\/IMG_4712-288x216.jpg\" class=\"attachment-tile-landscape-low size-tile-landscape-low wp-post-image\" alt=\"\" srcset=\"https:\/\/www.geh8.de\/page\/wp-content\/uploads\/2012\/04\/IMG_4712-288x216.jpg 288w, https:\/\/www.geh8.de\/page\/wp-content\/uploads\/2012\/04\/IMG_4712-368x276.jpg 368w, https:\/\/www.geh8.de\/page\/wp-content\/uploads\/2012\/04\/IMG_4712-90x67.jpg 90w\" sizes=\"(max-width: 288px) 100vw, 288px\" \/><\/a><div class=\"grid-entry haase-archive\" data-content=\"25.04.2012\r\n\r\n (more&hellip;)\"><ul class=\"post-categories\">\n\t<li><a href=\"https:\/\/www.geh8.de\/en\/category\/konzert\/\" rel=\"category tag\">Concert<\/a><\/li><\/ul><h3><span class=\"sub1\"><span class=\"sub2\"><span class=\"sub3\"><a href=\"https:\/\/www.geh8.de\/en\/meta-marie-louise\/\">META MARIE LOUISE<\/a><\/span><\/span><\/span><\/h3><p>25.04.2012<\/p>\n<\/div><\/div><div class=\"grid-item archive hyphenate querformat post-401 post type-post status-publish format-standard has-post-thumbnail hentry category-ausstellung\"><a href=\"https:\/\/www.geh8.de\/en\/kaschmir-wascht-man-mit-der-hand-klasse-macketanz-2\/\"><img decoding=\"async\" src=\"https:\/\/www.geh8.de\/page\/wp-content\/uploads\/2012\/09\/Kaschmir-w\u00e4scht-man-288x216.jpg\" class=\"attachment-tile-landscape-low size-tile-landscape-low wp-post-image\" alt=\"\" srcset=\"https:\/\/www.geh8.de\/page\/wp-content\/uploads\/2012\/09\/Kaschmir-w\u00e4scht-man-288x216.jpg 288w, https:\/\/www.geh8.de\/page\/wp-content\/uploads\/2012\/09\/Kaschmir-w\u00e4scht-man-448x336.jpg 448w, https:\/\/www.geh8.de\/page\/wp-content\/uploads\/2012\/09\/Kaschmir-w\u00e4scht-man-368x276.jpg 368w, https:\/\/www.geh8.de\/page\/wp-content\/uploads\/2012\/09\/Kaschmir-w\u00e4scht-man-90x67.jpg 90w\" sizes=\"(max-width: 288px) 100vw, 288px\" \/><\/a><div class=\"grid-entry haase-archive\" data-content=\"21.04. - 13.05.2012\r\n\r\n (more&hellip;)\"><ul class=\"post-categories\">\n\t<li><a href=\"https:\/\/www.geh8.de\/en\/category\/ausstellung\/\" rel=\"category tag\">Exhibition<\/a><\/li><\/ul><h3><span class=\"sub1\"><span class=\"sub2\"><span class=\"sub3\"><a href=\"https:\/\/www.geh8.de\/en\/kaschmir-wascht-man-mit-der-hand-klasse-macketanz-2\/\">Kaschmir w\u00e4scht man mit der Hand \u2013 Klasse Macketanz<\/a><\/span><\/span><\/span><\/h3><p>21.04. &#8211; 13.05.2012<\/p>\n<\/div><\/div><div class=\"grid-item archive hyphenate querformat post-413 post type-post status-publish format-standard has-post-thumbnail hentry category-konzert\"><a href=\"https:\/\/www.geh8.de\/en\/obliq\/\"><img decoding=\"async\" src=\"https:\/\/www.geh8.de\/page\/wp-content\/uploads\/2012\/09\/obliq-288x216.jpg\" class=\"attachment-tile-landscape-low size-tile-landscape-low wp-post-image\" alt=\"\" srcset=\"https:\/\/www.geh8.de\/page\/wp-content\/uploads\/2012\/09\/obliq-288x216.jpg 288w, https:\/\/www.geh8.de\/page\/wp-content\/uploads\/2012\/09\/obliq-448x336.jpg 448w, https:\/\/www.geh8.de\/page\/wp-content\/uploads\/2012\/09\/obliq-368x276.jpg 368w, https:\/\/www.geh8.de\/page\/wp-content\/uploads\/2012\/09\/obliq-90x67.jpg 90w, https:\/\/www.geh8.de\/page\/wp-content\/uploads\/2012\/09\/obliq-30x24.jpg 30w, https:\/\/www.geh8.de\/page\/wp-content\/uploads\/2012\/09\/obliq-50x39.jpg 50w\" sizes=\"(max-width: 288px) 100vw, 288px\" \/><\/a><div class=\"grid-entry haase-archive\" data-content=\"26.03.2012\r\n (more&hellip;)\"><ul class=\"post-categories\">\n\t<li><a href=\"https:\/\/www.geh8.de\/en\/category\/konzert\/\" rel=\"category tag\">Concert<\/a><\/li><\/ul><h3><span class=\"sub1\"><span class=\"sub2\"><span class=\"sub3\"><a href=\"https:\/\/www.geh8.de\/en\/obliq\/\">OBLIQ<\/a><\/span><\/span><\/span><\/h3><p>26.03.2012<\/p>\n<\/div><\/div><div class=\"grid-item archive hyphenate querformat post-405 post type-post status-publish format-standard has-post-thumbnail hentry category-ausstellung\"><a href=\"https:\/\/www.geh8.de\/en\/the-great-escape-heinz-schmoller\/\"><img decoding=\"async\" src=\"https:\/\/www.geh8.de\/page\/wp-content\/uploads\/2012\/09\/The-Great-Escape-neu-288x216.jpg\" class=\"attachment-tile-landscape-low size-tile-landscape-low wp-post-image\" alt=\"\" srcset=\"https:\/\/www.geh8.de\/page\/wp-content\/uploads\/2012\/09\/The-Great-Escape-neu-288x216.jpg 288w, https:\/\/www.geh8.de\/page\/wp-content\/uploads\/2012\/09\/The-Great-Escape-neu-448x336.jpg 448w, https:\/\/www.geh8.de\/page\/wp-content\/uploads\/2012\/09\/The-Great-Escape-neu-368x276.jpg 368w, https:\/\/www.geh8.de\/page\/wp-content\/uploads\/2012\/09\/The-Great-Escape-neu-90x67.jpg 90w\" sizes=\"(max-width: 288px) 100vw, 288px\" \/><\/a><div class=\"grid-entry haase-archive\" data-content=\"23.03. \u2013 08.04.2012\r\n\r\n (more&hellip;)\"><ul class=\"post-categories\">\n\t<li><a href=\"https:\/\/www.geh8.de\/en\/category\/ausstellung\/\" rel=\"category tag\">Exhibition<\/a><\/li><\/ul><h3><span class=\"sub1\"><span class=\"sub2\"><span class=\"sub3\"><a href=\"https:\/\/www.geh8.de\/en\/the-great-escape-heinz-schmoller\/\">The Great Escape \/ Heinz Schm\u00f6ller<\/a><\/span><\/span><\/span><\/h3><p>23.03. \u2013 08.04.2012<\/p>\n<\/div><\/div><div class=\"grid-item archive hyphenate querformat post-418 post type-post status-publish format-standard has-post-thumbnail hentry category-konzert\"><a href=\"https:\/\/www.geh8.de\/en\/lafidki\/\"><img decoding=\"async\" src=\"https:\/\/www.geh8.de\/page\/wp-content\/uploads\/2012\/09\/LAFIDKI-288x216.jpg\" class=\"attachment-tile-landscape-low size-tile-landscape-low wp-post-image\" alt=\"\" srcset=\"https:\/\/www.geh8.de\/page\/wp-content\/uploads\/2012\/09\/LAFIDKI-288x216.jpg 288w, https:\/\/www.geh8.de\/page\/wp-content\/uploads\/2012\/09\/LAFIDKI-448x336.jpg 448w, https:\/\/www.geh8.de\/page\/wp-content\/uploads\/2012\/09\/LAFIDKI-368x276.jpg 368w, https:\/\/www.geh8.de\/page\/wp-content\/uploads\/2012\/09\/LAFIDKI-90x67.jpg 90w\" sizes=\"(max-width: 288px) 100vw, 288px\" \/><\/a><div class=\"grid-entry haase-archive\" data-content=\"08.03.2012\r\n\r\n (more&hellip;)\"><ul class=\"post-categories\">\n\t<li><a href=\"https:\/\/www.geh8.de\/en\/category\/konzert\/\" rel=\"category tag\">Concert<\/a><\/li><\/ul><h3><span class=\"sub1\"><span class=\"sub2\"><span class=\"sub3\"><a href=\"https:\/\/www.geh8.de\/en\/lafidki\/\">LAFIDKI<\/a><\/span><\/span><\/span><\/h3><p>08.03.2012<\/p>\n<\/div><\/div><div class=\"grid-item archive hyphenate querformat post-425 post type-post status-publish format-standard has-post-thumbnail hentry category-info\"><a href=\"https:\/\/www.geh8.de\/en\/geh8-5-jahre\/\"><img decoding=\"async\" src=\"https:\/\/www.geh8.de\/page\/wp-content\/uploads\/2012\/09\/5jahre_white-288x216.jpg\" class=\"attachment-tile-landscape-low size-tile-landscape-low wp-post-image\" alt=\"\" srcset=\"https:\/\/www.geh8.de\/page\/wp-content\/uploads\/2012\/09\/5jahre_white-288x216.jpg 288w, https:\/\/www.geh8.de\/page\/wp-content\/uploads\/2012\/09\/5jahre_white-448x336.jpg 448w, https:\/\/www.geh8.de\/page\/wp-content\/uploads\/2012\/09\/5jahre_white-368x276.jpg 368w, https:\/\/www.geh8.de\/page\/wp-content\/uploads\/2012\/09\/5jahre_white-90x67.jpg 90w\" sizes=\"(max-width: 288px) 100vw, 288px\" \/><\/a><div class=\"grid-entry haase-archive\" data-content=\"\"><ul class=\"post-categories\">\n\t<li><a href=\"https:\/\/www.geh8.de\/en\/category\/info\/\" rel=\"category tag\">Info<\/a><\/li><\/ul><h3><span class=\"sub1\"><span class=\"sub2\"><span class=\"sub3\"><a href=\"https:\/\/www.geh8.de\/en\/geh8-5-jahre\/\">GEH8 becomes 5<\/a><\/span><\/span><\/span><\/h3><\/div><\/div><div class=\"jahrestrenner m-5  grid-item archive hyphenate querformat post type-post status-publish format-standard has-post-thumbnail hentry category-ausstellung\"\n                         style=\"position: absolute; left: 0px; top: 0px;background-color:#fff;\"><a\n                        ><\/a>\n                        <div class=\"grid-entry\" style=\" background-color:transparent;color#000;\">\n                            <ul class=\"post-categories\">\n                                <li><a rel=\"category tag\">JAHR<\/a><\/li>\n                            <\/ul>\n\n                                            <h2 class=\"archiv-jahrestrenner\">2011<\/h2>\n\n\n                        <\/div>\n                    <\/div><div class=\"grid-item archive hyphenate querformat post-432 post type-post status-publish format-standard has-post-thumbnail hentry category-ausstellung\"><a href=\"https:\/\/www.geh8.de\/en\/uberleben-in-einheiten\/\"><img decoding=\"async\" src=\"https:\/\/www.geh8.de\/page\/wp-content\/uploads\/2012\/09\/\u00fcberleben-in-einheiten-288x216.jpg\" class=\"attachment-tile-landscape-low size-tile-landscape-low wp-post-image\" alt=\"\" srcset=\"https:\/\/www.geh8.de\/page\/wp-content\/uploads\/2012\/09\/\u00fcberleben-in-einheiten-288x216.jpg 288w, https:\/\/www.geh8.de\/page\/wp-content\/uploads\/2012\/09\/\u00fcberleben-in-einheiten-448x336.jpg 448w, https:\/\/www.geh8.de\/page\/wp-content\/uploads\/2012\/09\/\u00fcberleben-in-einheiten-368x276.jpg 368w, https:\/\/www.geh8.de\/page\/wp-content\/uploads\/2012\/09\/\u00fcberleben-in-einheiten-90x67.jpg 90w\" sizes=\"(max-width: 288px) 100vw, 288px\" \/><\/a><div class=\"grid-entry haase-archive\" data-content=\"29.10. \u2013 06.11.2011\r\n\r\n (more&hellip;)\"><ul class=\"post-categories\">\n\t<li><a href=\"https:\/\/www.geh8.de\/en\/category\/ausstellung\/\" rel=\"category tag\">Exhibition<\/a><\/li><\/ul><h3><span class=\"sub1\"><span class=\"sub2\"><span class=\"sub3\"><a href=\"https:\/\/www.geh8.de\/en\/uberleben-in-einheiten\/\">\u00dcberleben in Einheiten<\/a><\/span><\/span><\/span><\/h3><p>29.10. \u2013 06.11.2011<\/p>\n<\/div><\/div><div class=\"grid-item archive hyphenate querformat post-447 post type-post status-publish format-standard has-post-thumbnail hentry category-konzert\"><a href=\"https:\/\/www.geh8.de\/en\/gunter-baby-sommer-french-connection\/\"><img decoding=\"async\" src=\"https:\/\/www.geh8.de\/page\/wp-content\/uploads\/2012\/09\/g\u00fcnter-baby-288x216.jpg\" class=\"attachment-tile-landscape-low size-tile-landscape-low wp-post-image\" alt=\"\" srcset=\"https:\/\/www.geh8.de\/page\/wp-content\/uploads\/2012\/09\/g\u00fcnter-baby-288x216.jpg 288w, https:\/\/www.geh8.de\/page\/wp-content\/uploads\/2012\/09\/g\u00fcnter-baby-448x336.jpg 448w, https:\/\/www.geh8.de\/page\/wp-content\/uploads\/2012\/09\/g\u00fcnter-baby-368x276.jpg 368w, https:\/\/www.geh8.de\/page\/wp-content\/uploads\/2012\/09\/g\u00fcnter-baby-90x67.jpg 90w\" sizes=\"(max-width: 288px) 100vw, 288px\" \/><\/a><div class=\"grid-entry haase-archive\" data-content=\"16.09.2011\r\n\r\n (more&hellip;)\"><ul class=\"post-categories\">\n\t<li><a href=\"https:\/\/www.geh8.de\/en\/category\/konzert\/\" rel=\"category tag\">Concert<\/a><\/li><\/ul><h3><span class=\"sub1\"><span class=\"sub2\"><span class=\"sub3\"><a href=\"https:\/\/www.geh8.de\/en\/gunter-baby-sommer-french-connection\/\">G\u00fcnter Baby Sommer French Connection<\/a><\/span><\/span><\/span><\/h3><p>16.09.2011<\/p>\n<\/div><\/div><div class=\"grid-item archive hyphenate querformat post-454 post type-post status-publish format-standard has-post-thumbnail hentry category-konzert\"><a href=\"https:\/\/www.geh8.de\/en\/pierre-borel-joel-grip\/\"><img decoding=\"async\" src=\"https:\/\/www.geh8.de\/page\/wp-content\/uploads\/2012\/09\/Pierre-Borel-Joel-Grip-288x216.jpg\" class=\"attachment-tile-landscape-low size-tile-landscape-low wp-post-image\" alt=\"\" srcset=\"https:\/\/www.geh8.de\/page\/wp-content\/uploads\/2012\/09\/Pierre-Borel-Joel-Grip-288x216.jpg 288w, https:\/\/www.geh8.de\/page\/wp-content\/uploads\/2012\/09\/Pierre-Borel-Joel-Grip-368x276.jpg 368w, https:\/\/www.geh8.de\/page\/wp-content\/uploads\/2012\/09\/Pierre-Borel-Joel-Grip-90x67.jpg 90w\" sizes=\"(max-width: 288px) 100vw, 288px\" \/><\/a><div class=\"grid-entry haase-archive\" data-content=\"28.08.2011\r\n\r\n (more&hellip;)\"><ul class=\"post-categories\">\n\t<li><a href=\"https:\/\/www.geh8.de\/en\/category\/konzert\/\" rel=\"category tag\">Concert<\/a><\/li><\/ul><h3><span class=\"sub1\"><span class=\"sub2\"><span class=\"sub3\"><a href=\"https:\/\/www.geh8.de\/en\/pierre-borel-joel-grip\/\">Pierre Borel \/ Joel Grip<\/a><\/span><\/span><\/span><\/h3><p>28.08.2011<\/p>\n<\/div><\/div><div class=\"grid-item archive hyphenate querformat post-440 post type-post status-publish format-standard has-post-thumbnail hentry category-ausstellung\"><a href=\"https:\/\/www.geh8.de\/en\/paradigmi\/\"><img decoding=\"async\" src=\"https:\/\/www.geh8.de\/page\/wp-content\/uploads\/2012\/09\/Paradigmi-288x216.jpg\" class=\"attachment-tile-landscape-low size-tile-landscape-low wp-post-image\" alt=\"\" srcset=\"https:\/\/www.geh8.de\/page\/wp-content\/uploads\/2012\/09\/Paradigmi-288x216.jpg 288w, https:\/\/www.geh8.de\/page\/wp-content\/uploads\/2012\/09\/Paradigmi-448x336.jpg 448w, https:\/\/www.geh8.de\/page\/wp-content\/uploads\/2012\/09\/Paradigmi-368x276.jpg 368w, https:\/\/www.geh8.de\/page\/wp-content\/uploads\/2012\/09\/Paradigmi-90x67.jpg 90w\" sizes=\"(max-width: 288px) 100vw, 288px\" \/><\/a><div class=\"grid-entry haase-archive\" data-content=\"26.08. \u2013 18.09.2011\r\n\r\n (more&hellip;)\"><ul class=\"post-categories\">\n\t<li><a href=\"https:\/\/www.geh8.de\/en\/category\/ausstellung\/\" rel=\"category tag\">Exhibition<\/a><\/li><\/ul><h3><span class=\"sub1\"><span class=\"sub2\"><span class=\"sub3\"><a href=\"https:\/\/www.geh8.de\/en\/paradigmi\/\">paradigmi<\/a><\/span><\/span><\/span><\/h3><p>26.08. \u2013 18.09.2011<\/p>\n<\/div><\/div><div class=\"grid-item archive hyphenate querformat post-471 post type-post status-publish format-standard has-post-thumbnail hentry category-workshop\"><a href=\"https:\/\/www.geh8.de\/en\/14-internationalen-dresdner-sommerakademie-fur-bildende-kunst\/\"><img decoding=\"async\" src=\"https:\/\/www.geh8.de\/page\/wp-content\/uploads\/2012\/09\/Malerei_Plogsties__16_-288x216.jpg\" class=\"attachment-tile-landscape-low size-tile-landscape-low wp-post-image\" alt=\"\" srcset=\"https:\/\/www.geh8.de\/page\/wp-content\/uploads\/2012\/09\/Malerei_Plogsties__16_-288x216.jpg 288w, https:\/\/www.geh8.de\/page\/wp-content\/uploads\/2012\/09\/Malerei_Plogsties__16_-100x75.jpg 100w, https:\/\/www.geh8.de\/page\/wp-content\/uploads\/2012\/09\/Malerei_Plogsties__16_-80x60.jpg 80w, https:\/\/www.geh8.de\/page\/wp-content\/uploads\/2012\/09\/Malerei_Plogsties__16_-448x336.jpg 448w, https:\/\/www.geh8.de\/page\/wp-content\/uploads\/2012\/09\/Malerei_Plogsties__16_-368x276.jpg 368w, https:\/\/www.geh8.de\/page\/wp-content\/uploads\/2012\/09\/Malerei_Plogsties__16_-90x67.jpg 90w, https:\/\/www.geh8.de\/page\/wp-content\/uploads\/2012\/09\/Malerei_Plogsties__16_-30x23.jpg 30w, https:\/\/www.geh8.de\/page\/wp-content\/uploads\/2012\/09\/Malerei_Plogsties__16_-50x37.jpg 50w, https:\/\/www.geh8.de\/page\/wp-content\/uploads\/2012\/09\/Malerei_Plogsties__16_.jpg 640w\" sizes=\"(max-width: 288px) 100vw, 288px\" \/><\/a><div class=\"grid-entry haase-archive\" data-content=\"25.07. \u2013 05.08.2011\r\n\r\n (more&hellip;)\"><ul class=\"post-categories\">\n\t<li><a href=\"https:\/\/www.geh8.de\/en\/category\/workshop\/\" rel=\"category tag\">Workshop<\/a><\/li><\/ul><h3><span class=\"sub1\"><span class=\"sub2\"><span class=\"sub3\"><a href=\"https:\/\/www.geh8.de\/en\/14-internationalen-dresdner-sommerakademie-fur-bildende-kunst\/\">14. International Dresden Summer Academy of Fine Arts<\/a><\/span><\/span><\/span><\/h3><p>25.07. \u2013 05.08.2011<\/p>\n<\/div><\/div><div class=\"grid-item archive hyphenate querformat post-460 post type-post status-publish format-standard has-post-thumbnail hentry category-offenes_atelier\"><a href=\"https:\/\/www.geh8.de\/en\/the-stairs-that-do-not-care\/\"><img decoding=\"async\" src=\"https:\/\/www.geh8.de\/page\/wp-content\/uploads\/2012\/09\/stairs-that-do-not-care-288x216.jpg\" class=\"attachment-tile-landscape-low size-tile-landscape-low wp-post-image\" alt=\"\" srcset=\"https:\/\/www.geh8.de\/page\/wp-content\/uploads\/2012\/09\/stairs-that-do-not-care-288x216.jpg 288w, https:\/\/www.geh8.de\/page\/wp-content\/uploads\/2012\/09\/stairs-that-do-not-care-448x336.jpg 448w, https:\/\/www.geh8.de\/page\/wp-content\/uploads\/2012\/09\/stairs-that-do-not-care-368x276.jpg 368w, https:\/\/www.geh8.de\/page\/wp-content\/uploads\/2012\/09\/stairs-that-do-not-care-90x67.jpg 90w\" sizes=\"(max-width: 288px) 100vw, 288px\" \/><\/a><div class=\"grid-entry haase-archive\" data-content=\"24.07.2011\r\n\r\n (more&hellip;)\"><ul class=\"post-categories\">\n\t<li><a href=\"https:\/\/www.geh8.de\/en\/category\/offenes_atelier\/\" rel=\"category tag\">open Atelier<\/a><\/li><\/ul><h3><span class=\"sub1\"><span class=\"sub2\"><span class=\"sub3\"><a href=\"https:\/\/www.geh8.de\/en\/the-stairs-that-do-not-care\/\">\u00bbThe Stairs That Do Not Care\u00ab<\/a><\/span><\/span><\/span><\/h3><p>24.07.2011<\/p>\n<\/div><\/div><div class=\"grid-item archive hyphenate querformat post-467 post type-post status-publish format-standard has-post-thumbnail hentry category-konzert\"><a href=\"https:\/\/www.geh8.de\/en\/octothorpe-plays-aerogel-cd-release-konzert\/\"><img decoding=\"async\" src=\"https:\/\/www.geh8.de\/page\/wp-content\/uploads\/2012\/09\/octothorpe-288x216.jpg\" class=\"attachment-tile-landscape-low size-tile-landscape-low wp-post-image\" alt=\"\" srcset=\"https:\/\/www.geh8.de\/page\/wp-content\/uploads\/2012\/09\/octothorpe-288x216.jpg 288w, https:\/\/www.geh8.de\/page\/wp-content\/uploads\/2012\/09\/octothorpe-100x74.jpg 100w, https:\/\/www.geh8.de\/page\/wp-content\/uploads\/2012\/09\/octothorpe-80x60.jpg 80w, https:\/\/www.geh8.de\/page\/wp-content\/uploads\/2012\/09\/octothorpe-448x336.jpg 448w, https:\/\/www.geh8.de\/page\/wp-content\/uploads\/2012\/09\/octothorpe-368x276.jpg 368w, https:\/\/www.geh8.de\/page\/wp-content\/uploads\/2012\/09\/octothorpe-90x67.jpg 90w, https:\/\/www.geh8.de\/page\/wp-content\/uploads\/2012\/09\/octothorpe-30x22.jpg 30w, https:\/\/www.geh8.de\/page\/wp-content\/uploads\/2012\/09\/octothorpe-50x37.jpg 50w, https:\/\/www.geh8.de\/page\/wp-content\/uploads\/2012\/09\/octothorpe.jpg 571w\" sizes=\"(max-width: 288px) 100vw, 288px\" \/><\/a><div class=\"grid-entry haase-archive\" data-content=\"13.07.2011\r\n\r\n (more&hellip;)\"><ul class=\"post-categories\">\n\t<li><a href=\"https:\/\/www.geh8.de\/en\/category\/konzert\/\" rel=\"category tag\">Concert<\/a><\/li><\/ul><h3><span class=\"sub1\"><span class=\"sub2\"><span class=\"sub3\"><a href=\"https:\/\/www.geh8.de\/en\/octothorpe-plays-aerogel-cd-release-konzert\/\">octothorpe plays *AEROGEL* &#8211; CD-Release-Concert<\/a><\/span><\/span><\/span><\/h3><p>13.07.2011<\/p>\n<\/div><\/div><div class=\"grid-item archive hyphenate querformat post-476 post type-post status-publish format-standard has-post-thumbnail hentry category-ausstellung\"><a href=\"https:\/\/www.geh8.de\/en\/strand-der-dinge\/\"><img decoding=\"async\" src=\"https:\/\/www.geh8.de\/page\/wp-content\/uploads\/2012\/09\/Strand-der-Dinge_neu-288x216.jpg\" class=\"attachment-tile-landscape-low size-tile-landscape-low wp-post-image\" alt=\"\" srcset=\"https:\/\/www.geh8.de\/page\/wp-content\/uploads\/2012\/09\/Strand-der-Dinge_neu-288x216.jpg 288w, https:\/\/www.geh8.de\/page\/wp-content\/uploads\/2012\/09\/Strand-der-Dinge_neu-448x336.jpg 448w, https:\/\/www.geh8.de\/page\/wp-content\/uploads\/2012\/09\/Strand-der-Dinge_neu-368x276.jpg 368w, https:\/\/www.geh8.de\/page\/wp-content\/uploads\/2012\/09\/Strand-der-Dinge_neu-90x67.jpg 90w\" sizes=\"(max-width: 288px) 100vw, 288px\" \/><\/a><div class=\"grid-entry haase-archive\" data-content=\"24.06 \u2013 17.08.2011\r\n\r\n (more&hellip;)\"><ul class=\"post-categories\">\n\t<li><a href=\"https:\/\/www.geh8.de\/en\/category\/ausstellung\/\" rel=\"category tag\">Exhibition<\/a><\/li><\/ul><h3><span class=\"sub1\"><span class=\"sub2\"><span class=\"sub3\"><a href=\"https:\/\/www.geh8.de\/en\/strand-der-dinge\/\">strand der dinge<\/a><\/span><\/span><\/span><\/h3><p>24.06 \u2013 17.08.2011<\/p>\n<\/div><\/div><div class=\"grid-item archive hyphenate querformat post-480 post type-post status-publish format-standard has-post-thumbnail hentry category-info\"><a href=\"https:\/\/www.geh8.de\/en\/entwurfsworkshop-26er-ring\/\"><img decoding=\"async\" src=\"https:\/\/www.geh8.de\/page\/wp-content\/uploads\/2011\/06\/ENTWURFSWORKSHOP_26ER-RING-288x216.jpg\" class=\"attachment-tile-landscape-low size-tile-landscape-low wp-post-image\" alt=\"\" srcset=\"https:\/\/www.geh8.de\/page\/wp-content\/uploads\/2011\/06\/ENTWURFSWORKSHOP_26ER-RING-288x216.jpg 288w, https:\/\/www.geh8.de\/page\/wp-content\/uploads\/2011\/06\/ENTWURFSWORKSHOP_26ER-RING-100x75.jpg 100w, https:\/\/www.geh8.de\/page\/wp-content\/uploads\/2011\/06\/ENTWURFSWORKSHOP_26ER-RING-80x60.jpg 80w, https:\/\/www.geh8.de\/page\/wp-content\/uploads\/2011\/06\/ENTWURFSWORKSHOP_26ER-RING-448x336.jpg 448w, https:\/\/www.geh8.de\/page\/wp-content\/uploads\/2011\/06\/ENTWURFSWORKSHOP_26ER-RING-368x276.jpg 368w, https:\/\/www.geh8.de\/page\/wp-content\/uploads\/2011\/06\/ENTWURFSWORKSHOP_26ER-RING-90x67.jpg 90w, https:\/\/www.geh8.de\/page\/wp-content\/uploads\/2011\/06\/ENTWURFSWORKSHOP_26ER-RING-30x23.jpg 30w, https:\/\/www.geh8.de\/page\/wp-content\/uploads\/2011\/06\/ENTWURFSWORKSHOP_26ER-RING-50x37.jpg 50w, https:\/\/www.geh8.de\/page\/wp-content\/uploads\/2011\/06\/ENTWURFSWORKSHOP_26ER-RING.jpg 600w\" sizes=\"(max-width: 288px) 100vw, 288px\" \/><\/a><div class=\"grid-entry haase-archive\" data-content=\"14.06.-18.06.2011\r\n\r\n (more&hellip;)\"><ul class=\"post-categories\">\n\t<li><a href=\"https:\/\/www.geh8.de\/en\/category\/info\/\" rel=\"category tag\">Info<\/a><\/li><\/ul><h3><span class=\"sub1\"><span class=\"sub2\"><span class=\"sub3\"><a href=\"https:\/\/www.geh8.de\/en\/entwurfsworkshop-26er-ring\/\">DESIGN WORKSHOP 26ER RING<\/a><\/span><\/span><\/span><\/h3><p>14.06.-18.06.2011<\/p>\n<\/div><\/div><div class=\"grid-item archive hyphenate querformat post-487 post type-post status-publish format-standard has-post-thumbnail hentry category-ausstellung\"><a href=\"https:\/\/www.geh8.de\/en\/dauerbrenner-ii-gefase-und-objekte-aus-keramik-und-porzellan\/\"><img decoding=\"async\" src=\"https:\/\/www.geh8.de\/page\/wp-content\/uploads\/2012\/09\/dauerbrenner-II-288x216.jpg\" class=\"attachment-tile-landscape-low size-tile-landscape-low wp-post-image\" alt=\"\" srcset=\"https:\/\/www.geh8.de\/page\/wp-content\/uploads\/2012\/09\/dauerbrenner-II-288x216.jpg 288w, https:\/\/www.geh8.de\/page\/wp-content\/uploads\/2012\/09\/dauerbrenner-II-448x336.jpg 448w, https:\/\/www.geh8.de\/page\/wp-content\/uploads\/2012\/09\/dauerbrenner-II-368x276.jpg 368w, https:\/\/www.geh8.de\/page\/wp-content\/uploads\/2012\/09\/dauerbrenner-II-90x67.jpg 90w\" sizes=\"(max-width: 288px) 100vw, 288px\" \/><\/a><div class=\"grid-entry haase-archive\" data-content=\"06.05. \u2013 22.05.2011\r\n\r\n (more&hellip;)\"><ul class=\"post-categories\">\n\t<li><a href=\"https:\/\/www.geh8.de\/en\/category\/ausstellung\/\" rel=\"category tag\">Exhibition<\/a><\/li><\/ul><h3><span class=\"sub1\"><span class=\"sub2\"><span class=\"sub3\"><a href=\"https:\/\/www.geh8.de\/en\/dauerbrenner-ii-gefase-und-objekte-aus-keramik-und-porzellan\/\">DAUERBRENNER II<\/a><\/span><\/span><\/span><\/h3><p>06.05. \u2013 22.05.2011<\/p>\n<\/div><\/div><div class=\"grid-item archive hyphenate querformat post-483 post type-post status-publish format-standard has-post-thumbnail hentry category-lesung\"><a href=\"https:\/\/www.geh8.de\/en\/kunstlergesprach-mit-esme-valk-niederlande\/\"><img decoding=\"async\" src=\"https:\/\/www.geh8.de\/page\/wp-content\/uploads\/2011\/04\/esme-valk-288x216.jpg\" class=\"attachment-tile-landscape-low size-tile-landscape-low wp-post-image\" alt=\"\" srcset=\"https:\/\/www.geh8.de\/page\/wp-content\/uploads\/2011\/04\/esme-valk-288x216.jpg 288w, https:\/\/www.geh8.de\/page\/wp-content\/uploads\/2011\/04\/esme-valk-368x276.jpg 368w, https:\/\/www.geh8.de\/page\/wp-content\/uploads\/2011\/04\/esme-valk-90x67.jpg 90w\" sizes=\"(max-width: 288px) 100vw, 288px\" \/><\/a><div class=\"grid-entry haase-archive\" data-content=\"25.04.2011\r\n\r\n (more&hellip;)\"><ul class=\"post-categories\">\n\t<li><a href=\"https:\/\/www.geh8.de\/en\/category\/lesung\/\" rel=\"category tag\">Reading \/ Talk<\/a><\/li><\/ul><h3><span class=\"sub1\"><span class=\"sub2\"><span class=\"sub3\"><a href=\"https:\/\/www.geh8.de\/en\/kunstlergesprach-mit-esme-valk-niederlande\/\">Artist talk with Esm\u00e9 Valk (Niederlande)<\/a><\/span><\/span><\/span><\/h3><p>25.04.2011<\/p>\n<\/div><\/div><div class=\"grid-item archive hyphenate querformat post-500 post type-post status-publish format-standard has-post-thumbnail hentry category-lesung\"><a href=\"https:\/\/www.geh8.de\/en\/irrende-resonanzen-gesprache-zur-hoffnung\/\"><img decoding=\"async\" src=\"https:\/\/www.geh8.de\/page\/wp-content\/uploads\/2012\/09\/Irrende-Ressonanzen-288x216.jpg\" class=\"attachment-tile-landscape-low size-tile-landscape-low wp-post-image\" alt=\"\" srcset=\"https:\/\/www.geh8.de\/page\/wp-content\/uploads\/2012\/09\/Irrende-Ressonanzen-288x216.jpg 288w, https:\/\/www.geh8.de\/page\/wp-content\/uploads\/2012\/09\/Irrende-Ressonanzen-448x336.jpg 448w, https:\/\/www.geh8.de\/page\/wp-content\/uploads\/2012\/09\/Irrende-Ressonanzen-368x276.jpg 368w, https:\/\/www.geh8.de\/page\/wp-content\/uploads\/2012\/09\/Irrende-Ressonanzen-90x67.jpg 90w\" sizes=\"(max-width: 288px) 100vw, 288px\" \/><\/a><div class=\"grid-entry haase-archive\" data-content=\"14.04.2011\r\n\r\n (more&hellip;)\"><ul class=\"post-categories\">\n\t<li><a href=\"https:\/\/www.geh8.de\/en\/category\/lesung\/\" rel=\"category tag\">Reading \/ Talk<\/a><\/li><\/ul><h3><span class=\"sub1\"><span class=\"sub2\"><span class=\"sub3\"><a href=\"https:\/\/www.geh8.de\/en\/irrende-resonanzen-gesprache-zur-hoffnung\/\">Irrende Resonanzen &#8211; Gespr\u00e4che zur Hoffnung<\/a><\/span><\/span><\/span><\/h3><p>14.04.2011<\/p>\n<\/div><\/div><div class=\"grid-item archive hyphenate querformat post-496 post type-post status-publish format-standard has-post-thumbnail hentry category-ausstellung\"><a href=\"https:\/\/www.geh8.de\/en\/unverhofft-ins-blaue-installation-von-paul-elsner\/\"><img decoding=\"async\" src=\"https:\/\/www.geh8.de\/page\/wp-content\/uploads\/2012\/09\/unverhofft-ins-blaue-288x216.jpg\" class=\"attachment-tile-landscape-low size-tile-landscape-low wp-post-image\" alt=\"\" srcset=\"https:\/\/www.geh8.de\/page\/wp-content\/uploads\/2012\/09\/unverhofft-ins-blaue-288x216.jpg 288w, https:\/\/www.geh8.de\/page\/wp-content\/uploads\/2012\/09\/unverhofft-ins-blaue-448x336.jpg 448w, https:\/\/www.geh8.de\/page\/wp-content\/uploads\/2012\/09\/unverhofft-ins-blaue-368x276.jpg 368w, https:\/\/www.geh8.de\/page\/wp-content\/uploads\/2012\/09\/unverhofft-ins-blaue-90x67.jpg 90w\" sizes=\"(max-width: 288px) 100vw, 288px\" \/><\/a><div class=\"grid-entry haase-archive\" data-content=\"25.03. \u2013 25.04.2011\r\n (more&hellip;)\"><ul class=\"post-categories\">\n\t<li><a href=\"https:\/\/www.geh8.de\/en\/category\/ausstellung\/\" rel=\"category tag\">Exhibition<\/a><\/li><\/ul><h3><span class=\"sub1\"><span class=\"sub2\"><span class=\"sub3\"><a href=\"https:\/\/www.geh8.de\/en\/unverhofft-ins-blaue-installation-von-paul-elsner\/\">unverhofft ins blaue INSTALLATION BY PAUL ELSNER<\/a><\/span><\/span><\/span><\/h3><p>25.03. \u2013 25.04.2011<\/p>\n<\/div><\/div><div class=\"grid-item archive hyphenate querformat post-491 post type-post status-publish format-standard has-post-thumbnail hentry category-ausstellung\"><a href=\"https:\/\/www.geh8.de\/en\/hitch-hike\/\"><img decoding=\"async\" src=\"https:\/\/www.geh8.de\/page\/wp-content\/uploads\/2012\/09\/HITCH-HIKE-288x216.jpg\" class=\"attachment-tile-landscape-low size-tile-landscape-low wp-post-image\" alt=\"\" srcset=\"https:\/\/www.geh8.de\/page\/wp-content\/uploads\/2012\/09\/HITCH-HIKE-288x216.jpg 288w, https:\/\/www.geh8.de\/page\/wp-content\/uploads\/2012\/09\/HITCH-HIKE-448x336.jpg 448w, https:\/\/www.geh8.de\/page\/wp-content\/uploads\/2012\/09\/HITCH-HIKE-368x276.jpg 368w, https:\/\/www.geh8.de\/page\/wp-content\/uploads\/2012\/09\/HITCH-HIKE-90x67.jpg 90w\" sizes=\"(max-width: 288px) 100vw, 288px\" \/><\/a><div class=\"grid-entry haase-archive\" data-content=\"22.03. \u2013 31.03.2011\r\n\r\n (more&hellip;)\"><ul class=\"post-categories\">\n\t<li><a href=\"https:\/\/www.geh8.de\/en\/category\/ausstellung\/\" rel=\"category tag\">Exhibition<\/a><\/li><\/ul><h3><span class=\"sub1\"><span class=\"sub2\"><span class=\"sub3\"><a href=\"https:\/\/www.geh8.de\/en\/hitch-hike\/\">HITCH HIKE<\/a><\/span><\/span><\/span><\/h3><p>22.03. \u2013 31.03.2011<\/p>\n<\/div><\/div><div class=\"jahrestrenner m-5  grid-item archive hyphenate querformat post type-post status-publish format-standard has-post-thumbnail hentry category-ausstellung\"\n                         style=\"position: absolute; left: 0px; top: 0px;background-color:#fff;\"><a\n                        ><\/a>\n                        <div class=\"grid-entry\" style=\" background-color:transparent;color#000;\">\n                            <ul class=\"post-categories\">\n                                <li><a rel=\"category tag\">JAHR<\/a><\/li>\n                            <\/ul>\n\n                                            <h2 class=\"archiv-jahrestrenner\">2010<\/h2>\n\n\n                        <\/div>\n                    <\/div><div class=\"grid-item archive hyphenate querformat post-506 post type-post status-publish format-standard has-post-thumbnail hentry category-info\"><a href=\"https:\/\/www.geh8.de\/en\/exit-only\/\"><img decoding=\"async\" src=\"https:\/\/www.geh8.de\/page\/wp-content\/uploads\/2010\/11\/rausstellung-288x216.jpg\" class=\"attachment-tile-landscape-low size-tile-landscape-low wp-post-image\" alt=\"\" srcset=\"https:\/\/www.geh8.de\/page\/wp-content\/uploads\/2010\/11\/rausstellung-288x216.jpg 288w, https:\/\/www.geh8.de\/page\/wp-content\/uploads\/2010\/11\/rausstellung-448x336.jpg 448w, https:\/\/www.geh8.de\/page\/wp-content\/uploads\/2010\/11\/rausstellung-368x276.jpg 368w, https:\/\/www.geh8.de\/page\/wp-content\/uploads\/2010\/11\/rausstellung-90x67.jpg 90w\" sizes=\"(max-width: 288px) 100vw, 288px\" \/><\/a><div class=\"grid-entry haase-archive\" data-content=\"12.11. \u2013 20.11.2010\r\n (more&hellip;)\"><ul class=\"post-categories\">\n\t<li><a href=\"https:\/\/www.geh8.de\/en\/category\/info\/\" rel=\"category tag\">Info<\/a><\/li><\/ul><h3><span class=\"sub1\"><span class=\"sub2\"><span class=\"sub3\"><a href=\"https:\/\/www.geh8.de\/en\/exit-only\/\">rAusstellung<\/a><\/span><\/span><\/span><\/h3><p>12.11. \u2013 20.11.2010<\/p>\n<\/div><\/div><div class=\"grid-item archive hyphenate querformat post-509 post type-post status-publish format-standard has-post-thumbnail hentry category-ausstellung\"><a href=\"https:\/\/www.geh8.de\/en\/wiederkehr-der-landschaft\/\"><img decoding=\"async\" src=\"https:\/\/www.geh8.de\/page\/wp-content\/uploads\/2012\/09\/2.BK-10_1819-Flyer-21.10_Page_1-288x216.jpg\" class=\"attachment-tile-landscape-low size-tile-landscape-low wp-post-image\" alt=\"\" srcset=\"https:\/\/www.geh8.de\/page\/wp-content\/uploads\/2012\/09\/2.BK-10_1819-Flyer-21.10_Page_1-288x216.jpg 288w, https:\/\/www.geh8.de\/page\/wp-content\/uploads\/2012\/09\/2.BK-10_1819-Flyer-21.10_Page_1-368x276.jpg 368w, https:\/\/www.geh8.de\/page\/wp-content\/uploads\/2012\/09\/2.BK-10_1819-Flyer-21.10_Page_1-90x67.jpg 90w\" sizes=\"(max-width: 288px) 100vw, 288px\" \/><\/a><div class=\"grid-entry haase-archive\" data-content=\"22.10. \u2013 31.10.2010\r\n (more&hellip;)\"><ul class=\"post-categories\">\n\t<li><a href=\"https:\/\/www.geh8.de\/en\/category\/ausstellung\/\" rel=\"category tag\">Exhibition<\/a><\/li><\/ul><h3><span class=\"sub1\"><span class=\"sub2\"><span class=\"sub3\"><a href=\"https:\/\/www.geh8.de\/en\/wiederkehr-der-landschaft\/\">Wiederkehr der Landschaft<\/a><\/span><\/span><\/span><\/h3><p>22.10. \u2013 31.10.2010<\/p>\n<\/div><\/div><div class=\"grid-item archive hyphenate querformat post-514 post type-post status-publish format-standard has-post-thumbnail hentry category-offenes_atelier\"><a href=\"https:\/\/www.geh8.de\/en\/tomoko-katsumata-prasentiert-ihre-arbeiten\/\"><img decoding=\"async\" src=\"https:\/\/www.geh8.de\/page\/wp-content\/uploads\/2010\/09\/Tomoko-Kasumata-288x216.jpg\" class=\"attachment-tile-landscape-low size-tile-landscape-low wp-post-image\" alt=\"\" srcset=\"https:\/\/www.geh8.de\/page\/wp-content\/uploads\/2010\/09\/Tomoko-Kasumata-288x216.jpg 288w, https:\/\/www.geh8.de\/page\/wp-content\/uploads\/2010\/09\/Tomoko-Kasumata-448x336.jpg 448w, https:\/\/www.geh8.de\/page\/wp-content\/uploads\/2010\/09\/Tomoko-Kasumata-368x276.jpg 368w, https:\/\/www.geh8.de\/page\/wp-content\/uploads\/2010\/09\/Tomoko-Kasumata-90x67.jpg 90w\" sizes=\"(max-width: 288px) 100vw, 288px\" \/><\/a><div class=\"grid-entry haase-archive\" data-content=\"28.09.2010\r\n (more&hellip;)\"><ul class=\"post-categories\">\n\t<li><a href=\"https:\/\/www.geh8.de\/en\/category\/offenes_atelier\/\" rel=\"category tag\">open Atelier<\/a><\/li><\/ul><h3><span class=\"sub1\"><span class=\"sub2\"><span class=\"sub3\"><a href=\"https:\/\/www.geh8.de\/en\/tomoko-katsumata-prasentiert-ihre-arbeiten\/\">Tomoko Katsumata presents her works<\/a><\/span><\/span><\/span><\/h3><p>28.09.2010<\/p>\n<\/div><\/div><div class=\"grid-item archive hyphenate querformat post-526 post type-post status-publish format-standard has-post-thumbnail hentry category-konzert\"><a href=\"https:\/\/www.geh8.de\/en\/alexandr-vatagin-george-bagdasarov\/\"><img decoding=\"async\" src=\"https:\/\/www.geh8.de\/page\/wp-content\/uploads\/2012\/09\/vatagin-288x216.jpg\" class=\"attachment-tile-landscape-low size-tile-landscape-low wp-post-image\" alt=\"\" srcset=\"https:\/\/www.geh8.de\/page\/wp-content\/uploads\/2012\/09\/vatagin-288x216.jpg 288w, https:\/\/www.geh8.de\/page\/wp-content\/uploads\/2012\/09\/vatagin-448x336.jpg 448w, https:\/\/www.geh8.de\/page\/wp-content\/uploads\/2012\/09\/vatagin-368x276.jpg 368w, https:\/\/www.geh8.de\/page\/wp-content\/uploads\/2012\/09\/vatagin-90x67.jpg 90w\" sizes=\"(max-width: 288px) 100vw, 288px\" \/><\/a><div class=\"grid-entry haase-archive\" data-content=\"04.09.2010\r\n (more&hellip;)\"><ul class=\"post-categories\">\n\t<li><a href=\"https:\/\/www.geh8.de\/en\/category\/konzert\/\" rel=\"category tag\">Concert<\/a><\/li><\/ul><h3><span class=\"sub1\"><span class=\"sub2\"><span class=\"sub3\"><a href=\"https:\/\/www.geh8.de\/en\/alexandr-vatagin-george-bagdasarov\/\">Alexandr Vatagin &#038; George Bagdasarov<\/a><\/span><\/span><\/span><\/h3><p>04.09.2010<\/p>\n<\/div><\/div><div class=\"grid-item archive hyphenate querformat post-534 post type-post status-publish format-standard has-post-thumbnail hentry category-ausstellung\"><a href=\"https:\/\/www.geh8.de\/en\/apart\/\"><img decoding=\"async\" src=\"https:\/\/www.geh8.de\/page\/wp-content\/uploads\/2012\/09\/apart_cover-288x216.jpg\" class=\"attachment-tile-landscape-low size-tile-landscape-low wp-post-image\" alt=\"\" srcset=\"https:\/\/www.geh8.de\/page\/wp-content\/uploads\/2012\/09\/apart_cover-288x216.jpg 288w, https:\/\/www.geh8.de\/page\/wp-content\/uploads\/2012\/09\/apart_cover-448x336.jpg 448w, https:\/\/www.geh8.de\/page\/wp-content\/uploads\/2012\/09\/apart_cover-368x276.jpg 368w, https:\/\/www.geh8.de\/page\/wp-content\/uploads\/2012\/09\/apart_cover-90x67.jpg 90w\" sizes=\"(max-width: 288px) 100vw, 288px\" \/><\/a><div class=\"grid-entry haase-archive\" data-content=\"13.08. \u2013 28.08.2010\r\n (more&hellip;)\"><ul class=\"post-categories\">\n\t<li><a href=\"https:\/\/www.geh8.de\/en\/category\/ausstellung\/\" rel=\"category tag\">Exhibition<\/a><\/li><\/ul><h3><span class=\"sub1\"><span class=\"sub2\"><span class=\"sub3\"><a href=\"https:\/\/www.geh8.de\/en\/apart\/\">apart<\/a><\/span><\/span><\/span><\/h3><p>13.08. \u2013 28.08.2010<\/p>\n<\/div><\/div><div class=\"grid-item archive hyphenate querformat post-544 post type-post status-publish format-standard has-post-thumbnail hentry category-konzert\"><a href=\"https:\/\/www.geh8.de\/en\/baut-extract\/\"><img decoding=\"async\" src=\"https:\/\/www.geh8.de\/page\/wp-content\/uploads\/2012\/09\/baut-288x216.jpg\" class=\"attachment-tile-landscape-low size-tile-landscape-low wp-post-image\" alt=\"\" srcset=\"https:\/\/www.geh8.de\/page\/wp-content\/uploads\/2012\/09\/baut-288x216.jpg 288w, https:\/\/www.geh8.de\/page\/wp-content\/uploads\/2012\/09\/baut-368x276.jpg 368w, https:\/\/www.geh8.de\/page\/wp-content\/uploads\/2012\/09\/baut-90x67.jpg 90w\" sizes=\"(max-width: 288px) 100vw, 288px\" \/><\/a><div class=\"grid-entry haase-archive\" data-content=\"06.08.2010\r\n (more&hellip;)\"><ul class=\"post-categories\">\n\t<li><a href=\"https:\/\/www.geh8.de\/en\/category\/konzert\/\" rel=\"category tag\">Concert<\/a><\/li><\/ul><h3><span class=\"sub1\"><span class=\"sub2\"><span class=\"sub3\"><a href=\"https:\/\/www.geh8.de\/en\/baut-extract\/\">BAUT extract<\/a><\/span><\/span><\/span><\/h3><p>06.08.2010<\/p>\n<\/div><\/div><div class=\"grid-item archive hyphenate querformat post-540 post type-post status-publish format-standard has-post-thumbnail hentry category-ausstellung\"><a href=\"https:\/\/www.geh8.de\/en\/back-to-the-drawing-board\/\"><img decoding=\"async\" src=\"https:\/\/www.geh8.de\/page\/wp-content\/uploads\/2012\/09\/back-to-the-drawing-board-288x216.jpg\" class=\"attachment-tile-landscape-low size-tile-landscape-low wp-post-image\" alt=\"\" srcset=\"https:\/\/www.geh8.de\/page\/wp-content\/uploads\/2012\/09\/back-to-the-drawing-board-288x216.jpg 288w, https:\/\/www.geh8.de\/page\/wp-content\/uploads\/2012\/09\/back-to-the-drawing-board-448x336.jpg 448w, https:\/\/www.geh8.de\/page\/wp-content\/uploads\/2012\/09\/back-to-the-drawing-board-368x276.jpg 368w, https:\/\/www.geh8.de\/page\/wp-content\/uploads\/2012\/09\/back-to-the-drawing-board-90x67.jpg 90w\" sizes=\"(max-width: 288px) 100vw, 288px\" \/><\/a><div class=\"grid-entry haase-archive\" data-content=\"06.08. \u2013 28.08.2010\r\n (more&hellip;)\"><ul class=\"post-categories\">\n\t<li><a href=\"https:\/\/www.geh8.de\/en\/category\/ausstellung\/\" rel=\"category tag\">Exhibition<\/a><\/li><\/ul><h3><span class=\"sub1\"><span class=\"sub2\"><span class=\"sub3\"><a href=\"https:\/\/www.geh8.de\/en\/back-to-the-drawing-board\/\">back to the drawing board<\/a><\/span><\/span><\/span><\/h3><p>06.08. \u2013 28.08.2010<\/p>\n<\/div><\/div><div class=\"grid-item archive hyphenate querformat post-521 post type-post status-publish format-standard has-post-thumbnail hentry category-info\"><a href=\"https:\/\/www.geh8.de\/en\/housewarning\/\"><img decoding=\"async\" src=\"https:\/\/www.geh8.de\/page\/wp-content\/uploads\/2012\/09\/houseworming-288x216.jpg\" class=\"attachment-tile-landscape-low size-tile-landscape-low wp-post-image\" alt=\"\" srcset=\"https:\/\/www.geh8.de\/page\/wp-content\/uploads\/2012\/09\/houseworming-288x216.jpg 288w, https:\/\/www.geh8.de\/page\/wp-content\/uploads\/2012\/09\/houseworming-368x276.jpg 368w, https:\/\/www.geh8.de\/page\/wp-content\/uploads\/2012\/09\/houseworming-90x67.jpg 90w\" sizes=\"(max-width: 288px) 100vw, 288px\" \/><\/a><div class=\"grid-entry haase-archive\" data-content=\"02.08. - 07.09.2010\r\n (more&hellip;)\"><ul class=\"post-categories\">\n\t<li><a href=\"https:\/\/www.geh8.de\/en\/category\/info\/\" rel=\"category tag\">Info<\/a><\/li><\/ul><h3><span class=\"sub1\"><span class=\"sub2\"><span class=\"sub3\"><a href=\"https:\/\/www.geh8.de\/en\/housewarning\/\">\u00bbhouseWARNING\u00ab<\/a><\/span><\/span><\/span><\/h3><p>02.08. &#8211; 07.09.2010<\/p>\n<\/div><\/div><div class=\"grid-item archive hyphenate querformat post-548 post type-post status-publish format-standard has-post-thumbnail hentry category-workshop\"><a href=\"https:\/\/www.geh8.de\/en\/13-internationalen-dresdner-sommerakademie-fur-bildende-kunst\/\"><img decoding=\"async\" src=\"https:\/\/www.geh8.de\/page\/wp-content\/uploads\/2010\/07\/sommerakademie-288x216.jpg\" class=\"attachment-tile-landscape-low size-tile-landscape-low wp-post-image\" alt=\"\" srcset=\"https:\/\/www.geh8.de\/page\/wp-content\/uploads\/2010\/07\/sommerakademie-288x216.jpg 288w, https:\/\/www.geh8.de\/page\/wp-content\/uploads\/2010\/07\/sommerakademie-368x276.jpg 368w, https:\/\/www.geh8.de\/page\/wp-content\/uploads\/2010\/07\/sommerakademie-90x67.jpg 90w\" sizes=\"(max-width: 288px) 100vw, 288px\" \/><\/a><div class=\"grid-entry haase-archive\" data-content=\"19.07. \u2013 30.07.2010\r\n (more&hellip;)\"><ul class=\"post-categories\">\n\t<li><a href=\"https:\/\/www.geh8.de\/en\/category\/workshop\/\" rel=\"category tag\">Workshop<\/a><\/li><\/ul><h3><span class=\"sub1\"><span class=\"sub2\"><span class=\"sub3\"><a href=\"https:\/\/www.geh8.de\/en\/13-internationalen-dresdner-sommerakademie-fur-bildende-kunst\/\">13th Dresden International Summer Academy of Fine Arts<\/a><\/span><\/span><\/span><\/h3><p>19.07. \u2013 30.07.2010<\/p>\n<\/div><\/div><div class=\"grid-item archive hyphenate querformat post-562 post type-post status-publish format-standard has-post-thumbnail hentry category-performance\"><a href=\"https:\/\/www.geh8.de\/en\/various-minds-sommermodenschau\/\"><img decoding=\"async\" src=\"https:\/\/www.geh8.de\/page\/wp-content\/uploads\/2012\/09\/various-minds-288x216.jpg\" class=\"attachment-tile-landscape-low size-tile-landscape-low wp-post-image\" alt=\"\" srcset=\"https:\/\/www.geh8.de\/page\/wp-content\/uploads\/2012\/09\/various-minds-288x216.jpg 288w, https:\/\/www.geh8.de\/page\/wp-content\/uploads\/2012\/09\/various-minds-448x336.jpg 448w, https:\/\/www.geh8.de\/page\/wp-content\/uploads\/2012\/09\/various-minds-368x276.jpg 368w, https:\/\/www.geh8.de\/page\/wp-content\/uploads\/2012\/09\/various-minds-90x67.jpg 90w\" sizes=\"(max-width: 288px) 100vw, 288px\" \/><\/a><div class=\"grid-entry haase-archive\" data-content=\"12.07.2010\r\n (more&hellip;)\"><ul class=\"post-categories\">\n\t<li><a href=\"https:\/\/www.geh8.de\/en\/category\/performance\/\" rel=\"category tag\">Performance<\/a><\/li><\/ul><h3><span class=\"sub1\"><span class=\"sub2\"><span class=\"sub3\"><a href=\"https:\/\/www.geh8.de\/en\/various-minds-sommermodenschau\/\">Various Minds &#8211; Summer Fashion Show<\/a><\/span><\/span><\/span><\/h3><p>12.07.2010<\/p>\n<\/div><\/div><div class=\"grid-item archive hyphenate querformat post-550 post type-post status-publish format-standard has-post-thumbnail hentry category-konzert\"><a href=\"https:\/\/www.geh8.de\/en\/andre-obermuller-diplomkonzert\/\"><img decoding=\"async\" src=\"https:\/\/www.geh8.de\/page\/wp-content\/uploads\/2012\/09\/Flyer_Diplomkonzert-288x216.jpg\" class=\"attachment-tile-landscape-low size-tile-landscape-low wp-post-image\" alt=\"\" srcset=\"https:\/\/www.geh8.de\/page\/wp-content\/uploads\/2012\/09\/Flyer_Diplomkonzert-288x216.jpg 288w, https:\/\/www.geh8.de\/page\/wp-content\/uploads\/2012\/09\/Flyer_Diplomkonzert-448x336.jpg 448w, https:\/\/www.geh8.de\/page\/wp-content\/uploads\/2012\/09\/Flyer_Diplomkonzert-368x276.jpg 368w, https:\/\/www.geh8.de\/page\/wp-content\/uploads\/2012\/09\/Flyer_Diplomkonzert-90x67.jpg 90w\" sizes=\"(max-width: 288px) 100vw, 288px\" \/><\/a><div class=\"grid-entry haase-archive\" data-content=\"04.07.2010\r\n (more&hellip;)\"><ul class=\"post-categories\">\n\t<li><a href=\"https:\/\/www.geh8.de\/en\/category\/konzert\/\" rel=\"category tag\">Concert<\/a><\/li><\/ul><h3><span class=\"sub1\"><span class=\"sub2\"><span class=\"sub3\"><a href=\"https:\/\/www.geh8.de\/en\/andre-obermuller-diplomkonzert\/\">Andr\u00e9 Oberm\u00fcller Diploma Concert<\/a><\/span><\/span><\/span><\/h3><p>04.07.2010<\/p>\n<\/div><\/div><div class=\"grid-item archive hyphenate querformat post-655 post type-post status-publish format-standard has-post-thumbnail hentry category-info\"><a href=\"https:\/\/www.geh8.de\/en\/discursive-picnic\/\"><img decoding=\"async\" src=\"https:\/\/www.geh8.de\/page\/wp-content\/uploads\/2010\/07\/Discursive_Picnic-288x216.jpg\" class=\"attachment-tile-landscape-low size-tile-landscape-low wp-post-image\" alt=\"\" srcset=\"https:\/\/www.geh8.de\/page\/wp-content\/uploads\/2010\/07\/Discursive_Picnic-288x216.jpg 288w, https:\/\/www.geh8.de\/page\/wp-content\/uploads\/2010\/07\/Discursive_Picnic-100x75.jpg 100w, https:\/\/www.geh8.de\/page\/wp-content\/uploads\/2010\/07\/Discursive_Picnic-80x60.jpg 80w, https:\/\/www.geh8.de\/page\/wp-content\/uploads\/2010\/07\/Discursive_Picnic-448x336.jpg 448w, https:\/\/www.geh8.de\/page\/wp-content\/uploads\/2010\/07\/Discursive_Picnic-368x276.jpg 368w, https:\/\/www.geh8.de\/page\/wp-content\/uploads\/2010\/07\/Discursive_Picnic-90x67.jpg 90w, https:\/\/www.geh8.de\/page\/wp-content\/uploads\/2010\/07\/Discursive_Picnic-30x23.jpg 30w, https:\/\/www.geh8.de\/page\/wp-content\/uploads\/2010\/07\/Discursive_Picnic-50x37.jpg 50w, https:\/\/www.geh8.de\/page\/wp-content\/uploads\/2010\/07\/Discursive_Picnic.jpg 500w\" sizes=\"(max-width: 288px) 100vw, 288px\" \/><\/a><div class=\"grid-entry haase-archive\" data-content=\"04.07.2010\r\n (more&hellip;)\"><ul class=\"post-categories\">\n\t<li><a href=\"https:\/\/www.geh8.de\/en\/category\/info\/\" rel=\"category tag\">Info<\/a><\/li><\/ul><h3><span class=\"sub1\"><span class=\"sub2\"><span class=\"sub3\"><a href=\"https:\/\/www.geh8.de\/en\/discursive-picnic\/\">Discursive Picnic<\/a><\/span><\/span><\/span><\/h3><p>04.07.2010<\/p>\n<\/div><\/div><div class=\"grid-item archive hyphenate querformat post-558 post type-post status-publish format-standard has-post-thumbnail hentry category-info\"><a href=\"https:\/\/www.geh8.de\/en\/wm-ateliergemeinschaft\/\"><img decoding=\"async\" src=\"https:\/\/www.geh8.de\/page\/wp-content\/uploads\/2012\/09\/WM-Ateliergemeinschaft-_-klein-288x216.jpg\" class=\"attachment-tile-landscape-low size-tile-landscape-low wp-post-image\" alt=\"\" srcset=\"https:\/\/www.geh8.de\/page\/wp-content\/uploads\/2012\/09\/WM-Ateliergemeinschaft-_-klein-288x216.jpg 288w, https:\/\/www.geh8.de\/page\/wp-content\/uploads\/2012\/09\/WM-Ateliergemeinschaft-_-klein-368x276.jpg 368w, https:\/\/www.geh8.de\/page\/wp-content\/uploads\/2012\/09\/WM-Ateliergemeinschaft-_-klein-90x67.jpg 90w\" sizes=\"(max-width: 288px) 100vw, 288px\" \/><\/a><div class=\"grid-entry haase-archive\" data-content=\"13.06. - 11.07.2010\r\n (more&hellip;)\"><ul class=\"post-categories\">\n\t<li><a href=\"https:\/\/www.geh8.de\/en\/category\/info\/\" rel=\"category tag\">Info<\/a><\/li><\/ul><h3><span class=\"sub1\"><span class=\"sub2\"><span class=\"sub3\"><a href=\"https:\/\/www.geh8.de\/en\/wm-ateliergemeinschaft\/\">WM Studio community<\/a><\/span><\/span><\/span><\/h3><p>13.06. &#8211; 11.07.2010<\/p>\n<\/div><\/div><div class=\"grid-item archive hyphenate querformat post-565 post type-post status-publish format-standard has-post-thumbnail hentry category-ausstellung\"><a href=\"https:\/\/www.geh8.de\/en\/as-i-remember\/\"><img decoding=\"async\" src=\"https:\/\/www.geh8.de\/page\/wp-content\/uploads\/2012\/09\/as-i-remember-288x216.jpg\" class=\"attachment-tile-landscape-low size-tile-landscape-low wp-post-image\" alt=\"\" srcset=\"https:\/\/www.geh8.de\/page\/wp-content\/uploads\/2012\/09\/as-i-remember-288x216.jpg 288w, https:\/\/www.geh8.de\/page\/wp-content\/uploads\/2012\/09\/as-i-remember-448x336.jpg 448w, https:\/\/www.geh8.de\/page\/wp-content\/uploads\/2012\/09\/as-i-remember-368x276.jpg 368w, https:\/\/www.geh8.de\/page\/wp-content\/uploads\/2012\/09\/as-i-remember-90x67.jpg 90w\" sizes=\"(max-width: 288px) 100vw, 288px\" \/><\/a><div class=\"grid-entry haase-archive\" data-content=\"12.05. \u2013 06.06.2010\r\n (more&hellip;)\"><ul class=\"post-categories\">\n\t<li><a href=\"https:\/\/www.geh8.de\/en\/category\/ausstellung\/\" rel=\"category tag\">Exhibition<\/a><\/li><\/ul><h3><span class=\"sub1\"><span class=\"sub2\"><span class=\"sub3\"><a href=\"https:\/\/www.geh8.de\/en\/as-i-remember\/\">As I remember<\/a><\/span><\/span><\/span><\/h3><p>12.05. \u2013 06.06.2010<\/p>\n<\/div><\/div><div class=\"grid-item archive hyphenate querformat post-569 post type-post status-publish format-standard has-post-thumbnail hentry category-info\"><a href=\"https:\/\/www.geh8.de\/en\/tanz-in-den-mai\/\"><img decoding=\"async\" src=\"https:\/\/www.geh8.de\/page\/wp-content\/uploads\/2012\/09\/rueck_tanz-in-den-mai-288x216.jpg\" class=\"attachment-tile-landscape-low size-tile-landscape-low wp-post-image\" alt=\"\" srcset=\"https:\/\/www.geh8.de\/page\/wp-content\/uploads\/2012\/09\/rueck_tanz-in-den-mai-288x216.jpg 288w, https:\/\/www.geh8.de\/page\/wp-content\/uploads\/2012\/09\/rueck_tanz-in-den-mai-448x336.jpg 448w, https:\/\/www.geh8.de\/page\/wp-content\/uploads\/2012\/09\/rueck_tanz-in-den-mai-368x276.jpg 368w, https:\/\/www.geh8.de\/page\/wp-content\/uploads\/2012\/09\/rueck_tanz-in-den-mai-90x67.jpg 90w\" sizes=\"(max-width: 288px) 100vw, 288px\" \/><\/a><div class=\"grid-entry haase-archive\" data-content=\"30.04.2010\r\n (more&hellip;)\"><ul class=\"post-categories\">\n\t<li><a href=\"https:\/\/www.geh8.de\/en\/category\/info\/\" rel=\"category tag\">Info<\/a><\/li><\/ul><h3><span class=\"sub1\"><span class=\"sub2\"><span class=\"sub3\"><a href=\"https:\/\/www.geh8.de\/en\/tanz-in-den-mai\/\">TANZ IN DEN MAI<\/a><\/span><\/span><\/span><\/h3><p>30.04.2010<\/p>\n<\/div><\/div><div class=\"grid-item archive hyphenate querformat post-572 post type-post status-publish format-standard has-post-thumbnail hentry category-konzert\"><a href=\"https:\/\/www.geh8.de\/en\/four-alto-2\/\"><img decoding=\"async\" src=\"https:\/\/www.geh8.de\/page\/wp-content\/uploads\/2010\/04\/four-alto-1-288x216.jpg\" class=\"attachment-tile-landscape-low size-tile-landscape-low wp-post-image\" alt=\"\" srcset=\"https:\/\/www.geh8.de\/page\/wp-content\/uploads\/2010\/04\/four-alto-1-288x216.jpg 288w, https:\/\/www.geh8.de\/page\/wp-content\/uploads\/2010\/04\/four-alto-1-448x336.jpg 448w, https:\/\/www.geh8.de\/page\/wp-content\/uploads\/2010\/04\/four-alto-1-368x276.jpg 368w, https:\/\/www.geh8.de\/page\/wp-content\/uploads\/2010\/04\/four-alto-1-90x67.jpg 90w\" sizes=\"(max-width: 288px) 100vw, 288px\" \/><\/a><div class=\"grid-entry haase-archive\" data-content=\"26.04.2010\r\n (more&hellip;)\"><ul class=\"post-categories\">\n\t<li><a href=\"https:\/\/www.geh8.de\/en\/category\/konzert\/\" rel=\"category tag\">Concert<\/a><\/li><\/ul><h3><span class=\"sub1\"><span class=\"sub2\"><span class=\"sub3\"><a href=\"https:\/\/www.geh8.de\/en\/four-alto-2\/\">Fo[u]r Alto<\/a><\/span><\/span><\/span><\/h3><p>26.04.2010<\/p>\n<\/div><\/div><div class=\"grid-item archive hyphenate querformat post-582 post type-post status-publish format-standard has-post-thumbnail hentry category-ausstellung\"><a href=\"https:\/\/www.geh8.de\/en\/acht\/\"><img decoding=\"async\" src=\"https:\/\/www.geh8.de\/page\/wp-content\/uploads\/2012\/09\/8-288x216.jpg\" class=\"attachment-tile-landscape-low size-tile-landscape-low wp-post-image\" alt=\"\" srcset=\"https:\/\/www.geh8.de\/page\/wp-content\/uploads\/2012\/09\/8-288x216.jpg 288w, https:\/\/www.geh8.de\/page\/wp-content\/uploads\/2012\/09\/8-448x336.jpg 448w, https:\/\/www.geh8.de\/page\/wp-content\/uploads\/2012\/09\/8-368x276.jpg 368w, https:\/\/www.geh8.de\/page\/wp-content\/uploads\/2012\/09\/8-90x67.jpg 90w\" sizes=\"(max-width: 288px) 100vw, 288px\" \/><\/a><div class=\"grid-entry haase-archive\" data-content=\"02.04. \u2013 18.04.2010\r\n (more&hellip;)\"><ul class=\"post-categories\">\n\t<li><a href=\"https:\/\/www.geh8.de\/en\/category\/ausstellung\/\" rel=\"category tag\">Exhibition<\/a><\/li><\/ul><h3><span class=\"sub1\"><span class=\"sub2\"><span class=\"sub3\"><a href=\"https:\/\/www.geh8.de\/en\/acht\/\">ACHT<\/a><\/span><\/span><\/span><\/h3><p>02.04. \u2013 18.04.2010<\/p>\n<\/div><\/div><div class=\"grid-item archive hyphenate querformat post-588 post type-post status-publish format-standard has-post-thumbnail hentry category-info\"><a href=\"https:\/\/www.geh8.de\/en\/schwarzmarkt-fur-nutzliches-wissen-und-nicht-wissen-nr-13\/\"><img decoding=\"async\" src=\"https:\/\/www.geh8.de\/page\/wp-content\/uploads\/2012\/09\/Portr\u00e4t-288x216.jpg\" class=\"attachment-tile-landscape-low size-tile-landscape-low wp-post-image\" alt=\"\" srcset=\"https:\/\/www.geh8.de\/page\/wp-content\/uploads\/2012\/09\/Portr\u00e4t-288x216.jpg 288w, https:\/\/www.geh8.de\/page\/wp-content\/uploads\/2012\/09\/Portr\u00e4t-368x276.jpg 368w, https:\/\/www.geh8.de\/page\/wp-content\/uploads\/2012\/09\/Portr\u00e4t-90x67.jpg 90w\" sizes=\"(max-width: 288px) 100vw, 288px\" \/><\/a><div class=\"grid-entry haase-archive\" data-content=\"20.03.2010 (more&hellip;)\"><ul class=\"post-categories\">\n\t<li><a href=\"https:\/\/www.geh8.de\/en\/category\/info\/\" rel=\"category tag\">Info<\/a><\/li><\/ul><h3><span class=\"sub1\"><span class=\"sub2\"><span class=\"sub3\"><a href=\"https:\/\/www.geh8.de\/en\/schwarzmarkt-fur-nutzliches-wissen-und-nicht-wissen-nr-13\/\">Schwarzmarkt f\u00fcr n\u00fctzliches Wissen und Nicht-Wissen Nr. 13<\/a><\/span><\/span><\/span><\/h3><p>20.03.2010<\/p>\n<\/div><\/div><div class=\"grid-item archive hyphenate querformat post-592 post type-post status-publish format-standard has-post-thumbnail hentry category-ausstellung\"><a href=\"https:\/\/www.geh8.de\/en\/dauerbrenner\/\"><img decoding=\"async\" src=\"https:\/\/www.geh8.de\/page\/wp-content\/uploads\/2012\/09\/Dauerbrenner-288x216.jpg\" class=\"attachment-tile-landscape-low size-tile-landscape-low wp-post-image\" alt=\"\" srcset=\"https:\/\/www.geh8.de\/page\/wp-content\/uploads\/2012\/09\/Dauerbrenner-288x216.jpg 288w, https:\/\/www.geh8.de\/page\/wp-content\/uploads\/2012\/09\/Dauerbrenner-576x432.jpg 576w, https:\/\/www.geh8.de\/page\/wp-content\/uploads\/2012\/09\/Dauerbrenner-448x336.jpg 448w, https:\/\/www.geh8.de\/page\/wp-content\/uploads\/2012\/09\/Dauerbrenner-368x276.jpg 368w, https:\/\/www.geh8.de\/page\/wp-content\/uploads\/2012\/09\/Dauerbrenner-90x67.jpg 90w\" sizes=\"(max-width: 288px) 100vw, 288px\" \/><\/a><div class=\"grid-entry haase-archive\" data-content=\"05.03. \u2013 21.03.2010 (more&hellip;)\"><ul class=\"post-categories\">\n\t<li><a href=\"https:\/\/www.geh8.de\/en\/category\/ausstellung\/\" rel=\"category tag\">Exhibition<\/a><\/li><\/ul><h3><span class=\"sub1\"><span class=\"sub2\"><span class=\"sub3\"><a href=\"https:\/\/www.geh8.de\/en\/dauerbrenner\/\">DAUERBRENNER<\/a><\/span><\/span><\/span><\/h3><p>05.03. \u2013 21.03.2010<\/p>\n<\/div><\/div><div class=\"grid-item archive hyphenate querformat post-600 post type-post status-publish format-standard has-post-thumbnail hentry category-ausstellung\"><a href=\"https:\/\/www.geh8.de\/en\/our-house-is-your-house-2\/\"><img decoding=\"async\" src=\"https:\/\/www.geh8.de\/page\/wp-content\/uploads\/2012\/09\/ouer-house-in-prag-288x216.jpg\" class=\"attachment-tile-landscape-low size-tile-landscape-low wp-post-image\" alt=\"\" srcset=\"https:\/\/www.geh8.de\/page\/wp-content\/uploads\/2012\/09\/ouer-house-in-prag-288x216.jpg 288w, https:\/\/www.geh8.de\/page\/wp-content\/uploads\/2012\/09\/ouer-house-in-prag-448x336.jpg 448w, https:\/\/www.geh8.de\/page\/wp-content\/uploads\/2012\/09\/ouer-house-in-prag-368x276.jpg 368w, https:\/\/www.geh8.de\/page\/wp-content\/uploads\/2012\/09\/ouer-house-in-prag-90x67.jpg 90w\" sizes=\"(max-width: 288px) 100vw, 288px\" \/><\/a><div class=\"grid-entry haase-archive\" data-content=\"06.01. \u2013 31.01.10  (more&hellip;)\"><ul class=\"post-categories\">\n\t<li><a href=\"https:\/\/www.geh8.de\/en\/category\/ausstellung\/\" rel=\"category tag\">Exhibition<\/a><\/li><\/ul><h3><span class=\"sub1\"><span class=\"sub2\"><span class=\"sub3\"><a href=\"https:\/\/www.geh8.de\/en\/our-house-is-your-house-2\/\">OUR HOUSE IS YOUR HOUSE<\/a><\/span><\/span><\/span><\/h3><p>06.01. \u2013 31.01.10<\/p>\n<\/div><\/div><div class=\"jahrestrenner m-5  grid-item archive hyphenate querformat post type-post status-publish format-standard has-post-thumbnail hentry category-ausstellung\"\n                         style=\"position: absolute; left: 0px; top: 0px;background-color:#fff;\"><a\n                        ><\/a>\n                        <div class=\"grid-entry\" style=\" background-color:transparent;color#000;\">\n                            <ul class=\"post-categories\">\n                                <li><a rel=\"category tag\">JAHR<\/a><\/li>\n                            <\/ul>\n\n                                            <h2 class=\"archiv-jahrestrenner\">2009<\/h2>\n\n\n                        <\/div>\n                    <\/div><div class=\"grid-item archive hyphenate querformat post-603 post type-post status-publish format-standard has-post-thumbnail hentry category-ausstellung\"><a href=\"https:\/\/www.geh8.de\/en\/froster\/\"><img decoding=\"async\" src=\"https:\/\/www.geh8.de\/page\/wp-content\/uploads\/2012\/09\/TITEL_Froster-288x216.jpg\" class=\"attachment-tile-landscape-low size-tile-landscape-low wp-post-image\" alt=\"\" srcset=\"https:\/\/www.geh8.de\/page\/wp-content\/uploads\/2012\/09\/TITEL_Froster-288x216.jpg 288w, https:\/\/www.geh8.de\/page\/wp-content\/uploads\/2012\/09\/TITEL_Froster-448x336.jpg 448w, https:\/\/www.geh8.de\/page\/wp-content\/uploads\/2012\/09\/TITEL_Froster-368x276.jpg 368w, https:\/\/www.geh8.de\/page\/wp-content\/uploads\/2012\/09\/TITEL_Froster-90x67.jpg 90w, https:\/\/www.geh8.de\/page\/wp-content\/uploads\/2012\/09\/TITEL_Froster-30x22.jpg 30w\" sizes=\"(max-width: 288px) 100vw, 288px\" \/><\/a><div class=\"grid-entry haase-archive\" data-content=\"21.11. \u2013 29.11.2009 (more&hellip;)\"><ul class=\"post-categories\">\n\t<li><a href=\"https:\/\/www.geh8.de\/en\/category\/ausstellung\/\" rel=\"category tag\">Exhibition<\/a><\/li><\/ul><h3><span class=\"sub1\"><span class=\"sub2\"><span class=\"sub3\"><a href=\"https:\/\/www.geh8.de\/en\/froster\/\">FROSTER<\/a><\/span><\/span><\/span><\/h3><p>21.11. \u2013 29.11.2009<\/p>\n<\/div><\/div><div class=\"grid-item archive hyphenate querformat post-606 post type-post status-publish format-standard has-post-thumbnail hentry category-lesung\"><a href=\"https:\/\/www.geh8.de\/en\/606\/\"><img decoding=\"async\" src=\"https:\/\/www.geh8.de\/page\/wp-content\/uploads\/2012\/09\/tunduk-288x216.jpg\" class=\"attachment-tile-landscape-low size-tile-landscape-low wp-post-image\" alt=\"\" srcset=\"https:\/\/www.geh8.de\/page\/wp-content\/uploads\/2012\/09\/tunduk-288x216.jpg 288w, https:\/\/www.geh8.de\/page\/wp-content\/uploads\/2012\/09\/tunduk-448x336.jpg 448w, https:\/\/www.geh8.de\/page\/wp-content\/uploads\/2012\/09\/tunduk-368x276.jpg 368w, https:\/\/www.geh8.de\/page\/wp-content\/uploads\/2012\/09\/tunduk-90x67.jpg 90w\" sizes=\"(max-width: 288px) 100vw, 288px\" \/><\/a><div class=\"grid-entry haase-archive\" data-content=\"05.11.2009 (more&hellip;)\"><ul class=\"post-categories\">\n\t<li><a href=\"https:\/\/www.geh8.de\/en\/category\/lesung\/\" rel=\"category tag\">Reading \/ Talk<\/a><\/li><\/ul><h3><span class=\"sub1\"><span class=\"sub2\"><span class=\"sub3\"><a href=\"https:\/\/www.geh8.de\/en\/606\/\">Living and art in Kirgistan<\/a><\/span><\/span><\/span><\/h3><p>05.11.2009<\/p>\n<\/div><\/div><div class=\"grid-item archive hyphenate querformat post-615 post type-post status-publish format-standard has-post-thumbnail hentry category-konzert\"><a href=\"https:\/\/www.geh8.de\/en\/the-eskimo-and-the-futile-guilt\/\"><img decoding=\"async\" src=\"https:\/\/www.geh8.de\/page\/wp-content\/uploads\/2012\/09\/Flyer-Eskimo-Vorderseite-Kopie-288x216.jpg\" class=\"attachment-tile-landscape-low size-tile-landscape-low wp-post-image\" alt=\"\" srcset=\"https:\/\/www.geh8.de\/page\/wp-content\/uploads\/2012\/09\/Flyer-Eskimo-Vorderseite-Kopie-288x216.jpg 288w, https:\/\/www.geh8.de\/page\/wp-content\/uploads\/2012\/09\/Flyer-Eskimo-Vorderseite-Kopie-448x336.jpg 448w, https:\/\/www.geh8.de\/page\/wp-content\/uploads\/2012\/09\/Flyer-Eskimo-Vorderseite-Kopie-368x276.jpg 368w, https:\/\/www.geh8.de\/page\/wp-content\/uploads\/2012\/09\/Flyer-Eskimo-Vorderseite-Kopie-90x67.jpg 90w\" sizes=\"(max-width: 288px) 100vw, 288px\" \/><\/a><div class=\"grid-entry haase-archive\" data-content=\"22.10.2009  (more&hellip;)\"><ul class=\"post-categories\">\n\t<li><a href=\"https:\/\/www.geh8.de\/en\/category\/konzert\/\" rel=\"category tag\">Concert<\/a><\/li><\/ul><h3><span class=\"sub1\"><span class=\"sub2\"><span class=\"sub3\"><a href=\"https:\/\/www.geh8.de\/en\/the-eskimo-and-the-futile-guilt\/\">The Eskimo and the futile Guilt<\/a><\/span><\/span><\/span><\/h3><p>22.10.2009<\/p>\n<\/div><\/div><div class=\"grid-item archive hyphenate querformat post-612 post type-post status-publish format-standard has-post-thumbnail hentry category-ausstellung\"><a href=\"https:\/\/www.geh8.de\/en\/unser-haus-ist-euer-haus\/\"><img decoding=\"async\" src=\"https:\/\/www.geh8.de\/page\/wp-content\/uploads\/2012\/09\/unser-ist-euer-m\u00fcnchen-288x159.jpg\" class=\"attachment-tile-landscape-low size-tile-landscape-low wp-post-image\" alt=\"\" srcset=\"https:\/\/www.geh8.de\/page\/wp-content\/uploads\/2012\/09\/unser-ist-euer-m\u00fcnchen-288x159.jpg 288w, https:\/\/www.geh8.de\/page\/wp-content\/uploads\/2012\/09\/unser-ist-euer-m\u00fcnchen-120x67.jpg 120w\" sizes=\"(max-width: 288px) 100vw, 288px\" \/><\/a><div class=\"grid-entry haase-archive\" data-content=\"08.10. - 25.10.09 (more&hellip;)\"><ul class=\"post-categories\">\n\t<li><a href=\"https:\/\/www.geh8.de\/en\/category\/ausstellung\/\" rel=\"category tag\">Exhibition<\/a><\/li><\/ul><h3><span class=\"sub1\"><span class=\"sub2\"><span class=\"sub3\"><a href=\"https:\/\/www.geh8.de\/en\/unser-haus-ist-euer-haus\/\">Unser Haus ist Euer Haus<\/a><\/span><\/span><\/span><\/h3><p>08.10. &#8211; 25.10.09<\/p>\n<\/div><\/div><div class=\"grid-item archive hyphenate querformat post-618 post type-post status-publish format-standard has-post-thumbnail hentry category-ausstellung\"><a href=\"https:\/\/www.geh8.de\/en\/ghosts-history-is-always-now\/\"><img decoding=\"async\" src=\"https:\/\/www.geh8.de\/page\/wp-content\/uploads\/2012\/09\/back_ghost_flyer-288x216.jpg\" class=\"attachment-tile-landscape-low size-tile-landscape-low wp-post-image\" alt=\"\" srcset=\"https:\/\/www.geh8.de\/page\/wp-content\/uploads\/2012\/09\/back_ghost_flyer-288x216.jpg 288w, https:\/\/www.geh8.de\/page\/wp-content\/uploads\/2012\/09\/back_ghost_flyer-448x336.jpg 448w, https:\/\/www.geh8.de\/page\/wp-content\/uploads\/2012\/09\/back_ghost_flyer-368x276.jpg 368w, https:\/\/www.geh8.de\/page\/wp-content\/uploads\/2012\/09\/back_ghost_flyer-90x67.jpg 90w\" sizes=\"(max-width: 288px) 100vw, 288px\" \/><\/a><div class=\"grid-entry haase-archive\" data-content=\"03.10. \u2013 18.10.2009 (more&hellip;)\"><ul class=\"post-categories\">\n\t<li><a href=\"https:\/\/www.geh8.de\/en\/category\/ausstellung\/\" rel=\"category tag\">Exhibition<\/a><\/li><\/ul><h3><span class=\"sub1\"><span class=\"sub2\"><span class=\"sub3\"><a href=\"https:\/\/www.geh8.de\/en\/ghosts-history-is-always-now\/\">GHOSTS history is always now<\/a><\/span><\/span><\/span><\/h3><p>03.10. \u2013 18.10.2009<\/p>\n<\/div><\/div><div class=\"grid-item archive hyphenate querformat post-106 post type-post status-publish format-standard has-post-thumbnail hentry category-performance\"><a href=\"https:\/\/www.geh8.de\/en\/reisepiano\/\"><img decoding=\"async\" src=\"https:\/\/www.geh8.de\/page\/wp-content\/uploads\/2012\/08\/DSC_1298-288x216.jpg\" class=\"attachment-tile-landscape-low size-tile-landscape-low wp-post-image\" alt=\"\" srcset=\"https:\/\/www.geh8.de\/page\/wp-content\/uploads\/2012\/08\/DSC_1298-288x216.jpg 288w, https:\/\/www.geh8.de\/page\/wp-content\/uploads\/2012\/08\/DSC_1298-368x276.jpg 368w, https:\/\/www.geh8.de\/page\/wp-content\/uploads\/2012\/08\/DSC_1298-90x67.jpg 90w\" sizes=\"(max-width: 288px) 100vw, 288px\" \/><\/a><div class=\"grid-entry haase-archive\" data-content=\"26.09.2009\r\n\r\n (more&hellip;)\"><ul class=\"post-categories\">\n\t<li><a href=\"https:\/\/www.geh8.de\/en\/category\/performance\/\" rel=\"category tag\">Performance<\/a><\/li><\/ul><h3><span class=\"sub1\"><span class=\"sub2\"><span class=\"sub3\"><a href=\"https:\/\/www.geh8.de\/en\/reisepiano\/\">Reisepiano<\/a><\/span><\/span><\/span><\/h3><p>26.09.2009<\/p>\n<\/div><\/div><div class=\"grid-item archive hyphenate querformat post-81 post type-post status-publish format-standard has-post-thumbnail hentry category-symposium\"><a href=\"https:\/\/www.geh8.de\/en\/our-house-is-your-house\/\"><img decoding=\"async\" src=\"https:\/\/www.geh8.de\/page\/wp-content\/uploads\/2012\/08\/UNSER-IST-EUER--288x216.jpg\" class=\"attachment-tile-landscape-low size-tile-landscape-low wp-post-image\" alt=\"\" srcset=\"https:\/\/www.geh8.de\/page\/wp-content\/uploads\/2012\/08\/UNSER-IST-EUER--288x216.jpg 288w, https:\/\/www.geh8.de\/page\/wp-content\/uploads\/2012\/08\/UNSER-IST-EUER--448x336.jpg 448w, https:\/\/www.geh8.de\/page\/wp-content\/uploads\/2012\/08\/UNSER-IST-EUER--368x276.jpg 368w, https:\/\/www.geh8.de\/page\/wp-content\/uploads\/2012\/08\/UNSER-IST-EUER--90x67.jpg 90w\" sizes=\"(max-width: 288px) 100vw, 288px\" \/><\/a><div class=\"grid-entry haase-archive\" data-content=\"25.09. \u2013 26.09.2009\r\n\r\n (more&hellip;)\"><ul class=\"post-categories\">\n\t<li><a href=\"https:\/\/www.geh8.de\/en\/category\/symposium\/\" rel=\"category tag\">Symposium<\/a><\/li><\/ul><h3><span class=\"sub1\"><span class=\"sub2\"><span class=\"sub3\"><a href=\"https:\/\/www.geh8.de\/en\/our-house-is-your-house\/\">OUR HOUSE IS YOUR HOUSE<\/a><\/span><\/span><\/span><\/h3><p>25.09. \u2013 26.09.2009<\/p>\n<\/div><\/div><div class=\"grid-item archive hyphenate querformat post-718 post type-post status-publish format-standard has-post-thumbnail hentry category-konzert\"><a href=\"https:\/\/www.geh8.de\/en\/5-solisten\/\"><img decoding=\"async\" src=\"https:\/\/www.geh8.de\/page\/wp-content\/uploads\/2012\/09\/flyer-5-Solisten-288x216.jpg\" class=\"attachment-tile-landscape-low size-tile-landscape-low wp-post-image\" alt=\"\" srcset=\"https:\/\/www.geh8.de\/page\/wp-content\/uploads\/2012\/09\/flyer-5-Solisten-288x216.jpg 288w, https:\/\/www.geh8.de\/page\/wp-content\/uploads\/2012\/09\/flyer-5-Solisten-448x336.jpg 448w, https:\/\/www.geh8.de\/page\/wp-content\/uploads\/2012\/09\/flyer-5-Solisten-368x276.jpg 368w, https:\/\/www.geh8.de\/page\/wp-content\/uploads\/2012\/09\/flyer-5-Solisten-90x67.jpg 90w\" sizes=\"(max-width: 288px) 100vw, 288px\" \/><\/a><div class=\"grid-entry haase-archive\" data-content=\"06.09.09\r\n (more&hellip;)\"><ul class=\"post-categories\">\n\t<li><a href=\"https:\/\/www.geh8.de\/en\/category\/konzert\/\" rel=\"category tag\">Concert<\/a><\/li><\/ul><h3><span class=\"sub1\"><span class=\"sub2\"><span class=\"sub3\"><a href=\"https:\/\/www.geh8.de\/en\/5-solisten\/\">5 solisten<\/a><\/span><\/span><\/span><\/h3><p>06.09.09<\/p>\n<\/div><\/div><div class=\"grid-item archive hyphenate querformat post-699 post type-post status-publish format-standard has-post-thumbnail hentry category-performance\"><a href=\"https:\/\/www.geh8.de\/en\/labor-45\/\"><img decoding=\"async\" src=\"https:\/\/www.geh8.de\/page\/wp-content\/uploads\/2009\/09\/labor45goesdresden-288x216.jpg\" class=\"attachment-tile-landscape-low size-tile-landscape-low wp-post-image\" alt=\"\" srcset=\"https:\/\/www.geh8.de\/page\/wp-content\/uploads\/2009\/09\/labor45goesdresden-288x216.jpg 288w, https:\/\/www.geh8.de\/page\/wp-content\/uploads\/2009\/09\/labor45goesdresden-448x336.jpg 448w, https:\/\/www.geh8.de\/page\/wp-content\/uploads\/2009\/09\/labor45goesdresden-368x276.jpg 368w, https:\/\/www.geh8.de\/page\/wp-content\/uploads\/2009\/09\/labor45goesdresden-90x67.jpg 90w\" sizes=\"(max-width: 288px) 100vw, 288px\" \/><\/a><div class=\"grid-entry haase-archive\" data-content=\"4.9.2009\r\n (more&hellip;)\"><ul class=\"post-categories\">\n\t<li><a href=\"https:\/\/www.geh8.de\/en\/category\/performance\/\" rel=\"category tag\">Performance<\/a><\/li><\/ul><h3><span class=\"sub1\"><span class=\"sub2\"><span class=\"sub3\"><a href=\"https:\/\/www.geh8.de\/en\/labor-45\/\">LABOR 45<\/a><\/span><\/span><\/span><\/h3><p>4.9.2009<\/p>\n<\/div><\/div><div class=\"grid-item archive hyphenate querformat post-692 post type-post status-publish format-standard has-post-thumbnail hentry category-ausstellung\"><a href=\"https:\/\/www.geh8.de\/en\/unser-haus-ist-euer-haus-2009\/\"><img decoding=\"async\" src=\"https:\/\/www.geh8.de\/page\/wp-content\/uploads\/2012\/09\/UNSER-IST-EUER--288x216.jpg\" class=\"attachment-tile-landscape-low size-tile-landscape-low wp-post-image\" alt=\"\" srcset=\"https:\/\/www.geh8.de\/page\/wp-content\/uploads\/2012\/09\/UNSER-IST-EUER--288x216.jpg 288w, https:\/\/www.geh8.de\/page\/wp-content\/uploads\/2012\/09\/UNSER-IST-EUER--448x336.jpg 448w, https:\/\/www.geh8.de\/page\/wp-content\/uploads\/2012\/09\/UNSER-IST-EUER--368x276.jpg 368w, https:\/\/www.geh8.de\/page\/wp-content\/uploads\/2012\/09\/UNSER-IST-EUER--90x67.jpg 90w\" sizes=\"(max-width: 288px) 100vw, 288px\" \/><\/a><div class=\"grid-entry haase-archive\" data-content=\"04.09. - 27.09.2009\r\n (more&hellip;)\"><ul class=\"post-categories\">\n\t<li><a href=\"https:\/\/www.geh8.de\/en\/category\/ausstellung\/\" rel=\"category tag\">Exhibition<\/a><\/li><\/ul><h3><span class=\"sub1\"><span class=\"sub2\"><span class=\"sub3\"><a href=\"https:\/\/www.geh8.de\/en\/unser-haus-ist-euer-haus-2009\/\">UNSER HAUS IST EUER HAUS<\/a><\/span><\/span><\/span><\/h3><p>04.09. &#8211; 27.09.2009<\/p>\n<\/div><\/div><div class=\"grid-item archive hyphenate querformat post-772 post type-post status-publish format-standard has-post-thumbnail hentry category-offenes_atelier\"><a href=\"https:\/\/www.geh8.de\/en\/kelly-maleckosak-anne-keener\/\"><img decoding=\"async\" src=\"https:\/\/www.geh8.de\/page\/wp-content\/uploads\/2012\/09\/o-a-kelly-288x216.jpg\" class=\"attachment-tile-landscape-low size-tile-landscape-low wp-post-image\" alt=\"\" srcset=\"https:\/\/www.geh8.de\/page\/wp-content\/uploads\/2012\/09\/o-a-kelly-288x216.jpg 288w, https:\/\/www.geh8.de\/page\/wp-content\/uploads\/2012\/09\/o-a-kelly-368x276.jpg 368w, https:\/\/www.geh8.de\/page\/wp-content\/uploads\/2012\/09\/o-a-kelly-90x67.jpg 90w\" sizes=\"(max-width: 288px) 100vw, 288px\" \/><\/a><div class=\"grid-entry haase-archive\" data-content=\"28.07.2009\r\n\r\n (more&hellip;)\"><ul class=\"post-categories\">\n\t<li><a href=\"https:\/\/www.geh8.de\/en\/category\/offenes_atelier\/\" rel=\"category tag\">open Atelier<\/a><\/li><\/ul><h3><span class=\"sub1\"><span class=\"sub2\"><span class=\"sub3\"><a href=\"https:\/\/www.geh8.de\/en\/kelly-maleckosak-anne-keener\/\">Kelly Maleckosak &#038; Anne Keener<\/a><\/span><\/span><\/span><\/h3><p>28.07.2009<\/p>\n<\/div><\/div><div class=\"grid-item archive hyphenate querformat post-770 post type-post status-publish format-standard has-post-thumbnail hentry category-workshop\"><a href=\"https:\/\/www.geh8.de\/en\/12-internationalen-dresdner-sommerakademie-fur-bildende-kunst\/\"><img decoding=\"async\" src=\"https:\/\/www.geh8.de\/page\/wp-content\/uploads\/2010\/07\/sommerakademie-288x216.jpg\" class=\"attachment-tile-landscape-low size-tile-landscape-low wp-post-image\" alt=\"\" srcset=\"https:\/\/www.geh8.de\/page\/wp-content\/uploads\/2010\/07\/sommerakademie-288x216.jpg 288w, https:\/\/www.geh8.de\/page\/wp-content\/uploads\/2010\/07\/sommerakademie-368x276.jpg 368w, https:\/\/www.geh8.de\/page\/wp-content\/uploads\/2010\/07\/sommerakademie-90x67.jpg 90w\" sizes=\"(max-width: 288px) 100vw, 288px\" \/><\/a><div class=\"grid-entry haase-archive\" data-content=\"27.07. \u2013 07.08.2009 (more&hellip;)\"><ul class=\"post-categories\">\n\t<li><a href=\"https:\/\/www.geh8.de\/en\/category\/workshop\/\" rel=\"category tag\">Workshop<\/a><\/li><\/ul><h3><span class=\"sub1\"><span class=\"sub2\"><span class=\"sub3\"><a href=\"https:\/\/www.geh8.de\/en\/12-internationalen-dresdner-sommerakademie-fur-bildende-kunst\/\">12th Dresden International Summer Academy of Fine Arts<\/a><\/span><\/span><\/span><\/h3><p>27.07. \u2013 07.08.2009<\/p>\n<\/div><\/div><div class=\"grid-item archive hyphenate querformat post-778 post type-post status-publish format-standard has-post-thumbnail hentry category-info\"><a href=\"https:\/\/www.geh8.de\/en\/emilija-cockova-projekte-in-skopje-mazedonien\/\"><img decoding=\"async\" src=\"https:\/\/www.geh8.de\/page\/wp-content\/uploads\/2012\/09\/Cockova-288x216.jpg\" class=\"attachment-tile-landscape-low size-tile-landscape-low wp-post-image\" alt=\"\" srcset=\"https:\/\/www.geh8.de\/page\/wp-content\/uploads\/2012\/09\/Cockova-288x216.jpg 288w, https:\/\/www.geh8.de\/page\/wp-content\/uploads\/2012\/09\/Cockova-90x67.jpg 90w\" sizes=\"(max-width: 288px) 100vw, 288px\" \/><\/a><div class=\"grid-entry haase-archive\" data-content=\"06.07.2009 (more&hellip;)\"><ul class=\"post-categories\">\n\t<li><a href=\"https:\/\/www.geh8.de\/en\/category\/info\/\" rel=\"category tag\">Info<\/a><\/li><\/ul><h3><span class=\"sub1\"><span class=\"sub2\"><span class=\"sub3\"><a href=\"https:\/\/www.geh8.de\/en\/emilija-cockova-projekte-in-skopje-mazedonien\/\">Emilija Cockova Projects in Skopje Mazedonien<\/a><\/span><\/span><\/span><\/h3><p>06.07.2009<\/p>\n<\/div><\/div><div class=\"grid-item archive hyphenate querformat post-775 post type-post status-publish format-standard has-post-thumbnail hentry category-ausstellung\"><a href=\"https:\/\/www.geh8.de\/en\/mondo-salami\/\"><img decoding=\"async\" src=\"https:\/\/www.geh8.de\/page\/wp-content\/uploads\/2012\/09\/mondo-salami_front-288x216.jpg\" class=\"attachment-tile-landscape-low size-tile-landscape-low wp-post-image\" alt=\"\" srcset=\"https:\/\/www.geh8.de\/page\/wp-content\/uploads\/2012\/09\/mondo-salami_front-288x216.jpg 288w, https:\/\/www.geh8.de\/page\/wp-content\/uploads\/2012\/09\/mondo-salami_front-448x336.jpg 448w, https:\/\/www.geh8.de\/page\/wp-content\/uploads\/2012\/09\/mondo-salami_front-368x276.jpg 368w, https:\/\/www.geh8.de\/page\/wp-content\/uploads\/2012\/09\/mondo-salami_front-90x67.jpg 90w\" sizes=\"(max-width: 288px) 100vw, 288px\" \/><\/a><div class=\"grid-entry haase-archive\" data-content=\"04.07. \u2013 19.07.2009\r\n\r\n (more&hellip;)\"><ul class=\"post-categories\">\n\t<li><a href=\"https:\/\/www.geh8.de\/en\/category\/ausstellung\/\" rel=\"category tag\">Exhibition<\/a><\/li><\/ul><h3><span class=\"sub1\"><span class=\"sub2\"><span class=\"sub3\"><a href=\"https:\/\/www.geh8.de\/en\/mondo-salami\/\">MONDO SALAMI<\/a><\/span><\/span><\/span><\/h3><p>04.07. \u2013 19.07.2009<\/p>\n<\/div><\/div><div class=\"grid-item archive hyphenate querformat post-948 post type-post status-publish format-standard has-post-thumbnail hentry category-konzert\"><a href=\"https:\/\/www.geh8.de\/en\/mikster-und-andre-obermuller\/\"><img decoding=\"async\" src=\"https:\/\/www.geh8.de\/page\/wp-content\/uploads\/2009\/06\/flyer-geh8-mikster-288x216.jpg\" class=\"attachment-tile-landscape-low size-tile-landscape-low wp-post-image\" alt=\"\" srcset=\"https:\/\/www.geh8.de\/page\/wp-content\/uploads\/2009\/06\/flyer-geh8-mikster-288x216.jpg 288w, https:\/\/www.geh8.de\/page\/wp-content\/uploads\/2009\/06\/flyer-geh8-mikster-448x336.jpg 448w, https:\/\/www.geh8.de\/page\/wp-content\/uploads\/2009\/06\/flyer-geh8-mikster-368x276.jpg 368w, https:\/\/www.geh8.de\/page\/wp-content\/uploads\/2009\/06\/flyer-geh8-mikster-90x67.jpg 90w\" sizes=\"(max-width: 288px) 100vw, 288px\" \/><\/a><div class=\"grid-entry haase-archive\" data-content=\"25.06.09\r\n\r\n (more&hellip;)\"><ul class=\"post-categories\">\n\t<li><a href=\"https:\/\/www.geh8.de\/en\/category\/konzert\/\" rel=\"category tag\">Concert<\/a><\/li><\/ul><h3><span class=\"sub1\"><span class=\"sub2\"><span class=\"sub3\"><a href=\"https:\/\/www.geh8.de\/en\/mikster-und-andre-obermuller\/\">mikster and Andr\u00e9 Oberm\u00fcller<\/a><\/span><\/span><\/span><\/h3><p>25.06.09<\/p>\n<\/div><\/div><div class=\"grid-item archive hyphenate querformat post-723 post type-post status-publish format-standard has-post-thumbnail hentry category-ausstellung\"><a href=\"https:\/\/www.geh8.de\/en\/nichts-mit-ung\/\"><img decoding=\"async\" src=\"https:\/\/www.geh8.de\/page\/wp-content\/uploads\/2012\/09\/titel-288x216.jpg\" class=\"attachment-tile-landscape-low size-tile-landscape-low wp-post-image\" alt=\"\" srcset=\"https:\/\/www.geh8.de\/page\/wp-content\/uploads\/2012\/09\/titel-288x216.jpg 288w, https:\/\/www.geh8.de\/page\/wp-content\/uploads\/2012\/09\/titel-448x336.jpg 448w, https:\/\/www.geh8.de\/page\/wp-content\/uploads\/2012\/09\/titel-368x276.jpg 368w, https:\/\/www.geh8.de\/page\/wp-content\/uploads\/2012\/09\/titel-90x67.jpg 90w\" sizes=\"(max-width: 288px) 100vw, 288px\" \/><\/a><div class=\"grid-entry haase-archive\" data-content=\"24.06. - 15.08.2009\r\n (more&hellip;)\"><ul class=\"post-categories\">\n\t<li><a href=\"https:\/\/www.geh8.de\/en\/category\/ausstellung\/\" rel=\"category tag\">Exhibition<\/a><\/li><\/ul><h3><span class=\"sub1\"><span class=\"sub2\"><span class=\"sub3\"><a href=\"https:\/\/www.geh8.de\/en\/nichts-mit-ung\/\">nichts mit -ung<\/a><\/span><\/span><\/span><\/h3><p>24.06. &#8211; 15.08.2009<\/p>\n<\/div><\/div><div class=\"grid-item archive hyphenate querformat post-940 post type-post status-publish format-standard has-post-thumbnail hentry category-ausstellung\"><a href=\"https:\/\/www.geh8.de\/en\/mixed-prime\/\"><img decoding=\"async\" src=\"https:\/\/www.geh8.de\/page\/wp-content\/uploads\/2012\/09\/mixed-prime-288x216.jpg\" class=\"attachment-tile-landscape-low size-tile-landscape-low wp-post-image\" alt=\"\" srcset=\"https:\/\/www.geh8.de\/page\/wp-content\/uploads\/2012\/09\/mixed-prime-288x216.jpg 288w, https:\/\/www.geh8.de\/page\/wp-content\/uploads\/2012\/09\/mixed-prime-368x276.jpg 368w, https:\/\/www.geh8.de\/page\/wp-content\/uploads\/2012\/09\/mixed-prime-90x67.jpg 90w\" sizes=\"(max-width: 288px) 100vw, 288px\" \/><\/a><div class=\"grid-entry haase-archive\" data-content=\"13.06. - 21.06.09\r\n\r\n (more&hellip;)\"><ul class=\"post-categories\">\n\t<li><a href=\"https:\/\/www.geh8.de\/en\/category\/ausstellung\/\" rel=\"category tag\">Exhibition<\/a><\/li><\/ul><h3><span class=\"sub1\"><span class=\"sub2\"><span class=\"sub3\"><a href=\"https:\/\/www.geh8.de\/en\/mixed-prime\/\">MIXED PRIME<\/a><\/span><\/span><\/span><\/h3><p>13.06. &#8211; 21.06.09<\/p>\n<\/div><\/div><div class=\"grid-item archive hyphenate querformat post-784 post type-post status-publish format-standard has-post-thumbnail hentry category-konzert\"><a href=\"https:\/\/www.geh8.de\/en\/gitarrenkonzert-max-lob-und-andre-obermuller\/\"><img decoding=\"async\" src=\"https:\/\/www.geh8.de\/page\/wp-content\/uploads\/2012\/09\/flyer-andre-max-288x216.jpg\" class=\"attachment-tile-landscape-low size-tile-landscape-low wp-post-image\" alt=\"\" srcset=\"https:\/\/www.geh8.de\/page\/wp-content\/uploads\/2012\/09\/flyer-andre-max-288x216.jpg 288w, https:\/\/www.geh8.de\/page\/wp-content\/uploads\/2012\/09\/flyer-andre-max-448x336.jpg 448w, https:\/\/www.geh8.de\/page\/wp-content\/uploads\/2012\/09\/flyer-andre-max-368x276.jpg 368w, https:\/\/www.geh8.de\/page\/wp-content\/uploads\/2012\/09\/flyer-andre-max-90x67.jpg 90w\" sizes=\"(max-width: 288px) 100vw, 288px\" \/><\/a><div class=\"grid-entry haase-archive\" data-content=\"04.06.09\r\n\r\n (more&hellip;)\"><ul class=\"post-categories\">\n\t<li><a href=\"https:\/\/www.geh8.de\/en\/category\/konzert\/\" rel=\"category tag\">Concert<\/a><\/li><\/ul><h3><span class=\"sub1\"><span class=\"sub2\"><span class=\"sub3\"><a href=\"https:\/\/www.geh8.de\/en\/gitarrenkonzert-max-lob-und-andre-obermuller\/\">Guitar concert: Max Loeb und Andr\u00e9 Oberm\u00fcller<\/a><\/span><\/span><\/span><\/h3><p>04.06.09<\/p>\n<\/div><\/div><div class=\"grid-item archive hyphenate querformat post-68 post type-post status-publish format-standard has-post-thumbnail hentry category-symposium\"><a href=\"https:\/\/www.geh8.de\/en\/art-fan\/\"><img decoding=\"async\" src=\"https:\/\/www.geh8.de\/page\/wp-content\/uploads\/2012\/08\/Artfan_Karte-288x216.jpg\" class=\"attachment-tile-landscape-low size-tile-landscape-low wp-post-image\" alt=\"\" srcset=\"https:\/\/www.geh8.de\/page\/wp-content\/uploads\/2012\/08\/Artfan_Karte-288x216.jpg 288w, https:\/\/www.geh8.de\/page\/wp-content\/uploads\/2012\/08\/Artfan_Karte-448x336.jpg 448w, https:\/\/www.geh8.de\/page\/wp-content\/uploads\/2012\/08\/Artfan_Karte-368x276.jpg 368w, https:\/\/www.geh8.de\/page\/wp-content\/uploads\/2012\/08\/Artfan_Karte-90x67.jpg 90w, https:\/\/www.geh8.de\/page\/wp-content\/uploads\/2012\/08\/Artfan_Karte-30x22.jpg 30w\" sizes=\"(max-width: 288px) 100vw, 288px\" \/><\/a><div class=\"grid-entry haase-archive\" data-content=\"14.05.2009\r\n\r\n (more&hellip;)\"><ul class=\"post-categories\">\n\t<li><a href=\"https:\/\/www.geh8.de\/en\/category\/symposium\/\" rel=\"category tag\">Symposium<\/a><\/li><\/ul><h3><span class=\"sub1\"><span class=\"sub2\"><span class=\"sub3\"><a href=\"https:\/\/www.geh8.de\/en\/art-fan\/\">ART FAN Symposium<\/a><\/span><\/span><\/span><\/h3><p>14.05.2009<\/p>\n<\/div><\/div><div class=\"grid-item archive hyphenate querformat post-918 post type-post status-publish format-standard has-post-thumbnail hentry category-ausstellung\"><a href=\"https:\/\/www.geh8.de\/en\/art-fan-ausstellung\/\"><img decoding=\"async\" src=\"https:\/\/www.geh8.de\/page\/wp-content\/uploads\/2012\/09\/art-fan_flyer-288x216.jpg\" class=\"attachment-tile-landscape-low size-tile-landscape-low wp-post-image\" alt=\"\" srcset=\"https:\/\/www.geh8.de\/page\/wp-content\/uploads\/2012\/09\/art-fan_flyer-288x216.jpg 288w, https:\/\/www.geh8.de\/page\/wp-content\/uploads\/2012\/09\/art-fan_flyer-448x336.jpg 448w, https:\/\/www.geh8.de\/page\/wp-content\/uploads\/2012\/09\/art-fan_flyer-368x276.jpg 368w, https:\/\/www.geh8.de\/page\/wp-content\/uploads\/2012\/09\/art-fan_flyer-90x67.jpg 90w\" sizes=\"(max-width: 288px) 100vw, 288px\" \/><\/a><div class=\"grid-entry haase-archive\" data-content=\"30.04. - 17.05.2009\r\n (more&hellip;)\"><ul class=\"post-categories\">\n\t<li><a href=\"https:\/\/www.geh8.de\/en\/category\/ausstellung\/\" rel=\"category tag\">Exhibition<\/a><\/li><\/ul><h3><span class=\"sub1\"><span class=\"sub2\"><span class=\"sub3\"><a href=\"https:\/\/www.geh8.de\/en\/art-fan-ausstellung\/\">ART FAN Exhibition<\/a><\/span><\/span><\/span><\/h3><p>30.04. &#8211; 17.05.2009<\/p>\n<\/div><\/div><div class=\"grid-item archive hyphenate querformat post-788 post type-post status-publish format-standard has-post-thumbnail hentry category-lesung\"><a href=\"https:\/\/www.geh8.de\/en\/lesung-endlich-nichts-edition-azur-dresden\/\"><img decoding=\"async\" src=\"https:\/\/www.geh8.de\/page\/wp-content\/uploads\/2012\/09\/Lesung-endlich-nichts-288x208.jpg\" class=\"attachment-tile-landscape-low size-tile-landscape-low wp-post-image\" alt=\"\" \/><\/a><div class=\"grid-entry haase-archive\" data-content=\"10.03.2009\r\n\r\n (more&hellip;)\"><ul class=\"post-categories\">\n\t<li><a href=\"https:\/\/www.geh8.de\/en\/category\/lesung\/\" rel=\"category tag\">Reading \/ Talk<\/a><\/li><\/ul><h3><span class=\"sub1\"><span class=\"sub2\"><span class=\"sub3\"><a href=\"https:\/\/www.geh8.de\/en\/lesung-endlich-nichts-edition-azur-dresden\/\">Reading \/ endlich nichts! \/ Edition Azur, Dresden<\/a><\/span><\/span><\/span><\/h3><p>10.03.2009<\/p>\n<\/div><\/div><div class=\"grid-item archive hyphenate querformat post-276 post type-post status-publish format-standard has-post-thumbnail hentry category-ausstellung\"><a href=\"https:\/\/www.geh8.de\/en\/sachsen-ist-eine-scheibe\/\"><img decoding=\"async\" src=\"https:\/\/www.geh8.de\/page\/wp-content\/uploads\/2012\/09\/Sachsen-ist-eine-Scheibe-288x216.jpg\" class=\"attachment-tile-landscape-low size-tile-landscape-low wp-post-image\" alt=\"\" srcset=\"https:\/\/www.geh8.de\/page\/wp-content\/uploads\/2012\/09\/Sachsen-ist-eine-Scheibe-288x216.jpg 288w, https:\/\/www.geh8.de\/page\/wp-content\/uploads\/2012\/09\/Sachsen-ist-eine-Scheibe-448x336.jpg 448w, https:\/\/www.geh8.de\/page\/wp-content\/uploads\/2012\/09\/Sachsen-ist-eine-Scheibe-368x276.jpg 368w, https:\/\/www.geh8.de\/page\/wp-content\/uploads\/2012\/09\/Sachsen-ist-eine-Scheibe-90x67.jpg 90w\" sizes=\"(max-width: 288px) 100vw, 288px\" \/><\/a><div class=\"grid-entry haase-archive\" data-content=\"07. - 15.03.2009\r\n (more&hellip;)\"><ul class=\"post-categories\">\n\t<li><a href=\"https:\/\/www.geh8.de\/en\/category\/ausstellung\/\" rel=\"category tag\">Exhibition<\/a><\/li><\/ul><h3><span class=\"sub1\"><span class=\"sub2\"><span class=\"sub3\"><a href=\"https:\/\/www.geh8.de\/en\/sachsen-ist-eine-scheibe\/\">SACHSEN IST EINE SCHEIBE<\/a><\/span><\/span><\/span><\/h3><p>07. &#8211; 15.03.2009<\/p>\n<\/div><\/div><div class=\"jahrestrenner m-5  grid-item archive hyphenate querformat post type-post status-publish format-standard has-post-thumbnail hentry category-ausstellung\"\n                         style=\"position: absolute; left: 0px; top: 0px;background-color:#fff;\"><a\n                        ><\/a>\n                        <div class=\"grid-entry\" style=\" background-color:transparent;color#000;\">\n                            <ul class=\"post-categories\">\n                                <li><a rel=\"category tag\">JAHR<\/a><\/li>\n                            <\/ul>\n\n                                            <h2 class=\"archiv-jahrestrenner\">2008<\/h2>\n\n\n                        <\/div>\n                    <\/div><div class=\"grid-item archive hyphenate querformat post-1072 post type-post status-publish format-standard has-post-thumbnail hentry category-allgemein\"><a href=\"https:\/\/www.geh8.de\/en\/frohes-2009\/\"><img decoding=\"async\" src=\"https:\/\/www.geh8.de\/page\/wp-content\/uploads\/2008\/12\/0-288x216.jpg\" class=\"attachment-tile-landscape-low size-tile-landscape-low wp-post-image\" alt=\"\" srcset=\"https:\/\/www.geh8.de\/page\/wp-content\/uploads\/2008\/12\/0-288x216.jpg 288w, https:\/\/www.geh8.de\/page\/wp-content\/uploads\/2008\/12\/0-100x75.jpg 100w, https:\/\/www.geh8.de\/page\/wp-content\/uploads\/2008\/12\/0-80x60.jpg 80w, https:\/\/www.geh8.de\/page\/wp-content\/uploads\/2008\/12\/0-448x336.jpg 448w, https:\/\/www.geh8.de\/page\/wp-content\/uploads\/2008\/12\/0-368x276.jpg 368w, https:\/\/www.geh8.de\/page\/wp-content\/uploads\/2008\/12\/0-90x67.jpg 90w, https:\/\/www.geh8.de\/page\/wp-content\/uploads\/2008\/12\/0-30x23.jpg 30w, https:\/\/www.geh8.de\/page\/wp-content\/uploads\/2008\/12\/0-50x37.jpg 50w, https:\/\/www.geh8.de\/page\/wp-content\/uploads\/2008\/12\/0.jpg 480w\" sizes=\"(max-width: 288px) 100vw, 288px\" \/><\/a><div class=\"grid-entry haase-archive\" data-content=\" (more&hellip;)\"><ul class=\"post-categories\">\n\t<li><a href=\"https:\/\/www.geh8.de\/en\/category\/allgemein\/\" rel=\"category tag\">General<\/a><\/li><\/ul><h3><span class=\"sub1\"><span class=\"sub2\"><span class=\"sub3\"><a href=\"https:\/\/www.geh8.de\/en\/frohes-2009\/\">a happy 2009<\/a><\/span><\/span><\/span><\/h3><\/div><\/div><div class=\"grid-item archive hyphenate querformat post-836 post type-post status-publish format-standard has-post-thumbnail hentry category-info\"><a href=\"https:\/\/www.geh8.de\/en\/party-der-geh8\/\"><img decoding=\"async\" src=\"https:\/\/www.geh8.de\/page\/wp-content\/uploads\/2012\/09\/party-a0-und-geh8-288x216.jpg\" class=\"attachment-tile-landscape-low size-tile-landscape-low wp-post-image\" alt=\"\" srcset=\"https:\/\/www.geh8.de\/page\/wp-content\/uploads\/2012\/09\/party-a0-und-geh8-288x216.jpg 288w, https:\/\/www.geh8.de\/page\/wp-content\/uploads\/2012\/09\/party-a0-und-geh8-448x336.jpg 448w, https:\/\/www.geh8.de\/page\/wp-content\/uploads\/2012\/09\/party-a0-und-geh8-368x276.jpg 368w, https:\/\/www.geh8.de\/page\/wp-content\/uploads\/2012\/09\/party-a0-und-geh8-90x67.jpg 90w\" sizes=\"(max-width: 288px) 100vw, 288px\" \/><\/a><div class=\"grid-entry haase-archive\" data-content=\"07.11.2008 (more&hellip;)\"><ul class=\"post-categories\">\n\t<li><a href=\"https:\/\/www.geh8.de\/en\/category\/info\/\" rel=\"category tag\">Info<\/a><\/li><\/ul><h3><span class=\"sub1\"><span class=\"sub2\"><span class=\"sub3\"><a href=\"https:\/\/www.geh8.de\/en\/party-der-geh8\/\">Party by geh8<\/a><\/span><\/span><\/span><\/h3><p>07.11.2008<\/p>\n<\/div><\/div><div class=\"grid-item archive hyphenate querformat post-833 post type-post status-publish format-standard has-post-thumbnail hentry category-ausstellung\"><a href=\"https:\/\/www.geh8.de\/en\/a-guterverkehrung-1h-wanderausstellung-aus-leipzig\/\"><img decoding=\"async\" src=\"https:\/\/www.geh8.de\/page\/wp-content\/uploads\/2012\/09\/AnullDresd.jpg-for-web-288x216.jpg\" class=\"attachment-tile-landscape-low size-tile-landscape-low wp-post-image\" alt=\"\" srcset=\"https:\/\/www.geh8.de\/page\/wp-content\/uploads\/2012\/09\/AnullDresd.jpg-for-web-288x216.jpg 288w, https:\/\/www.geh8.de\/page\/wp-content\/uploads\/2012\/09\/AnullDresd.jpg-for-web-90x67.jpg 90w\" sizes=\"(max-width: 288px) 100vw, 288px\" \/><\/a><div class=\"grid-entry haase-archive\" data-content=\"07.11.2008 (more&hellip;)\"><ul class=\"post-categories\">\n\t<li><a href=\"https:\/\/www.geh8.de\/en\/category\/ausstellung\/\" rel=\"category tag\">Exhibition<\/a><\/li><\/ul><h3><span class=\"sub1\"><span class=\"sub2\"><span class=\"sub3\"><a href=\"https:\/\/www.geh8.de\/en\/a-guterverkehrung-1h-wanderausstellung-aus-leipzig\/\">A\u00b0 G\u00fcterVerkehrung 1h wanderausstellung aus leipzig<\/a><\/span><\/span><\/span><\/h3><p>07.11.2008<\/p>\n<\/div><\/div><div class=\"grid-item archive hyphenate querformat post-826 post type-post status-publish format-standard has-post-thumbnail hentry category-offenes_atelier\"><a href=\"https:\/\/www.geh8.de\/en\/melissa-vogley-woods-columbus-ohio-usa\/\"><img decoding=\"async\" src=\"https:\/\/www.geh8.de\/page\/wp-content\/uploads\/2012\/09\/Melissa-288x216.jpg\" class=\"attachment-tile-landscape-low size-tile-landscape-low wp-post-image\" alt=\"\" srcset=\"https:\/\/www.geh8.de\/page\/wp-content\/uploads\/2012\/09\/Melissa-288x216.jpg 288w, https:\/\/www.geh8.de\/page\/wp-content\/uploads\/2012\/09\/Melissa-448x336.jpg 448w, https:\/\/www.geh8.de\/page\/wp-content\/uploads\/2012\/09\/Melissa-368x276.jpg 368w, https:\/\/www.geh8.de\/page\/wp-content\/uploads\/2012\/09\/Melissa-90x67.jpg 90w\" sizes=\"(max-width: 288px) 100vw, 288px\" \/><\/a><div class=\"grid-entry haase-archive\" data-content=\"28.10.2008 (more&hellip;)\"><ul class=\"post-categories\">\n\t<li><a href=\"https:\/\/www.geh8.de\/en\/category\/offenes_atelier\/\" rel=\"category tag\">open Atelier<\/a><\/li><\/ul><h3><span class=\"sub1\"><span class=\"sub2\"><span class=\"sub3\"><a href=\"https:\/\/www.geh8.de\/en\/melissa-vogley-woods-columbus-ohio-usa\/\">Melissa Vogley Woods Columbus, Ohio, USA<\/a><\/span><\/span><\/span><\/h3><p>28.10.2008<\/p>\n<\/div><\/div><div class=\"grid-item archive hyphenate querformat post-823 post type-post status-publish format-standard has-post-thumbnail hentry category-offenes_atelier\"><a href=\"https:\/\/www.geh8.de\/en\/aleksey-manukyan-und-arman-tadevosyan-armenien\/\"><img decoding=\"async\" src=\"https:\/\/www.geh8.de\/page\/wp-content\/uploads\/2012\/09\/Aleksey-288x216.jpg\" class=\"attachment-tile-landscape-low size-tile-landscape-low wp-post-image\" alt=\"\" srcset=\"https:\/\/www.geh8.de\/page\/wp-content\/uploads\/2012\/09\/Aleksey-288x216.jpg 288w, https:\/\/www.geh8.de\/page\/wp-content\/uploads\/2012\/09\/Aleksey-90x67.jpg 90w\" sizes=\"(max-width: 288px) 100vw, 288px\" \/><\/a><div class=\"grid-entry haase-archive\" data-content=\"28.10.2008 (more&hellip;)\"><ul class=\"post-categories\">\n\t<li><a href=\"https:\/\/www.geh8.de\/en\/category\/offenes_atelier\/\" rel=\"category tag\">open Atelier<\/a><\/li><\/ul><h3><span class=\"sub1\"><span class=\"sub2\"><span class=\"sub3\"><a href=\"https:\/\/www.geh8.de\/en\/aleksey-manukyan-und-arman-tadevosyan-armenien\/\">Aleksey Manukyan and Arman Tadevosyan, Armenien<\/a><\/span><\/span><\/span><\/h3><p>28.10.2008<\/p>\n<\/div><\/div><div class=\"grid-item archive hyphenate querformat post-829 post type-post status-publish format-standard has-post-thumbnail hentry category-performance\"><a href=\"https:\/\/www.geh8.de\/en\/theaterinstallation-ein-monat-in-dachau\/\"><img decoding=\"async\" src=\"https:\/\/www.geh8.de\/page\/wp-content\/uploads\/2012\/09\/hochrotes-gretchen-288x216.jpg\" class=\"attachment-tile-landscape-low size-tile-landscape-low wp-post-image\" alt=\"\" srcset=\"https:\/\/www.geh8.de\/page\/wp-content\/uploads\/2012\/09\/hochrotes-gretchen-288x216.jpg 288w, https:\/\/www.geh8.de\/page\/wp-content\/uploads\/2012\/09\/hochrotes-gretchen-448x336.jpg 448w, https:\/\/www.geh8.de\/page\/wp-content\/uploads\/2012\/09\/hochrotes-gretchen-368x276.jpg 368w, https:\/\/www.geh8.de\/page\/wp-content\/uploads\/2012\/09\/hochrotes-gretchen-90x67.jpg 90w\" sizes=\"(max-width: 288px) 100vw, 288px\" \/><\/a><div class=\"grid-entry haase-archive\" data-content=\"23.10. \u2013 01.11.2008  (more&hellip;)\"><ul class=\"post-categories\">\n\t<li><a href=\"https:\/\/www.geh8.de\/en\/category\/performance\/\" rel=\"category tag\">Performance<\/a><\/li><\/ul><h3><span class=\"sub1\"><span class=\"sub2\"><span class=\"sub3\"><a href=\"https:\/\/www.geh8.de\/en\/theaterinstallation-ein-monat-in-dachau\/\">Theater Installation: Ein Monat in Dachau<\/a><\/span><\/span><\/span><\/h3><p>23.10. \u2013 01.11.2008<\/p>\n<\/div><\/div><div class=\"grid-item archive hyphenate querformat post-816 post type-post status-publish format-standard has-post-thumbnail hentry category-lesung\"><a href=\"https:\/\/www.geh8.de\/en\/far-sight-close-up\/\"><img decoding=\"async\" src=\"https:\/\/www.geh8.de\/page\/wp-content\/uploads\/2012\/09\/Far-Sight_close-up-288x216.jpg\" class=\"attachment-tile-landscape-low size-tile-landscape-low wp-post-image\" alt=\"\" srcset=\"https:\/\/www.geh8.de\/page\/wp-content\/uploads\/2012\/09\/Far-Sight_close-up-288x216.jpg 288w, https:\/\/www.geh8.de\/page\/wp-content\/uploads\/2012\/09\/Far-Sight_close-up-448x336.jpg 448w, https:\/\/www.geh8.de\/page\/wp-content\/uploads\/2012\/09\/Far-Sight_close-up-368x276.jpg 368w, https:\/\/www.geh8.de\/page\/wp-content\/uploads\/2012\/09\/Far-Sight_close-up-90x67.jpg 90w, https:\/\/www.geh8.de\/page\/wp-content\/uploads\/2012\/09\/Far-Sight_close-up-30x22.jpg 30w\" sizes=\"(max-width: 288px) 100vw, 288px\" \/><\/a><div class=\"grid-entry haase-archive\" data-content=\"04.10.2008 (more&hellip;)\"><ul class=\"post-categories\">\n\t<li><a href=\"https:\/\/www.geh8.de\/en\/category\/lesung\/\" rel=\"category tag\">Reading \/ Talk<\/a><\/li><\/ul><h3><span class=\"sub1\"><span class=\"sub2\"><span class=\"sub3\"><a href=\"https:\/\/www.geh8.de\/en\/far-sight-close-up\/\">FAR SIGHT &#8211; close up<\/a><\/span><\/span><\/span><\/h3><p>04.10.2008<\/p>\n<\/div><\/div><div class=\"grid-item archive hyphenate querformat post-820 post type-post status-publish format-standard has-post-thumbnail hentry category-ausstellung\"><a href=\"https:\/\/www.geh8.de\/en\/far-sight\/\"><img decoding=\"async\" src=\"https:\/\/www.geh8.de\/page\/wp-content\/uploads\/2012\/09\/far-sight-288x216.jpg\" class=\"attachment-tile-landscape-low size-tile-landscape-low wp-post-image\" alt=\"\" srcset=\"https:\/\/www.geh8.de\/page\/wp-content\/uploads\/2012\/09\/far-sight-288x216.jpg 288w, https:\/\/www.geh8.de\/page\/wp-content\/uploads\/2012\/09\/far-sight-448x336.jpg 448w, https:\/\/www.geh8.de\/page\/wp-content\/uploads\/2012\/09\/far-sight-368x276.jpg 368w, https:\/\/www.geh8.de\/page\/wp-content\/uploads\/2012\/09\/far-sight-90x67.jpg 90w, https:\/\/www.geh8.de\/page\/wp-content\/uploads\/2012\/09\/far-sight-30x22.jpg 30w\" sizes=\"(max-width: 288px) 100vw, 288px\" \/><\/a><div class=\"grid-entry haase-archive\" data-content=\"27.09.08-12.10.08\r\n\r\n (more&hellip;)\"><ul class=\"post-categories\">\n\t<li><a href=\"https:\/\/www.geh8.de\/en\/category\/ausstellung\/\" rel=\"category tag\">Exhibition<\/a><\/li><\/ul><h3><span class=\"sub1\"><span class=\"sub2\"><span class=\"sub3\"><a href=\"https:\/\/www.geh8.de\/en\/far-sight\/\">FAR SIGHT<\/a><\/span><\/span><\/span><\/h3><p>27.09.08-12.10.08<\/p>\n<\/div><\/div><div class=\"grid-item archive hyphenate querformat post-812 post type-post status-publish format-standard has-post-thumbnail hentry category-ausstellung\"><a href=\"https:\/\/www.geh8.de\/en\/woher-wir-kommen-und-wohin-wir-gehen\/\"><img decoding=\"async\" src=\"https:\/\/www.geh8.de\/page\/wp-content\/uploads\/2012\/09\/woher-wir-kommen-und-wohin-wir-gehen1-288x216.jpg\" class=\"attachment-tile-landscape-low size-tile-landscape-low wp-post-image\" alt=\"\" srcset=\"https:\/\/www.geh8.de\/page\/wp-content\/uploads\/2012\/09\/woher-wir-kommen-und-wohin-wir-gehen1-288x216.jpg 288w, https:\/\/www.geh8.de\/page\/wp-content\/uploads\/2012\/09\/woher-wir-kommen-und-wohin-wir-gehen1-448x336.jpg 448w, https:\/\/www.geh8.de\/page\/wp-content\/uploads\/2012\/09\/woher-wir-kommen-und-wohin-wir-gehen1-368x276.jpg 368w, https:\/\/www.geh8.de\/page\/wp-content\/uploads\/2012\/09\/woher-wir-kommen-und-wohin-wir-gehen1-90x67.jpg 90w, https:\/\/www.geh8.de\/page\/wp-content\/uploads\/2012\/09\/woher-wir-kommen-und-wohin-wir-gehen1-30x22.jpg 30w\" sizes=\"(max-width: 288px) 100vw, 288px\" \/><\/a><div class=\"grid-entry haase-archive\" data-content=\"30.08.08 \u2013 14.09.08\r\n\r\n (more&hellip;)\"><ul class=\"post-categories\">\n\t<li><a href=\"https:\/\/www.geh8.de\/en\/category\/ausstellung\/\" rel=\"category tag\">Exhibition<\/a><\/li><\/ul><h3><span class=\"sub1\"><span class=\"sub2\"><span class=\"sub3\"><a href=\"https:\/\/www.geh8.de\/en\/woher-wir-kommen-und-wohin-wir-gehen\/\">WOHER WIR KOMMEN UND WOHIN WIR GEHEN<\/a><\/span><\/span><\/span><\/h3><p>30.08.08 \u2013 14.09.08<\/p>\n<\/div><\/div><div class=\"grid-item archive hyphenate querformat post-809 post type-post status-publish format-standard has-post-thumbnail hentry category-ausstellung\"><a href=\"https:\/\/www.geh8.de\/en\/spiel-mit-dem-feuer\/\"><img decoding=\"async\" src=\"https:\/\/www.geh8.de\/page\/wp-content\/uploads\/2012\/09\/Spiel-mit-dem-Feuer-288x216.jpg\" class=\"attachment-tile-landscape-low size-tile-landscape-low wp-post-image\" alt=\"\" srcset=\"https:\/\/www.geh8.de\/page\/wp-content\/uploads\/2012\/09\/Spiel-mit-dem-Feuer-288x216.jpg 288w, https:\/\/www.geh8.de\/page\/wp-content\/uploads\/2012\/09\/Spiel-mit-dem-Feuer-100x75.jpg 100w, https:\/\/www.geh8.de\/page\/wp-content\/uploads\/2012\/09\/Spiel-mit-dem-Feuer-80x60.jpg 80w, https:\/\/www.geh8.de\/page\/wp-content\/uploads\/2012\/09\/Spiel-mit-dem-Feuer-448x336.jpg 448w, https:\/\/www.geh8.de\/page\/wp-content\/uploads\/2012\/09\/Spiel-mit-dem-Feuer-368x276.jpg 368w, https:\/\/www.geh8.de\/page\/wp-content\/uploads\/2012\/09\/Spiel-mit-dem-Feuer-90x67.jpg 90w, https:\/\/www.geh8.de\/page\/wp-content\/uploads\/2012\/09\/Spiel-mit-dem-Feuer-30x23.jpg 30w, https:\/\/www.geh8.de\/page\/wp-content\/uploads\/2012\/09\/Spiel-mit-dem-Feuer-50x37.jpg 50w, https:\/\/www.geh8.de\/page\/wp-content\/uploads\/2012\/09\/Spiel-mit-dem-Feuer.jpg 550w\" sizes=\"(max-width: 288px) 100vw, 288px\" \/><\/a><div class=\"grid-entry haase-archive\" data-content=\"18. 07. 2008\r\n\r\n (more&hellip;)\"><ul class=\"post-categories\">\n\t<li><a href=\"https:\/\/www.geh8.de\/en\/category\/ausstellung\/\" rel=\"category tag\">Exhibition<\/a><\/li><\/ul><h3><span class=\"sub1\"><span class=\"sub2\"><span class=\"sub3\"><a href=\"https:\/\/www.geh8.de\/en\/spiel-mit-dem-feuer\/\">Spiel mit dem Feuer<\/a><\/span><\/span><\/span><\/h3><p>18. 07. 2008<\/p>\n<\/div><\/div><div class=\"grid-item archive hyphenate querformat post-206 post type-post status-publish format-standard has-post-thumbnail hentry category-ausstellung\"><a href=\"https:\/\/www.geh8.de\/en\/schlaglichter-osservatori-attenti\/\"><img decoding=\"async\" src=\"https:\/\/www.geh8.de\/page\/wp-content\/uploads\/2012\/09\/flyer_schlaglichter-288x216.jpg\" class=\"attachment-tile-landscape-low size-tile-landscape-low wp-post-image\" alt=\"\" srcset=\"https:\/\/www.geh8.de\/page\/wp-content\/uploads\/2012\/09\/flyer_schlaglichter-288x216.jpg 288w, https:\/\/www.geh8.de\/page\/wp-content\/uploads\/2012\/09\/flyer_schlaglichter-448x336.jpg 448w, https:\/\/www.geh8.de\/page\/wp-content\/uploads\/2012\/09\/flyer_schlaglichter-368x276.jpg 368w, https:\/\/www.geh8.de\/page\/wp-content\/uploads\/2012\/09\/flyer_schlaglichter-90x67.jpg 90w\" sizes=\"(max-width: 288px) 100vw, 288px\" \/><\/a><div class=\"grid-entry haase-archive\" data-content=\"15.06.08 \u2013 29.06.08\r\n\r\n (more&hellip;)\"><ul class=\"post-categories\">\n\t<li><a href=\"https:\/\/www.geh8.de\/en\/category\/ausstellung\/\" rel=\"category tag\">Exhibition<\/a><\/li><\/ul><h3><span class=\"sub1\"><span class=\"sub2\"><span class=\"sub3\"><a href=\"https:\/\/www.geh8.de\/en\/schlaglichter-osservatori-attenti\/\">Schlaglichter \/ osservatori attenti<\/a><\/span><\/span><\/span><\/h3><p>15.06.08 \u2013 29.06.08<\/p>\n<\/div><\/div><div class=\"grid-item archive hyphenate querformat post-806 post type-post status-publish format-standard has-post-thumbnail hentry category-info\"><a href=\"https:\/\/www.geh8.de\/en\/kunst-und-spiele-em-2008\/\"><img decoding=\"async\" src=\"https:\/\/www.geh8.de\/page\/wp-content\/uploads\/2012\/09\/fussball_em-288x216.jpg\" class=\"attachment-tile-landscape-low size-tile-landscape-low wp-post-image\" alt=\"\" srcset=\"https:\/\/www.geh8.de\/page\/wp-content\/uploads\/2012\/09\/fussball_em-288x216.jpg 288w, https:\/\/www.geh8.de\/page\/wp-content\/uploads\/2012\/09\/fussball_em-448x336.jpg 448w, https:\/\/www.geh8.de\/page\/wp-content\/uploads\/2012\/09\/fussball_em-368x276.jpg 368w, https:\/\/www.geh8.de\/page\/wp-content\/uploads\/2012\/09\/fussball_em-90x67.jpg 90w\" sizes=\"(max-width: 288px) 100vw, 288px\" \/><\/a><div class=\"grid-entry haase-archive\" data-content=\"07. 06. - 29. 06. 2008\r\n\r\n (more&hellip;)\"><ul class=\"post-categories\">\n\t<li><a href=\"https:\/\/www.geh8.de\/en\/category\/info\/\" rel=\"category tag\">Info<\/a><\/li><\/ul><h3><span class=\"sub1\"><span class=\"sub2\"><span class=\"sub3\"><a href=\"https:\/\/www.geh8.de\/en\/kunst-und-spiele-em-2008\/\">ART and GAMES EM 2008<\/a><\/span><\/span><\/span><\/h3><p>07. 06. &#8211; 29. 06. 2008<\/p>\n<\/div><\/div><div class=\"grid-item archive hyphenate querformat post-803 post type-post status-publish format-standard has-post-thumbnail hentry category-ausstellung\"><a href=\"https:\/\/www.geh8.de\/en\/mit-heissen-nadeln\/\"><img decoding=\"async\" src=\"https:\/\/www.geh8.de\/page\/wp-content\/uploads\/2012\/09\/mit-heissen-nadeln_front-288x216.jpg\" class=\"attachment-tile-landscape-low size-tile-landscape-low wp-post-image\" alt=\"\" srcset=\"https:\/\/www.geh8.de\/page\/wp-content\/uploads\/2012\/09\/mit-heissen-nadeln_front-288x216.jpg 288w, https:\/\/www.geh8.de\/page\/wp-content\/uploads\/2012\/09\/mit-heissen-nadeln_front-448x336.jpg 448w, https:\/\/www.geh8.de\/page\/wp-content\/uploads\/2012\/09\/mit-heissen-nadeln_front-368x276.jpg 368w, https:\/\/www.geh8.de\/page\/wp-content\/uploads\/2012\/09\/mit-heissen-nadeln_front-90x67.jpg 90w\" sizes=\"(max-width: 288px) 100vw, 288px\" \/><\/a><div class=\"grid-entry haase-archive\" data-content=\"01.05.08 \u2013 12.05.08\r\n\r\n (more&hellip;)\"><ul class=\"post-categories\">\n\t<li><a href=\"https:\/\/www.geh8.de\/en\/category\/ausstellung\/\" rel=\"category tag\">Exhibition<\/a><\/li><\/ul><h3><span class=\"sub1\"><span class=\"sub2\"><span class=\"sub3\"><a href=\"https:\/\/www.geh8.de\/en\/mit-heissen-nadeln\/\">MIT HEISSEN NADELN<\/a><\/span><\/span><\/span><\/h3><p>01.05.08 \u2013 12.05.08<\/p>\n<\/div><\/div><div class=\"grid-item archive hyphenate querformat post-800 post type-post status-publish format-standard has-post-thumbnail hentry category-ausstellung\"><a href=\"https:\/\/www.geh8.de\/en\/fruhjahrssalon\/\"><img decoding=\"async\" src=\"https:\/\/www.geh8.de\/page\/wp-content\/uploads\/2012\/09\/Fr\u00fchjahrssalon-288x216.jpg\" class=\"attachment-tile-landscape-low size-tile-landscape-low wp-post-image\" alt=\"\" srcset=\"https:\/\/www.geh8.de\/page\/wp-content\/uploads\/2012\/09\/Fr\u00fchjahrssalon-288x216.jpg 288w, https:\/\/www.geh8.de\/page\/wp-content\/uploads\/2012\/09\/Fr\u00fchjahrssalon-448x336.jpg 448w, https:\/\/www.geh8.de\/page\/wp-content\/uploads\/2012\/09\/Fr\u00fchjahrssalon-368x276.jpg 368w, https:\/\/www.geh8.de\/page\/wp-content\/uploads\/2012\/09\/Fr\u00fchjahrssalon-90x67.jpg 90w\" sizes=\"(max-width: 288px) 100vw, 288px\" \/><\/a><div class=\"grid-entry haase-archive\" data-content=\"12.04. \u2013 20.04.2008\r\n\r\n (more&hellip;)\"><ul class=\"post-categories\">\n\t<li><a href=\"https:\/\/www.geh8.de\/en\/category\/ausstellung\/\" rel=\"category tag\">Exhibition<\/a><\/li><\/ul><h3><span class=\"sub1\"><span class=\"sub2\"><span class=\"sub3\"><a href=\"https:\/\/www.geh8.de\/en\/fruhjahrssalon\/\">Fr\u00fchjahrssalon<\/a><\/span><\/span><\/span><\/h3><p>12.04. \u2013 20.04.2008<\/p>\n<\/div><\/div><div class=\"grid-item archive hyphenate querformat post-797 post type-post status-publish format-standard has-post-thumbnail hentry category-ausstellung\"><a href=\"https:\/\/www.geh8.de\/en\/mensch-und-tier\/\"><img decoding=\"async\" src=\"https:\/\/www.geh8.de\/page\/wp-content\/uploads\/2012\/09\/mensch-u-tier_titel-288x216.jpg\" class=\"attachment-tile-landscape-low size-tile-landscape-low wp-post-image\" alt=\"\" srcset=\"https:\/\/www.geh8.de\/page\/wp-content\/uploads\/2012\/09\/mensch-u-tier_titel-288x216.jpg 288w, https:\/\/www.geh8.de\/page\/wp-content\/uploads\/2012\/09\/mensch-u-tier_titel-448x336.jpg 448w, https:\/\/www.geh8.de\/page\/wp-content\/uploads\/2012\/09\/mensch-u-tier_titel-368x276.jpg 368w, https:\/\/www.geh8.de\/page\/wp-content\/uploads\/2012\/09\/mensch-u-tier_titel-90x67.jpg 90w\" sizes=\"(max-width: 288px) 100vw, 288px\" \/><\/a><div class=\"grid-entry haase-archive\" data-content=\"15.03. \u2013 29.03.2008\r\n\r\n (more&hellip;)\"><ul class=\"post-categories\">\n\t<li><a href=\"https:\/\/www.geh8.de\/en\/category\/ausstellung\/\" rel=\"category tag\">Exhibition<\/a><\/li><\/ul><h3><span class=\"sub1\"><span class=\"sub2\"><span class=\"sub3\"><a href=\"https:\/\/www.geh8.de\/en\/mensch-und-tier\/\">Mensch und Tier<\/a><\/span><\/span><\/span><\/h3><p>15.03. \u2013 29.03.2008<\/p>\n<\/div><\/div><div class=\"jahrestrenner m-5  grid-item archive hyphenate querformat post type-post status-publish format-standard has-post-thumbnail hentry category-ausstellung\"\n                         style=\"position: absolute; left: 0px; top: 0px;background-color:#fff;\"><a\n                        ><\/a>\n                        <div class=\"grid-entry\" style=\" background-color:transparent;color#000;\">\n                            <ul class=\"post-categories\">\n                                <li><a rel=\"category tag\">JAHR<\/a><\/li>\n                            <\/ul>\n\n                                            <h2 class=\"archiv-jahrestrenner\">2007<\/h2>\n\n\n                        <\/div>\n                    <\/div><div class=\"grid-item archive hyphenate querformat post-792 post type-post status-publish format-standard has-post-thumbnail hentry category-ausstellung\"><a href=\"https:\/\/www.geh8.de\/en\/792\/\"><img decoding=\"async\" src=\"https:\/\/www.geh8.de\/page\/wp-content\/uploads\/2012\/09\/geh8_eroeffnung-288x216.jpg\" class=\"attachment-tile-landscape-low size-tile-landscape-low wp-post-image\" alt=\"\" srcset=\"https:\/\/www.geh8.de\/page\/wp-content\/uploads\/2012\/09\/geh8_eroeffnung-288x216.jpg 288w, https:\/\/www.geh8.de\/page\/wp-content\/uploads\/2012\/09\/geh8_eroeffnung-448x336.jpg 448w, https:\/\/www.geh8.de\/page\/wp-content\/uploads\/2012\/09\/geh8_eroeffnung-368x276.jpg 368w, https:\/\/www.geh8.de\/page\/wp-content\/uploads\/2012\/09\/geh8_eroeffnung-90x67.jpg 90w\" sizes=\"(max-width: 288px) 100vw, 288px\" \/><\/a><div class=\"grid-entry haase-archive\" data-content=\"03.10. \u2013 06.10.2007 (more&hellip;)\"><ul class=\"post-categories\">\n\t<li><a href=\"https:\/\/www.geh8.de\/en\/category\/ausstellung\/\" rel=\"category tag\">Exhibition<\/a><\/li><\/ul><h3><span class=\"sub1\"><span class=\"sub2\"><span class=\"sub3\"><a href=\"https:\/\/www.geh8.de\/en\/792\/\">Opening geh8 Kunstraum<\/a><\/span><\/span><\/span><\/h3><p>03.10. \u2013 06.10.2007<\/p>\n<\/div><\/div><div class=\"grid-sizer\"><\/div><\/div>\n<script>\n\/\/jQuery(document).ready(function($) {\n\/\/    var $grid = $(\".grid\").masonry({\n\/\/        itemSelector: \".grid-item\",\n\/\/        percentPosition: true\n\/\/    });\n\/\/\n\/\/    function filterGrid() {\n\/\/        var searchText = $(\"#filter-input\").val().toLowerCase();\n\/\/        var selectedCategory = $(\"#category-filter\").val();\n\/\/\n\/\/        $(\".grid-item\").each(function() {\n\/\/            var $this = $(this);\n\/\/            var itemText = $this.text().toLowerCase();\n\/\/            var itemClasses = $this.attr(\"class\").split(\" \");\n\/\/            var itemCategories = itemClasses.filter(function(className) {\n\/\/                return className.startsWith(\"category-\");\n\/\/            }).map(function(className) {\n\/\/                return className.replace(\"category-\", \"\");\n\/\/            });\n\/\/\n\/\/            var textMatch = itemText.indexOf(searchText) !== -1;\n\/\/            var categoryMatch = selectedCategory === \"\" || itemCategories.includes(selectedCategory);\n\/\/\n\/\/            if ($this.hasClass(\"jahrestrenner\") || (textMatch && categoryMatch)) {\n\/\/                $this.show();\n\/\/            } else {\n\/\/                $this.hide();\n\/\/            }\n\/\/        });\n\/\/\n\/\/        $grid.masonry(\"layout\"); \/\/ Masonry neu anordnen\n\/\/    }\n\/\/    \n\/\/    \n\/\/    \n\/\/    \n\/\/\n\/\/    $(\"#filter-input\").on(\"keyup\", filterGrid);\n\/\/    $(\"#category-filter\").on(\"change\", filterGrid);\n\/\/});\n\n\/\/\n\/\/jQuery(document).ready(function($) {\n\/\/    var $grid = $(\".grid\").masonry({\n\/\/        itemSelector: \".grid-item\",\n\/\/        percentPosition: true\n\/\/    });\n\/\/\n\/\/    function filterGrid() {\n\/\/        var searchText = $(\"#filter-input\").val().toLowerCase();\n\/\/        var selectedCategory = $(\"#category-filter\").val();\n\/\/\n\/\/        $(\".grid-item\").each(function() {\n\/\/            var $this = $(this);\n\/\/            var itemText = $this.text().toLowerCase();\n\/\/            var itemClasses = $this.attr(\"class\").split(\" \");\n\/\/            var itemCategories = itemClasses.filter(function(className) {\n\/\/                return className.startsWith(\"category-\");\n\/\/            }).map(function(className) {\n\/\/                return className.replace(\"category-\", \"\");\n\/\/            });\n\/\/\n\/\/            var textMatch = itemText.indexOf(searchText) !== -1;\n\/\/            var categoryMatch = selectedCategory === \"\" || itemCategories.includes(selectedCategory);\n\/\/\n\/\/            if (textMatch && categoryMatch) {\n\/\/                $this.show();\n\/\/            } else {\n\/\/                $this.hide();\n\/\/            }\n\/\/        });\n\/\/\n\/\/        \/\/ Zus\u00e4tzliche Logik zum Ausblenden von Jahrestrennern ohne sichtbare Kacheln\n\/\/        $(\".jahrestrenner\").each(function() {\n\/\/            var $trenner = $(this);\n\/\/            var hasVisibleItems = false;\n\/\/\n\/\/            \/\/ \u00dcberpr\u00fcfen, ob es nach dem Trenner sichtbare Kacheln gibt, bis zum n\u00e4chsten Trenner oder Ende des Grids\n\/\/            $trenner.nextUntil(\".jahrestrenner\").each(function() {\n\/\/                if ($(this).is(\":visible\")) {\n\/\/                    hasVisibleItems = true;\n\/\/                    return false; \/\/ Schleife abbrechen, wenn eine sichtbare Kachel gefunden wurde\n\/\/                }\n\/\/            });\n\/\/\n\/\/            if (hasVisibleItems) {\n\/\/                $trenner.show();\n\/\/            } else {\n\/\/                $trenner.hide();\n\/\/            }\n\/\/        });\n\/\/\n\/\/        setTimeout(function() {\n\/\/            $grid.masonry(\"layout\"); \/\/ Masonry neu anordnen\n\/\/        }, 100);\n\/\/    }\n\/\/\n\/\/    $(\"#filter-input\").on(\"keyup\", filterGrid);\n\/\/    $(\"#category-filter\").on(\"change\", filterGrid);\n\/\/});\n\/\/\n\/\/jQuery(document).ready(function($) {\n\/\/    var $grid = $(\".grid\").masonry({\n\/\/        itemSelector: \".grid-item\",\n\/\/        percentPosition: true\n\/\/    });\n\/\/\n\/\/function filterGrid() {\n\/\/    var searchText = $(\"#filter-input\").val().toLowerCase();\n\/\/    var selectedCategory = $(\"#category-filter\").val();\n\/\/\n\/\/    $(\".grid-item\").each(function() {\n\/\/        var $this = $(this);\n\/\/        var itemText = $this.text().toLowerCase();\n\/\/        var itemContent = $this.data(\"content\") ? $this.data(\"content\").toLowerCase() : \"\";\n\/\/        \n\/\/        \/\/ Debugging: Ausgabe der Werte in der Konsole\n\/\/        console.log(\"Item Text:\", itemText);\n\/\/        console.log(\"Item Content:\", itemContent);\n\/\/        \n\/\/        var itemClasses = $this.attr(\"class\").split(\" \");\n\/\/        var itemCategories = itemClasses.filter(function(className) {\n\/\/            return className.startsWith(\"category-\");\n\/\/        }).map(function(className) {\n\/\/            return className.replace(\"category-\", \"\");\n\/\/        });\n\/\/\n\/\/        var textMatch = itemText.indexOf(searchText) !== -1 || itemContent.indexOf(searchText) !== -1;\n\/\/        var categoryMatch = selectedCategory === \"\" || itemCategories.includes(selectedCategory);\n\/\/\n\/\/        if (textMatch && categoryMatch) {\n\/\/            $this.show();\n\/\/        } else {\n\/\/            $this.hide();\n\/\/        }\n\/\/    });\n\/\/\n\/\/    \/\/ Zus\u00e4tzliche Logik zum Ausblenden von Jahrestrennern ohne sichtbare Kacheln\n\/\/    $(\".jahrestrenner\").each(function() {\n\/\/        var $trenner = $(this);\n\/\/        var hasVisibleItems = false;\n\/\/\n\/\/        \/\/ \u00dcberpr\u00fcfen, ob es nach dem Trenner sichtbare Kacheln gibt, bis zum n\u00e4chsten Trenner oder Ende des Grids\n\/\/        $trenner.nextUntil(\".jahrestrenner\").each(function() {\n\/\/            if ($(this).is(\":visible\")) {\n\/\/                hasVisibleItems = true;\n\/\/                return false; \/\/ Schleife abbrechen, wenn eine sichtbare Kachel gefunden wurde\n\/\/            }\n\/\/        });\n\/\/\n\/\/        if (hasVisibleItems) {\n\/\/            $trenner.show();\n\/\/        } else {\n\/\/            $trenner.hide();\n\/\/        }\n\/\/    });\n\/\/\n\/\/    setTimeout(function() {\n\/\/        $grid.masonry(\"layout\"); \/\/ Masonry neu anordnen\n\/\/    }, 100);\n\/\/}\n\/\/\n\/\/\n\/\/    $(\"#filter-input\").on(\"keyup\", filterGrid);\n\/\/    $(\"#category-filter\").on(\"change\", filterGrid);\n\/\/});\n\n\n\/\/\n\/\/jQuery(document).ready(function($) {\n\/\/    var $grid = $(\".grid\").masonry({\n\/\/        itemSelector: \".grid-item\",\n\/\/        percentPosition: true\n\/\/    });\n\/\/\n\/\/    function filterGrid() {\n\/\/        var searchText = $(\"#filter-input\").val().toLowerCase();\n\/\/        var selectedCategory = $(\"#category-filter\").val();\n\/\/\n\/\/        $(\".grid-item\").each(function() {\n\/\/            var $this = $(this);\n\/\/            var itemText = $this.text().toLowerCase();\n\/\/            var itemContent = $this.find(\".grid-entry\").data(\"content\") ? $this.find(\".grid-entry\").data(\"content\").toLowerCase() : \"\";\n\/\/\n\/\/            \/\/ Debugging: Ausgabe der Werte in der Konsole\n\/\/\/\/            console.log(\"Item Text:\", itemText);\n\/\/\/\/            console.log(\"Item Content:\", itemContent);\n\/\/\n\/\/            var itemClasses = $this.attr(\"class\").split(\" \");\n\/\/            var itemCategories = itemClasses.filter(function(className) {\n\/\/                return className.startsWith(\"category-\");\n\/\/            }).map(function(className) {\n\/\/                return className.replace(\"category-\", \"\");\n\/\/            });\n\/\/\n\/\/            var textMatch = itemText.indexOf(searchText) !== -1 || itemContent.indexOf(searchText) !== -1;\n\/\/            var categoryMatch = selectedCategory === \"\" || itemCategories.includes(selectedCategory);\n\/\/\n\/\/            if (textMatch && categoryMatch) {\n\/\/                $this.show();\n\/\/            } else {\n\/\/                $this.hide();\n\/\/            }\n\/\/        });\n\/\/\n\/\/        \/\/ Zus\u00e4tzliche Logik zum Ausblenden von Jahrestrennern ohne sichtbare Kacheln\n\/\/        $(\".jahrestrenner\").each(function() {\n\/\/            var $trenner = $(this);\n\/\/            var hasVisibleItems = false;\n\/\/\n\/\/            \/\/ \u00dcberpr\u00fcfen, ob es nach dem Trenner sichtbare Kacheln gibt, bis zum n\u00e4chsten Trenner oder Ende des Grids\n\/\/            $trenner.nextUntil(\".jahrestrenner\").each(function() {\n\/\/                if ($(this).is(\":visible\")) {\n\/\/                    hasVisibleItems = true;\n\/\/                    return false; \/\/ Schleife abbrechen, wenn eine sichtbare Kachel gefunden wurde\n\/\/                }\n\/\/            });\n\/\/\n\/\/            if (hasVisibleItems) {\n\/\/                $trenner.show();\n\/\/            } else {\n\/\/                $trenner.hide();\n\/\/            }\n\/\/        });\n\/\/\n\/\/        setTimeout(function() {\n\/\/            $grid.masonry(\"layout\"); \/\/ Masonry neu anordnen\n\/\/        }, 100);\n\/\/    }\n\/\/\n\/\/    $(\"#filter-input\").on(\"keyup\", filterGrid);\n\/\/    $(\"#category-filter\").on(\"change\", filterGrid);\n\/\/});\n\n\/\/\n\/\/jQuery(document).ready(function($) {\n\/\/    var $grid = $(\".grid\").masonry({\n\/\/        itemSelector: \".grid-item\",\n\/\/        percentPosition: true\n\/\/    });\n\/\/\n\/\/    function filterGrid() {\n\/\/        var searchText = $(\"#filter-input\").val().toLowerCase();\n\/\/        var selectedCategory = $(\"#category-filter\").val();\n\/\/\n\/\/        $(\".grid-item\").each(function() {\n\/\/            var $this = $(this);\n\/\/            var itemText = $this.text().toLowerCase();\n\/\/            var itemContent = $this.find(\".grid-entry\").data(\"content\") ? $this.find(\".grid-entry\").data(\"content\").toLowerCase() : \"\";\n\/\/\n\/\/            var itemClasses = $this.attr(\"class\").split(\" \");\n\/\/            var itemCategories = itemClasses.filter(function(className) {\n\/\/                return className.startsWith(\"category-\");\n\/\/            }).map(function(className) {\n\/\/                return className.replace(\"category-\", \"\");\n\/\/            });\n\/\/\n\/\/            var textMatch = itemText.indexOf(searchText) !== -1 || itemContent.indexOf(searchText) !== -1;\n\/\/            var categoryMatch = selectedCategory === \"\" || itemCategories.includes(selectedCategory);\n\/\/\n\/\/            if (textMatch && categoryMatch) {\n\/\/                $this.show();\n\/\/            } else {\n\/\/                $this.hide();\n\/\/            }\n\/\/        });\n\/\/\n\/\/        \/\/ Zus\u00e4tzliche Logik zum Ausblenden von Jahrestrennern ohne sichtbare Kacheln\n\/\/        $(\".jahrestrenner\").each(function() {\n\/\/            var $trenner = $(this);\n\/\/            var hasVisibleItems = false;\n\/\/\n\/\/            \/\/ \u00dcberpr\u00fcfen, ob es nach dem Trenner sichtbare Kacheln gibt, bis zum n\u00e4chsten Trenner oder Ende des Grids\n\/\/            $trenner.nextUntil(\".jahrestrenner\").each(function() {\n\/\/                if ($(this).is(\":visible\")) {\n\/\/                    hasVisibleItems = true;\n\/\/                    return false; \/\/ Schleife abbrechen, wenn eine sichtbare Kachel gefunden wurde\n\/\/                }\n\/\/            });\n\/\/\n\/\/            if (!hasVisibleItems && $trenner.nextAll(\".grid-item:visible\").length === 0) {\n\/\/                $trenner.hide();\n\/\/            } else if (hasVisibleItems) {\n\/\/                $trenner.show();\n\/\/            } else {\n\/\/                $trenner.hide();\n\/\/            }\n\/\/        });\n\/\/\n\/\/        setTimeout(function() {\n\/\/            $grid.masonry(\"layout\"); \/\/ Masonry neu anordnen\n\/\/        }, 100);\n\/\/    }\n\/\/\n\/\/    $(\"#filter-input\").on(\"keyup\", filterGrid);\n\/\/    $(\"#category-filter\").on(\"change\", filterGrid);\n\/\/});\n\n\njQuery(document).ready(function($) {\n    var $grid = $(\".grid\").masonry({\n        itemSelector: \".grid-item\",\n        percentPosition: true\n    });\n\n    function filterGrid() {\n        var searchText = $(\"#filter-input\").val().toLowerCase();\n        var selectedCategory = $(\"#category-filter\").val();\n\n        $(\".grid-item\").each(function() {\n            var $this = $(this);\n            var itemText = $this.text().toLowerCase();\n            var itemContent = $this.find(\".grid-entry\").data(\"content\") ? $this.find(\".grid-entry\").data(\"content\").toLowerCase() : \"\";\n\n            var itemClasses = $this.attr(\"class\").split(\" \");\n            var itemCategories = itemClasses.filter(function(className) {\n                return className.startsWith(\"category-\");\n            }).map(function(className) {\n                return className.replace(\"category-\", \"\");\n            });\n\n            var textMatch = itemText.indexOf(searchText) !== -1 || itemContent.indexOf(searchText) !== -1;\n            var categoryMatch = selectedCategory === \"\" || itemCategories.includes(selectedCategory);\n\n            if (textMatch && categoryMatch) {\n                $this.show();\n            } else {\n                $this.hide();\n            }\n        });\n\n        \/\/ Zus\u00e4tzliche Logik zum Ausblenden von Jahrestrennern ohne sichtbare Kacheln\n        $(\".jahrestrenner\").each(function() {\n            var $trenner = $(this);\n            var hasVisibleItems = false;\n\n            \/\/ \u00dcberpr\u00fcfen, ob es nach dem Trenner sichtbare Kacheln gibt, bis zum n\u00e4chsten Trenner oder Ende des Grids\n            $trenner.nextUntil(\".jahrestrenner\").each(function() {\n                if ($(this).is(\":visible\")) {\n                    hasVisibleItems = true;\n                    return false; \/\/ Schleife abbrechen, wenn eine sichtbare Kachel gefunden wurde\n                }\n            });\n\n            if (!hasVisibleItems) {\n                $trenner.hide();\n            } else {\n                $trenner.show();\n            }\n        });\n\n        \/\/ Zus\u00e4tzliche Logik zum Ausblenden des letzten Jahrestrenners, falls keine sichtbaren Kacheln vorhanden sind\n        $(\".jahrestrenner\").last().each(function() {\n            var $trenner = $(this);\n            if ($trenner.nextAll(\".grid-item:visible\").length === 0) {\n                $trenner.hide();\n            }\n        });\n\n        setTimeout(function() {\n            $grid.masonry(\"layout\"); \/\/ Masonry neu anordnen\n        }, 100);\n    }\n\n    $(\"#filter-input\").on(\"keyup\", filterGrid);\n    $(\"#category-filter\").on(\"change\", filterGrid);\n});\n\n<\/script>\n\n\n\n<div class=\"shariff shariff-align-center shariff-widget-align-center\"><ul class=\"shariff-buttons theme-default orientation-horizontal buttonsize-medium\"><li class=\"shariff-button whatsapp shariff-nocustomcolor\" style=\"background-color:#5cbe4a\"><a href=\"https:\/\/api.whatsapp.com\/send?text=https%3A%2F%2Fwww.geh8.de%2Fen%2F792%2F%20Opening%20geh8%20Kunstraum\" title=\"Bei Whatsapp teilen\" aria-label=\"Bei Whatsapp teilen\" role=\"button\" rel=\"noopener nofollow\" class=\"shariff-link\" style=\"; background-color:#34af23; color:#fff\" target=\"_blank\"><span class=\"shariff-icon\" style=\"\"><svg width=\"32px\" height=\"20px\" xmlns=\"http:\/\/www.w3.org\/2000\/svg\" viewBox=\"0 0 32 32\"><path fill=\"#34af23\" d=\"M17.6 17.4q0.2 0 1.7 0.8t1.6 0.9q0 0.1 0 0.3 0 0.6-0.3 1.4-0.3 0.7-1.3 1.2t-1.8 0.5q-1 0-3.4-1.1-1.7-0.8-3-2.1t-2.6-3.3q-1.3-1.9-1.3-3.5v-0.1q0.1-1.6 1.3-2.8 0.4-0.4 0.9-0.4 0.1 0 0.3 0t0.3 0q0.3 0 0.5 0.1t0.3 0.5q0.1 0.4 0.6 1.6t0.4 1.3q0 0.4-0.6 1t-0.6 0.8q0 0.1 0.1 0.3 0.6 1.3 1.8 2.4 1 0.9 2.7 1.8 0.2 0.1 0.4 0.1 0.3 0 1-0.9t0.9-0.9zM14 26.9q2.3 0 4.3-0.9t3.6-2.4 2.4-3.6 0.9-4.3-0.9-4.3-2.4-3.6-3.6-2.4-4.3-0.9-4.3 0.9-3.6 2.4-2.4 3.6-0.9 4.3q0 3.6 2.1 6.6l-1.4 4.2 4.3-1.4q2.8 1.9 6.2 1.9zM14 2.2q2.7 0 5.2 1.1t4.3 2.9 2.9 4.3 1.1 5.2-1.1 5.2-2.9 4.3-4.3 2.9-5.2 1.1q-3.5 0-6.5-1.7l-7.4 2.4 2.4-7.2q-1.9-3.2-1.9-6.9 0-2.7 1.1-5.2t2.9-4.3 4.3-2.9 5.2-1.1z\"\/><\/svg><\/span><span class=\"shariff-text\">teilen<\/span>&nbsp;<\/a><\/li><li class=\"shariff-button telegram shariff-nocustomcolor\" style=\"background-color:#4084A6\"><a href=\"https:\/\/telegram.me\/share\/url?url=https%3A%2F%2Fwww.geh8.de%2Fen%2F792%2F&text=Opening%20geh8%20Kunstraum\" title=\"Bei Telegram teilen\" aria-label=\"Bei Telegram teilen\" role=\"button\" rel=\"noopener nofollow\" class=\"shariff-link\" style=\"; background-color:#0088cc; color:#fff\" target=\"_blank\"><span class=\"shariff-icon\" style=\"\"><svg width=\"32px\" height=\"20px\" xmlns=\"http:\/\/www.w3.org\/2000\/svg\" viewBox=\"0 0 32 32\"><path fill=\"#0088cc\" d=\"M30.8 6.5l-4.5 21.4c-.3 1.5-1.2 1.9-2.5 1.2L16.9 24l-3.3 3.2c-.4.4-.7.7-1.4.7l.5-7L25.5 9.2c.6-.5-.1-.8-.9-.3l-15.8 10L2 16.7c-1.5-.5-1.5-1.5.3-2.2L28.9 4.3c1.3-.5 2.3.3 1.9 2.2z\"\/><\/svg><\/span><span class=\"shariff-text\">teilen<\/span>&nbsp;<\/a><\/li><li class=\"shariff-button facebook shariff-nocustomcolor\" style=\"background-color:#4273c8\"><a href=\"https:\/\/www.facebook.com\/sharer\/sharer.php?u=https%3A%2F%2Fwww.geh8.de%2Fen%2F792%2F\" title=\"Bei Facebook teilen\" aria-label=\"Bei Facebook teilen\" role=\"button\" rel=\"nofollow\" class=\"shariff-link\" style=\"; background-color:#3b5998; color:#fff\" target=\"_blank\"><span class=\"shariff-icon\" style=\"\"><svg width=\"32px\" height=\"20px\" xmlns=\"http:\/\/www.w3.org\/2000\/svg\" viewBox=\"0 0 18 32\"><path fill=\"#3b5998\" d=\"M17.1 0.2v4.7h-2.8q-1.5 0-2.1 0.6t-0.5 1.9v3.4h5.2l-0.7 5.3h-4.5v13.6h-5.5v-13.6h-4.5v-5.3h4.5v-3.9q0-3.3 1.9-5.2t5-1.8q2.6 0 4.1 0.2z\"\/><\/svg><\/span><span class=\"shariff-text\">teilen<\/span>&nbsp;<\/a><\/li><li class=\"shariff-button mailto shariff-nocustomcolor\" style=\"background-color:#a8a8a8\"><a href=\"mailto:?body=https%3A%2F%2Fwww.geh8.de%2Fen%2F792%2F&subject=Opening%20geh8%20Kunstraum\" title=\"Per E-Mail versenden\" aria-label=\"Per E-Mail versenden\" role=\"button\" rel=\"noopener nofollow\" class=\"shariff-link\" style=\"; background-color:#999; color:#fff\"><span class=\"shariff-icon\" style=\"\"><svg width=\"32px\" height=\"20px\" xmlns=\"http:\/\/www.w3.org\/2000\/svg\" viewBox=\"0 0 32 32\"><path fill=\"#999\" d=\"M32 12.7v14.2q0 1.2-0.8 2t-2 0.9h-26.3q-1.2 0-2-0.9t-0.8-2v-14.2q0.8 0.9 1.8 1.6 6.5 4.4 8.9 6.1 1 0.8 1.6 1.2t1.7 0.9 2 0.4h0.1q0.9 0 2-0.4t1.7-0.9 1.6-1.2q3-2.2 8.9-6.1 1-0.7 1.8-1.6zM32 7.4q0 1.4-0.9 2.7t-2.2 2.2q-6.7 4.7-8.4 5.8-0.2 0.1-0.7 0.5t-1 0.7-0.9 0.6-1.1 0.5-0.9 0.2h-0.1q-0.4 0-0.9-0.2t-1.1-0.5-0.9-0.6-1-0.7-0.7-0.5q-1.6-1.1-4.7-3.2t-3.6-2.6q-1.1-0.7-2.1-2t-1-2.5q0-1.4 0.7-2.3t2.1-0.9h26.3q1.2 0 2 0.8t0.9 2z\"\/><\/svg><\/span><span class=\"shariff-text\">E-Mail<\/span>&nbsp;<\/a><\/li><\/ul><\/div>","protected":false},"excerpt":{"rendered":"","protected":false},"author":19,"featured_media":0,"parent":0,"menu_order":0,"comment_status":"closed","ping_status":"closed","template":"page_templates\/full-with.php","meta":{"_acf_changed":false,"ngg_post_thumbnail":0,"footnotes":""},"acf":[],"yoast_head":"<!-- This site is optimized with the Yoast SEO plugin v23.0 - https:\/\/yoast.com\/wordpress\/plugins\/seo\/ -->\n<title>Archive - GEH8 Kunst Raum Ateliers gUG | Dresden<\/title>\n<meta name=\"robots\" content=\"index, follow, max-snippet:-1, max-image-preview:large, max-video-preview:-1\" \/>\n<link rel=\"canonical\" href=\"https:\/\/www.geh8.de\/archiv\/\" \/>\n<meta property=\"og:locale\" content=\"en_GB\" \/>\n<meta property=\"og:locale:alternate\" content=\"de_DE\" \/>\n<meta property=\"og:type\" content=\"article\" \/>\n<meta property=\"og:title\" content=\"Archive\" \/>\n<meta property=\"og:url\" content=\"https:\/\/www.geh8.de\/en\/792\/\" \/>\n<meta property=\"og:site_name\" content=\"GEH8 Kunst Raum Ateliers gUG | Dresden\" \/>\n<meta property=\"article:publisher\" content=\"https:\/\/www.facebook.com\/Geh8Kunstraum\/\" \/>\n<meta property=\"article:modified_time\" content=\"2026-03-25T21:00:19+00:00\" \/>\n<meta name=\"twitter:card\" content=\"summary_large_image\" \/>\n<meta name=\"twitter:label1\" content=\"Estimated reading time\" \/>\n\t<meta name=\"twitter:data1\" content=\"1 minute\" \/>\n<script type=\"application\/ld+json\" class=\"yoast-schema-graph\">{\"@context\":\"https:\/\/schema.org\",\"@graph\":[{\"@type\":\"WebPage\",\"@id\":\"https:\/\/www.geh8.de\/archiv\/\",\"url\":\"https:\/\/www.geh8.de\/archiv\/\",\"name\":\"Archive\",\"isPartOf\":{\"@id\":\"https:\/\/www.geh8.de\/#website\"},\"datePublished\":\"2022-05-17T22:25:50+00:00\",\"dateModified\":\"2026-03-25T21:00:19+00:00\",\"breadcrumb\":{\"@id\":\"https:\/\/www.geh8.de\/archiv\/#breadcrumb\"},\"inLanguage\":\"en-GB\",\"potentialAction\":[{\"@type\":\"ReadAction\",\"target\":[\"https:\/\/www.geh8.de\/archiv\/\"]}]},{\"@type\":\"BreadcrumbList\",\"@id\":\"https:\/\/www.geh8.de\/archiv\/#breadcrumb\",\"itemListElement\":[{\"@type\":\"ListItem\",\"position\":1,\"name\":\"Startseite\",\"item\":\"https:\/\/www.geh8.de\/\"},{\"@type\":\"ListItem\",\"position\":2,\"name\":\"Archiv\"}]},{\"@type\":\"WebSite\",\"@id\":\"https:\/\/www.geh8.de\/#website\",\"url\":\"https:\/\/www.geh8.de\/\",\"name\":\"GEH8 Kunst Raum Ateliers gUG | Dresden\",\"description\":\"Geh8 is a non-profit association in Dresden to foster contemporary art\",\"publisher\":{\"@id\":\"https:\/\/www.geh8.de\/#organization\"},\"potentialAction\":[{\"@type\":\"SearchAction\",\"target\":{\"@type\":\"EntryPoint\",\"urlTemplate\":\"https:\/\/www.geh8.de\/?s={search_term_string}\"},\"query-input\":\"required name=search_term_string\"}],\"inLanguage\":\"en-GB\"},{\"@type\":\"Organization\",\"@id\":\"https:\/\/www.geh8.de\/#organization\",\"name\":\"geh8\",\"url\":\"https:\/\/www.geh8.de\/\",\"logo\":{\"@type\":\"ImageObject\",\"inLanguage\":\"en-GB\",\"@id\":\"https:\/\/www.geh8.de\/#\/schema\/logo\/image\/\",\"url\":\"https:\/\/www.geh8.de\/page\/wp-content\/uploads\/2018\/06\/Logo_GEH8_neu_Icon_sbg.png\",\"contentUrl\":\"https:\/\/www.geh8.de\/page\/wp-content\/uploads\/2018\/06\/Logo_GEH8_neu_Icon_sbg.png\",\"width\":164,\"height\":145,\"caption\":\"geh8\"},\"image\":{\"@id\":\"https:\/\/www.geh8.de\/#\/schema\/logo\/image\/\"},\"sameAs\":[\"https:\/\/www.facebook.com\/Geh8Kunstraum\/\",\"https:\/\/www.instagram.com\/geh8kunstraum\/\"]}]}<\/script>\n<!-- \/ Yoast SEO plugin. -->","yoast_head_json":{"title":"Archive - GEH8 Kunst Raum Ateliers gUG | Dresden","robots":{"index":"index","follow":"follow","max-snippet":"max-snippet:-1","max-image-preview":"max-image-preview:large","max-video-preview":"max-video-preview:-1"},"canonical":"https:\/\/www.geh8.de\/archiv\/","og_locale":"en_GB","og_type":"article","og_title":"[:en]Archive[:de]Archiv[:] - GEH8 Kunst Raum Ateliers gUG | Dresden","og_url":"https:\/\/www.geh8.de\/en\/792\/","og_site_name":"GEH8 Kunst Raum Ateliers gUG | Dresden","article_publisher":"https:\/\/www.facebook.com\/Geh8Kunstraum\/","article_modified_time":"2026-03-25T21:00:19+00:00","twitter_card":"summary_large_image","twitter_misc":{"Estimated reading time":"1 minute"},"schema":{"@context":"https:\/\/schema.org","@graph":[{"@type":"WebPage","@id":"https:\/\/www.geh8.de\/archiv\/","url":"https:\/\/www.geh8.de\/archiv\/","name":"Archive","isPartOf":{"@id":"https:\/\/www.geh8.de\/#website"},"datePublished":"2022-05-17T22:25:50+00:00","dateModified":"2026-03-25T21:00:19+00:00","breadcrumb":{"@id":"https:\/\/www.geh8.de\/archiv\/#breadcrumb"},"inLanguage":"en-GB","potentialAction":[{"@type":"ReadAction","target":["https:\/\/www.geh8.de\/archiv\/"]}]},{"@type":"BreadcrumbList","@id":"https:\/\/www.geh8.de\/archiv\/#breadcrumb","itemListElement":[{"@type":"ListItem","position":1,"name":"Startseite","item":"https:\/\/www.geh8.de\/"},{"@type":"ListItem","position":2,"name":"Archiv"}]},{"@type":"WebSite","@id":"https:\/\/www.geh8.de\/#website","url":"https:\/\/www.geh8.de\/","name":"GEH8 Kunst Raum Ateliers gUG | Dresden","description":"Geh8 is a non-profit association in Dresden to foster contemporary art","publisher":{"@id":"https:\/\/www.geh8.de\/#organization"},"potentialAction":[{"@type":"SearchAction","target":{"@type":"EntryPoint","urlTemplate":"https:\/\/www.geh8.de\/?s={search_term_string}"},"query-input":"required name=search_term_string"}],"inLanguage":"en-GB"},{"@type":"Organization","@id":"https:\/\/www.geh8.de\/#organization","name":"geh8","url":"https:\/\/www.geh8.de\/","logo":{"@type":"ImageObject","inLanguage":"en-GB","@id":"https:\/\/www.geh8.de\/#\/schema\/logo\/image\/","url":"https:\/\/www.geh8.de\/page\/wp-content\/uploads\/2018\/06\/Logo_GEH8_neu_Icon_sbg.png","contentUrl":"https:\/\/www.geh8.de\/page\/wp-content\/uploads\/2018\/06\/Logo_GEH8_neu_Icon_sbg.png","width":164,"height":145,"caption":"geh8"},"image":{"@id":"https:\/\/www.geh8.de\/#\/schema\/logo\/image\/"},"sameAs":["https:\/\/www.facebook.com\/Geh8Kunstraum\/","https:\/\/www.instagram.com\/geh8kunstraum\/"]}]}},"_links":{"self":[{"href":"https:\/\/www.geh8.de\/en\/wp-json\/wp\/v2\/pages\/10628"}],"collection":[{"href":"https:\/\/www.geh8.de\/en\/wp-json\/wp\/v2\/pages"}],"about":[{"href":"https:\/\/www.geh8.de\/en\/wp-json\/wp\/v2\/types\/page"}],"author":[{"embeddable":true,"href":"https:\/\/www.geh8.de\/en\/wp-json\/wp\/v2\/users\/19"}],"replies":[{"embeddable":true,"href":"https:\/\/www.geh8.de\/en\/wp-json\/wp\/v2\/comments?post=10628"}],"version-history":[{"count":4,"href":"https:\/\/www.geh8.de\/en\/wp-json\/wp\/v2\/pages\/10628\/revisions"}],"predecessor-version":[{"id":12270,"href":"https:\/\/www.geh8.de\/en\/wp-json\/wp\/v2\/pages\/10628\/revisions\/12270"}],"wp:attachment":[{"href":"https:\/\/www.geh8.de\/en\/wp-json\/wp\/v2\/media?parent=10628"}],"curies":[{"name":"wp","href":"https:\/\/api.w.org\/{rel}","templated":true}]}}